{"version":"1.0","provider_name":"Doyenn\u00e9 de Beaucourt - Delle","provider_url":"https:\/\/www.diocese-belfort-montbeliard.fr\/beaucourt-delle","author_name":"paroissejeanpaul2","author_url":"https:\/\/www.diocese-belfort-montbeliard.fr\/beaucourt-delle\/author\/paroissejeanpaul2\/","title":"Jeudi Saint - Doyenn\u00e9 de Beaucourt - Delle","type":"rich","width":600,"height":338,"html":"<blockquote class=\"wp-embedded-content\" data-secret=\"LNoUWcvT82\"><a href=\"https:\/\/www.diocese-belfort-montbeliard.fr\/beaucourt-delle\/actualites\/jeudi-saint\/\">Jeudi Saint<\/a><\/blockquote><iframe sandbox=\"allow-scripts\" security=\"restricted\" src=\"https:\/\/www.diocese-belfort-montbeliard.fr\/beaucourt-delle\/actualites\/jeudi-saint\/embed\/#?secret=LNoUWcvT82\" width=\"600\" height=\"338\" title=\"\u00ab\u00a0Jeudi Saint\u00a0\u00bb &#8212; Doyenn\u00e9 de Beaucourt - Delle\" data-secret=\"LNoUWcvT82\" frameborder=\"0\" marginwidth=\"0\" marginheight=\"0\" scrolling=\"no\" class=\"wp-embedded-content\"><\/iframe><script type=\"text\/javascript\">\n\/* <![CDATA[ *\/\n\/*! This file is auto-generated *\/\n!function(d,l){\"use strict\";l.querySelector&&d.addEventListener&&\"undefined\"!=typeof URL&&(d.wp=d.wp||{},d.wp.receiveEmbedMessage||(d.wp.receiveEmbedMessage=function(e){var t=e.data;if((t||t.secret||t.message||t.value)&&!\/[^a-zA-Z0-9]\/.test(t.secret)){for(var s,r,n,a=l.querySelectorAll('iframe[data-secret=\"'+t.secret+'\"]'),o=l.querySelectorAll('blockquote[data-secret=\"'+t.secret+'\"]'),c=new RegExp(\"^https?:$\",\"i\"),i=0;i<o.length;i++)o[i].style.display=\"none\";for(i=0;i<a.length;i++)s=a[i],e.source===s.contentWindow&&(s.removeAttribute(\"style\"),\"height\"===t.message?(1e3<(r=parseInt(t.value,10))?r=1e3:~~r<200&&(r=200),s.height=r):\"link\"===t.message&&(r=new URL(s.getAttribute(\"src\")),n=new URL(t.value),c.test(n.protocol))&&n.host===r.host&&l.activeElement===s&&(d.top.location.href=t.value))}},d.addEventListener(\"message\",d.wp.receiveEmbedMessage,!1),l.addEventListener(\"DOMContentLoaded\",function(){for(var e,t,s=l.querySelectorAll(\"iframe.wp-embedded-content\"),r=0;r<s.length;r++)(t=(e=s[r]).getAttribute(\"data-secret\"))||(t=Math.random().toString(36).substring(2,12),e.src+=\"#?secret=\"+t,e.setAttribute(\"data-secret\",t)),e.contentWindow.postMessage({message:\"ready\",secret:t},\"*\")},!1)))}(window,document);\n\/\/# sourceURL=https:\/\/www.diocese-belfort-montbeliard.fr\/beaucourt-delle\/wp-includes\/js\/wp-embed.min.js\n\/* ]]> *\/\n<\/script>\n","thumbnail_url":"https:\/\/www.diocese-belfort-montbeliard.fr\/beaucourt-delle\/wp-content\/uploads\/sites\/5\/2025\/04\/1000022308-scaled.jpg","thumbnail_width":2560,"thumbnail_height":1441,"description":"Le pr\u00eatre lave les\u00a0pieds\u00a0de plusieurs personnes de l&rsquo;assembl\u00e9e. Un geste en m\u00e9moire de celui pratiqu\u00e9 par J\u00e9sus la veille de sa Passion, envers ses ap\u00f4tres, avant de se mettre \u00e0 table pour partager son dernier repas avec ses 12 amis."}