{"id":12244,"date":"2024-10-10T12:52:45","date_gmt":"2024-10-10T10:52:45","guid":{"rendered":"https:\/\/www.diocese-belfort-montbeliard.fr\/beaucourt-delle\/?post_type=evenement&#038;p=12244"},"modified":"2024-10-10T20:29:08","modified_gmt":"2024-10-10T18:29:08","slug":"repas-choucroute-a-emporter","status":"publish","type":"evenement","link":"https:\/\/www.diocese-belfort-montbeliard.fr\/beaucourt-delle\/agenda\/repas-choucroute-a-emporter\/","title":{"rendered":"Repas choucroute \u00e0 emporter"},"content":{"rendered":"\n<p>Repas choucroute \u00e0 emporter \u00bb organis\u00e9e par l\u2019Association Ste Jeanne d\u2019Arc le dimanche<br>27 octobre. Les bulletins de r\u00e9servations sont d\u00e9j\u00e0 disponibles au fond de l\u2019\u00e9glise.<\/p>\n\n\n\n<p>Les b\u00e9n\u00e9fices des op\u00e9rations<br>d\u00e9j\u00e0 men\u00e9es ont permis \u00e0 l\u2019association Jeanne d\u2019arc de participer \u00e0 l\u2019achat de la nouvelle photocopieuse de la<br>cure, de verser \u00e0 la paroisse 390\u20ac pour le projet de la nouvelle salle et de participer financi\u00e8rement \u00e0 la sortie<br>du 22 juin \u00e0 Thierenbach des enfants cat\u00e9chis\u00e9s. <\/p>\n\n\n\n<p>Merci d\u2019avance pour votre participation.<\/p>\n\n\n<a href=\"https:\/\/www.diocese-belfort-montbeliard.fr\/beaucourt-delle\/wp-content\/uploads\/sites\/5\/2024\/10\/img-op.choucroute-yb.pdf\" class=\"pdfemb-viewer\" style=\"\" data-width=\"max\" data-height=\"max\" data-toolbar=\"bottom\" data-toolbar-fixed=\"off\">img-op.choucroute-yb<\/a>\n\n\n<p><\/p>\n\n\n\n<p class=\"has-vert-color has-text-color has-link-color wp-elements-35d01d5c612e53159cd900e9471b7d32\"><a href=\"https:\/\/www.diocese-belfort-montbeliard.fr\/beaucourt-delle\/wp-content\/uploads\/sites\/5\/2024\/10\/2024-10-27-coupon-de-reservation.pdf\">T\u00e9l\u00e9charger le coupon de r\u00e9servation<\/a><\/p>\n\n\n\n<p><\/p>\n","protected":false},"author":7,"featured_media":0,"template":"","meta":{"_acf_changed":false,"footnotes":""},"categories":[2],"tags":[],"class_list":["post-12244","evenement","type-evenement","status-publish","hentry","category-jean-paull-ii"],"acf":[],"yoast_head":"<!-- This site is optimized with the Yoast SEO plugin v27.4 - https:\/\/yoast.com\/product\/yoast-seo-wordpress\/ -->\n<title>Repas choucroute \u00e0 emporter - Doyenn\u00e9 de Beaucourt - Delle<\/title>\n<meta name=\"robots\" content=\"index, follow, max-snippet:-1, max-image-preview:large, max-video-preview:-1\" \/>\n<link rel=\"canonical\" href=\"https:\/\/www.diocese-belfort-montbeliard.fr\/beaucourt-delle\/agenda\/repas-choucroute-a-emporter\/\" \/>\n<meta property=\"og:locale\" content=\"fr_FR\" \/>\n<meta property=\"og:type\" content=\"article\" \/>\n<meta property=\"og:title\" content=\"Repas choucroute \u00e0 emporter - Doyenn\u00e9 de Beaucourt - Delle\" \/>\n<meta property=\"og:description\" content=\"Repas choucroute \u00e0 emporter \u00bb organis\u00e9e par l\u2019Association Ste Jeanne d\u2019Arc le dimanche27 octobre. Les bulletins de r\u00e9servations sont d\u00e9j\u00e0 disponibles au fond de l\u2019\u00e9glise. Les b\u00e9n\u00e9fices des op\u00e9rationsd\u00e9j\u00e0 men\u00e9es ont permis \u00e0 l\u2019association Jeanne d\u2019arc de participer \u00e0 l\u2019achat de la nouvelle photocopieuse de lacure, de verser \u00e0 la paroisse 390\u20ac pour le projet [&hellip;]\" \/>\n<meta property=\"og:url\" content=\"https:\/\/www.diocese-belfort-montbeliard.fr\/beaucourt-delle\/agenda\/repas-choucroute-a-emporter\/\" \/>\n<meta property=\"og:site_name\" content=\"Doyenn\u00e9 de Beaucourt - Delle\" \/>\n<meta property=\"article:modified_time\" content=\"2024-10-10T18:29:08+00:00\" \/>\n<meta name=\"twitter:card\" content=\"summary_large_image\" \/>\n<meta name=\"twitter:label1\" content=\"Dur\u00e9e de lecture estim\u00e9e\" \/>\n\t<meta name=\"twitter:data1\" content=\"1 minute\" \/>\n<script type=\"application\/ld+json\" class=\"yoast-schema-graph\">{\"@context\":\"https:\\\/\\\/schema.org\",\"@graph\":[{\"@type\":\"WebPage\",\"@id\":\"https:\\\/\\\/www.diocese-belfort-montbeliard.fr\\\/beaucourt-delle\\\/agenda\\\/repas-choucroute-a-emporter\\\/\",\"url\":\"https:\\\/\\\/www.diocese-belfort-montbeliard.fr\\\/beaucourt-delle\\\/agenda\\\/repas-choucroute-a-emporter\\\/\",\"name\":\"Repas choucroute \u00e0 emporter - Doyenn\u00e9 de Beaucourt - Delle\",\"isPartOf\":{\"@id\":\"https:\\\/\\\/www.diocese-belfort-montbeliard.fr\\\/beaucourt-delle\\\/#website\"},\"datePublished\":\"2024-10-10T10:52:45+00:00\",\"dateModified\":\"2024-10-10T18:29:08+00:00\",\"breadcrumb\":{\"@id\":\"https:\\\/\\\/www.diocese-belfort-montbeliard.fr\\\/beaucourt-delle\\\/agenda\\\/repas-choucroute-a-emporter\\\/#breadcrumb\"},\"inLanguage\":\"fr-FR\",\"potentialAction\":[{\"@type\":\"ReadAction\",\"target\":[\"https:\\\/\\\/www.diocese-belfort-montbeliard.fr\\\/beaucourt-delle\\\/agenda\\\/repas-choucroute-a-emporter\\\/\"]}]},{\"@type\":\"BreadcrumbList\",\"@id\":\"https:\\\/\\\/www.diocese-belfort-montbeliard.fr\\\/beaucourt-delle\\\/agenda\\\/repas-choucroute-a-emporter\\\/#breadcrumb\",\"itemListElement\":[{\"@type\":\"ListItem\",\"position\":1,\"name\":\"Accueil\",\"item\":\"https:\\\/\\\/www.diocese-belfort-montbeliard.fr\\\/beaucourt-delle\\\/\"},{\"@type\":\"ListItem\",\"position\":2,\"name\":\"Repas choucroute \u00e0 emporter\"}]},{\"@type\":\"WebSite\",\"@id\":\"https:\\\/\\\/www.diocese-belfort-montbeliard.fr\\\/beaucourt-delle\\\/#website\",\"url\":\"https:\\\/\\\/www.diocese-belfort-montbeliard.fr\\\/beaucourt-delle\\\/\",\"name\":\"Doyenn\u00e9 de Beaucourt - Delle\",\"description\":\"Dioc\u00e8se de Belfort - Montb\u00e9liard\",\"potentialAction\":[{\"@type\":\"SearchAction\",\"target\":{\"@type\":\"EntryPoint\",\"urlTemplate\":\"https:\\\/\\\/www.diocese-belfort-montbeliard.fr\\\/beaucourt-delle\\\/?s={search_term_string}\"},\"query-input\":{\"@type\":\"PropertyValueSpecification\",\"valueRequired\":true,\"valueName\":\"search_term_string\"}}],\"inLanguage\":\"fr-FR\"}]}<\/script>\n<!-- \/ Yoast SEO plugin. -->","yoast_head_json":{"title":"Repas choucroute \u00e0 emporter - Doyenn\u00e9 de Beaucourt - Delle","robots":{"index":"index","follow":"follow","max-snippet":"max-snippet:-1","max-image-preview":"max-image-preview:large","max-video-preview":"max-video-preview:-1"},"canonical":"https:\/\/www.diocese-belfort-montbeliard.fr\/beaucourt-delle\/agenda\/repas-choucroute-a-emporter\/","og_locale":"fr_FR","og_type":"article","og_title":"Repas choucroute \u00e0 emporter - Doyenn\u00e9 de Beaucourt - Delle","og_description":"Repas choucroute \u00e0 emporter \u00bb organis\u00e9e par l\u2019Association Ste Jeanne d\u2019Arc le dimanche27 octobre. Les bulletins de r\u00e9servations sont d\u00e9j\u00e0 disponibles au fond de l\u2019\u00e9glise. Les b\u00e9n\u00e9fices des op\u00e9rationsd\u00e9j\u00e0 men\u00e9es ont permis \u00e0 l\u2019association Jeanne d\u2019arc de participer \u00e0 l\u2019achat de la nouvelle photocopieuse de lacure, de verser \u00e0 la paroisse 390\u20ac pour le projet [&hellip;]","og_url":"https:\/\/www.diocese-belfort-montbeliard.fr\/beaucourt-delle\/agenda\/repas-choucroute-a-emporter\/","og_site_name":"Doyenn\u00e9 de Beaucourt - Delle","article_modified_time":"2024-10-10T18:29:08+00:00","twitter_card":"summary_large_image","twitter_misc":{"Dur\u00e9e de lecture estim\u00e9e":"1 minute"},"schema":{"@context":"https:\/\/schema.org","@graph":[{"@type":"WebPage","@id":"https:\/\/www.diocese-belfort-montbeliard.fr\/beaucourt-delle\/agenda\/repas-choucroute-a-emporter\/","url":"https:\/\/www.diocese-belfort-montbeliard.fr\/beaucourt-delle\/agenda\/repas-choucroute-a-emporter\/","name":"Repas choucroute \u00e0 emporter - Doyenn\u00e9 de Beaucourt - Delle","isPartOf":{"@id":"https:\/\/www.diocese-belfort-montbeliard.fr\/beaucourt-delle\/#website"},"datePublished":"2024-10-10T10:52:45+00:00","dateModified":"2024-10-10T18:29:08+00:00","breadcrumb":{"@id":"https:\/\/www.diocese-belfort-montbeliard.fr\/beaucourt-delle\/agenda\/repas-choucroute-a-emporter\/#breadcrumb"},"inLanguage":"fr-FR","potentialAction":[{"@type":"ReadAction","target":["https:\/\/www.diocese-belfort-montbeliard.fr\/beaucourt-delle\/agenda\/repas-choucroute-a-emporter\/"]}]},{"@type":"BreadcrumbList","@id":"https:\/\/www.diocese-belfort-montbeliard.fr\/beaucourt-delle\/agenda\/repas-choucroute-a-emporter\/#breadcrumb","itemListElement":[{"@type":"ListItem","position":1,"name":"Accueil","item":"https:\/\/www.diocese-belfort-montbeliard.fr\/beaucourt-delle\/"},{"@type":"ListItem","position":2,"name":"Repas choucroute \u00e0 emporter"}]},{"@type":"WebSite","@id":"https:\/\/www.diocese-belfort-montbeliard.fr\/beaucourt-delle\/#website","url":"https:\/\/www.diocese-belfort-montbeliard.fr\/beaucourt-delle\/","name":"Doyenn\u00e9 de Beaucourt - Delle","description":"Dioc\u00e8se de Belfort - Montb\u00e9liard","potentialAction":[{"@type":"SearchAction","target":{"@type":"EntryPoint","urlTemplate":"https:\/\/www.diocese-belfort-montbeliard.fr\/beaucourt-delle\/?s={search_term_string}"},"query-input":{"@type":"PropertyValueSpecification","valueRequired":true,"valueName":"search_term_string"}}],"inLanguage":"fr-FR"}]}},"_links":{"self":[{"href":"https:\/\/www.diocese-belfort-montbeliard.fr\/beaucourt-delle\/wp-json\/wp\/v2\/evenement\/12244","targetHints":{"allow":["GET"]}}],"collection":[{"href":"https:\/\/www.diocese-belfort-montbeliard.fr\/beaucourt-delle\/wp-json\/wp\/v2\/evenement"}],"about":[{"href":"https:\/\/www.diocese-belfort-montbeliard.fr\/beaucourt-delle\/wp-json\/wp\/v2\/types\/evenement"}],"author":[{"embeddable":true,"href":"https:\/\/www.diocese-belfort-montbeliard.fr\/beaucourt-delle\/wp-json\/wp\/v2\/users\/7"}],"version-history":[{"count":5,"href":"https:\/\/www.diocese-belfort-montbeliard.fr\/beaucourt-delle\/wp-json\/wp\/v2\/evenement\/12244\/revisions"}],"predecessor-version":[{"id":12271,"href":"https:\/\/www.diocese-belfort-montbeliard.fr\/beaucourt-delle\/wp-json\/wp\/v2\/evenement\/12244\/revisions\/12271"}],"wp:attachment":[{"href":"https:\/\/www.diocese-belfort-montbeliard.fr\/beaucourt-delle\/wp-json\/wp\/v2\/media?parent=12244"}],"wp:term":[{"taxonomy":"category","embeddable":true,"href":"https:\/\/www.diocese-belfort-montbeliard.fr\/beaucourt-delle\/wp-json\/wp\/v2\/categories?post=12244"},{"taxonomy":"post_tag","embeddable":true,"href":"https:\/\/www.diocese-belfort-montbeliard.fr\/beaucourt-delle\/wp-json\/wp\/v2\/tags?post=12244"}],"curies":[{"name":"wp","href":"https:\/\/api.w.org\/{rel}","templated":true}]}}