{"id":2075,"date":"2021-06-29T17:30:52","date_gmt":"2021-06-29T15:30:52","guid":{"rendered":"https:\/\/www.diocese-belfort-montbeliard.fr\/beaucourt-delle\/?post_type=paroisse&#038;p=2075"},"modified":"2022-11-30T01:10:24","modified_gmt":"2022-11-30T00:10:24","slug":"le-catechisme-dans-notre-paroisse","status":"publish","type":"paroisse","link":"https:\/\/www.diocese-belfort-montbeliard.fr\/beaucourt-delle\/paroisses\/notre-dame-de-montrobert\/le-catechisme-dans-notre-paroisse\/","title":{"rendered":"Le cat\u00e9chisme dans notre paroisse"},"content":{"rendered":"\n<div class=\"wp-block-columns is-layout-flex wp-container-core-columns-is-layout-9d6595d7 wp-block-columns-is-layout-flex\">\n<div class=\"wp-block-column is-layout-flow wp-block-column-is-layout-flow\" style=\"flex-basis:120%\">\n<p class=\"has-text-align-center has-blanc-color has-rouge-background-color has-text-color has-background has-medium-font-size\">Les rencontres de cat\u00e9chismes au travers des diff\u00e9rents \u00e9v\u00e8nements dans notre paroisse :<br>cliquez sur les liens ci dessous<\/p>\n\n\n\n<p><\/p>\n\n\n\n<p class=\"has-vert-color has-text-color has-background\" style=\"background-color:#c9dff7;font-size:25px\"><strong><a href=\"https:\/\/www.diocese-belfort-montbeliard.fr\/beaucourt-delle\/paroisses\/messe-des-familles-du-27-11-2022\/\">Messe des familles, des cat\u00e9chismes et de l&rsquo;\u00e9veil \u00e0 la foi du 27\/11\/2022<\/a><\/strong><\/p>\n\n\n\n<p><\/p>\n\n\n\n<p><\/p>\n\n\n\n<p class=\"has-text-align-center has-large-font-size\"><strong><a href=\"https:\/\/www.diocese-belfort-montbeliard.fr\/beaucourt-delle\/paroisses\/notre-dame-de-montrobert\/le-catechisme-dans-notre-paroisse\/messe-de-rentree-du-dimanche-2-octobre-2022\/\">Messe de rentr\u00e9e du 02 octobre 2022<\/a><\/strong><\/p>\n\n\n\n<p><\/p>\n\n\n\n<p class=\"has-text-align-center has-blanc-color has-text-color has-background\" style=\"background-color:#64bde5;font-size:25px\">La premi\u00e8re communion  des enfants des 2 paroisses <br>Saint Fran\u00e7ois de Sales et Notre Dame de Montrobert<br><a href=\"https:\/\/www.diocese-belfort-montbeliard.fr\/beaucourt-delle\/paroisses\/notre-dame-de-montrobert\/vie-de-notre-paroisse\/premiere-communion\/\">Reportage en photos <\/a><\/p>\n\n\n\n<h2 class=\"has-text-align-center wp-block-heading\"><a href=\"https:\/\/www.diocese-belfort-montbeliard.fr\/beaucourt-delle\/paroisses\/notre-dame-de-montrobert\/le-catechisme-dans-notre-paroisse\/messe-des-familles-du-dimanche-27-mars-2022\/\">Messe des familles du27 mars 2022 \u00e0 Bourogne<\/a><\/h2>\n\n\n\n<p><a href=\"https:\/\/www.diocese-belfort-montbeliard.fr\/beaucourt-delle\/paroisses\/notre-dame-de-montrobert\/le-catechisme-dans-notre-paroisse\/messe-des-familles-du-dimanche-27-mars-2022\/\">\/<\/a><\/p>\n\n\n\n<p><\/p>\n\n\n\n<h2 class=\"has-text-align-center wp-block-heading\"><a href=\"https:\/\/www.diocese-belfort-montbeliard.fr\/beaucourt-delle\/paroisses\/notre-dame-de-montrobert\/le-catechisme-dans-notre-paroisse\/fete-de-noel-des-catechismes-11-decembre-2021\/\">F\u00eate de No\u00ebl des cat\u00e9chismes 11 d\u00e9cembre 2021<\/a><\/h2>\n\n\n\n<p><\/p>\n\n\n\n<p><\/p>\n\n\n\n<p><\/p>\n\n\n\n<h2 class=\"has-text-align-center wp-block-heading\"><a href=\"https:\/\/www.diocese-belfort-montbeliard.fr\/beaucourt-delle\/paroisses\/notre-dame-de-montrobert\/le-catechisme-dans-notre-paroisse\/messe-des-familles-du-dimanche-3-octobre-2021\/\">Messe des familles du 3 octobre 2021<\/a><\/h2>\n\n\n\n<p><\/p>\n\n\n\n<p class=\"has-text-align-center has-large-font-size\"><a href=\"https:\/\/www.diocese-belfort-montbeliard.fr\/beaucourt-delle\/actualites\/leveil-a-la-foi\/\"><strong>L&rsquo; \u00e9veil \u00e0 la foi durant l&rsquo;ann\u00e9e 2021-2022<\/strong><\/a><\/p>\n\n\n\n<h2 class=\"has-text-align-center wp-block-heading\"><a href=\"https:\/\/www.diocese-belfort-montbeliard.fr\/beaucourt-delle\/paroisses\/notre-dame-de-montrobert\/le-catechisme-dans-notre-paroisse\/messe-des-familles-du-27-juin-2021\/\">Messe  des familles du 27 juin 202<\/a>1<\/h2>\n\n\n\n<p><\/p>\n\n\n\n<h2 class=\"has-text-align-center wp-block-heading\"><a href=\"https:\/\/www.diocese-belfort-montbeliard.fr\/beaucourt-delle\/paroisses\/notre-dame-de-montrobert\/le-catechisme-dans-notre-paroisse\/rencontre-des-4eme-et-3eme-le-12-juin-2021\/\">Rencontre du 12 juin 2021<\/a><\/h2>\n\n\n\n<p><\/p>\n\n\n\n<h2 class=\"has-text-align-center wp-block-heading\"><strong><a href=\"https:\/\/www.diocese-belfort-montbeliard.fr\/beaucourt-delle\/paroisses\/notre-dame-de-montrobert\/le-catechisme-dans-notre-paroisse\/rencontre-des-jeunes-du-doyenne-le-5-juin-2021\/\">Rencontre des jeunes du doyenn\u00e9 le 5 juin \u00e0 Delle<\/a><\/strong><\/h2>\n\n\n\n<p><\/p>\n\n\n\n<h2 class=\"has-text-align-center wp-block-heading\"><a href=\"https:\/\/www.diocese-belfort-montbeliard.fr\/beaucourt-delle\/?post_type=paroisse&amp;p=2406\">Messes des familles du 21 mars 2021<\/a><\/h2>\n\n\n\n<p class=\"has-background has-medium-font-size\" style=\"background-color:#9ed2ea\"><strong>Inscriptions au cat\u00e9chisme pour l&rsquo;ann\u00e9e 2021-2022<\/strong>, \u00e0 partir du CE1 jusqu&rsquo;\u00e0 la 5\u00e8me :<br> * du 6 au 19 septembre &#8211; \u00e0 la cure de Grandvillars aux horaires de permanence pour Boron, Grandvillars, Joncherey et Thiancourt-<br> * le 11 septembre de 10h \u00e0 12h \u00e0 la cure de BOUROGNE pour Bourogne, Charmois, Froidefontaine, M\u00e9zir\u00e9 et Morvillars<br>Les parents voudront bien noter d\u00e8s \u00e0 pr\u00e9sent ces dates, afin de bien commencer l&rsquo;ann\u00e9e. Merci<\/p>\n<\/div>\n<\/div>\n\n\n\n<p><\/p>\n\n\n","protected":false},"author":15,"featured_media":0,"parent":9,"menu_order":22,"template":"","meta":{"_acf_changed":false,"footnotes":""},"class_list":["post-2075","paroisse","type-paroisse","status-publish","hentry"],"acf":[],"yoast_head":"<!-- This site is optimized with the Yoast SEO plugin v27.4 - https:\/\/yoast.com\/product\/yoast-seo-wordpress\/ -->\n<title>Le cat\u00e9chisme dans notre paroisse - Doyenn\u00e9 de Beaucourt - Delle<\/title>\n<meta name=\"robots\" content=\"index, follow, max-snippet:-1, max-image-preview:large, max-video-preview:-1\" \/>\n<link rel=\"canonical\" href=\"https:\/\/www.diocese-belfort-montbeliard.fr\/beaucourt-delle\/paroisses\/notre-dame-de-montrobert\/le-catechisme-dans-notre-paroisse\/\" \/>\n<meta property=\"og:locale\" content=\"fr_FR\" \/>\n<meta property=\"og:type\" content=\"article\" \/>\n<meta property=\"og:title\" content=\"Le cat\u00e9chisme dans notre paroisse - Doyenn\u00e9 de Beaucourt - Delle\" \/>\n<meta property=\"og:description\" content=\"Les rencontres de cat\u00e9chismes au travers des diff\u00e9rents \u00e9v\u00e8nements dans notre paroisse :cliquez sur les liens ci dessous Messe des familles, des cat\u00e9chismes et de l&rsquo;\u00e9veil \u00e0 la foi du 27\/11\/2022 Messe de rentr\u00e9e du 02 octobre 2022 La premi\u00e8re communion des enfants des 2 paroisses Saint Fran\u00e7ois de Sales et Notre Dame de MontrobertReportage [&hellip;]\" \/>\n<meta property=\"og:url\" content=\"https:\/\/www.diocese-belfort-montbeliard.fr\/beaucourt-delle\/paroisses\/notre-dame-de-montrobert\/le-catechisme-dans-notre-paroisse\/\" \/>\n<meta property=\"og:site_name\" content=\"Doyenn\u00e9 de Beaucourt - Delle\" \/>\n<meta property=\"article:modified_time\" content=\"2022-11-30T00:10:24+00:00\" \/>\n<meta name=\"twitter:card\" content=\"summary_large_image\" \/>\n<meta name=\"twitter:label1\" content=\"Dur\u00e9e de lecture estim\u00e9e\" \/>\n\t<meta name=\"twitter:data1\" content=\"1 minute\" \/>\n<script type=\"application\/ld+json\" class=\"yoast-schema-graph\">{\"@context\":\"https:\\\/\\\/schema.org\",\"@graph\":[{\"@type\":\"WebPage\",\"@id\":\"https:\\\/\\\/www.diocese-belfort-montbeliard.fr\\\/beaucourt-delle\\\/paroisses\\\/notre-dame-de-montrobert\\\/le-catechisme-dans-notre-paroisse\\\/\",\"url\":\"https:\\\/\\\/www.diocese-belfort-montbeliard.fr\\\/beaucourt-delle\\\/paroisses\\\/notre-dame-de-montrobert\\\/le-catechisme-dans-notre-paroisse\\\/\",\"name\":\"Le cat\u00e9chisme dans notre paroisse - Doyenn\u00e9 de Beaucourt - Delle\",\"isPartOf\":{\"@id\":\"https:\\\/\\\/www.diocese-belfort-montbeliard.fr\\\/beaucourt-delle\\\/#website\"},\"datePublished\":\"2021-06-29T15:30:52+00:00\",\"dateModified\":\"2022-11-30T00:10:24+00:00\",\"breadcrumb\":{\"@id\":\"https:\\\/\\\/www.diocese-belfort-montbeliard.fr\\\/beaucourt-delle\\\/paroisses\\\/notre-dame-de-montrobert\\\/le-catechisme-dans-notre-paroisse\\\/#breadcrumb\"},\"inLanguage\":\"fr-FR\",\"potentialAction\":[{\"@type\":\"ReadAction\",\"target\":[\"https:\\\/\\\/www.diocese-belfort-montbeliard.fr\\\/beaucourt-delle\\\/paroisses\\\/notre-dame-de-montrobert\\\/le-catechisme-dans-notre-paroisse\\\/\"]}]},{\"@type\":\"BreadcrumbList\",\"@id\":\"https:\\\/\\\/www.diocese-belfort-montbeliard.fr\\\/beaucourt-delle\\\/paroisses\\\/notre-dame-de-montrobert\\\/le-catechisme-dans-notre-paroisse\\\/#breadcrumb\",\"itemListElement\":[{\"@type\":\"ListItem\",\"position\":1,\"name\":\"Accueil\",\"item\":\"https:\\\/\\\/www.diocese-belfort-montbeliard.fr\\\/beaucourt-delle\\\/\"},{\"@type\":\"ListItem\",\"position\":2,\"name\":\"Notre-Dame de Montrobert\",\"item\":\"https:\\\/\\\/www.diocese-belfort-montbeliard.fr\\\/beaucourt-delle\\\/paroisses\\\/notre-dame-de-montrobert\\\/\"},{\"@type\":\"ListItem\",\"position\":3,\"name\":\"Le cat\u00e9chisme dans notre paroisse\"}]},{\"@type\":\"WebSite\",\"@id\":\"https:\\\/\\\/www.diocese-belfort-montbeliard.fr\\\/beaucourt-delle\\\/#website\",\"url\":\"https:\\\/\\\/www.diocese-belfort-montbeliard.fr\\\/beaucourt-delle\\\/\",\"name\":\"Doyenn\u00e9 de Beaucourt - Delle\",\"description\":\"Dioc\u00e8se de Belfort - Montb\u00e9liard\",\"potentialAction\":[{\"@type\":\"SearchAction\",\"target\":{\"@type\":\"EntryPoint\",\"urlTemplate\":\"https:\\\/\\\/www.diocese-belfort-montbeliard.fr\\\/beaucourt-delle\\\/?s={search_term_string}\"},\"query-input\":{\"@type\":\"PropertyValueSpecification\",\"valueRequired\":true,\"valueName\":\"search_term_string\"}}],\"inLanguage\":\"fr-FR\"}]}<\/script>\n<!-- \/ Yoast SEO plugin. -->","yoast_head_json":{"title":"Le cat\u00e9chisme dans notre paroisse - Doyenn\u00e9 de Beaucourt - Delle","robots":{"index":"index","follow":"follow","max-snippet":"max-snippet:-1","max-image-preview":"max-image-preview:large","max-video-preview":"max-video-preview:-1"},"canonical":"https:\/\/www.diocese-belfort-montbeliard.fr\/beaucourt-delle\/paroisses\/notre-dame-de-montrobert\/le-catechisme-dans-notre-paroisse\/","og_locale":"fr_FR","og_type":"article","og_title":"Le cat\u00e9chisme dans notre paroisse - Doyenn\u00e9 de Beaucourt - Delle","og_description":"Les rencontres de cat\u00e9chismes au travers des diff\u00e9rents \u00e9v\u00e8nements dans notre paroisse :cliquez sur les liens ci dessous Messe des familles, des cat\u00e9chismes et de l&rsquo;\u00e9veil \u00e0 la foi du 27\/11\/2022 Messe de rentr\u00e9e du 02 octobre 2022 La premi\u00e8re communion des enfants des 2 paroisses Saint Fran\u00e7ois de Sales et Notre Dame de MontrobertReportage [&hellip;]","og_url":"https:\/\/www.diocese-belfort-montbeliard.fr\/beaucourt-delle\/paroisses\/notre-dame-de-montrobert\/le-catechisme-dans-notre-paroisse\/","og_site_name":"Doyenn\u00e9 de Beaucourt - Delle","article_modified_time":"2022-11-30T00:10:24+00:00","twitter_card":"summary_large_image","twitter_misc":{"Dur\u00e9e de lecture estim\u00e9e":"1 minute"},"schema":{"@context":"https:\/\/schema.org","@graph":[{"@type":"WebPage","@id":"https:\/\/www.diocese-belfort-montbeliard.fr\/beaucourt-delle\/paroisses\/notre-dame-de-montrobert\/le-catechisme-dans-notre-paroisse\/","url":"https:\/\/www.diocese-belfort-montbeliard.fr\/beaucourt-delle\/paroisses\/notre-dame-de-montrobert\/le-catechisme-dans-notre-paroisse\/","name":"Le cat\u00e9chisme dans notre paroisse - Doyenn\u00e9 de Beaucourt - Delle","isPartOf":{"@id":"https:\/\/www.diocese-belfort-montbeliard.fr\/beaucourt-delle\/#website"},"datePublished":"2021-06-29T15:30:52+00:00","dateModified":"2022-11-30T00:10:24+00:00","breadcrumb":{"@id":"https:\/\/www.diocese-belfort-montbeliard.fr\/beaucourt-delle\/paroisses\/notre-dame-de-montrobert\/le-catechisme-dans-notre-paroisse\/#breadcrumb"},"inLanguage":"fr-FR","potentialAction":[{"@type":"ReadAction","target":["https:\/\/www.diocese-belfort-montbeliard.fr\/beaucourt-delle\/paroisses\/notre-dame-de-montrobert\/le-catechisme-dans-notre-paroisse\/"]}]},{"@type":"BreadcrumbList","@id":"https:\/\/www.diocese-belfort-montbeliard.fr\/beaucourt-delle\/paroisses\/notre-dame-de-montrobert\/le-catechisme-dans-notre-paroisse\/#breadcrumb","itemListElement":[{"@type":"ListItem","position":1,"name":"Accueil","item":"https:\/\/www.diocese-belfort-montbeliard.fr\/beaucourt-delle\/"},{"@type":"ListItem","position":2,"name":"Notre-Dame de Montrobert","item":"https:\/\/www.diocese-belfort-montbeliard.fr\/beaucourt-delle\/paroisses\/notre-dame-de-montrobert\/"},{"@type":"ListItem","position":3,"name":"Le cat\u00e9chisme dans notre paroisse"}]},{"@type":"WebSite","@id":"https:\/\/www.diocese-belfort-montbeliard.fr\/beaucourt-delle\/#website","url":"https:\/\/www.diocese-belfort-montbeliard.fr\/beaucourt-delle\/","name":"Doyenn\u00e9 de Beaucourt - Delle","description":"Dioc\u00e8se de Belfort - Montb\u00e9liard","potentialAction":[{"@type":"SearchAction","target":{"@type":"EntryPoint","urlTemplate":"https:\/\/www.diocese-belfort-montbeliard.fr\/beaucourt-delle\/?s={search_term_string}"},"query-input":{"@type":"PropertyValueSpecification","valueRequired":true,"valueName":"search_term_string"}}],"inLanguage":"fr-FR"}]}},"_links":{"self":[{"href":"https:\/\/www.diocese-belfort-montbeliard.fr\/beaucourt-delle\/wp-json\/wp\/v2\/paroisse\/2075","targetHints":{"allow":["GET"]}}],"collection":[{"href":"https:\/\/www.diocese-belfort-montbeliard.fr\/beaucourt-delle\/wp-json\/wp\/v2\/paroisse"}],"about":[{"href":"https:\/\/www.diocese-belfort-montbeliard.fr\/beaucourt-delle\/wp-json\/wp\/v2\/types\/paroisse"}],"author":[{"embeddable":true,"href":"https:\/\/www.diocese-belfort-montbeliard.fr\/beaucourt-delle\/wp-json\/wp\/v2\/users\/15"}],"version-history":[{"count":10,"href":"https:\/\/www.diocese-belfort-montbeliard.fr\/beaucourt-delle\/wp-json\/wp\/v2\/paroisse\/2075\/revisions"}],"predecessor-version":[{"id":8763,"href":"https:\/\/www.diocese-belfort-montbeliard.fr\/beaucourt-delle\/wp-json\/wp\/v2\/paroisse\/2075\/revisions\/8763"}],"up":[{"embeddable":true,"href":"https:\/\/www.diocese-belfort-montbeliard.fr\/beaucourt-delle\/wp-json\/wp\/v2\/paroisse\/9"}],"wp:attachment":[{"href":"https:\/\/www.diocese-belfort-montbeliard.fr\/beaucourt-delle\/wp-json\/wp\/v2\/media?parent=2075"}],"curies":[{"name":"wp","href":"https:\/\/api.w.org\/{rel}","templated":true}]}}