{"id":364,"date":"2021-03-21T23:44:04","date_gmt":"2021-03-21T22:44:04","guid":{"rendered":"https:\/\/www.diocese-belfort-montbeliard.fr\/beaucourt-delle\/?post_type=paroisse&#038;p=364"},"modified":"2024-10-18T23:03:38","modified_gmt":"2024-10-18T21:03:38","slug":"presentation-de-la-paroisse","status":"publish","type":"paroisse","link":"https:\/\/www.diocese-belfort-montbeliard.fr\/beaucourt-delle\/paroisses\/notre-dame-de-montrobert\/presentation-de-la-paroisse\/","title":{"rendered":"Pr\u00e9sentation de la paroisse"},"content":{"rendered":"\n<p class=\"has-blanc-color has-vert-background-color has-text-color has-background has-medium-font-size\">La paroisse de Montrobert regroupe les \u00e9glises de Grandvillars, Joncherey-Thiancourt, et Boron.<\/p>\n\n\n\n<div class=\"wp-block-media-text alignwide has-media-on-the-right is-stacked-on-mobile\" style=\"grid-template-columns:auto 30%\"><div class=\"wp-block-media-text__content\">\n<p class=\"has-blanc-color has-vert-background-color has-text-color has-background has-medium-font-size\"><strong>Cur\u00e9 de la paroisse : <\/strong><br>Abb\u00e9 Valentin MONDANGA \u2013 t\u00e9l. : 03 84 27 82 72 <strong>Coordinatrice de paroisse<\/strong> : <br> Yvette GRIMLER  \u2013 t\u00e9l. : 06 88 77 89 43<br><br><strong>Contact et informations <\/strong>: <br>permanences \u00e0 la cure de Grandvillars, les mardi, mercredi et vendredi, de 16h30 \u00e0 18h &#8211; t\u00e9l. : 03 84 27 82 72<br>Vous serez accueilli par Sylvie, Lili, Andr\u00e9 ou V\u00e9ronique      <br><br> <strong>Courriel<\/strong> :  paroisse.ndmontrobert@orange.fr<\/p>\n\n\n\n<p class=\"has-blanc-color has-vert-background-color has-text-color has-background has-medium-font-size\"><strong>Equipe d&rsquo;animation pastorale (EAP) <\/strong>: <br>Abb\u00e9 Valentin, G\u00e9rard DIETLIN,  Yvette GRIMLER, Elisabeth TATTU, Catherine Wojtowicz-Charbonnier.<\/p>\n<\/div><figure class=\"wp-block-media-text__media\"><img loading=\"lazy\" decoding=\"async\" width=\"717\" height=\"1080\" src=\"https:\/\/www.diocese-belfort-montbeliard.fr\/beaucourt-delle\/wp-content\/uploads\/sites\/5\/2021\/01\/ndmr_vierge-de-notre-dame-de-mont-robert-2-717x1080.jpg\" alt=\"\" class=\"wp-image-375 size-full\" srcset=\"https:\/\/www.diocese-belfort-montbeliard.fr\/beaucourt-delle\/wp-content\/uploads\/sites\/5\/2021\/01\/ndmr_vierge-de-notre-dame-de-mont-robert-2-717x1080.jpg 717w, https:\/\/www.diocese-belfort-montbeliard.fr\/beaucourt-delle\/wp-content\/uploads\/sites\/5\/2021\/01\/ndmr_vierge-de-notre-dame-de-mont-robert-2-399x600.jpg 399w, https:\/\/www.diocese-belfort-montbeliard.fr\/beaucourt-delle\/wp-content\/uploads\/sites\/5\/2021\/01\/ndmr_vierge-de-notre-dame-de-mont-robert-2-768x1156.jpg 768w, https:\/\/www.diocese-belfort-montbeliard.fr\/beaucourt-delle\/wp-content\/uploads\/sites\/5\/2021\/01\/ndmr_vierge-de-notre-dame-de-mont-robert-2-1020x1536.jpg 1020w, https:\/\/www.diocese-belfort-montbeliard.fr\/beaucourt-delle\/wp-content\/uploads\/sites\/5\/2021\/01\/ndmr_vierge-de-notre-dame-de-mont-robert-2-1360x2048.jpg 1360w, https:\/\/www.diocese-belfort-montbeliard.fr\/beaucourt-delle\/wp-content\/uploads\/sites\/5\/2021\/01\/ndmr_vierge-de-notre-dame-de-mont-robert-2-scaled.jpg 1700w\" sizes=\"auto, (max-width: 717px) 100vw, 717px\" \/><\/figure><\/div>\n\n\n\n<p class=\"has-text-align-center has-noir-color has-text-color has-background\" style=\"background-color:#bcedb9;font-size:28px\"><a href=\"https:\/\/www.diocese-belfort-montbeliard.fr\/beaucourt-delle\/paroisses\/notre-dame-de-montrobert\/notre-dame-de-mont-robert\/les-services-pastoraux\/\" target=\"_blank\" rel=\"noreferrer noopener\"><strong>Services Paroissiaux et personnes ressource<\/strong><\/a><a href=\"https:\/\/www.diocese-belfort-montbeliard.fr\/beaucourt-delle\/paroisses\/ndmr-accueil\/presentation-de-la-paroisse\/les-services-pastoraux\/\"><strong>s 2024 &#8211; 2025<\/strong><\/a> :<br>qui contacter , qui s\u2019occupe de quoi&#8230;<\/p>\n\n\n\n<p class=\"has-text-align-left has-noir-color has-text-color has-background has-medium-font-size\" style=\"background-color:#b3def1\">Vous demandez<strong> le bapt\u00eame <\/strong>pour votre enfant : accueillis \u00e0 la permanence, vous pourrez enregistrer votre demande deux mois avant la c\u00e9r\u00e9monie et obtenir tout renseignement utile.<br>Odile DIETLIN t\u00e9l. : 03 84 27 83 38 ou Elsa MARGUET t\u00e9l. : 03 84 27 76 45 pour Grandvillars<br>Elisabeth TATTU t\u00e9l. : 03 84 27 82 72 (accueil paroisse). pour Joncherey Thiancourt Boron<\/p>\n\n\n\n<p class=\"has-noir-color has-text-color has-background has-medium-font-size\" style=\"background-color:#f98df4\">Vous envisagez de <strong>vous marier<\/strong> au cours de l&rsquo;ann\u00e9e 2024-2025 : prenez contact avec le pr\u00eatre, l\u2019abb\u00e9 Valentin, pour fixer la date et parler de la pr\u00e9paration.<\/p>\n\n\n\n<p class=\"has-blanc-color has-text-color has-background\" style=\"background-color:#646cfb;font-size:19px\">Vous avez <strong>un d\u00e9c\u00e8s<\/strong> dans votre famille : contactez l\u2019abb\u00e9 Valentin ou Jean- Claude GALLIAT t\u00e9l. 07 71 70 76 78<\/p>\n\n\n\n<ul style=\"background-color:#e8e794\" class=\"wp-block-list has-background has-medium-font-size\">\n<li>Vous voulez un renseignement pour <strong>le cat\u00e9chisme<\/strong> de votre enfant :<\/li>\n\n\n\n<li>Cat\u00e9chiste relais : Marianne LINOIR \u2013 06 33 38 36 83<\/li>\n\n\n\n<li>Eveil \u00e0 la foi des 3-6 ans : H\u00e9l\u00e8ne et Jean Christophe POINAS &#8211; mail : helenestriby@gmail.com<\/li>\n\n\n\n<li>CE1 : cat\u00e9ch\u00e8se familiale- CE2 \u00e0 la 5\u00e8me : Marianne LINOIR &#8211; 06 33 38 36 83<\/li>\n<\/ul>\n\n\n\n<p class=\"has-text-align-left has-noir-color has-text-color has-background has-medium-font-size\" style=\"background-color:#b5f2b3\">Vous souhaitez confier des intentions de messes : passez \u00e0 la cure durant les permanences ou d\u00e9posez votre ch\u00e8que et vos intentions dans la bo\u00eete aux lettres de la cure. (18 euros)<br>ch\u00e8que \u00e0 l&rsquo;attention de  \u00ab\u00a0paroisse Notre-Dame de Montrobert\u00a0\u00bb.<\/p>\n\n\n\n<p class=\"has-noir-color has-text-color has-background has-medium-font-size\" style=\"background-color:#a0dffb\">Vous connaissez des <strong>malades<\/strong> dans votre entourage qui aimeraient \u00eatre visit\u00e9s, <strong>recevoir la communion <\/strong>: Merci de les signaler \u00e0 la permanence de la paroisse : les visiteurs de malades en seront avertis. Vous pouvez aussi trouver votre place dans l&rsquo;\u00e9quipe de visiteurs qui se r\u00e9unit r\u00e9guli\u00e8rement \u00e0 la salle paroissiale de Grandvillars. Contact : Odile GERUN &#8211; t\u00e9l. : 03 84 56 29 25 et Patrick LAMBERT <\/p>\n\n\n\n<p class=\"has-blanc-color has-vert-background-color has-text-color has-background has-medium-font-size\">Vous souhaitez aider \u00e0 la <strong>pr\u00e9paration des c\u00e9l\u00e9brations<\/strong> au sein d&rsquo;une petite \u00e9quipe : contactez Odile GERUN &#8211; t\u00e9l. : 03 84 56 29 25<\/p>\n\n\n\n<p class=\"has-blanc-color has-text-color has-background has-medium-font-size\" style=\"background-color:#652374\">Vous souhaitez participer \u00e0 l\u2019<strong>animation des c\u00e9l\u00e9brations<\/strong> : venez joindre votre voix au groupe existant : contactez G\u00e9rard DIETLIN &#8211; t\u00e9l. : 03 84 27 83 38<\/p>\n\n\n\n<p class=\"has-blanc-color has-text-color has-background has-medium-font-size\" style=\"background-color:#7ed040\">Vous vous int\u00e9ressez \u00e0 la gestion financi\u00e8re de la paroisse :  contacter la coordinatrice qui vous mettra en relation avec l&rsquo;\u00e9quipe compos\u00e9e de Lili Hamant, G\u00e9rard Dietlin, Fr\u00e9d\u00e9rique Kohler.<\/p>\n\n\n\n<p class=\"has-background has-medium-font-size\" style=\"background-color:#efe361\">R\u00e9daction et\/ou distribution de La Gazette : Contacter l&rsquo;accueil de la paroisse ou contacter Yvette GRIMLER 06 88 77 89 43<\/p>\n\n\n\n<p class=\"has-background has-medium-font-size\" style=\"background-color:#9ed8f1\">Pour fleurir l&rsquo;Eglise :  adresser vous \u00e0 Jocelyne SAUNIER tel 06 84 79 45 70<\/p>\n\n\n\n<p class=\"has-blanc-color has-text-color has-background has-medium-font-size\" style=\"background-color:#f84b93\">Vous souhaitez utiliser la salle paroissiale : contacter Francine Battaglia 06 12 50 05 86.<\/p>\n\n\n\n<p class=\"has-background has-medium-font-size\" style=\"background-color:#fe8e43\">Vous cherchez des lieux de pri\u00e8re : Messes en semaine : voir le planning<br>Pour un ressourcement ou un temps de partage : Groupe de partage de la Bible ou de r\u00e9flexion : se renseigner aupr\u00e8s de la coordinatrice.<\/p>\n\n\n\n<div class=\"wp-block-group\"><div class=\"wp-block-group__inner-container is-layout-flow wp-block-group-is-layout-flow\">\n<div class=\"wp-block-buttons is-content-justification-center is-layout-flex wp-container-core-buttons-is-layout-16018d1d wp-block-buttons-is-layout-flex\">\n<div class=\"wp-block-button\"><a class=\"wp-block-button__link has-light-green-cyan-to-vivid-green-cyan-gradient-background has-background wp-element-button\" href=\"https:\/\/www.diocese-belfort-montbeliard.fr\/beaucourt-delle\/wp-content\/uploads\/sites\/5\/2024\/10\/personnes-ressources_2024_2025.pdf\">Format en \u00ab\u00a0pdf\u00a0\u00bb T\u00e9l\u00e9chargement de la version imprimable <\/a><\/div>\n<\/div>\n<\/div><\/div>\n\n\n\n<div class=\"wp-block-buttons is-horizontal is-content-justification-right is-layout-flex wp-container-core-buttons-is-layout-ae2fe186 wp-block-buttons-is-layout-flex\">\n<div class=\"wp-block-button is-style-outline is-style-outline--1\"><a class=\"wp-block-button__link has-vert-color has-blanc-background-color has-text-color has-background wp-element-button\" href=\"https:\/\/www.diocese-belfort-montbeliard.fr\/beaucourt-delle\/paroisses\/notre-dame-de-montrobert\/\">Retour \u00e0 l accueil de la paroisse<\/a><\/div>\n<\/div>\n\n\n\n<p><\/p>\n","protected":false},"author":15,"featured_media":5079,"parent":9,"menu_order":6,"template":"","meta":{"_acf_changed":false,"footnotes":""},"class_list":["post-364","paroisse","type-paroisse","status-publish","has-post-thumbnail","hentry"],"acf":[],"yoast_head":"<!-- This site is optimized with the Yoast SEO plugin v27.4 - https:\/\/yoast.com\/product\/yoast-seo-wordpress\/ -->\n<title>Pr\u00e9sentation de la paroisse - Doyenn\u00e9 de Beaucourt - Delle<\/title>\n<meta name=\"description\" content=\"Bienvenue \u00e0 la paroisse Grandvillars Joncherey Boron Notre Dame de Montrobert situ\u00e9e dans le doyenn\u00e9 de Beaucourt Delle Grandvillars.\" \/>\n<meta name=\"robots\" content=\"index, follow, max-snippet:-1, max-image-preview:large, max-video-preview:-1\" \/>\n<link rel=\"canonical\" href=\"https:\/\/www.diocese-belfort-montbeliard.fr\/beaucourt-delle\/paroisses\/notre-dame-de-montrobert\/presentation-de-la-paroisse\/\" \/>\n<meta property=\"og:locale\" content=\"fr_FR\" \/>\n<meta property=\"og:type\" content=\"article\" \/>\n<meta property=\"og:title\" content=\"Pr\u00e9sentation de la paroisse - Doyenn\u00e9 de Beaucourt - Delle\" \/>\n<meta property=\"og:description\" content=\"Bienvenue \u00e0 la paroisse Grandvillars Joncherey Boron Notre Dame de Montrobert situ\u00e9e dans le doyenn\u00e9 de Beaucourt Delle Grandvillars.\" \/>\n<meta property=\"og:url\" content=\"https:\/\/www.diocese-belfort-montbeliard.fr\/beaucourt-delle\/paroisses\/notre-dame-de-montrobert\/presentation-de-la-paroisse\/\" \/>\n<meta property=\"og:site_name\" content=\"Doyenn\u00e9 de Beaucourt - Delle\" \/>\n<meta property=\"article:modified_time\" content=\"2024-10-18T21:03:38+00:00\" \/>\n<meta property=\"og:image\" content=\"https:\/\/www.diocese-belfort-montbeliard.fr\/beaucourt-delle\/wp-content\/uploads\/sites\/5\/2022\/05\/part_1653580177603_20220526_174953.jpg\" \/>\n\t<meta property=\"og:image:width\" content=\"1040\" \/>\n\t<meta property=\"og:image:height\" content=\"493\" \/>\n\t<meta property=\"og:image:type\" content=\"image\/jpeg\" \/>\n<meta name=\"twitter:card\" content=\"summary_large_image\" \/>\n<meta name=\"twitter:label1\" content=\"Dur\u00e9e de lecture estim\u00e9e\" \/>\n\t<meta name=\"twitter:data1\" content=\"4 minutes\" \/>\n<script type=\"application\/ld+json\" class=\"yoast-schema-graph\">{\"@context\":\"https:\\\/\\\/schema.org\",\"@graph\":[{\"@type\":\"WebPage\",\"@id\":\"https:\\\/\\\/www.diocese-belfort-montbeliard.fr\\\/beaucourt-delle\\\/paroisses\\\/notre-dame-de-montrobert\\\/presentation-de-la-paroisse\\\/\",\"url\":\"https:\\\/\\\/www.diocese-belfort-montbeliard.fr\\\/beaucourt-delle\\\/paroisses\\\/notre-dame-de-montrobert\\\/presentation-de-la-paroisse\\\/\",\"name\":\"Pr\u00e9sentation de la paroisse - Doyenn\u00e9 de Beaucourt - Delle\",\"isPartOf\":{\"@id\":\"https:\\\/\\\/www.diocese-belfort-montbeliard.fr\\\/beaucourt-delle\\\/#website\"},\"primaryImageOfPage\":{\"@id\":\"https:\\\/\\\/www.diocese-belfort-montbeliard.fr\\\/beaucourt-delle\\\/paroisses\\\/notre-dame-de-montrobert\\\/presentation-de-la-paroisse\\\/#primaryimage\"},\"image\":{\"@id\":\"https:\\\/\\\/www.diocese-belfort-montbeliard.fr\\\/beaucourt-delle\\\/paroisses\\\/notre-dame-de-montrobert\\\/presentation-de-la-paroisse\\\/#primaryimage\"},\"thumbnailUrl\":\"https:\\\/\\\/www.diocese-belfort-montbeliard.fr\\\/beaucourt-delle\\\/wp-content\\\/uploads\\\/sites\\\/5\\\/2022\\\/05\\\/part_1653580177603_20220526_174953.jpg\",\"datePublished\":\"2021-03-21T22:44:04+00:00\",\"dateModified\":\"2024-10-18T21:03:38+00:00\",\"description\":\"Bienvenue \u00e0 la paroisse Grandvillars Joncherey Boron Notre Dame de Montrobert situ\u00e9e dans le doyenn\u00e9 de Beaucourt Delle Grandvillars.\",\"breadcrumb\":{\"@id\":\"https:\\\/\\\/www.diocese-belfort-montbeliard.fr\\\/beaucourt-delle\\\/paroisses\\\/notre-dame-de-montrobert\\\/presentation-de-la-paroisse\\\/#breadcrumb\"},\"inLanguage\":\"fr-FR\",\"potentialAction\":[{\"@type\":\"ReadAction\",\"target\":[\"https:\\\/\\\/www.diocese-belfort-montbeliard.fr\\\/beaucourt-delle\\\/paroisses\\\/notre-dame-de-montrobert\\\/presentation-de-la-paroisse\\\/\"]}]},{\"@type\":\"ImageObject\",\"inLanguage\":\"fr-FR\",\"@id\":\"https:\\\/\\\/www.diocese-belfort-montbeliard.fr\\\/beaucourt-delle\\\/paroisses\\\/notre-dame-de-montrobert\\\/presentation-de-la-paroisse\\\/#primaryimage\",\"url\":\"https:\\\/\\\/www.diocese-belfort-montbeliard.fr\\\/beaucourt-delle\\\/wp-content\\\/uploads\\\/sites\\\/5\\\/2022\\\/05\\\/part_1653580177603_20220526_174953.jpg\",\"contentUrl\":\"https:\\\/\\\/www.diocese-belfort-montbeliard.fr\\\/beaucourt-delle\\\/wp-content\\\/uploads\\\/sites\\\/5\\\/2022\\\/05\\\/part_1653580177603_20220526_174953.jpg\",\"width\":1040,\"height\":493},{\"@type\":\"BreadcrumbList\",\"@id\":\"https:\\\/\\\/www.diocese-belfort-montbeliard.fr\\\/beaucourt-delle\\\/paroisses\\\/notre-dame-de-montrobert\\\/presentation-de-la-paroisse\\\/#breadcrumb\",\"itemListElement\":[{\"@type\":\"ListItem\",\"position\":1,\"name\":\"Accueil\",\"item\":\"https:\\\/\\\/www.diocese-belfort-montbeliard.fr\\\/beaucourt-delle\\\/\"},{\"@type\":\"ListItem\",\"position\":2,\"name\":\"Notre-Dame de Montrobert\",\"item\":\"https:\\\/\\\/www.diocese-belfort-montbeliard.fr\\\/beaucourt-delle\\\/paroisses\\\/notre-dame-de-montrobert\\\/\"},{\"@type\":\"ListItem\",\"position\":3,\"name\":\"Pr\u00e9sentation de la paroisse\"}]},{\"@type\":\"WebSite\",\"@id\":\"https:\\\/\\\/www.diocese-belfort-montbeliard.fr\\\/beaucourt-delle\\\/#website\",\"url\":\"https:\\\/\\\/www.diocese-belfort-montbeliard.fr\\\/beaucourt-delle\\\/\",\"name\":\"Doyenn\u00e9 de Beaucourt - Delle\",\"description\":\"Dioc\u00e8se de Belfort - Montb\u00e9liard\",\"potentialAction\":[{\"@type\":\"SearchAction\",\"target\":{\"@type\":\"EntryPoint\",\"urlTemplate\":\"https:\\\/\\\/www.diocese-belfort-montbeliard.fr\\\/beaucourt-delle\\\/?s={search_term_string}\"},\"query-input\":{\"@type\":\"PropertyValueSpecification\",\"valueRequired\":true,\"valueName\":\"search_term_string\"}}],\"inLanguage\":\"fr-FR\"}]}<\/script>\n<!-- \/ Yoast SEO plugin. -->","yoast_head_json":{"title":"Pr\u00e9sentation de la paroisse - Doyenn\u00e9 de Beaucourt - Delle","description":"Bienvenue \u00e0 la paroisse Grandvillars Joncherey Boron Notre Dame de Montrobert situ\u00e9e dans le doyenn\u00e9 de Beaucourt Delle Grandvillars.","robots":{"index":"index","follow":"follow","max-snippet":"max-snippet:-1","max-image-preview":"max-image-preview:large","max-video-preview":"max-video-preview:-1"},"canonical":"https:\/\/www.diocese-belfort-montbeliard.fr\/beaucourt-delle\/paroisses\/notre-dame-de-montrobert\/presentation-de-la-paroisse\/","og_locale":"fr_FR","og_type":"article","og_title":"Pr\u00e9sentation de la paroisse - Doyenn\u00e9 de Beaucourt - Delle","og_description":"Bienvenue \u00e0 la paroisse Grandvillars Joncherey Boron Notre Dame de Montrobert situ\u00e9e dans le doyenn\u00e9 de Beaucourt Delle Grandvillars.","og_url":"https:\/\/www.diocese-belfort-montbeliard.fr\/beaucourt-delle\/paroisses\/notre-dame-de-montrobert\/presentation-de-la-paroisse\/","og_site_name":"Doyenn\u00e9 de Beaucourt - Delle","article_modified_time":"2024-10-18T21:03:38+00:00","og_image":[{"width":1040,"height":493,"url":"https:\/\/www.diocese-belfort-montbeliard.fr\/beaucourt-delle\/wp-content\/uploads\/sites\/5\/2022\/05\/part_1653580177603_20220526_174953.jpg","type":"image\/jpeg"}],"twitter_card":"summary_large_image","twitter_misc":{"Dur\u00e9e de lecture estim\u00e9e":"4 minutes"},"schema":{"@context":"https:\/\/schema.org","@graph":[{"@type":"WebPage","@id":"https:\/\/www.diocese-belfort-montbeliard.fr\/beaucourt-delle\/paroisses\/notre-dame-de-montrobert\/presentation-de-la-paroisse\/","url":"https:\/\/www.diocese-belfort-montbeliard.fr\/beaucourt-delle\/paroisses\/notre-dame-de-montrobert\/presentation-de-la-paroisse\/","name":"Pr\u00e9sentation de la paroisse - Doyenn\u00e9 de Beaucourt - Delle","isPartOf":{"@id":"https:\/\/www.diocese-belfort-montbeliard.fr\/beaucourt-delle\/#website"},"primaryImageOfPage":{"@id":"https:\/\/www.diocese-belfort-montbeliard.fr\/beaucourt-delle\/paroisses\/notre-dame-de-montrobert\/presentation-de-la-paroisse\/#primaryimage"},"image":{"@id":"https:\/\/www.diocese-belfort-montbeliard.fr\/beaucourt-delle\/paroisses\/notre-dame-de-montrobert\/presentation-de-la-paroisse\/#primaryimage"},"thumbnailUrl":"https:\/\/www.diocese-belfort-montbeliard.fr\/beaucourt-delle\/wp-content\/uploads\/sites\/5\/2022\/05\/part_1653580177603_20220526_174953.jpg","datePublished":"2021-03-21T22:44:04+00:00","dateModified":"2024-10-18T21:03:38+00:00","description":"Bienvenue \u00e0 la paroisse Grandvillars Joncherey Boron Notre Dame de Montrobert situ\u00e9e dans le doyenn\u00e9 de Beaucourt Delle Grandvillars.","breadcrumb":{"@id":"https:\/\/www.diocese-belfort-montbeliard.fr\/beaucourt-delle\/paroisses\/notre-dame-de-montrobert\/presentation-de-la-paroisse\/#breadcrumb"},"inLanguage":"fr-FR","potentialAction":[{"@type":"ReadAction","target":["https:\/\/www.diocese-belfort-montbeliard.fr\/beaucourt-delle\/paroisses\/notre-dame-de-montrobert\/presentation-de-la-paroisse\/"]}]},{"@type":"ImageObject","inLanguage":"fr-FR","@id":"https:\/\/www.diocese-belfort-montbeliard.fr\/beaucourt-delle\/paroisses\/notre-dame-de-montrobert\/presentation-de-la-paroisse\/#primaryimage","url":"https:\/\/www.diocese-belfort-montbeliard.fr\/beaucourt-delle\/wp-content\/uploads\/sites\/5\/2022\/05\/part_1653580177603_20220526_174953.jpg","contentUrl":"https:\/\/www.diocese-belfort-montbeliard.fr\/beaucourt-delle\/wp-content\/uploads\/sites\/5\/2022\/05\/part_1653580177603_20220526_174953.jpg","width":1040,"height":493},{"@type":"BreadcrumbList","@id":"https:\/\/www.diocese-belfort-montbeliard.fr\/beaucourt-delle\/paroisses\/notre-dame-de-montrobert\/presentation-de-la-paroisse\/#breadcrumb","itemListElement":[{"@type":"ListItem","position":1,"name":"Accueil","item":"https:\/\/www.diocese-belfort-montbeliard.fr\/beaucourt-delle\/"},{"@type":"ListItem","position":2,"name":"Notre-Dame de Montrobert","item":"https:\/\/www.diocese-belfort-montbeliard.fr\/beaucourt-delle\/paroisses\/notre-dame-de-montrobert\/"},{"@type":"ListItem","position":3,"name":"Pr\u00e9sentation de la paroisse"}]},{"@type":"WebSite","@id":"https:\/\/www.diocese-belfort-montbeliard.fr\/beaucourt-delle\/#website","url":"https:\/\/www.diocese-belfort-montbeliard.fr\/beaucourt-delle\/","name":"Doyenn\u00e9 de Beaucourt - Delle","description":"Dioc\u00e8se de Belfort - Montb\u00e9liard","potentialAction":[{"@type":"SearchAction","target":{"@type":"EntryPoint","urlTemplate":"https:\/\/www.diocese-belfort-montbeliard.fr\/beaucourt-delle\/?s={search_term_string}"},"query-input":{"@type":"PropertyValueSpecification","valueRequired":true,"valueName":"search_term_string"}}],"inLanguage":"fr-FR"}]}},"_links":{"self":[{"href":"https:\/\/www.diocese-belfort-montbeliard.fr\/beaucourt-delle\/wp-json\/wp\/v2\/paroisse\/364","targetHints":{"allow":["GET"]}}],"collection":[{"href":"https:\/\/www.diocese-belfort-montbeliard.fr\/beaucourt-delle\/wp-json\/wp\/v2\/paroisse"}],"about":[{"href":"https:\/\/www.diocese-belfort-montbeliard.fr\/beaucourt-delle\/wp-json\/wp\/v2\/types\/paroisse"}],"author":[{"embeddable":true,"href":"https:\/\/www.diocese-belfort-montbeliard.fr\/beaucourt-delle\/wp-json\/wp\/v2\/users\/15"}],"version-history":[{"count":10,"href":"https:\/\/www.diocese-belfort-montbeliard.fr\/beaucourt-delle\/wp-json\/wp\/v2\/paroisse\/364\/revisions"}],"predecessor-version":[{"id":12322,"href":"https:\/\/www.diocese-belfort-montbeliard.fr\/beaucourt-delle\/wp-json\/wp\/v2\/paroisse\/364\/revisions\/12322"}],"up":[{"embeddable":true,"href":"https:\/\/www.diocese-belfort-montbeliard.fr\/beaucourt-delle\/wp-json\/wp\/v2\/paroisse\/9"}],"wp:featuredmedia":[{"embeddable":true,"href":"https:\/\/www.diocese-belfort-montbeliard.fr\/beaucourt-delle\/wp-json\/wp\/v2\/media\/5079"}],"wp:attachment":[{"href":"https:\/\/www.diocese-belfort-montbeliard.fr\/beaucourt-delle\/wp-json\/wp\/v2\/media?parent=364"}],"curies":[{"name":"wp","href":"https:\/\/api.w.org\/{rel}","templated":true}]}}