{"id":8744,"date":"2022-11-30T01:07:38","date_gmt":"2022-11-30T00:07:38","guid":{"rendered":"https:\/\/www.diocese-belfort-montbeliard.fr\/beaucourt-delle\/?post_type=paroisse&#038;p=8744"},"modified":"2022-11-30T01:09:31","modified_gmt":"2022-11-30T00:09:31","slug":"messe-des-familles-du-27-11-2022","status":"publish","type":"paroisse","link":"https:\/\/www.diocese-belfort-montbeliard.fr\/beaucourt-delle\/paroisses\/notre-dame-de-montrobert\/le-catechisme-dans-notre-paroisse\/messe-des-familles-du-27-11-2022\/","title":{"rendered":"Messe des familles du 27\/11\/2022"},"content":{"rendered":"\n<p><\/p>\n\n\n\n<p id=\"block-5e7acdf2-b273-4f1a-a0bd-25dc00160507\"><strong>Messe des familles des cat\u00e9chismes et de l&rsquo;\u00e9veil \u00e0 la foi du 27\/11\/2022<\/strong> \u00e0 Grandvillars <\/p>\n\n\n\n<p id=\"block-3c1afb1e-b702-4485-8548-4d148804d483\">Messe des familles des cat\u00e9chismes et de l&rsquo;\u00e9veil \u00e0 la foi du 27\/11\/2022, du CE1 \u00e0 la 5\u00e9me, ont particip\u00e9 \u00e0 la messe en apportant les offrandes.<br>Pendant ce temps les enfants de l&rsquo;\u00e9veil \u00e0 la foi, ont \u00e9voqu\u00e9 l\u2019\u00c9vangile du jour et ont apport\u00e9 leurs dessins avant le Notre P\u00e8re.<\/p>\n\n\n\n<figure class=\"wp-block-gallery has-nested-images columns-default is-cropped wp-block-gallery-1 is-layout-flex wp-block-gallery-is-layout-flex\">\n<figure class=\"wp-block-image size-large is-style-default\"><img loading=\"lazy\" decoding=\"async\" width=\"750\" height=\"750\" data-id=\"8751\" src=\"https:\/\/www.diocese-belfort-montbeliard.fr\/beaucourt-delle\/wp-content\/uploads\/sites\/5\/2022\/11\/ndmr_entree1_20221127_113351.jpg\" alt=\"\" class=\"wp-image-8751\" srcset=\"https:\/\/www.diocese-belfort-montbeliard.fr\/beaucourt-delle\/wp-content\/uploads\/sites\/5\/2022\/11\/ndmr_entree1_20221127_113351.jpg 750w, https:\/\/www.diocese-belfort-montbeliard.fr\/beaucourt-delle\/wp-content\/uploads\/sites\/5\/2022\/11\/ndmr_entree1_20221127_113351-600x600.jpg 600w, https:\/\/www.diocese-belfort-montbeliard.fr\/beaucourt-delle\/wp-content\/uploads\/sites\/5\/2022\/11\/ndmr_entree1_20221127_113351-300x300.jpg 300w\" sizes=\"auto, (max-width: 750px) 100vw, 750px\" \/><\/figure>\n\n\n\n<figure class=\"wp-block-image size-large is-style-default\"><img loading=\"lazy\" decoding=\"async\" width=\"750\" height=\"750\" data-id=\"8752\" src=\"https:\/\/www.diocese-belfort-montbeliard.fr\/beaucourt-delle\/wp-content\/uploads\/sites\/5\/2022\/11\/ndmr_entree2_20221127_113351.jpg\" alt=\"\" class=\"wp-image-8752\" srcset=\"https:\/\/www.diocese-belfort-montbeliard.fr\/beaucourt-delle\/wp-content\/uploads\/sites\/5\/2022\/11\/ndmr_entree2_20221127_113351.jpg 750w, https:\/\/www.diocese-belfort-montbeliard.fr\/beaucourt-delle\/wp-content\/uploads\/sites\/5\/2022\/11\/ndmr_entree2_20221127_113351-600x600.jpg 600w, https:\/\/www.diocese-belfort-montbeliard.fr\/beaucourt-delle\/wp-content\/uploads\/sites\/5\/2022\/11\/ndmr_entree2_20221127_113351-300x300.jpg 300w\" sizes=\"auto, (max-width: 750px) 100vw, 750px\" \/><\/figure>\n\n\n\n<figure class=\"wp-block-image size-large is-style-default\"><img loading=\"lazy\" decoding=\"async\" width=\"750\" height=\"750\" data-id=\"8750\" src=\"https:\/\/www.diocese-belfort-montbeliard.fr\/beaucourt-delle\/wp-content\/uploads\/sites\/5\/2022\/11\/ndmr_accueil2_20221127_113351.jpg\" alt=\"\" class=\"wp-image-8750\" srcset=\"https:\/\/www.diocese-belfort-montbeliard.fr\/beaucourt-delle\/wp-content\/uploads\/sites\/5\/2022\/11\/ndmr_accueil2_20221127_113351.jpg 750w, https:\/\/www.diocese-belfort-montbeliard.fr\/beaucourt-delle\/wp-content\/uploads\/sites\/5\/2022\/11\/ndmr_accueil2_20221127_113351-600x600.jpg 600w, https:\/\/www.diocese-belfort-montbeliard.fr\/beaucourt-delle\/wp-content\/uploads\/sites\/5\/2022\/11\/ndmr_accueil2_20221127_113351-300x300.jpg 300w\" sizes=\"auto, (max-width: 750px) 100vw, 750px\" \/><\/figure>\n\n\n\n<figure class=\"wp-block-image size-large is-style-default\"><img loading=\"lazy\" decoding=\"async\" width=\"750\" height=\"750\" data-id=\"8749\" src=\"https:\/\/www.diocese-belfort-montbeliard.fr\/beaucourt-delle\/wp-content\/uploads\/sites\/5\/2022\/11\/ndmr_accueil1_20221127_113351.jpg\" alt=\"\" class=\"wp-image-8749\" srcset=\"https:\/\/www.diocese-belfort-montbeliard.fr\/beaucourt-delle\/wp-content\/uploads\/sites\/5\/2022\/11\/ndmr_accueil1_20221127_113351.jpg 750w, https:\/\/www.diocese-belfort-montbeliard.fr\/beaucourt-delle\/wp-content\/uploads\/sites\/5\/2022\/11\/ndmr_accueil1_20221127_113351-600x600.jpg 600w, https:\/\/www.diocese-belfort-montbeliard.fr\/beaucourt-delle\/wp-content\/uploads\/sites\/5\/2022\/11\/ndmr_accueil1_20221127_113351-300x300.jpg 300w\" sizes=\"auto, (max-width: 750px) 100vw, 750px\" \/><\/figure>\n\n\n\n<figure class=\"wp-block-image size-large is-style-default\"><img loading=\"lazy\" decoding=\"async\" width=\"750\" height=\"750\" data-id=\"8746\" src=\"https:\/\/www.diocese-belfort-montbeliard.fr\/beaucourt-delle\/wp-content\/uploads\/sites\/5\/2022\/11\/ndmr_offertoire0_20221127_113351.jpg\" alt=\"\" class=\"wp-image-8746\" srcset=\"https:\/\/www.diocese-belfort-montbeliard.fr\/beaucourt-delle\/wp-content\/uploads\/sites\/5\/2022\/11\/ndmr_offertoire0_20221127_113351.jpg 750w, https:\/\/www.diocese-belfort-montbeliard.fr\/beaucourt-delle\/wp-content\/uploads\/sites\/5\/2022\/11\/ndmr_offertoire0_20221127_113351-600x600.jpg 600w, https:\/\/www.diocese-belfort-montbeliard.fr\/beaucourt-delle\/wp-content\/uploads\/sites\/5\/2022\/11\/ndmr_offertoire0_20221127_113351-300x300.jpg 300w\" sizes=\"auto, (max-width: 750px) 100vw, 750px\" \/><\/figure>\n\n\n\n<figure class=\"wp-block-image size-large is-style-default\"><img loading=\"lazy\" decoding=\"async\" width=\"750\" height=\"750\" data-id=\"8748\" src=\"https:\/\/www.diocese-belfort-montbeliard.fr\/beaucourt-delle\/wp-content\/uploads\/sites\/5\/2022\/11\/ndmr_offertoire2_20221127_121030.jpg\" alt=\"\" class=\"wp-image-8748\" srcset=\"https:\/\/www.diocese-belfort-montbeliard.fr\/beaucourt-delle\/wp-content\/uploads\/sites\/5\/2022\/11\/ndmr_offertoire2_20221127_121030.jpg 750w, https:\/\/www.diocese-belfort-montbeliard.fr\/beaucourt-delle\/wp-content\/uploads\/sites\/5\/2022\/11\/ndmr_offertoire2_20221127_121030-600x600.jpg 600w, https:\/\/www.diocese-belfort-montbeliard.fr\/beaucourt-delle\/wp-content\/uploads\/sites\/5\/2022\/11\/ndmr_offertoire2_20221127_121030-300x300.jpg 300w\" sizes=\"auto, (max-width: 750px) 100vw, 750px\" \/><\/figure>\n\n\n\n<figure class=\"wp-block-image size-large is-style-default\"><img loading=\"lazy\" decoding=\"async\" width=\"750\" height=\"750\" data-id=\"8747\" src=\"https:\/\/www.diocese-belfort-montbeliard.fr\/beaucourt-delle\/wp-content\/uploads\/sites\/5\/2022\/11\/ndmr_offertoire1_20221127_113351.jpg\" alt=\"\" class=\"wp-image-8747\" srcset=\"https:\/\/www.diocese-belfort-montbeliard.fr\/beaucourt-delle\/wp-content\/uploads\/sites\/5\/2022\/11\/ndmr_offertoire1_20221127_113351.jpg 750w, https:\/\/www.diocese-belfort-montbeliard.fr\/beaucourt-delle\/wp-content\/uploads\/sites\/5\/2022\/11\/ndmr_offertoire1_20221127_113351-600x600.jpg 600w, https:\/\/www.diocese-belfort-montbeliard.fr\/beaucourt-delle\/wp-content\/uploads\/sites\/5\/2022\/11\/ndmr_offertoire1_20221127_113351-300x300.jpg 300w\" sizes=\"auto, (max-width: 750px) 100vw, 750px\" \/><\/figure>\n\n\n\n<figure class=\"wp-block-image size-large is-style-default\"><img loading=\"lazy\" decoding=\"async\" width=\"750\" height=\"750\" data-id=\"8753\" src=\"https:\/\/www.diocese-belfort-montbeliard.fr\/beaucourt-delle\/wp-content\/uploads\/sites\/5\/2022\/11\/ndmr_eveil-a-la-foi_20221127_121030.jpg\" alt=\"\" class=\"wp-image-8753\" srcset=\"https:\/\/www.diocese-belfort-montbeliard.fr\/beaucourt-delle\/wp-content\/uploads\/sites\/5\/2022\/11\/ndmr_eveil-a-la-foi_20221127_121030.jpg 750w, https:\/\/www.diocese-belfort-montbeliard.fr\/beaucourt-delle\/wp-content\/uploads\/sites\/5\/2022\/11\/ndmr_eveil-a-la-foi_20221127_121030-600x600.jpg 600w, https:\/\/www.diocese-belfort-montbeliard.fr\/beaucourt-delle\/wp-content\/uploads\/sites\/5\/2022\/11\/ndmr_eveil-a-la-foi_20221127_121030-300x300.jpg 300w\" sizes=\"auto, (max-width: 750px) 100vw, 750px\" \/><\/figure>\n\n\n\n<figure class=\"wp-block-image size-large is-style-default\"><img loading=\"lazy\" decoding=\"async\" width=\"750\" height=\"750\" data-id=\"8754\" src=\"https:\/\/www.diocese-belfort-montbeliard.fr\/beaucourt-delle\/wp-content\/uploads\/sites\/5\/2022\/11\/ndmr_eveil-a-la-foi1_21127_121030.jpg\" alt=\"\" class=\"wp-image-8754\" srcset=\"https:\/\/www.diocese-belfort-montbeliard.fr\/beaucourt-delle\/wp-content\/uploads\/sites\/5\/2022\/11\/ndmr_eveil-a-la-foi1_21127_121030.jpg 750w, https:\/\/www.diocese-belfort-montbeliard.fr\/beaucourt-delle\/wp-content\/uploads\/sites\/5\/2022\/11\/ndmr_eveil-a-la-foi1_21127_121030-600x600.jpg 600w, https:\/\/www.diocese-belfort-montbeliard.fr\/beaucourt-delle\/wp-content\/uploads\/sites\/5\/2022\/11\/ndmr_eveil-a-la-foi1_21127_121030-300x300.jpg 300w\" sizes=\"auto, (max-width: 750px) 100vw, 750px\" \/><\/figure>\n\n\n\n<figure class=\"wp-block-image size-large is-style-default\"><img loading=\"lazy\" decoding=\"async\" width=\"750\" height=\"750\" data-id=\"8758\" src=\"https:\/\/www.diocese-belfort-montbeliard.fr\/beaucourt-delle\/wp-content\/uploads\/sites\/5\/2022\/11\/ndmr_eveil-a-la-foi5_20221127_113351.jpg\" alt=\"\" class=\"wp-image-8758\" srcset=\"https:\/\/www.diocese-belfort-montbeliard.fr\/beaucourt-delle\/wp-content\/uploads\/sites\/5\/2022\/11\/ndmr_eveil-a-la-foi5_20221127_113351.jpg 750w, https:\/\/www.diocese-belfort-montbeliard.fr\/beaucourt-delle\/wp-content\/uploads\/sites\/5\/2022\/11\/ndmr_eveil-a-la-foi5_20221127_113351-600x600.jpg 600w, https:\/\/www.diocese-belfort-montbeliard.fr\/beaucourt-delle\/wp-content\/uploads\/sites\/5\/2022\/11\/ndmr_eveil-a-la-foi5_20221127_113351-300x300.jpg 300w\" sizes=\"auto, (max-width: 750px) 100vw, 750px\" \/><\/figure>\n\n\n\n<figure class=\"wp-block-image size-large is-style-default\"><img loading=\"lazy\" decoding=\"async\" width=\"563\" height=\"563\" data-id=\"8757\" src=\"https:\/\/www.diocese-belfort-montbeliard.fr\/beaucourt-delle\/wp-content\/uploads\/sites\/5\/2022\/11\/ndmr_eveil-a-la-foi4_20221127_113351.jpg\" alt=\"\" class=\"wp-image-8757\" srcset=\"https:\/\/www.diocese-belfort-montbeliard.fr\/beaucourt-delle\/wp-content\/uploads\/sites\/5\/2022\/11\/ndmr_eveil-a-la-foi4_20221127_113351.jpg 563w, https:\/\/www.diocese-belfort-montbeliard.fr\/beaucourt-delle\/wp-content\/uploads\/sites\/5\/2022\/11\/ndmr_eveil-a-la-foi4_20221127_113351-300x300.jpg 300w\" sizes=\"auto, (max-width: 563px) 100vw, 563px\" \/><\/figure>\n\n\n\n<figure class=\"wp-block-image size-large is-style-default\"><img loading=\"lazy\" decoding=\"async\" width=\"750\" height=\"750\" data-id=\"8756\" src=\"https:\/\/www.diocese-belfort-montbeliard.fr\/beaucourt-delle\/wp-content\/uploads\/sites\/5\/2022\/11\/ndmr_eveil-a-la-foi3_20221127_121030.jpg\" alt=\"\" class=\"wp-image-8756\" srcset=\"https:\/\/www.diocese-belfort-montbeliard.fr\/beaucourt-delle\/wp-content\/uploads\/sites\/5\/2022\/11\/ndmr_eveil-a-la-foi3_20221127_121030.jpg 750w, https:\/\/www.diocese-belfort-montbeliard.fr\/beaucourt-delle\/wp-content\/uploads\/sites\/5\/2022\/11\/ndmr_eveil-a-la-foi3_20221127_121030-600x600.jpg 600w, https:\/\/www.diocese-belfort-montbeliard.fr\/beaucourt-delle\/wp-content\/uploads\/sites\/5\/2022\/11\/ndmr_eveil-a-la-foi3_20221127_121030-300x300.jpg 300w\" sizes=\"auto, (max-width: 750px) 100vw, 750px\" \/><\/figure>\n\n\n\n<figure class=\"wp-block-image size-large is-style-default\"><img loading=\"lazy\" decoding=\"async\" width=\"750\" height=\"750\" data-id=\"8755\" src=\"https:\/\/www.diocese-belfort-montbeliard.fr\/beaucourt-delle\/wp-content\/uploads\/sites\/5\/2022\/11\/ndmr_eveil-a-la-foi2_20221127_121030.jpg\" alt=\"\" class=\"wp-image-8755\" srcset=\"https:\/\/www.diocese-belfort-montbeliard.fr\/beaucourt-delle\/wp-content\/uploads\/sites\/5\/2022\/11\/ndmr_eveil-a-la-foi2_20221127_121030.jpg 750w, https:\/\/www.diocese-belfort-montbeliard.fr\/beaucourt-delle\/wp-content\/uploads\/sites\/5\/2022\/11\/ndmr_eveil-a-la-foi2_20221127_121030-600x600.jpg 600w, https:\/\/www.diocese-belfort-montbeliard.fr\/beaucourt-delle\/wp-content\/uploads\/sites\/5\/2022\/11\/ndmr_eveil-a-la-foi2_20221127_121030-300x300.jpg 300w\" sizes=\"auto, (max-width: 750px) 100vw, 750px\" \/><\/figure>\n\n\n\n<figure class=\"wp-block-image size-large is-style-default\"><img loading=\"lazy\" decoding=\"async\" width=\"750\" height=\"750\" data-id=\"8759\" src=\"https:\/\/www.diocese-belfort-montbeliard.fr\/beaucourt-delle\/wp-content\/uploads\/sites\/5\/2022\/11\/ndmr_groupe-cate1_20221127_120935.jpg\" alt=\"\" class=\"wp-image-8759\" srcset=\"https:\/\/www.diocese-belfort-montbeliard.fr\/beaucourt-delle\/wp-content\/uploads\/sites\/5\/2022\/11\/ndmr_groupe-cate1_20221127_120935.jpg 750w, https:\/\/www.diocese-belfort-montbeliard.fr\/beaucourt-delle\/wp-content\/uploads\/sites\/5\/2022\/11\/ndmr_groupe-cate1_20221127_120935-600x600.jpg 600w, https:\/\/www.diocese-belfort-montbeliard.fr\/beaucourt-delle\/wp-content\/uploads\/sites\/5\/2022\/11\/ndmr_groupe-cate1_20221127_120935-300x300.jpg 300w\" sizes=\"auto, (max-width: 750px) 100vw, 750px\" \/><\/figure>\n\n\n\n<figure class=\"wp-block-image size-large is-style-default\"><img loading=\"lazy\" decoding=\"async\" width=\"750\" height=\"750\" data-id=\"8760\" src=\"https:\/\/www.diocese-belfort-montbeliard.fr\/beaucourt-delle\/wp-content\/uploads\/sites\/5\/2022\/11\/ndmr_groupe-cate3_20221127_120935.jpg\" alt=\"\" class=\"wp-image-8760\" srcset=\"https:\/\/www.diocese-belfort-montbeliard.fr\/beaucourt-delle\/wp-content\/uploads\/sites\/5\/2022\/11\/ndmr_groupe-cate3_20221127_120935.jpg 750w, https:\/\/www.diocese-belfort-montbeliard.fr\/beaucourt-delle\/wp-content\/uploads\/sites\/5\/2022\/11\/ndmr_groupe-cate3_20221127_120935-600x600.jpg 600w, https:\/\/www.diocese-belfort-montbeliard.fr\/beaucourt-delle\/wp-content\/uploads\/sites\/5\/2022\/11\/ndmr_groupe-cate3_20221127_120935-300x300.jpg 300w\" sizes=\"auto, (max-width: 750px) 100vw, 750px\" \/><\/figure>\n\n\n\n<figure class=\"wp-block-image size-large is-style-default\"><img loading=\"lazy\" decoding=\"async\" width=\"750\" height=\"750\" data-id=\"8761\" src=\"https:\/\/www.diocese-belfort-montbeliard.fr\/beaucourt-delle\/wp-content\/uploads\/sites\/5\/2022\/11\/ndmr_groupe-cate4_20221127_120935.jpg\" alt=\"\" class=\"wp-image-8761\" srcset=\"https:\/\/www.diocese-belfort-montbeliard.fr\/beaucourt-delle\/wp-content\/uploads\/sites\/5\/2022\/11\/ndmr_groupe-cate4_20221127_120935.jpg 750w, https:\/\/www.diocese-belfort-montbeliard.fr\/beaucourt-delle\/wp-content\/uploads\/sites\/5\/2022\/11\/ndmr_groupe-cate4_20221127_120935-600x600.jpg 600w, https:\/\/www.diocese-belfort-montbeliard.fr\/beaucourt-delle\/wp-content\/uploads\/sites\/5\/2022\/11\/ndmr_groupe-cate4_20221127_120935-300x300.jpg 300w\" sizes=\"auto, (max-width: 750px) 100vw, 750px\" \/><\/figure>\n\n\n\n<figure class=\"wp-block-image size-large is-style-default\"><img loading=\"lazy\" decoding=\"async\" width=\"750\" height=\"750\" data-id=\"8745\" src=\"https:\/\/www.diocese-belfort-montbeliard.fr\/beaucourt-delle\/wp-content\/uploads\/sites\/5\/2022\/11\/ndmr_groupe-catea_20221127_120935.jpg\" alt=\"\" class=\"wp-image-8745\" srcset=\"https:\/\/www.diocese-belfort-montbeliard.fr\/beaucourt-delle\/wp-content\/uploads\/sites\/5\/2022\/11\/ndmr_groupe-catea_20221127_120935.jpg 750w, https:\/\/www.diocese-belfort-montbeliard.fr\/beaucourt-delle\/wp-content\/uploads\/sites\/5\/2022\/11\/ndmr_groupe-catea_20221127_120935-600x600.jpg 600w, https:\/\/www.diocese-belfort-montbeliard.fr\/beaucourt-delle\/wp-content\/uploads\/sites\/5\/2022\/11\/ndmr_groupe-catea_20221127_120935-300x300.jpg 300w\" sizes=\"auto, (max-width: 750px) 100vw, 750px\" \/><\/figure>\n<\/figure>\n","protected":false},"author":15,"featured_media":0,"parent":2075,"menu_order":23,"template":"","meta":{"_acf_changed":false,"footnotes":""},"class_list":["post-8744","paroisse","type-paroisse","status-publish","hentry"],"acf":[],"yoast_head":"<!-- This site is optimized with the Yoast SEO plugin v27.4 - https:\/\/yoast.com\/product\/yoast-seo-wordpress\/ -->\n<title>Messe des familles du 27\/11\/2022 - Doyenn\u00e9 de Beaucourt - Delle<\/title>\n<meta name=\"robots\" content=\"index, follow, max-snippet:-1, max-image-preview:large, max-video-preview:-1\" \/>\n<link rel=\"canonical\" href=\"https:\/\/www.diocese-belfort-montbeliard.fr\/beaucourt-delle\/paroisses\/notre-dame-de-montrobert\/le-catechisme-dans-notre-paroisse\/messe-des-familles-du-27-11-2022\/\" \/>\n<meta property=\"og:locale\" content=\"fr_FR\" \/>\n<meta property=\"og:type\" content=\"article\" \/>\n<meta property=\"og:title\" content=\"Messe des familles du 27\/11\/2022 - Doyenn\u00e9 de Beaucourt - Delle\" \/>\n<meta property=\"og:description\" content=\"Messe des familles des cat\u00e9chismes et de l&rsquo;\u00e9veil \u00e0 la foi du 27\/11\/2022 \u00e0 Grandvillars Messe des familles des cat\u00e9chismes et de l&rsquo;\u00e9veil \u00e0 la foi du 27\/11\/2022, du CE1 \u00e0 la 5\u00e9me, ont particip\u00e9 \u00e0 la messe en apportant les offrandes.Pendant ce temps les enfants de l&rsquo;\u00e9veil \u00e0 la foi, ont \u00e9voqu\u00e9 l\u2019\u00c9vangile du [&hellip;]\" \/>\n<meta property=\"og:url\" content=\"https:\/\/www.diocese-belfort-montbeliard.fr\/beaucourt-delle\/paroisses\/notre-dame-de-montrobert\/le-catechisme-dans-notre-paroisse\/messe-des-familles-du-27-11-2022\/\" \/>\n<meta property=\"og:site_name\" content=\"Doyenn\u00e9 de Beaucourt - Delle\" \/>\n<meta property=\"article:modified_time\" content=\"2022-11-30T00:09:31+00:00\" \/>\n<meta property=\"og:image\" content=\"https:\/\/www.diocese-belfort-montbeliard.fr\/beaucourt-delle\/wp-content\/uploads\/sites\/5\/2022\/11\/ndmr_entree1_20221127_113351.jpg\" \/>\n<meta name=\"twitter:card\" content=\"summary_large_image\" \/>\n<meta name=\"twitter:label1\" content=\"Dur\u00e9e de lecture estim\u00e9e\" \/>\n\t<meta name=\"twitter:data1\" content=\"4 minutes\" \/>\n<script type=\"application\/ld+json\" class=\"yoast-schema-graph\">{\"@context\":\"https:\\\/\\\/schema.org\",\"@graph\":[{\"@type\":\"WebPage\",\"@id\":\"https:\\\/\\\/www.diocese-belfort-montbeliard.fr\\\/beaucourt-delle\\\/paroisses\\\/notre-dame-de-montrobert\\\/le-catechisme-dans-notre-paroisse\\\/messe-des-familles-du-27-11-2022\\\/\",\"url\":\"https:\\\/\\\/www.diocese-belfort-montbeliard.fr\\\/beaucourt-delle\\\/paroisses\\\/notre-dame-de-montrobert\\\/le-catechisme-dans-notre-paroisse\\\/messe-des-familles-du-27-11-2022\\\/\",\"name\":\"Messe des familles du 27\\\/11\\\/2022 - Doyenn\u00e9 de Beaucourt - Delle\",\"isPartOf\":{\"@id\":\"https:\\\/\\\/www.diocese-belfort-montbeliard.fr\\\/beaucourt-delle\\\/#website\"},\"primaryImageOfPage\":{\"@id\":\"https:\\\/\\\/www.diocese-belfort-montbeliard.fr\\\/beaucourt-delle\\\/paroisses\\\/notre-dame-de-montrobert\\\/le-catechisme-dans-notre-paroisse\\\/messe-des-familles-du-27-11-2022\\\/#primaryimage\"},\"image\":{\"@id\":\"https:\\\/\\\/www.diocese-belfort-montbeliard.fr\\\/beaucourt-delle\\\/paroisses\\\/notre-dame-de-montrobert\\\/le-catechisme-dans-notre-paroisse\\\/messe-des-familles-du-27-11-2022\\\/#primaryimage\"},\"thumbnailUrl\":\"https:\\\/\\\/www.diocese-belfort-montbeliard.fr\\\/beaucourt-delle\\\/wp-content\\\/uploads\\\/sites\\\/5\\\/2022\\\/11\\\/ndmr_entree1_20221127_113351.jpg\",\"datePublished\":\"2022-11-30T00:07:38+00:00\",\"dateModified\":\"2022-11-30T00:09:31+00:00\",\"breadcrumb\":{\"@id\":\"https:\\\/\\\/www.diocese-belfort-montbeliard.fr\\\/beaucourt-delle\\\/paroisses\\\/notre-dame-de-montrobert\\\/le-catechisme-dans-notre-paroisse\\\/messe-des-familles-du-27-11-2022\\\/#breadcrumb\"},\"inLanguage\":\"fr-FR\",\"potentialAction\":[{\"@type\":\"ReadAction\",\"target\":[\"https:\\\/\\\/www.diocese-belfort-montbeliard.fr\\\/beaucourt-delle\\\/paroisses\\\/notre-dame-de-montrobert\\\/le-catechisme-dans-notre-paroisse\\\/messe-des-familles-du-27-11-2022\\\/\"]}]},{\"@type\":\"ImageObject\",\"inLanguage\":\"fr-FR\",\"@id\":\"https:\\\/\\\/www.diocese-belfort-montbeliard.fr\\\/beaucourt-delle\\\/paroisses\\\/notre-dame-de-montrobert\\\/le-catechisme-dans-notre-paroisse\\\/messe-des-familles-du-27-11-2022\\\/#primaryimage\",\"url\":\"https:\\\/\\\/www.diocese-belfort-montbeliard.fr\\\/beaucourt-delle\\\/wp-content\\\/uploads\\\/sites\\\/5\\\/2022\\\/11\\\/ndmr_entree1_20221127_113351.jpg\",\"contentUrl\":\"https:\\\/\\\/www.diocese-belfort-montbeliard.fr\\\/beaucourt-delle\\\/wp-content\\\/uploads\\\/sites\\\/5\\\/2022\\\/11\\\/ndmr_entree1_20221127_113351.jpg\",\"width\":750,\"height\":750},{\"@type\":\"BreadcrumbList\",\"@id\":\"https:\\\/\\\/www.diocese-belfort-montbeliard.fr\\\/beaucourt-delle\\\/paroisses\\\/notre-dame-de-montrobert\\\/le-catechisme-dans-notre-paroisse\\\/messe-des-familles-du-27-11-2022\\\/#breadcrumb\",\"itemListElement\":[{\"@type\":\"ListItem\",\"position\":1,\"name\":\"Accueil\",\"item\":\"https:\\\/\\\/www.diocese-belfort-montbeliard.fr\\\/beaucourt-delle\\\/\"},{\"@type\":\"ListItem\",\"position\":2,\"name\":\"Notre-Dame de Montrobert\",\"item\":\"https:\\\/\\\/www.diocese-belfort-montbeliard.fr\\\/beaucourt-delle\\\/paroisses\\\/notre-dame-de-montrobert\\\/\"},{\"@type\":\"ListItem\",\"position\":3,\"name\":\"Le cat\u00e9chisme dans notre paroisse\",\"item\":\"https:\\\/\\\/www.diocese-belfort-montbeliard.fr\\\/beaucourt-delle\\\/paroisses\\\/notre-dame-de-montrobert\\\/le-catechisme-dans-notre-paroisse\\\/\"},{\"@type\":\"ListItem\",\"position\":4,\"name\":\"Messe des familles du 27\\\/11\\\/2022\"}]},{\"@type\":\"WebSite\",\"@id\":\"https:\\\/\\\/www.diocese-belfort-montbeliard.fr\\\/beaucourt-delle\\\/#website\",\"url\":\"https:\\\/\\\/www.diocese-belfort-montbeliard.fr\\\/beaucourt-delle\\\/\",\"name\":\"Doyenn\u00e9 de Beaucourt - Delle\",\"description\":\"Dioc\u00e8se de Belfort - Montb\u00e9liard\",\"potentialAction\":[{\"@type\":\"SearchAction\",\"target\":{\"@type\":\"EntryPoint\",\"urlTemplate\":\"https:\\\/\\\/www.diocese-belfort-montbeliard.fr\\\/beaucourt-delle\\\/?s={search_term_string}\"},\"query-input\":{\"@type\":\"PropertyValueSpecification\",\"valueRequired\":true,\"valueName\":\"search_term_string\"}}],\"inLanguage\":\"fr-FR\"}]}<\/script>\n<!-- \/ Yoast SEO plugin. -->","yoast_head_json":{"title":"Messe des familles du 27\/11\/2022 - Doyenn\u00e9 de Beaucourt - Delle","robots":{"index":"index","follow":"follow","max-snippet":"max-snippet:-1","max-image-preview":"max-image-preview:large","max-video-preview":"max-video-preview:-1"},"canonical":"https:\/\/www.diocese-belfort-montbeliard.fr\/beaucourt-delle\/paroisses\/notre-dame-de-montrobert\/le-catechisme-dans-notre-paroisse\/messe-des-familles-du-27-11-2022\/","og_locale":"fr_FR","og_type":"article","og_title":"Messe des familles du 27\/11\/2022 - Doyenn\u00e9 de Beaucourt - Delle","og_description":"Messe des familles des cat\u00e9chismes et de l&rsquo;\u00e9veil \u00e0 la foi du 27\/11\/2022 \u00e0 Grandvillars Messe des familles des cat\u00e9chismes et de l&rsquo;\u00e9veil \u00e0 la foi du 27\/11\/2022, du CE1 \u00e0 la 5\u00e9me, ont particip\u00e9 \u00e0 la messe en apportant les offrandes.Pendant ce temps les enfants de l&rsquo;\u00e9veil \u00e0 la foi, ont \u00e9voqu\u00e9 l\u2019\u00c9vangile du [&hellip;]","og_url":"https:\/\/www.diocese-belfort-montbeliard.fr\/beaucourt-delle\/paroisses\/notre-dame-de-montrobert\/le-catechisme-dans-notre-paroisse\/messe-des-familles-du-27-11-2022\/","og_site_name":"Doyenn\u00e9 de Beaucourt - Delle","article_modified_time":"2022-11-30T00:09:31+00:00","og_image":[{"url":"https:\/\/www.diocese-belfort-montbeliard.fr\/beaucourt-delle\/wp-content\/uploads\/sites\/5\/2022\/11\/ndmr_entree1_20221127_113351.jpg","type":"","width":"","height":""}],"twitter_card":"summary_large_image","twitter_misc":{"Dur\u00e9e de lecture estim\u00e9e":"4 minutes"},"schema":{"@context":"https:\/\/schema.org","@graph":[{"@type":"WebPage","@id":"https:\/\/www.diocese-belfort-montbeliard.fr\/beaucourt-delle\/paroisses\/notre-dame-de-montrobert\/le-catechisme-dans-notre-paroisse\/messe-des-familles-du-27-11-2022\/","url":"https:\/\/www.diocese-belfort-montbeliard.fr\/beaucourt-delle\/paroisses\/notre-dame-de-montrobert\/le-catechisme-dans-notre-paroisse\/messe-des-familles-du-27-11-2022\/","name":"Messe des familles du 27\/11\/2022 - Doyenn\u00e9 de Beaucourt - Delle","isPartOf":{"@id":"https:\/\/www.diocese-belfort-montbeliard.fr\/beaucourt-delle\/#website"},"primaryImageOfPage":{"@id":"https:\/\/www.diocese-belfort-montbeliard.fr\/beaucourt-delle\/paroisses\/notre-dame-de-montrobert\/le-catechisme-dans-notre-paroisse\/messe-des-familles-du-27-11-2022\/#primaryimage"},"image":{"@id":"https:\/\/www.diocese-belfort-montbeliard.fr\/beaucourt-delle\/paroisses\/notre-dame-de-montrobert\/le-catechisme-dans-notre-paroisse\/messe-des-familles-du-27-11-2022\/#primaryimage"},"thumbnailUrl":"https:\/\/www.diocese-belfort-montbeliard.fr\/beaucourt-delle\/wp-content\/uploads\/sites\/5\/2022\/11\/ndmr_entree1_20221127_113351.jpg","datePublished":"2022-11-30T00:07:38+00:00","dateModified":"2022-11-30T00:09:31+00:00","breadcrumb":{"@id":"https:\/\/www.diocese-belfort-montbeliard.fr\/beaucourt-delle\/paroisses\/notre-dame-de-montrobert\/le-catechisme-dans-notre-paroisse\/messe-des-familles-du-27-11-2022\/#breadcrumb"},"inLanguage":"fr-FR","potentialAction":[{"@type":"ReadAction","target":["https:\/\/www.diocese-belfort-montbeliard.fr\/beaucourt-delle\/paroisses\/notre-dame-de-montrobert\/le-catechisme-dans-notre-paroisse\/messe-des-familles-du-27-11-2022\/"]}]},{"@type":"ImageObject","inLanguage":"fr-FR","@id":"https:\/\/www.diocese-belfort-montbeliard.fr\/beaucourt-delle\/paroisses\/notre-dame-de-montrobert\/le-catechisme-dans-notre-paroisse\/messe-des-familles-du-27-11-2022\/#primaryimage","url":"https:\/\/www.diocese-belfort-montbeliard.fr\/beaucourt-delle\/wp-content\/uploads\/sites\/5\/2022\/11\/ndmr_entree1_20221127_113351.jpg","contentUrl":"https:\/\/www.diocese-belfort-montbeliard.fr\/beaucourt-delle\/wp-content\/uploads\/sites\/5\/2022\/11\/ndmr_entree1_20221127_113351.jpg","width":750,"height":750},{"@type":"BreadcrumbList","@id":"https:\/\/www.diocese-belfort-montbeliard.fr\/beaucourt-delle\/paroisses\/notre-dame-de-montrobert\/le-catechisme-dans-notre-paroisse\/messe-des-familles-du-27-11-2022\/#breadcrumb","itemListElement":[{"@type":"ListItem","position":1,"name":"Accueil","item":"https:\/\/www.diocese-belfort-montbeliard.fr\/beaucourt-delle\/"},{"@type":"ListItem","position":2,"name":"Notre-Dame de Montrobert","item":"https:\/\/www.diocese-belfort-montbeliard.fr\/beaucourt-delle\/paroisses\/notre-dame-de-montrobert\/"},{"@type":"ListItem","position":3,"name":"Le cat\u00e9chisme dans notre paroisse","item":"https:\/\/www.diocese-belfort-montbeliard.fr\/beaucourt-delle\/paroisses\/notre-dame-de-montrobert\/le-catechisme-dans-notre-paroisse\/"},{"@type":"ListItem","position":4,"name":"Messe des familles du 27\/11\/2022"}]},{"@type":"WebSite","@id":"https:\/\/www.diocese-belfort-montbeliard.fr\/beaucourt-delle\/#website","url":"https:\/\/www.diocese-belfort-montbeliard.fr\/beaucourt-delle\/","name":"Doyenn\u00e9 de Beaucourt - Delle","description":"Dioc\u00e8se de Belfort - Montb\u00e9liard","potentialAction":[{"@type":"SearchAction","target":{"@type":"EntryPoint","urlTemplate":"https:\/\/www.diocese-belfort-montbeliard.fr\/beaucourt-delle\/?s={search_term_string}"},"query-input":{"@type":"PropertyValueSpecification","valueRequired":true,"valueName":"search_term_string"}}],"inLanguage":"fr-FR"}]}},"_links":{"self":[{"href":"https:\/\/www.diocese-belfort-montbeliard.fr\/beaucourt-delle\/wp-json\/wp\/v2\/paroisse\/8744","targetHints":{"allow":["GET"]}}],"collection":[{"href":"https:\/\/www.diocese-belfort-montbeliard.fr\/beaucourt-delle\/wp-json\/wp\/v2\/paroisse"}],"about":[{"href":"https:\/\/www.diocese-belfort-montbeliard.fr\/beaucourt-delle\/wp-json\/wp\/v2\/types\/paroisse"}],"author":[{"embeddable":true,"href":"https:\/\/www.diocese-belfort-montbeliard.fr\/beaucourt-delle\/wp-json\/wp\/v2\/users\/15"}],"version-history":[{"count":1,"href":"https:\/\/www.diocese-belfort-montbeliard.fr\/beaucourt-delle\/wp-json\/wp\/v2\/paroisse\/8744\/revisions"}],"predecessor-version":[{"id":8762,"href":"https:\/\/www.diocese-belfort-montbeliard.fr\/beaucourt-delle\/wp-json\/wp\/v2\/paroisse\/8744\/revisions\/8762"}],"up":[{"embeddable":true,"href":"https:\/\/www.diocese-belfort-montbeliard.fr\/beaucourt-delle\/wp-json\/wp\/v2\/paroisse\/2075"}],"wp:attachment":[{"href":"https:\/\/www.diocese-belfort-montbeliard.fr\/beaucourt-delle\/wp-json\/wp\/v2\/media?parent=8744"}],"curies":[{"name":"wp","href":"https:\/\/api.w.org\/{rel}","templated":true}]}}