{"id":9,"date":"2020-10-03T16:34:21","date_gmt":"2020-10-03T14:34:21","guid":{"rendered":"https:\/\/www.diocese-belfort-montbeliard.fr\/beaucourt-delle\/?post_type=paroisse&#038;p=9"},"modified":"2026-04-26T23:15:08","modified_gmt":"2026-04-26T21:15:08","slug":"notre-dame-de-montrobert","status":"publish","type":"paroisse","link":"https:\/\/www.diocese-belfort-montbeliard.fr\/beaucourt-delle\/paroisses\/notre-dame-de-montrobert\/","title":{"rendered":"Notre-Dame de Montrobert"},"content":{"rendered":"\n<p class=\"has-text-align-center has-noir-color has-text-color has-background has-medium-font-size\" style=\"background-color:#5af5c7\">BIENVENUE \u00e0 l\u2019Accueil du site de notre PAROISSE NOTRE DAME DE MONTROBERT,<br>des communes de Grandvillars, Boron, Joncherey-Thiancourt<\/p>\n\n\n\n<p><\/p>\n\n\n\n<div class=\"wp-block-buttons is-horizontal is-content-justification-center is-layout-flex wp-container-core-buttons-is-layout-499968f5 wp-block-buttons-is-layout-flex\">\n<div class=\"wp-block-button is-style-fill\"><a class=\"wp-block-button__link has-noir-color has-text-color has-background wp-element-button\" href=\"https:\/\/www.diocese-belfort-montbeliard.fr\/beaucourt-delle\/paroisses\/notre-dame-de-montrobert\/presentation-de-la-paroisse\/\" style=\"background-color:#5af5c7\" target=\"_blank\" rel=\"noreferrer noopener\"><strong>Notre paroisse : pr\u00e9sentation, services paroissiaux, personnes ressources, &#8230;<\/strong><br>qui contacter , qui s\u2019occupe de quoi&#8230;<br>Bapt\u00eame, Mariage, D\u00e9c\u00e8s, Cat\u00e9chisme, &#8230; pour 2025-2026<\/a><\/div>\n<\/div>\n\n\n\n<p><\/p>\n\n\n\n<div class=\"wp-block-buttons is-horizontal is-content-justification-center is-layout-flex wp-container-core-buttons-is-layout-499968f5 wp-block-buttons-is-layout-flex\">\n<div class=\"wp-block-button has-custom-width wp-block-button__width-50\"><a class=\"wp-block-button__link has-background wp-element-button\" href=\"https:\/\/www.diocese-belfort-montbeliard.fr\/beaucourt-delle\/wp-content\/uploads\/sites\/5\/2025\/11\/ndmr_service-liturgique-2025_11-a-2026_04.pdf\" style=\"background-color:#fb2c36\"><strong>Calendrier paroissial de<\/strong> <strong>novembre 2025 \u00e0 avril 2026<\/strong><\/a><\/div>\n<\/div>\n\n\n\n<p><\/p>\n\n\n\n<p class=\"has-text-align-right\"><strong>ATTENTION : la messe de samedi 18 avril <\/strong><\/p>\n\n\n\n<p class=\"has-text-align-right has-noir-color has-text-color has-link-color has-medium-font-size wp-elements-e57c808032501a3d73ec5d4334ffe38b\"><strong>est \u00e0 Grandvillars et non \u00e0 M\u00e9zir\u00e9 comme indiqu\u00e9<\/strong><\/p>\n\n\n\n<div class=\"wp-block-columns is-layout-flex wp-container-core-columns-is-layout-9d6595d7 wp-block-columns-is-layout-flex\">\n<div class=\"wp-block-column is-layout-flow wp-block-column-is-layout-flow\">\n<div class=\"wp-block-buttons is-horizontal is-content-justification-center is-layout-flex wp-container-core-buttons-is-layout-499968f5 wp-block-buttons-is-layout-flex\">\n<div class=\"wp-block-button\"><a class=\"wp-block-button__link has-background wp-element-button\" href=\"https:\/\/www.diocese-belfort-montbeliard.fr\/beaucourt-delle\/wp-content\/uploads\/sites\/5\/2026\/03\/ndmr_s17_parois_20-au-26-avril-2026.pdf\" style=\"background-color:#f70814\" target=\"_blank\" rel=\"noreferrer noopener\"><strong>Annonces paroissiales semaine 17<\/strong><br><strong>du 20 au 26 avril 2026<\/strong><\/a><\/div>\n<\/div>\n<\/div>\n\n\n\n<div class=\"wp-block-column is-layout-flow wp-block-column-is-layout-flow\">\n<div class=\"wp-block-buttons alignfull is-horizontal is-content-justification-center is-layout-flex wp-container-core-buttons-is-layout-499968f5 wp-block-buttons-is-layout-flex\">\n<div class=\"wp-block-button\"><a class=\"wp-block-button__link has-background wp-element-button\" href=\"https:\/\/www.diocese-belfort-montbeliard.fr\/beaucourt-delle\/actualites\/paroissiale-montrobert-s18-27-avril-au-3-mai-2026\/\" style=\"background-color:#f70814\"><strong>Annonces paroissiales semaine 18<\/strong><br><strong>du 27 avril au 3 mai 2026<\/strong><\/a><\/div>\n\n\n\n<div class=\"wp-block-button\"><a class=\"wp-block-button__link has-background wp-element-button\" href=\"https:\/\/www.diocese-belfort-montbeliard.fr\/beaucourt-delle\/wp-content\/uploads\/sites\/5\/2026\/02\/ndmr_flyer-careme-2026.pdf\" style=\"background-color:#f70814\"><strong>Passage de la Porte Sainte le 23\/11\/25 \u00e0 16H<\/strong><\/a><\/div>\n<\/div>\n<\/div>\n<\/div>\n\n\n\n<div class=\"wp-block-buttons is-content-justification-center is-layout-flex wp-container-core-buttons-is-layout-16018d1d wp-block-buttons-is-layout-flex\">\n<div class=\"wp-block-button\"><a class=\"wp-block-button__link has-bleu-background-color has-background has-text-align-center wp-element-button\" href=\"https:\/\/www.diocese-belfort-montbeliard.fr\/beaucourt-delle\/wp-content\/uploads\/sites\/5\/2026\/02\/lettre-careme-pape-leon-14.pdf\">Message du pape L\u00e9on XIV pour le car\u00eame 2026<\/a><\/div>\n\n\n\n<div class=\"wp-block-button\"><a class=\"wp-block-button__link has-bleu-background-color has-background wp-element-button\">Flyer pour le car\u00eame ds le dioc\u00e8se<\/a><\/div>\n<\/div>\n\n\n\n<div class=\"wp-block-buttons alignwide is-content-justification-center is-layout-flex wp-container-core-buttons-is-layout-16018d1d wp-block-buttons-is-layout-flex\">\n<div class=\"wp-block-button\"><a class=\"wp-block-button__link has-blanc-color has-bleu-background-color has-text-color has-background has-link-color wp-element-button\" href=\"https:\/\/www.diocese-belfort-montbeliard.fr\/beaucourt-delle\/actualites\/messe-de-la-st-hubert-avec-les-sonneurs\/\"><strong>Messe de la St Hubert<\/strong><\/a><\/div>\n<\/div>\n\n\n\n<p><\/p>\n\n\n\n<div class=\"wp-block-buttons is-horizontal is-content-justification-center is-layout-flex wp-container-core-buttons-is-layout-499968f5 wp-block-buttons-is-layout-flex\">\n<div class=\"wp-block-button\"><a class=\"wp-block-button__link has-gris-fonce-color has-text-color has-background has-custom-font-size wp-element-button\" href=\"https:\/\/www.diocese-belfort-montbeliard.fr\/beaucourt-delle\/paroisses\/notre-dame-de-montrobert\/vie-de-notre-paroisse\/\" style=\"background-color:#5af5c7;font-size:25px\"><strong>La vie de la paroisse en photos : <\/strong><br>reportages en photos des diff\u00e9rents \u00e9v\u00e8nements, <br>No\u00ebl, P\u00e2ques, le loto, <strong>la Saint Martin<\/strong> \u00e0 l&rsquo;\u00e9cole St Martin, la <strong>messe de Saint Hubert,<\/strong><\/a><\/div>\n<\/div>\n\n\n\n<p><\/p>\n\n\n\n<div class=\"wp-block-buttons is-content-justification-center is-layout-flex wp-container-core-buttons-is-layout-16018d1d wp-block-buttons-is-layout-flex\">\n<div class=\"wp-block-button\"><a class=\"wp-block-button__link has-blanc-color has-bleu-background-color has-text-color has-background has-link-color has-text-align-center wp-element-button\" href=\"https:\/\/www.diocese-belfort-montbeliard.fr\/beaucourt-delle\/actualites\/loto-paroissial-2025\/\">LOTO de la paroisse le 27 septembre 2025<br> et pr\u00e9c\u00e9dents lotos<\/a><\/div>\n<\/div>\n\n\n\n<p><\/p>\n\n\n\n<div class=\"wp-block-buttons alignwide is-content-justification-center is-layout-flex wp-container-core-buttons-is-layout-16018d1d wp-block-buttons-is-layout-flex\">\n<div class=\"wp-block-button\"><a class=\"wp-block-button__link has-bleu-background-color has-background wp-element-button\" href=\"https:\/\/www.diocese-belfort-montbeliard.fr\/beaucourt-delle\/actualites\/les-rogations-2025\/\">Les Rogations 2025 -Explications, lieux, photos,&#8230;<\/a><\/div>\n<\/div>\n\n\n\n<p>.<\/p>\n\n\n\n<p class=\"has-text-align-center has-background has-medium-font-size\" style=\"background-color:#fcd277\"><strong>Dimanche 14 avril <\/strong>\u00e0 10h30 \u00e0 l&rsquo;\u00e9glise de Grandvillars, grand rassemblement des chorales du dioc\u00e8se.<br>Messe pr\u00e9sid\u00e9e par Monseigneur Jachiet &#8211; \u00e9v\u00eaque du dioc\u00e8se.<br><a href=\"https:\/\/www.diocese-belfort-montbeliard.fr\/beaucourt-delle\/actualites\/rassemblement-diocesain-des-chorales\/\"><strong>Retour sur cet \u00e9v\u00e9nement en photos<\/strong><\/a><\/p>\n\n\n\n<p><\/p>\n\n\n\n<p><\/p>\n\n\n\n<p class=\"has-text-align-center has-background has-medium-font-size\" style=\"background-color:#cfeaf7\"><strong>Dimanche 03 mars \u00e0 12h<\/strong>  :<strong> <a href=\"https:\/\/www.diocese-belfort-montbeliard.fr\/beaucourt-delle\/actualites\/repas-paroissial-du-03-03-2024\/\">repas familial annuel et photos<\/a><\/strong><br>\u00e0 la salle de spectacle de Grandvillars organis\u00e9 par la paroisse. <br>Merci \u00e0 tous les participants qui ont permis l&rsquo;ambiance conviviale ! <\/p>\n\n\n\n<p><\/p>\n\n\n\n<p class=\"has-text-align-center has-background has-medium-font-size\" style=\"background-color:#7fccf0\">La vente des petits g\u00e2teaux de No\u00ebl au profit du Secours Catholique de Belfort a rapport\u00e9 la coquette somme de 740 euros. Merci \u00e0 toutes les personnes qui ont confectionn\u00e9 les g\u00e2teaux.&nbsp;<\/p>\n\n\n\n<p><\/p>\n\n\n\n<div class=\"wp-block-columns is-layout-flex wp-container-core-columns-is-layout-9d6595d7 wp-block-columns-is-layout-flex\">\n<div class=\"wp-block-column is-layout-flow wp-block-column-is-layout-flow\">\n<p class=\"has-text-align-center has-blanc-color has-bleu-background-color has-text-color has-background has-medium-font-size\">       <strong>N&rsquo;h\u00e9sitez pas \u00e0 nous communiquer les \u00e9v\u00e8nements, les actions caritatives, les informations&#8230;, en lien direct ou indirect avec l\u2019\u00c9glise<\/strong>. <br>Nous ne sommes pas au fait de tout ce qui se passe dans nos villages ou alentour.! Les annonces ne concernent pas que les messes mais tout ce qui fait de nous des pierres vivantes de l\u2019\u00c9glise et nous devons tous se mettre au travail. <br> Yvette ( tel : 06 88 77 89 43)<\/p>\n<\/div>\n<\/div>\n\n\n\n<p class=\"has-text-align-center has-blanc-color has-text-color has-background has-medium-font-size\" style=\"background-color:#81cff4\">VISITE PASTORALE DE MGR DENIS JACHIET DU 09 MAI au 15 MAI 2022.<br><br>Monseigneur Denis JACHIET, \u00e9v\u00eaque du dioc\u00e8se de Belfort-Montb\u00e9liard, a affectu\u00e9 sa  visite pastorale de notre doyenn\u00e9, du 09 au 15 mai.<br>Retrouver des photos de ce temps fort :<br><a href=\"https:\/\/www.diocese-belfort-montbeliard.fr\/beaucourt-delle\/paroisses\/notre-dame-de-montrobert\/visite-pastorale-de-mgr-jachiet-en-photos\/\"><strong> cliquez ici<\/strong><\/a>  pour la visite pastorale<br>et <strong><a href=\"https:\/\/www.diocese-belfort-montbeliard.fr\/beaucourt-delle\/paroisses\/notre-dame-de-montrobert\/messe-en-doyenne-du-15-mai\/\">cliquez ici<\/a> <\/strong>pour la messe en doyenn\u00e9 <\/p>\n\n\n\n<div class=\"wp-block-columns is-layout-flex wp-container-core-columns-is-layout-9d6595d7 wp-block-columns-is-layout-flex\">\n<div class=\"wp-block-column is-layout-flow wp-block-column-is-layout-flow\" style=\"flex-basis:100%\">\n<div class=\"wp-block-columns is-layout-flex wp-container-core-columns-is-layout-9d6595d7 wp-block-columns-is-layout-flex\">\n<div class=\"wp-block-column is-layout-flow wp-block-column-is-layout-flow\" style=\"flex-basis:100%\">\n<div class=\"wp-block-buttons is-content-justification-center is-layout-flex wp-container-core-buttons-is-layout-16018d1d wp-block-buttons-is-layout-flex\">\n<div class=\"wp-block-button\"><a class=\"wp-block-button__link wp-element-button\" href=\"http:\/\/eglise.catholique.fr\">Site de l&rsquo;\u00e9glise catholique de France<\/a><\/div>\n<\/div>\n<\/div>\n<\/div>\n<\/div>\n<\/div>\n\n\n\n<div class=\"wp-block-buttons is-horizontal is-content-justification-center is-layout-flex wp-container-core-buttons-is-layout-499968f5 wp-block-buttons-is-layout-flex\">\n<div class=\"wp-block-button\"><a class=\"wp-block-button__link has-noir-color has-text-color has-background wp-element-button\" href=\"https:\/\/www.diocese-belfort-montbeliard.fr\/beaucourt-delle\/paroisses\/notre-dame-de-montrobert\/lorgue-espagnol-de-grandvillars\/\" style=\"background-color:#76d7eb\">Les orgues de notre paroisse : histoire,description,concert&#8230; :voir la page d\u00e9di\u00e9e&#8230;cliquez ici<br><br>ou les orgues remarquables : https:\/\/ligneorguesremarquables.com\/orgues\/lorgue-lois-cabello-et-christine-vetter\/<br><br> ou https:\/\/acorg.fr\/<\/a><\/div>\n<\/div>\n\n\n\n<p><\/p>\n\n\n\n<div class=\"wp-block-buttons is-horizontal is-content-justification-center is-layout-flex wp-container-core-buttons-is-layout-499968f5 wp-block-buttons-is-layout-flex\">\n<div class=\"wp-block-button is-style-outline is-style-outline--1\"><a class=\"wp-block-button__link has-blanc-color has-rouge-background-color has-text-color has-background wp-element-button\" href=\"https:\/\/www.diocese-belfort-montbeliard.fr\/beaucourt-delle\/paroisses\/leglise-de-froidefontaine\">L&rsquo; histoire de l&rsquo;\u00e9glise de FROIDEFONTAINE<\/a><\/div>\n<\/div>\n\n\n\n<p><\/p>\n\n\n\n<p><\/p>\n\n\n\n<p><\/p>\n","protected":false},"author":15,"featured_media":10389,"parent":0,"menu_order":4,"template":"","meta":{"_acf_changed":false,"footnotes":""},"class_list":["post-9","paroisse","type-paroisse","status-publish","has-post-thumbnail","hentry"],"acf":[],"yoast_head":"<!-- This site is optimized with the Yoast SEO plugin v27.4 - https:\/\/yoast.com\/product\/yoast-seo-wordpress\/ -->\n<title>Notre-Dame de Montrobert Doyenn\u00e9 de Beaucourt - Delle<\/title>\n<meta name=\"description\" content=\"NDMR accueil annonces paroissiales mariage bapt\u00eame enterrement p\u00e8re Valentin gazette fiche ressource cat\u00e9chisme Notre-Dame de Montrobert\" \/>\n<meta name=\"robots\" content=\"index, follow, max-snippet:-1, max-image-preview:large, max-video-preview:-1\" \/>\n<link rel=\"canonical\" href=\"https:\/\/www.diocese-belfort-montbeliard.fr\/beaucourt-delle\/paroisses\/notre-dame-de-montrobert\/\" \/>\n<meta property=\"og:locale\" content=\"fr_FR\" \/>\n<meta property=\"og:type\" content=\"article\" \/>\n<meta property=\"og:title\" content=\"Notre-Dame de Montrobert Doyenn\u00e9 de Beaucourt - Delle\" \/>\n<meta property=\"og:description\" content=\"NDMR accueil annonces paroissiales mariage bapt\u00eame enterrement p\u00e8re Valentin gazette fiche ressource cat\u00e9chisme Notre-Dame de Montrobert\" \/>\n<meta property=\"og:url\" content=\"https:\/\/www.diocese-belfort-montbeliard.fr\/beaucourt-delle\/paroisses\/notre-dame-de-montrobert\/\" \/>\n<meta property=\"og:site_name\" content=\"Doyenn\u00e9 de Beaucourt - Delle\" \/>\n<meta property=\"article:modified_time\" content=\"2026-04-26T21:15:08+00:00\" \/>\n<meta property=\"og:image\" content=\"https:\/\/www.diocese-belfort-montbeliard.fr\/beaucourt-delle\/wp-content\/uploads\/sites\/5\/2023\/10\/ndmr_3eglises_2.jpg\" \/>\n\t<meta property=\"og:image:width\" content=\"906\" \/>\n\t<meta property=\"og:image:height\" content=\"469\" \/>\n\t<meta property=\"og:image:type\" content=\"image\/jpeg\" \/>\n<meta name=\"twitter:card\" content=\"summary_large_image\" \/>\n<meta name=\"twitter:label1\" content=\"Dur\u00e9e de lecture estim\u00e9e\" \/>\n\t<meta name=\"twitter:data1\" content=\"3 minutes\" \/>\n<script type=\"application\/ld+json\" class=\"yoast-schema-graph\">{\"@context\":\"https:\\\/\\\/schema.org\",\"@graph\":[{\"@type\":\"WebPage\",\"@id\":\"https:\\\/\\\/www.diocese-belfort-montbeliard.fr\\\/beaucourt-delle\\\/paroisses\\\/notre-dame-de-montrobert\\\/\",\"url\":\"https:\\\/\\\/www.diocese-belfort-montbeliard.fr\\\/beaucourt-delle\\\/paroisses\\\/notre-dame-de-montrobert\\\/\",\"name\":\"Notre-Dame de Montrobert Doyenn\u00e9 de Beaucourt - Delle\",\"isPartOf\":{\"@id\":\"https:\\\/\\\/www.diocese-belfort-montbeliard.fr\\\/beaucourt-delle\\\/#website\"},\"primaryImageOfPage\":{\"@id\":\"https:\\\/\\\/www.diocese-belfort-montbeliard.fr\\\/beaucourt-delle\\\/paroisses\\\/notre-dame-de-montrobert\\\/#primaryimage\"},\"image\":{\"@id\":\"https:\\\/\\\/www.diocese-belfort-montbeliard.fr\\\/beaucourt-delle\\\/paroisses\\\/notre-dame-de-montrobert\\\/#primaryimage\"},\"thumbnailUrl\":\"https:\\\/\\\/www.diocese-belfort-montbeliard.fr\\\/beaucourt-delle\\\/wp-content\\\/uploads\\\/sites\\\/5\\\/2023\\\/10\\\/ndmr_3eglises_2.jpg\",\"datePublished\":\"2020-10-03T14:34:21+00:00\",\"dateModified\":\"2026-04-26T21:15:08+00:00\",\"description\":\"NDMR accueil annonces paroissiales mariage bapt\u00eame enterrement p\u00e8re Valentin gazette fiche ressource cat\u00e9chisme Notre-Dame de Montrobert\",\"breadcrumb\":{\"@id\":\"https:\\\/\\\/www.diocese-belfort-montbeliard.fr\\\/beaucourt-delle\\\/paroisses\\\/notre-dame-de-montrobert\\\/#breadcrumb\"},\"inLanguage\":\"fr-FR\",\"potentialAction\":[{\"@type\":\"ReadAction\",\"target\":[\"https:\\\/\\\/www.diocese-belfort-montbeliard.fr\\\/beaucourt-delle\\\/paroisses\\\/notre-dame-de-montrobert\\\/\"]}]},{\"@type\":\"ImageObject\",\"inLanguage\":\"fr-FR\",\"@id\":\"https:\\\/\\\/www.diocese-belfort-montbeliard.fr\\\/beaucourt-delle\\\/paroisses\\\/notre-dame-de-montrobert\\\/#primaryimage\",\"url\":\"https:\\\/\\\/www.diocese-belfort-montbeliard.fr\\\/beaucourt-delle\\\/wp-content\\\/uploads\\\/sites\\\/5\\\/2023\\\/10\\\/ndmr_3eglises_2.jpg\",\"contentUrl\":\"https:\\\/\\\/www.diocese-belfort-montbeliard.fr\\\/beaucourt-delle\\\/wp-content\\\/uploads\\\/sites\\\/5\\\/2023\\\/10\\\/ndmr_3eglises_2.jpg\",\"width\":906,\"height\":469},{\"@type\":\"BreadcrumbList\",\"@id\":\"https:\\\/\\\/www.diocese-belfort-montbeliard.fr\\\/beaucourt-delle\\\/paroisses\\\/notre-dame-de-montrobert\\\/#breadcrumb\",\"itemListElement\":[{\"@type\":\"ListItem\",\"position\":1,\"name\":\"Accueil\",\"item\":\"https:\\\/\\\/www.diocese-belfort-montbeliard.fr\\\/beaucourt-delle\\\/\"},{\"@type\":\"ListItem\",\"position\":2,\"name\":\"Notre-Dame de Montrobert\"}]},{\"@type\":\"WebSite\",\"@id\":\"https:\\\/\\\/www.diocese-belfort-montbeliard.fr\\\/beaucourt-delle\\\/#website\",\"url\":\"https:\\\/\\\/www.diocese-belfort-montbeliard.fr\\\/beaucourt-delle\\\/\",\"name\":\"Doyenn\u00e9 de Beaucourt - Delle\",\"description\":\"Dioc\u00e8se de Belfort - Montb\u00e9liard\",\"potentialAction\":[{\"@type\":\"SearchAction\",\"target\":{\"@type\":\"EntryPoint\",\"urlTemplate\":\"https:\\\/\\\/www.diocese-belfort-montbeliard.fr\\\/beaucourt-delle\\\/?s={search_term_string}\"},\"query-input\":{\"@type\":\"PropertyValueSpecification\",\"valueRequired\":true,\"valueName\":\"search_term_string\"}}],\"inLanguage\":\"fr-FR\"}]}<\/script>\n<!-- \/ Yoast SEO plugin. -->","yoast_head_json":{"title":"Notre-Dame de Montrobert Doyenn\u00e9 de Beaucourt - Delle","description":"NDMR accueil annonces paroissiales mariage bapt\u00eame enterrement p\u00e8re Valentin gazette fiche ressource cat\u00e9chisme Notre-Dame de Montrobert","robots":{"index":"index","follow":"follow","max-snippet":"max-snippet:-1","max-image-preview":"max-image-preview:large","max-video-preview":"max-video-preview:-1"},"canonical":"https:\/\/www.diocese-belfort-montbeliard.fr\/beaucourt-delle\/paroisses\/notre-dame-de-montrobert\/","og_locale":"fr_FR","og_type":"article","og_title":"Notre-Dame de Montrobert Doyenn\u00e9 de Beaucourt - Delle","og_description":"NDMR accueil annonces paroissiales mariage bapt\u00eame enterrement p\u00e8re Valentin gazette fiche ressource cat\u00e9chisme Notre-Dame de Montrobert","og_url":"https:\/\/www.diocese-belfort-montbeliard.fr\/beaucourt-delle\/paroisses\/notre-dame-de-montrobert\/","og_site_name":"Doyenn\u00e9 de Beaucourt - Delle","article_modified_time":"2026-04-26T21:15:08+00:00","og_image":[{"width":906,"height":469,"url":"https:\/\/www.diocese-belfort-montbeliard.fr\/beaucourt-delle\/wp-content\/uploads\/sites\/5\/2023\/10\/ndmr_3eglises_2.jpg","type":"image\/jpeg"}],"twitter_card":"summary_large_image","twitter_misc":{"Dur\u00e9e de lecture estim\u00e9e":"3 minutes"},"schema":{"@context":"https:\/\/schema.org","@graph":[{"@type":"WebPage","@id":"https:\/\/www.diocese-belfort-montbeliard.fr\/beaucourt-delle\/paroisses\/notre-dame-de-montrobert\/","url":"https:\/\/www.diocese-belfort-montbeliard.fr\/beaucourt-delle\/paroisses\/notre-dame-de-montrobert\/","name":"Notre-Dame de Montrobert Doyenn\u00e9 de Beaucourt - Delle","isPartOf":{"@id":"https:\/\/www.diocese-belfort-montbeliard.fr\/beaucourt-delle\/#website"},"primaryImageOfPage":{"@id":"https:\/\/www.diocese-belfort-montbeliard.fr\/beaucourt-delle\/paroisses\/notre-dame-de-montrobert\/#primaryimage"},"image":{"@id":"https:\/\/www.diocese-belfort-montbeliard.fr\/beaucourt-delle\/paroisses\/notre-dame-de-montrobert\/#primaryimage"},"thumbnailUrl":"https:\/\/www.diocese-belfort-montbeliard.fr\/beaucourt-delle\/wp-content\/uploads\/sites\/5\/2023\/10\/ndmr_3eglises_2.jpg","datePublished":"2020-10-03T14:34:21+00:00","dateModified":"2026-04-26T21:15:08+00:00","description":"NDMR accueil annonces paroissiales mariage bapt\u00eame enterrement p\u00e8re Valentin gazette fiche ressource cat\u00e9chisme Notre-Dame de Montrobert","breadcrumb":{"@id":"https:\/\/www.diocese-belfort-montbeliard.fr\/beaucourt-delle\/paroisses\/notre-dame-de-montrobert\/#breadcrumb"},"inLanguage":"fr-FR","potentialAction":[{"@type":"ReadAction","target":["https:\/\/www.diocese-belfort-montbeliard.fr\/beaucourt-delle\/paroisses\/notre-dame-de-montrobert\/"]}]},{"@type":"ImageObject","inLanguage":"fr-FR","@id":"https:\/\/www.diocese-belfort-montbeliard.fr\/beaucourt-delle\/paroisses\/notre-dame-de-montrobert\/#primaryimage","url":"https:\/\/www.diocese-belfort-montbeliard.fr\/beaucourt-delle\/wp-content\/uploads\/sites\/5\/2023\/10\/ndmr_3eglises_2.jpg","contentUrl":"https:\/\/www.diocese-belfort-montbeliard.fr\/beaucourt-delle\/wp-content\/uploads\/sites\/5\/2023\/10\/ndmr_3eglises_2.jpg","width":906,"height":469},{"@type":"BreadcrumbList","@id":"https:\/\/www.diocese-belfort-montbeliard.fr\/beaucourt-delle\/paroisses\/notre-dame-de-montrobert\/#breadcrumb","itemListElement":[{"@type":"ListItem","position":1,"name":"Accueil","item":"https:\/\/www.diocese-belfort-montbeliard.fr\/beaucourt-delle\/"},{"@type":"ListItem","position":2,"name":"Notre-Dame de Montrobert"}]},{"@type":"WebSite","@id":"https:\/\/www.diocese-belfort-montbeliard.fr\/beaucourt-delle\/#website","url":"https:\/\/www.diocese-belfort-montbeliard.fr\/beaucourt-delle\/","name":"Doyenn\u00e9 de Beaucourt - Delle","description":"Dioc\u00e8se de Belfort - Montb\u00e9liard","potentialAction":[{"@type":"SearchAction","target":{"@type":"EntryPoint","urlTemplate":"https:\/\/www.diocese-belfort-montbeliard.fr\/beaucourt-delle\/?s={search_term_string}"},"query-input":{"@type":"PropertyValueSpecification","valueRequired":true,"valueName":"search_term_string"}}],"inLanguage":"fr-FR"}]}},"_links":{"self":[{"href":"https:\/\/www.diocese-belfort-montbeliard.fr\/beaucourt-delle\/wp-json\/wp\/v2\/paroisse\/9","targetHints":{"allow":["GET"]}}],"collection":[{"href":"https:\/\/www.diocese-belfort-montbeliard.fr\/beaucourt-delle\/wp-json\/wp\/v2\/paroisse"}],"about":[{"href":"https:\/\/www.diocese-belfort-montbeliard.fr\/beaucourt-delle\/wp-json\/wp\/v2\/types\/paroisse"}],"author":[{"embeddable":true,"href":"https:\/\/www.diocese-belfort-montbeliard.fr\/beaucourt-delle\/wp-json\/wp\/v2\/users\/15"}],"version-history":[{"count":10,"href":"https:\/\/www.diocese-belfort-montbeliard.fr\/beaucourt-delle\/wp-json\/wp\/v2\/paroisse\/9\/revisions"}],"predecessor-version":[{"id":14418,"href":"https:\/\/www.diocese-belfort-montbeliard.fr\/beaucourt-delle\/wp-json\/wp\/v2\/paroisse\/9\/revisions\/14418"}],"wp:featuredmedia":[{"embeddable":true,"href":"https:\/\/www.diocese-belfort-montbeliard.fr\/beaucourt-delle\/wp-json\/wp\/v2\/media\/10389"}],"wp:attachment":[{"href":"https:\/\/www.diocese-belfort-montbeliard.fr\/beaucourt-delle\/wp-json\/wp\/v2\/media?parent=9"}],"curies":[{"name":"wp","href":"https:\/\/api.w.org\/{rel}","templated":true}]}}