{"id":2707,"date":"2023-02-27T03:13:34","date_gmt":"2023-02-27T02:13:34","guid":{"rendered":"https:\/\/www.diocese-belfort-montbeliard.fr\/belfort\/?post_type=evenement&#038;p=2707"},"modified":"2023-02-27T03:13:35","modified_gmt":"2023-02-27T02:13:35","slug":"veillee-oecumenique-de-priere-comme-a-taize","status":"publish","type":"evenement","link":"https:\/\/www.diocese-belfort-montbeliard.fr\/belfort\/agenda\/veillee-oecumenique-de-priere-comme-a-taize\/","title":{"rendered":"Veill\u00e9e de prier \u0153cum\u00e9nique comme a Taiz\u00e9"},"content":{"rendered":"\n<p>Comme l\u2019ann\u00e9e derni\u00e8re, le&nbsp;<strong>groupe de jeunes \u00ab&nbsp;Pri\u00e8re comme \u00e0 Taiz\u00e9<\/strong>&nbsp;\u00bb animera une&nbsp;<strong>veill\u00e9e de pri\u00e8re \u0153cum\u00e9nique pour TOUS&nbsp;le vendredi 10 mars, de 20h \u00e0 21h&nbsp;au Temple St Jean \u00e0 Belfort.<\/strong>&nbsp;<\/p>\n\n\n\n<p>Cette veill\u00e9e de pri\u00e8re durant le temps de Car\u00eame sera particuli\u00e8rement orient\u00e9e autour du th\u00e8me de la Paix et nous m\u00e9diterons aussi \u00e0 partir du verset suivant&nbsp;:<\/p>\n\n\n\n<p>\u00abRelevez-vous et soyez sans crainte\u00a0\u00bb (Mt 17,7)<\/p>\n\n\n\n<figure class=\"wp-block-image size-large\"><img loading=\"lazy\" decoding=\"async\" width=\"760\" height=\"1080\" src=\"https:\/\/www.diocese-belfort-montbeliard.fr\/belfort\/wp-content\/uploads\/sites\/2\/2023\/02\/A1CE47F8-6D8E-4E66-96E1-A753CAE28306-760x1080.jpeg\" alt=\"\" class=\"wp-image-2708\" srcset=\"https:\/\/www.diocese-belfort-montbeliard.fr\/belfort\/wp-content\/uploads\/sites\/2\/2023\/02\/A1CE47F8-6D8E-4E66-96E1-A753CAE28306-760x1080.jpeg 760w, https:\/\/www.diocese-belfort-montbeliard.fr\/belfort\/wp-content\/uploads\/sites\/2\/2023\/02\/A1CE47F8-6D8E-4E66-96E1-A753CAE28306-422x600.jpeg 422w, https:\/\/www.diocese-belfort-montbeliard.fr\/belfort\/wp-content\/uploads\/sites\/2\/2023\/02\/A1CE47F8-6D8E-4E66-96E1-A753CAE28306-768x1092.jpeg 768w, https:\/\/www.diocese-belfort-montbeliard.fr\/belfort\/wp-content\/uploads\/sites\/2\/2023\/02\/A1CE47F8-6D8E-4E66-96E1-A753CAE28306-1081x1536.jpeg 1081w, https:\/\/www.diocese-belfort-montbeliard.fr\/belfort\/wp-content\/uploads\/sites\/2\/2023\/02\/A1CE47F8-6D8E-4E66-96E1-A753CAE28306.jpeg 1125w\" sizes=\"auto, (max-width: 760px) 100vw, 760px\" \/><\/figure>\n","protected":false},"author":17,"featured_media":0,"template":"","meta":{"_acf_changed":false,"footnotes":""},"categories":[],"tags":[],"class_list":["post-2707","evenement","type-evenement","status-publish","hentry"],"acf":[],"yoast_head":"<!-- This site is optimized with the Yoast SEO plugin v27.4 - https:\/\/yoast.com\/product\/yoast-seo-wordpress\/ -->\n<title>Veill\u00e9e de prier \u0153cum\u00e9nique comme a Taiz\u00e9 - Doyenn\u00e9 de Belfort<\/title>\n<meta name=\"description\" content=\"veill\u00e9e de pri\u00e8re \u0153cum\u00e9nique pour TOUS\u00a0le vendredi 10 mars, de 20h \u00e0 21h\u00a0au Temple St Jean \u00e0 Belfort\" \/>\n<meta name=\"robots\" content=\"index, follow, max-snippet:-1, max-image-preview:large, max-video-preview:-1\" \/>\n<link rel=\"canonical\" href=\"https:\/\/www.diocese-belfort-montbeliard.fr\/belfort\/agenda\/veillee-oecumenique-de-priere-comme-a-taize\/\" \/>\n<meta property=\"og:locale\" content=\"fr_FR\" \/>\n<meta property=\"og:type\" content=\"article\" \/>\n<meta property=\"og:title\" content=\"Veill\u00e9e de prier \u0153cum\u00e9nique comme a Taiz\u00e9 - Doyenn\u00e9 de Belfort\" \/>\n<meta property=\"og:description\" content=\"veill\u00e9e de pri\u00e8re \u0153cum\u00e9nique pour TOUS\u00a0le vendredi 10 mars, de 20h \u00e0 21h\u00a0au Temple St Jean \u00e0 Belfort\" \/>\n<meta property=\"og:url\" content=\"https:\/\/www.diocese-belfort-montbeliard.fr\/belfort\/agenda\/veillee-oecumenique-de-priere-comme-a-taize\/\" \/>\n<meta property=\"og:site_name\" content=\"Doyenn\u00e9 de Belfort\" \/>\n<meta property=\"article:modified_time\" content=\"2023-02-27T02:13:35+00:00\" \/>\n<meta property=\"og:image\" content=\"https:\/\/www.diocese-belfort-montbeliard.fr\/belfort\/wp-content\/uploads\/sites\/2\/2023\/02\/A1CE47F8-6D8E-4E66-96E1-A753CAE28306-760x1080.jpeg\" \/>\n<meta name=\"twitter:card\" content=\"summary_large_image\" \/>\n<meta name=\"twitter:label1\" content=\"Dur\u00e9e de lecture estim\u00e9e\" \/>\n\t<meta name=\"twitter:data1\" content=\"1 minute\" \/>\n<script type=\"application\/ld+json\" class=\"yoast-schema-graph\">{\"@context\":\"https:\\\/\\\/schema.org\",\"@graph\":[{\"@type\":\"WebPage\",\"@id\":\"https:\\\/\\\/www.diocese-belfort-montbeliard.fr\\\/belfort\\\/agenda\\\/veillee-oecumenique-de-priere-comme-a-taize\\\/\",\"url\":\"https:\\\/\\\/www.diocese-belfort-montbeliard.fr\\\/belfort\\\/agenda\\\/veillee-oecumenique-de-priere-comme-a-taize\\\/\",\"name\":\"Veill\u00e9e de prier \u0153cum\u00e9nique comme a Taiz\u00e9 - Doyenn\u00e9 de Belfort\",\"isPartOf\":{\"@id\":\"https:\\\/\\\/www.diocese-belfort-montbeliard.fr\\\/belfort\\\/#website\"},\"primaryImageOfPage\":{\"@id\":\"https:\\\/\\\/www.diocese-belfort-montbeliard.fr\\\/belfort\\\/agenda\\\/veillee-oecumenique-de-priere-comme-a-taize\\\/#primaryimage\"},\"image\":{\"@id\":\"https:\\\/\\\/www.diocese-belfort-montbeliard.fr\\\/belfort\\\/agenda\\\/veillee-oecumenique-de-priere-comme-a-taize\\\/#primaryimage\"},\"thumbnailUrl\":\"https:\\\/\\\/www.diocese-belfort-montbeliard.fr\\\/belfort\\\/wp-content\\\/uploads\\\/sites\\\/2\\\/2023\\\/02\\\/A1CE47F8-6D8E-4E66-96E1-A753CAE28306-760x1080.jpeg\",\"datePublished\":\"2023-02-27T02:13:34+00:00\",\"dateModified\":\"2023-02-27T02:13:35+00:00\",\"description\":\"veill\u00e9e de pri\u00e8re \u0153cum\u00e9nique pour TOUS\u00a0le vendredi 10 mars, de 20h \u00e0 21h\u00a0au Temple St Jean \u00e0 Belfort\",\"breadcrumb\":{\"@id\":\"https:\\\/\\\/www.diocese-belfort-montbeliard.fr\\\/belfort\\\/agenda\\\/veillee-oecumenique-de-priere-comme-a-taize\\\/#breadcrumb\"},\"inLanguage\":\"fr-FR\",\"potentialAction\":[{\"@type\":\"ReadAction\",\"target\":[\"https:\\\/\\\/www.diocese-belfort-montbeliard.fr\\\/belfort\\\/agenda\\\/veillee-oecumenique-de-priere-comme-a-taize\\\/\"]}]},{\"@type\":\"ImageObject\",\"inLanguage\":\"fr-FR\",\"@id\":\"https:\\\/\\\/www.diocese-belfort-montbeliard.fr\\\/belfort\\\/agenda\\\/veillee-oecumenique-de-priere-comme-a-taize\\\/#primaryimage\",\"url\":\"https:\\\/\\\/www.diocese-belfort-montbeliard.fr\\\/belfort\\\/wp-content\\\/uploads\\\/sites\\\/2\\\/2023\\\/02\\\/A1CE47F8-6D8E-4E66-96E1-A753CAE28306.jpeg\",\"contentUrl\":\"https:\\\/\\\/www.diocese-belfort-montbeliard.fr\\\/belfort\\\/wp-content\\\/uploads\\\/sites\\\/2\\\/2023\\\/02\\\/A1CE47F8-6D8E-4E66-96E1-A753CAE28306.jpeg\",\"width\":1125,\"height\":1599},{\"@type\":\"BreadcrumbList\",\"@id\":\"https:\\\/\\\/www.diocese-belfort-montbeliard.fr\\\/belfort\\\/agenda\\\/veillee-oecumenique-de-priere-comme-a-taize\\\/#breadcrumb\",\"itemListElement\":[{\"@type\":\"ListItem\",\"position\":1,\"name\":\"Accueil\",\"item\":\"https:\\\/\\\/www.diocese-belfort-montbeliard.fr\\\/belfort\\\/\"},{\"@type\":\"ListItem\",\"position\":2,\"name\":\"Veill\u00e9e de prier \u0153cum\u00e9nique comme a Taiz\u00e9\"}]},{\"@type\":\"WebSite\",\"@id\":\"https:\\\/\\\/www.diocese-belfort-montbeliard.fr\\\/belfort\\\/#website\",\"url\":\"https:\\\/\\\/www.diocese-belfort-montbeliard.fr\\\/belfort\\\/\",\"name\":\"Doyenn\u00e9 de Belfort\",\"description\":\"Dioc\u00e8se de Belfort-Montb\u00e9liard\",\"potentialAction\":[{\"@type\":\"SearchAction\",\"target\":{\"@type\":\"EntryPoint\",\"urlTemplate\":\"https:\\\/\\\/www.diocese-belfort-montbeliard.fr\\\/belfort\\\/?s={search_term_string}\"},\"query-input\":{\"@type\":\"PropertyValueSpecification\",\"valueRequired\":true,\"valueName\":\"search_term_string\"}}],\"inLanguage\":\"fr-FR\"}]}<\/script>\n<!-- \/ Yoast SEO plugin. -->","yoast_head_json":{"title":"Veill\u00e9e de prier \u0153cum\u00e9nique comme a Taiz\u00e9 - Doyenn\u00e9 de Belfort","description":"veill\u00e9e de pri\u00e8re \u0153cum\u00e9nique pour TOUS\u00a0le vendredi 10 mars, de 20h \u00e0 21h\u00a0au Temple St Jean \u00e0 Belfort","robots":{"index":"index","follow":"follow","max-snippet":"max-snippet:-1","max-image-preview":"max-image-preview:large","max-video-preview":"max-video-preview:-1"},"canonical":"https:\/\/www.diocese-belfort-montbeliard.fr\/belfort\/agenda\/veillee-oecumenique-de-priere-comme-a-taize\/","og_locale":"fr_FR","og_type":"article","og_title":"Veill\u00e9e de prier \u0153cum\u00e9nique comme a Taiz\u00e9 - Doyenn\u00e9 de Belfort","og_description":"veill\u00e9e de pri\u00e8re \u0153cum\u00e9nique pour TOUS\u00a0le vendredi 10 mars, de 20h \u00e0 21h\u00a0au Temple St Jean \u00e0 Belfort","og_url":"https:\/\/www.diocese-belfort-montbeliard.fr\/belfort\/agenda\/veillee-oecumenique-de-priere-comme-a-taize\/","og_site_name":"Doyenn\u00e9 de Belfort","article_modified_time":"2023-02-27T02:13:35+00:00","og_image":[{"url":"https:\/\/www.diocese-belfort-montbeliard.fr\/belfort\/wp-content\/uploads\/sites\/2\/2023\/02\/A1CE47F8-6D8E-4E66-96E1-A753CAE28306-760x1080.jpeg","type":"","width":"","height":""}],"twitter_card":"summary_large_image","twitter_misc":{"Dur\u00e9e de lecture estim\u00e9e":"1 minute"},"schema":{"@context":"https:\/\/schema.org","@graph":[{"@type":"WebPage","@id":"https:\/\/www.diocese-belfort-montbeliard.fr\/belfort\/agenda\/veillee-oecumenique-de-priere-comme-a-taize\/","url":"https:\/\/www.diocese-belfort-montbeliard.fr\/belfort\/agenda\/veillee-oecumenique-de-priere-comme-a-taize\/","name":"Veill\u00e9e de prier \u0153cum\u00e9nique comme a Taiz\u00e9 - Doyenn\u00e9 de Belfort","isPartOf":{"@id":"https:\/\/www.diocese-belfort-montbeliard.fr\/belfort\/#website"},"primaryImageOfPage":{"@id":"https:\/\/www.diocese-belfort-montbeliard.fr\/belfort\/agenda\/veillee-oecumenique-de-priere-comme-a-taize\/#primaryimage"},"image":{"@id":"https:\/\/www.diocese-belfort-montbeliard.fr\/belfort\/agenda\/veillee-oecumenique-de-priere-comme-a-taize\/#primaryimage"},"thumbnailUrl":"https:\/\/www.diocese-belfort-montbeliard.fr\/belfort\/wp-content\/uploads\/sites\/2\/2023\/02\/A1CE47F8-6D8E-4E66-96E1-A753CAE28306-760x1080.jpeg","datePublished":"2023-02-27T02:13:34+00:00","dateModified":"2023-02-27T02:13:35+00:00","description":"veill\u00e9e de pri\u00e8re \u0153cum\u00e9nique pour TOUS\u00a0le vendredi 10 mars, de 20h \u00e0 21h\u00a0au Temple St Jean \u00e0 Belfort","breadcrumb":{"@id":"https:\/\/www.diocese-belfort-montbeliard.fr\/belfort\/agenda\/veillee-oecumenique-de-priere-comme-a-taize\/#breadcrumb"},"inLanguage":"fr-FR","potentialAction":[{"@type":"ReadAction","target":["https:\/\/www.diocese-belfort-montbeliard.fr\/belfort\/agenda\/veillee-oecumenique-de-priere-comme-a-taize\/"]}]},{"@type":"ImageObject","inLanguage":"fr-FR","@id":"https:\/\/www.diocese-belfort-montbeliard.fr\/belfort\/agenda\/veillee-oecumenique-de-priere-comme-a-taize\/#primaryimage","url":"https:\/\/www.diocese-belfort-montbeliard.fr\/belfort\/wp-content\/uploads\/sites\/2\/2023\/02\/A1CE47F8-6D8E-4E66-96E1-A753CAE28306.jpeg","contentUrl":"https:\/\/www.diocese-belfort-montbeliard.fr\/belfort\/wp-content\/uploads\/sites\/2\/2023\/02\/A1CE47F8-6D8E-4E66-96E1-A753CAE28306.jpeg","width":1125,"height":1599},{"@type":"BreadcrumbList","@id":"https:\/\/www.diocese-belfort-montbeliard.fr\/belfort\/agenda\/veillee-oecumenique-de-priere-comme-a-taize\/#breadcrumb","itemListElement":[{"@type":"ListItem","position":1,"name":"Accueil","item":"https:\/\/www.diocese-belfort-montbeliard.fr\/belfort\/"},{"@type":"ListItem","position":2,"name":"Veill\u00e9e de prier \u0153cum\u00e9nique comme a Taiz\u00e9"}]},{"@type":"WebSite","@id":"https:\/\/www.diocese-belfort-montbeliard.fr\/belfort\/#website","url":"https:\/\/www.diocese-belfort-montbeliard.fr\/belfort\/","name":"Doyenn\u00e9 de Belfort","description":"Dioc\u00e8se de Belfort-Montb\u00e9liard","potentialAction":[{"@type":"SearchAction","target":{"@type":"EntryPoint","urlTemplate":"https:\/\/www.diocese-belfort-montbeliard.fr\/belfort\/?s={search_term_string}"},"query-input":{"@type":"PropertyValueSpecification","valueRequired":true,"valueName":"search_term_string"}}],"inLanguage":"fr-FR"}]}},"_links":{"self":[{"href":"https:\/\/www.diocese-belfort-montbeliard.fr\/belfort\/wp-json\/wp\/v2\/evenement\/2707","targetHints":{"allow":["GET"]}}],"collection":[{"href":"https:\/\/www.diocese-belfort-montbeliard.fr\/belfort\/wp-json\/wp\/v2\/evenement"}],"about":[{"href":"https:\/\/www.diocese-belfort-montbeliard.fr\/belfort\/wp-json\/wp\/v2\/types\/evenement"}],"author":[{"embeddable":true,"href":"https:\/\/www.diocese-belfort-montbeliard.fr\/belfort\/wp-json\/wp\/v2\/users\/17"}],"version-history":[{"count":2,"href":"https:\/\/www.diocese-belfort-montbeliard.fr\/belfort\/wp-json\/wp\/v2\/evenement\/2707\/revisions"}],"predecessor-version":[{"id":2710,"href":"https:\/\/www.diocese-belfort-montbeliard.fr\/belfort\/wp-json\/wp\/v2\/evenement\/2707\/revisions\/2710"}],"wp:attachment":[{"href":"https:\/\/www.diocese-belfort-montbeliard.fr\/belfort\/wp-json\/wp\/v2\/media?parent=2707"}],"wp:term":[{"taxonomy":"category","embeddable":true,"href":"https:\/\/www.diocese-belfort-montbeliard.fr\/belfort\/wp-json\/wp\/v2\/categories?post=2707"},{"taxonomy":"post_tag","embeddable":true,"href":"https:\/\/www.diocese-belfort-montbeliard.fr\/belfort\/wp-json\/wp\/v2\/tags?post=2707"}],"curies":[{"name":"wp","href":"https:\/\/api.w.org\/{rel}","templated":true}]}}