{"id":1524,"date":"2022-02-14T15:27:24","date_gmt":"2022-02-14T14:27:24","guid":{"rendered":"https:\/\/www.diocese-belfort-montbeliard.fr\/belfort\/?post_type=paroisse&#038;p=1524"},"modified":"2025-12-25T21:13:06","modified_gmt":"2025-12-25T20:13:06","slug":"le-mariage","status":"publish","type":"paroisse","link":"https:\/\/www.diocese-belfort-montbeliard.fr\/belfort\/paroisses\/mere-teresa\/le-mariage\/","title":{"rendered":"Le mariage"},"content":{"rendered":"\n<h2 class=\"wp-block-heading\" id=\"le-mariage-chretien\"><strong>Le mariage chr\u00e9tien<\/strong><\/h2>\n\n\n\n<div class=\"wp-block-media-text alignwide is-stacked-on-mobile\"><figure class=\"wp-block-media-text__media\"><img loading=\"lazy\" decoding=\"async\" width=\"612\" height=\"407\" src=\"https:\/\/www.diocese-belfort-montbeliard.fr\/belfort\/wp-content\/uploads\/sites\/2\/2022\/02\/mariage-3.jpg\" alt=\"\" class=\"wp-image-1526 size-full\" srcset=\"https:\/\/www.diocese-belfort-montbeliard.fr\/belfort\/wp-content\/uploads\/sites\/2\/2022\/02\/mariage-3.jpg 612w, https:\/\/www.diocese-belfort-montbeliard.fr\/belfort\/wp-content\/uploads\/sites\/2\/2022\/02\/mariage-3-600x399.jpg 600w\" sizes=\"auto, (max-width: 612px) 100vw, 612px\" \/><\/figure><div class=\"wp-block-media-text__content\">\n<p>C\u2019est un sacrement o\u00f9 Dieu vient donner sa gr\u00e2ce au couple.<br>Ainsi, il pourra vivre en pl\u00e9nitude l\u2019amour qui l\u2019unit et refl\u00e9ter, \u00e0 sa mani\u00e8re, l\u2019Alliance du Christ et de l\u2019\u00c9glise.<br>Le sacrement du mariage donne aux \u00e9poux la gr\u00e2ce de renforcer et perfectionner leur amour, d\u2019affermir leur unit\u00e9 indissoluble et de se sanctifier dans leur vie familiale.<\/p>\n<\/div><\/div>\n\n\n\n<p><br><br><\/p>\n\n\n\n<h2 class=\"wp-block-heading\" id=\"se-marier-sur-la-paroisse-mere-teresa\">Se marier sur la paroisse m\u00e8re Teresa<\/h2>\n\n\n\n<p><br>Les fianc\u00e9s souhaitant se marier \u00e0 l\u2019\u00c9glise doivent contacter le pr\u00eatre de la paroisse un an avant le mariage qui leur proposera une d\u00e9marche de pr\u00e9paration au mariage.<br>La date du mariage sera d\u00e9finie en commun, en fonction de la disponibilit\u00e9 du pr\u00eatre.Si vous avez v\u00e9cu un divorce, si vous n\u2019\u00eates pas en \u00e9tat de recevoir ce sacrement, notre paroisse peut vous proposer une c\u00e9l\u00e9bration, un temps de pri\u00e8re, car Dieu n\u2019est jamais \u00e9tranger \u00e0 l\u2019amour que deux personnes se portent.<br><\/p>\n\n\n\n<p>Durant la\u00a0pr\u00e9paration :<\/p>\n\n\n\n<ul class=\"wp-block-list\"><li>Rencontre au moins 4 fois\u00a0avec\u00a0le pr\u00eatre .<\/li><li>Accueil et rencontre par un couple en doyenn\u00e9 2 fois<\/li><li>Participation\u00a0\u00e0 une journ\u00e9e dioc\u00e9saine des fianc\u00e9s<\/li><\/ul>\n\n\n\n<p>Outre la pr\u00e9paration de la c\u00e9r\u00e9monie, ces temps permettent de mieux comprendre l\u2019engagement dans le mariage chr\u00e9tien, et d\u2019\u00e9changer avec d\u2019autres fianc\u00e9s.<br>Les \u00e9v\u00eaques de la r\u00e9gion apostolique ont fix\u00e9 l\u2019offrande conseill\u00e9e pour un mariage \u00e0 160 \u20ac.<\/p>\n","protected":false},"author":59,"featured_media":1526,"parent":9,"menu_order":25,"template":"","meta":{"_acf_changed":false,"footnotes":""},"class_list":["post-1524","paroisse","type-paroisse","status-publish","has-post-thumbnail","hentry"],"acf":[],"yoast_head":"<!-- This site is optimized with the Yoast SEO plugin v27.4 - https:\/\/yoast.com\/product\/yoast-seo-wordpress\/ -->\n<title>Le mariage - Doyenn\u00e9 de Belfort<\/title>\n<meta name=\"robots\" content=\"index, follow, max-snippet:-1, max-image-preview:large, max-video-preview:-1\" \/>\n<link rel=\"canonical\" href=\"https:\/\/www.diocese-belfort-montbeliard.fr\/belfort\/paroisses\/mere-teresa\/le-mariage\/\" \/>\n<meta property=\"og:locale\" content=\"fr_FR\" \/>\n<meta property=\"og:type\" content=\"article\" \/>\n<meta property=\"og:title\" content=\"Le mariage - Doyenn\u00e9 de Belfort\" \/>\n<meta property=\"og:description\" content=\"Le mariage chr\u00e9tien C\u2019est un sacrement o\u00f9 Dieu vient donner sa gr\u00e2ce au couple.Ainsi, il pourra vivre en pl\u00e9nitude l\u2019amour qui l\u2019unit et refl\u00e9ter, \u00e0 sa mani\u00e8re, l\u2019Alliance du Christ et de l\u2019\u00c9glise.Le sacrement du mariage donne aux \u00e9poux la gr\u00e2ce de renforcer et perfectionner leur amour, d\u2019affermir leur unit\u00e9 indissoluble et de se sanctifier [&hellip;]\" \/>\n<meta property=\"og:url\" content=\"https:\/\/www.diocese-belfort-montbeliard.fr\/belfort\/paroisses\/mere-teresa\/le-mariage\/\" \/>\n<meta property=\"og:site_name\" content=\"Doyenn\u00e9 de Belfort\" \/>\n<meta property=\"article:modified_time\" content=\"2025-12-25T20:13:06+00:00\" \/>\n<meta property=\"og:image\" content=\"https:\/\/www.diocese-belfort-montbeliard.fr\/belfort\/wp-content\/uploads\/sites\/2\/2022\/02\/mariage-3.jpg\" \/>\n\t<meta property=\"og:image:width\" content=\"612\" \/>\n\t<meta property=\"og:image:height\" content=\"407\" \/>\n\t<meta property=\"og:image:type\" content=\"image\/jpeg\" \/>\n<meta name=\"twitter:card\" content=\"summary_large_image\" \/>\n<meta name=\"twitter:label1\" content=\"Dur\u00e9e de lecture estim\u00e9e\" \/>\n\t<meta name=\"twitter:data1\" content=\"2 minutes\" \/>\n<script type=\"application\/ld+json\" class=\"yoast-schema-graph\">{\"@context\":\"https:\\\/\\\/schema.org\",\"@graph\":[{\"@type\":\"WebPage\",\"@id\":\"https:\\\/\\\/www.diocese-belfort-montbeliard.fr\\\/belfort\\\/paroisses\\\/mere-teresa\\\/le-mariage\\\/\",\"url\":\"https:\\\/\\\/www.diocese-belfort-montbeliard.fr\\\/belfort\\\/paroisses\\\/mere-teresa\\\/le-mariage\\\/\",\"name\":\"Le mariage - Doyenn\u00e9 de Belfort\",\"isPartOf\":{\"@id\":\"https:\\\/\\\/www.diocese-belfort-montbeliard.fr\\\/belfort\\\/#website\"},\"primaryImageOfPage\":{\"@id\":\"https:\\\/\\\/www.diocese-belfort-montbeliard.fr\\\/belfort\\\/paroisses\\\/mere-teresa\\\/le-mariage\\\/#primaryimage\"},\"image\":{\"@id\":\"https:\\\/\\\/www.diocese-belfort-montbeliard.fr\\\/belfort\\\/paroisses\\\/mere-teresa\\\/le-mariage\\\/#primaryimage\"},\"thumbnailUrl\":\"https:\\\/\\\/www.diocese-belfort-montbeliard.fr\\\/belfort\\\/wp-content\\\/uploads\\\/sites\\\/2\\\/2022\\\/02\\\/mariage-3.jpg\",\"datePublished\":\"2022-02-14T14:27:24+00:00\",\"dateModified\":\"2025-12-25T20:13:06+00:00\",\"breadcrumb\":{\"@id\":\"https:\\\/\\\/www.diocese-belfort-montbeliard.fr\\\/belfort\\\/paroisses\\\/mere-teresa\\\/le-mariage\\\/#breadcrumb\"},\"inLanguage\":\"fr-FR\",\"potentialAction\":[{\"@type\":\"ReadAction\",\"target\":[\"https:\\\/\\\/www.diocese-belfort-montbeliard.fr\\\/belfort\\\/paroisses\\\/mere-teresa\\\/le-mariage\\\/\"]}]},{\"@type\":\"ImageObject\",\"inLanguage\":\"fr-FR\",\"@id\":\"https:\\\/\\\/www.diocese-belfort-montbeliard.fr\\\/belfort\\\/paroisses\\\/mere-teresa\\\/le-mariage\\\/#primaryimage\",\"url\":\"https:\\\/\\\/www.diocese-belfort-montbeliard.fr\\\/belfort\\\/wp-content\\\/uploads\\\/sites\\\/2\\\/2022\\\/02\\\/mariage-3.jpg\",\"contentUrl\":\"https:\\\/\\\/www.diocese-belfort-montbeliard.fr\\\/belfort\\\/wp-content\\\/uploads\\\/sites\\\/2\\\/2022\\\/02\\\/mariage-3.jpg\",\"width\":612,\"height\":407,\"caption\":\"The priest blesses hands with the wedding rings of the bride and groom in the church.\"},{\"@type\":\"BreadcrumbList\",\"@id\":\"https:\\\/\\\/www.diocese-belfort-montbeliard.fr\\\/belfort\\\/paroisses\\\/mere-teresa\\\/le-mariage\\\/#breadcrumb\",\"itemListElement\":[{\"@type\":\"ListItem\",\"position\":1,\"name\":\"Accueil\",\"item\":\"https:\\\/\\\/www.diocese-belfort-montbeliard.fr\\\/belfort\\\/\"},{\"@type\":\"ListItem\",\"position\":2,\"name\":\"Paroisse M\u00e8re Teresa\",\"item\":\"https:\\\/\\\/www.diocese-belfort-montbeliard.fr\\\/belfort\\\/paroisses\\\/mere-teresa\\\/\"},{\"@type\":\"ListItem\",\"position\":3,\"name\":\"Le mariage\"}]},{\"@type\":\"WebSite\",\"@id\":\"https:\\\/\\\/www.diocese-belfort-montbeliard.fr\\\/belfort\\\/#website\",\"url\":\"https:\\\/\\\/www.diocese-belfort-montbeliard.fr\\\/belfort\\\/\",\"name\":\"Doyenn\u00e9 de Belfort\",\"description\":\"Dioc\u00e8se de Belfort-Montb\u00e9liard\",\"potentialAction\":[{\"@type\":\"SearchAction\",\"target\":{\"@type\":\"EntryPoint\",\"urlTemplate\":\"https:\\\/\\\/www.diocese-belfort-montbeliard.fr\\\/belfort\\\/?s={search_term_string}\"},\"query-input\":{\"@type\":\"PropertyValueSpecification\",\"valueRequired\":true,\"valueName\":\"search_term_string\"}}],\"inLanguage\":\"fr-FR\"}]}<\/script>\n<!-- \/ Yoast SEO plugin. -->","yoast_head_json":{"title":"Le mariage - Doyenn\u00e9 de Belfort","robots":{"index":"index","follow":"follow","max-snippet":"max-snippet:-1","max-image-preview":"max-image-preview:large","max-video-preview":"max-video-preview:-1"},"canonical":"https:\/\/www.diocese-belfort-montbeliard.fr\/belfort\/paroisses\/mere-teresa\/le-mariage\/","og_locale":"fr_FR","og_type":"article","og_title":"Le mariage - Doyenn\u00e9 de Belfort","og_description":"Le mariage chr\u00e9tien C\u2019est un sacrement o\u00f9 Dieu vient donner sa gr\u00e2ce au couple.Ainsi, il pourra vivre en pl\u00e9nitude l\u2019amour qui l\u2019unit et refl\u00e9ter, \u00e0 sa mani\u00e8re, l\u2019Alliance du Christ et de l\u2019\u00c9glise.Le sacrement du mariage donne aux \u00e9poux la gr\u00e2ce de renforcer et perfectionner leur amour, d\u2019affermir leur unit\u00e9 indissoluble et de se sanctifier [&hellip;]","og_url":"https:\/\/www.diocese-belfort-montbeliard.fr\/belfort\/paroisses\/mere-teresa\/le-mariage\/","og_site_name":"Doyenn\u00e9 de Belfort","article_modified_time":"2025-12-25T20:13:06+00:00","og_image":[{"width":612,"height":407,"url":"https:\/\/www.diocese-belfort-montbeliard.fr\/belfort\/wp-content\/uploads\/sites\/2\/2022\/02\/mariage-3.jpg","type":"image\/jpeg"}],"twitter_card":"summary_large_image","twitter_misc":{"Dur\u00e9e de lecture estim\u00e9e":"2 minutes"},"schema":{"@context":"https:\/\/schema.org","@graph":[{"@type":"WebPage","@id":"https:\/\/www.diocese-belfort-montbeliard.fr\/belfort\/paroisses\/mere-teresa\/le-mariage\/","url":"https:\/\/www.diocese-belfort-montbeliard.fr\/belfort\/paroisses\/mere-teresa\/le-mariage\/","name":"Le mariage - Doyenn\u00e9 de Belfort","isPartOf":{"@id":"https:\/\/www.diocese-belfort-montbeliard.fr\/belfort\/#website"},"primaryImageOfPage":{"@id":"https:\/\/www.diocese-belfort-montbeliard.fr\/belfort\/paroisses\/mere-teresa\/le-mariage\/#primaryimage"},"image":{"@id":"https:\/\/www.diocese-belfort-montbeliard.fr\/belfort\/paroisses\/mere-teresa\/le-mariage\/#primaryimage"},"thumbnailUrl":"https:\/\/www.diocese-belfort-montbeliard.fr\/belfort\/wp-content\/uploads\/sites\/2\/2022\/02\/mariage-3.jpg","datePublished":"2022-02-14T14:27:24+00:00","dateModified":"2025-12-25T20:13:06+00:00","breadcrumb":{"@id":"https:\/\/www.diocese-belfort-montbeliard.fr\/belfort\/paroisses\/mere-teresa\/le-mariage\/#breadcrumb"},"inLanguage":"fr-FR","potentialAction":[{"@type":"ReadAction","target":["https:\/\/www.diocese-belfort-montbeliard.fr\/belfort\/paroisses\/mere-teresa\/le-mariage\/"]}]},{"@type":"ImageObject","inLanguage":"fr-FR","@id":"https:\/\/www.diocese-belfort-montbeliard.fr\/belfort\/paroisses\/mere-teresa\/le-mariage\/#primaryimage","url":"https:\/\/www.diocese-belfort-montbeliard.fr\/belfort\/wp-content\/uploads\/sites\/2\/2022\/02\/mariage-3.jpg","contentUrl":"https:\/\/www.diocese-belfort-montbeliard.fr\/belfort\/wp-content\/uploads\/sites\/2\/2022\/02\/mariage-3.jpg","width":612,"height":407,"caption":"The priest blesses hands with the wedding rings of the bride and groom in the church."},{"@type":"BreadcrumbList","@id":"https:\/\/www.diocese-belfort-montbeliard.fr\/belfort\/paroisses\/mere-teresa\/le-mariage\/#breadcrumb","itemListElement":[{"@type":"ListItem","position":1,"name":"Accueil","item":"https:\/\/www.diocese-belfort-montbeliard.fr\/belfort\/"},{"@type":"ListItem","position":2,"name":"Paroisse M\u00e8re Teresa","item":"https:\/\/www.diocese-belfort-montbeliard.fr\/belfort\/paroisses\/mere-teresa\/"},{"@type":"ListItem","position":3,"name":"Le mariage"}]},{"@type":"WebSite","@id":"https:\/\/www.diocese-belfort-montbeliard.fr\/belfort\/#website","url":"https:\/\/www.diocese-belfort-montbeliard.fr\/belfort\/","name":"Doyenn\u00e9 de Belfort","description":"Dioc\u00e8se de Belfort-Montb\u00e9liard","potentialAction":[{"@type":"SearchAction","target":{"@type":"EntryPoint","urlTemplate":"https:\/\/www.diocese-belfort-montbeliard.fr\/belfort\/?s={search_term_string}"},"query-input":{"@type":"PropertyValueSpecification","valueRequired":true,"valueName":"search_term_string"}}],"inLanguage":"fr-FR"}]}},"_links":{"self":[{"href":"https:\/\/www.diocese-belfort-montbeliard.fr\/belfort\/wp-json\/wp\/v2\/paroisse\/1524","targetHints":{"allow":["GET"]}}],"collection":[{"href":"https:\/\/www.diocese-belfort-montbeliard.fr\/belfort\/wp-json\/wp\/v2\/paroisse"}],"about":[{"href":"https:\/\/www.diocese-belfort-montbeliard.fr\/belfort\/wp-json\/wp\/v2\/types\/paroisse"}],"author":[{"embeddable":true,"href":"https:\/\/www.diocese-belfort-montbeliard.fr\/belfort\/wp-json\/wp\/v2\/users\/59"}],"version-history":[{"count":7,"href":"https:\/\/www.diocese-belfort-montbeliard.fr\/belfort\/wp-json\/wp\/v2\/paroisse\/1524\/revisions"}],"predecessor-version":[{"id":4390,"href":"https:\/\/www.diocese-belfort-montbeliard.fr\/belfort\/wp-json\/wp\/v2\/paroisse\/1524\/revisions\/4390"}],"up":[{"embeddable":true,"href":"https:\/\/www.diocese-belfort-montbeliard.fr\/belfort\/wp-json\/wp\/v2\/paroisse\/9"}],"wp:featuredmedia":[{"embeddable":true,"href":"https:\/\/www.diocese-belfort-montbeliard.fr\/belfort\/wp-json\/wp\/v2\/media\/1526"}],"wp:attachment":[{"href":"https:\/\/www.diocese-belfort-montbeliard.fr\/belfort\/wp-json\/wp\/v2\/media?parent=1524"}],"curies":[{"name":"wp","href":"https:\/\/api.w.org\/{rel}","templated":true}]}}