{"id":69,"date":"2020-12-24T01:06:34","date_gmt":"2020-12-24T00:06:34","guid":{"rendered":"https:\/\/www.diocese-belfort-montbeliard.fr\/belfort\/?post_type=paroisse&#038;p=69"},"modified":"2021-05-03T16:16:10","modified_gmt":"2021-05-03T14:16:10","slug":"le-mariage","status":"publish","type":"paroisse","link":"https:\/\/www.diocese-belfort-montbeliard.fr\/belfort\/paroisses\/saint-jean-baptiste\/le-mariage\/","title":{"rendered":"Le mariage"},"content":{"rendered":"\n<h2 class=\"wp-block-heading\"><strong>Qu&rsquo;est-ce que le mariage ?<\/strong><\/h2>\n\n\n\n<p><strong>Dans cette alliance se r\u00e9v\u00e8le le plus pleinement l&rsquo;histoire des alliances entre Dieu et l&rsquo;humanit\u00e9 scell\u00e9e dans l&rsquo;amour du christ qui a donn\u00e9 sa vie pour nous. Le sacrement de mariage sanctifie l&rsquo;union d&rsquo;un homme et d&rsquo;une femme unis d&rsquo;un m\u00eame amour.<\/strong><\/p>\n\n\n\n<p>Beaucoup de couples, chr\u00e9tiens pratiquants ou non, souhaitent se marier \u00e0 l\u2019\u00e9glise. Ils veulent donner une valeur sacr\u00e9e \u00e0 leur amour mutuel et recevoir de Dieu une force pour s\u2019aimer dans le bonheur et dans l\u2019\u00e9preuve. Ils demandent le&nbsp;sacrement&nbsp;du mariage. Le <a href=\"https:\/\/eglise.catholique.fr\/approfondir-sa-foi\/la-celebration-de-la-foi\/les-sacrements\/le-mariage\/438614-signification-chretienne-mariage\/\" target=\"_blank\" rel=\"noreferrer noopener\">mariage chr\u00e9tien<\/a> exprime que l\u2019amour n\u2019est pas seulement l\u2019engagement du couple, mais que c\u2019est un cadeau qu\u2019on re\u00e7oit.<\/p>\n\n\n\n<h2 class=\"wp-block-heading\">Quels sont les piliers du mariage ?<\/h2>\n\n\n\n<p>L\u2019\u00c9glise se r\u00e9jouit du projet de ceux qui veulent s\u2019aimer pour toute la vie. Elle est l\u00e0 pour les y aider car fonder une famille est une noble t\u00e2che. Difficile\u2026 mais loin d\u2019\u00eatre impossible si les fondations de la maison reposent sur les piliers suivants :<\/p>\n\n\n\n<p>la libert\u00e9 du consentement<br>la fid\u00e9lit\u00e9 de l\u2019engagement<br>l\u2019indissolubilit\u00e9 du lien<br>la f\u00e9condit\u00e9 de l\u2019amour.<\/p>\n\n\n\n<p>Cet amour n\u2019est possible que dans le respect de la libert\u00e9 de chacun, l\u2019accueil et l\u2019\u00e9coute de l\u2019autre. Il est communion d\u2019un homme et d\u2019une femme : le projet est bien de former une communaut\u00e9 de vie et non une fusion passionnelle. En effet, se pr\u00e9parer au mariage, c\u2019est prendre le temps de d\u00e9couvrir l\u2019autre, avec ses d\u00e9sirs propres, son mode de fonctionnement, sa psychologie. C\u2019est accueillir son histoire, sa famille et son \u00e9ducation. C\u2019est apprendre \u00e0 l\u2019\u00e9couter, \u00e0 communiquer avec lui, \u00e0 le respecter.<\/p>\n\n\n\n<p>Cet amour se conjugue avec la fid\u00e9lit\u00e9 de l\u2019engagement. Promesse que les mari\u00e9s se font le jour de leur mariage ! \u00catre fid\u00e8le, c\u2019est cultiver un amour exclusif mais ouvert, qui a la priorit\u00e9 sur toutes les autres r\u00e9alit\u00e9s de notre vie : amis, travail, passions, etc.<\/p>\n\n\n\n<p>Cet amour se r\u00e9alise par le don de sa vie. Un don total, sans r\u00e9serve, d\u00e9finitif, sans condition et exclusif.<\/p>\n\n\n\n<p>Le lien est indissoluble. La relation sexuelle traduit dans l\u2019union des corps ce qui se dit dans la promesse qui unit les coeurs : \u00ab Je te re\u00e7ois et je me donne \u00e0 toi, pour t\u2019aimer fid\u00e8lement \u00bb. L\u2019\u00c9glise la consid\u00e8re comme un acte sacr\u00e9, parce qu\u2019elle consacre l\u2019amour humain.<\/p>\n\n\n\n<p>Cet amour invite les \u00e9poux \u00e0 s\u2019aimer et \u00e0 s\u2019ouvrir \u00e0 l\u2019accueil de la vie de fa\u00e7on responsable, avec g\u00e9n\u00e9rosit\u00e9. L\u2019amour se d\u00e9ploie en donnant la vie et la vie trouve son \u00e9panouissement dans l\u2019amour. Aimer et donner la vie, une seule et m\u00eame vocation ! C\u2019est d\u2019ailleurs un test pour v\u00e9rifier si l\u2019on est pr\u00eat \u00e0 se marier : d\u00e9sirons-nous avoir des enfants ensemble et les \u00e9duquer ?<\/p>\n\n\n\n<h2 class=\"wp-block-heading\">Comment se marier ?<\/h2>\n\n\n\n<p>Pour demander le mariage sur la\u00a0<a href=\"https:\/\/www.diocese-belfort-montbeliard.fr\/belfort\/paroisses\/saint-jean-baptiste\/\" target=\"_blank\" rel=\"noreferrer noopener\">Paroisse Saint-Jean-Baptiste<\/a>\u00a0: 03 84 21 58 83 ou\u00a0<a href=\"mailto:saint.jean-baptiste@laposte.net\">saint.jean-baptiste@laposte.net<\/a><\/p>\n\n\n\n<figure class=\"wp-block-image size-large\"><img loading=\"lazy\" decoding=\"async\" width=\"500\" height=\"510\" src=\"https:\/\/www.diocese-belfort-montbeliard.fr\/belfort\/wp-content\/uploads\/sites\/2\/2021\/05\/mariage-chretien-1.jpg\" alt=\"\" class=\"wp-image-479\" \/><\/figure>\n","protected":false},"author":1,"featured_media":70,"parent":10,"menu_order":43,"template":"","meta":{"_acf_changed":false,"footnotes":""},"class_list":["post-69","paroisse","type-paroisse","status-publish","has-post-thumbnail","hentry"],"acf":[],"yoast_head":"<!-- This site is optimized with the Yoast SEO plugin v27.4 - https:\/\/yoast.com\/product\/yoast-seo-wordpress\/ -->\n<title>Le mariage - Doyenn\u00e9 de Belfort<\/title>\n<meta name=\"description\" content=\"Le mariage chr\u00e9tien repose sur la libert\u00e9 du consentement, la fid\u00e9lit\u00e9 de l\u2019engagement, l\u2019indissolubilit\u00e9 du lien et la f\u00e9condit\u00e9 de l\u2019amour.\" \/>\n<meta name=\"robots\" content=\"index, follow, max-snippet:-1, max-image-preview:large, max-video-preview:-1\" \/>\n<link rel=\"canonical\" href=\"https:\/\/www.diocese-belfort-montbeliard.fr\/belfort\/paroisses\/saint-jean-baptiste\/le-mariage\/\" \/>\n<meta property=\"og:locale\" content=\"fr_FR\" \/>\n<meta property=\"og:type\" content=\"article\" \/>\n<meta property=\"og:title\" content=\"Le mariage - Doyenn\u00e9 de Belfort\" \/>\n<meta property=\"og:description\" content=\"Le mariage chr\u00e9tien repose sur la libert\u00e9 du consentement, la fid\u00e9lit\u00e9 de l\u2019engagement, l\u2019indissolubilit\u00e9 du lien et la f\u00e9condit\u00e9 de l\u2019amour.\" \/>\n<meta property=\"og:url\" content=\"https:\/\/www.diocese-belfort-montbeliard.fr\/belfort\/paroisses\/saint-jean-baptiste\/le-mariage\/\" \/>\n<meta property=\"og:site_name\" content=\"Doyenn\u00e9 de Belfort\" \/>\n<meta property=\"article:modified_time\" content=\"2021-05-03T14:16:10+00:00\" \/>\n<meta property=\"og:image\" content=\"https:\/\/www.diocese-belfort-montbeliard.fr\/belfort\/wp-content\/uploads\/sites\/2\/2020\/12\/image_large.png\" \/>\n\t<meta property=\"og:image:width\" content=\"574\" \/>\n\t<meta property=\"og:image:height\" content=\"768\" \/>\n\t<meta property=\"og:image:type\" content=\"image\/png\" \/>\n<meta name=\"twitter:card\" content=\"summary_large_image\" \/>\n<meta name=\"twitter:label1\" content=\"Dur\u00e9e de lecture estim\u00e9e\" \/>\n\t<meta name=\"twitter:data1\" content=\"3 minutes\" \/>\n<script type=\"application\/ld+json\" class=\"yoast-schema-graph\">{\"@context\":\"https:\\\/\\\/schema.org\",\"@graph\":[{\"@type\":\"WebPage\",\"@id\":\"https:\\\/\\\/www.diocese-belfort-montbeliard.fr\\\/belfort\\\/paroisses\\\/saint-jean-baptiste\\\/le-mariage\\\/\",\"url\":\"https:\\\/\\\/www.diocese-belfort-montbeliard.fr\\\/belfort\\\/paroisses\\\/saint-jean-baptiste\\\/le-mariage\\\/\",\"name\":\"Le mariage - Doyenn\u00e9 de Belfort\",\"isPartOf\":{\"@id\":\"https:\\\/\\\/www.diocese-belfort-montbeliard.fr\\\/belfort\\\/#website\"},\"primaryImageOfPage\":{\"@id\":\"https:\\\/\\\/www.diocese-belfort-montbeliard.fr\\\/belfort\\\/paroisses\\\/saint-jean-baptiste\\\/le-mariage\\\/#primaryimage\"},\"image\":{\"@id\":\"https:\\\/\\\/www.diocese-belfort-montbeliard.fr\\\/belfort\\\/paroisses\\\/saint-jean-baptiste\\\/le-mariage\\\/#primaryimage\"},\"thumbnailUrl\":\"https:\\\/\\\/www.diocese-belfort-montbeliard.fr\\\/belfort\\\/wp-content\\\/uploads\\\/sites\\\/2\\\/2020\\\/12\\\/image_large.png\",\"datePublished\":\"2020-12-24T00:06:34+00:00\",\"dateModified\":\"2021-05-03T14:16:10+00:00\",\"description\":\"Le mariage chr\u00e9tien repose sur la libert\u00e9 du consentement, la fid\u00e9lit\u00e9 de l\u2019engagement, l\u2019indissolubilit\u00e9 du lien et la f\u00e9condit\u00e9 de l\u2019amour.\",\"breadcrumb\":{\"@id\":\"https:\\\/\\\/www.diocese-belfort-montbeliard.fr\\\/belfort\\\/paroisses\\\/saint-jean-baptiste\\\/le-mariage\\\/#breadcrumb\"},\"inLanguage\":\"fr-FR\",\"potentialAction\":[{\"@type\":\"ReadAction\",\"target\":[\"https:\\\/\\\/www.diocese-belfort-montbeliard.fr\\\/belfort\\\/paroisses\\\/saint-jean-baptiste\\\/le-mariage\\\/\"]}]},{\"@type\":\"ImageObject\",\"inLanguage\":\"fr-FR\",\"@id\":\"https:\\\/\\\/www.diocese-belfort-montbeliard.fr\\\/belfort\\\/paroisses\\\/saint-jean-baptiste\\\/le-mariage\\\/#primaryimage\",\"url\":\"https:\\\/\\\/www.diocese-belfort-montbeliard.fr\\\/belfort\\\/wp-content\\\/uploads\\\/sites\\\/2\\\/2020\\\/12\\\/image_large.png\",\"contentUrl\":\"https:\\\/\\\/www.diocese-belfort-montbeliard.fr\\\/belfort\\\/wp-content\\\/uploads\\\/sites\\\/2\\\/2020\\\/12\\\/image_large.png\",\"width\":574,\"height\":768},{\"@type\":\"BreadcrumbList\",\"@id\":\"https:\\\/\\\/www.diocese-belfort-montbeliard.fr\\\/belfort\\\/paroisses\\\/saint-jean-baptiste\\\/le-mariage\\\/#breadcrumb\",\"itemListElement\":[{\"@type\":\"ListItem\",\"position\":1,\"name\":\"Accueil\",\"item\":\"https:\\\/\\\/www.diocese-belfort-montbeliard.fr\\\/belfort\\\/\"},{\"@type\":\"ListItem\",\"position\":2,\"name\":\"Saint-Jean-Baptiste\",\"item\":\"https:\\\/\\\/www.diocese-belfort-montbeliard.fr\\\/belfort\\\/paroisses\\\/saint-jean-baptiste\\\/\"},{\"@type\":\"ListItem\",\"position\":3,\"name\":\"Le mariage\"}]},{\"@type\":\"WebSite\",\"@id\":\"https:\\\/\\\/www.diocese-belfort-montbeliard.fr\\\/belfort\\\/#website\",\"url\":\"https:\\\/\\\/www.diocese-belfort-montbeliard.fr\\\/belfort\\\/\",\"name\":\"Doyenn\u00e9 de Belfort\",\"description\":\"Dioc\u00e8se de Belfort-Montb\u00e9liard\",\"potentialAction\":[{\"@type\":\"SearchAction\",\"target\":{\"@type\":\"EntryPoint\",\"urlTemplate\":\"https:\\\/\\\/www.diocese-belfort-montbeliard.fr\\\/belfort\\\/?s={search_term_string}\"},\"query-input\":{\"@type\":\"PropertyValueSpecification\",\"valueRequired\":true,\"valueName\":\"search_term_string\"}}],\"inLanguage\":\"fr-FR\"}]}<\/script>\n<!-- \/ Yoast SEO plugin. -->","yoast_head_json":{"title":"Le mariage - Doyenn\u00e9 de Belfort","description":"Le mariage chr\u00e9tien repose sur la libert\u00e9 du consentement, la fid\u00e9lit\u00e9 de l\u2019engagement, l\u2019indissolubilit\u00e9 du lien et la f\u00e9condit\u00e9 de l\u2019amour.","robots":{"index":"index","follow":"follow","max-snippet":"max-snippet:-1","max-image-preview":"max-image-preview:large","max-video-preview":"max-video-preview:-1"},"canonical":"https:\/\/www.diocese-belfort-montbeliard.fr\/belfort\/paroisses\/saint-jean-baptiste\/le-mariage\/","og_locale":"fr_FR","og_type":"article","og_title":"Le mariage - Doyenn\u00e9 de Belfort","og_description":"Le mariage chr\u00e9tien repose sur la libert\u00e9 du consentement, la fid\u00e9lit\u00e9 de l\u2019engagement, l\u2019indissolubilit\u00e9 du lien et la f\u00e9condit\u00e9 de l\u2019amour.","og_url":"https:\/\/www.diocese-belfort-montbeliard.fr\/belfort\/paroisses\/saint-jean-baptiste\/le-mariage\/","og_site_name":"Doyenn\u00e9 de Belfort","article_modified_time":"2021-05-03T14:16:10+00:00","og_image":[{"width":574,"height":768,"url":"https:\/\/www.diocese-belfort-montbeliard.fr\/belfort\/wp-content\/uploads\/sites\/2\/2020\/12\/image_large.png","type":"image\/png"}],"twitter_card":"summary_large_image","twitter_misc":{"Dur\u00e9e de lecture estim\u00e9e":"3 minutes"},"schema":{"@context":"https:\/\/schema.org","@graph":[{"@type":"WebPage","@id":"https:\/\/www.diocese-belfort-montbeliard.fr\/belfort\/paroisses\/saint-jean-baptiste\/le-mariage\/","url":"https:\/\/www.diocese-belfort-montbeliard.fr\/belfort\/paroisses\/saint-jean-baptiste\/le-mariage\/","name":"Le mariage - Doyenn\u00e9 de Belfort","isPartOf":{"@id":"https:\/\/www.diocese-belfort-montbeliard.fr\/belfort\/#website"},"primaryImageOfPage":{"@id":"https:\/\/www.diocese-belfort-montbeliard.fr\/belfort\/paroisses\/saint-jean-baptiste\/le-mariage\/#primaryimage"},"image":{"@id":"https:\/\/www.diocese-belfort-montbeliard.fr\/belfort\/paroisses\/saint-jean-baptiste\/le-mariage\/#primaryimage"},"thumbnailUrl":"https:\/\/www.diocese-belfort-montbeliard.fr\/belfort\/wp-content\/uploads\/sites\/2\/2020\/12\/image_large.png","datePublished":"2020-12-24T00:06:34+00:00","dateModified":"2021-05-03T14:16:10+00:00","description":"Le mariage chr\u00e9tien repose sur la libert\u00e9 du consentement, la fid\u00e9lit\u00e9 de l\u2019engagement, l\u2019indissolubilit\u00e9 du lien et la f\u00e9condit\u00e9 de l\u2019amour.","breadcrumb":{"@id":"https:\/\/www.diocese-belfort-montbeliard.fr\/belfort\/paroisses\/saint-jean-baptiste\/le-mariage\/#breadcrumb"},"inLanguage":"fr-FR","potentialAction":[{"@type":"ReadAction","target":["https:\/\/www.diocese-belfort-montbeliard.fr\/belfort\/paroisses\/saint-jean-baptiste\/le-mariage\/"]}]},{"@type":"ImageObject","inLanguage":"fr-FR","@id":"https:\/\/www.diocese-belfort-montbeliard.fr\/belfort\/paroisses\/saint-jean-baptiste\/le-mariage\/#primaryimage","url":"https:\/\/www.diocese-belfort-montbeliard.fr\/belfort\/wp-content\/uploads\/sites\/2\/2020\/12\/image_large.png","contentUrl":"https:\/\/www.diocese-belfort-montbeliard.fr\/belfort\/wp-content\/uploads\/sites\/2\/2020\/12\/image_large.png","width":574,"height":768},{"@type":"BreadcrumbList","@id":"https:\/\/www.diocese-belfort-montbeliard.fr\/belfort\/paroisses\/saint-jean-baptiste\/le-mariage\/#breadcrumb","itemListElement":[{"@type":"ListItem","position":1,"name":"Accueil","item":"https:\/\/www.diocese-belfort-montbeliard.fr\/belfort\/"},{"@type":"ListItem","position":2,"name":"Saint-Jean-Baptiste","item":"https:\/\/www.diocese-belfort-montbeliard.fr\/belfort\/paroisses\/saint-jean-baptiste\/"},{"@type":"ListItem","position":3,"name":"Le mariage"}]},{"@type":"WebSite","@id":"https:\/\/www.diocese-belfort-montbeliard.fr\/belfort\/#website","url":"https:\/\/www.diocese-belfort-montbeliard.fr\/belfort\/","name":"Doyenn\u00e9 de Belfort","description":"Dioc\u00e8se de Belfort-Montb\u00e9liard","potentialAction":[{"@type":"SearchAction","target":{"@type":"EntryPoint","urlTemplate":"https:\/\/www.diocese-belfort-montbeliard.fr\/belfort\/?s={search_term_string}"},"query-input":{"@type":"PropertyValueSpecification","valueRequired":true,"valueName":"search_term_string"}}],"inLanguage":"fr-FR"}]}},"_links":{"self":[{"href":"https:\/\/www.diocese-belfort-montbeliard.fr\/belfort\/wp-json\/wp\/v2\/paroisse\/69","targetHints":{"allow":["GET"]}}],"collection":[{"href":"https:\/\/www.diocese-belfort-montbeliard.fr\/belfort\/wp-json\/wp\/v2\/paroisse"}],"about":[{"href":"https:\/\/www.diocese-belfort-montbeliard.fr\/belfort\/wp-json\/wp\/v2\/types\/paroisse"}],"author":[{"embeddable":true,"href":"https:\/\/www.diocese-belfort-montbeliard.fr\/belfort\/wp-json\/wp\/v2\/users\/1"}],"version-history":[{"count":3,"href":"https:\/\/www.diocese-belfort-montbeliard.fr\/belfort\/wp-json\/wp\/v2\/paroisse\/69\/revisions"}],"predecessor-version":[{"id":481,"href":"https:\/\/www.diocese-belfort-montbeliard.fr\/belfort\/wp-json\/wp\/v2\/paroisse\/69\/revisions\/481"}],"up":[{"embeddable":true,"href":"https:\/\/www.diocese-belfort-montbeliard.fr\/belfort\/wp-json\/wp\/v2\/paroisse\/10"}],"wp:featuredmedia":[{"embeddable":true,"href":"https:\/\/www.diocese-belfort-montbeliard.fr\/belfort\/wp-json\/wp\/v2\/media\/70"}],"wp:attachment":[{"href":"https:\/\/www.diocese-belfort-montbeliard.fr\/belfort\/wp-json\/wp\/v2\/media?parent=69"}],"curies":[{"name":"wp","href":"https:\/\/api.w.org\/{rel}","templated":true}]}}