{"id":158,"date":"2021-01-06T19:12:45","date_gmt":"2021-01-06T18:12:45","guid":{"rendered":"https:\/\/www.diocese-belfort-montbeliard.fr\/charmont-montbeliard\/?post_type=paroisse&#038;p=158"},"modified":"2021-01-06T19:12:45","modified_gmt":"2021-01-06T18:12:45","slug":"focolari","status":"publish","type":"paroisse","link":"https:\/\/www.diocese-belfort-montbeliard.fr\/charmont-montbeliard\/paroisses\/saint-paul\/mouvements\/focolari\/","title":{"rendered":"Focolari"},"content":{"rendered":"\n<p>Au&nbsp; plus&nbsp; fort&nbsp; des&nbsp; bombardements&nbsp; de&nbsp; la&nbsp; derni\u00e8re&nbsp; guerre mondiale,&nbsp; en&nbsp; 1943&nbsp; \u00e0 Trente (Italie&nbsp; du nord),&nbsp; Chiara&nbsp; Lubich, &nbsp;une&nbsp; jeune&nbsp; institutrice,&nbsp; red\u00e9couvre&nbsp; avec&nbsp; quelques&nbsp; compagnes&nbsp; la&nbsp; force indestructible de l\u2019Amour de Dieu.<\/p>\n\n\n\n<p>Elles s\u2019appuient sur l\u2019\u00c9vangile, qu\u2019elles s\u2019appliquent \u00e0 vivre dans leur&nbsp; avenir&nbsp; incertain. L\u2019\u00e9criture&nbsp; devient pour&nbsp; ellesParole de Vie. Telle une&nbsp; v\u00e9ritable p\u00e9dagogie,&nbsp; la&nbsp;Parole de Vie dont elles se communiquent les exp\u00e9riences et les effets, les am\u00e8ne \u00e0 s\u2019impr\u00e9gner peu \u00e0 peu de&nbsp; la Parole de Dieu tout en restant proches des personnes qui les entourent et en particulier des plus pauvres.<\/p>\n\n\n\n<p>Leur&nbsp; rayonnement&nbsp; et&nbsp; la chaleur de&nbsp; leurs&nbsp; relations&nbsp; leur vaudront&nbsp; le nom de Focolari de l\u2019Unit\u00e9&nbsp; (focolare&nbsp; = foyer,&nbsp; \u00e2tre).&nbsp; Bient\u00f4t, &nbsp;elles&nbsp; d\u00e9cident&nbsp; de&nbsp; consacrer&nbsp; leurs&nbsp; forces&nbsp; et&nbsp; leur&nbsp; vie&nbsp; \u00e0&nbsp; la r\u00e9alisation de la pri\u00e8re de J\u00e9sus :&nbsp;\u0081 P\u00e8re que tous soient un. (Jn 17, 21).<\/p>\n\n\n\n<p>Peu&nbsp; \u00e0&nbsp; peu,&nbsp; ce&nbsp; sont&nbsp; des&nbsp; centaines&nbsp; de&nbsp; personnes&nbsp; qui&nbsp; les&nbsp; suivent&nbsp; dans&nbsp; cette&nbsp; aventure :&nbsp; enfants&nbsp; et personnes \u00e2g\u00e9es, pr\u00eatres, religieux et religieuses, la\u00efcs engag\u00e9s dans la soci\u00e9t\u00e9 ; plus tard chr\u00e9tiens de toutes confessions, croyants de diverses religions, non-croyants soucieux de l\u2019avenir de l\u2019Homme.<\/p>\n\n\n\n<p>En&nbsp; France,&nbsp; dans&nbsp; le&nbsp; cadre&nbsp; de&nbsp; l\u2019apostolat&nbsp; des&nbsp; la\u00efcs,&nbsp; il&nbsp; est&nbsp; int\u00e9gr\u00e9&nbsp; dans&nbsp; le&nbsp; groupe&nbsp; \u00ab&nbsp;Familles&nbsp; et Mouvements spirituels&nbsp;\u00bb de la Conf\u00e9rence des \u00e9v\u00eaques de France. Au c\u0153ur du Mouvement, des petites communaut\u00e9s&nbsp; de&nbsp; femmes&nbsp; ou&nbsp; d\u2019hommes,&nbsp; les&nbsp; focolares,&nbsp; de&nbsp; 4&nbsp; \u00e0&nbsp; 6&nbsp; personnes&nbsp; consacr\u00e9es.&nbsp;<\/p>\n\n\n\n<p>Focolari<\/p>\n\n\n\n<p>Responsable :<\/p>\n\n\n\n<p>Mme Christiane Drevard&nbsp; 03 81 91 00 77.<\/p>\n\n\n\n<p><a href=\"http:\/\/www.focolari.fr\/\" target=\"_blank\" rel=\"noreferrer noopener\">Site des Focolari.<\/a><\/p>\n","protected":false},"author":1,"featured_media":159,"parent":85,"menu_order":137,"template":"","meta":{"_acf_changed":false,"footnotes":""},"class_list":["post-158","paroisse","type-paroisse","status-publish","has-post-thumbnail","hentry"],"acf":[],"yoast_head":"<!-- This site is optimized with the Yoast SEO plugin v27.4 - https:\/\/yoast.com\/product\/yoast-seo-wordpress\/ -->\n<title>Focolari - Doyenn\u00e9 de Charmont-Montb\u00e9liard<\/title>\n<meta name=\"robots\" content=\"index, follow, max-snippet:-1, max-image-preview:large, max-video-preview:-1\" \/>\n<link rel=\"canonical\" href=\"https:\/\/www.diocese-belfort-montbeliard.fr\/charmont-montbeliard\/paroisses\/saint-paul\/mouvements\/focolari\/\" \/>\n<meta property=\"og:locale\" content=\"fr_FR\" \/>\n<meta property=\"og:type\" content=\"article\" \/>\n<meta property=\"og:title\" content=\"Focolari - Doyenn\u00e9 de Charmont-Montb\u00e9liard\" \/>\n<meta property=\"og:description\" content=\"Au&nbsp; plus&nbsp; fort&nbsp; des&nbsp; bombardements&nbsp; de&nbsp; la&nbsp; derni\u00e8re&nbsp; guerre mondiale,&nbsp; en&nbsp; 1943&nbsp; \u00e0 Trente (Italie&nbsp; du nord),&nbsp; Chiara&nbsp; Lubich, &nbsp;une&nbsp; jeune&nbsp; institutrice,&nbsp; red\u00e9couvre&nbsp; avec&nbsp; quelques&nbsp; compagnes&nbsp; la&nbsp; force indestructible de l\u2019Amour de Dieu. Elles s\u2019appuient sur l\u2019\u00c9vangile, qu\u2019elles s\u2019appliquent \u00e0 vivre dans leur&nbsp; avenir&nbsp; incertain. L\u2019\u00e9criture&nbsp; devient pour&nbsp; ellesParole de Vie. Telle une&nbsp; v\u00e9ritable p\u00e9dagogie,&nbsp; [&hellip;]\" \/>\n<meta property=\"og:url\" content=\"https:\/\/www.diocese-belfort-montbeliard.fr\/charmont-montbeliard\/paroisses\/saint-paul\/mouvements\/focolari\/\" \/>\n<meta property=\"og:site_name\" content=\"Doyenn\u00e9 de Charmont-Montb\u00e9liard\" \/>\n<meta property=\"og:image\" content=\"https:\/\/www.diocese-belfort-montbeliard.fr\/charmont-montbeliard\/wp-content\/uploads\/sites\/8\/2021\/01\/image-10.jpeg\" \/>\n\t<meta property=\"og:image:width\" content=\"261\" \/>\n\t<meta property=\"og:image:height\" content=\"240\" \/>\n\t<meta property=\"og:image:type\" content=\"image\/jpeg\" \/>\n<meta name=\"twitter:card\" content=\"summary_large_image\" \/>\n<meta name=\"twitter:label1\" content=\"Dur\u00e9e de lecture estim\u00e9e\" \/>\n\t<meta name=\"twitter:data1\" content=\"2 minutes\" \/>\n<script type=\"application\/ld+json\" class=\"yoast-schema-graph\">{\"@context\":\"https:\\\/\\\/schema.org\",\"@graph\":[{\"@type\":\"WebPage\",\"@id\":\"https:\\\/\\\/www.diocese-belfort-montbeliard.fr\\\/charmont-montbeliard\\\/paroisses\\\/saint-paul\\\/mouvements\\\/focolari\\\/\",\"url\":\"https:\\\/\\\/www.diocese-belfort-montbeliard.fr\\\/charmont-montbeliard\\\/paroisses\\\/saint-paul\\\/mouvements\\\/focolari\\\/\",\"name\":\"Focolari - Doyenn\u00e9 de Charmont-Montb\u00e9liard\",\"isPartOf\":{\"@id\":\"https:\\\/\\\/www.diocese-belfort-montbeliard.fr\\\/charmont-montbeliard\\\/#website\"},\"primaryImageOfPage\":{\"@id\":\"https:\\\/\\\/www.diocese-belfort-montbeliard.fr\\\/charmont-montbeliard\\\/paroisses\\\/saint-paul\\\/mouvements\\\/focolari\\\/#primaryimage\"},\"image\":{\"@id\":\"https:\\\/\\\/www.diocese-belfort-montbeliard.fr\\\/charmont-montbeliard\\\/paroisses\\\/saint-paul\\\/mouvements\\\/focolari\\\/#primaryimage\"},\"thumbnailUrl\":\"https:\\\/\\\/www.diocese-belfort-montbeliard.fr\\\/charmont-montbeliard\\\/wp-content\\\/uploads\\\/sites\\\/8\\\/2021\\\/01\\\/image-10.jpeg\",\"datePublished\":\"2021-01-06T18:12:45+00:00\",\"breadcrumb\":{\"@id\":\"https:\\\/\\\/www.diocese-belfort-montbeliard.fr\\\/charmont-montbeliard\\\/paroisses\\\/saint-paul\\\/mouvements\\\/focolari\\\/#breadcrumb\"},\"inLanguage\":\"fr-FR\",\"potentialAction\":[{\"@type\":\"ReadAction\",\"target\":[\"https:\\\/\\\/www.diocese-belfort-montbeliard.fr\\\/charmont-montbeliard\\\/paroisses\\\/saint-paul\\\/mouvements\\\/focolari\\\/\"]}]},{\"@type\":\"ImageObject\",\"inLanguage\":\"fr-FR\",\"@id\":\"https:\\\/\\\/www.diocese-belfort-montbeliard.fr\\\/charmont-montbeliard\\\/paroisses\\\/saint-paul\\\/mouvements\\\/focolari\\\/#primaryimage\",\"url\":\"https:\\\/\\\/www.diocese-belfort-montbeliard.fr\\\/charmont-montbeliard\\\/wp-content\\\/uploads\\\/sites\\\/8\\\/2021\\\/01\\\/image-10.jpeg\",\"contentUrl\":\"https:\\\/\\\/www.diocese-belfort-montbeliard.fr\\\/charmont-montbeliard\\\/wp-content\\\/uploads\\\/sites\\\/8\\\/2021\\\/01\\\/image-10.jpeg\",\"width\":261,\"height\":240},{\"@type\":\"BreadcrumbList\",\"@id\":\"https:\\\/\\\/www.diocese-belfort-montbeliard.fr\\\/charmont-montbeliard\\\/paroisses\\\/saint-paul\\\/mouvements\\\/focolari\\\/#breadcrumb\",\"itemListElement\":[{\"@type\":\"ListItem\",\"position\":1,\"name\":\"Accueil\",\"item\":\"https:\\\/\\\/www.diocese-belfort-montbeliard.fr\\\/charmont-montbeliard\\\/\"},{\"@type\":\"ListItem\",\"position\":2,\"name\":\"Saint Paul\",\"item\":\"https:\\\/\\\/www.diocese-belfort-montbeliard.fr\\\/charmont-montbeliard\\\/paroisses\\\/saint-paul\\\/\"},{\"@type\":\"ListItem\",\"position\":3,\"name\":\"Mouvements\",\"item\":\"https:\\\/\\\/www.diocese-belfort-montbeliard.fr\\\/charmont-montbeliard\\\/paroisses\\\/saint-paul\\\/mouvements\\\/\"},{\"@type\":\"ListItem\",\"position\":4,\"name\":\"Focolari\"}]},{\"@type\":\"WebSite\",\"@id\":\"https:\\\/\\\/www.diocese-belfort-montbeliard.fr\\\/charmont-montbeliard\\\/#website\",\"url\":\"https:\\\/\\\/www.diocese-belfort-montbeliard.fr\\\/charmont-montbeliard\\\/\",\"name\":\"Doyenn\u00e9 de Charmont-Montb\u00e9liard\",\"description\":\"Dioc\u00e8se de Belfort-Montb\u00e9liard\",\"potentialAction\":[{\"@type\":\"SearchAction\",\"target\":{\"@type\":\"EntryPoint\",\"urlTemplate\":\"https:\\\/\\\/www.diocese-belfort-montbeliard.fr\\\/charmont-montbeliard\\\/?s={search_term_string}\"},\"query-input\":{\"@type\":\"PropertyValueSpecification\",\"valueRequired\":true,\"valueName\":\"search_term_string\"}}],\"inLanguage\":\"fr-FR\"}]}<\/script>\n<!-- \/ Yoast SEO plugin. -->","yoast_head_json":{"title":"Focolari - Doyenn\u00e9 de Charmont-Montb\u00e9liard","robots":{"index":"index","follow":"follow","max-snippet":"max-snippet:-1","max-image-preview":"max-image-preview:large","max-video-preview":"max-video-preview:-1"},"canonical":"https:\/\/www.diocese-belfort-montbeliard.fr\/charmont-montbeliard\/paroisses\/saint-paul\/mouvements\/focolari\/","og_locale":"fr_FR","og_type":"article","og_title":"Focolari - Doyenn\u00e9 de Charmont-Montb\u00e9liard","og_description":"Au&nbsp; plus&nbsp; fort&nbsp; des&nbsp; bombardements&nbsp; de&nbsp; la&nbsp; derni\u00e8re&nbsp; guerre mondiale,&nbsp; en&nbsp; 1943&nbsp; \u00e0 Trente (Italie&nbsp; du nord),&nbsp; Chiara&nbsp; Lubich, &nbsp;une&nbsp; jeune&nbsp; institutrice,&nbsp; red\u00e9couvre&nbsp; avec&nbsp; quelques&nbsp; compagnes&nbsp; la&nbsp; force indestructible de l\u2019Amour de Dieu. Elles s\u2019appuient sur l\u2019\u00c9vangile, qu\u2019elles s\u2019appliquent \u00e0 vivre dans leur&nbsp; avenir&nbsp; incertain. L\u2019\u00e9criture&nbsp; devient pour&nbsp; ellesParole de Vie. Telle une&nbsp; v\u00e9ritable p\u00e9dagogie,&nbsp; [&hellip;]","og_url":"https:\/\/www.diocese-belfort-montbeliard.fr\/charmont-montbeliard\/paroisses\/saint-paul\/mouvements\/focolari\/","og_site_name":"Doyenn\u00e9 de Charmont-Montb\u00e9liard","og_image":[{"width":261,"height":240,"url":"https:\/\/www.diocese-belfort-montbeliard.fr\/charmont-montbeliard\/wp-content\/uploads\/sites\/8\/2021\/01\/image-10.jpeg","type":"image\/jpeg"}],"twitter_card":"summary_large_image","twitter_misc":{"Dur\u00e9e de lecture estim\u00e9e":"2 minutes"},"schema":{"@context":"https:\/\/schema.org","@graph":[{"@type":"WebPage","@id":"https:\/\/www.diocese-belfort-montbeliard.fr\/charmont-montbeliard\/paroisses\/saint-paul\/mouvements\/focolari\/","url":"https:\/\/www.diocese-belfort-montbeliard.fr\/charmont-montbeliard\/paroisses\/saint-paul\/mouvements\/focolari\/","name":"Focolari - Doyenn\u00e9 de Charmont-Montb\u00e9liard","isPartOf":{"@id":"https:\/\/www.diocese-belfort-montbeliard.fr\/charmont-montbeliard\/#website"},"primaryImageOfPage":{"@id":"https:\/\/www.diocese-belfort-montbeliard.fr\/charmont-montbeliard\/paroisses\/saint-paul\/mouvements\/focolari\/#primaryimage"},"image":{"@id":"https:\/\/www.diocese-belfort-montbeliard.fr\/charmont-montbeliard\/paroisses\/saint-paul\/mouvements\/focolari\/#primaryimage"},"thumbnailUrl":"https:\/\/www.diocese-belfort-montbeliard.fr\/charmont-montbeliard\/wp-content\/uploads\/sites\/8\/2021\/01\/image-10.jpeg","datePublished":"2021-01-06T18:12:45+00:00","breadcrumb":{"@id":"https:\/\/www.diocese-belfort-montbeliard.fr\/charmont-montbeliard\/paroisses\/saint-paul\/mouvements\/focolari\/#breadcrumb"},"inLanguage":"fr-FR","potentialAction":[{"@type":"ReadAction","target":["https:\/\/www.diocese-belfort-montbeliard.fr\/charmont-montbeliard\/paroisses\/saint-paul\/mouvements\/focolari\/"]}]},{"@type":"ImageObject","inLanguage":"fr-FR","@id":"https:\/\/www.diocese-belfort-montbeliard.fr\/charmont-montbeliard\/paroisses\/saint-paul\/mouvements\/focolari\/#primaryimage","url":"https:\/\/www.diocese-belfort-montbeliard.fr\/charmont-montbeliard\/wp-content\/uploads\/sites\/8\/2021\/01\/image-10.jpeg","contentUrl":"https:\/\/www.diocese-belfort-montbeliard.fr\/charmont-montbeliard\/wp-content\/uploads\/sites\/8\/2021\/01\/image-10.jpeg","width":261,"height":240},{"@type":"BreadcrumbList","@id":"https:\/\/www.diocese-belfort-montbeliard.fr\/charmont-montbeliard\/paroisses\/saint-paul\/mouvements\/focolari\/#breadcrumb","itemListElement":[{"@type":"ListItem","position":1,"name":"Accueil","item":"https:\/\/www.diocese-belfort-montbeliard.fr\/charmont-montbeliard\/"},{"@type":"ListItem","position":2,"name":"Saint Paul","item":"https:\/\/www.diocese-belfort-montbeliard.fr\/charmont-montbeliard\/paroisses\/saint-paul\/"},{"@type":"ListItem","position":3,"name":"Mouvements","item":"https:\/\/www.diocese-belfort-montbeliard.fr\/charmont-montbeliard\/paroisses\/saint-paul\/mouvements\/"},{"@type":"ListItem","position":4,"name":"Focolari"}]},{"@type":"WebSite","@id":"https:\/\/www.diocese-belfort-montbeliard.fr\/charmont-montbeliard\/#website","url":"https:\/\/www.diocese-belfort-montbeliard.fr\/charmont-montbeliard\/","name":"Doyenn\u00e9 de Charmont-Montb\u00e9liard","description":"Dioc\u00e8se de Belfort-Montb\u00e9liard","potentialAction":[{"@type":"SearchAction","target":{"@type":"EntryPoint","urlTemplate":"https:\/\/www.diocese-belfort-montbeliard.fr\/charmont-montbeliard\/?s={search_term_string}"},"query-input":{"@type":"PropertyValueSpecification","valueRequired":true,"valueName":"search_term_string"}}],"inLanguage":"fr-FR"}]}},"_links":{"self":[{"href":"https:\/\/www.diocese-belfort-montbeliard.fr\/charmont-montbeliard\/wp-json\/wp\/v2\/paroisse\/158","targetHints":{"allow":["GET"]}}],"collection":[{"href":"https:\/\/www.diocese-belfort-montbeliard.fr\/charmont-montbeliard\/wp-json\/wp\/v2\/paroisse"}],"about":[{"href":"https:\/\/www.diocese-belfort-montbeliard.fr\/charmont-montbeliard\/wp-json\/wp\/v2\/types\/paroisse"}],"author":[{"embeddable":true,"href":"https:\/\/www.diocese-belfort-montbeliard.fr\/charmont-montbeliard\/wp-json\/wp\/v2\/users\/1"}],"version-history":[{"count":0,"href":"https:\/\/www.diocese-belfort-montbeliard.fr\/charmont-montbeliard\/wp-json\/wp\/v2\/paroisse\/158\/revisions"}],"up":[{"embeddable":true,"href":"https:\/\/www.diocese-belfort-montbeliard.fr\/charmont-montbeliard\/wp-json\/wp\/v2\/paroisse\/85"}],"wp:featuredmedia":[{"embeddable":true,"href":"https:\/\/www.diocese-belfort-montbeliard.fr\/charmont-montbeliard\/wp-json\/wp\/v2\/media\/159"}],"wp:attachment":[{"href":"https:\/\/www.diocese-belfort-montbeliard.fr\/charmont-montbeliard\/wp-json\/wp\/v2\/media?parent=158"}],"curies":[{"name":"wp","href":"https:\/\/api.w.org\/{rel}","templated":true}]}}