{"id":212,"date":"2021-01-07T15:36:44","date_gmt":"2021-01-07T14:36:44","guid":{"rendered":"https:\/\/www.diocese-belfort-montbeliard.fr\/charmont-montbeliard\/?post_type=paroisse&#038;p=212"},"modified":"2024-05-30T19:26:58","modified_gmt":"2024-05-30T17:26:58","slug":"des-chretiens-actifs","status":"publish","type":"paroisse","link":"https:\/\/www.diocese-belfort-montbeliard.fr\/charmont-montbeliard\/paroisses\/bon-pasteur\/des-chretiens-actifs\/","title":{"rendered":"Des Chr\u00e9tiens actifs"},"content":{"rendered":"\n<h2 class=\"wp-block-heading\">Secr\u00e9tariat<\/h2>\n\n\n\n<p>Heures de permanence : tous les jeudis de 14 \u00e0 16h<br>9 rue de Belfort&nbsp; VIEUX-CHARMONT<\/p>\n\n\n\n<h2 class=\"wp-block-heading\">\u00c9quipe fun\u00e9railles<\/h2>\n\n\n\n<p>Dans l\u2019\u00e9quipe de fun\u00e9railles de la paroisse du Bon Pasteur, nous sommes&nbsp; personnes, issues des diff\u00e9rents villages de la paroisse&nbsp;; deux personnes sont actuellement en formation pour venir nous compl\u00e9ter.<\/p>\n\n\n\n<p>Nous sommes tous entr\u00e9s, plus ou moins, dans cette \u00e9quipe suite \u00e0 un appel&nbsp;du pr\u00eatre ou d\u2019un autre membre de la paroisse. Au d\u00e9part, ce n\u2019\u00e9tait pas une adh\u00e9sion enthousiaste. Spontan\u00e9ment nous n&rsquo;aurions pas choisi ce service \u00e0 la paroisse, mais nous avons r\u00e9pondu \u00ab&nbsp;oui&nbsp;\u00bb \u00e0 cet appel et nous ne l\u2019avons pas regrett\u00e9.<br>En quoi consiste notre r\u00f4le&nbsp;?<\/p>\n\n\n\n<p>Apr\u00e8s une formation sur 18 mois, nous avons re\u00e7u une lettre de mission pour accueillir et accompagner la famille du d\u00e9funt. Nous les \u00e9coutons exprimer leur douleur et raconter des \u00e9l\u00e9ments de la vie de leur proche, puis nous les aidons \u00e0 choisir textes, pri\u00e8res et chants pour la c\u00e9r\u00e9monie. En tant que baptis\u00e9s, nous essayons de t\u00e9moigner de notre foi en la r\u00e9surrection, du soutien et de la mis\u00e9ricorde de l\u2019Eglise.<br>L\u2019\u00e9quipe travaille par groupes de 2 ou 3, avec ou sans le pr\u00eatre selon ses disponibilit\u00e9s.<br>Humainement, c\u2019est tr\u00e8s enrichissant de rencontrer de multiples personnes, d\u2019essayer de les comprendre \u00e0 travers leurs diff\u00e9rences et de leur apporter notre r\u00e9confort. Parfois, la famille s\u2019est \u00e9loign\u00e9e de l\u2019\u00e9glise et parfois elle est dans la r\u00e9volte&nbsp;: \u00e0 nous d\u2019essayer de trouver les mots justes pour les toucher. Faire partie d\u2019une \u00e9quipe de fun\u00e9railles est une grande gr\u00e2ce&nbsp;; c\u2019est une exp\u00e9rience forte. Cela nous apporte beaucoup et nous oblige souvent \u00e0 nous remettre en question et \u00e0 vivre notre foi de fa\u00e7on plus concr\u00e8te.<\/p>\n\n\n\n<p><strong>Que faire&nbsp; quand un membre de votre famille d\u00e9c\u00e8de&nbsp;?<\/strong><\/p>\n\n\n\n<p>La premi\u00e8re d\u00e9marche est de s\u2019adresser aux pompes fun\u00e8bres de votre choix. C\u2019est eux qui contactent le pr\u00eatre de la paroisse, pour d\u00e9finir l\u2019heure de la c\u00e9l\u00e9bration. Le pr\u00eatre demande alors \u00e0 un membre de l\u2019\u00e9quipe de&nbsp;&nbsp; prendre en charge les fun\u00e9railles et lui pr\u00e9cise s\u2019il sera l\u00e0 ou non. Ensuite celle-ci t\u00e9l\u00e9phone \u00e0 la famille pour convenir d\u2019un rendez-vous (en g\u00e9n\u00e9ral \u00e0 la cure).<\/p>\n","protected":false},"author":21,"featured_media":0,"parent":8,"menu_order":86,"template":"","meta":{"_acf_changed":false,"footnotes":""},"class_list":["post-212","paroisse","type-paroisse","status-publish","hentry"],"acf":[],"yoast_head":"<!-- This site is optimized with the Yoast SEO plugin v27.4 - https:\/\/yoast.com\/product\/yoast-seo-wordpress\/ -->\n<title>Des Chr\u00e9tiens actifs - Doyenn\u00e9 de Charmont-Montb\u00e9liard<\/title>\n<meta name=\"robots\" content=\"index, follow, max-snippet:-1, max-image-preview:large, max-video-preview:-1\" \/>\n<link rel=\"canonical\" href=\"https:\/\/www.diocese-belfort-montbeliard.fr\/charmont-montbeliard\/paroisses\/bon-pasteur\/des-chretiens-actifs\/\" \/>\n<meta property=\"og:locale\" content=\"fr_FR\" \/>\n<meta property=\"og:type\" content=\"article\" \/>\n<meta property=\"og:title\" content=\"Des Chr\u00e9tiens actifs - Doyenn\u00e9 de Charmont-Montb\u00e9liard\" \/>\n<meta property=\"og:description\" content=\"Secr\u00e9tariat Heures de permanence : tous les jeudis de 14 \u00e0 16h9 rue de Belfort&nbsp; VIEUX-CHARMONT \u00c9quipe fun\u00e9railles Dans l\u2019\u00e9quipe de fun\u00e9railles de la paroisse du Bon Pasteur, nous sommes&nbsp; personnes, issues des diff\u00e9rents villages de la paroisse&nbsp;; deux personnes sont actuellement en formation pour venir nous compl\u00e9ter. Nous sommes tous entr\u00e9s, plus ou moins, [&hellip;]\" \/>\n<meta property=\"og:url\" content=\"https:\/\/www.diocese-belfort-montbeliard.fr\/charmont-montbeliard\/paroisses\/bon-pasteur\/des-chretiens-actifs\/\" \/>\n<meta property=\"og:site_name\" content=\"Doyenn\u00e9 de Charmont-Montb\u00e9liard\" \/>\n<meta property=\"article:modified_time\" content=\"2024-05-30T17:26:58+00:00\" \/>\n<meta name=\"twitter:card\" content=\"summary_large_image\" \/>\n<meta name=\"twitter:label1\" content=\"Dur\u00e9e de lecture estim\u00e9e\" \/>\n\t<meta name=\"twitter:data1\" content=\"2 minutes\" \/>\n<script type=\"application\/ld+json\" class=\"yoast-schema-graph\">{\"@context\":\"https:\\\/\\\/schema.org\",\"@graph\":[{\"@type\":\"WebPage\",\"@id\":\"https:\\\/\\\/www.diocese-belfort-montbeliard.fr\\\/charmont-montbeliard\\\/paroisses\\\/bon-pasteur\\\/des-chretiens-actifs\\\/\",\"url\":\"https:\\\/\\\/www.diocese-belfort-montbeliard.fr\\\/charmont-montbeliard\\\/paroisses\\\/bon-pasteur\\\/des-chretiens-actifs\\\/\",\"name\":\"Des Chr\u00e9tiens actifs - Doyenn\u00e9 de Charmont-Montb\u00e9liard\",\"isPartOf\":{\"@id\":\"https:\\\/\\\/www.diocese-belfort-montbeliard.fr\\\/charmont-montbeliard\\\/#website\"},\"datePublished\":\"2021-01-07T14:36:44+00:00\",\"dateModified\":\"2024-05-30T17:26:58+00:00\",\"breadcrumb\":{\"@id\":\"https:\\\/\\\/www.diocese-belfort-montbeliard.fr\\\/charmont-montbeliard\\\/paroisses\\\/bon-pasteur\\\/des-chretiens-actifs\\\/#breadcrumb\"},\"inLanguage\":\"fr-FR\",\"potentialAction\":[{\"@type\":\"ReadAction\",\"target\":[\"https:\\\/\\\/www.diocese-belfort-montbeliard.fr\\\/charmont-montbeliard\\\/paroisses\\\/bon-pasteur\\\/des-chretiens-actifs\\\/\"]}]},{\"@type\":\"BreadcrumbList\",\"@id\":\"https:\\\/\\\/www.diocese-belfort-montbeliard.fr\\\/charmont-montbeliard\\\/paroisses\\\/bon-pasteur\\\/des-chretiens-actifs\\\/#breadcrumb\",\"itemListElement\":[{\"@type\":\"ListItem\",\"position\":1,\"name\":\"Accueil\",\"item\":\"https:\\\/\\\/www.diocese-belfort-montbeliard.fr\\\/charmont-montbeliard\\\/\"},{\"@type\":\"ListItem\",\"position\":2,\"name\":\"Bon Pasteur\",\"item\":\"https:\\\/\\\/www.diocese-belfort-montbeliard.fr\\\/charmont-montbeliard\\\/paroisses\\\/bon-pasteur\\\/\"},{\"@type\":\"ListItem\",\"position\":3,\"name\":\"Des Chr\u00e9tiens actifs\"}]},{\"@type\":\"WebSite\",\"@id\":\"https:\\\/\\\/www.diocese-belfort-montbeliard.fr\\\/charmont-montbeliard\\\/#website\",\"url\":\"https:\\\/\\\/www.diocese-belfort-montbeliard.fr\\\/charmont-montbeliard\\\/\",\"name\":\"Doyenn\u00e9 de Charmont-Montb\u00e9liard\",\"description\":\"Dioc\u00e8se de Belfort-Montb\u00e9liard\",\"potentialAction\":[{\"@type\":\"SearchAction\",\"target\":{\"@type\":\"EntryPoint\",\"urlTemplate\":\"https:\\\/\\\/www.diocese-belfort-montbeliard.fr\\\/charmont-montbeliard\\\/?s={search_term_string}\"},\"query-input\":{\"@type\":\"PropertyValueSpecification\",\"valueRequired\":true,\"valueName\":\"search_term_string\"}}],\"inLanguage\":\"fr-FR\"}]}<\/script>\n<!-- \/ Yoast SEO plugin. -->","yoast_head_json":{"title":"Des Chr\u00e9tiens actifs - Doyenn\u00e9 de Charmont-Montb\u00e9liard","robots":{"index":"index","follow":"follow","max-snippet":"max-snippet:-1","max-image-preview":"max-image-preview:large","max-video-preview":"max-video-preview:-1"},"canonical":"https:\/\/www.diocese-belfort-montbeliard.fr\/charmont-montbeliard\/paroisses\/bon-pasteur\/des-chretiens-actifs\/","og_locale":"fr_FR","og_type":"article","og_title":"Des Chr\u00e9tiens actifs - Doyenn\u00e9 de Charmont-Montb\u00e9liard","og_description":"Secr\u00e9tariat Heures de permanence : tous les jeudis de 14 \u00e0 16h9 rue de Belfort&nbsp; VIEUX-CHARMONT \u00c9quipe fun\u00e9railles Dans l\u2019\u00e9quipe de fun\u00e9railles de la paroisse du Bon Pasteur, nous sommes&nbsp; personnes, issues des diff\u00e9rents villages de la paroisse&nbsp;; deux personnes sont actuellement en formation pour venir nous compl\u00e9ter. Nous sommes tous entr\u00e9s, plus ou moins, [&hellip;]","og_url":"https:\/\/www.diocese-belfort-montbeliard.fr\/charmont-montbeliard\/paroisses\/bon-pasteur\/des-chretiens-actifs\/","og_site_name":"Doyenn\u00e9 de Charmont-Montb\u00e9liard","article_modified_time":"2024-05-30T17:26:58+00:00","twitter_card":"summary_large_image","twitter_misc":{"Dur\u00e9e de lecture estim\u00e9e":"2 minutes"},"schema":{"@context":"https:\/\/schema.org","@graph":[{"@type":"WebPage","@id":"https:\/\/www.diocese-belfort-montbeliard.fr\/charmont-montbeliard\/paroisses\/bon-pasteur\/des-chretiens-actifs\/","url":"https:\/\/www.diocese-belfort-montbeliard.fr\/charmont-montbeliard\/paroisses\/bon-pasteur\/des-chretiens-actifs\/","name":"Des Chr\u00e9tiens actifs - Doyenn\u00e9 de Charmont-Montb\u00e9liard","isPartOf":{"@id":"https:\/\/www.diocese-belfort-montbeliard.fr\/charmont-montbeliard\/#website"},"datePublished":"2021-01-07T14:36:44+00:00","dateModified":"2024-05-30T17:26:58+00:00","breadcrumb":{"@id":"https:\/\/www.diocese-belfort-montbeliard.fr\/charmont-montbeliard\/paroisses\/bon-pasteur\/des-chretiens-actifs\/#breadcrumb"},"inLanguage":"fr-FR","potentialAction":[{"@type":"ReadAction","target":["https:\/\/www.diocese-belfort-montbeliard.fr\/charmont-montbeliard\/paroisses\/bon-pasteur\/des-chretiens-actifs\/"]}]},{"@type":"BreadcrumbList","@id":"https:\/\/www.diocese-belfort-montbeliard.fr\/charmont-montbeliard\/paroisses\/bon-pasteur\/des-chretiens-actifs\/#breadcrumb","itemListElement":[{"@type":"ListItem","position":1,"name":"Accueil","item":"https:\/\/www.diocese-belfort-montbeliard.fr\/charmont-montbeliard\/"},{"@type":"ListItem","position":2,"name":"Bon Pasteur","item":"https:\/\/www.diocese-belfort-montbeliard.fr\/charmont-montbeliard\/paroisses\/bon-pasteur\/"},{"@type":"ListItem","position":3,"name":"Des Chr\u00e9tiens actifs"}]},{"@type":"WebSite","@id":"https:\/\/www.diocese-belfort-montbeliard.fr\/charmont-montbeliard\/#website","url":"https:\/\/www.diocese-belfort-montbeliard.fr\/charmont-montbeliard\/","name":"Doyenn\u00e9 de Charmont-Montb\u00e9liard","description":"Dioc\u00e8se de Belfort-Montb\u00e9liard","potentialAction":[{"@type":"SearchAction","target":{"@type":"EntryPoint","urlTemplate":"https:\/\/www.diocese-belfort-montbeliard.fr\/charmont-montbeliard\/?s={search_term_string}"},"query-input":{"@type":"PropertyValueSpecification","valueRequired":true,"valueName":"search_term_string"}}],"inLanguage":"fr-FR"}]}},"_links":{"self":[{"href":"https:\/\/www.diocese-belfort-montbeliard.fr\/charmont-montbeliard\/wp-json\/wp\/v2\/paroisse\/212","targetHints":{"allow":["GET"]}}],"collection":[{"href":"https:\/\/www.diocese-belfort-montbeliard.fr\/charmont-montbeliard\/wp-json\/wp\/v2\/paroisse"}],"about":[{"href":"https:\/\/www.diocese-belfort-montbeliard.fr\/charmont-montbeliard\/wp-json\/wp\/v2\/types\/paroisse"}],"author":[{"embeddable":true,"href":"https:\/\/www.diocese-belfort-montbeliard.fr\/charmont-montbeliard\/wp-json\/wp\/v2\/users\/21"}],"version-history":[{"count":1,"href":"https:\/\/www.diocese-belfort-montbeliard.fr\/charmont-montbeliard\/wp-json\/wp\/v2\/paroisse\/212\/revisions"}],"predecessor-version":[{"id":9680,"href":"https:\/\/www.diocese-belfort-montbeliard.fr\/charmont-montbeliard\/wp-json\/wp\/v2\/paroisse\/212\/revisions\/9680"}],"up":[{"embeddable":true,"href":"https:\/\/www.diocese-belfort-montbeliard.fr\/charmont-montbeliard\/wp-json\/wp\/v2\/paroisse\/8"}],"wp:attachment":[{"href":"https:\/\/www.diocese-belfort-montbeliard.fr\/charmont-montbeliard\/wp-json\/wp\/v2\/media?parent=212"}],"curies":[{"name":"wp","href":"https:\/\/api.w.org\/{rel}","templated":true}]}}