{"id":215,"date":"2021-01-07T15:43:22","date_gmt":"2021-01-07T14:43:22","guid":{"rendered":"https:\/\/www.diocese-belfort-montbeliard.fr\/charmont-montbeliard\/?post_type=paroisse&#038;p=215"},"modified":"2021-01-07T15:44:07","modified_gmt":"2021-01-07T14:44:07","slug":"service-evangelique-des-malades","status":"publish","type":"paroisse","link":"https:\/\/www.diocese-belfort-montbeliard.fr\/charmont-montbeliard\/paroisses\/bon-pasteur\/des-chretiens-actifs\/service-evangelique-des-malades\/","title":{"rendered":"Service \u00e9vang\u00e9lique des malades"},"content":{"rendered":"\n<p>Vous \u00eates malades, vous connaissez des personnes malades, vous souhaitez apporter aide et r\u00e9confort \u00e0 des personnes malades, le SEM (service evang\u00e9lique des malades) peut r\u00e9pondre \u00e0 vos questions, \u00e0 vos attentes.<\/p>\n\n\n\n<p><\/p>\n","protected":false},"author":1,"featured_media":0,"parent":212,"menu_order":99,"template":"","meta":{"_acf_changed":false,"footnotes":""},"class_list":["post-215","paroisse","type-paroisse","status-publish","hentry"],"acf":[],"yoast_head":"<!-- This site is optimized with the Yoast SEO plugin v27.4 - https:\/\/yoast.com\/product\/yoast-seo-wordpress\/ -->\n<title>Service \u00e9vang\u00e9lique des malades - Doyenn\u00e9 de Charmont-Montb\u00e9liard<\/title>\n<meta name=\"robots\" content=\"index, follow, max-snippet:-1, max-image-preview:large, max-video-preview:-1\" \/>\n<link rel=\"canonical\" href=\"https:\/\/www.diocese-belfort-montbeliard.fr\/charmont-montbeliard\/paroisses\/bon-pasteur\/des-chretiens-actifs\/service-evangelique-des-malades\/\" \/>\n<meta property=\"og:locale\" content=\"fr_FR\" \/>\n<meta property=\"og:type\" content=\"article\" \/>\n<meta property=\"og:title\" content=\"Service \u00e9vang\u00e9lique des malades - Doyenn\u00e9 de Charmont-Montb\u00e9liard\" \/>\n<meta property=\"og:description\" content=\"Vous \u00eates malades, vous connaissez des personnes malades, vous souhaitez apporter aide et r\u00e9confort \u00e0 des personnes malades, le SEM (service evang\u00e9lique des malades) peut r\u00e9pondre \u00e0 vos questions, \u00e0 vos attentes.\" \/>\n<meta property=\"og:url\" content=\"https:\/\/www.diocese-belfort-montbeliard.fr\/charmont-montbeliard\/paroisses\/bon-pasteur\/des-chretiens-actifs\/service-evangelique-des-malades\/\" \/>\n<meta property=\"og:site_name\" content=\"Doyenn\u00e9 de Charmont-Montb\u00e9liard\" \/>\n<meta property=\"article:modified_time\" content=\"2021-01-07T14:44:07+00:00\" \/>\n<meta name=\"twitter:card\" content=\"summary_large_image\" \/>\n<script type=\"application\/ld+json\" class=\"yoast-schema-graph\">{\"@context\":\"https:\\\/\\\/schema.org\",\"@graph\":[{\"@type\":\"WebPage\",\"@id\":\"https:\\\/\\\/www.diocese-belfort-montbeliard.fr\\\/charmont-montbeliard\\\/paroisses\\\/bon-pasteur\\\/des-chretiens-actifs\\\/service-evangelique-des-malades\\\/\",\"url\":\"https:\\\/\\\/www.diocese-belfort-montbeliard.fr\\\/charmont-montbeliard\\\/paroisses\\\/bon-pasteur\\\/des-chretiens-actifs\\\/service-evangelique-des-malades\\\/\",\"name\":\"Service \u00e9vang\u00e9lique des malades - Doyenn\u00e9 de Charmont-Montb\u00e9liard\",\"isPartOf\":{\"@id\":\"https:\\\/\\\/www.diocese-belfort-montbeliard.fr\\\/charmont-montbeliard\\\/#website\"},\"datePublished\":\"2021-01-07T14:43:22+00:00\",\"dateModified\":\"2021-01-07T14:44:07+00:00\",\"breadcrumb\":{\"@id\":\"https:\\\/\\\/www.diocese-belfort-montbeliard.fr\\\/charmont-montbeliard\\\/paroisses\\\/bon-pasteur\\\/des-chretiens-actifs\\\/service-evangelique-des-malades\\\/#breadcrumb\"},\"inLanguage\":\"fr-FR\",\"potentialAction\":[{\"@type\":\"ReadAction\",\"target\":[\"https:\\\/\\\/www.diocese-belfort-montbeliard.fr\\\/charmont-montbeliard\\\/paroisses\\\/bon-pasteur\\\/des-chretiens-actifs\\\/service-evangelique-des-malades\\\/\"]}]},{\"@type\":\"BreadcrumbList\",\"@id\":\"https:\\\/\\\/www.diocese-belfort-montbeliard.fr\\\/charmont-montbeliard\\\/paroisses\\\/bon-pasteur\\\/des-chretiens-actifs\\\/service-evangelique-des-malades\\\/#breadcrumb\",\"itemListElement\":[{\"@type\":\"ListItem\",\"position\":1,\"name\":\"Accueil\",\"item\":\"https:\\\/\\\/www.diocese-belfort-montbeliard.fr\\\/charmont-montbeliard\\\/\"},{\"@type\":\"ListItem\",\"position\":2,\"name\":\"Bon Pasteur\",\"item\":\"https:\\\/\\\/www.diocese-belfort-montbeliard.fr\\\/charmont-montbeliard\\\/paroisses\\\/bon-pasteur\\\/\"},{\"@type\":\"ListItem\",\"position\":3,\"name\":\"Des Chr\u00e9tiens actifs\",\"item\":\"https:\\\/\\\/www.diocese-belfort-montbeliard.fr\\\/charmont-montbeliard\\\/paroisses\\\/bon-pasteur\\\/des-chretiens-actifs\\\/\"},{\"@type\":\"ListItem\",\"position\":4,\"name\":\"Service \u00e9vang\u00e9lique des malades\"}]},{\"@type\":\"WebSite\",\"@id\":\"https:\\\/\\\/www.diocese-belfort-montbeliard.fr\\\/charmont-montbeliard\\\/#website\",\"url\":\"https:\\\/\\\/www.diocese-belfort-montbeliard.fr\\\/charmont-montbeliard\\\/\",\"name\":\"Doyenn\u00e9 de Charmont-Montb\u00e9liard\",\"description\":\"Dioc\u00e8se de Belfort-Montb\u00e9liard\",\"potentialAction\":[{\"@type\":\"SearchAction\",\"target\":{\"@type\":\"EntryPoint\",\"urlTemplate\":\"https:\\\/\\\/www.diocese-belfort-montbeliard.fr\\\/charmont-montbeliard\\\/?s={search_term_string}\"},\"query-input\":{\"@type\":\"PropertyValueSpecification\",\"valueRequired\":true,\"valueName\":\"search_term_string\"}}],\"inLanguage\":\"fr-FR\"}]}<\/script>\n<!-- \/ Yoast SEO plugin. -->","yoast_head_json":{"title":"Service \u00e9vang\u00e9lique des malades - Doyenn\u00e9 de Charmont-Montb\u00e9liard","robots":{"index":"index","follow":"follow","max-snippet":"max-snippet:-1","max-image-preview":"max-image-preview:large","max-video-preview":"max-video-preview:-1"},"canonical":"https:\/\/www.diocese-belfort-montbeliard.fr\/charmont-montbeliard\/paroisses\/bon-pasteur\/des-chretiens-actifs\/service-evangelique-des-malades\/","og_locale":"fr_FR","og_type":"article","og_title":"Service \u00e9vang\u00e9lique des malades - Doyenn\u00e9 de Charmont-Montb\u00e9liard","og_description":"Vous \u00eates malades, vous connaissez des personnes malades, vous souhaitez apporter aide et r\u00e9confort \u00e0 des personnes malades, le SEM (service evang\u00e9lique des malades) peut r\u00e9pondre \u00e0 vos questions, \u00e0 vos attentes.","og_url":"https:\/\/www.diocese-belfort-montbeliard.fr\/charmont-montbeliard\/paroisses\/bon-pasteur\/des-chretiens-actifs\/service-evangelique-des-malades\/","og_site_name":"Doyenn\u00e9 de Charmont-Montb\u00e9liard","article_modified_time":"2021-01-07T14:44:07+00:00","twitter_card":"summary_large_image","schema":{"@context":"https:\/\/schema.org","@graph":[{"@type":"WebPage","@id":"https:\/\/www.diocese-belfort-montbeliard.fr\/charmont-montbeliard\/paroisses\/bon-pasteur\/des-chretiens-actifs\/service-evangelique-des-malades\/","url":"https:\/\/www.diocese-belfort-montbeliard.fr\/charmont-montbeliard\/paroisses\/bon-pasteur\/des-chretiens-actifs\/service-evangelique-des-malades\/","name":"Service \u00e9vang\u00e9lique des malades - Doyenn\u00e9 de Charmont-Montb\u00e9liard","isPartOf":{"@id":"https:\/\/www.diocese-belfort-montbeliard.fr\/charmont-montbeliard\/#website"},"datePublished":"2021-01-07T14:43:22+00:00","dateModified":"2021-01-07T14:44:07+00:00","breadcrumb":{"@id":"https:\/\/www.diocese-belfort-montbeliard.fr\/charmont-montbeliard\/paroisses\/bon-pasteur\/des-chretiens-actifs\/service-evangelique-des-malades\/#breadcrumb"},"inLanguage":"fr-FR","potentialAction":[{"@type":"ReadAction","target":["https:\/\/www.diocese-belfort-montbeliard.fr\/charmont-montbeliard\/paroisses\/bon-pasteur\/des-chretiens-actifs\/service-evangelique-des-malades\/"]}]},{"@type":"BreadcrumbList","@id":"https:\/\/www.diocese-belfort-montbeliard.fr\/charmont-montbeliard\/paroisses\/bon-pasteur\/des-chretiens-actifs\/service-evangelique-des-malades\/#breadcrumb","itemListElement":[{"@type":"ListItem","position":1,"name":"Accueil","item":"https:\/\/www.diocese-belfort-montbeliard.fr\/charmont-montbeliard\/"},{"@type":"ListItem","position":2,"name":"Bon Pasteur","item":"https:\/\/www.diocese-belfort-montbeliard.fr\/charmont-montbeliard\/paroisses\/bon-pasteur\/"},{"@type":"ListItem","position":3,"name":"Des Chr\u00e9tiens actifs","item":"https:\/\/www.diocese-belfort-montbeliard.fr\/charmont-montbeliard\/paroisses\/bon-pasteur\/des-chretiens-actifs\/"},{"@type":"ListItem","position":4,"name":"Service \u00e9vang\u00e9lique des malades"}]},{"@type":"WebSite","@id":"https:\/\/www.diocese-belfort-montbeliard.fr\/charmont-montbeliard\/#website","url":"https:\/\/www.diocese-belfort-montbeliard.fr\/charmont-montbeliard\/","name":"Doyenn\u00e9 de Charmont-Montb\u00e9liard","description":"Dioc\u00e8se de Belfort-Montb\u00e9liard","potentialAction":[{"@type":"SearchAction","target":{"@type":"EntryPoint","urlTemplate":"https:\/\/www.diocese-belfort-montbeliard.fr\/charmont-montbeliard\/?s={search_term_string}"},"query-input":{"@type":"PropertyValueSpecification","valueRequired":true,"valueName":"search_term_string"}}],"inLanguage":"fr-FR"}]}},"_links":{"self":[{"href":"https:\/\/www.diocese-belfort-montbeliard.fr\/charmont-montbeliard\/wp-json\/wp\/v2\/paroisse\/215","targetHints":{"allow":["GET"]}}],"collection":[{"href":"https:\/\/www.diocese-belfort-montbeliard.fr\/charmont-montbeliard\/wp-json\/wp\/v2\/paroisse"}],"about":[{"href":"https:\/\/www.diocese-belfort-montbeliard.fr\/charmont-montbeliard\/wp-json\/wp\/v2\/types\/paroisse"}],"author":[{"embeddable":true,"href":"https:\/\/www.diocese-belfort-montbeliard.fr\/charmont-montbeliard\/wp-json\/wp\/v2\/users\/1"}],"version-history":[{"count":0,"href":"https:\/\/www.diocese-belfort-montbeliard.fr\/charmont-montbeliard\/wp-json\/wp\/v2\/paroisse\/215\/revisions"}],"up":[{"embeddable":true,"href":"https:\/\/www.diocese-belfort-montbeliard.fr\/charmont-montbeliard\/wp-json\/wp\/v2\/paroisse\/212"}],"wp:attachment":[{"href":"https:\/\/www.diocese-belfort-montbeliard.fr\/charmont-montbeliard\/wp-json\/wp\/v2\/media?parent=215"}],"curies":[{"name":"wp","href":"https:\/\/api.w.org\/{rel}","templated":true}]}}