{"id":512,"date":"2021-02-04T14:21:52","date_gmt":"2021-02-04T13:21:52","guid":{"rendered":"https:\/\/www.diocese-belfort-montbeliard.fr\/charmont-montbeliard\/?post_type=paroisse&#038;p=512"},"modified":"2025-05-24T08:57:58","modified_gmt":"2025-05-24T06:57:58","slug":"bienvenue-paroisse-saint-michel","status":"publish","type":"paroisse","link":"https:\/\/www.diocese-belfort-montbeliard.fr\/charmont-montbeliard\/paroisses\/saint-michel-voujeaucourt\/bienvenue-paroisse-saint-michel\/","title":{"rendered":"Bienvenue \u00e0 la Paroisse Saint-Michel"},"content":{"rendered":"\n<p><strong>BART \u2013 BAVANS \u2013 BERCHE \u2013 DAMPIERRE-SUR-LE-DOUBS \u2013 VOUJEAUCOURT&nbsp;<\/strong><\/p>\n\n\n\n<div class=\"wp-block-buttons is-layout-flex wp-block-buttons-is-layout-flex\">\n<div class=\"wp-block-button is-style-outline is-style-outline--1\"><a class=\"wp-block-button__link has-bleu-color has-text-color wp-element-button\" href=\"https:\/\/www.diocese-belfort-montbeliard.fr\/charmont-montbeliard\/paroisses\/saint-michel-voujeaucourt\/presentation-paroisse-saint-michel\/\" target=\"_blank\" rel=\"noreferrer noopener\">Pr\u00e9sentation<\/a><\/div>\n\n\n\n<div class=\"wp-block-button is-style-outline is-style-outline--2\"><a class=\"wp-block-button__link has-bleu-color has-text-color wp-element-button\" href=\"https:\/\/www.diocese-belfort-montbeliard.fr\/charmont-montbeliard\/paroisses\/saint-michel-voujeaucourt\/qui-etait-saint-michel\/\" target=\"_blank\" rel=\"noreferrer noopener\">Qui \u00e9tait Saint Michel<\/a><\/div>\n\n\n\n<div class=\"wp-block-button is-style-outline is-style-outline--3\"><a class=\"wp-block-button__link has-bleu-color has-text-color wp-element-button\" href=\"https:\/\/www.diocese-belfort-montbeliard.fr\/charmont-montbeliard\/actualites\/galerie-photos\/\" target=\"_blank\" rel=\"noreferrer noopener\">Galerie photos<\/a><\/div>\n\n\n\n<div class=\"wp-block-button is-style-outline is-style-outline--4\"><a class=\"wp-block-button__link has-bleu-color has-text-color wp-element-button\" href=\"https:\/\/www.diocese-belfort-montbeliard.fr\/charmont-montbeliard\/paroisses\/saint-michel-voujeaucourt\/liens-utiles\/\" target=\"_blank\" rel=\"noreferrer noopener\">Liens utiles<\/a><\/div>\n\n\n\n<div class=\"wp-block-button is-style-outline is-style-outline--5\"><a class=\"wp-block-button__link has-bleu-color has-text-color wp-element-button\" href=\"https:\/\/www.diocese-belfort-montbeliard.fr\/charmont-montbeliard\/actualites\/videos\/\" target=\"_blank\" rel=\"noreferrer noopener\">Vid\u00e9os<\/a><\/div>\n\n\n\n<div class=\"wp-block-button is-style-outline is-style-outline--6\"><a class=\"wp-block-button__link has-bleu-color has-text-color wp-element-button\" href=\"https:\/\/www.diocese-belfort-montbeliard.fr\/charmont-montbeliard\/paroisses\/saint-michel-voujeaucourt\/services-mouvements\/\" target=\"_blank\" rel=\"noreferrer noopener\">Services\/Mouvements<\/a><\/div>\n\n\n\n<div class=\"wp-block-button is-style-outline is-style-outline--7\"><a class=\"wp-block-button__link has-bleu-color has-text-color wp-element-button\" href=\"https:\/\/www.diocese-belfort-montbeliard.fr\/charmont-montbeliard\/paroisses\/saint-michel-voujeaucourt\/obseques\/\" target=\"_blank\" rel=\"noreferrer noopener\">Obs\u00e8ques<\/a><\/div>\n\n\n\n<div class=\"wp-block-button is-style-outline is-style-outline--8\"><a class=\"wp-block-button__link has-bleu-color has-text-color wp-element-button\" href=\"https:\/\/www.diocese-belfort-montbeliard.fr\/charmont-montbeliard\/paroisses\/saint-michel-voujeaucourt\/mariage\/\" target=\"_blank\" rel=\"noreferrer noopener\">Mariage<\/a><\/div>\n\n\n\n<div class=\"wp-block-button is-style-outline is-style-outline--9\"><a class=\"wp-block-button__link has-bleu-color has-text-color wp-element-button\" href=\"https:\/\/www.diocese-belfort-montbeliard.fr\/charmont-montbeliard\/paroisses\/saint-michel-voujeaucourt\/catechisme\/\" target=\"_blank\" rel=\"noreferrer noopener\">Cat\u00e9chisme<\/a><\/div>\n\n\n\n<div class=\"wp-block-button is-style-outline is-style-outline--10\"><a class=\"wp-block-button__link has-bleu-color has-text-color wp-element-button\" href=\"https:\/\/www.diocese-belfort-montbeliard.fr\/charmont-montbeliard\/paroisses\/saint-michel-voujeaucourt\/bapteme-bapteme\/\" target=\"_blank\" rel=\"noreferrer noopener\">Bapt\u00eame<\/a><\/div>\n\n\n\n<div class=\"wp-block-button is-style-outline is-style-outline--11\"><a class=\"wp-block-button__link has-bleu-color has-text-color wp-element-button\" href=\"https:\/\/www.diocese-belfort-montbeliard.fr\/charmont-montbeliard\/paroisses\/saint-michel-voujeaucourt\/qui-sommes-nous\/\" target=\"_blank\" rel=\"noreferrer noopener\">Qui sommes-nous ?<\/a><\/div>\n\n\n\n<div class=\"wp-block-button is-style-outline is-style-outline--12\"><a class=\"wp-block-button__link has-bleu-color has-text-color wp-element-button\" href=\"https:\/\/www.diocese-belfort-montbeliard.fr\/charmont-montbeliard\/paroisses\/saint-michel-voujeaucourt\/infos-pratiques\/\" target=\"_blank\" rel=\"noreferrer noopener\">Infos  pratiques<\/a><\/div>\n\n\n\n<div class=\"wp-block-button is-style-outline is-style-outline--13\"><a class=\"wp-block-button__link has-bleu-color has-text-color wp-element-button\" href=\"https:\/\/www.diocese-belfort-montbeliard.fr\/charmont-montbeliard\/paroisses\/saint-michel-voujeaucourt\/sacrements\/\" target=\"_blank\" rel=\"noreferrer noopener\">Sacrements<\/a><\/div>\n\n\n\n<div class=\"wp-block-button is-style-outline is-style-outline--14\"><a class=\"wp-block-button__link has-bleu-color has-text-color wp-element-button\" href=\"https:\/\/www.diocese-belfort-montbeliard.fr\/charmont-montbeliard\/paroisses\/saint-michel-voujeaucourt\/la-parole-des-eveques\/\" target=\"_blank\" rel=\"noreferrer noopener\">La Parole des Ev\u00eaques<\/a><\/div>\n\n\n\n<div class=\"wp-block-button is-style-outline is-style-outline--15\"><a class=\"wp-block-button__link has-bleu-color has-text-color wp-element-button\" href=\"https:\/\/www.diocese-belfort-montbeliard.fr\/charmont-montbeliard\/actualites\/agenda-de-la-paroisse-saint-michel\/\" target=\"_blank\" rel=\"noreferrer noopener\">Hebdo<\/a><\/div>\n\n\n\n<div class=\"wp-block-button is-style-outline is-style-outline--16\"><a class=\"wp-block-button__link has-bleu-color has-text-color wp-element-button\" href=\"https:\/\/www.diocese-belfort-montbeliard.fr\/charmont-montbeliard\/actualites\/echo-saint-michel\/\" target=\"_blank\" rel=\"noreferrer noopener\">Petites feuilles ECOlogiques<\/a><\/div>\n<\/div>\n\n\n\n<div class=\"wp-block-buttons is-layout-flex wp-block-buttons-is-layout-flex\">\n<div class=\"wp-block-button is-style-outline is-style-outline--17\"><a class=\"wp-block-button__link has-bleu-color has-text-color wp-element-button\" href=\"https:\/\/www.diocese-belfort-montbeliard.fr\/charmont-montbeliard\/wp-content\/uploads\/sites\/8\/2024\/03\/Calendrier-2024_2.pdf\" target=\"_blank\" rel=\"noreferrer noopener\">Calendrier<\/a><\/div>\n<\/div>\n\n\n\n<div class=\"wp-block-buttons is-layout-flex wp-block-buttons-is-layout-flex\">\n<div class=\"wp-block-button is-style-outline is-style-outline--18\"><a class=\"wp-block-button__link wp-element-button\" href=\"https:\/\/www.diocese-belfort-montbeliard.fr\/charmont-montbeliard\/actualites\/actualite\/\">Op\u00e9ration \u00ab\u00a0Entraide\u00a0\u00bb<\/a><\/div>\n<\/div>\n\n\n\n<div class=\"wp-block-buttons is-layout-flex wp-block-buttons-is-layout-flex\">\n<div class=\"wp-block-button is-style-outline is-style-outline--19\"><a class=\"wp-block-button__link has-bleu-color has-text-color wp-element-button\" href=\"https:\/\/www.diocese-belfort-montbeliard.fr\/charmont-montbeliard\/actualites\/communiques\/\" target=\"_blank\" rel=\"noreferrer noopener\">Communiqu\u00e9s<\/a><\/div>\n\n\n\n<div class=\"wp-block-button is-style-outline is-style-outline--20\"><a class=\"wp-block-button__link has-bleu-color has-text-color wp-element-button\" href=\"https:\/\/www.diocese-belfort-montbeliard.fr\/charmont-montbeliard\/actualites\/publications-severin\/\" target=\"_blank\" rel=\"noreferrer noopener\">Publications S\u00e9verin<\/a><\/div>\n\n\n\n<div class=\"wp-block-button is-style-outline is-style-outline--21\"><a class=\"wp-block-button__link has-bleu-color has-text-color wp-element-button\" href=\"https:\/\/www.diocese-belfort-montbeliard.fr\/charmont-montbeliard\/actualites\/prieres\/\">M\u00e9ditations<\/a><\/div>\n<\/div>\n\n\n\n<h2 class=\"wp-block-heading has-text-align-center\">Bienvenue sur le site de la Paroisse Saint-Michel&nbsp;<\/h2>\n\n\n\n<p>L\u2019\u00e9quipe d\u2019animation pastorale de la paroisse St Michel est heureuse de vous accueillir en ligne avant d\u2019avoir le plaisir de vous rencontrer \u00e0 l\u2019occasion d\u2019une c\u00e9l\u00e9bration ou d\u2019un autre \u00e9v\u00e9nement.<\/p>\n\n\n\n<p>Au service du Christ et de leurs fr\u00e8res en humanit\u00e9, les chr\u00e9tiens tiennent \u00e0 partager la Bonne Nouvelle qui les fait vivre. Au milieu des bourrasques de ce monde, ils tentent de maintenir lumineuses les trois petites flammes de la foi, de l\u2019esp\u00e9rance et de l\u2019amour.<\/p>\n\n\n\n<p>Soyez d\u2019ores et d\u00e9j\u00e0 assur\u00e9s de notre pri\u00e8re.<\/p>\n\n\n\n<p>Votre EAP<\/p>\n\n\n\n<figure class=\"wp-block-image size-large\"><a href=\"https:\/\/www.diocese-belfort-montbeliard.fr\/charmont-montbeliard\/actualites\/agenda-de-la-paroisse-saint-michel\/\"><img loading=\"lazy\" decoding=\"async\" width=\"1115\" height=\"1080\" src=\"https:\/\/www.diocese-belfort-montbeliard.fr\/charmont-montbeliard\/wp-content\/uploads\/sites\/8\/2021\/02\/Trombinoscope-EAP-V4-1115x1080.jpg\" alt=\"\" class=\"wp-image-11681\" srcset=\"https:\/\/www.diocese-belfort-montbeliard.fr\/charmont-montbeliard\/wp-content\/uploads\/sites\/8\/2021\/02\/Trombinoscope-EAP-V4-1115x1080.jpg 1115w, https:\/\/www.diocese-belfort-montbeliard.fr\/charmont-montbeliard\/wp-content\/uploads\/sites\/8\/2021\/02\/Trombinoscope-EAP-V4-600x581.jpg 600w, https:\/\/www.diocese-belfort-montbeliard.fr\/charmont-montbeliard\/wp-content\/uploads\/sites\/8\/2021\/02\/Trombinoscope-EAP-V4-768x744.jpg 768w, https:\/\/www.diocese-belfort-montbeliard.fr\/charmont-montbeliard\/wp-content\/uploads\/sites\/8\/2021\/02\/Trombinoscope-EAP-V4-1536x1488.jpg 1536w, https:\/\/www.diocese-belfort-montbeliard.fr\/charmont-montbeliard\/wp-content\/uploads\/sites\/8\/2021\/02\/Trombinoscope-EAP-V4.jpg 1738w\" sizes=\"auto, (max-width: 1115px) 100vw, 1115px\" \/><\/a><figcaption class=\"wp-element-caption\">Screenshot<\/figcaption><\/figure>\n","protected":false},"author":34,"featured_media":0,"parent":10,"menu_order":76,"template":"","meta":{"_acf_changed":false,"footnotes":""},"class_list":["post-512","paroisse","type-paroisse","status-publish","hentry"],"acf":[],"yoast_head":"<!-- This site is optimized with the Yoast SEO plugin v27.4 - https:\/\/yoast.com\/product\/yoast-seo-wordpress\/ -->\n<title>Bienvenue \u00e0 la Paroisse Saint-Michel - Doyenn\u00e9 de Charmont-Montb\u00e9liard<\/title>\n<meta name=\"description\" content=\"Paroisse Saint-Michel Voujeaucourt Bart Bavans Berche Dampierre-sur-le-Doubs\" \/>\n<meta name=\"robots\" content=\"index, follow, max-snippet:-1, max-image-preview:large, max-video-preview:-1\" \/>\n<link rel=\"canonical\" href=\"https:\/\/www.diocese-belfort-montbeliard.fr\/charmont-montbeliard\/paroisses\/saint-michel-voujeaucourt\/bienvenue-paroisse-saint-michel\/\" \/>\n<meta property=\"og:locale\" content=\"fr_FR\" \/>\n<meta property=\"og:type\" content=\"article\" \/>\n<meta property=\"og:title\" content=\"Bienvenue \u00e0 la Paroisse Saint-Michel - Doyenn\u00e9 de Charmont-Montb\u00e9liard\" \/>\n<meta property=\"og:description\" content=\"Paroisse Saint-Michel Voujeaucourt Bart Bavans Berche Dampierre-sur-le-Doubs\" \/>\n<meta property=\"og:url\" content=\"https:\/\/www.diocese-belfort-montbeliard.fr\/charmont-montbeliard\/paroisses\/saint-michel-voujeaucourt\/bienvenue-paroisse-saint-michel\/\" \/>\n<meta property=\"og:site_name\" content=\"Doyenn\u00e9 de Charmont-Montb\u00e9liard\" \/>\n<meta property=\"article:modified_time\" content=\"2025-05-24T06:57:58+00:00\" \/>\n<meta property=\"og:image\" content=\"https:\/\/www.diocese-belfort-montbeliard.fr\/charmont-montbeliard\/wp-content\/uploads\/sites\/8\/2021\/02\/Trombinoscope-EAP-V4-1115x1080.jpg\" \/>\n<meta name=\"twitter:card\" content=\"summary_large_image\" \/>\n<meta name=\"twitter:label1\" content=\"Dur\u00e9e de lecture estim\u00e9e\" \/>\n\t<meta name=\"twitter:data1\" content=\"1 minute\" \/>\n<script type=\"application\/ld+json\" class=\"yoast-schema-graph\">{\"@context\":\"https:\\\/\\\/schema.org\",\"@graph\":[{\"@type\":\"WebPage\",\"@id\":\"https:\\\/\\\/www.diocese-belfort-montbeliard.fr\\\/charmont-montbeliard\\\/paroisses\\\/saint-michel-voujeaucourt\\\/bienvenue-paroisse-saint-michel\\\/\",\"url\":\"https:\\\/\\\/www.diocese-belfort-montbeliard.fr\\\/charmont-montbeliard\\\/paroisses\\\/saint-michel-voujeaucourt\\\/bienvenue-paroisse-saint-michel\\\/\",\"name\":\"Bienvenue \u00e0 la Paroisse Saint-Michel - Doyenn\u00e9 de Charmont-Montb\u00e9liard\",\"isPartOf\":{\"@id\":\"https:\\\/\\\/www.diocese-belfort-montbeliard.fr\\\/charmont-montbeliard\\\/#website\"},\"primaryImageOfPage\":{\"@id\":\"https:\\\/\\\/www.diocese-belfort-montbeliard.fr\\\/charmont-montbeliard\\\/paroisses\\\/saint-michel-voujeaucourt\\\/bienvenue-paroisse-saint-michel\\\/#primaryimage\"},\"image\":{\"@id\":\"https:\\\/\\\/www.diocese-belfort-montbeliard.fr\\\/charmont-montbeliard\\\/paroisses\\\/saint-michel-voujeaucourt\\\/bienvenue-paroisse-saint-michel\\\/#primaryimage\"},\"thumbnailUrl\":\"https:\\\/\\\/www.diocese-belfort-montbeliard.fr\\\/charmont-montbeliard\\\/wp-content\\\/uploads\\\/sites\\\/8\\\/2021\\\/02\\\/Trombinoscope-EAP-V4-1115x1080.jpg\",\"datePublished\":\"2021-02-04T13:21:52+00:00\",\"dateModified\":\"2025-05-24T06:57:58+00:00\",\"description\":\"Paroisse Saint-Michel Voujeaucourt Bart Bavans Berche Dampierre-sur-le-Doubs\",\"breadcrumb\":{\"@id\":\"https:\\\/\\\/www.diocese-belfort-montbeliard.fr\\\/charmont-montbeliard\\\/paroisses\\\/saint-michel-voujeaucourt\\\/bienvenue-paroisse-saint-michel\\\/#breadcrumb\"},\"inLanguage\":\"fr-FR\",\"potentialAction\":[{\"@type\":\"ReadAction\",\"target\":[\"https:\\\/\\\/www.diocese-belfort-montbeliard.fr\\\/charmont-montbeliard\\\/paroisses\\\/saint-michel-voujeaucourt\\\/bienvenue-paroisse-saint-michel\\\/\"]}]},{\"@type\":\"ImageObject\",\"inLanguage\":\"fr-FR\",\"@id\":\"https:\\\/\\\/www.diocese-belfort-montbeliard.fr\\\/charmont-montbeliard\\\/paroisses\\\/saint-michel-voujeaucourt\\\/bienvenue-paroisse-saint-michel\\\/#primaryimage\",\"url\":\"https:\\\/\\\/www.diocese-belfort-montbeliard.fr\\\/charmont-montbeliard\\\/wp-content\\\/uploads\\\/sites\\\/8\\\/2021\\\/02\\\/Trombinoscope-EAP-V4.jpg\",\"contentUrl\":\"https:\\\/\\\/www.diocese-belfort-montbeliard.fr\\\/charmont-montbeliard\\\/wp-content\\\/uploads\\\/sites\\\/8\\\/2021\\\/02\\\/Trombinoscope-EAP-V4.jpg\",\"width\":1738,\"height\":1684,\"caption\":\"Screenshot\"},{\"@type\":\"BreadcrumbList\",\"@id\":\"https:\\\/\\\/www.diocese-belfort-montbeliard.fr\\\/charmont-montbeliard\\\/paroisses\\\/saint-michel-voujeaucourt\\\/bienvenue-paroisse-saint-michel\\\/#breadcrumb\",\"itemListElement\":[{\"@type\":\"ListItem\",\"position\":1,\"name\":\"Accueil\",\"item\":\"https:\\\/\\\/www.diocese-belfort-montbeliard.fr\\\/charmont-montbeliard\\\/\"},{\"@type\":\"ListItem\",\"position\":2,\"name\":\"Paroisse Saint-Michel\",\"item\":\"https:\\\/\\\/www.diocese-belfort-montbeliard.fr\\\/charmont-montbeliard\\\/paroisses\\\/saint-michel-voujeaucourt\\\/\"},{\"@type\":\"ListItem\",\"position\":3,\"name\":\"Bienvenue \u00e0 la Paroisse Saint-Michel\"}]},{\"@type\":\"WebSite\",\"@id\":\"https:\\\/\\\/www.diocese-belfort-montbeliard.fr\\\/charmont-montbeliard\\\/#website\",\"url\":\"https:\\\/\\\/www.diocese-belfort-montbeliard.fr\\\/charmont-montbeliard\\\/\",\"name\":\"Doyenn\u00e9 de Charmont-Montb\u00e9liard\",\"description\":\"Dioc\u00e8se de Belfort-Montb\u00e9liard\",\"potentialAction\":[{\"@type\":\"SearchAction\",\"target\":{\"@type\":\"EntryPoint\",\"urlTemplate\":\"https:\\\/\\\/www.diocese-belfort-montbeliard.fr\\\/charmont-montbeliard\\\/?s={search_term_string}\"},\"query-input\":{\"@type\":\"PropertyValueSpecification\",\"valueRequired\":true,\"valueName\":\"search_term_string\"}}],\"inLanguage\":\"fr-FR\"}]}<\/script>\n<!-- \/ Yoast SEO plugin. -->","yoast_head_json":{"title":"Bienvenue \u00e0 la Paroisse Saint-Michel - Doyenn\u00e9 de Charmont-Montb\u00e9liard","description":"Paroisse Saint-Michel Voujeaucourt Bart Bavans Berche Dampierre-sur-le-Doubs","robots":{"index":"index","follow":"follow","max-snippet":"max-snippet:-1","max-image-preview":"max-image-preview:large","max-video-preview":"max-video-preview:-1"},"canonical":"https:\/\/www.diocese-belfort-montbeliard.fr\/charmont-montbeliard\/paroisses\/saint-michel-voujeaucourt\/bienvenue-paroisse-saint-michel\/","og_locale":"fr_FR","og_type":"article","og_title":"Bienvenue \u00e0 la Paroisse Saint-Michel - Doyenn\u00e9 de Charmont-Montb\u00e9liard","og_description":"Paroisse Saint-Michel Voujeaucourt Bart Bavans Berche Dampierre-sur-le-Doubs","og_url":"https:\/\/www.diocese-belfort-montbeliard.fr\/charmont-montbeliard\/paroisses\/saint-michel-voujeaucourt\/bienvenue-paroisse-saint-michel\/","og_site_name":"Doyenn\u00e9 de Charmont-Montb\u00e9liard","article_modified_time":"2025-05-24T06:57:58+00:00","og_image":[{"url":"https:\/\/www.diocese-belfort-montbeliard.fr\/charmont-montbeliard\/wp-content\/uploads\/sites\/8\/2021\/02\/Trombinoscope-EAP-V4-1115x1080.jpg","type":"","width":"","height":""}],"twitter_card":"summary_large_image","twitter_misc":{"Dur\u00e9e de lecture estim\u00e9e":"1 minute"},"schema":{"@context":"https:\/\/schema.org","@graph":[{"@type":"WebPage","@id":"https:\/\/www.diocese-belfort-montbeliard.fr\/charmont-montbeliard\/paroisses\/saint-michel-voujeaucourt\/bienvenue-paroisse-saint-michel\/","url":"https:\/\/www.diocese-belfort-montbeliard.fr\/charmont-montbeliard\/paroisses\/saint-michel-voujeaucourt\/bienvenue-paroisse-saint-michel\/","name":"Bienvenue \u00e0 la Paroisse Saint-Michel - Doyenn\u00e9 de Charmont-Montb\u00e9liard","isPartOf":{"@id":"https:\/\/www.diocese-belfort-montbeliard.fr\/charmont-montbeliard\/#website"},"primaryImageOfPage":{"@id":"https:\/\/www.diocese-belfort-montbeliard.fr\/charmont-montbeliard\/paroisses\/saint-michel-voujeaucourt\/bienvenue-paroisse-saint-michel\/#primaryimage"},"image":{"@id":"https:\/\/www.diocese-belfort-montbeliard.fr\/charmont-montbeliard\/paroisses\/saint-michel-voujeaucourt\/bienvenue-paroisse-saint-michel\/#primaryimage"},"thumbnailUrl":"https:\/\/www.diocese-belfort-montbeliard.fr\/charmont-montbeliard\/wp-content\/uploads\/sites\/8\/2021\/02\/Trombinoscope-EAP-V4-1115x1080.jpg","datePublished":"2021-02-04T13:21:52+00:00","dateModified":"2025-05-24T06:57:58+00:00","description":"Paroisse Saint-Michel Voujeaucourt Bart Bavans Berche Dampierre-sur-le-Doubs","breadcrumb":{"@id":"https:\/\/www.diocese-belfort-montbeliard.fr\/charmont-montbeliard\/paroisses\/saint-michel-voujeaucourt\/bienvenue-paroisse-saint-michel\/#breadcrumb"},"inLanguage":"fr-FR","potentialAction":[{"@type":"ReadAction","target":["https:\/\/www.diocese-belfort-montbeliard.fr\/charmont-montbeliard\/paroisses\/saint-michel-voujeaucourt\/bienvenue-paroisse-saint-michel\/"]}]},{"@type":"ImageObject","inLanguage":"fr-FR","@id":"https:\/\/www.diocese-belfort-montbeliard.fr\/charmont-montbeliard\/paroisses\/saint-michel-voujeaucourt\/bienvenue-paroisse-saint-michel\/#primaryimage","url":"https:\/\/www.diocese-belfort-montbeliard.fr\/charmont-montbeliard\/wp-content\/uploads\/sites\/8\/2021\/02\/Trombinoscope-EAP-V4.jpg","contentUrl":"https:\/\/www.diocese-belfort-montbeliard.fr\/charmont-montbeliard\/wp-content\/uploads\/sites\/8\/2021\/02\/Trombinoscope-EAP-V4.jpg","width":1738,"height":1684,"caption":"Screenshot"},{"@type":"BreadcrumbList","@id":"https:\/\/www.diocese-belfort-montbeliard.fr\/charmont-montbeliard\/paroisses\/saint-michel-voujeaucourt\/bienvenue-paroisse-saint-michel\/#breadcrumb","itemListElement":[{"@type":"ListItem","position":1,"name":"Accueil","item":"https:\/\/www.diocese-belfort-montbeliard.fr\/charmont-montbeliard\/"},{"@type":"ListItem","position":2,"name":"Paroisse Saint-Michel","item":"https:\/\/www.diocese-belfort-montbeliard.fr\/charmont-montbeliard\/paroisses\/saint-michel-voujeaucourt\/"},{"@type":"ListItem","position":3,"name":"Bienvenue \u00e0 la Paroisse Saint-Michel"}]},{"@type":"WebSite","@id":"https:\/\/www.diocese-belfort-montbeliard.fr\/charmont-montbeliard\/#website","url":"https:\/\/www.diocese-belfort-montbeliard.fr\/charmont-montbeliard\/","name":"Doyenn\u00e9 de Charmont-Montb\u00e9liard","description":"Dioc\u00e8se de Belfort-Montb\u00e9liard","potentialAction":[{"@type":"SearchAction","target":{"@type":"EntryPoint","urlTemplate":"https:\/\/www.diocese-belfort-montbeliard.fr\/charmont-montbeliard\/?s={search_term_string}"},"query-input":{"@type":"PropertyValueSpecification","valueRequired":true,"valueName":"search_term_string"}}],"inLanguage":"fr-FR"}]}},"_links":{"self":[{"href":"https:\/\/www.diocese-belfort-montbeliard.fr\/charmont-montbeliard\/wp-json\/wp\/v2\/paroisse\/512","targetHints":{"allow":["GET"]}}],"collection":[{"href":"https:\/\/www.diocese-belfort-montbeliard.fr\/charmont-montbeliard\/wp-json\/wp\/v2\/paroisse"}],"about":[{"href":"https:\/\/www.diocese-belfort-montbeliard.fr\/charmont-montbeliard\/wp-json\/wp\/v2\/types\/paroisse"}],"author":[{"embeddable":true,"href":"https:\/\/www.diocese-belfort-montbeliard.fr\/charmont-montbeliard\/wp-json\/wp\/v2\/users\/34"}],"version-history":[{"count":9,"href":"https:\/\/www.diocese-belfort-montbeliard.fr\/charmont-montbeliard\/wp-json\/wp\/v2\/paroisse\/512\/revisions"}],"predecessor-version":[{"id":11683,"href":"https:\/\/www.diocese-belfort-montbeliard.fr\/charmont-montbeliard\/wp-json\/wp\/v2\/paroisse\/512\/revisions\/11683"}],"up":[{"embeddable":true,"href":"https:\/\/www.diocese-belfort-montbeliard.fr\/charmont-montbeliard\/wp-json\/wp\/v2\/paroisse\/10"}],"wp:attachment":[{"href":"https:\/\/www.diocese-belfort-montbeliard.fr\/charmont-montbeliard\/wp-json\/wp\/v2\/media?parent=512"}],"curies":[{"name":"wp","href":"https:\/\/api.w.org\/{rel}","templated":true}]}}