{"id":76,"date":"2021-01-06T18:33:57","date_gmt":"2021-01-06T17:33:57","guid":{"rendered":"https:\/\/www.diocese-belfort-montbeliard.fr\/charmont-montbeliard\/?post_type=paroisse&#038;p=76"},"modified":"2021-01-06T18:33:57","modified_gmt":"2021-01-06T17:33:57","slug":"dimanche-avec-les-petits","status":"publish","type":"paroisse","link":"https:\/\/www.diocese-belfort-montbeliard.fr\/charmont-montbeliard\/paroisses\/saint-paul\/jeunes\/dimanche-avec-les-petits\/","title":{"rendered":"Dimanche avec les petits"},"content":{"rendered":"\n<p>PR\u00c9SENTATION DES GROUPES, INSCRIPTION ET CONTACTS<\/p>\n\n\n\n<p>Eveil de la foi :<\/p>\n\n\n\n<p>Un temps de c\u00e9l\u00e9bration \u00e0 l&rsquo;\u00e9veil \u00e0 la foi.<\/p>\n\n\n\n<p>Une fois par mois (g\u00e9n\u00e9ralement le premier dimanche de chaque mois, sauf vacances scolaires), les enfants de 4 \u00e0 8 ans sont invit\u00e9s durant la messe du dimanche de 10h30 \u00e0 Saint Maimboeuf \u00e0 un temps d&rsquo;\u00e9veil \u00e0 la foi.<\/p>\n\n\n\n<p>Avec plusieurs animatrices, ils \u00e9coutent les textes de la liturgie racont\u00e9s, prient et font le plus souvent un objet qui va les aider \u00e0 penser \u00e0 J\u00e9sus une fois rentr\u00e9s \u00e0 la maison !<\/p>\n\n\n\n<ul class=\"wp-block-list\"><li>G\u00e9n\u00e9ralement le 1er dimanche de chaque mois, v\u00e9rifier sur la feuille paroissiale !<\/li><li>Ouvert \u00e0 tous les enfants, sans inscription et sans engagement.<\/li><li>Prochaines dates pr\u00e9vues :<ul><li>&#8211; dimanche 04 octobre 2020<\/li><li>&#8211; dimanche 1er novembre 2020<\/li><li>&#8211; dimanche 06 d\u00e9cembre 2020<\/li><li>&#8211; dimanche 10 janvier 2021<\/li><li>&#8211; dimanche 07 f\u00e9vrier 2021<\/li><li>&#8211; dimanche 07 mars 2021<\/li><li>&#8211; dimanche 11 avril 2021<\/li><li>&#8211; dimanche 02 mai 2021<\/li><li>&#8211; dimanche 06 juin 2021<\/li><\/ul><\/li><\/ul>\n\n\n\n<div class=\"wp-block-image\"><figure class=\"aligncenter size-large\"><img loading=\"lazy\" decoding=\"async\" width=\"1494\" height=\"1080\" src=\"https:\/\/www.diocese-belfort-montbeliard.fr\/charmont-montbeliard\/wp-content\/uploads\/sites\/8\/2021\/01\/image-4-1494x1080.jpeg\" alt=\"\" class=\"wp-image-77\" srcset=\"https:\/\/www.diocese-belfort-montbeliard.fr\/charmont-montbeliard\/wp-content\/uploads\/sites\/8\/2021\/01\/image-4-1494x1080.jpeg 1494w, https:\/\/www.diocese-belfort-montbeliard.fr\/charmont-montbeliard\/wp-content\/uploads\/sites\/8\/2021\/01\/image-4-600x434.jpeg 600w, https:\/\/www.diocese-belfort-montbeliard.fr\/charmont-montbeliard\/wp-content\/uploads\/sites\/8\/2021\/01\/image-4-768x555.jpeg 768w, https:\/\/www.diocese-belfort-montbeliard.fr\/charmont-montbeliard\/wp-content\/uploads\/sites\/8\/2021\/01\/image-4-1536x1110.jpeg 1536w, https:\/\/www.diocese-belfort-montbeliard.fr\/charmont-montbeliard\/wp-content\/uploads\/sites\/8\/2021\/01\/image-4-2048x1480.jpeg 2048w\" sizes=\"auto, (max-width: 1494px) 100vw, 1494px\" \/><\/figure><\/div>\n\n\n\n<p><\/p>\n","protected":false},"author":1,"featured_media":77,"parent":75,"menu_order":130,"template":"","meta":{"_acf_changed":false,"footnotes":""},"class_list":["post-76","paroisse","type-paroisse","status-publish","has-post-thumbnail","hentry"],"acf":[],"yoast_head":"<!-- This site is optimized with the Yoast SEO plugin v27.4 - https:\/\/yoast.com\/product\/yoast-seo-wordpress\/ -->\n<title>Dimanche avec les petits - Doyenn\u00e9 de Charmont-Montb\u00e9liard<\/title>\n<meta name=\"robots\" content=\"index, follow, max-snippet:-1, max-image-preview:large, max-video-preview:-1\" \/>\n<link rel=\"canonical\" href=\"https:\/\/www.diocese-belfort-montbeliard.fr\/charmont-montbeliard\/paroisses\/saint-paul\/jeunes\/dimanche-avec-les-petits\/\" \/>\n<meta property=\"og:locale\" content=\"fr_FR\" \/>\n<meta property=\"og:type\" content=\"article\" \/>\n<meta property=\"og:title\" content=\"Dimanche avec les petits - Doyenn\u00e9 de Charmont-Montb\u00e9liard\" \/>\n<meta property=\"og:description\" content=\"PR\u00c9SENTATION DES GROUPES, INSCRIPTION ET CONTACTS Eveil de la foi : Un temps de c\u00e9l\u00e9bration \u00e0 l&rsquo;\u00e9veil \u00e0 la foi. Une fois par mois (g\u00e9n\u00e9ralement le premier dimanche de chaque mois, sauf vacances scolaires), les enfants de 4 \u00e0 8 ans sont invit\u00e9s durant la messe du dimanche de 10h30 \u00e0 Saint Maimboeuf \u00e0 un [&hellip;]\" \/>\n<meta property=\"og:url\" content=\"https:\/\/www.diocese-belfort-montbeliard.fr\/charmont-montbeliard\/paroisses\/saint-paul\/jeunes\/dimanche-avec-les-petits\/\" \/>\n<meta property=\"og:site_name\" content=\"Doyenn\u00e9 de Charmont-Montb\u00e9liard\" \/>\n<meta property=\"og:image\" content=\"https:\/\/www.diocese-belfort-montbeliard.fr\/charmont-montbeliard\/wp-content\/uploads\/sites\/8\/2021\/01\/image-4-1494x1080.jpeg\" \/>\n\t<meta property=\"og:image:width\" content=\"1494\" \/>\n\t<meta property=\"og:image:height\" content=\"1080\" \/>\n\t<meta property=\"og:image:type\" content=\"image\/jpeg\" \/>\n<meta name=\"twitter:card\" content=\"summary_large_image\" \/>\n<meta name=\"twitter:label1\" content=\"Dur\u00e9e de lecture estim\u00e9e\" \/>\n\t<meta name=\"twitter:data1\" content=\"1 minute\" \/>\n<script type=\"application\/ld+json\" class=\"yoast-schema-graph\">{\"@context\":\"https:\\\/\\\/schema.org\",\"@graph\":[{\"@type\":\"WebPage\",\"@id\":\"https:\\\/\\\/www.diocese-belfort-montbeliard.fr\\\/charmont-montbeliard\\\/paroisses\\\/saint-paul\\\/jeunes\\\/dimanche-avec-les-petits\\\/\",\"url\":\"https:\\\/\\\/www.diocese-belfort-montbeliard.fr\\\/charmont-montbeliard\\\/paroisses\\\/saint-paul\\\/jeunes\\\/dimanche-avec-les-petits\\\/\",\"name\":\"Dimanche avec les petits - Doyenn\u00e9 de Charmont-Montb\u00e9liard\",\"isPartOf\":{\"@id\":\"https:\\\/\\\/www.diocese-belfort-montbeliard.fr\\\/charmont-montbeliard\\\/#website\"},\"primaryImageOfPage\":{\"@id\":\"https:\\\/\\\/www.diocese-belfort-montbeliard.fr\\\/charmont-montbeliard\\\/paroisses\\\/saint-paul\\\/jeunes\\\/dimanche-avec-les-petits\\\/#primaryimage\"},\"image\":{\"@id\":\"https:\\\/\\\/www.diocese-belfort-montbeliard.fr\\\/charmont-montbeliard\\\/paroisses\\\/saint-paul\\\/jeunes\\\/dimanche-avec-les-petits\\\/#primaryimage\"},\"thumbnailUrl\":\"https:\\\/\\\/www.diocese-belfort-montbeliard.fr\\\/charmont-montbeliard\\\/wp-content\\\/uploads\\\/sites\\\/8\\\/2021\\\/01\\\/image-4.jpeg\",\"datePublished\":\"2021-01-06T17:33:57+00:00\",\"breadcrumb\":{\"@id\":\"https:\\\/\\\/www.diocese-belfort-montbeliard.fr\\\/charmont-montbeliard\\\/paroisses\\\/saint-paul\\\/jeunes\\\/dimanche-avec-les-petits\\\/#breadcrumb\"},\"inLanguage\":\"fr-FR\",\"potentialAction\":[{\"@type\":\"ReadAction\",\"target\":[\"https:\\\/\\\/www.diocese-belfort-montbeliard.fr\\\/charmont-montbeliard\\\/paroisses\\\/saint-paul\\\/jeunes\\\/dimanche-avec-les-petits\\\/\"]}]},{\"@type\":\"ImageObject\",\"inLanguage\":\"fr-FR\",\"@id\":\"https:\\\/\\\/www.diocese-belfort-montbeliard.fr\\\/charmont-montbeliard\\\/paroisses\\\/saint-paul\\\/jeunes\\\/dimanche-avec-les-petits\\\/#primaryimage\",\"url\":\"https:\\\/\\\/www.diocese-belfort-montbeliard.fr\\\/charmont-montbeliard\\\/wp-content\\\/uploads\\\/sites\\\/8\\\/2021\\\/01\\\/image-4.jpeg\",\"contentUrl\":\"https:\\\/\\\/www.diocese-belfort-montbeliard.fr\\\/charmont-montbeliard\\\/wp-content\\\/uploads\\\/sites\\\/8\\\/2021\\\/01\\\/image-4.jpeg\",\"width\":2540,\"height\":1836},{\"@type\":\"BreadcrumbList\",\"@id\":\"https:\\\/\\\/www.diocese-belfort-montbeliard.fr\\\/charmont-montbeliard\\\/paroisses\\\/saint-paul\\\/jeunes\\\/dimanche-avec-les-petits\\\/#breadcrumb\",\"itemListElement\":[{\"@type\":\"ListItem\",\"position\":1,\"name\":\"Accueil\",\"item\":\"https:\\\/\\\/www.diocese-belfort-montbeliard.fr\\\/charmont-montbeliard\\\/\"},{\"@type\":\"ListItem\",\"position\":2,\"name\":\"Saint Paul\",\"item\":\"https:\\\/\\\/www.diocese-belfort-montbeliard.fr\\\/charmont-montbeliard\\\/paroisses\\\/saint-paul\\\/\"},{\"@type\":\"ListItem\",\"position\":3,\"name\":\"Jeunes\",\"item\":\"https:\\\/\\\/www.diocese-belfort-montbeliard.fr\\\/charmont-montbeliard\\\/paroisses\\\/saint-paul\\\/jeunes\\\/\"},{\"@type\":\"ListItem\",\"position\":4,\"name\":\"Dimanche avec les petits\"}]},{\"@type\":\"WebSite\",\"@id\":\"https:\\\/\\\/www.diocese-belfort-montbeliard.fr\\\/charmont-montbeliard\\\/#website\",\"url\":\"https:\\\/\\\/www.diocese-belfort-montbeliard.fr\\\/charmont-montbeliard\\\/\",\"name\":\"Doyenn\u00e9 de Charmont-Montb\u00e9liard\",\"description\":\"Dioc\u00e8se de Belfort-Montb\u00e9liard\",\"potentialAction\":[{\"@type\":\"SearchAction\",\"target\":{\"@type\":\"EntryPoint\",\"urlTemplate\":\"https:\\\/\\\/www.diocese-belfort-montbeliard.fr\\\/charmont-montbeliard\\\/?s={search_term_string}\"},\"query-input\":{\"@type\":\"PropertyValueSpecification\",\"valueRequired\":true,\"valueName\":\"search_term_string\"}}],\"inLanguage\":\"fr-FR\"}]}<\/script>\n<!-- \/ Yoast SEO plugin. -->","yoast_head_json":{"title":"Dimanche avec les petits - Doyenn\u00e9 de Charmont-Montb\u00e9liard","robots":{"index":"index","follow":"follow","max-snippet":"max-snippet:-1","max-image-preview":"max-image-preview:large","max-video-preview":"max-video-preview:-1"},"canonical":"https:\/\/www.diocese-belfort-montbeliard.fr\/charmont-montbeliard\/paroisses\/saint-paul\/jeunes\/dimanche-avec-les-petits\/","og_locale":"fr_FR","og_type":"article","og_title":"Dimanche avec les petits - Doyenn\u00e9 de Charmont-Montb\u00e9liard","og_description":"PR\u00c9SENTATION DES GROUPES, INSCRIPTION ET CONTACTS Eveil de la foi : Un temps de c\u00e9l\u00e9bration \u00e0 l&rsquo;\u00e9veil \u00e0 la foi. Une fois par mois (g\u00e9n\u00e9ralement le premier dimanche de chaque mois, sauf vacances scolaires), les enfants de 4 \u00e0 8 ans sont invit\u00e9s durant la messe du dimanche de 10h30 \u00e0 Saint Maimboeuf \u00e0 un [&hellip;]","og_url":"https:\/\/www.diocese-belfort-montbeliard.fr\/charmont-montbeliard\/paroisses\/saint-paul\/jeunes\/dimanche-avec-les-petits\/","og_site_name":"Doyenn\u00e9 de Charmont-Montb\u00e9liard","og_image":[{"width":1494,"height":1080,"url":"https:\/\/www.diocese-belfort-montbeliard.fr\/charmont-montbeliard\/wp-content\/uploads\/sites\/8\/2021\/01\/image-4-1494x1080.jpeg","type":"image\/jpeg"}],"twitter_card":"summary_large_image","twitter_misc":{"Dur\u00e9e de lecture estim\u00e9e":"1 minute"},"schema":{"@context":"https:\/\/schema.org","@graph":[{"@type":"WebPage","@id":"https:\/\/www.diocese-belfort-montbeliard.fr\/charmont-montbeliard\/paroisses\/saint-paul\/jeunes\/dimanche-avec-les-petits\/","url":"https:\/\/www.diocese-belfort-montbeliard.fr\/charmont-montbeliard\/paroisses\/saint-paul\/jeunes\/dimanche-avec-les-petits\/","name":"Dimanche avec les petits - Doyenn\u00e9 de Charmont-Montb\u00e9liard","isPartOf":{"@id":"https:\/\/www.diocese-belfort-montbeliard.fr\/charmont-montbeliard\/#website"},"primaryImageOfPage":{"@id":"https:\/\/www.diocese-belfort-montbeliard.fr\/charmont-montbeliard\/paroisses\/saint-paul\/jeunes\/dimanche-avec-les-petits\/#primaryimage"},"image":{"@id":"https:\/\/www.diocese-belfort-montbeliard.fr\/charmont-montbeliard\/paroisses\/saint-paul\/jeunes\/dimanche-avec-les-petits\/#primaryimage"},"thumbnailUrl":"https:\/\/www.diocese-belfort-montbeliard.fr\/charmont-montbeliard\/wp-content\/uploads\/sites\/8\/2021\/01\/image-4.jpeg","datePublished":"2021-01-06T17:33:57+00:00","breadcrumb":{"@id":"https:\/\/www.diocese-belfort-montbeliard.fr\/charmont-montbeliard\/paroisses\/saint-paul\/jeunes\/dimanche-avec-les-petits\/#breadcrumb"},"inLanguage":"fr-FR","potentialAction":[{"@type":"ReadAction","target":["https:\/\/www.diocese-belfort-montbeliard.fr\/charmont-montbeliard\/paroisses\/saint-paul\/jeunes\/dimanche-avec-les-petits\/"]}]},{"@type":"ImageObject","inLanguage":"fr-FR","@id":"https:\/\/www.diocese-belfort-montbeliard.fr\/charmont-montbeliard\/paroisses\/saint-paul\/jeunes\/dimanche-avec-les-petits\/#primaryimage","url":"https:\/\/www.diocese-belfort-montbeliard.fr\/charmont-montbeliard\/wp-content\/uploads\/sites\/8\/2021\/01\/image-4.jpeg","contentUrl":"https:\/\/www.diocese-belfort-montbeliard.fr\/charmont-montbeliard\/wp-content\/uploads\/sites\/8\/2021\/01\/image-4.jpeg","width":2540,"height":1836},{"@type":"BreadcrumbList","@id":"https:\/\/www.diocese-belfort-montbeliard.fr\/charmont-montbeliard\/paroisses\/saint-paul\/jeunes\/dimanche-avec-les-petits\/#breadcrumb","itemListElement":[{"@type":"ListItem","position":1,"name":"Accueil","item":"https:\/\/www.diocese-belfort-montbeliard.fr\/charmont-montbeliard\/"},{"@type":"ListItem","position":2,"name":"Saint Paul","item":"https:\/\/www.diocese-belfort-montbeliard.fr\/charmont-montbeliard\/paroisses\/saint-paul\/"},{"@type":"ListItem","position":3,"name":"Jeunes","item":"https:\/\/www.diocese-belfort-montbeliard.fr\/charmont-montbeliard\/paroisses\/saint-paul\/jeunes\/"},{"@type":"ListItem","position":4,"name":"Dimanche avec les petits"}]},{"@type":"WebSite","@id":"https:\/\/www.diocese-belfort-montbeliard.fr\/charmont-montbeliard\/#website","url":"https:\/\/www.diocese-belfort-montbeliard.fr\/charmont-montbeliard\/","name":"Doyenn\u00e9 de Charmont-Montb\u00e9liard","description":"Dioc\u00e8se de Belfort-Montb\u00e9liard","potentialAction":[{"@type":"SearchAction","target":{"@type":"EntryPoint","urlTemplate":"https:\/\/www.diocese-belfort-montbeliard.fr\/charmont-montbeliard\/?s={search_term_string}"},"query-input":{"@type":"PropertyValueSpecification","valueRequired":true,"valueName":"search_term_string"}}],"inLanguage":"fr-FR"}]}},"_links":{"self":[{"href":"https:\/\/www.diocese-belfort-montbeliard.fr\/charmont-montbeliard\/wp-json\/wp\/v2\/paroisse\/76","targetHints":{"allow":["GET"]}}],"collection":[{"href":"https:\/\/www.diocese-belfort-montbeliard.fr\/charmont-montbeliard\/wp-json\/wp\/v2\/paroisse"}],"about":[{"href":"https:\/\/www.diocese-belfort-montbeliard.fr\/charmont-montbeliard\/wp-json\/wp\/v2\/types\/paroisse"}],"author":[{"embeddable":true,"href":"https:\/\/www.diocese-belfort-montbeliard.fr\/charmont-montbeliard\/wp-json\/wp\/v2\/users\/1"}],"version-history":[{"count":0,"href":"https:\/\/www.diocese-belfort-montbeliard.fr\/charmont-montbeliard\/wp-json\/wp\/v2\/paroisse\/76\/revisions"}],"up":[{"embeddable":true,"href":"https:\/\/www.diocese-belfort-montbeliard.fr\/charmont-montbeliard\/wp-json\/wp\/v2\/paroisse\/75"}],"wp:featuredmedia":[{"embeddable":true,"href":"https:\/\/www.diocese-belfort-montbeliard.fr\/charmont-montbeliard\/wp-json\/wp\/v2\/media\/77"}],"wp:attachment":[{"href":"https:\/\/www.diocese-belfort-montbeliard.fr\/charmont-montbeliard\/wp-json\/wp\/v2\/media?parent=76"}],"curies":[{"name":"wp","href":"https:\/\/api.w.org\/{rel}","templated":true}]}}