{"id":9756,"date":"2024-05-31T11:55:24","date_gmt":"2024-05-31T09:55:24","guid":{"rendered":"https:\/\/www.diocese-belfort-montbeliard.fr\/charmont-montbeliard\/?post_type=paroisse&#038;p=9756"},"modified":"2024-06-30T15:55:05","modified_gmt":"2024-06-30T13:55:05","slug":"icones-realisees-par-les-cm2-6emes-et-5emes-en-janvier-fevrier-2024","status":"publish","type":"paroisse","link":"https:\/\/www.diocese-belfort-montbeliard.fr\/charmont-montbeliard\/paroisses\/bon-pasteur\/les-enfants\/catechisme\/icones-realisees-par-les-cm2-6emes-et-5emes-en-janvier-fevrier-2024\/","title":{"rendered":"Ic\u00f4nes r\u00e9alis\u00e9es par les CM2 6\u00e8mes et 5\u00e8mes en janvier f\u00e9vrier 2024"},"content":{"rendered":"\n<h2 class=\"wp-block-heading\">Voici les photos :<\/h2>\n\n\n\n<figure class=\"wp-block-gallery has-nested-images columns-4 is-cropped wp-block-gallery-1 is-layout-flex wp-block-gallery-is-layout-flex\">\n<figure class=\"wp-block-image size-large\"><img loading=\"lazy\" decoding=\"async\" width=\"1000\" height=\"313\" data-id=\"9760\" src=\"https:\/\/www.diocese-belfort-montbeliard.fr\/charmont-montbeliard\/wp-content\/uploads\/sites\/8\/2024\/05\/2024_02_15_Bon_Pasteur_Atelier_Icone_001.jpg\" alt=\"\" class=\"wp-image-9760\" srcset=\"https:\/\/www.diocese-belfort-montbeliard.fr\/charmont-montbeliard\/wp-content\/uploads\/sites\/8\/2024\/05\/2024_02_15_Bon_Pasteur_Atelier_Icone_001.jpg 1000w, https:\/\/www.diocese-belfort-montbeliard.fr\/charmont-montbeliard\/wp-content\/uploads\/sites\/8\/2024\/05\/2024_02_15_Bon_Pasteur_Atelier_Icone_001-600x188.jpg 600w, https:\/\/www.diocese-belfort-montbeliard.fr\/charmont-montbeliard\/wp-content\/uploads\/sites\/8\/2024\/05\/2024_02_15_Bon_Pasteur_Atelier_Icone_001-768x240.jpg 768w\" sizes=\"auto, (max-width: 1000px) 100vw, 1000px\" \/><\/figure>\n\n\n\n<figure class=\"wp-block-image size-large\"><img loading=\"lazy\" decoding=\"async\" width=\"651\" height=\"1000\" data-id=\"9763\" src=\"https:\/\/www.diocese-belfort-montbeliard.fr\/charmont-montbeliard\/wp-content\/uploads\/sites\/8\/2024\/05\/2024_02_15_Bon_Pasteur_Atelier_Icone_002.jpg\" alt=\"\" class=\"wp-image-9763\" srcset=\"https:\/\/www.diocese-belfort-montbeliard.fr\/charmont-montbeliard\/wp-content\/uploads\/sites\/8\/2024\/05\/2024_02_15_Bon_Pasteur_Atelier_Icone_002.jpg 651w, https:\/\/www.diocese-belfort-montbeliard.fr\/charmont-montbeliard\/wp-content\/uploads\/sites\/8\/2024\/05\/2024_02_15_Bon_Pasteur_Atelier_Icone_002-391x600.jpg 391w\" sizes=\"auto, (max-width: 651px) 100vw, 651px\" \/><\/figure>\n\n\n\n<figure class=\"wp-block-image size-large\"><img loading=\"lazy\" decoding=\"async\" width=\"1000\" height=\"750\" data-id=\"9761\" src=\"https:\/\/www.diocese-belfort-montbeliard.fr\/charmont-montbeliard\/wp-content\/uploads\/sites\/8\/2024\/05\/2024_02_15_Bon_Pasteur_Atelier_Icone_003.jpg\" alt=\"\" class=\"wp-image-9761\" srcset=\"https:\/\/www.diocese-belfort-montbeliard.fr\/charmont-montbeliard\/wp-content\/uploads\/sites\/8\/2024\/05\/2024_02_15_Bon_Pasteur_Atelier_Icone_003.jpg 1000w, https:\/\/www.diocese-belfort-montbeliard.fr\/charmont-montbeliard\/wp-content\/uploads\/sites\/8\/2024\/05\/2024_02_15_Bon_Pasteur_Atelier_Icone_003-600x450.jpg 600w, https:\/\/www.diocese-belfort-montbeliard.fr\/charmont-montbeliard\/wp-content\/uploads\/sites\/8\/2024\/05\/2024_02_15_Bon_Pasteur_Atelier_Icone_003-768x576.jpg 768w\" sizes=\"auto, (max-width: 1000px) 100vw, 1000px\" \/><\/figure>\n\n\n\n<figure class=\"wp-block-image size-large\"><img loading=\"lazy\" decoding=\"async\" width=\"562\" height=\"1000\" data-id=\"9762\" src=\"https:\/\/www.diocese-belfort-montbeliard.fr\/charmont-montbeliard\/wp-content\/uploads\/sites\/8\/2024\/05\/2024_02_15_Bon_Pasteur_Atelier_Icone_004.jpg\" alt=\"\" class=\"wp-image-9762\" srcset=\"https:\/\/www.diocese-belfort-montbeliard.fr\/charmont-montbeliard\/wp-content\/uploads\/sites\/8\/2024\/05\/2024_02_15_Bon_Pasteur_Atelier_Icone_004.jpg 562w, https:\/\/www.diocese-belfort-montbeliard.fr\/charmont-montbeliard\/wp-content\/uploads\/sites\/8\/2024\/05\/2024_02_15_Bon_Pasteur_Atelier_Icone_004-337x600.jpg 337w\" sizes=\"auto, (max-width: 562px) 100vw, 562px\" \/><\/figure>\n\n\n\n<figure class=\"wp-block-image size-large\"><img loading=\"lazy\" decoding=\"async\" width=\"1000\" height=\"750\" data-id=\"9764\" src=\"https:\/\/www.diocese-belfort-montbeliard.fr\/charmont-montbeliard\/wp-content\/uploads\/sites\/8\/2024\/05\/2024_02_15_Bon_Pasteur_Atelier_Icone_005.jpg\" alt=\"\" class=\"wp-image-9764\" srcset=\"https:\/\/www.diocese-belfort-montbeliard.fr\/charmont-montbeliard\/wp-content\/uploads\/sites\/8\/2024\/05\/2024_02_15_Bon_Pasteur_Atelier_Icone_005.jpg 1000w, https:\/\/www.diocese-belfort-montbeliard.fr\/charmont-montbeliard\/wp-content\/uploads\/sites\/8\/2024\/05\/2024_02_15_Bon_Pasteur_Atelier_Icone_005-600x450.jpg 600w, https:\/\/www.diocese-belfort-montbeliard.fr\/charmont-montbeliard\/wp-content\/uploads\/sites\/8\/2024\/05\/2024_02_15_Bon_Pasteur_Atelier_Icone_005-768x576.jpg 768w\" sizes=\"auto, (max-width: 1000px) 100vw, 1000px\" \/><\/figure>\n\n\n\n<figure class=\"wp-block-image size-large\"><img loading=\"lazy\" decoding=\"async\" width=\"1000\" height=\"750\" data-id=\"9759\" src=\"https:\/\/www.diocese-belfort-montbeliard.fr\/charmont-montbeliard\/wp-content\/uploads\/sites\/8\/2024\/05\/2024_02_15_Bon_Pasteur_Atelier_Icone_006.jpg\" alt=\"\" class=\"wp-image-9759\" srcset=\"https:\/\/www.diocese-belfort-montbeliard.fr\/charmont-montbeliard\/wp-content\/uploads\/sites\/8\/2024\/05\/2024_02_15_Bon_Pasteur_Atelier_Icone_006.jpg 1000w, https:\/\/www.diocese-belfort-montbeliard.fr\/charmont-montbeliard\/wp-content\/uploads\/sites\/8\/2024\/05\/2024_02_15_Bon_Pasteur_Atelier_Icone_006-600x450.jpg 600w, https:\/\/www.diocese-belfort-montbeliard.fr\/charmont-montbeliard\/wp-content\/uploads\/sites\/8\/2024\/05\/2024_02_15_Bon_Pasteur_Atelier_Icone_006-768x576.jpg 768w\" sizes=\"auto, (max-width: 1000px) 100vw, 1000px\" \/><\/figure>\n\n\n\n<figure class=\"wp-block-image size-large\"><img loading=\"lazy\" decoding=\"async\" width=\"750\" height=\"1000\" data-id=\"9758\" src=\"https:\/\/www.diocese-belfort-montbeliard.fr\/charmont-montbeliard\/wp-content\/uploads\/sites\/8\/2024\/05\/2024_02_15_Bon_Pasteur_Atelier_Icone_007.jpg\" alt=\"\" class=\"wp-image-9758\" srcset=\"https:\/\/www.diocese-belfort-montbeliard.fr\/charmont-montbeliard\/wp-content\/uploads\/sites\/8\/2024\/05\/2024_02_15_Bon_Pasteur_Atelier_Icone_007.jpg 750w, https:\/\/www.diocese-belfort-montbeliard.fr\/charmont-montbeliard\/wp-content\/uploads\/sites\/8\/2024\/05\/2024_02_15_Bon_Pasteur_Atelier_Icone_007-450x600.jpg 450w\" sizes=\"auto, (max-width: 750px) 100vw, 750px\" \/><\/figure>\n\n\n\n<figure class=\"wp-block-image size-large\"><img loading=\"lazy\" decoding=\"async\" width=\"750\" height=\"1000\" data-id=\"9757\" src=\"https:\/\/www.diocese-belfort-montbeliard.fr\/charmont-montbeliard\/wp-content\/uploads\/sites\/8\/2024\/05\/2024_02_15_Bon_Pasteur_Atelier_Icone_008.jpg\" alt=\"\" class=\"wp-image-9757\" srcset=\"https:\/\/www.diocese-belfort-montbeliard.fr\/charmont-montbeliard\/wp-content\/uploads\/sites\/8\/2024\/05\/2024_02_15_Bon_Pasteur_Atelier_Icone_008.jpg 750w, https:\/\/www.diocese-belfort-montbeliard.fr\/charmont-montbeliard\/wp-content\/uploads\/sites\/8\/2024\/05\/2024_02_15_Bon_Pasteur_Atelier_Icone_008-450x600.jpg 450w\" sizes=\"auto, (max-width: 750px) 100vw, 750px\" \/><\/figure>\n<\/figure>\n","protected":false},"author":21,"featured_media":429,"parent":282,"menu_order":12,"template":"","meta":{"_acf_changed":false,"footnotes":""},"class_list":["post-9756","paroisse","type-paroisse","status-publish","has-post-thumbnail","hentry"],"acf":[],"yoast_head":"<!-- This site is optimized with the Yoast SEO plugin v27.4 - https:\/\/yoast.com\/product\/yoast-seo-wordpress\/ -->\n<title>Ic\u00f4nes r\u00e9alis\u00e9es par les CM2 6\u00e8mes et 5\u00e8mes en janvier f\u00e9vrier 2024 - Doyenn\u00e9 de Charmont-Montb\u00e9liard<\/title>\n<meta name=\"robots\" content=\"index, follow, max-snippet:-1, max-image-preview:large, max-video-preview:-1\" \/>\n<link rel=\"canonical\" href=\"https:\/\/www.diocese-belfort-montbeliard.fr\/charmont-montbeliard\/paroisses\/bon-pasteur\/les-enfants\/catechisme\/icones-realisees-par-les-cm2-6emes-et-5emes-en-janvier-fevrier-2024\/\" \/>\n<meta property=\"og:locale\" content=\"fr_FR\" \/>\n<meta property=\"og:type\" content=\"article\" \/>\n<meta property=\"og:title\" content=\"Ic\u00f4nes r\u00e9alis\u00e9es par les CM2 6\u00e8mes et 5\u00e8mes en janvier f\u00e9vrier 2024 - Doyenn\u00e9 de Charmont-Montb\u00e9liard\" \/>\n<meta property=\"og:description\" content=\"Voici les photos :\" \/>\n<meta property=\"og:url\" content=\"https:\/\/www.diocese-belfort-montbeliard.fr\/charmont-montbeliard\/paroisses\/bon-pasteur\/les-enfants\/catechisme\/icones-realisees-par-les-cm2-6emes-et-5emes-en-janvier-fevrier-2024\/\" \/>\n<meta property=\"og:site_name\" content=\"Doyenn\u00e9 de Charmont-Montb\u00e9liard\" \/>\n<meta property=\"article:modified_time\" content=\"2024-06-30T13:55:05+00:00\" \/>\n<meta property=\"og:image\" content=\"https:\/\/www.diocese-belfort-montbeliard.fr\/charmont-montbeliard\/wp-content\/uploads\/sites\/8\/2020\/10\/paroisse_bon_pasteur.jpg\" \/>\n\t<meta property=\"og:image:width\" content=\"1350\" \/>\n\t<meta property=\"og:image:height\" content=\"579\" \/>\n\t<meta property=\"og:image:type\" content=\"image\/jpeg\" \/>\n<meta name=\"twitter:card\" content=\"summary_large_image\" \/>\n<meta name=\"twitter:label1\" content=\"Dur\u00e9e de lecture estim\u00e9e\" \/>\n\t<meta name=\"twitter:data1\" content=\"2 minutes\" \/>\n<script type=\"application\/ld+json\" class=\"yoast-schema-graph\">{\"@context\":\"https:\\\/\\\/schema.org\",\"@graph\":[{\"@type\":\"WebPage\",\"@id\":\"https:\\\/\\\/www.diocese-belfort-montbeliard.fr\\\/charmont-montbeliard\\\/paroisses\\\/bon-pasteur\\\/les-enfants\\\/catechisme\\\/icones-realisees-par-les-cm2-6emes-et-5emes-en-janvier-fevrier-2024\\\/\",\"url\":\"https:\\\/\\\/www.diocese-belfort-montbeliard.fr\\\/charmont-montbeliard\\\/paroisses\\\/bon-pasteur\\\/les-enfants\\\/catechisme\\\/icones-realisees-par-les-cm2-6emes-et-5emes-en-janvier-fevrier-2024\\\/\",\"name\":\"Ic\u00f4nes r\u00e9alis\u00e9es par les CM2 6\u00e8mes et 5\u00e8mes en janvier f\u00e9vrier 2024 - Doyenn\u00e9 de Charmont-Montb\u00e9liard\",\"isPartOf\":{\"@id\":\"https:\\\/\\\/www.diocese-belfort-montbeliard.fr\\\/charmont-montbeliard\\\/#website\"},\"primaryImageOfPage\":{\"@id\":\"https:\\\/\\\/www.diocese-belfort-montbeliard.fr\\\/charmont-montbeliard\\\/paroisses\\\/bon-pasteur\\\/les-enfants\\\/catechisme\\\/icones-realisees-par-les-cm2-6emes-et-5emes-en-janvier-fevrier-2024\\\/#primaryimage\"},\"image\":{\"@id\":\"https:\\\/\\\/www.diocese-belfort-montbeliard.fr\\\/charmont-montbeliard\\\/paroisses\\\/bon-pasteur\\\/les-enfants\\\/catechisme\\\/icones-realisees-par-les-cm2-6emes-et-5emes-en-janvier-fevrier-2024\\\/#primaryimage\"},\"thumbnailUrl\":\"https:\\\/\\\/www.diocese-belfort-montbeliard.fr\\\/charmont-montbeliard\\\/wp-content\\\/uploads\\\/sites\\\/8\\\/2020\\\/10\\\/paroisse_bon_pasteur.jpg\",\"datePublished\":\"2024-05-31T09:55:24+00:00\",\"dateModified\":\"2024-06-30T13:55:05+00:00\",\"breadcrumb\":{\"@id\":\"https:\\\/\\\/www.diocese-belfort-montbeliard.fr\\\/charmont-montbeliard\\\/paroisses\\\/bon-pasteur\\\/les-enfants\\\/catechisme\\\/icones-realisees-par-les-cm2-6emes-et-5emes-en-janvier-fevrier-2024\\\/#breadcrumb\"},\"inLanguage\":\"fr-FR\",\"potentialAction\":[{\"@type\":\"ReadAction\",\"target\":[\"https:\\\/\\\/www.diocese-belfort-montbeliard.fr\\\/charmont-montbeliard\\\/paroisses\\\/bon-pasteur\\\/les-enfants\\\/catechisme\\\/icones-realisees-par-les-cm2-6emes-et-5emes-en-janvier-fevrier-2024\\\/\"]}]},{\"@type\":\"ImageObject\",\"inLanguage\":\"fr-FR\",\"@id\":\"https:\\\/\\\/www.diocese-belfort-montbeliard.fr\\\/charmont-montbeliard\\\/paroisses\\\/bon-pasteur\\\/les-enfants\\\/catechisme\\\/icones-realisees-par-les-cm2-6emes-et-5emes-en-janvier-fevrier-2024\\\/#primaryimage\",\"url\":\"https:\\\/\\\/www.diocese-belfort-montbeliard.fr\\\/charmont-montbeliard\\\/wp-content\\\/uploads\\\/sites\\\/8\\\/2020\\\/10\\\/paroisse_bon_pasteur.jpg\",\"contentUrl\":\"https:\\\/\\\/www.diocese-belfort-montbeliard.fr\\\/charmont-montbeliard\\\/wp-content\\\/uploads\\\/sites\\\/8\\\/2020\\\/10\\\/paroisse_bon_pasteur.jpg\",\"width\":1350,\"height\":579},{\"@type\":\"BreadcrumbList\",\"@id\":\"https:\\\/\\\/www.diocese-belfort-montbeliard.fr\\\/charmont-montbeliard\\\/paroisses\\\/bon-pasteur\\\/les-enfants\\\/catechisme\\\/icones-realisees-par-les-cm2-6emes-et-5emes-en-janvier-fevrier-2024\\\/#breadcrumb\",\"itemListElement\":[{\"@type\":\"ListItem\",\"position\":1,\"name\":\"Accueil\",\"item\":\"https:\\\/\\\/www.diocese-belfort-montbeliard.fr\\\/charmont-montbeliard\\\/\"},{\"@type\":\"ListItem\",\"position\":2,\"name\":\"Bon Pasteur\",\"item\":\"https:\\\/\\\/www.diocese-belfort-montbeliard.fr\\\/charmont-montbeliard\\\/paroisses\\\/bon-pasteur\\\/\"},{\"@type\":\"ListItem\",\"position\":3,\"name\":\"Les enfants\",\"item\":\"https:\\\/\\\/www.diocese-belfort-montbeliard.fr\\\/charmont-montbeliard\\\/paroisses\\\/bon-pasteur\\\/les-enfants\\\/\"},{\"@type\":\"ListItem\",\"position\":4,\"name\":\"Cat\u00e9chisme en 6ieme et 5i\u00e8me\",\"item\":\"https:\\\/\\\/www.diocese-belfort-montbeliard.fr\\\/charmont-montbeliard\\\/paroisses\\\/bon-pasteur\\\/les-enfants\\\/catechisme\\\/\"},{\"@type\":\"ListItem\",\"position\":5,\"name\":\"Ic\u00f4nes r\u00e9alis\u00e9es par les CM2 6\u00e8mes et 5\u00e8mes en janvier f\u00e9vrier 2024\"}]},{\"@type\":\"WebSite\",\"@id\":\"https:\\\/\\\/www.diocese-belfort-montbeliard.fr\\\/charmont-montbeliard\\\/#website\",\"url\":\"https:\\\/\\\/www.diocese-belfort-montbeliard.fr\\\/charmont-montbeliard\\\/\",\"name\":\"Doyenn\u00e9 de Charmont-Montb\u00e9liard\",\"description\":\"Dioc\u00e8se de Belfort-Montb\u00e9liard\",\"potentialAction\":[{\"@type\":\"SearchAction\",\"target\":{\"@type\":\"EntryPoint\",\"urlTemplate\":\"https:\\\/\\\/www.diocese-belfort-montbeliard.fr\\\/charmont-montbeliard\\\/?s={search_term_string}\"},\"query-input\":{\"@type\":\"PropertyValueSpecification\",\"valueRequired\":true,\"valueName\":\"search_term_string\"}}],\"inLanguage\":\"fr-FR\"}]}<\/script>\n<!-- \/ Yoast SEO plugin. -->","yoast_head_json":{"title":"Ic\u00f4nes r\u00e9alis\u00e9es par les CM2 6\u00e8mes et 5\u00e8mes en janvier f\u00e9vrier 2024 - Doyenn\u00e9 de Charmont-Montb\u00e9liard","robots":{"index":"index","follow":"follow","max-snippet":"max-snippet:-1","max-image-preview":"max-image-preview:large","max-video-preview":"max-video-preview:-1"},"canonical":"https:\/\/www.diocese-belfort-montbeliard.fr\/charmont-montbeliard\/paroisses\/bon-pasteur\/les-enfants\/catechisme\/icones-realisees-par-les-cm2-6emes-et-5emes-en-janvier-fevrier-2024\/","og_locale":"fr_FR","og_type":"article","og_title":"Ic\u00f4nes r\u00e9alis\u00e9es par les CM2 6\u00e8mes et 5\u00e8mes en janvier f\u00e9vrier 2024 - Doyenn\u00e9 de Charmont-Montb\u00e9liard","og_description":"Voici les photos :","og_url":"https:\/\/www.diocese-belfort-montbeliard.fr\/charmont-montbeliard\/paroisses\/bon-pasteur\/les-enfants\/catechisme\/icones-realisees-par-les-cm2-6emes-et-5emes-en-janvier-fevrier-2024\/","og_site_name":"Doyenn\u00e9 de Charmont-Montb\u00e9liard","article_modified_time":"2024-06-30T13:55:05+00:00","og_image":[{"width":1350,"height":579,"url":"https:\/\/www.diocese-belfort-montbeliard.fr\/charmont-montbeliard\/wp-content\/uploads\/sites\/8\/2020\/10\/paroisse_bon_pasteur.jpg","type":"image\/jpeg"}],"twitter_card":"summary_large_image","twitter_misc":{"Dur\u00e9e de lecture estim\u00e9e":"2 minutes"},"schema":{"@context":"https:\/\/schema.org","@graph":[{"@type":"WebPage","@id":"https:\/\/www.diocese-belfort-montbeliard.fr\/charmont-montbeliard\/paroisses\/bon-pasteur\/les-enfants\/catechisme\/icones-realisees-par-les-cm2-6emes-et-5emes-en-janvier-fevrier-2024\/","url":"https:\/\/www.diocese-belfort-montbeliard.fr\/charmont-montbeliard\/paroisses\/bon-pasteur\/les-enfants\/catechisme\/icones-realisees-par-les-cm2-6emes-et-5emes-en-janvier-fevrier-2024\/","name":"Ic\u00f4nes r\u00e9alis\u00e9es par les CM2 6\u00e8mes et 5\u00e8mes en janvier f\u00e9vrier 2024 - Doyenn\u00e9 de Charmont-Montb\u00e9liard","isPartOf":{"@id":"https:\/\/www.diocese-belfort-montbeliard.fr\/charmont-montbeliard\/#website"},"primaryImageOfPage":{"@id":"https:\/\/www.diocese-belfort-montbeliard.fr\/charmont-montbeliard\/paroisses\/bon-pasteur\/les-enfants\/catechisme\/icones-realisees-par-les-cm2-6emes-et-5emes-en-janvier-fevrier-2024\/#primaryimage"},"image":{"@id":"https:\/\/www.diocese-belfort-montbeliard.fr\/charmont-montbeliard\/paroisses\/bon-pasteur\/les-enfants\/catechisme\/icones-realisees-par-les-cm2-6emes-et-5emes-en-janvier-fevrier-2024\/#primaryimage"},"thumbnailUrl":"https:\/\/www.diocese-belfort-montbeliard.fr\/charmont-montbeliard\/wp-content\/uploads\/sites\/8\/2020\/10\/paroisse_bon_pasteur.jpg","datePublished":"2024-05-31T09:55:24+00:00","dateModified":"2024-06-30T13:55:05+00:00","breadcrumb":{"@id":"https:\/\/www.diocese-belfort-montbeliard.fr\/charmont-montbeliard\/paroisses\/bon-pasteur\/les-enfants\/catechisme\/icones-realisees-par-les-cm2-6emes-et-5emes-en-janvier-fevrier-2024\/#breadcrumb"},"inLanguage":"fr-FR","potentialAction":[{"@type":"ReadAction","target":["https:\/\/www.diocese-belfort-montbeliard.fr\/charmont-montbeliard\/paroisses\/bon-pasteur\/les-enfants\/catechisme\/icones-realisees-par-les-cm2-6emes-et-5emes-en-janvier-fevrier-2024\/"]}]},{"@type":"ImageObject","inLanguage":"fr-FR","@id":"https:\/\/www.diocese-belfort-montbeliard.fr\/charmont-montbeliard\/paroisses\/bon-pasteur\/les-enfants\/catechisme\/icones-realisees-par-les-cm2-6emes-et-5emes-en-janvier-fevrier-2024\/#primaryimage","url":"https:\/\/www.diocese-belfort-montbeliard.fr\/charmont-montbeliard\/wp-content\/uploads\/sites\/8\/2020\/10\/paroisse_bon_pasteur.jpg","contentUrl":"https:\/\/www.diocese-belfort-montbeliard.fr\/charmont-montbeliard\/wp-content\/uploads\/sites\/8\/2020\/10\/paroisse_bon_pasteur.jpg","width":1350,"height":579},{"@type":"BreadcrumbList","@id":"https:\/\/www.diocese-belfort-montbeliard.fr\/charmont-montbeliard\/paroisses\/bon-pasteur\/les-enfants\/catechisme\/icones-realisees-par-les-cm2-6emes-et-5emes-en-janvier-fevrier-2024\/#breadcrumb","itemListElement":[{"@type":"ListItem","position":1,"name":"Accueil","item":"https:\/\/www.diocese-belfort-montbeliard.fr\/charmont-montbeliard\/"},{"@type":"ListItem","position":2,"name":"Bon Pasteur","item":"https:\/\/www.diocese-belfort-montbeliard.fr\/charmont-montbeliard\/paroisses\/bon-pasteur\/"},{"@type":"ListItem","position":3,"name":"Les enfants","item":"https:\/\/www.diocese-belfort-montbeliard.fr\/charmont-montbeliard\/paroisses\/bon-pasteur\/les-enfants\/"},{"@type":"ListItem","position":4,"name":"Cat\u00e9chisme en 6ieme et 5i\u00e8me","item":"https:\/\/www.diocese-belfort-montbeliard.fr\/charmont-montbeliard\/paroisses\/bon-pasteur\/les-enfants\/catechisme\/"},{"@type":"ListItem","position":5,"name":"Ic\u00f4nes r\u00e9alis\u00e9es par les CM2 6\u00e8mes et 5\u00e8mes en janvier f\u00e9vrier 2024"}]},{"@type":"WebSite","@id":"https:\/\/www.diocese-belfort-montbeliard.fr\/charmont-montbeliard\/#website","url":"https:\/\/www.diocese-belfort-montbeliard.fr\/charmont-montbeliard\/","name":"Doyenn\u00e9 de Charmont-Montb\u00e9liard","description":"Dioc\u00e8se de Belfort-Montb\u00e9liard","potentialAction":[{"@type":"SearchAction","target":{"@type":"EntryPoint","urlTemplate":"https:\/\/www.diocese-belfort-montbeliard.fr\/charmont-montbeliard\/?s={search_term_string}"},"query-input":{"@type":"PropertyValueSpecification","valueRequired":true,"valueName":"search_term_string"}}],"inLanguage":"fr-FR"}]}},"_links":{"self":[{"href":"https:\/\/www.diocese-belfort-montbeliard.fr\/charmont-montbeliard\/wp-json\/wp\/v2\/paroisse\/9756","targetHints":{"allow":["GET"]}}],"collection":[{"href":"https:\/\/www.diocese-belfort-montbeliard.fr\/charmont-montbeliard\/wp-json\/wp\/v2\/paroisse"}],"about":[{"href":"https:\/\/www.diocese-belfort-montbeliard.fr\/charmont-montbeliard\/wp-json\/wp\/v2\/types\/paroisse"}],"author":[{"embeddable":true,"href":"https:\/\/www.diocese-belfort-montbeliard.fr\/charmont-montbeliard\/wp-json\/wp\/v2\/users\/21"}],"version-history":[{"count":2,"href":"https:\/\/www.diocese-belfort-montbeliard.fr\/charmont-montbeliard\/wp-json\/wp\/v2\/paroisse\/9756\/revisions"}],"predecessor-version":[{"id":10171,"href":"https:\/\/www.diocese-belfort-montbeliard.fr\/charmont-montbeliard\/wp-json\/wp\/v2\/paroisse\/9756\/revisions\/10171"}],"up":[{"embeddable":true,"href":"https:\/\/www.diocese-belfort-montbeliard.fr\/charmont-montbeliard\/wp-json\/wp\/v2\/paroisse\/282"}],"wp:featuredmedia":[{"embeddable":true,"href":"https:\/\/www.diocese-belfort-montbeliard.fr\/charmont-montbeliard\/wp-json\/wp\/v2\/media\/429"}],"wp:attachment":[{"href":"https:\/\/www.diocese-belfort-montbeliard.fr\/charmont-montbeliard\/wp-json\/wp\/v2\/media?parent=9756"}],"curies":[{"name":"wp","href":"https:\/\/api.w.org\/{rel}","templated":true}]}}