{"id":148,"date":"2020-12-17T00:57:59","date_gmt":"2020-12-16T23:57:59","guid":{"rendered":"https:\/\/www.diocese-belfort-montbeliard.fr\/chevremont\/?post_type=paroisse&#038;p=148"},"modified":"2021-12-12T18:42:26","modified_gmt":"2021-12-12T17:42:26","slug":"la-jarre-dargile","status":"publish","type":"paroisse","link":"https:\/\/www.diocese-belfort-montbeliard.fr\/chevremont\/paroisses\/marie-desperance\/les-ptites-histoires-du-pere-thomas\/annee-liturgique-b-2020-2021\/la-jarre-dargile\/","title":{"rendered":"La jarre d&rsquo;argile"},"content":{"rendered":"\n<p>Thomas nous dit : il y avait en Cor\u00e9e un ma\u00eetre bouddhiste qui voulait enseigner la voie \u00e0 de jeunes moines. Il leur remit une jarre d&rsquo;argile. Qui l&rsquo;avait fa\u00e7onn\u00e9e, l&rsquo;histoire ne le dit pas, sans doute pas Dieu&nbsp;: elle \u00e9tait fendue. Les moines sont ob\u00e9issants. La ma\u00eetre dit remplissez la jarre. Alors tous&nbsp; retroussent leur tunique et se mettent au travail, a\u00efe a\u00efe a\u00efe..jarre qui fuit ne retient pas l&rsquo;eau. En vient de plus fut\u00e9s qui colmatent avec de la terre, avec des cailloux, avec des linges. Tous s&rsquo;y mettent. Rien \u00e0 faire, l&rsquo;eau coule et la sueur des moines aussi et les pr\u00e9cieuse heures de labeur inutile. Un seul&nbsp; moine baille&#8230;et s&rsquo;endort. On ne peut pas dire qu&rsquo;il veille celui-l\u00e0.<\/p>\n\n\n\n<p>Et si son \u00e2me, malgr\u00e9 les apparences contraires, tout en dormant avait veill\u00e9&nbsp;?<\/p>\n\n\n\n<p>Le ma\u00eetre, de retour, appelle ses moines, certains, penauds, ont la t\u00eate basse, d&rsquo;autres l&rsquo;ont outr\u00e9e, on leur a donn\u00e9 une mission impossible (vont-ils faire une manif pour protester?) Le dormeur se r\u00e9veille, ramasse nonchalamment la jarre et la jette dans le lac (lac de Cor\u00e9e, lac de Galil\u00e9e, pas mal de lacs dans nos histoires).<\/p>\n\n\n\n<p>&nbsp;Le ma\u00eetre sourit, vue d&rsquo;ici la jarre est bien pleine.<\/p>\n\n\n\n<p>Thomas reprend. Des angles de vue, il y en a toujours plusieurs. Veiller sans jamais dormir est impossible et m\u00eame d\u00e9conseill\u00e9. En fait pendant que nous dormons nous ne faisons rien d&rsquo;autre. Dans ce rien Dieu se glisse. Au r\u00e9veil -une tr\u00e8s fra\u00eeche sorte de veille-&nbsp; tout est nouveau. Le point de vue nouveau, permet l&rsquo;acte nouveau.<\/p>\n\n\n\n<p>Dieu a de l&rsquo;humour. Dormir peut \u00eatre une fa\u00e7on de veiller. Dieu aime les choses nouvelles. En nouveau-n\u00e9 de No\u00ebl, tout nouvellement venu, il d\u00e9sire notre nouveaut\u00e9 et il d\u00e9sire notre JOIE.&nbsp;&nbsp;<\/p>\n","protected":false},"author":1,"featured_media":0,"parent":2076,"menu_order":134,"template":"","meta":{"_acf_changed":false,"footnotes":""},"class_list":["post-148","paroisse","type-paroisse","status-publish","hentry"],"acf":[],"yoast_head":"<!-- This site is optimized with the Yoast SEO plugin v27.4 - https:\/\/yoast.com\/product\/yoast-seo-wordpress\/ -->\n<title>La jarre d&#039;argile - Doyenn\u00e9 de Ch\u00e8vremont<\/title>\n<meta name=\"robots\" content=\"index, follow, max-snippet:-1, max-image-preview:large, max-video-preview:-1\" \/>\n<link rel=\"canonical\" href=\"https:\/\/www.diocese-belfort-montbeliard.fr\/chevremont\/paroisses\/marie-desperance\/les-ptites-histoires-du-pere-thomas\/annee-liturgique-b-2020-2021\/la-jarre-dargile\/\" \/>\n<meta property=\"og:locale\" content=\"fr_FR\" \/>\n<meta property=\"og:type\" content=\"article\" \/>\n<meta property=\"og:title\" content=\"La jarre d&#039;argile - Doyenn\u00e9 de Ch\u00e8vremont\" \/>\n<meta property=\"og:description\" content=\"Thomas nous dit : il y avait en Cor\u00e9e un ma\u00eetre bouddhiste qui voulait enseigner la voie \u00e0 de jeunes moines. Il leur remit une jarre d&rsquo;argile. Qui l&rsquo;avait fa\u00e7onn\u00e9e, l&rsquo;histoire ne le dit pas, sans doute pas Dieu&nbsp;: elle \u00e9tait fendue. Les moines sont ob\u00e9issants. La ma\u00eetre dit remplissez la jarre. Alors tous&nbsp; retroussent [&hellip;]\" \/>\n<meta property=\"og:url\" content=\"https:\/\/www.diocese-belfort-montbeliard.fr\/chevremont\/paroisses\/marie-desperance\/les-ptites-histoires-du-pere-thomas\/annee-liturgique-b-2020-2021\/la-jarre-dargile\/\" \/>\n<meta property=\"og:site_name\" content=\"Doyenn\u00e9 de Ch\u00e8vremont\" \/>\n<meta property=\"article:modified_time\" content=\"2021-12-12T17:42:26+00:00\" \/>\n<meta name=\"twitter:card\" content=\"summary_large_image\" \/>\n<meta name=\"twitter:label1\" content=\"Dur\u00e9e de lecture estim\u00e9e\" \/>\n\t<meta name=\"twitter:data1\" content=\"2 minutes\" \/>\n<script type=\"application\/ld+json\" class=\"yoast-schema-graph\">{\"@context\":\"https:\\\/\\\/schema.org\",\"@graph\":[{\"@type\":\"WebPage\",\"@id\":\"https:\\\/\\\/www.diocese-belfort-montbeliard.fr\\\/chevremont\\\/paroisses\\\/marie-desperance\\\/les-ptites-histoires-du-pere-thomas\\\/annee-liturgique-b-2020-2021\\\/la-jarre-dargile\\\/\",\"url\":\"https:\\\/\\\/www.diocese-belfort-montbeliard.fr\\\/chevremont\\\/paroisses\\\/marie-desperance\\\/les-ptites-histoires-du-pere-thomas\\\/annee-liturgique-b-2020-2021\\\/la-jarre-dargile\\\/\",\"name\":\"La jarre d'argile - Doyenn\u00e9 de Ch\u00e8vremont\",\"isPartOf\":{\"@id\":\"https:\\\/\\\/www.diocese-belfort-montbeliard.fr\\\/chevremont\\\/#website\"},\"datePublished\":\"2020-12-16T23:57:59+00:00\",\"dateModified\":\"2021-12-12T17:42:26+00:00\",\"breadcrumb\":{\"@id\":\"https:\\\/\\\/www.diocese-belfort-montbeliard.fr\\\/chevremont\\\/paroisses\\\/marie-desperance\\\/les-ptites-histoires-du-pere-thomas\\\/annee-liturgique-b-2020-2021\\\/la-jarre-dargile\\\/#breadcrumb\"},\"inLanguage\":\"fr-FR\",\"potentialAction\":[{\"@type\":\"ReadAction\",\"target\":[\"https:\\\/\\\/www.diocese-belfort-montbeliard.fr\\\/chevremont\\\/paroisses\\\/marie-desperance\\\/les-ptites-histoires-du-pere-thomas\\\/annee-liturgique-b-2020-2021\\\/la-jarre-dargile\\\/\"]}]},{\"@type\":\"BreadcrumbList\",\"@id\":\"https:\\\/\\\/www.diocese-belfort-montbeliard.fr\\\/chevremont\\\/paroisses\\\/marie-desperance\\\/les-ptites-histoires-du-pere-thomas\\\/annee-liturgique-b-2020-2021\\\/la-jarre-dargile\\\/#breadcrumb\",\"itemListElement\":[{\"@type\":\"ListItem\",\"position\":1,\"name\":\"Accueil\",\"item\":\"https:\\\/\\\/www.diocese-belfort-montbeliard.fr\\\/chevremont\\\/\"},{\"@type\":\"ListItem\",\"position\":2,\"name\":\"Marie d&#8217;Esp\u00e9rance\",\"item\":\"https:\\\/\\\/www.diocese-belfort-montbeliard.fr\\\/chevremont\\\/paroisses\\\/marie-desperance\\\/\"},{\"@type\":\"ListItem\",\"position\":3,\"name\":\"Hom\u00e9lies du P\u00e8re Thomas\",\"item\":\"https:\\\/\\\/www.diocese-belfort-montbeliard.fr\\\/chevremont\\\/?post_type=paroisse&p=146\"},{\"@type\":\"ListItem\",\"position\":4,\"name\":\"Ann\u00e9e liturgique B 2020 &#8211; 2021\",\"item\":\"https:\\\/\\\/www.diocese-belfort-montbeliard.fr\\\/chevremont\\\/paroisses\\\/marie-desperance\\\/les-ptites-histoires-du-pere-thomas\\\/annee-liturgique-b-2020-2021\\\/\"},{\"@type\":\"ListItem\",\"position\":5,\"name\":\"La jarre d&#8217;argile\"}]},{\"@type\":\"WebSite\",\"@id\":\"https:\\\/\\\/www.diocese-belfort-montbeliard.fr\\\/chevremont\\\/#website\",\"url\":\"https:\\\/\\\/www.diocese-belfort-montbeliard.fr\\\/chevremont\\\/\",\"name\":\"Doyenn\u00e9 de Ch\u00e8vremont\",\"description\":\"Dioc\u00e8se de Belfort-Montb\u00e9liard\",\"potentialAction\":[{\"@type\":\"SearchAction\",\"target\":{\"@type\":\"EntryPoint\",\"urlTemplate\":\"https:\\\/\\\/www.diocese-belfort-montbeliard.fr\\\/chevremont\\\/?s={search_term_string}\"},\"query-input\":{\"@type\":\"PropertyValueSpecification\",\"valueRequired\":true,\"valueName\":\"search_term_string\"}}],\"inLanguage\":\"fr-FR\"}]}<\/script>\n<!-- \/ Yoast SEO plugin. -->","yoast_head_json":{"title":"La jarre d'argile - Doyenn\u00e9 de Ch\u00e8vremont","robots":{"index":"index","follow":"follow","max-snippet":"max-snippet:-1","max-image-preview":"max-image-preview:large","max-video-preview":"max-video-preview:-1"},"canonical":"https:\/\/www.diocese-belfort-montbeliard.fr\/chevremont\/paroisses\/marie-desperance\/les-ptites-histoires-du-pere-thomas\/annee-liturgique-b-2020-2021\/la-jarre-dargile\/","og_locale":"fr_FR","og_type":"article","og_title":"La jarre d'argile - Doyenn\u00e9 de Ch\u00e8vremont","og_description":"Thomas nous dit : il y avait en Cor\u00e9e un ma\u00eetre bouddhiste qui voulait enseigner la voie \u00e0 de jeunes moines. Il leur remit une jarre d&rsquo;argile. Qui l&rsquo;avait fa\u00e7onn\u00e9e, l&rsquo;histoire ne le dit pas, sans doute pas Dieu&nbsp;: elle \u00e9tait fendue. Les moines sont ob\u00e9issants. La ma\u00eetre dit remplissez la jarre. Alors tous&nbsp; retroussent [&hellip;]","og_url":"https:\/\/www.diocese-belfort-montbeliard.fr\/chevremont\/paroisses\/marie-desperance\/les-ptites-histoires-du-pere-thomas\/annee-liturgique-b-2020-2021\/la-jarre-dargile\/","og_site_name":"Doyenn\u00e9 de Ch\u00e8vremont","article_modified_time":"2021-12-12T17:42:26+00:00","twitter_card":"summary_large_image","twitter_misc":{"Dur\u00e9e de lecture estim\u00e9e":"2 minutes"},"schema":{"@context":"https:\/\/schema.org","@graph":[{"@type":"WebPage","@id":"https:\/\/www.diocese-belfort-montbeliard.fr\/chevremont\/paroisses\/marie-desperance\/les-ptites-histoires-du-pere-thomas\/annee-liturgique-b-2020-2021\/la-jarre-dargile\/","url":"https:\/\/www.diocese-belfort-montbeliard.fr\/chevremont\/paroisses\/marie-desperance\/les-ptites-histoires-du-pere-thomas\/annee-liturgique-b-2020-2021\/la-jarre-dargile\/","name":"La jarre d'argile - Doyenn\u00e9 de Ch\u00e8vremont","isPartOf":{"@id":"https:\/\/www.diocese-belfort-montbeliard.fr\/chevremont\/#website"},"datePublished":"2020-12-16T23:57:59+00:00","dateModified":"2021-12-12T17:42:26+00:00","breadcrumb":{"@id":"https:\/\/www.diocese-belfort-montbeliard.fr\/chevremont\/paroisses\/marie-desperance\/les-ptites-histoires-du-pere-thomas\/annee-liturgique-b-2020-2021\/la-jarre-dargile\/#breadcrumb"},"inLanguage":"fr-FR","potentialAction":[{"@type":"ReadAction","target":["https:\/\/www.diocese-belfort-montbeliard.fr\/chevremont\/paroisses\/marie-desperance\/les-ptites-histoires-du-pere-thomas\/annee-liturgique-b-2020-2021\/la-jarre-dargile\/"]}]},{"@type":"BreadcrumbList","@id":"https:\/\/www.diocese-belfort-montbeliard.fr\/chevremont\/paroisses\/marie-desperance\/les-ptites-histoires-du-pere-thomas\/annee-liturgique-b-2020-2021\/la-jarre-dargile\/#breadcrumb","itemListElement":[{"@type":"ListItem","position":1,"name":"Accueil","item":"https:\/\/www.diocese-belfort-montbeliard.fr\/chevremont\/"},{"@type":"ListItem","position":2,"name":"Marie d&#8217;Esp\u00e9rance","item":"https:\/\/www.diocese-belfort-montbeliard.fr\/chevremont\/paroisses\/marie-desperance\/"},{"@type":"ListItem","position":3,"name":"Hom\u00e9lies du P\u00e8re Thomas","item":"https:\/\/www.diocese-belfort-montbeliard.fr\/chevremont\/?post_type=paroisse&p=146"},{"@type":"ListItem","position":4,"name":"Ann\u00e9e liturgique B 2020 &#8211; 2021","item":"https:\/\/www.diocese-belfort-montbeliard.fr\/chevremont\/paroisses\/marie-desperance\/les-ptites-histoires-du-pere-thomas\/annee-liturgique-b-2020-2021\/"},{"@type":"ListItem","position":5,"name":"La jarre d&#8217;argile"}]},{"@type":"WebSite","@id":"https:\/\/www.diocese-belfort-montbeliard.fr\/chevremont\/#website","url":"https:\/\/www.diocese-belfort-montbeliard.fr\/chevremont\/","name":"Doyenn\u00e9 de Ch\u00e8vremont","description":"Dioc\u00e8se de Belfort-Montb\u00e9liard","potentialAction":[{"@type":"SearchAction","target":{"@type":"EntryPoint","urlTemplate":"https:\/\/www.diocese-belfort-montbeliard.fr\/chevremont\/?s={search_term_string}"},"query-input":{"@type":"PropertyValueSpecification","valueRequired":true,"valueName":"search_term_string"}}],"inLanguage":"fr-FR"}]}},"_links":{"self":[{"href":"https:\/\/www.diocese-belfort-montbeliard.fr\/chevremont\/wp-json\/wp\/v2\/paroisse\/148","targetHints":{"allow":["GET"]}}],"collection":[{"href":"https:\/\/www.diocese-belfort-montbeliard.fr\/chevremont\/wp-json\/wp\/v2\/paroisse"}],"about":[{"href":"https:\/\/www.diocese-belfort-montbeliard.fr\/chevremont\/wp-json\/wp\/v2\/types\/paroisse"}],"author":[{"embeddable":true,"href":"https:\/\/www.diocese-belfort-montbeliard.fr\/chevremont\/wp-json\/wp\/v2\/users\/1"}],"version-history":[{"count":1,"href":"https:\/\/www.diocese-belfort-montbeliard.fr\/chevremont\/wp-json\/wp\/v2\/paroisse\/148\/revisions"}],"predecessor-version":[{"id":2104,"href":"https:\/\/www.diocese-belfort-montbeliard.fr\/chevremont\/wp-json\/wp\/v2\/paroisse\/148\/revisions\/2104"}],"up":[{"embeddable":true,"href":"https:\/\/www.diocese-belfort-montbeliard.fr\/chevremont\/wp-json\/wp\/v2\/paroisse\/2076"}],"wp:attachment":[{"href":"https:\/\/www.diocese-belfort-montbeliard.fr\/chevremont\/wp-json\/wp\/v2\/media?parent=148"}],"curies":[{"name":"wp","href":"https:\/\/api.w.org\/{rel}","templated":true}]}}