{"id":169,"date":"2020-12-17T01:18:26","date_gmt":"2020-12-17T00:18:26","guid":{"rendered":"https:\/\/www.diocese-belfort-montbeliard.fr\/chevremont\/?post_type=paroisse&#038;p=169"},"modified":"2025-12-23T14:35:23","modified_gmt":"2025-12-23T13:35:23","slug":"groupe-de-la-salette","status":"publish","type":"paroisse","link":"https:\/\/www.diocese-belfort-montbeliard.fr\/chevremont\/paroisses\/marie-desperance\/activites\/groupe-de-la-salette\/","title":{"rendered":"P\u00e8lerinage \u00e0 La Salette"},"content":{"rendered":"\n<h2 class=\"wp-block-heading\">Pr\u00e9sentation du P\u00e8lerinage \u00e0 La Salette<\/h2>\n\n\n\n<figure class=\"wp-block-embed is-type-video is-provider-youtube wp-block-embed-youtube wp-embed-aspect-16-9 wp-has-aspect-ratio\"><div class=\"wp-block-embed__wrapper\">\n<script>jQuery(function() {(tarteaucitron.job = tarteaucitron.job || []).push('youtube');});<\/script><div class=\"youtube_player\" videoID=\"V3nYiIkbd6o\" theme=\"light\" rel=\"0\" controls=\"1\" showinfo=\"1\" autoplay=\"0\"><\/div>\n<\/div><\/figure>\n\n\n\n<h2 class=\"wp-block-heading\"><\/h2>\n\n\n\n<p>Chaque ann\u00e9e, l&rsquo;\u00e9quipe de La Salette propose au c\u0153ur de l&rsquo;\u00e9t\u00e9 un p\u00e8lerinage de 4 jours dans ce haut lieu de spiritualit\u00e9.<\/p>\n\n\n\n<p>Ce temps fort est ouvert \u00e0 tous !<\/p>\n\n\n\n<p>Contact : <strong><span class=\"has-inline-color has-vert-color\">07 82 92 99 95<\/span><\/strong><\/p>\n\n\n\n<p><\/p>\n","protected":false},"author":1,"featured_media":0,"parent":538,"menu_order":90,"template":"","meta":{"_acf_changed":false,"footnotes":""},"class_list":["post-169","paroisse","type-paroisse","status-publish","hentry"],"acf":[],"yoast_head":"<!-- This site is optimized with the Yoast SEO plugin v27.4 - https:\/\/yoast.com\/product\/yoast-seo-wordpress\/ -->\n<title>P\u00e8lerinage \u00e0 La Salette - Doyenn\u00e9 de Ch\u00e8vremont<\/title>\n<meta name=\"robots\" content=\"index, follow, max-snippet:-1, max-image-preview:large, max-video-preview:-1\" \/>\n<link rel=\"canonical\" href=\"https:\/\/www.diocese-belfort-montbeliard.fr\/chevremont\/paroisses\/marie-desperance\/activites\/groupe-de-la-salette\/\" \/>\n<meta property=\"og:locale\" content=\"fr_FR\" \/>\n<meta property=\"og:type\" content=\"article\" \/>\n<meta property=\"og:title\" content=\"P\u00e8lerinage \u00e0 La Salette - Doyenn\u00e9 de Ch\u00e8vremont\" \/>\n<meta property=\"og:description\" content=\"Pr\u00e9sentation du P\u00e8lerinage \u00e0 La Salette Chaque ann\u00e9e, l&rsquo;\u00e9quipe de La Salette propose au c\u0153ur de l&rsquo;\u00e9t\u00e9 un p\u00e8lerinage de 4 jours dans ce haut lieu de spiritualit\u00e9. Ce temps fort est ouvert \u00e0 tous ! Contact : 07 82 92 99 95\" \/>\n<meta property=\"og:url\" content=\"https:\/\/www.diocese-belfort-montbeliard.fr\/chevremont\/paroisses\/marie-desperance\/activites\/groupe-de-la-salette\/\" \/>\n<meta property=\"og:site_name\" content=\"Doyenn\u00e9 de Ch\u00e8vremont\" \/>\n<meta property=\"article:modified_time\" content=\"2025-12-23T13:35:23+00:00\" \/>\n<meta name=\"twitter:card\" content=\"summary_large_image\" \/>\n<meta name=\"twitter:label1\" content=\"Dur\u00e9e de lecture estim\u00e9e\" \/>\n\t<meta name=\"twitter:data1\" content=\"1 minute\" \/>\n<script type=\"application\/ld+json\" class=\"yoast-schema-graph\">{\"@context\":\"https:\\\/\\\/schema.org\",\"@graph\":[{\"@type\":\"WebPage\",\"@id\":\"https:\\\/\\\/www.diocese-belfort-montbeliard.fr\\\/chevremont\\\/paroisses\\\/marie-desperance\\\/activites\\\/groupe-de-la-salette\\\/\",\"url\":\"https:\\\/\\\/www.diocese-belfort-montbeliard.fr\\\/chevremont\\\/paroisses\\\/marie-desperance\\\/activites\\\/groupe-de-la-salette\\\/\",\"name\":\"P\u00e8lerinage \u00e0 La Salette - Doyenn\u00e9 de Ch\u00e8vremont\",\"isPartOf\":{\"@id\":\"https:\\\/\\\/www.diocese-belfort-montbeliard.fr\\\/chevremont\\\/#website\"},\"datePublished\":\"2020-12-17T00:18:26+00:00\",\"dateModified\":\"2025-12-23T13:35:23+00:00\",\"breadcrumb\":{\"@id\":\"https:\\\/\\\/www.diocese-belfort-montbeliard.fr\\\/chevremont\\\/paroisses\\\/marie-desperance\\\/activites\\\/groupe-de-la-salette\\\/#breadcrumb\"},\"inLanguage\":\"fr-FR\",\"potentialAction\":[{\"@type\":\"ReadAction\",\"target\":[\"https:\\\/\\\/www.diocese-belfort-montbeliard.fr\\\/chevremont\\\/paroisses\\\/marie-desperance\\\/activites\\\/groupe-de-la-salette\\\/\"]}]},{\"@type\":\"BreadcrumbList\",\"@id\":\"https:\\\/\\\/www.diocese-belfort-montbeliard.fr\\\/chevremont\\\/paroisses\\\/marie-desperance\\\/activites\\\/groupe-de-la-salette\\\/#breadcrumb\",\"itemListElement\":[{\"@type\":\"ListItem\",\"position\":1,\"name\":\"Accueil\",\"item\":\"https:\\\/\\\/www.diocese-belfort-montbeliard.fr\\\/chevremont\\\/\"},{\"@type\":\"ListItem\",\"position\":2,\"name\":\"Marie d&#8217;Esp\u00e9rance\",\"item\":\"https:\\\/\\\/www.diocese-belfort-montbeliard.fr\\\/chevremont\\\/paroisses\\\/marie-desperance\\\/\"},{\"@type\":\"ListItem\",\"position\":3,\"name\":\"Activit\u00e9s\",\"item\":\"https:\\\/\\\/www.diocese-belfort-montbeliard.fr\\\/chevremont\\\/paroisses\\\/marie-desperance\\\/activites\\\/\"},{\"@type\":\"ListItem\",\"position\":4,\"name\":\"P\u00e8lerinage \u00e0 La Salette\"}]},{\"@type\":\"WebSite\",\"@id\":\"https:\\\/\\\/www.diocese-belfort-montbeliard.fr\\\/chevremont\\\/#website\",\"url\":\"https:\\\/\\\/www.diocese-belfort-montbeliard.fr\\\/chevremont\\\/\",\"name\":\"Doyenn\u00e9 de Ch\u00e8vremont\",\"description\":\"Dioc\u00e8se de Belfort-Montb\u00e9liard\",\"potentialAction\":[{\"@type\":\"SearchAction\",\"target\":{\"@type\":\"EntryPoint\",\"urlTemplate\":\"https:\\\/\\\/www.diocese-belfort-montbeliard.fr\\\/chevremont\\\/?s={search_term_string}\"},\"query-input\":{\"@type\":\"PropertyValueSpecification\",\"valueRequired\":true,\"valueName\":\"search_term_string\"}}],\"inLanguage\":\"fr-FR\"}]}<\/script>\n<!-- \/ Yoast SEO plugin. -->","yoast_head_json":{"title":"P\u00e8lerinage \u00e0 La Salette - Doyenn\u00e9 de Ch\u00e8vremont","robots":{"index":"index","follow":"follow","max-snippet":"max-snippet:-1","max-image-preview":"max-image-preview:large","max-video-preview":"max-video-preview:-1"},"canonical":"https:\/\/www.diocese-belfort-montbeliard.fr\/chevremont\/paroisses\/marie-desperance\/activites\/groupe-de-la-salette\/","og_locale":"fr_FR","og_type":"article","og_title":"P\u00e8lerinage \u00e0 La Salette - Doyenn\u00e9 de Ch\u00e8vremont","og_description":"Pr\u00e9sentation du P\u00e8lerinage \u00e0 La Salette Chaque ann\u00e9e, l&rsquo;\u00e9quipe de La Salette propose au c\u0153ur de l&rsquo;\u00e9t\u00e9 un p\u00e8lerinage de 4 jours dans ce haut lieu de spiritualit\u00e9. Ce temps fort est ouvert \u00e0 tous ! Contact : 07 82 92 99 95","og_url":"https:\/\/www.diocese-belfort-montbeliard.fr\/chevremont\/paroisses\/marie-desperance\/activites\/groupe-de-la-salette\/","og_site_name":"Doyenn\u00e9 de Ch\u00e8vremont","article_modified_time":"2025-12-23T13:35:23+00:00","twitter_card":"summary_large_image","twitter_misc":{"Dur\u00e9e de lecture estim\u00e9e":"1 minute"},"schema":{"@context":"https:\/\/schema.org","@graph":[{"@type":"WebPage","@id":"https:\/\/www.diocese-belfort-montbeliard.fr\/chevremont\/paroisses\/marie-desperance\/activites\/groupe-de-la-salette\/","url":"https:\/\/www.diocese-belfort-montbeliard.fr\/chevremont\/paroisses\/marie-desperance\/activites\/groupe-de-la-salette\/","name":"P\u00e8lerinage \u00e0 La Salette - Doyenn\u00e9 de Ch\u00e8vremont","isPartOf":{"@id":"https:\/\/www.diocese-belfort-montbeliard.fr\/chevremont\/#website"},"datePublished":"2020-12-17T00:18:26+00:00","dateModified":"2025-12-23T13:35:23+00:00","breadcrumb":{"@id":"https:\/\/www.diocese-belfort-montbeliard.fr\/chevremont\/paroisses\/marie-desperance\/activites\/groupe-de-la-salette\/#breadcrumb"},"inLanguage":"fr-FR","potentialAction":[{"@type":"ReadAction","target":["https:\/\/www.diocese-belfort-montbeliard.fr\/chevremont\/paroisses\/marie-desperance\/activites\/groupe-de-la-salette\/"]}]},{"@type":"BreadcrumbList","@id":"https:\/\/www.diocese-belfort-montbeliard.fr\/chevremont\/paroisses\/marie-desperance\/activites\/groupe-de-la-salette\/#breadcrumb","itemListElement":[{"@type":"ListItem","position":1,"name":"Accueil","item":"https:\/\/www.diocese-belfort-montbeliard.fr\/chevremont\/"},{"@type":"ListItem","position":2,"name":"Marie d&#8217;Esp\u00e9rance","item":"https:\/\/www.diocese-belfort-montbeliard.fr\/chevremont\/paroisses\/marie-desperance\/"},{"@type":"ListItem","position":3,"name":"Activit\u00e9s","item":"https:\/\/www.diocese-belfort-montbeliard.fr\/chevremont\/paroisses\/marie-desperance\/activites\/"},{"@type":"ListItem","position":4,"name":"P\u00e8lerinage \u00e0 La Salette"}]},{"@type":"WebSite","@id":"https:\/\/www.diocese-belfort-montbeliard.fr\/chevremont\/#website","url":"https:\/\/www.diocese-belfort-montbeliard.fr\/chevremont\/","name":"Doyenn\u00e9 de Ch\u00e8vremont","description":"Dioc\u00e8se de Belfort-Montb\u00e9liard","potentialAction":[{"@type":"SearchAction","target":{"@type":"EntryPoint","urlTemplate":"https:\/\/www.diocese-belfort-montbeliard.fr\/chevremont\/?s={search_term_string}"},"query-input":{"@type":"PropertyValueSpecification","valueRequired":true,"valueName":"search_term_string"}}],"inLanguage":"fr-FR"}]}},"_links":{"self":[{"href":"https:\/\/www.diocese-belfort-montbeliard.fr\/chevremont\/wp-json\/wp\/v2\/paroisse\/169","targetHints":{"allow":["GET"]}}],"collection":[{"href":"https:\/\/www.diocese-belfort-montbeliard.fr\/chevremont\/wp-json\/wp\/v2\/paroisse"}],"about":[{"href":"https:\/\/www.diocese-belfort-montbeliard.fr\/chevremont\/wp-json\/wp\/v2\/types\/paroisse"}],"author":[{"embeddable":true,"href":"https:\/\/www.diocese-belfort-montbeliard.fr\/chevremont\/wp-json\/wp\/v2\/users\/1"}],"version-history":[{"count":7,"href":"https:\/\/www.diocese-belfort-montbeliard.fr\/chevremont\/wp-json\/wp\/v2\/paroisse\/169\/revisions"}],"predecessor-version":[{"id":5220,"href":"https:\/\/www.diocese-belfort-montbeliard.fr\/chevremont\/wp-json\/wp\/v2\/paroisse\/169\/revisions\/5220"}],"up":[{"embeddable":true,"href":"https:\/\/www.diocese-belfort-montbeliard.fr\/chevremont\/wp-json\/wp\/v2\/paroisse\/538"}],"wp:attachment":[{"href":"https:\/\/www.diocese-belfort-montbeliard.fr\/chevremont\/wp-json\/wp\/v2\/media?parent=169"}],"curies":[{"name":"wp","href":"https:\/\/api.w.org\/{rel}","templated":true}]}}