{"id":5306,"date":"2026-01-27T21:24:04","date_gmt":"2026-01-27T20:24:04","guid":{"rendered":"https:\/\/www.diocese-belfort-montbeliard.fr\/chevremont\/?post_type=paroisse&#038;p=5306"},"modified":"2026-01-27T21:28:47","modified_gmt":"2026-01-27T20:28:47","slug":"fete-du-diocese-24-janvier-2026","status":"publish","type":"paroisse","link":"https:\/\/www.diocese-belfort-montbeliard.fr\/chevremont\/paroisses\/saint-antoine-le-grand\/photos-2\/fete-du-diocese-24-janvier-2026\/","title":{"rendered":"FETE DU DIOCESE 24 janvier 2026"},"content":{"rendered":"\n<figure class=\"wp-block-gallery has-nested-images columns-4 wp-block-gallery-1 is-layout-flex wp-block-gallery-is-layout-flex\">\n<figure class=\"wp-block-image size-large\"><img loading=\"lazy\" decoding=\"async\" width=\"807\" height=\"1080\" data-id=\"5311\" src=\"https:\/\/www.diocese-belfort-montbeliard.fr\/chevremont\/wp-content\/uploads\/sites\/4\/2026\/01\/PXL_20260123_1402532222-807x1080.jpg\" alt=\"\" class=\"wp-image-5311\" srcset=\"https:\/\/www.diocese-belfort-montbeliard.fr\/chevremont\/wp-content\/uploads\/sites\/4\/2026\/01\/PXL_20260123_1402532222-807x1080.jpg 807w, https:\/\/www.diocese-belfort-montbeliard.fr\/chevremont\/wp-content\/uploads\/sites\/4\/2026\/01\/PXL_20260123_1402532222-448x600.jpg 448w, https:\/\/www.diocese-belfort-montbeliard.fr\/chevremont\/wp-content\/uploads\/sites\/4\/2026\/01\/PXL_20260123_1402532222-768x1028.jpg 768w, https:\/\/www.diocese-belfort-montbeliard.fr\/chevremont\/wp-content\/uploads\/sites\/4\/2026\/01\/PXL_20260123_1402532222-1148x1536.jpg 1148w, https:\/\/www.diocese-belfort-montbeliard.fr\/chevremont\/wp-content\/uploads\/sites\/4\/2026\/01\/PXL_20260123_1402532222.jpg 1377w\" sizes=\"auto, (max-width: 807px) 100vw, 807px\" \/><\/figure>\n\n\n\n<figure class=\"wp-block-image size-large\"><img loading=\"lazy\" decoding=\"async\" width=\"608\" height=\"1080\" data-id=\"5320\" src=\"https:\/\/www.diocese-belfort-montbeliard.fr\/chevremont\/wp-content\/uploads\/sites\/4\/2026\/01\/PXL_20260124_152133710-608x1080.jpg\" alt=\"\" class=\"wp-image-5320\" srcset=\"https:\/\/www.diocese-belfort-montbeliard.fr\/chevremont\/wp-content\/uploads\/sites\/4\/2026\/01\/PXL_20260124_152133710-608x1080.jpg 608w, https:\/\/www.diocese-belfort-montbeliard.fr\/chevremont\/wp-content\/uploads\/sites\/4\/2026\/01\/PXL_20260124_152133710-338x600.jpg 338w, https:\/\/www.diocese-belfort-montbeliard.fr\/chevremont\/wp-content\/uploads\/sites\/4\/2026\/01\/PXL_20260124_152133710-768x1365.jpg 768w, https:\/\/www.diocese-belfort-montbeliard.fr\/chevremont\/wp-content\/uploads\/sites\/4\/2026\/01\/PXL_20260124_152133710-864x1536.jpg 864w, https:\/\/www.diocese-belfort-montbeliard.fr\/chevremont\/wp-content\/uploads\/sites\/4\/2026\/01\/PXL_20260124_152133710-1152x2048.jpg 1152w, https:\/\/www.diocese-belfort-montbeliard.fr\/chevremont\/wp-content\/uploads\/sites\/4\/2026\/01\/PXL_20260124_152133710-scaled.jpg 1440w\" sizes=\"auto, (max-width: 608px) 100vw, 608px\" \/><\/figure>\n\n\n\n<figure class=\"wp-block-image size-large\"><img loading=\"lazy\" decoding=\"async\" width=\"1920\" height=\"1080\" data-id=\"5318\" src=\"https:\/\/www.diocese-belfort-montbeliard.fr\/chevremont\/wp-content\/uploads\/sites\/4\/2026\/01\/PXL_20260124_144906384-1920x1080.jpg\" alt=\"\" class=\"wp-image-5318\" srcset=\"https:\/\/www.diocese-belfort-montbeliard.fr\/chevremont\/wp-content\/uploads\/sites\/4\/2026\/01\/PXL_20260124_144906384-1920x1080.jpg 1920w, https:\/\/www.diocese-belfort-montbeliard.fr\/chevremont\/wp-content\/uploads\/sites\/4\/2026\/01\/PXL_20260124_144906384-600x338.jpg 600w, https:\/\/www.diocese-belfort-montbeliard.fr\/chevremont\/wp-content\/uploads\/sites\/4\/2026\/01\/PXL_20260124_144906384-768x432.jpg 768w, https:\/\/www.diocese-belfort-montbeliard.fr\/chevremont\/wp-content\/uploads\/sites\/4\/2026\/01\/PXL_20260124_144906384-1536x864.jpg 1536w, https:\/\/www.diocese-belfort-montbeliard.fr\/chevremont\/wp-content\/uploads\/sites\/4\/2026\/01\/PXL_20260124_144906384-2048x1152.jpg 2048w\" sizes=\"auto, (max-width: 1920px) 100vw, 1920px\" \/><\/figure>\n\n\n\n<figure class=\"wp-block-image size-large\"><img loading=\"lazy\" decoding=\"async\" width=\"608\" height=\"1080\" data-id=\"5313\" src=\"https:\/\/www.diocese-belfort-montbeliard.fr\/chevremont\/wp-content\/uploads\/sites\/4\/2026\/01\/PXL_20260124_130647736-608x1080.jpg\" alt=\"\" class=\"wp-image-5313\" srcset=\"https:\/\/www.diocese-belfort-montbeliard.fr\/chevremont\/wp-content\/uploads\/sites\/4\/2026\/01\/PXL_20260124_130647736-608x1080.jpg 608w, https:\/\/www.diocese-belfort-montbeliard.fr\/chevremont\/wp-content\/uploads\/sites\/4\/2026\/01\/PXL_20260124_130647736-338x600.jpg 338w, https:\/\/www.diocese-belfort-montbeliard.fr\/chevremont\/wp-content\/uploads\/sites\/4\/2026\/01\/PXL_20260124_130647736-768x1365.jpg 768w, https:\/\/www.diocese-belfort-montbeliard.fr\/chevremont\/wp-content\/uploads\/sites\/4\/2026\/01\/PXL_20260124_130647736-864x1536.jpg 864w, https:\/\/www.diocese-belfort-montbeliard.fr\/chevremont\/wp-content\/uploads\/sites\/4\/2026\/01\/PXL_20260124_130647736-1152x2048.jpg 1152w, https:\/\/www.diocese-belfort-montbeliard.fr\/chevremont\/wp-content\/uploads\/sites\/4\/2026\/01\/PXL_20260124_130647736-scaled.jpg 1440w\" sizes=\"auto, (max-width: 608px) 100vw, 608px\" \/><\/figure>\n\n\n\n<figure class=\"wp-block-image size-large\"><img loading=\"lazy\" decoding=\"async\" width=\"1920\" height=\"1080\" data-id=\"5324\" src=\"https:\/\/www.diocese-belfort-montbeliard.fr\/chevremont\/wp-content\/uploads\/sites\/4\/2026\/01\/PXL_20260124_151922927-1920x1080.jpg\" alt=\"\" class=\"wp-image-5324\" srcset=\"https:\/\/www.diocese-belfort-montbeliard.fr\/chevremont\/wp-content\/uploads\/sites\/4\/2026\/01\/PXL_20260124_151922927-1920x1080.jpg 1920w, https:\/\/www.diocese-belfort-montbeliard.fr\/chevremont\/wp-content\/uploads\/sites\/4\/2026\/01\/PXL_20260124_151922927-600x338.jpg 600w, https:\/\/www.diocese-belfort-montbeliard.fr\/chevremont\/wp-content\/uploads\/sites\/4\/2026\/01\/PXL_20260124_151922927-768x432.jpg 768w, https:\/\/www.diocese-belfort-montbeliard.fr\/chevremont\/wp-content\/uploads\/sites\/4\/2026\/01\/PXL_20260124_151922927-1536x864.jpg 1536w, https:\/\/www.diocese-belfort-montbeliard.fr\/chevremont\/wp-content\/uploads\/sites\/4\/2026\/01\/PXL_20260124_151922927-2048x1152.jpg 2048w\" sizes=\"auto, (max-width: 1920px) 100vw, 1920px\" \/><\/figure>\n\n\n\n<figure class=\"wp-block-image size-large\"><img loading=\"lazy\" decoding=\"async\" width=\"1920\" height=\"1080\" data-id=\"5316\" src=\"https:\/\/www.diocese-belfort-montbeliard.fr\/chevremont\/wp-content\/uploads\/sites\/4\/2026\/01\/PXL_20260124_130713026-1920x1080.jpg\" alt=\"\" class=\"wp-image-5316\" srcset=\"https:\/\/www.diocese-belfort-montbeliard.fr\/chevremont\/wp-content\/uploads\/sites\/4\/2026\/01\/PXL_20260124_130713026-1920x1080.jpg 1920w, https:\/\/www.diocese-belfort-montbeliard.fr\/chevremont\/wp-content\/uploads\/sites\/4\/2026\/01\/PXL_20260124_130713026-600x338.jpg 600w, https:\/\/www.diocese-belfort-montbeliard.fr\/chevremont\/wp-content\/uploads\/sites\/4\/2026\/01\/PXL_20260124_130713026-768x432.jpg 768w, https:\/\/www.diocese-belfort-montbeliard.fr\/chevremont\/wp-content\/uploads\/sites\/4\/2026\/01\/PXL_20260124_130713026-1536x864.jpg 1536w, https:\/\/www.diocese-belfort-montbeliard.fr\/chevremont\/wp-content\/uploads\/sites\/4\/2026\/01\/PXL_20260124_130713026-2048x1152.jpg 2048w\" sizes=\"auto, (max-width: 1920px) 100vw, 1920px\" \/><\/figure>\n\n\n\n<figure class=\"wp-block-image size-large\"><img loading=\"lazy\" decoding=\"async\" width=\"1920\" height=\"1080\" data-id=\"5322\" src=\"https:\/\/www.diocese-belfort-montbeliard.fr\/chevremont\/wp-content\/uploads\/sites\/4\/2026\/01\/PXL_20260124_152834056-1920x1080.jpg\" alt=\"\" class=\"wp-image-5322\" srcset=\"https:\/\/www.diocese-belfort-montbeliard.fr\/chevremont\/wp-content\/uploads\/sites\/4\/2026\/01\/PXL_20260124_152834056-1920x1080.jpg 1920w, https:\/\/www.diocese-belfort-montbeliard.fr\/chevremont\/wp-content\/uploads\/sites\/4\/2026\/01\/PXL_20260124_152834056-600x338.jpg 600w, https:\/\/www.diocese-belfort-montbeliard.fr\/chevremont\/wp-content\/uploads\/sites\/4\/2026\/01\/PXL_20260124_152834056-768x432.jpg 768w, https:\/\/www.diocese-belfort-montbeliard.fr\/chevremont\/wp-content\/uploads\/sites\/4\/2026\/01\/PXL_20260124_152834056-1536x864.jpg 1536w, https:\/\/www.diocese-belfort-montbeliard.fr\/chevremont\/wp-content\/uploads\/sites\/4\/2026\/01\/PXL_20260124_152834056-2048x1152.jpg 2048w\" sizes=\"auto, (max-width: 1920px) 100vw, 1920px\" \/><\/figure>\n\n\n\n<figure class=\"wp-block-image size-large\"><img loading=\"lazy\" decoding=\"async\" width=\"892\" height=\"1080\" data-id=\"5310\" src=\"https:\/\/www.diocese-belfort-montbeliard.fr\/chevremont\/wp-content\/uploads\/sites\/4\/2026\/01\/PXL_20260123_135707719-892x1080.jpg\" alt=\"\" class=\"wp-image-5310\" srcset=\"https:\/\/www.diocese-belfort-montbeliard.fr\/chevremont\/wp-content\/uploads\/sites\/4\/2026\/01\/PXL_20260123_135707719-892x1080.jpg 892w, https:\/\/www.diocese-belfort-montbeliard.fr\/chevremont\/wp-content\/uploads\/sites\/4\/2026\/01\/PXL_20260123_135707719-495x600.jpg 495w, https:\/\/www.diocese-belfort-montbeliard.fr\/chevremont\/wp-content\/uploads\/sites\/4\/2026\/01\/PXL_20260123_135707719-768x930.jpg 768w, https:\/\/www.diocese-belfort-montbeliard.fr\/chevremont\/wp-content\/uploads\/sites\/4\/2026\/01\/PXL_20260123_135707719-1268x1536.jpg 1268w, https:\/\/www.diocese-belfort-montbeliard.fr\/chevremont\/wp-content\/uploads\/sites\/4\/2026\/01\/PXL_20260123_135707719.jpg 1512w\" sizes=\"auto, (max-width: 892px) 100vw, 892px\" \/><\/figure>\n\n\n\n<figure class=\"wp-block-image size-large\"><img loading=\"lazy\" decoding=\"async\" width=\"895\" height=\"1080\" data-id=\"5312\" src=\"https:\/\/www.diocese-belfort-montbeliard.fr\/chevremont\/wp-content\/uploads\/sites\/4\/2026\/01\/PXL_20260124_161719352.NIGHT2_-895x1080.jpg\" alt=\"\" class=\"wp-image-5312\" srcset=\"https:\/\/www.diocese-belfort-montbeliard.fr\/chevremont\/wp-content\/uploads\/sites\/4\/2026\/01\/PXL_20260124_161719352.NIGHT2_-895x1080.jpg 895w, https:\/\/www.diocese-belfort-montbeliard.fr\/chevremont\/wp-content\/uploads\/sites\/4\/2026\/01\/PXL_20260124_161719352.NIGHT2_-497x600.jpg 497w, https:\/\/www.diocese-belfort-montbeliard.fr\/chevremont\/wp-content\/uploads\/sites\/4\/2026\/01\/PXL_20260124_161719352.NIGHT2_-768x926.jpg 768w, https:\/\/www.diocese-belfort-montbeliard.fr\/chevremont\/wp-content\/uploads\/sites\/4\/2026\/01\/PXL_20260124_161719352.NIGHT2_-1273x1536.jpg 1273w, https:\/\/www.diocese-belfort-montbeliard.fr\/chevremont\/wp-content\/uploads\/sites\/4\/2026\/01\/PXL_20260124_161719352.NIGHT2_.jpg 1512w\" sizes=\"auto, (max-width: 895px) 100vw, 895px\" \/><\/figure>\n\n\n\n<figure class=\"wp-block-image size-large\"><img loading=\"lazy\" decoding=\"async\" width=\"608\" height=\"1080\" data-id=\"5309\" src=\"https:\/\/www.diocese-belfort-montbeliard.fr\/chevremont\/wp-content\/uploads\/sites\/4\/2026\/01\/PXL_20260124_130626044-608x1080.jpg\" alt=\"\" class=\"wp-image-5309\" srcset=\"https:\/\/www.diocese-belfort-montbeliard.fr\/chevremont\/wp-content\/uploads\/sites\/4\/2026\/01\/PXL_20260124_130626044-608x1080.jpg 608w, https:\/\/www.diocese-belfort-montbeliard.fr\/chevremont\/wp-content\/uploads\/sites\/4\/2026\/01\/PXL_20260124_130626044-338x600.jpg 338w, https:\/\/www.diocese-belfort-montbeliard.fr\/chevremont\/wp-content\/uploads\/sites\/4\/2026\/01\/PXL_20260124_130626044-768x1365.jpg 768w, https:\/\/www.diocese-belfort-montbeliard.fr\/chevremont\/wp-content\/uploads\/sites\/4\/2026\/01\/PXL_20260124_130626044-864x1536.jpg 864w, https:\/\/www.diocese-belfort-montbeliard.fr\/chevremont\/wp-content\/uploads\/sites\/4\/2026\/01\/PXL_20260124_130626044-1152x2048.jpg 1152w, https:\/\/www.diocese-belfort-montbeliard.fr\/chevremont\/wp-content\/uploads\/sites\/4\/2026\/01\/PXL_20260124_130626044-scaled.jpg 1440w\" sizes=\"auto, (max-width: 608px) 100vw, 608px\" \/><\/figure>\n\n\n\n<figure class=\"wp-block-image size-large\"><img loading=\"lazy\" decoding=\"async\" width=\"608\" height=\"1080\" data-id=\"5327\" src=\"https:\/\/www.diocese-belfort-montbeliard.fr\/chevremont\/wp-content\/uploads\/sites\/4\/2026\/01\/PXL_20260124_144728459-608x1080.jpg\" alt=\"\" class=\"wp-image-5327\" srcset=\"https:\/\/www.diocese-belfort-montbeliard.fr\/chevremont\/wp-content\/uploads\/sites\/4\/2026\/01\/PXL_20260124_144728459-608x1080.jpg 608w, https:\/\/www.diocese-belfort-montbeliard.fr\/chevremont\/wp-content\/uploads\/sites\/4\/2026\/01\/PXL_20260124_144728459-338x600.jpg 338w, https:\/\/www.diocese-belfort-montbeliard.fr\/chevremont\/wp-content\/uploads\/sites\/4\/2026\/01\/PXL_20260124_144728459-768x1365.jpg 768w, https:\/\/www.diocese-belfort-montbeliard.fr\/chevremont\/wp-content\/uploads\/sites\/4\/2026\/01\/PXL_20260124_144728459-864x1536.jpg 864w, https:\/\/www.diocese-belfort-montbeliard.fr\/chevremont\/wp-content\/uploads\/sites\/4\/2026\/01\/PXL_20260124_144728459-1152x2048.jpg 1152w, https:\/\/www.diocese-belfort-montbeliard.fr\/chevremont\/wp-content\/uploads\/sites\/4\/2026\/01\/PXL_20260124_144728459-scaled.jpg 1440w\" sizes=\"auto, (max-width: 608px) 100vw, 608px\" \/><\/figure>\n\n\n\n<figure class=\"wp-block-image size-large\"><img loading=\"lazy\" decoding=\"async\" width=\"1920\" height=\"1080\" data-id=\"5323\" src=\"https:\/\/www.diocese-belfort-montbeliard.fr\/chevremont\/wp-content\/uploads\/sites\/4\/2026\/01\/PXL_20260124_130728054-1920x1080.jpg\" alt=\"\" class=\"wp-image-5323\" srcset=\"https:\/\/www.diocese-belfort-montbeliard.fr\/chevremont\/wp-content\/uploads\/sites\/4\/2026\/01\/PXL_20260124_130728054-1920x1080.jpg 1920w, https:\/\/www.diocese-belfort-montbeliard.fr\/chevremont\/wp-content\/uploads\/sites\/4\/2026\/01\/PXL_20260124_130728054-600x338.jpg 600w, https:\/\/www.diocese-belfort-montbeliard.fr\/chevremont\/wp-content\/uploads\/sites\/4\/2026\/01\/PXL_20260124_130728054-768x432.jpg 768w, https:\/\/www.diocese-belfort-montbeliard.fr\/chevremont\/wp-content\/uploads\/sites\/4\/2026\/01\/PXL_20260124_130728054-1536x864.jpg 1536w, https:\/\/www.diocese-belfort-montbeliard.fr\/chevremont\/wp-content\/uploads\/sites\/4\/2026\/01\/PXL_20260124_130728054-2048x1152.jpg 2048w\" sizes=\"auto, (max-width: 1920px) 100vw, 1920px\" \/><\/figure>\n\n\n\n<figure class=\"wp-block-image size-large\"><img loading=\"lazy\" decoding=\"async\" width=\"1920\" height=\"1080\" data-id=\"5319\" src=\"https:\/\/www.diocese-belfort-montbeliard.fr\/chevremont\/wp-content\/uploads\/sites\/4\/2026\/01\/PXL_20260124_130528976-1920x1080.jpg\" alt=\"\" class=\"wp-image-5319\" srcset=\"https:\/\/www.diocese-belfort-montbeliard.fr\/chevremont\/wp-content\/uploads\/sites\/4\/2026\/01\/PXL_20260124_130528976-1920x1080.jpg 1920w, https:\/\/www.diocese-belfort-montbeliard.fr\/chevremont\/wp-content\/uploads\/sites\/4\/2026\/01\/PXL_20260124_130528976-600x338.jpg 600w, https:\/\/www.diocese-belfort-montbeliard.fr\/chevremont\/wp-content\/uploads\/sites\/4\/2026\/01\/PXL_20260124_130528976-768x432.jpg 768w, https:\/\/www.diocese-belfort-montbeliard.fr\/chevremont\/wp-content\/uploads\/sites\/4\/2026\/01\/PXL_20260124_130528976-1536x864.jpg 1536w, https:\/\/www.diocese-belfort-montbeliard.fr\/chevremont\/wp-content\/uploads\/sites\/4\/2026\/01\/PXL_20260124_130528976-2048x1152.jpg 2048w\" sizes=\"auto, (max-width: 1920px) 100vw, 1920px\" \/><\/figure>\n\n\n\n<figure class=\"wp-block-image size-large\"><img loading=\"lazy\" decoding=\"async\" width=\"1920\" height=\"1080\" data-id=\"5326\" src=\"https:\/\/www.diocese-belfort-montbeliard.fr\/chevremont\/wp-content\/uploads\/sites\/4\/2026\/01\/PXL_20260124_144841991-1920x1080.jpg\" alt=\"\" class=\"wp-image-5326\" srcset=\"https:\/\/www.diocese-belfort-montbeliard.fr\/chevremont\/wp-content\/uploads\/sites\/4\/2026\/01\/PXL_20260124_144841991-1920x1080.jpg 1920w, https:\/\/www.diocese-belfort-montbeliard.fr\/chevremont\/wp-content\/uploads\/sites\/4\/2026\/01\/PXL_20260124_144841991-600x338.jpg 600w, https:\/\/www.diocese-belfort-montbeliard.fr\/chevremont\/wp-content\/uploads\/sites\/4\/2026\/01\/PXL_20260124_144841991-768x432.jpg 768w, https:\/\/www.diocese-belfort-montbeliard.fr\/chevremont\/wp-content\/uploads\/sites\/4\/2026\/01\/PXL_20260124_144841991-1536x864.jpg 1536w, https:\/\/www.diocese-belfort-montbeliard.fr\/chevremont\/wp-content\/uploads\/sites\/4\/2026\/01\/PXL_20260124_144841991-2048x1152.jpg 2048w\" sizes=\"auto, (max-width: 1920px) 100vw, 1920px\" \/><\/figure>\n\n\n\n<figure class=\"wp-block-image size-large\"><img loading=\"lazy\" decoding=\"async\" width=\"1920\" height=\"1080\" data-id=\"5328\" src=\"https:\/\/www.diocese-belfort-montbeliard.fr\/chevremont\/wp-content\/uploads\/sites\/4\/2026\/01\/PXL_20260124_145646103-1920x1080.jpg\" alt=\"\" class=\"wp-image-5328\" srcset=\"https:\/\/www.diocese-belfort-montbeliard.fr\/chevremont\/wp-content\/uploads\/sites\/4\/2026\/01\/PXL_20260124_145646103-1920x1080.jpg 1920w, https:\/\/www.diocese-belfort-montbeliard.fr\/chevremont\/wp-content\/uploads\/sites\/4\/2026\/01\/PXL_20260124_145646103-600x338.jpg 600w, https:\/\/www.diocese-belfort-montbeliard.fr\/chevremont\/wp-content\/uploads\/sites\/4\/2026\/01\/PXL_20260124_145646103-768x432.jpg 768w, https:\/\/www.diocese-belfort-montbeliard.fr\/chevremont\/wp-content\/uploads\/sites\/4\/2026\/01\/PXL_20260124_145646103-1536x864.jpg 1536w, https:\/\/www.diocese-belfort-montbeliard.fr\/chevremont\/wp-content\/uploads\/sites\/4\/2026\/01\/PXL_20260124_145646103-2048x1152.jpg 2048w\" sizes=\"auto, (max-width: 1920px) 100vw, 1920px\" \/><\/figure>\n\n\n\n<figure class=\"wp-block-image size-large\"><img loading=\"lazy\" decoding=\"async\" width=\"1920\" height=\"1080\" data-id=\"5321\" src=\"https:\/\/www.diocese-belfort-montbeliard.fr\/chevremont\/wp-content\/uploads\/sites\/4\/2026\/01\/PXL_20260124_151858431-1920x1080.jpg\" alt=\"\" class=\"wp-image-5321\" srcset=\"https:\/\/www.diocese-belfort-montbeliard.fr\/chevremont\/wp-content\/uploads\/sites\/4\/2026\/01\/PXL_20260124_151858431-1920x1080.jpg 1920w, https:\/\/www.diocese-belfort-montbeliard.fr\/chevremont\/wp-content\/uploads\/sites\/4\/2026\/01\/PXL_20260124_151858431-600x338.jpg 600w, https:\/\/www.diocese-belfort-montbeliard.fr\/chevremont\/wp-content\/uploads\/sites\/4\/2026\/01\/PXL_20260124_151858431-768x432.jpg 768w, https:\/\/www.diocese-belfort-montbeliard.fr\/chevremont\/wp-content\/uploads\/sites\/4\/2026\/01\/PXL_20260124_151858431-1536x864.jpg 1536w, https:\/\/www.diocese-belfort-montbeliard.fr\/chevremont\/wp-content\/uploads\/sites\/4\/2026\/01\/PXL_20260124_151858431-2048x1152.jpg 2048w\" sizes=\"auto, (max-width: 1920px) 100vw, 1920px\" \/><\/figure>\n\n\n\n<figure class=\"wp-block-image size-large\"><img loading=\"lazy\" decoding=\"async\" width=\"1920\" height=\"1080\" data-id=\"5325\" src=\"https:\/\/www.diocese-belfort-montbeliard.fr\/chevremont\/wp-content\/uploads\/sites\/4\/2026\/01\/PXL_20260124_071832482-1920x1080.jpg\" alt=\"\" class=\"wp-image-5325\" srcset=\"https:\/\/www.diocese-belfort-montbeliard.fr\/chevremont\/wp-content\/uploads\/sites\/4\/2026\/01\/PXL_20260124_071832482-1920x1080.jpg 1920w, https:\/\/www.diocese-belfort-montbeliard.fr\/chevremont\/wp-content\/uploads\/sites\/4\/2026\/01\/PXL_20260124_071832482-600x338.jpg 600w, https:\/\/www.diocese-belfort-montbeliard.fr\/chevremont\/wp-content\/uploads\/sites\/4\/2026\/01\/PXL_20260124_071832482-768x432.jpg 768w, https:\/\/www.diocese-belfort-montbeliard.fr\/chevremont\/wp-content\/uploads\/sites\/4\/2026\/01\/PXL_20260124_071832482-1536x864.jpg 1536w, https:\/\/www.diocese-belfort-montbeliard.fr\/chevremont\/wp-content\/uploads\/sites\/4\/2026\/01\/PXL_20260124_071832482-2048x1152.jpg 2048w\" sizes=\"auto, (max-width: 1920px) 100vw, 1920px\" \/><\/figure>\n\n\n\n<figure class=\"wp-block-image size-large\"><img loading=\"lazy\" decoding=\"async\" width=\"608\" height=\"1080\" data-id=\"5314\" src=\"https:\/\/www.diocese-belfort-montbeliard.fr\/chevremont\/wp-content\/uploads\/sites\/4\/2026\/01\/PXL_20260124_130644802-608x1080.jpg\" alt=\"\" class=\"wp-image-5314\" srcset=\"https:\/\/www.diocese-belfort-montbeliard.fr\/chevremont\/wp-content\/uploads\/sites\/4\/2026\/01\/PXL_20260124_130644802-608x1080.jpg 608w, https:\/\/www.diocese-belfort-montbeliard.fr\/chevremont\/wp-content\/uploads\/sites\/4\/2026\/01\/PXL_20260124_130644802-338x600.jpg 338w, https:\/\/www.diocese-belfort-montbeliard.fr\/chevremont\/wp-content\/uploads\/sites\/4\/2026\/01\/PXL_20260124_130644802-768x1365.jpg 768w, https:\/\/www.diocese-belfort-montbeliard.fr\/chevremont\/wp-content\/uploads\/sites\/4\/2026\/01\/PXL_20260124_130644802-864x1536.jpg 864w, https:\/\/www.diocese-belfort-montbeliard.fr\/chevremont\/wp-content\/uploads\/sites\/4\/2026\/01\/PXL_20260124_130644802-1152x2048.jpg 1152w, https:\/\/www.diocese-belfort-montbeliard.fr\/chevremont\/wp-content\/uploads\/sites\/4\/2026\/01\/PXL_20260124_130644802-scaled.jpg 1440w\" sizes=\"auto, (max-width: 608px) 100vw, 608px\" \/><\/figure>\n<\/figure>\n\n\n\n<figure class=\"wp-block-video\"><video height=\"480\" style=\"aspect-ratio: 848 \/ 480;\" width=\"848\" controls src=\"https:\/\/www.diocese-belfort-montbeliard.fr\/chevremont\/wp-content\/uploads\/sites\/4\/2026\/01\/vid-20260127-wa0001.mp4\"><\/video><\/figure>\n","protected":false},"author":14,"featured_media":5329,"parent":5304,"menu_order":1,"template":"","meta":{"_acf_changed":false,"footnotes":""},"class_list":["post-5306","paroisse","type-paroisse","status-publish","has-post-thumbnail","hentry"],"acf":[],"yoast_head":"<!-- This site is optimized with the Yoast SEO plugin v27.4 - https:\/\/yoast.com\/product\/yoast-seo-wordpress\/ -->\n<title>FETE DU DIOCESE 24 janvier 2026 - Doyenn\u00e9 de Ch\u00e8vremont<\/title>\n<meta name=\"robots\" content=\"index, follow, max-snippet:-1, max-image-preview:large, max-video-preview:-1\" \/>\n<link rel=\"canonical\" href=\"https:\/\/www.diocese-belfort-montbeliard.fr\/chevremont\/paroisses\/saint-antoine-le-grand\/photos-2\/fete-du-diocese-24-janvier-2026\/\" \/>\n<meta property=\"og:locale\" content=\"fr_FR\" \/>\n<meta property=\"og:type\" content=\"article\" \/>\n<meta property=\"og:title\" content=\"FETE DU DIOCESE 24 janvier 2026 - Doyenn\u00e9 de Ch\u00e8vremont\" \/>\n<meta property=\"og:url\" content=\"https:\/\/www.diocese-belfort-montbeliard.fr\/chevremont\/paroisses\/saint-antoine-le-grand\/photos-2\/fete-du-diocese-24-janvier-2026\/\" \/>\n<meta property=\"og:site_name\" content=\"Doyenn\u00e9 de Ch\u00e8vremont\" \/>\n<meta property=\"article:modified_time\" content=\"2026-01-27T20:28:47+00:00\" \/>\n<meta property=\"og:image\" content=\"https:\/\/www.diocese-belfort-montbeliard.fr\/chevremont\/wp-content\/uploads\/sites\/4\/2026\/01\/pxl_20260124_161719352.night2_-1.jpg\" \/>\n\t<meta property=\"og:image:width\" content=\"1512\" \/>\n\t<meta property=\"og:image:height\" content=\"1824\" \/>\n\t<meta property=\"og:image:type\" content=\"image\/jpeg\" \/>\n<meta name=\"twitter:card\" content=\"summary_large_image\" \/>\n<meta name=\"twitter:label1\" content=\"Dur\u00e9e de lecture estim\u00e9e\" \/>\n\t<meta name=\"twitter:data1\" content=\"4 minutes\" \/>\n<script type=\"application\/ld+json\" class=\"yoast-schema-graph\">{\"@context\":\"https:\\\/\\\/schema.org\",\"@graph\":[{\"@type\":\"WebPage\",\"@id\":\"https:\\\/\\\/www.diocese-belfort-montbeliard.fr\\\/chevremont\\\/paroisses\\\/saint-antoine-le-grand\\\/photos-2\\\/fete-du-diocese-24-janvier-2026\\\/\",\"url\":\"https:\\\/\\\/www.diocese-belfort-montbeliard.fr\\\/chevremont\\\/paroisses\\\/saint-antoine-le-grand\\\/photos-2\\\/fete-du-diocese-24-janvier-2026\\\/\",\"name\":\"FETE DU DIOCESE 24 janvier 2026 - Doyenn\u00e9 de Ch\u00e8vremont\",\"isPartOf\":{\"@id\":\"https:\\\/\\\/www.diocese-belfort-montbeliard.fr\\\/chevremont\\\/#website\"},\"primaryImageOfPage\":{\"@id\":\"https:\\\/\\\/www.diocese-belfort-montbeliard.fr\\\/chevremont\\\/paroisses\\\/saint-antoine-le-grand\\\/photos-2\\\/fete-du-diocese-24-janvier-2026\\\/#primaryimage\"},\"image\":{\"@id\":\"https:\\\/\\\/www.diocese-belfort-montbeliard.fr\\\/chevremont\\\/paroisses\\\/saint-antoine-le-grand\\\/photos-2\\\/fete-du-diocese-24-janvier-2026\\\/#primaryimage\"},\"thumbnailUrl\":\"https:\\\/\\\/www.diocese-belfort-montbeliard.fr\\\/chevremont\\\/wp-content\\\/uploads\\\/sites\\\/4\\\/2026\\\/01\\\/pxl_20260124_161719352.night2_-1.jpg\",\"datePublished\":\"2026-01-27T20:24:04+00:00\",\"dateModified\":\"2026-01-27T20:28:47+00:00\",\"breadcrumb\":{\"@id\":\"https:\\\/\\\/www.diocese-belfort-montbeliard.fr\\\/chevremont\\\/paroisses\\\/saint-antoine-le-grand\\\/photos-2\\\/fete-du-diocese-24-janvier-2026\\\/#breadcrumb\"},\"inLanguage\":\"fr-FR\",\"potentialAction\":[{\"@type\":\"ReadAction\",\"target\":[\"https:\\\/\\\/www.diocese-belfort-montbeliard.fr\\\/chevremont\\\/paroisses\\\/saint-antoine-le-grand\\\/photos-2\\\/fete-du-diocese-24-janvier-2026\\\/\"]}]},{\"@type\":\"ImageObject\",\"inLanguage\":\"fr-FR\",\"@id\":\"https:\\\/\\\/www.diocese-belfort-montbeliard.fr\\\/chevremont\\\/paroisses\\\/saint-antoine-le-grand\\\/photos-2\\\/fete-du-diocese-24-janvier-2026\\\/#primaryimage\",\"url\":\"https:\\\/\\\/www.diocese-belfort-montbeliard.fr\\\/chevremont\\\/wp-content\\\/uploads\\\/sites\\\/4\\\/2026\\\/01\\\/pxl_20260124_161719352.night2_-1.jpg\",\"contentUrl\":\"https:\\\/\\\/www.diocese-belfort-montbeliard.fr\\\/chevremont\\\/wp-content\\\/uploads\\\/sites\\\/4\\\/2026\\\/01\\\/pxl_20260124_161719352.night2_-1.jpg\",\"width\":1512,\"height\":1824},{\"@type\":\"BreadcrumbList\",\"@id\":\"https:\\\/\\\/www.diocese-belfort-montbeliard.fr\\\/chevremont\\\/paroisses\\\/saint-antoine-le-grand\\\/photos-2\\\/fete-du-diocese-24-janvier-2026\\\/#breadcrumb\",\"itemListElement\":[{\"@type\":\"ListItem\",\"position\":1,\"name\":\"Accueil\",\"item\":\"https:\\\/\\\/www.diocese-belfort-montbeliard.fr\\\/chevremont\\\/\"},{\"@type\":\"ListItem\",\"position\":2,\"name\":\"Saint Antoine le Grand\",\"item\":\"https:\\\/\\\/www.diocese-belfort-montbeliard.fr\\\/chevremont\\\/paroisses\\\/saint-antoine-le-grand\\\/\"},{\"@type\":\"ListItem\",\"position\":3,\"name\":\"PHOTOS\",\"item\":\"https:\\\/\\\/www.diocese-belfort-montbeliard.fr\\\/chevremont\\\/paroisses\\\/saint-antoine-le-grand\\\/photos-2\\\/\"},{\"@type\":\"ListItem\",\"position\":4,\"name\":\"FETE DU DIOCESE 24 janvier 2026\"}]},{\"@type\":\"WebSite\",\"@id\":\"https:\\\/\\\/www.diocese-belfort-montbeliard.fr\\\/chevremont\\\/#website\",\"url\":\"https:\\\/\\\/www.diocese-belfort-montbeliard.fr\\\/chevremont\\\/\",\"name\":\"Doyenn\u00e9 de Ch\u00e8vremont\",\"description\":\"Dioc\u00e8se de Belfort-Montb\u00e9liard\",\"potentialAction\":[{\"@type\":\"SearchAction\",\"target\":{\"@type\":\"EntryPoint\",\"urlTemplate\":\"https:\\\/\\\/www.diocese-belfort-montbeliard.fr\\\/chevremont\\\/?s={search_term_string}\"},\"query-input\":{\"@type\":\"PropertyValueSpecification\",\"valueRequired\":true,\"valueName\":\"search_term_string\"}}],\"inLanguage\":\"fr-FR\"}]}<\/script>\n<!-- \/ Yoast SEO plugin. -->","yoast_head_json":{"title":"FETE DU DIOCESE 24 janvier 2026 - Doyenn\u00e9 de Ch\u00e8vremont","robots":{"index":"index","follow":"follow","max-snippet":"max-snippet:-1","max-image-preview":"max-image-preview:large","max-video-preview":"max-video-preview:-1"},"canonical":"https:\/\/www.diocese-belfort-montbeliard.fr\/chevremont\/paroisses\/saint-antoine-le-grand\/photos-2\/fete-du-diocese-24-janvier-2026\/","og_locale":"fr_FR","og_type":"article","og_title":"FETE DU DIOCESE 24 janvier 2026 - Doyenn\u00e9 de Ch\u00e8vremont","og_url":"https:\/\/www.diocese-belfort-montbeliard.fr\/chevremont\/paroisses\/saint-antoine-le-grand\/photos-2\/fete-du-diocese-24-janvier-2026\/","og_site_name":"Doyenn\u00e9 de Ch\u00e8vremont","article_modified_time":"2026-01-27T20:28:47+00:00","og_image":[{"width":1512,"height":1824,"url":"https:\/\/www.diocese-belfort-montbeliard.fr\/chevremont\/wp-content\/uploads\/sites\/4\/2026\/01\/pxl_20260124_161719352.night2_-1.jpg","type":"image\/jpeg"}],"twitter_card":"summary_large_image","twitter_misc":{"Dur\u00e9e de lecture estim\u00e9e":"4 minutes"},"schema":{"@context":"https:\/\/schema.org","@graph":[{"@type":"WebPage","@id":"https:\/\/www.diocese-belfort-montbeliard.fr\/chevremont\/paroisses\/saint-antoine-le-grand\/photos-2\/fete-du-diocese-24-janvier-2026\/","url":"https:\/\/www.diocese-belfort-montbeliard.fr\/chevremont\/paroisses\/saint-antoine-le-grand\/photos-2\/fete-du-diocese-24-janvier-2026\/","name":"FETE DU DIOCESE 24 janvier 2026 - Doyenn\u00e9 de Ch\u00e8vremont","isPartOf":{"@id":"https:\/\/www.diocese-belfort-montbeliard.fr\/chevremont\/#website"},"primaryImageOfPage":{"@id":"https:\/\/www.diocese-belfort-montbeliard.fr\/chevremont\/paroisses\/saint-antoine-le-grand\/photos-2\/fete-du-diocese-24-janvier-2026\/#primaryimage"},"image":{"@id":"https:\/\/www.diocese-belfort-montbeliard.fr\/chevremont\/paroisses\/saint-antoine-le-grand\/photos-2\/fete-du-diocese-24-janvier-2026\/#primaryimage"},"thumbnailUrl":"https:\/\/www.diocese-belfort-montbeliard.fr\/chevremont\/wp-content\/uploads\/sites\/4\/2026\/01\/pxl_20260124_161719352.night2_-1.jpg","datePublished":"2026-01-27T20:24:04+00:00","dateModified":"2026-01-27T20:28:47+00:00","breadcrumb":{"@id":"https:\/\/www.diocese-belfort-montbeliard.fr\/chevremont\/paroisses\/saint-antoine-le-grand\/photos-2\/fete-du-diocese-24-janvier-2026\/#breadcrumb"},"inLanguage":"fr-FR","potentialAction":[{"@type":"ReadAction","target":["https:\/\/www.diocese-belfort-montbeliard.fr\/chevremont\/paroisses\/saint-antoine-le-grand\/photos-2\/fete-du-diocese-24-janvier-2026\/"]}]},{"@type":"ImageObject","inLanguage":"fr-FR","@id":"https:\/\/www.diocese-belfort-montbeliard.fr\/chevremont\/paroisses\/saint-antoine-le-grand\/photos-2\/fete-du-diocese-24-janvier-2026\/#primaryimage","url":"https:\/\/www.diocese-belfort-montbeliard.fr\/chevremont\/wp-content\/uploads\/sites\/4\/2026\/01\/pxl_20260124_161719352.night2_-1.jpg","contentUrl":"https:\/\/www.diocese-belfort-montbeliard.fr\/chevremont\/wp-content\/uploads\/sites\/4\/2026\/01\/pxl_20260124_161719352.night2_-1.jpg","width":1512,"height":1824},{"@type":"BreadcrumbList","@id":"https:\/\/www.diocese-belfort-montbeliard.fr\/chevremont\/paroisses\/saint-antoine-le-grand\/photos-2\/fete-du-diocese-24-janvier-2026\/#breadcrumb","itemListElement":[{"@type":"ListItem","position":1,"name":"Accueil","item":"https:\/\/www.diocese-belfort-montbeliard.fr\/chevremont\/"},{"@type":"ListItem","position":2,"name":"Saint Antoine le Grand","item":"https:\/\/www.diocese-belfort-montbeliard.fr\/chevremont\/paroisses\/saint-antoine-le-grand\/"},{"@type":"ListItem","position":3,"name":"PHOTOS","item":"https:\/\/www.diocese-belfort-montbeliard.fr\/chevremont\/paroisses\/saint-antoine-le-grand\/photos-2\/"},{"@type":"ListItem","position":4,"name":"FETE DU DIOCESE 24 janvier 2026"}]},{"@type":"WebSite","@id":"https:\/\/www.diocese-belfort-montbeliard.fr\/chevremont\/#website","url":"https:\/\/www.diocese-belfort-montbeliard.fr\/chevremont\/","name":"Doyenn\u00e9 de Ch\u00e8vremont","description":"Dioc\u00e8se de Belfort-Montb\u00e9liard","potentialAction":[{"@type":"SearchAction","target":{"@type":"EntryPoint","urlTemplate":"https:\/\/www.diocese-belfort-montbeliard.fr\/chevremont\/?s={search_term_string}"},"query-input":{"@type":"PropertyValueSpecification","valueRequired":true,"valueName":"search_term_string"}}],"inLanguage":"fr-FR"}]}},"_links":{"self":[{"href":"https:\/\/www.diocese-belfort-montbeliard.fr\/chevremont\/wp-json\/wp\/v2\/paroisse\/5306","targetHints":{"allow":["GET"]}}],"collection":[{"href":"https:\/\/www.diocese-belfort-montbeliard.fr\/chevremont\/wp-json\/wp\/v2\/paroisse"}],"about":[{"href":"https:\/\/www.diocese-belfort-montbeliard.fr\/chevremont\/wp-json\/wp\/v2\/types\/paroisse"}],"author":[{"embeddable":true,"href":"https:\/\/www.diocese-belfort-montbeliard.fr\/chevremont\/wp-json\/wp\/v2\/users\/14"}],"version-history":[{"count":4,"href":"https:\/\/www.diocese-belfort-montbeliard.fr\/chevremont\/wp-json\/wp\/v2\/paroisse\/5306\/revisions"}],"predecessor-version":[{"id":5335,"href":"https:\/\/www.diocese-belfort-montbeliard.fr\/chevremont\/wp-json\/wp\/v2\/paroisse\/5306\/revisions\/5335"}],"up":[{"embeddable":true,"href":"https:\/\/www.diocese-belfort-montbeliard.fr\/chevremont\/wp-json\/wp\/v2\/paroisse\/5304"}],"wp:featuredmedia":[{"embeddable":true,"href":"https:\/\/www.diocese-belfort-montbeliard.fr\/chevremont\/wp-json\/wp\/v2\/media\/5329"}],"wp:attachment":[{"href":"https:\/\/www.diocese-belfort-montbeliard.fr\/chevremont\/wp-json\/wp\/v2\/media?parent=5306"}],"curies":[{"name":"wp","href":"https:\/\/api.w.org\/{rel}","templated":true}]}}