{"id":63,"date":"2020-12-16T17:53:11","date_gmt":"2020-12-16T16:53:11","guid":{"rendered":"https:\/\/www.diocese-belfort-montbeliard.fr\/chevremont\/?post_type=paroisse&#038;p=63"},"modified":"2025-11-01T17:56:20","modified_gmt":"2025-11-01T16:56:20","slug":"agenda-des-mois-prochains","status":"publish","type":"paroisse","link":"https:\/\/www.diocese-belfort-montbeliard.fr\/chevremont\/paroisses\/saint-antoine-le-grand\/infos-pratiques\/agenda-des-mois-prochains\/","title":{"rendered":"Agenda"},"content":{"rendered":"\n<p><strong> <\/strong><\/p>\n\n\n\n<p><\/p>\n\n\n\n<h5 class=\"wp-block-heading\"><strong>CATECHESE\u00a0<\/strong><\/h5>\n\n\n\n<p>R\u00e9actions de Fran\u00e7oise sur cette nouvelle ann\u00e9e\u00a0:<strong><br>\u00a0<\/strong>Je crois tr\u00e8s fort que l\u2019Esprit est \u00e0 l\u2019\u0153uvre et souffle o\u00f9 il veut. Vous allez croire que j\u2019ai eu une illumination et bien pas du tout, je m\u2019explique.<\/p>\n\n\n\n<p>A une messe dominicale, 3 jeunes filles, 14,15, et 17 ans, viennent \u00e0 ma rencontre, envoy\u00e9es par le P\u00e8re Gervais et demandent si elles peuvent se pr\u00e9parer au bapt\u00eame et \u00e0 la premi\u00e8re communion. C\u2019\u00e9tait la p\u00e9riode des vacances je r\u00e9fl\u00e9chissais comment les int\u00e9grer dans les groupes existants. Lors des inscriptions des enfants, une maman me fait part du souhait de sa fille de 15 ans, touch\u00e9e par la Premi\u00e8re Communion de son fr\u00e8re l\u2019an pass\u00e9, de recevoir elle aussi ce sacrement. Finalement un nouveau groupe est construit et pourra cheminer ensemble&nbsp;!<\/p>\n\n\n\n<p>&nbsp;Un point sur les inscriptions&nbsp;:<br>&nbsp;41 enfants sont inscrits, encadr\u00e9 par 7 cat\u00e9chistes qui font un travail remarquable&nbsp;!<\/p>\n\n\n\n<p>Le prochain rendez vous festif sera la f\u00eate de fin d\u2019Avent le mercredi 17 d\u00e9cembre \u00e0 17h30 \u00e0 l\u2019\u00e9glise de Bessoncourt. Les enfants vos pr\u00e9senteront des sayn\u00e8tes, chants\u2026<\/p>\n\n\n\n<p>Venez nombreux&nbsp;!<\/p>\n\n\n\n<p><\/p>\n\n\n\n<h4 class=\"wp-block-heading\"><strong>EV\u00c9NEMENTS DANS LA PAROISSE ET LE DOYENN\u00c9 DE CH\u00c8VREMONT<\/strong><\/h4>\n\n\n\n<h5 class=\"wp-block-heading\">\u00ab\u00a0Vide dressing et bourse aux jouets le samedi 15 novembre 2025 \u00e0 partir de 9h \u00e0 la Maison pour Tous de Danjoutin. Organis\u00e9 par l\u2019\u00e9cole Notre Dame et la paroisse.\u00a0<\/h5>\n\n\n\n<p><strong>\u00ab\u00a0<\/strong><u><strong>Nous pr\u00e9parer \u00e0 No\u00ebl<\/strong><\/u><\/p>\n\n\n\n<details class=\"wp-block-details is-layout-flow wp-block-details-is-layout-flow\"><summary><\/summary>\n<p><strong>Quatre rencontres dans les maisons autour de l\u2019\u00e9vangile du dimanche\u00a0:<\/strong><\/p>\n<\/details>\n\n\n\n<p><strong>V\u00e9zelois\u00a0: les mardis\u00a0(16h15-18h) : 02\/12 \u2013 09\/12 \u2013 16\/12.<\/strong><\/p>\n\n\n\n<p>Chez Pierre et Florence Guilbert (06 43 89 56 85)<\/p>\n\n\n\n<div class=\"wp-block-group\"><div class=\"wp-block-group__inner-container is-layout-constrained wp-block-group-is-layout-constrained\">\n<p><strong>Danjoutin&nbsp;: les mardis&nbsp;(<\/strong><strong>17h00-18h30<\/strong><strong>) : <\/strong><strong>25\/11 &#8211; <\/strong><strong>0<\/strong><strong>2<\/strong><strong>\/12 &#8211; 0<\/strong><strong>9<\/strong><strong>\/12<\/strong><\/p>\n<\/div><\/div>\n\n\n\n<p>Chez Christian et Marie-C\u00e9line Tribut (06 31 88 11 30)<\/p>\n\n\n\n<p><strong>Ch\u00e8vremont&nbsp;: les mercredis (18h-19h30)&nbsp;: <\/strong><strong>0<\/strong><strong>3<\/strong><strong>\/12 \u2013 1<\/strong><strong>0<\/strong><strong>\/12 \u2013 1<\/strong><strong>7<\/strong><strong>\/12<\/strong><\/p>\n\n\n\n<p>Chez Pierre et Mireille Koenig (03 84 21 62 21) avec le P\u00e8re Joseph<\/p>\n\n\n\n<p><strong>Meroux-Moval&nbsp;: les jeudis&nbsp;(19h30-21h) : <\/strong><strong>04<\/strong><strong>\/12 \u2013 1<\/strong><strong>1<\/strong><strong>\/12 \u2013 1<\/strong><strong>8<\/strong><strong>\/12<\/strong><\/p>\n\n\n\n<p>Chez Guy et Sheila Besan\u00e7on (06 50 98 71 00) avec le P\u00e8re Olivier<\/p>\n\n\n\n<p>Se signaler par t\u00e9l\u00e9phone, l\u2019adresse vous sera communiqu\u00e9e.<\/p>\n\n\n\n<p><strong>\u00ab<\/strong><strong>Nous <\/strong><strong>r\u00e9<\/strong><strong>concilier avec le <\/strong><strong>S<\/strong><strong>eigneur<\/strong><\/p>\n\n\n\n<p><strong>Mercredi <\/strong><strong>1<\/strong><strong>0<\/strong><strong>\/12 (19h-20h)<\/strong> \u00e0 l\u2019\u00e9glise de Ch\u00e2tenois<\/p>\n\n\n\n<p><strong>Vendredi<\/strong><strong>1<\/strong><strong>2<\/strong><strong>\/12 (19h-20h) <\/strong>\u00e0 l\u2019\u00e9glise de P\u00e9rouse<\/p>\n\n\n\n<p><strong>M<\/strong><strong>ardi 16<\/strong><strong>\/<\/strong><strong>12 (19h-20h) <\/strong>\u00e0 l\u2019\u00e9glise de Montreux-Ch\u00e2teau<\/p>\n\n\n\n<p>C\u00e9l\u00e9bration commune avec absolution individuelle avec les pr\u00eatres du doyenn\u00e9.<\/p>\n\n\n\n<p><strong>\u00ab&nbsp; <\/strong><strong>Au profit du Secours Catholique<\/strong><strong> :&nbsp;<\/strong><strong><br>&nbsp;<\/strong>\u00a0\u00bb&nbsp; Comme tous les ans, nous organisons une vente de g\u00e2teaux,&nbsp; bougies,&#8230; \u00e0&nbsp; la sortie des messes, <strong>d\u00e8s le dimanche 23 Novembre 2025.&nbsp;<\/strong><\/p>\n\n\n\n<p>Nous vous remercions par avance pour votre participation permettant d&rsquo;apporter une aide aux plus d\u00e9munis \u00ab\u00a0<\/p>\n\n\n\n<p>Pour vos dons ( mat\u00e9riel,&nbsp; v\u00eatements,&nbsp; jouets,&nbsp; alimentation,&#8230;), vous pourrez prendre contact&nbsp; aupr\u00e8s de Mme FRAN\u00c7OIS au 06 34 96 14 23,&nbsp; afin de fixer un rendez-vous .Merci d&rsquo;avance.<\/p>\n\n\n\n<p><\/p>\n\n\n\n<h4 class=\"wp-block-heading\"><strong>\u00c9V\u00c9NEMENTS DANS NOTRE DIOC\u00c8SE<\/strong> <\/h4>\n\n\n\n<p><strong>\u00ab<\/strong><strong>Au dioc\u00e8se de Belfort-Montb\u00e9liard, messe <\/strong><strong>cl\u00f4ture de l<\/strong><strong>\u2019<\/strong><strong>ann\u00e9e jubilaire<\/strong><strong>&nbsp;:<\/strong><\/p>\n\n\n\n<p>dimanche de l\u2019\u00c9piphanie&nbsp;4&nbsp;janvier \u00e0 18h30 en la cath\u00e9drale St Christophe<\/p>\n\n\n\n<p><strong>Pour les coll\u00e9giens&nbsp;<\/strong><strong>:<\/strong><\/p>\n\n\n\n<p><strong>L\u2019amiti\u00e9 dans l\u2019amiti\u00e9 du bon Dieu\u2026 <\/strong><strong>Trois <\/strong><strong>rencontres d\u2019ici \u00e0 <\/strong><strong>fin janvier<\/strong><\/p>\n\n\n\n<p><strong>\u00ab<\/strong><strong>Le vendredi <\/strong><strong>7 novembre<\/strong><strong> (18h30-20h30) \u00e0 la cure de Danjoutin&nbsp;:<\/strong><\/p>\n\n\n\n<p>Soir\u00e9e de retrouvailles autour de la la Toussaint et de mise en route entre les jeunes de Phaffans et Chatenois, Danjoutin et Ch\u00e8vremont, d\u00eener pasta \u00e0 la cl\u00e9.<\/p>\n\n\n\n<p><strong>\u00ab<\/strong><strong>Le samedi <\/strong><strong>10 janvier 2026<\/strong><strong> (9h30-14h) au centre paroissial de <\/strong><strong>Ch\u00e2tenois <\/strong>:<\/p>\n\n\n\n<p>Rencontre des jeunes des doyenn\u00e9s de Ch\u00e8vremont et de Beaucourt-Delle&nbsp;: ateliers, pri\u00e8re et jeux, repas festif.<\/p>\n\n\n\n<p><strong>Con<\/strong><strong>tac<\/strong><strong>ter<\/strong>&nbsp;Fran\u00e7oise Haberthur&nbsp;: &lt;francoisehab@gmail.com&gt; (06 51 63 49 45)<\/p>\n\n\n\n<p><strong>March\u00e9s de No\u00ebl<\/strong><\/p>\n\n\n\n<p><strong>Danjoutin,<\/strong><strong> mardi 9 d\u00e9cembre<\/strong><strong> \u00e0 l\u2019\u00e9cole Notre-Dame<\/strong><\/p>\n\n\n\n<p>March\u00e9 de No\u00ebl \u00e9cole-paroisse, 1 rue Paul Eluard<\/p>\n\n\n\n<p><strong>Danjoutin, vendredi 1<\/strong><strong>2<\/strong><strong> d\u00e9cembre (1<\/strong><strong>6h-2<\/strong><strong>1<\/strong><strong>h<\/strong><strong>)<\/strong><strong> sur le parvi<\/strong><strong>s de l\u2019\u00e9glise<\/strong><\/p>\n\n\n\n<p>Marche de No\u00ebl organis\u00e9 par la municipalit\u00e9<\/p>\n\n\n\n<p><strong>Ch\u00e8vremont, vendredi 12 d\u00e9cembre \u00e0 La Providence<\/strong><\/p>\n\n\n\n<p>March\u00e9 de No\u00ebl de l\u2019\u00e9cole et du coll\u00e8ge.<\/p>\n\n\n\n<p><strong>CONCERTS<\/strong><br>&nbsp;<strong>\u00ab<\/strong><strong>Samedi 13 d\u00e9cembre 2025 : Concert Glorious<\/strong> \u00e0 l\u2019Axone de Montb\u00e9liard<\/p>\n\n\n\n<p><strong>\u00absamedi 14 d\u00e9cembre \u00e0 Meroux: concert de No\u00ebl des Baladins au profit du T\u00e9l\u00e9thon<\/strong><\/p>\n\n\n\n<p><br><strong>P\u00c8LERINAGE<\/strong><br><strong>Du 9 au 13 avril 2026 P\u00e8lerinage Interg\u00e9n\u00e9rationnel au Mont St-Michel<\/strong> r\u00e9servation sur le site du dioc\u00e8se. Des places pour tous les \u00e2ges. Visite du Mont et de l\u2019abbaye. H\u00e9bergement \u00e0 la Communaut\u00e9 du Chemin Neuf. Travers\u00e9e \u00e0 pied \u00e0 mar\u00e9e basse. Visite du sanctuaire de Pontmain. Au retour sur les pas de Ste-Th\u00e9r\u00e8se de Lisieux<strong>.<\/strong><\/p>\n\n\n\n<p><\/p>\n\n\n\n<p class=\"has-medium-font-size\"><\/p>\n\n\n\n<p>&nbsp;&nbsp;&nbsp;&nbsp;&nbsp;&nbsp;&nbsp; <br>&nbsp;&nbsp;&nbsp;&nbsp;&nbsp;&nbsp; <\/p>\n\n\n\n<p><strong><br><br><\/strong><\/p>\n\n\n\n<p><strong>ET NOTEZ D\u00c9J\u00c0&nbsp;:<br>&nbsp;<\/strong>&nbsp;&nbsp; \u00ab&nbsp;<strong>la F\u00eate de notre dioc\u00e8se \u00e0 la Maison pour Tous de Danjoutin le samedi 24 janvier de 14h \u00e0 19h&nbsp;: \u00ab&nbsp;Mets ta joie dans le Seigneur&nbsp;!&nbsp;\u00bb&nbsp;&nbsp; <\/strong>Mises en sc\u00e8ne, animations, visite culturelle, rencontres, go\u00fbter, messe\u2026<strong> Venez comme vous \u00eates, go\u00fbtez, partagez la joie de l\u2019Evangile&nbsp;!<\/strong><\/p>\n\n\n\n<h2 class=\"wp-block-heading has-medium-font-size\"><strong><br><\/strong><\/h2>\n\n\n\n<p><br><\/p>\n\n\n\n<p><\/p>\n","protected":false},"author":1,"featured_media":0,"parent":62,"menu_order":47,"template":"","meta":{"_acf_changed":false,"footnotes":""},"class_list":["post-63","paroisse","type-paroisse","status-publish","hentry"],"acf":[],"yoast_head":"<!-- This site is optimized with the Yoast SEO plugin v27.4 - https:\/\/yoast.com\/product\/yoast-seo-wordpress\/ -->\n<title>Agenda - Doyenn\u00e9 de Ch\u00e8vremont<\/title>\n<meta name=\"robots\" content=\"index, follow, max-snippet:-1, max-image-preview:large, max-video-preview:-1\" \/>\n<link rel=\"canonical\" href=\"https:\/\/www.diocese-belfort-montbeliard.fr\/chevremont\/paroisses\/saint-antoine-le-grand\/infos-pratiques\/agenda-des-mois-prochains\/\" \/>\n<meta property=\"og:locale\" content=\"fr_FR\" \/>\n<meta property=\"og:type\" content=\"article\" \/>\n<meta property=\"og:title\" content=\"Agenda - Doyenn\u00e9 de Ch\u00e8vremont\" \/>\n<meta property=\"og:description\" content=\"CATECHESE\u00a0 R\u00e9actions de Fran\u00e7oise sur cette nouvelle ann\u00e9e\u00a0:\u00a0Je crois tr\u00e8s fort que l\u2019Esprit est \u00e0 l\u2019\u0153uvre et souffle o\u00f9 il veut. Vous allez croire que j\u2019ai eu une illumination et bien pas du tout, je m\u2019explique. A une messe dominicale, 3 jeunes filles, 14,15, et 17 ans, viennent \u00e0 ma rencontre, envoy\u00e9es par le P\u00e8re [&hellip;]\" \/>\n<meta property=\"og:url\" content=\"https:\/\/www.diocese-belfort-montbeliard.fr\/chevremont\/paroisses\/saint-antoine-le-grand\/infos-pratiques\/agenda-des-mois-prochains\/\" \/>\n<meta property=\"og:site_name\" content=\"Doyenn\u00e9 de Ch\u00e8vremont\" \/>\n<meta property=\"article:modified_time\" content=\"2025-11-01T16:56:20+00:00\" \/>\n<meta name=\"twitter:card\" content=\"summary_large_image\" \/>\n<meta name=\"twitter:label1\" content=\"Dur\u00e9e de lecture estim\u00e9e\" \/>\n\t<meta name=\"twitter:data1\" content=\"4 minutes\" \/>\n<script type=\"application\/ld+json\" class=\"yoast-schema-graph\">{\"@context\":\"https:\\\/\\\/schema.org\",\"@graph\":[{\"@type\":\"WebPage\",\"@id\":\"https:\\\/\\\/www.diocese-belfort-montbeliard.fr\\\/chevremont\\\/paroisses\\\/saint-antoine-le-grand\\\/infos-pratiques\\\/agenda-des-mois-prochains\\\/\",\"url\":\"https:\\\/\\\/www.diocese-belfort-montbeliard.fr\\\/chevremont\\\/paroisses\\\/saint-antoine-le-grand\\\/infos-pratiques\\\/agenda-des-mois-prochains\\\/\",\"name\":\"Agenda - Doyenn\u00e9 de Ch\u00e8vremont\",\"isPartOf\":{\"@id\":\"https:\\\/\\\/www.diocese-belfort-montbeliard.fr\\\/chevremont\\\/#website\"},\"datePublished\":\"2020-12-16T16:53:11+00:00\",\"dateModified\":\"2025-11-01T16:56:20+00:00\",\"breadcrumb\":{\"@id\":\"https:\\\/\\\/www.diocese-belfort-montbeliard.fr\\\/chevremont\\\/paroisses\\\/saint-antoine-le-grand\\\/infos-pratiques\\\/agenda-des-mois-prochains\\\/#breadcrumb\"},\"inLanguage\":\"fr-FR\",\"potentialAction\":[{\"@type\":\"ReadAction\",\"target\":[\"https:\\\/\\\/www.diocese-belfort-montbeliard.fr\\\/chevremont\\\/paroisses\\\/saint-antoine-le-grand\\\/infos-pratiques\\\/agenda-des-mois-prochains\\\/\"]}]},{\"@type\":\"BreadcrumbList\",\"@id\":\"https:\\\/\\\/www.diocese-belfort-montbeliard.fr\\\/chevremont\\\/paroisses\\\/saint-antoine-le-grand\\\/infos-pratiques\\\/agenda-des-mois-prochains\\\/#breadcrumb\",\"itemListElement\":[{\"@type\":\"ListItem\",\"position\":1,\"name\":\"Accueil\",\"item\":\"https:\\\/\\\/www.diocese-belfort-montbeliard.fr\\\/chevremont\\\/\"},{\"@type\":\"ListItem\",\"position\":2,\"name\":\"Saint Antoine le Grand\",\"item\":\"https:\\\/\\\/www.diocese-belfort-montbeliard.fr\\\/chevremont\\\/paroisses\\\/saint-antoine-le-grand\\\/\"},{\"@type\":\"ListItem\",\"position\":3,\"name\":\"Infos pratiques\",\"item\":\"https:\\\/\\\/www.diocese-belfort-montbeliard.fr\\\/chevremont\\\/paroisses\\\/saint-antoine-le-grand\\\/infos-pratiques\\\/\"},{\"@type\":\"ListItem\",\"position\":4,\"name\":\"Agenda\"}]},{\"@type\":\"WebSite\",\"@id\":\"https:\\\/\\\/www.diocese-belfort-montbeliard.fr\\\/chevremont\\\/#website\",\"url\":\"https:\\\/\\\/www.diocese-belfort-montbeliard.fr\\\/chevremont\\\/\",\"name\":\"Doyenn\u00e9 de Ch\u00e8vremont\",\"description\":\"Dioc\u00e8se de Belfort-Montb\u00e9liard\",\"potentialAction\":[{\"@type\":\"SearchAction\",\"target\":{\"@type\":\"EntryPoint\",\"urlTemplate\":\"https:\\\/\\\/www.diocese-belfort-montbeliard.fr\\\/chevremont\\\/?s={search_term_string}\"},\"query-input\":{\"@type\":\"PropertyValueSpecification\",\"valueRequired\":true,\"valueName\":\"search_term_string\"}}],\"inLanguage\":\"fr-FR\"}]}<\/script>\n<!-- \/ Yoast SEO plugin. -->","yoast_head_json":{"title":"Agenda - Doyenn\u00e9 de Ch\u00e8vremont","robots":{"index":"index","follow":"follow","max-snippet":"max-snippet:-1","max-image-preview":"max-image-preview:large","max-video-preview":"max-video-preview:-1"},"canonical":"https:\/\/www.diocese-belfort-montbeliard.fr\/chevremont\/paroisses\/saint-antoine-le-grand\/infos-pratiques\/agenda-des-mois-prochains\/","og_locale":"fr_FR","og_type":"article","og_title":"Agenda - Doyenn\u00e9 de Ch\u00e8vremont","og_description":"CATECHESE\u00a0 R\u00e9actions de Fran\u00e7oise sur cette nouvelle ann\u00e9e\u00a0:\u00a0Je crois tr\u00e8s fort que l\u2019Esprit est \u00e0 l\u2019\u0153uvre et souffle o\u00f9 il veut. Vous allez croire que j\u2019ai eu une illumination et bien pas du tout, je m\u2019explique. A une messe dominicale, 3 jeunes filles, 14,15, et 17 ans, viennent \u00e0 ma rencontre, envoy\u00e9es par le P\u00e8re [&hellip;]","og_url":"https:\/\/www.diocese-belfort-montbeliard.fr\/chevremont\/paroisses\/saint-antoine-le-grand\/infos-pratiques\/agenda-des-mois-prochains\/","og_site_name":"Doyenn\u00e9 de Ch\u00e8vremont","article_modified_time":"2025-11-01T16:56:20+00:00","twitter_card":"summary_large_image","twitter_misc":{"Dur\u00e9e de lecture estim\u00e9e":"4 minutes"},"schema":{"@context":"https:\/\/schema.org","@graph":[{"@type":"WebPage","@id":"https:\/\/www.diocese-belfort-montbeliard.fr\/chevremont\/paroisses\/saint-antoine-le-grand\/infos-pratiques\/agenda-des-mois-prochains\/","url":"https:\/\/www.diocese-belfort-montbeliard.fr\/chevremont\/paroisses\/saint-antoine-le-grand\/infos-pratiques\/agenda-des-mois-prochains\/","name":"Agenda - Doyenn\u00e9 de Ch\u00e8vremont","isPartOf":{"@id":"https:\/\/www.diocese-belfort-montbeliard.fr\/chevremont\/#website"},"datePublished":"2020-12-16T16:53:11+00:00","dateModified":"2025-11-01T16:56:20+00:00","breadcrumb":{"@id":"https:\/\/www.diocese-belfort-montbeliard.fr\/chevremont\/paroisses\/saint-antoine-le-grand\/infos-pratiques\/agenda-des-mois-prochains\/#breadcrumb"},"inLanguage":"fr-FR","potentialAction":[{"@type":"ReadAction","target":["https:\/\/www.diocese-belfort-montbeliard.fr\/chevremont\/paroisses\/saint-antoine-le-grand\/infos-pratiques\/agenda-des-mois-prochains\/"]}]},{"@type":"BreadcrumbList","@id":"https:\/\/www.diocese-belfort-montbeliard.fr\/chevremont\/paroisses\/saint-antoine-le-grand\/infos-pratiques\/agenda-des-mois-prochains\/#breadcrumb","itemListElement":[{"@type":"ListItem","position":1,"name":"Accueil","item":"https:\/\/www.diocese-belfort-montbeliard.fr\/chevremont\/"},{"@type":"ListItem","position":2,"name":"Saint Antoine le Grand","item":"https:\/\/www.diocese-belfort-montbeliard.fr\/chevremont\/paroisses\/saint-antoine-le-grand\/"},{"@type":"ListItem","position":3,"name":"Infos pratiques","item":"https:\/\/www.diocese-belfort-montbeliard.fr\/chevremont\/paroisses\/saint-antoine-le-grand\/infos-pratiques\/"},{"@type":"ListItem","position":4,"name":"Agenda"}]},{"@type":"WebSite","@id":"https:\/\/www.diocese-belfort-montbeliard.fr\/chevremont\/#website","url":"https:\/\/www.diocese-belfort-montbeliard.fr\/chevremont\/","name":"Doyenn\u00e9 de Ch\u00e8vremont","description":"Dioc\u00e8se de Belfort-Montb\u00e9liard","potentialAction":[{"@type":"SearchAction","target":{"@type":"EntryPoint","urlTemplate":"https:\/\/www.diocese-belfort-montbeliard.fr\/chevremont\/?s={search_term_string}"},"query-input":{"@type":"PropertyValueSpecification","valueRequired":true,"valueName":"search_term_string"}}],"inLanguage":"fr-FR"}]}},"_links":{"self":[{"href":"https:\/\/www.diocese-belfort-montbeliard.fr\/chevremont\/wp-json\/wp\/v2\/paroisse\/63","targetHints":{"allow":["GET"]}}],"collection":[{"href":"https:\/\/www.diocese-belfort-montbeliard.fr\/chevremont\/wp-json\/wp\/v2\/paroisse"}],"about":[{"href":"https:\/\/www.diocese-belfort-montbeliard.fr\/chevremont\/wp-json\/wp\/v2\/types\/paroisse"}],"author":[{"embeddable":true,"href":"https:\/\/www.diocese-belfort-montbeliard.fr\/chevremont\/wp-json\/wp\/v2\/users\/1"}],"version-history":[{"count":9,"href":"https:\/\/www.diocese-belfort-montbeliard.fr\/chevremont\/wp-json\/wp\/v2\/paroisse\/63\/revisions"}],"predecessor-version":[{"id":5197,"href":"https:\/\/www.diocese-belfort-montbeliard.fr\/chevremont\/wp-json\/wp\/v2\/paroisse\/63\/revisions\/5197"}],"up":[{"embeddable":true,"href":"https:\/\/www.diocese-belfort-montbeliard.fr\/chevremont\/wp-json\/wp\/v2\/paroisse\/62"}],"wp:attachment":[{"href":"https:\/\/www.diocese-belfort-montbeliard.fr\/chevremont\/wp-json\/wp\/v2\/media?parent=63"}],"curies":[{"name":"wp","href":"https:\/\/api.w.org\/{rel}","templated":true}]}}