{"id":1459,"date":"2021-04-19T18:46:10","date_gmt":"2021-04-19T16:46:10","guid":{"rendered":"https:\/\/www.diocese-belfort-montbeliard.fr\/giromagny-rougemont\/?post_type=paroisse&#038;p=1459"},"modified":"2022-02-09T20:40:01","modified_gmt":"2022-02-09T19:40:01","slug":"la-vie-de-la-paroisse-en-photos","status":"publish","type":"paroisse","link":"https:\/\/www.diocese-belfort-montbeliard.fr\/giromagny-rougemont\/paroisses\/saint-jean-levangeliste\/la-paroisse\/la-vie-de-la-paroisse-en-photos\/","title":{"rendered":"La vie de la paroisse en photos 2021"},"content":{"rendered":"\n<p><\/p>\n\n\n\n<div class=\"wp-block-media-text alignwide has-media-on-the-right is-stacked-on-mobile\" style=\"grid-template-columns:auto 37%\"><figure class=\"wp-block-media-text__media\"><img loading=\"lazy\" decoding=\"async\" width=\"1920\" height=\"933\" src=\"https:\/\/www.diocese-belfort-montbeliard.fr\/giromagny-rougemont\/wp-content\/uploads\/sites\/3\/2021\/04\/20210403_110714-copie-1920x933.jpg\" alt=\"\" class=\"wp-image-1486 size-full\" srcset=\"https:\/\/www.diocese-belfort-montbeliard.fr\/giromagny-rougemont\/wp-content\/uploads\/sites\/3\/2021\/04\/20210403_110714-copie-1920x933.jpg 1920w, https:\/\/www.diocese-belfort-montbeliard.fr\/giromagny-rougemont\/wp-content\/uploads\/sites\/3\/2021\/04\/20210403_110714-copie-600x292.jpg 600w, https:\/\/www.diocese-belfort-montbeliard.fr\/giromagny-rougemont\/wp-content\/uploads\/sites\/3\/2021\/04\/20210403_110714-copie-768x373.jpg 768w, https:\/\/www.diocese-belfort-montbeliard.fr\/giromagny-rougemont\/wp-content\/uploads\/sites\/3\/2021\/04\/20210403_110714-copie-1536x747.jpg 1536w, https:\/\/www.diocese-belfort-montbeliard.fr\/giromagny-rougemont\/wp-content\/uploads\/sites\/3\/2021\/04\/20210403_110714-copie-2048x996.jpg 2048w\" sizes=\"auto, (max-width: 1920px) 100vw, 1920px\" \/><\/figure><div class=\"wp-block-media-text__content\">\n<p class=\"has-rouge-color has-text-color\" style=\"font-size:30px\"><strong>C\u00e9l\u00e9bration de P\u00e2ques &#8211; Avril 2021<\/strong><\/p>\n<\/div><\/div>\n\n\n\n<div class=\"wp-block-media-text alignwide is-stacked-on-mobile\" style=\"grid-template-columns:33% auto\"><figure class=\"wp-block-media-text__media\"><img loading=\"lazy\" decoding=\"async\" width=\"1920\" height=\"933\" src=\"https:\/\/www.diocese-belfort-montbeliard.fr\/giromagny-rougemont\/wp-content\/uploads\/sites\/3\/2021\/04\/20210403_110929-1920x933.jpg\" alt=\"\" class=\"wp-image-1489 size-full\" srcset=\"https:\/\/www.diocese-belfort-montbeliard.fr\/giromagny-rougemont\/wp-content\/uploads\/sites\/3\/2021\/04\/20210403_110929-1920x933.jpg 1920w, https:\/\/www.diocese-belfort-montbeliard.fr\/giromagny-rougemont\/wp-content\/uploads\/sites\/3\/2021\/04\/20210403_110929-600x292.jpg 600w, https:\/\/www.diocese-belfort-montbeliard.fr\/giromagny-rougemont\/wp-content\/uploads\/sites\/3\/2021\/04\/20210403_110929-768x373.jpg 768w, https:\/\/www.diocese-belfort-montbeliard.fr\/giromagny-rougemont\/wp-content\/uploads\/sites\/3\/2021\/04\/20210403_110929-1536x747.jpg 1536w, https:\/\/www.diocese-belfort-montbeliard.fr\/giromagny-rougemont\/wp-content\/uploads\/sites\/3\/2021\/04\/20210403_110929-2048x996.jpg 2048w\" sizes=\"auto, (max-width: 1920px) 100vw, 1920px\" \/><\/figure><div class=\"wp-block-media-text__content\">\n<p style=\"font-size:18px\">Les enfants des groupes de KT se sont retrouv\u00e9s le 03 avril 2021 autour du p\u00e8re Jean-Marie Baertschi pour une c\u00e9l\u00e9bration de P\u00e2ques, plac\u00e9e sous le signe des \u00ab\u00a0\u00e9l\u00e9ments\u00a0\u00bb : le feu (symbolis\u00e9 par la lumi\u00e8re des cierges que les enfants ont allum\u00e9s au cierge pascal d\u00e9cor\u00e9 de fleurs pour l&rsquo;occasion), l&rsquo;eau, la terre (symbolis\u00e9 par le partage du pain), le souffle (symbolis\u00e9 par un mime autour de l&rsquo;\u00e9pisode des disciples d&rsquo;Emma\u00fcs).<\/p>\n<\/div><\/div>\n\n\n\n<div class=\"wp-block-media-text alignwide has-media-on-the-right is-stacked-on-mobile\" style=\"grid-template-columns:auto 25%\"><figure class=\"wp-block-media-text__media\"><img loading=\"lazy\" decoding=\"async\" width=\"1440\" height=\"1080\" src=\"https:\/\/www.diocese-belfort-montbeliard.fr\/giromagny-rougemont\/wp-content\/uploads\/sites\/3\/2021\/04\/cartes-paques-copie-1440x1080.jpg\" alt=\"\" class=\"wp-image-1512 size-full\" srcset=\"https:\/\/www.diocese-belfort-montbeliard.fr\/giromagny-rougemont\/wp-content\/uploads\/sites\/3\/2021\/04\/cartes-paques-copie-1440x1080.jpg 1440w, https:\/\/www.diocese-belfort-montbeliard.fr\/giromagny-rougemont\/wp-content\/uploads\/sites\/3\/2021\/04\/cartes-paques-copie-600x450.jpg 600w, https:\/\/www.diocese-belfort-montbeliard.fr\/giromagny-rougemont\/wp-content\/uploads\/sites\/3\/2021\/04\/cartes-paques-copie-768x576.jpg 768w, https:\/\/www.diocese-belfort-montbeliard.fr\/giromagny-rougemont\/wp-content\/uploads\/sites\/3\/2021\/04\/cartes-paques-copie-1536x1152.jpg 1536w, https:\/\/www.diocese-belfort-montbeliard.fr\/giromagny-rougemont\/wp-content\/uploads\/sites\/3\/2021\/04\/cartes-paques-copie-2048x1536.jpg 2048w\" sizes=\"auto, (max-width: 1440px) 100vw, 1440px\" \/><\/figure><div class=\"wp-block-media-text__content\">\n<p class=\"has-vert-color has-text-color\" style=\"font-size:30px\"><strong>Des cartes pour les a\u00een\u00e9s de la paroisse<\/strong><\/p>\n\n\n\n<p>Durant la semaine Sainte, les enfants des groupes de KT ont distribu\u00e9 aux a\u00een\u00e9s ou aux personnes seules de la paroisse des cartes contenant des messages d&rsquo;amiti\u00e9, d&rsquo;espoir, de soutien et de fraternit\u00e9. Ils ont ainsi pu partager avec toutes les personnes qui ne peuvent plus se d\u00e9placer la joie du Christ ressuscit\u00e9.<\/p>\n<\/div><\/div>\n\n\n\n<p class=\"has-bleu-color has-text-color\" style=\"font-size:30px\">         <\/p>\n\n\n\n<p><\/p>\n\n\n\n<p class=\"has-bleu-color has-text-color\" style=\"font-size:30px\">         <strong>P\u00e8re Augustin : 50 ans et 22 ans de sacerdoce<\/strong><\/p>\n\n\n\n<p style=\"font-size:19px\">Le dimanche 04 juillet, les paroisses de Saint Jean et de la Sainte Famille \u00e9taient r\u00e9unies pour une c\u00e9l\u00e9bration commune \u00e0 l&rsquo;\u00e9glise de Lachapelle-sous-Chaux.<\/p>\n\n\n\n<div class=\"wp-block-columns is-layout-flex wp-container-core-columns-is-layout-9d6595d7 wp-block-columns-is-layout-flex\">\n<div class=\"wp-block-column is-layout-flow wp-block-column-is-layout-flow\" style=\"flex-basis:100%\">\n<p style=\"font-size:19px\">Une messe c\u00e9l\u00e9br\u00e9e par le p\u00e8re Jean-Marie Baertschi et le diacre Jean-Marie Heller, venus entourer le p\u00e8re Augustin qui f\u00eatait ce jour-l\u00e0 ses 22 ans de sacerdoce et ses 50 ans.<\/p>\n<\/div>\n<\/div>\n\n\n\n<p><\/p>\n\n\n\n<div class=\"wp-block-media-text alignwide is-stacked-on-mobile\" style=\"grid-template-columns:15% auto\"><figure class=\"wp-block-media-text__media\"><img loading=\"lazy\" decoding=\"async\" width=\"525\" height=\"1080\" src=\"https:\/\/www.diocese-belfort-montbeliard.fr\/giromagny-rougemont\/wp-content\/uploads\/sites\/3\/2021\/07\/20210704_115748-525x1080.jpg\" alt=\"\" class=\"wp-image-1870 size-full\" srcset=\"https:\/\/www.diocese-belfort-montbeliard.fr\/giromagny-rougemont\/wp-content\/uploads\/sites\/3\/2021\/07\/20210704_115748-525x1080.jpg 525w, https:\/\/www.diocese-belfort-montbeliard.fr\/giromagny-rougemont\/wp-content\/uploads\/sites\/3\/2021\/07\/20210704_115748-292x600.jpg 292w, https:\/\/www.diocese-belfort-montbeliard.fr\/giromagny-rougemont\/wp-content\/uploads\/sites\/3\/2021\/07\/20210704_115748-768x1580.jpg 768w, https:\/\/www.diocese-belfort-montbeliard.fr\/giromagny-rougemont\/wp-content\/uploads\/sites\/3\/2021\/07\/20210704_115748-747x1536.jpg 747w, https:\/\/www.diocese-belfort-montbeliard.fr\/giromagny-rougemont\/wp-content\/uploads\/sites\/3\/2021\/07\/20210704_115748-996x2048.jpg 996w, https:\/\/www.diocese-belfort-montbeliard.fr\/giromagny-rougemont\/wp-content\/uploads\/sites\/3\/2021\/07\/20210704_115748-scaled.jpg 1244w\" sizes=\"auto, (max-width: 525px) 100vw, 525px\" \/><\/figure><div class=\"wp-block-media-text__content\">\n<p style=\"font-size:19px\">Apr\u00e8s une c\u00e9l\u00e9bration \u00e9mouvante durant laquelle le p\u00e8re Augustin a remerci\u00e9 la communaut\u00e9 par une  chanson de sa composition, tout le monde s&rsquo;est retrouv\u00e9 autour d&rsquo;un ap\u00e9ritif pour partager le verre de l&rsquo;amiti\u00e9 et lever son verre en l&rsquo;honneur d&rsquo;Augustin. L&rsquo;occasion de lui offrir quelques pr\u00e9sents au nom des paroissiens de Saint Jean et de la Sainte famille.<\/p>\n<\/div><\/div>\n\n\n\n<div class=\"wp-block-media-text alignwide has-media-on-the-right is-stacked-on-mobile\" style=\"grid-template-columns:auto 27%\"><figure class=\"wp-block-media-text__media\"><img loading=\"lazy\" decoding=\"async\" width=\"1920\" height=\"933\" src=\"https:\/\/www.diocese-belfort-montbeliard.fr\/giromagny-rougemont\/wp-content\/uploads\/sites\/3\/2021\/07\/20210704_135521-1920x933.jpg\" alt=\"\" class=\"wp-image-1862 size-full\" srcset=\"https:\/\/www.diocese-belfort-montbeliard.fr\/giromagny-rougemont\/wp-content\/uploads\/sites\/3\/2021\/07\/20210704_135521-1920x933.jpg 1920w, https:\/\/www.diocese-belfort-montbeliard.fr\/giromagny-rougemont\/wp-content\/uploads\/sites\/3\/2021\/07\/20210704_135521-600x292.jpg 600w, https:\/\/www.diocese-belfort-montbeliard.fr\/giromagny-rougemont\/wp-content\/uploads\/sites\/3\/2021\/07\/20210704_135521-768x373.jpg 768w, https:\/\/www.diocese-belfort-montbeliard.fr\/giromagny-rougemont\/wp-content\/uploads\/sites\/3\/2021\/07\/20210704_135521-1536x747.jpg 1536w, https:\/\/www.diocese-belfort-montbeliard.fr\/giromagny-rougemont\/wp-content\/uploads\/sites\/3\/2021\/07\/20210704_135521-2048x996.jpg 2048w\" sizes=\"auto, (max-width: 1920px) 100vw, 1920px\" \/><\/figure><div class=\"wp-block-media-text__content\">\n<p style=\"font-size:19px\">L&rsquo;ap\u00e9ritif s&rsquo;est poursuivi par un picnic \u00ab\u00a0Auberge espagnole\u00a0\u00bb, sous un beau soleil, moment de d\u00e9tente, convivial, plac\u00e9  sous le signe de la bonne humeur, du partage, de l&rsquo;amiti\u00e9, de la musique et de la joie de se retrouver.<\/p>\n<\/div><\/div>\n\n\n\n<div class=\"wp-block-media-text alignwide is-stacked-on-mobile\" style=\"grid-template-columns:33% auto\"><figure class=\"wp-block-media-text__media\"><img loading=\"lazy\" decoding=\"async\" width=\"1920\" height=\"933\" src=\"https:\/\/www.diocese-belfort-montbeliard.fr\/giromagny-rougemont\/wp-content\/uploads\/sites\/3\/2021\/07\/20210704_124528-1920x933.jpg\" alt=\"\" class=\"wp-image-1873 size-full\" srcset=\"https:\/\/www.diocese-belfort-montbeliard.fr\/giromagny-rougemont\/wp-content\/uploads\/sites\/3\/2021\/07\/20210704_124528-1920x933.jpg 1920w, https:\/\/www.diocese-belfort-montbeliard.fr\/giromagny-rougemont\/wp-content\/uploads\/sites\/3\/2021\/07\/20210704_124528-600x292.jpg 600w, https:\/\/www.diocese-belfort-montbeliard.fr\/giromagny-rougemont\/wp-content\/uploads\/sites\/3\/2021\/07\/20210704_124528-768x373.jpg 768w, https:\/\/www.diocese-belfort-montbeliard.fr\/giromagny-rougemont\/wp-content\/uploads\/sites\/3\/2021\/07\/20210704_124528-1536x747.jpg 1536w, https:\/\/www.diocese-belfort-montbeliard.fr\/giromagny-rougemont\/wp-content\/uploads\/sites\/3\/2021\/07\/20210704_124528-2048x996.jpg 2048w\" sizes=\"auto, (max-width: 1920px) 100vw, 1920px\" \/><\/figure><div class=\"wp-block-media-text__content\">\n<p style=\"font-size:19px\">Chacun a pu profiter d&rsquo;un buffet bien garni pr\u00e9par\u00e9 par les paroissiens mais aussi d\u00e9guster les sp\u00e9cialit\u00e9s africaines confectionn\u00e9es par les amis du p\u00e8re Augustin.<\/p>\n<\/div><\/div>\n\n\n\n<div class=\"wp-block-group alignwide\"><div class=\"wp-block-group__inner-container is-layout-flow wp-block-group-is-layout-flow\">\n<div class=\"wp-block-media-text alignwide has-media-on-the-right is-stacked-on-mobile\" style=\"grid-template-columns:auto 15%\"><figure class=\"wp-block-media-text__media\"><img loading=\"lazy\" decoding=\"async\" width=\"525\" height=\"1080\" src=\"https:\/\/www.diocese-belfort-montbeliard.fr\/giromagny-rougemont\/wp-content\/uploads\/sites\/3\/2021\/07\/20210704_135916-525x1080.jpg\" alt=\"\" class=\"wp-image-1865 size-full\" srcset=\"https:\/\/www.diocese-belfort-montbeliard.fr\/giromagny-rougemont\/wp-content\/uploads\/sites\/3\/2021\/07\/20210704_135916-525x1080.jpg 525w, https:\/\/www.diocese-belfort-montbeliard.fr\/giromagny-rougemont\/wp-content\/uploads\/sites\/3\/2021\/07\/20210704_135916-292x600.jpg 292w, https:\/\/www.diocese-belfort-montbeliard.fr\/giromagny-rougemont\/wp-content\/uploads\/sites\/3\/2021\/07\/20210704_135916-768x1580.jpg 768w, https:\/\/www.diocese-belfort-montbeliard.fr\/giromagny-rougemont\/wp-content\/uploads\/sites\/3\/2021\/07\/20210704_135916-747x1536.jpg 747w, https:\/\/www.diocese-belfort-montbeliard.fr\/giromagny-rougemont\/wp-content\/uploads\/sites\/3\/2021\/07\/20210704_135916-996x2048.jpg 996w, https:\/\/www.diocese-belfort-montbeliard.fr\/giromagny-rougemont\/wp-content\/uploads\/sites\/3\/2021\/07\/20210704_135916-scaled.jpg 1244w\" sizes=\"auto, (max-width: 525px) 100vw, 525px\" \/><\/figure><div class=\"wp-block-media-text__content\">\n<p style=\"font-size:19px\"><\/p>\n\n\n\n<div class=\"wp-block-media-text alignwide is-stacked-on-mobile\"><figure class=\"wp-block-media-text__media\"><img decoding=\"async\" src=\"https:\/\/www.diocese-belfort-montbeliard.fr\/giromagny-rougemont\/wp-content\/uploads\/sites\/3\/2021\/07\/20210704_140202-edited-4-1920x876.jpg\" alt=\"\" class=\"wp-image-1880 size-full\" \/><\/figure><div class=\"wp-block-media-text__content\">\n<p style=\"font-size:19px\">Pas d&rsquo;anniversaire sans bougies ni g\u00e2teaux d\u00e9licieux pr\u00e9par\u00e9s l\u00e0 encore par une amie d&rsquo;Augustin.<\/p>\n<\/div><\/div>\n\n\n\n<p><\/p>\n<\/div><\/div>\n<\/div><\/div>\n\n\n\n<p style=\"font-size:19px\">Une belle journ\u00e9e pass\u00e9e en communaut\u00e9 pour c\u00e9l\u00e9brer tous ensemble les 50 ans de notre pr\u00eatre et ses 22 ans de sacerdoce. Tout le monde s&rsquo;est quitt\u00e9 en esp\u00e9rant d&rsquo;autres occasions de se retrouver pour partager \u00e0 nouveau des moments conviviaux et amicaux.<\/p>\n\n\n\n<p><\/p>\n\n\n\n<p><\/p>\n\n\n\n<p><\/p>\n\n\n\n<p class=\"has-vert-color has-text-color\" style=\"font-size:30px\"><strong>F\u00eate de la Cr\u00e9ation<\/strong><\/p>\n\n\n\n<p style=\"font-size:19px\">Le dimanche 26 septembre 2021, la paroisse Saint Jean a organis\u00e9 une f\u00eate de la cr\u00e9ation, pour c\u00e9l\u00e9brer la nature et s&rsquo;\u00e9merveiller devant toute l&rsquo;oeuvre de Dieu.<\/p>\n\n\n\n<div class=\"wp-block-media-text alignwide is-stacked-on-mobile\" style=\"grid-template-columns:27% auto\"><figure class=\"wp-block-media-text__media\"><img loading=\"lazy\" decoding=\"async\" width=\"1440\" height=\"1080\" src=\"https:\/\/www.diocese-belfort-montbeliard.fr\/giromagny-rougemont\/wp-content\/uploads\/sites\/3\/2021\/04\/photos-panneaux-26-09-2021-1440x1080.jpg\" alt=\"\" class=\"wp-image-2052 size-full\" srcset=\"https:\/\/www.diocese-belfort-montbeliard.fr\/giromagny-rougemont\/wp-content\/uploads\/sites\/3\/2021\/04\/photos-panneaux-26-09-2021-1440x1080.jpg 1440w, https:\/\/www.diocese-belfort-montbeliard.fr\/giromagny-rougemont\/wp-content\/uploads\/sites\/3\/2021\/04\/photos-panneaux-26-09-2021-600x450.jpg 600w, https:\/\/www.diocese-belfort-montbeliard.fr\/giromagny-rougemont\/wp-content\/uploads\/sites\/3\/2021\/04\/photos-panneaux-26-09-2021-768x576.jpg 768w, https:\/\/www.diocese-belfort-montbeliard.fr\/giromagny-rougemont\/wp-content\/uploads\/sites\/3\/2021\/04\/photos-panneaux-26-09-2021-1536x1152.jpg 1536w, https:\/\/www.diocese-belfort-montbeliard.fr\/giromagny-rougemont\/wp-content\/uploads\/sites\/3\/2021\/04\/photos-panneaux-26-09-2021-2048x1536.jpg 2048w\" sizes=\"auto, (max-width: 1440px) 100vw, 1440px\" \/><\/figure><div class=\"wp-block-media-text__content\">\n<p style=\"font-size:19px\">Les participants se sont tout d&rsquo;abord retrouv\u00e9s \u00e0 l&rsquo;\u00e9glise d&rsquo;Evette-Salbert, o\u00f9 ils ont visionn\u00e9 et chant\u00e9 le magnifique chant de Patrick Richard, le \u00ab&nbsp;<em>Psaume de la cr\u00e9ation<\/em>&nbsp;\u00bb. Puis les enfants ont pr\u00e9par\u00e9 des fresques en rapport avec la cr\u00e9ation pendant que les adultes visionnaient et \u00e9changeaient autour d&rsquo;une vid\u00e9o intitul\u00e9e&nbsp;: \u00ab&nbsp;<em>J\u00e9sus \u00e9tait-il \u00e9colo&nbsp;?<\/em>&nbsp;\u00bb<\/p>\n\n\n\n<p style=\"font-size:19px\">Les fresques ont ensuite \u00e9t\u00e9 pr\u00e9sent\u00e9es lors de la c\u00e9l\u00e9bration au cours de laquelle le P\u00e8re Augustin a b\u00e9ni les huit cat\u00e9chistes de la paroisse.<\/p>\n<\/div><\/div>\n\n\n\n<div class=\"wp-block-media-text alignwide has-media-on-the-right is-stacked-on-mobile\" style=\"grid-template-columns:auto 31%\"><figure class=\"wp-block-media-text__media\"><img loading=\"lazy\" decoding=\"async\" width=\"1440\" height=\"1080\" src=\"https:\/\/www.diocese-belfort-montbeliard.fr\/giromagny-rougemont\/wp-content\/uploads\/sites\/3\/2021\/04\/photos-marche-26-09-2021-1440x1080.jpg\" alt=\"\" class=\"wp-image-2051 size-full\" srcset=\"https:\/\/www.diocese-belfort-montbeliard.fr\/giromagny-rougemont\/wp-content\/uploads\/sites\/3\/2021\/04\/photos-marche-26-09-2021-1440x1080.jpg 1440w, https:\/\/www.diocese-belfort-montbeliard.fr\/giromagny-rougemont\/wp-content\/uploads\/sites\/3\/2021\/04\/photos-marche-26-09-2021-600x450.jpg 600w, https:\/\/www.diocese-belfort-montbeliard.fr\/giromagny-rougemont\/wp-content\/uploads\/sites\/3\/2021\/04\/photos-marche-26-09-2021-768x576.jpg 768w, https:\/\/www.diocese-belfort-montbeliard.fr\/giromagny-rougemont\/wp-content\/uploads\/sites\/3\/2021\/04\/photos-marche-26-09-2021-1536x1152.jpg 1536w, https:\/\/www.diocese-belfort-montbeliard.fr\/giromagny-rougemont\/wp-content\/uploads\/sites\/3\/2021\/04\/photos-marche-26-09-2021-2048x1536.jpg 2048w\" sizes=\"auto, (max-width: 1440px) 100vw, 1440px\" \/><\/figure><div class=\"wp-block-media-text__content\">\n<p style=\"font-size:19px\">Apr\u00e8s le pique-nique qui a rassembl\u00e9 une vingtaine de personnes, le groupe s&rsquo;est dirig\u00e9 sur les chemins d&rsquo;Evette-Salbert pour une marche m\u00e9ditative avec six haltes au plus proche de la nature.<\/p>\n\n\n\n<p><\/p>\n<\/div><\/div>\n\n\n\n<div class=\"wp-block-media-text alignwide is-stacked-on-mobile\"><figure class=\"wp-block-media-text__media\"><img loading=\"lazy\" decoding=\"async\" width=\"1920\" height=\"933\" src=\"https:\/\/www.diocese-belfort-montbeliard.fr\/giromagny-rougemont\/wp-content\/uploads\/sites\/3\/2021\/04\/20210903_173946-copie-copie-1920x933.jpg\" alt=\"\" class=\"wp-image-2055 size-full\" srcset=\"https:\/\/www.diocese-belfort-montbeliard.fr\/giromagny-rougemont\/wp-content\/uploads\/sites\/3\/2021\/04\/20210903_173946-copie-copie-1920x933.jpg 1920w, https:\/\/www.diocese-belfort-montbeliard.fr\/giromagny-rougemont\/wp-content\/uploads\/sites\/3\/2021\/04\/20210903_173946-copie-copie-600x292.jpg 600w, https:\/\/www.diocese-belfort-montbeliard.fr\/giromagny-rougemont\/wp-content\/uploads\/sites\/3\/2021\/04\/20210903_173946-copie-copie-768x373.jpg 768w, https:\/\/www.diocese-belfort-montbeliard.fr\/giromagny-rougemont\/wp-content\/uploads\/sites\/3\/2021\/04\/20210903_173946-copie-copie-1536x747.jpg 1536w, https:\/\/www.diocese-belfort-montbeliard.fr\/giromagny-rougemont\/wp-content\/uploads\/sites\/3\/2021\/04\/20210903_173946-copie-copie-2048x996.jpg 2048w\" sizes=\"auto, (max-width: 1920px) 100vw, 1920px\" \/><\/figure><div class=\"wp-block-media-text__content\">\n<p style=\"font-size:19px\">Chacun a pu m\u00e9diter sur les strophes du cantique de Fran\u00e7ois d&rsquo;Assise \u00ab\u00a0<em>Lou\u00e9 sois-tu<\/em>\u00ab\u00a0, des extraits de \u00ab&nbsp;<em>Laudato Si<\/em>&nbsp;\u00bb et chanter le psaume de la cr\u00e9ation<\/p>\n\n\n\n<p style=\"font-size:19px\"><em>&nbsp;\u00a0\u00bb&nbsp;<strong>Mon Dieu, tu es grand, tu es beau, Dieu vivant, Dieu Tr\u00e8s Haut,&nbsp;Dieu pr\u00e9sent en toute cr\u00e9ation&nbsp;<\/strong><\/em>\u00ab\u00a0<\/p>\n<\/div><\/div>\n\n\n\n<div class=\"wp-block-media-text alignwide has-media-on-the-right is-stacked-on-mobile\" style=\"grid-template-columns:auto 43%\"><figure class=\"wp-block-media-text__media\"><img loading=\"lazy\" decoding=\"async\" width=\"1920\" height=\"933\" src=\"https:\/\/www.diocese-belfort-montbeliard.fr\/giromagny-rougemont\/wp-content\/uploads\/sites\/3\/2021\/04\/20210903_174917-1920x933.jpg\" alt=\"\" class=\"wp-image-2057 size-full\" srcset=\"https:\/\/www.diocese-belfort-montbeliard.fr\/giromagny-rougemont\/wp-content\/uploads\/sites\/3\/2021\/04\/20210903_174917-1920x933.jpg 1920w, https:\/\/www.diocese-belfort-montbeliard.fr\/giromagny-rougemont\/wp-content\/uploads\/sites\/3\/2021\/04\/20210903_174917-600x292.jpg 600w, https:\/\/www.diocese-belfort-montbeliard.fr\/giromagny-rougemont\/wp-content\/uploads\/sites\/3\/2021\/04\/20210903_174917-768x373.jpg 768w, https:\/\/www.diocese-belfort-montbeliard.fr\/giromagny-rougemont\/wp-content\/uploads\/sites\/3\/2021\/04\/20210903_174917-1536x747.jpg 1536w, https:\/\/www.diocese-belfort-montbeliard.fr\/giromagny-rougemont\/wp-content\/uploads\/sites\/3\/2021\/04\/20210903_174917-2048x996.jpg 2048w\" sizes=\"auto, (max-width: 1920px) 100vw, 1920px\" \/><\/figure><div class=\"wp-block-media-text__content\">\n<p style=\"font-size:19px\">Que de superbes paysages, en pleine nature, avec la ligne bleue des Vosges en toile de fond<em>&nbsp;!<\/em> Cette belle journ\u00e9e de f\u00eate s\u2019est termin\u00e9e sur la place du presbyt\u00e8re avec la \u00ab\u00a0<em>pri\u00e8re pour notre Terre\u00a0\u00bb<\/em>&nbsp;.<\/p>\n\n\n\n<p style=\"font-size:19px\">De l&rsquo;avis des participants, une magnifique journ\u00e9e et une exp\u00e9rience  sans nul doute \u00e0 renouveler&nbsp;&#8230;<\/p>\n<\/div><\/div>\n\n\n\n<p><a href=\"https:\/\/www.diocese-belfort-montbeliard.fr\/giromagny-rougemont\/wp-content\/uploads\/sites\/3\/2021\/10\/livret-marche-meditative-26-09-2021.pdf\" target=\"_blank\" rel=\"noreferrer noopener\">Voir le livret de la marche m\u00e9ditative <\/a><\/p>\n\n\n\n<div class=\"wp-block-media-text alignwide is-stacked-on-mobile\"><figure class=\"wp-block-media-text__media\"><img loading=\"lazy\" decoding=\"async\" width=\"1920\" height=\"1080\" src=\"https:\/\/www.diocese-belfort-montbeliard.fr\/giromagny-rougemont\/wp-content\/uploads\/sites\/3\/2021\/04\/celebration-18-12-2021-1920x1080.jpg\" alt=\"\" class=\"wp-image-2457 size-full\" srcset=\"https:\/\/www.diocese-belfort-montbeliard.fr\/giromagny-rougemont\/wp-content\/uploads\/sites\/3\/2021\/04\/celebration-18-12-2021-1920x1080.jpg 1920w, https:\/\/www.diocese-belfort-montbeliard.fr\/giromagny-rougemont\/wp-content\/uploads\/sites\/3\/2021\/04\/celebration-18-12-2021-600x338.jpg 600w, https:\/\/www.diocese-belfort-montbeliard.fr\/giromagny-rougemont\/wp-content\/uploads\/sites\/3\/2021\/04\/celebration-18-12-2021-768x432.jpg 768w, https:\/\/www.diocese-belfort-montbeliard.fr\/giromagny-rougemont\/wp-content\/uploads\/sites\/3\/2021\/04\/celebration-18-12-2021-1536x864.jpg 1536w, https:\/\/www.diocese-belfort-montbeliard.fr\/giromagny-rougemont\/wp-content\/uploads\/sites\/3\/2021\/04\/celebration-18-12-2021-2048x1152.jpg 2048w\" sizes=\"auto, (max-width: 1920px) 100vw, 1920px\" \/><\/figure><div class=\"wp-block-media-text__content\">\n<p class=\"has-rouge-color has-text-color\" style=\"font-size:30px\"><strong>C\u00e9l\u00e9bration de No\u00ebl<\/strong> <\/p>\n<\/div><\/div>\n\n\n\n<p style=\"font-size:19px\">Le samedi 18 d\u00e9cembre 2021, les enfants cat\u00e9chis\u00e9s et leurs parents \u00e9taient r\u00e9unis autour du P\u00e8re Jean-Marie et du P\u00e8re Augustin et des cat\u00e9chistes pour vivre la traditionnelle c\u00e9l\u00e9bration de No\u00ebl.<\/p>\n\n\n\n<p><\/p>\n\n\n\n<p style=\"font-size:19px\">Lors de cette c\u00e9l\u00e9bration, les enfants ont apport\u00e9 un de leur jouet au pied de l&rsquo;autel pour \u00eatre&nbsp; offerts \u00e0 l&rsquo;association AAFP90.<br><br>Des b\u00e9n\u00e9voles de l&rsquo;AAFP90 ont t\u00e9moign\u00e9 et remerci\u00e9 les enfants pour leur g\u00e9n\u00e9rosit\u00e9. Les cadeaux ont \u00e9t\u00e9 distribu\u00e9s \u00e0 d&rsquo;autres enfants aid\u00e9s par l&rsquo;association lors d&rsquo;un go\u00fbter de No\u00ebl. <\/p>\n\n\n\n<div class=\"wp-block-media-text alignwide has-media-on-the-right is-stacked-on-mobile\" style=\"grid-template-columns:auto 16%\"><figure class=\"wp-block-media-text__media\"><img loading=\"lazy\" decoding=\"async\" width=\"608\" height=\"1080\" src=\"https:\/\/www.diocese-belfort-montbeliard.fr\/giromagny-rougemont\/wp-content\/uploads\/sites\/3\/2021\/04\/signets-noel-2021-1-608x1080.jpg\" alt=\"\" class=\"wp-image-2459 size-full\" srcset=\"https:\/\/www.diocese-belfort-montbeliard.fr\/giromagny-rougemont\/wp-content\/uploads\/sites\/3\/2021\/04\/signets-noel-2021-1-608x1080.jpg 608w, https:\/\/www.diocese-belfort-montbeliard.fr\/giromagny-rougemont\/wp-content\/uploads\/sites\/3\/2021\/04\/signets-noel-2021-1-338x600.jpg 338w, https:\/\/www.diocese-belfort-montbeliard.fr\/giromagny-rougemont\/wp-content\/uploads\/sites\/3\/2021\/04\/signets-noel-2021-1-768x1365.jpg 768w, https:\/\/www.diocese-belfort-montbeliard.fr\/giromagny-rougemont\/wp-content\/uploads\/sites\/3\/2021\/04\/signets-noel-2021-1-864x1536.jpg 864w, https:\/\/www.diocese-belfort-montbeliard.fr\/giromagny-rougemont\/wp-content\/uploads\/sites\/3\/2021\/04\/signets-noel-2021-1-1152x2048.jpg 1152w, https:\/\/www.diocese-belfort-montbeliard.fr\/giromagny-rougemont\/wp-content\/uploads\/sites\/3\/2021\/04\/signets-noel-2021-1-scaled.jpg 1440w\" sizes=\"auto, (max-width: 608px) 100vw, 608px\" \/><\/figure><div class=\"wp-block-media-text__content\">\n<p style=\"font-size:19px\">Les enfants des groupes de cat\u00e9 ont \u00e9galement apport\u00e9 les signets qu&rsquo;ils avaient confectionn\u00e9s avec un petit message au dos, qui ont \u00e9t\u00e9 distribu\u00e9s aux a\u00een\u00e9s de la paroisse et lors de la veill\u00e9e de No\u00ebl.<\/p>\n\n\n\n<p><\/p>\n\n\n\n<p style=\"font-size:19px\">Pour terminer cette joyeuse c\u00e9l\u00e9bration, l&rsquo;assembl\u00e9e a entonn\u00e9 \u00ab\u00a0Il est n\u00e9 le divin enfant \u00a0\u00bb avec beaucoup de ferveur.<\/p>\n<\/div><\/div>\n\n\n\n<p><\/p>\n","protected":false},"author":10,"featured_media":2133,"parent":808,"menu_order":19,"template":"","meta":{"_acf_changed":false,"footnotes":""},"class_list":["post-1459","paroisse","type-paroisse","status-publish","has-post-thumbnail","hentry"],"acf":[],"yoast_head":"<!-- This site is optimized with the Yoast SEO plugin v27.4 - https:\/\/yoast.com\/product\/yoast-seo-wordpress\/ -->\n<title>La vie de la paroisse en photos 2021 - Doyenn\u00e9 de Giromagny - Rougemont<\/title>\n<meta name=\"robots\" content=\"index, follow, max-snippet:-1, max-image-preview:large, max-video-preview:-1\" \/>\n<link rel=\"canonical\" href=\"https:\/\/www.diocese-belfort-montbeliard.fr\/giromagny-rougemont\/paroisses\/saint-jean-levangeliste\/la-paroisse\/la-vie-de-la-paroisse-en-photos\/\" \/>\n<meta property=\"og:locale\" content=\"fr_FR\" \/>\n<meta property=\"og:type\" content=\"article\" \/>\n<meta property=\"og:title\" content=\"La vie de la paroisse en photos 2021 - Doyenn\u00e9 de Giromagny - Rougemont\" \/>\n<meta property=\"og:description\" content=\"C\u00e9l\u00e9bration de P\u00e2ques &#8211; Avril 2021 Les enfants des groupes de KT se sont retrouv\u00e9s le 03 avril 2021 autour du p\u00e8re Jean-Marie Baertschi pour une c\u00e9l\u00e9bration de P\u00e2ques, plac\u00e9e sous le signe des \u00ab\u00a0\u00e9l\u00e9ments\u00a0\u00bb : le feu (symbolis\u00e9 par la lumi\u00e8re des cierges que les enfants ont allum\u00e9s au cierge pascal d\u00e9cor\u00e9 de fleurs [&hellip;]\" \/>\n<meta property=\"og:url\" content=\"https:\/\/www.diocese-belfort-montbeliard.fr\/giromagny-rougemont\/paroisses\/saint-jean-levangeliste\/la-paroisse\/la-vie-de-la-paroisse-en-photos\/\" \/>\n<meta property=\"og:site_name\" content=\"Doyenn\u00e9 de Giromagny - Rougemont\" \/>\n<meta property=\"article:modified_time\" content=\"2022-02-09T19:40:01+00:00\" \/>\n<meta property=\"og:image\" content=\"https:\/\/www.diocese-belfort-montbeliard.fr\/giromagny-rougemont\/wp-content\/uploads\/sites\/3\/2021\/04\/photos-panneaux-26-09-2021-header-scaled.jpg\" \/>\n\t<meta property=\"og:image:width\" content=\"2560\" \/>\n\t<meta property=\"og:image:height\" content=\"861\" \/>\n\t<meta property=\"og:image:type\" content=\"image\/jpeg\" \/>\n<meta name=\"twitter:card\" content=\"summary_large_image\" \/>\n<meta name=\"twitter:label1\" content=\"Dur\u00e9e de lecture estim\u00e9e\" \/>\n\t<meta name=\"twitter:data1\" content=\"7 minutes\" \/>\n<script type=\"application\/ld+json\" class=\"yoast-schema-graph\">{\"@context\":\"https:\\\/\\\/schema.org\",\"@graph\":[{\"@type\":\"WebPage\",\"@id\":\"https:\\\/\\\/www.diocese-belfort-montbeliard.fr\\\/giromagny-rougemont\\\/paroisses\\\/saint-jean-levangeliste\\\/la-paroisse\\\/la-vie-de-la-paroisse-en-photos\\\/\",\"url\":\"https:\\\/\\\/www.diocese-belfort-montbeliard.fr\\\/giromagny-rougemont\\\/paroisses\\\/saint-jean-levangeliste\\\/la-paroisse\\\/la-vie-de-la-paroisse-en-photos\\\/\",\"name\":\"La vie de la paroisse en photos 2021 - Doyenn\u00e9 de Giromagny - Rougemont\",\"isPartOf\":{\"@id\":\"https:\\\/\\\/www.diocese-belfort-montbeliard.fr\\\/giromagny-rougemont\\\/#website\"},\"primaryImageOfPage\":{\"@id\":\"https:\\\/\\\/www.diocese-belfort-montbeliard.fr\\\/giromagny-rougemont\\\/paroisses\\\/saint-jean-levangeliste\\\/la-paroisse\\\/la-vie-de-la-paroisse-en-photos\\\/#primaryimage\"},\"image\":{\"@id\":\"https:\\\/\\\/www.diocese-belfort-montbeliard.fr\\\/giromagny-rougemont\\\/paroisses\\\/saint-jean-levangeliste\\\/la-paroisse\\\/la-vie-de-la-paroisse-en-photos\\\/#primaryimage\"},\"thumbnailUrl\":\"https:\\\/\\\/www.diocese-belfort-montbeliard.fr\\\/giromagny-rougemont\\\/wp-content\\\/uploads\\\/sites\\\/3\\\/2021\\\/04\\\/photos-panneaux-26-09-2021-header-scaled.jpg\",\"datePublished\":\"2021-04-19T16:46:10+00:00\",\"dateModified\":\"2022-02-09T19:40:01+00:00\",\"breadcrumb\":{\"@id\":\"https:\\\/\\\/www.diocese-belfort-montbeliard.fr\\\/giromagny-rougemont\\\/paroisses\\\/saint-jean-levangeliste\\\/la-paroisse\\\/la-vie-de-la-paroisse-en-photos\\\/#breadcrumb\"},\"inLanguage\":\"fr-FR\",\"potentialAction\":[{\"@type\":\"ReadAction\",\"target\":[\"https:\\\/\\\/www.diocese-belfort-montbeliard.fr\\\/giromagny-rougemont\\\/paroisses\\\/saint-jean-levangeliste\\\/la-paroisse\\\/la-vie-de-la-paroisse-en-photos\\\/\"]}]},{\"@type\":\"ImageObject\",\"inLanguage\":\"fr-FR\",\"@id\":\"https:\\\/\\\/www.diocese-belfort-montbeliard.fr\\\/giromagny-rougemont\\\/paroisses\\\/saint-jean-levangeliste\\\/la-paroisse\\\/la-vie-de-la-paroisse-en-photos\\\/#primaryimage\",\"url\":\"https:\\\/\\\/www.diocese-belfort-montbeliard.fr\\\/giromagny-rougemont\\\/wp-content\\\/uploads\\\/sites\\\/3\\\/2021\\\/04\\\/photos-panneaux-26-09-2021-header-scaled.jpg\",\"contentUrl\":\"https:\\\/\\\/www.diocese-belfort-montbeliard.fr\\\/giromagny-rougemont\\\/wp-content\\\/uploads\\\/sites\\\/3\\\/2021\\\/04\\\/photos-panneaux-26-09-2021-header-scaled.jpg\",\"width\":2560,\"height\":861,\"caption\":\"binary comment\"},{\"@type\":\"BreadcrumbList\",\"@id\":\"https:\\\/\\\/www.diocese-belfort-montbeliard.fr\\\/giromagny-rougemont\\\/paroisses\\\/saint-jean-levangeliste\\\/la-paroisse\\\/la-vie-de-la-paroisse-en-photos\\\/#breadcrumb\",\"itemListElement\":[{\"@type\":\"ListItem\",\"position\":1,\"name\":\"Accueil\",\"item\":\"https:\\\/\\\/www.diocese-belfort-montbeliard.fr\\\/giromagny-rougemont\\\/\"},{\"@type\":\"ListItem\",\"position\":2,\"name\":\"Saint Jean l&#8217;\u00c9vang\u00e9liste\",\"item\":\"https:\\\/\\\/www.diocese-belfort-montbeliard.fr\\\/giromagny-rougemont\\\/paroisses\\\/saint-jean-levangeliste\\\/\"},{\"@type\":\"ListItem\",\"position\":3,\"name\":\"La Paroisse\",\"item\":\"https:\\\/\\\/www.diocese-belfort-montbeliard.fr\\\/giromagny-rougemont\\\/paroisses\\\/saint-jean-levangeliste\\\/la-paroisse\\\/\"},{\"@type\":\"ListItem\",\"position\":4,\"name\":\"La vie de la paroisse en photos 2021\"}]},{\"@type\":\"WebSite\",\"@id\":\"https:\\\/\\\/www.diocese-belfort-montbeliard.fr\\\/giromagny-rougemont\\\/#website\",\"url\":\"https:\\\/\\\/www.diocese-belfort-montbeliard.fr\\\/giromagny-rougemont\\\/\",\"name\":\"Doyenn\u00e9 de Giromagny - Rougemont\",\"description\":\"Dioc\u00e8se de Belfort - Montb\u00e9liard\",\"potentialAction\":[{\"@type\":\"SearchAction\",\"target\":{\"@type\":\"EntryPoint\",\"urlTemplate\":\"https:\\\/\\\/www.diocese-belfort-montbeliard.fr\\\/giromagny-rougemont\\\/?s={search_term_string}\"},\"query-input\":{\"@type\":\"PropertyValueSpecification\",\"valueRequired\":true,\"valueName\":\"search_term_string\"}}],\"inLanguage\":\"fr-FR\"}]}<\/script>\n<!-- \/ Yoast SEO plugin. -->","yoast_head_json":{"title":"La vie de la paroisse en photos 2021 - Doyenn\u00e9 de Giromagny - Rougemont","robots":{"index":"index","follow":"follow","max-snippet":"max-snippet:-1","max-image-preview":"max-image-preview:large","max-video-preview":"max-video-preview:-1"},"canonical":"https:\/\/www.diocese-belfort-montbeliard.fr\/giromagny-rougemont\/paroisses\/saint-jean-levangeliste\/la-paroisse\/la-vie-de-la-paroisse-en-photos\/","og_locale":"fr_FR","og_type":"article","og_title":"La vie de la paroisse en photos 2021 - Doyenn\u00e9 de Giromagny - Rougemont","og_description":"C\u00e9l\u00e9bration de P\u00e2ques &#8211; Avril 2021 Les enfants des groupes de KT se sont retrouv\u00e9s le 03 avril 2021 autour du p\u00e8re Jean-Marie Baertschi pour une c\u00e9l\u00e9bration de P\u00e2ques, plac\u00e9e sous le signe des \u00ab\u00a0\u00e9l\u00e9ments\u00a0\u00bb : le feu (symbolis\u00e9 par la lumi\u00e8re des cierges que les enfants ont allum\u00e9s au cierge pascal d\u00e9cor\u00e9 de fleurs [&hellip;]","og_url":"https:\/\/www.diocese-belfort-montbeliard.fr\/giromagny-rougemont\/paroisses\/saint-jean-levangeliste\/la-paroisse\/la-vie-de-la-paroisse-en-photos\/","og_site_name":"Doyenn\u00e9 de Giromagny - Rougemont","article_modified_time":"2022-02-09T19:40:01+00:00","og_image":[{"width":2560,"height":861,"url":"https:\/\/www.diocese-belfort-montbeliard.fr\/giromagny-rougemont\/wp-content\/uploads\/sites\/3\/2021\/04\/photos-panneaux-26-09-2021-header-scaled.jpg","type":"image\/jpeg"}],"twitter_card":"summary_large_image","twitter_misc":{"Dur\u00e9e de lecture estim\u00e9e":"7 minutes"},"schema":{"@context":"https:\/\/schema.org","@graph":[{"@type":"WebPage","@id":"https:\/\/www.diocese-belfort-montbeliard.fr\/giromagny-rougemont\/paroisses\/saint-jean-levangeliste\/la-paroisse\/la-vie-de-la-paroisse-en-photos\/","url":"https:\/\/www.diocese-belfort-montbeliard.fr\/giromagny-rougemont\/paroisses\/saint-jean-levangeliste\/la-paroisse\/la-vie-de-la-paroisse-en-photos\/","name":"La vie de la paroisse en photos 2021 - Doyenn\u00e9 de Giromagny - Rougemont","isPartOf":{"@id":"https:\/\/www.diocese-belfort-montbeliard.fr\/giromagny-rougemont\/#website"},"primaryImageOfPage":{"@id":"https:\/\/www.diocese-belfort-montbeliard.fr\/giromagny-rougemont\/paroisses\/saint-jean-levangeliste\/la-paroisse\/la-vie-de-la-paroisse-en-photos\/#primaryimage"},"image":{"@id":"https:\/\/www.diocese-belfort-montbeliard.fr\/giromagny-rougemont\/paroisses\/saint-jean-levangeliste\/la-paroisse\/la-vie-de-la-paroisse-en-photos\/#primaryimage"},"thumbnailUrl":"https:\/\/www.diocese-belfort-montbeliard.fr\/giromagny-rougemont\/wp-content\/uploads\/sites\/3\/2021\/04\/photos-panneaux-26-09-2021-header-scaled.jpg","datePublished":"2021-04-19T16:46:10+00:00","dateModified":"2022-02-09T19:40:01+00:00","breadcrumb":{"@id":"https:\/\/www.diocese-belfort-montbeliard.fr\/giromagny-rougemont\/paroisses\/saint-jean-levangeliste\/la-paroisse\/la-vie-de-la-paroisse-en-photos\/#breadcrumb"},"inLanguage":"fr-FR","potentialAction":[{"@type":"ReadAction","target":["https:\/\/www.diocese-belfort-montbeliard.fr\/giromagny-rougemont\/paroisses\/saint-jean-levangeliste\/la-paroisse\/la-vie-de-la-paroisse-en-photos\/"]}]},{"@type":"ImageObject","inLanguage":"fr-FR","@id":"https:\/\/www.diocese-belfort-montbeliard.fr\/giromagny-rougemont\/paroisses\/saint-jean-levangeliste\/la-paroisse\/la-vie-de-la-paroisse-en-photos\/#primaryimage","url":"https:\/\/www.diocese-belfort-montbeliard.fr\/giromagny-rougemont\/wp-content\/uploads\/sites\/3\/2021\/04\/photos-panneaux-26-09-2021-header-scaled.jpg","contentUrl":"https:\/\/www.diocese-belfort-montbeliard.fr\/giromagny-rougemont\/wp-content\/uploads\/sites\/3\/2021\/04\/photos-panneaux-26-09-2021-header-scaled.jpg","width":2560,"height":861,"caption":"binary comment"},{"@type":"BreadcrumbList","@id":"https:\/\/www.diocese-belfort-montbeliard.fr\/giromagny-rougemont\/paroisses\/saint-jean-levangeliste\/la-paroisse\/la-vie-de-la-paroisse-en-photos\/#breadcrumb","itemListElement":[{"@type":"ListItem","position":1,"name":"Accueil","item":"https:\/\/www.diocese-belfort-montbeliard.fr\/giromagny-rougemont\/"},{"@type":"ListItem","position":2,"name":"Saint Jean l&#8217;\u00c9vang\u00e9liste","item":"https:\/\/www.diocese-belfort-montbeliard.fr\/giromagny-rougemont\/paroisses\/saint-jean-levangeliste\/"},{"@type":"ListItem","position":3,"name":"La Paroisse","item":"https:\/\/www.diocese-belfort-montbeliard.fr\/giromagny-rougemont\/paroisses\/saint-jean-levangeliste\/la-paroisse\/"},{"@type":"ListItem","position":4,"name":"La vie de la paroisse en photos 2021"}]},{"@type":"WebSite","@id":"https:\/\/www.diocese-belfort-montbeliard.fr\/giromagny-rougemont\/#website","url":"https:\/\/www.diocese-belfort-montbeliard.fr\/giromagny-rougemont\/","name":"Doyenn\u00e9 de Giromagny - Rougemont","description":"Dioc\u00e8se de Belfort - Montb\u00e9liard","potentialAction":[{"@type":"SearchAction","target":{"@type":"EntryPoint","urlTemplate":"https:\/\/www.diocese-belfort-montbeliard.fr\/giromagny-rougemont\/?s={search_term_string}"},"query-input":{"@type":"PropertyValueSpecification","valueRequired":true,"valueName":"search_term_string"}}],"inLanguage":"fr-FR"}]}},"_links":{"self":[{"href":"https:\/\/www.diocese-belfort-montbeliard.fr\/giromagny-rougemont\/wp-json\/wp\/v2\/paroisse\/1459","targetHints":{"allow":["GET"]}}],"collection":[{"href":"https:\/\/www.diocese-belfort-montbeliard.fr\/giromagny-rougemont\/wp-json\/wp\/v2\/paroisse"}],"about":[{"href":"https:\/\/www.diocese-belfort-montbeliard.fr\/giromagny-rougemont\/wp-json\/wp\/v2\/types\/paroisse"}],"author":[{"embeddable":true,"href":"https:\/\/www.diocese-belfort-montbeliard.fr\/giromagny-rougemont\/wp-json\/wp\/v2\/users\/10"}],"version-history":[{"count":10,"href":"https:\/\/www.diocese-belfort-montbeliard.fr\/giromagny-rougemont\/wp-json\/wp\/v2\/paroisse\/1459\/revisions"}],"predecessor-version":[{"id":2588,"href":"https:\/\/www.diocese-belfort-montbeliard.fr\/giromagny-rougemont\/wp-json\/wp\/v2\/paroisse\/1459\/revisions\/2588"}],"up":[{"embeddable":true,"href":"https:\/\/www.diocese-belfort-montbeliard.fr\/giromagny-rougemont\/wp-json\/wp\/v2\/paroisse\/808"}],"wp:featuredmedia":[{"embeddable":true,"href":"https:\/\/www.diocese-belfort-montbeliard.fr\/giromagny-rougemont\/wp-json\/wp\/v2\/media\/2133"}],"wp:attachment":[{"href":"https:\/\/www.diocese-belfort-montbeliard.fr\/giromagny-rougemont\/wp-json\/wp\/v2\/media?parent=1459"}],"curies":[{"name":"wp","href":"https:\/\/api.w.org\/{rel}","templated":true}]}}