{"id":28,"date":"2020-12-16T15:50:47","date_gmt":"2020-12-16T14:50:47","guid":{"rendered":"https:\/\/www.diocese-belfort-montbeliard.fr\/giromagny-rougemont\/?post_type=paroisse&#038;p=28"},"modified":"2026-04-06T20:03:25","modified_gmt":"2026-04-06T18:03:25","slug":"calendrier-des-celebrations","status":"publish","type":"paroisse","link":"https:\/\/www.diocese-belfort-montbeliard.fr\/giromagny-rougemont\/paroisses\/saint-nicolas\/la-paroisse\/calendrier-des-celebrations\/","title":{"rendered":"Organisation des c\u00e9l\u00e9brations"},"content":{"rendered":"\n<p>Pour nos 2 paroisses , Saint Nicolas et Sainte Madeleine, et Sauf indication pr\u00e9cis\u00e9e dans le calendrier suivant, le dimanche, <strong>TOUTES&nbsp;les c\u00e9l\u00e9brations ont lieu \u00e0 10h<\/strong>,  et, <strong>pour la saison froide, les messes ont lieu, en alternance entre Felon et la salle St Valbert \u00e0 Etueffont<\/strong><\/p>\n\n\n\n<h3 class=\"wp-block-heading\">Messes en semaine :&nbsp;<\/h3>\n\n\n\n<h4 class=\"wp-block-heading\">jeudi :<\/h4>\n\n\n\n<p>&#8211; 9H \u00e0 la salle Paroissiale de LACHAPELLE sous ROUGEMONT<\/p>\n\n\n\n<h4 class=\"wp-block-heading\">mardi, mercredi et samedi :<\/h4>\n\n\n\n<p>&#8211; 9H \u00e0 la salle Saint Valbert \u00e0 Etueffont<\/p>\n\n\n\n<h4 class=\"wp-block-heading\">Vendredi :<\/h4>\n\n\n\n<p>16H45 \u00e0 la Maison de Retraite \u00e0 ROUGEMONT le CH\u00c2TEAU<\/p>\n\n\n\n<hr class=\"wp-block-separator has-css-opacity\" \/>\n\n\n\n<h1 class=\"wp-block-heading\">Calendrier des messes de janvier \u00e0 Juin 2026<\/h1>\n\n\n\n<hr class=\"wp-block-separator has-css-opacity\" \/>\n\n\n\n<div class=\"wp-block-columns is-layout-flex wp-container-core-columns-is-layout-9d6595d7 wp-block-columns-is-layout-flex\">\n<div class=\"wp-block-column is-layout-flow wp-block-column-is-layout-flow\">\n<div class=\"wp-block-columns is-layout-flex wp-container-core-columns-is-layout-9d6595d7 wp-block-columns-is-layout-flex\">\n<div class=\"wp-block-column is-layout-flow wp-block-column-is-layout-flow\" style=\"flex-basis:50%\">\n<h2 class=\"wp-block-heading\">Janvier<\/h2>\n\n\n\n<p>4 :&nbsp;&nbsp;&nbsp;&nbsp;&nbsp; Felon<br>11&nbsp;:&nbsp;&nbsp;&nbsp; Etueffont (messe des familles)<br>18&nbsp;:&nbsp;&nbsp;&nbsp; Felon<br>25&nbsp;:&nbsp;&nbsp;&nbsp; Etueffont, salle St Valbert<br>31&nbsp;:&nbsp;&nbsp;&nbsp; Etueffont, 17h30 (messe de doyenn\u00e9 anim\u00e9e par les jeunes)<\/p>\n<\/div>\n\n\n\n<div class=\"wp-block-column is-layout-flow wp-block-column-is-layout-flow\" style=\"flex-basis:50%\">\n<h2 class=\"wp-block-heading\">F\u00e9vrier<\/h2>\n\n\n\n<p>1er&nbsp;:&nbsp;&nbsp; Felon<br>8&nbsp;:&nbsp;&nbsp;&nbsp;&nbsp;&nbsp; Etueffont, salle St Valbert<br>15&nbsp;:&nbsp;&nbsp;&nbsp; Felon<br>18&nbsp;:&nbsp;&nbsp;&nbsp; Etueffont, salle St Valbert (Cendres), 9h<br>18&nbsp;:&nbsp;&nbsp;&nbsp; Etueffont (Cendres), 18h30<br>22&nbsp;:&nbsp;&nbsp;&nbsp; Felon<\/p>\n<\/div>\n<\/div>\n\n\n\n<div class=\"wp-block-columns is-layout-flex wp-container-core-columns-is-layout-9d6595d7 wp-block-columns-is-layout-flex\">\n<div class=\"wp-block-column is-layout-flow wp-block-column-is-layout-flow\">\n<h2 class=\"wp-block-heading\">Mars<\/h2>\n\n\n\n<p>1er&nbsp;:&nbsp;&nbsp; Etueffont (messe des familles)<br>8&nbsp;:&nbsp;&nbsp;&nbsp;&nbsp;&nbsp; Felon<br>15&nbsp;:&nbsp;&nbsp;&nbsp; Etueffont, salle St Valbert<br>22&nbsp;:&nbsp;&nbsp;&nbsp; Felon<br>28&nbsp;:&nbsp;&nbsp;&nbsp; Etueffont, (Rameaux), 18h<br>29&nbsp;:&nbsp;&nbsp;&nbsp; Lachapelle (Rameaux)<\/p>\n<\/div>\n\n\n\n<div class=\"wp-block-column is-layout-flow wp-block-column-is-layout-flow\">\n<h2 class=\"wp-block-heading\">Avril<\/h2>\n\n\n\n<p>2&nbsp;:&nbsp;&nbsp;&nbsp;&nbsp;&nbsp; Felon (Jeudi Saint), 18h<br>3&nbsp;:&nbsp;&nbsp;&nbsp;&nbsp;&nbsp; Felon (Vendredi Saint), 18h<br>4&nbsp;:&nbsp;&nbsp;&nbsp;&nbsp;&nbsp; Etueffont (Veill\u00e9e pascale), 20h<br>5&nbsp;:&nbsp;&nbsp;&nbsp;&nbsp;&nbsp; Rougemont (P\u00e2ques)<br>12&nbsp;:&nbsp;&nbsp;&nbsp; Anjoutey<br>19&nbsp;:&nbsp;&nbsp;&nbsp; Angeot<br>26&nbsp;:&nbsp;&nbsp;&nbsp; Etueffont (messe des familles)<\/p>\n<\/div>\n<\/div>\n<\/div>\n<\/div>\n\n\n\n<div class=\"wp-block-columns is-layout-flex wp-container-core-columns-is-layout-9d6595d7 wp-block-columns-is-layout-flex\">\n<div class=\"wp-block-column is-layout-flow wp-block-column-is-layout-flow\">\n<h2 class=\"wp-block-heading\">Mai<\/h2>\n\n\n\n<p>3&nbsp;:&nbsp;&nbsp;&nbsp;&nbsp;&nbsp; St Germain<br>10 :&nbsp;&nbsp;&nbsp; Grosmagny<br>14&nbsp;:&nbsp;&nbsp;&nbsp; Rougemont (Ascension)<br>17&nbsp;:&nbsp;&nbsp;&nbsp; Lachapelle<br>24&nbsp;:&nbsp;&nbsp;&nbsp; Etueffont (Pentec\u00f4te et profession de foi)<br>31&nbsp;:&nbsp;&nbsp;&nbsp; Anjoutey<\/p>\n<\/div>\n\n\n\n<div class=\"wp-block-column is-layout-flow wp-block-column-is-layout-flow\">\n<h2 class=\"wp-block-heading\">Juin<\/h2>\n\n\n\n<p>7&nbsp;:&nbsp;&nbsp;&nbsp;&nbsp;&nbsp; Rougemont (premi\u00e8re communion)<br>14&nbsp;:&nbsp;&nbsp;&nbsp; Grosmagny<br>21&nbsp;:&nbsp;&nbsp;&nbsp; Angeot<br>28&nbsp;:&nbsp;&nbsp;&nbsp; Etueffont<\/p>\n<\/div>\n<\/div>\n\n\n\n<p><br><br>T\u00e9l\u00e9chargez le calendrier des messes <a href=\"https:\/\/www.diocese-belfort-montbeliard.fr\/giromagny-rougemont\/wp-content\/uploads\/sites\/3\/2025\/12\/calendrier-des-messes-janvier-juin-2026.pdf\" target=\"_blank\" rel=\"noreferrer noopener\">de janvier \u00e0 Juin 2026<\/a><a href=\"https:\/\/www.diocese-belfort-montbeliard.fr\/giromagny-rougemont\/wp-content\/uploads\/sites\/3\/2025\/10\/planning-octobre-decembre-2025.pdf\"><br><\/a><\/p>\n\n\n<a href=\"https:\/\/www.diocese-belfort-montbeliard.fr\/giromagny-rougemont\/wp-content\/uploads\/sites\/3\/2025\/12\/calendrier-des-messes-janvier-juin-2026.pdf\" class=\"pdfemb-viewer\" style=\"\" data-width=\"max\" data-height=\"max\" data-toolbar=\"bottom\" data-toolbar-fixed=\"off\">calendrier-des-messes-janvier-juin-2026<\/a>\n\n\n<hr class=\"wp-block-separator has-css-opacity\" \/>\n\n\n\n<h1 class=\"wp-block-heading\">Feuille de Chants<\/h1>\n\n\n\n<hr class=\"wp-block-separator has-css-opacity\" \/>\n\n\n\n<p>T\u00e9l\u00e9chargez la feuille de chant du <a href=\"https:\/\/www.diocese-belfort-montbeliard.fr\/giromagny-rougemont\/wp-content\/uploads\/sites\/3\/2026\/04\/chants-temps-pascal-2026.pdf\" target=\"_blank\" rel=\"noreferrer noopener\">Temps de Pascal 2026<\/a><\/p>\n\n\n<a href=\"https:\/\/www.diocese-belfort-montbeliard.fr\/giromagny-rougemont\/wp-content\/uploads\/sites\/3\/2026\/04\/chants-temps-pascal-2026.pdf\" class=\"pdfemb-viewer\" style=\"\" data-width=\"max\" data-height=\"max\" data-toolbar=\"bottom\" data-toolbar-fixed=\"off\">chants-temps-pascal-2026<\/a>\n\n\n<p><a href=\"https:\/\/www.diocese-belfort-montbeliard.fr\/giromagny-rougemont\/paroisses\/saint-nicolas\/historique-des-feuilles-de-chants\/\" target=\"_blank\" rel=\"noreferrer noopener\">Trouver les feuilles de chants archiv\u00e9es<\/a><\/p>\n","protected":false},"author":1,"featured_media":0,"parent":30,"menu_order":30,"template":"","meta":{"_acf_changed":false,"footnotes":""},"class_list":["post-28","paroisse","type-paroisse","status-publish","hentry"],"acf":[],"yoast_head":"<!-- This site is optimized with the Yoast SEO plugin v27.4 - https:\/\/yoast.com\/product\/yoast-seo-wordpress\/ -->\n<title>Organisation des c\u00e9l\u00e9brations - Doyenn\u00e9 de Giromagny - Rougemont<\/title>\n<meta name=\"robots\" content=\"index, follow, max-snippet:-1, max-image-preview:large, max-video-preview:-1\" \/>\n<link rel=\"canonical\" href=\"https:\/\/www.diocese-belfort-montbeliard.fr\/giromagny-rougemont\/paroisses\/saint-nicolas\/la-paroisse\/calendrier-des-celebrations\/\" \/>\n<meta property=\"og:locale\" content=\"fr_FR\" \/>\n<meta property=\"og:type\" content=\"article\" \/>\n<meta property=\"og:title\" content=\"Organisation des c\u00e9l\u00e9brations - Doyenn\u00e9 de Giromagny - Rougemont\" \/>\n<meta property=\"og:description\" content=\"Pour nos 2 paroisses , Saint Nicolas et Sainte Madeleine, et Sauf indication pr\u00e9cis\u00e9e dans le calendrier suivant, le dimanche, TOUTES&nbsp;les c\u00e9l\u00e9brations ont lieu \u00e0 10h, et, pour la saison froide, les messes ont lieu, en alternance entre Felon et la salle St Valbert \u00e0 Etueffont Messes en semaine :&nbsp; jeudi : &#8211; 9H \u00e0 [&hellip;]\" \/>\n<meta property=\"og:url\" content=\"https:\/\/www.diocese-belfort-montbeliard.fr\/giromagny-rougemont\/paroisses\/saint-nicolas\/la-paroisse\/calendrier-des-celebrations\/\" \/>\n<meta property=\"og:site_name\" content=\"Doyenn\u00e9 de Giromagny - Rougemont\" \/>\n<meta property=\"article:modified_time\" content=\"2026-04-06T18:03:25+00:00\" \/>\n<meta name=\"twitter:card\" content=\"summary_large_image\" \/>\n<meta name=\"twitter:label1\" content=\"Dur\u00e9e de lecture estim\u00e9e\" \/>\n\t<meta name=\"twitter:data1\" content=\"2 minutes\" \/>\n<script type=\"application\/ld+json\" class=\"yoast-schema-graph\">{\"@context\":\"https:\\\/\\\/schema.org\",\"@graph\":[{\"@type\":\"WebPage\",\"@id\":\"https:\\\/\\\/www.diocese-belfort-montbeliard.fr\\\/giromagny-rougemont\\\/paroisses\\\/saint-nicolas\\\/la-paroisse\\\/calendrier-des-celebrations\\\/\",\"url\":\"https:\\\/\\\/www.diocese-belfort-montbeliard.fr\\\/giromagny-rougemont\\\/paroisses\\\/saint-nicolas\\\/la-paroisse\\\/calendrier-des-celebrations\\\/\",\"name\":\"Organisation des c\u00e9l\u00e9brations - Doyenn\u00e9 de Giromagny - Rougemont\",\"isPartOf\":{\"@id\":\"https:\\\/\\\/www.diocese-belfort-montbeliard.fr\\\/giromagny-rougemont\\\/#website\"},\"datePublished\":\"2020-12-16T14:50:47+00:00\",\"dateModified\":\"2026-04-06T18:03:25+00:00\",\"breadcrumb\":{\"@id\":\"https:\\\/\\\/www.diocese-belfort-montbeliard.fr\\\/giromagny-rougemont\\\/paroisses\\\/saint-nicolas\\\/la-paroisse\\\/calendrier-des-celebrations\\\/#breadcrumb\"},\"inLanguage\":\"fr-FR\",\"potentialAction\":[{\"@type\":\"ReadAction\",\"target\":[\"https:\\\/\\\/www.diocese-belfort-montbeliard.fr\\\/giromagny-rougemont\\\/paroisses\\\/saint-nicolas\\\/la-paroisse\\\/calendrier-des-celebrations\\\/\"]}]},{\"@type\":\"BreadcrumbList\",\"@id\":\"https:\\\/\\\/www.diocese-belfort-montbeliard.fr\\\/giromagny-rougemont\\\/paroisses\\\/saint-nicolas\\\/la-paroisse\\\/calendrier-des-celebrations\\\/#breadcrumb\",\"itemListElement\":[{\"@type\":\"ListItem\",\"position\":1,\"name\":\"Accueil\",\"item\":\"https:\\\/\\\/www.diocese-belfort-montbeliard.fr\\\/giromagny-rougemont\\\/\"},{\"@type\":\"ListItem\",\"position\":2,\"name\":\"Saint Nicolas\",\"item\":\"https:\\\/\\\/www.diocese-belfort-montbeliard.fr\\\/giromagny-rougemont\\\/paroisses\\\/saint-nicolas\\\/\"},{\"@type\":\"ListItem\",\"position\":3,\"name\":\"La paroisse\",\"item\":\"https:\\\/\\\/www.diocese-belfort-montbeliard.fr\\\/giromagny-rougemont\\\/paroisses\\\/saint-nicolas\\\/la-paroisse\\\/\"},{\"@type\":\"ListItem\",\"position\":4,\"name\":\"Organisation des c\u00e9l\u00e9brations\"}]},{\"@type\":\"WebSite\",\"@id\":\"https:\\\/\\\/www.diocese-belfort-montbeliard.fr\\\/giromagny-rougemont\\\/#website\",\"url\":\"https:\\\/\\\/www.diocese-belfort-montbeliard.fr\\\/giromagny-rougemont\\\/\",\"name\":\"Doyenn\u00e9 de Giromagny - Rougemont\",\"description\":\"Dioc\u00e8se de Belfort - Montb\u00e9liard\",\"potentialAction\":[{\"@type\":\"SearchAction\",\"target\":{\"@type\":\"EntryPoint\",\"urlTemplate\":\"https:\\\/\\\/www.diocese-belfort-montbeliard.fr\\\/giromagny-rougemont\\\/?s={search_term_string}\"},\"query-input\":{\"@type\":\"PropertyValueSpecification\",\"valueRequired\":true,\"valueName\":\"search_term_string\"}}],\"inLanguage\":\"fr-FR\"}]}<\/script>\n<!-- \/ Yoast SEO plugin. -->","yoast_head_json":{"title":"Organisation des c\u00e9l\u00e9brations - Doyenn\u00e9 de Giromagny - Rougemont","robots":{"index":"index","follow":"follow","max-snippet":"max-snippet:-1","max-image-preview":"max-image-preview:large","max-video-preview":"max-video-preview:-1"},"canonical":"https:\/\/www.diocese-belfort-montbeliard.fr\/giromagny-rougemont\/paroisses\/saint-nicolas\/la-paroisse\/calendrier-des-celebrations\/","og_locale":"fr_FR","og_type":"article","og_title":"Organisation des c\u00e9l\u00e9brations - Doyenn\u00e9 de Giromagny - Rougemont","og_description":"Pour nos 2 paroisses , Saint Nicolas et Sainte Madeleine, et Sauf indication pr\u00e9cis\u00e9e dans le calendrier suivant, le dimanche, TOUTES&nbsp;les c\u00e9l\u00e9brations ont lieu \u00e0 10h, et, pour la saison froide, les messes ont lieu, en alternance entre Felon et la salle St Valbert \u00e0 Etueffont Messes en semaine :&nbsp; jeudi : &#8211; 9H \u00e0 [&hellip;]","og_url":"https:\/\/www.diocese-belfort-montbeliard.fr\/giromagny-rougemont\/paroisses\/saint-nicolas\/la-paroisse\/calendrier-des-celebrations\/","og_site_name":"Doyenn\u00e9 de Giromagny - Rougemont","article_modified_time":"2026-04-06T18:03:25+00:00","twitter_card":"summary_large_image","twitter_misc":{"Dur\u00e9e de lecture estim\u00e9e":"2 minutes"},"schema":{"@context":"https:\/\/schema.org","@graph":[{"@type":"WebPage","@id":"https:\/\/www.diocese-belfort-montbeliard.fr\/giromagny-rougemont\/paroisses\/saint-nicolas\/la-paroisse\/calendrier-des-celebrations\/","url":"https:\/\/www.diocese-belfort-montbeliard.fr\/giromagny-rougemont\/paroisses\/saint-nicolas\/la-paroisse\/calendrier-des-celebrations\/","name":"Organisation des c\u00e9l\u00e9brations - Doyenn\u00e9 de Giromagny - Rougemont","isPartOf":{"@id":"https:\/\/www.diocese-belfort-montbeliard.fr\/giromagny-rougemont\/#website"},"datePublished":"2020-12-16T14:50:47+00:00","dateModified":"2026-04-06T18:03:25+00:00","breadcrumb":{"@id":"https:\/\/www.diocese-belfort-montbeliard.fr\/giromagny-rougemont\/paroisses\/saint-nicolas\/la-paroisse\/calendrier-des-celebrations\/#breadcrumb"},"inLanguage":"fr-FR","potentialAction":[{"@type":"ReadAction","target":["https:\/\/www.diocese-belfort-montbeliard.fr\/giromagny-rougemont\/paroisses\/saint-nicolas\/la-paroisse\/calendrier-des-celebrations\/"]}]},{"@type":"BreadcrumbList","@id":"https:\/\/www.diocese-belfort-montbeliard.fr\/giromagny-rougemont\/paroisses\/saint-nicolas\/la-paroisse\/calendrier-des-celebrations\/#breadcrumb","itemListElement":[{"@type":"ListItem","position":1,"name":"Accueil","item":"https:\/\/www.diocese-belfort-montbeliard.fr\/giromagny-rougemont\/"},{"@type":"ListItem","position":2,"name":"Saint Nicolas","item":"https:\/\/www.diocese-belfort-montbeliard.fr\/giromagny-rougemont\/paroisses\/saint-nicolas\/"},{"@type":"ListItem","position":3,"name":"La paroisse","item":"https:\/\/www.diocese-belfort-montbeliard.fr\/giromagny-rougemont\/paroisses\/saint-nicolas\/la-paroisse\/"},{"@type":"ListItem","position":4,"name":"Organisation des c\u00e9l\u00e9brations"}]},{"@type":"WebSite","@id":"https:\/\/www.diocese-belfort-montbeliard.fr\/giromagny-rougemont\/#website","url":"https:\/\/www.diocese-belfort-montbeliard.fr\/giromagny-rougemont\/","name":"Doyenn\u00e9 de Giromagny - Rougemont","description":"Dioc\u00e8se de Belfort - Montb\u00e9liard","potentialAction":[{"@type":"SearchAction","target":{"@type":"EntryPoint","urlTemplate":"https:\/\/www.diocese-belfort-montbeliard.fr\/giromagny-rougemont\/?s={search_term_string}"},"query-input":{"@type":"PropertyValueSpecification","valueRequired":true,"valueName":"search_term_string"}}],"inLanguage":"fr-FR"}]}},"_links":{"self":[{"href":"https:\/\/www.diocese-belfort-montbeliard.fr\/giromagny-rougemont\/wp-json\/wp\/v2\/paroisse\/28","targetHints":{"allow":["GET"]}}],"collection":[{"href":"https:\/\/www.diocese-belfort-montbeliard.fr\/giromagny-rougemont\/wp-json\/wp\/v2\/paroisse"}],"about":[{"href":"https:\/\/www.diocese-belfort-montbeliard.fr\/giromagny-rougemont\/wp-json\/wp\/v2\/types\/paroisse"}],"author":[{"embeddable":true,"href":"https:\/\/www.diocese-belfort-montbeliard.fr\/giromagny-rougemont\/wp-json\/wp\/v2\/users\/1"}],"version-history":[{"count":9,"href":"https:\/\/www.diocese-belfort-montbeliard.fr\/giromagny-rougemont\/wp-json\/wp\/v2\/paroisse\/28\/revisions"}],"predecessor-version":[{"id":5185,"href":"https:\/\/www.diocese-belfort-montbeliard.fr\/giromagny-rougemont\/wp-json\/wp\/v2\/paroisse\/28\/revisions\/5185"}],"up":[{"embeddable":true,"href":"https:\/\/www.diocese-belfort-montbeliard.fr\/giromagny-rougemont\/wp-json\/wp\/v2\/paroisse\/30"}],"wp:attachment":[{"href":"https:\/\/www.diocese-belfort-montbeliard.fr\/giromagny-rougemont\/wp-json\/wp\/v2\/media?parent=28"}],"curies":[{"name":"wp","href":"https:\/\/api.w.org\/{rel}","templated":true}]}}