{"id":3512,"date":"2023-03-03T20:59:37","date_gmt":"2023-03-03T19:59:37","guid":{"rendered":"https:\/\/www.diocese-belfort-montbeliard.fr\/giromagny-rougemont\/?post_type=paroisse&#038;p=3512"},"modified":"2024-05-28T14:14:07","modified_gmt":"2024-05-28T12:14:07","slug":"la-vie-de-la-paroisse-en-photos-2023","status":"publish","type":"paroisse","link":"https:\/\/www.diocese-belfort-montbeliard.fr\/giromagny-rougemont\/paroisses\/saint-jean-levangeliste\/la-paroisse\/la-vie-de-la-paroisse-en-photos-2023\/","title":{"rendered":"La vie de la paroisse en photos 2023"},"content":{"rendered":"\n<div class=\"wp-block-media-text alignwide is-stacked-on-mobile\" style=\"grid-template-columns:37% auto\"><figure class=\"wp-block-media-text__media\"><img loading=\"lazy\" decoding=\"async\" width=\"1440\" height=\"1080\" src=\"https:\/\/www.diocese-belfort-montbeliard.fr\/giromagny-rougemont\/wp-content\/uploads\/sites\/3\/2023\/03\/20230222_184840-1440x1080.jpg\" alt=\"\" class=\"wp-image-3515 size-full\" srcset=\"https:\/\/www.diocese-belfort-montbeliard.fr\/giromagny-rougemont\/wp-content\/uploads\/sites\/3\/2023\/03\/20230222_184840-1440x1080.jpg 1440w, https:\/\/www.diocese-belfort-montbeliard.fr\/giromagny-rougemont\/wp-content\/uploads\/sites\/3\/2023\/03\/20230222_184840-600x450.jpg 600w, https:\/\/www.diocese-belfort-montbeliard.fr\/giromagny-rougemont\/wp-content\/uploads\/sites\/3\/2023\/03\/20230222_184840-768x576.jpg 768w, https:\/\/www.diocese-belfort-montbeliard.fr\/giromagny-rougemont\/wp-content\/uploads\/sites\/3\/2023\/03\/20230222_184840-1536x1152.jpg 1536w, https:\/\/www.diocese-belfort-montbeliard.fr\/giromagny-rougemont\/wp-content\/uploads\/sites\/3\/2023\/03\/20230222_184840-2048x1536.jpg 2048w\" sizes=\"auto, (max-width: 1440px) 100vw, 1440px\" \/><\/figure><div class=\"wp-block-media-text__content\">\n<p class=\"has-gris-clair-color has-text-color has-large-font-size\"><strong><em>Une entr\u00e9e en Car\u00eame solidaire<\/em><\/strong><\/p>\n\n\n\n<p class=\"has-rouge-color has-text-color has-medium-font-size\">Le mercredi 22 f\u00e9vrier, les paroisses de Saint Jean et la Sainte Famille c\u00e9l\u00e9braient l&rsquo;entr\u00e9e en Car\u00eame par une soir\u00e9e \u00ab\u00a0Bol de riz &#8211; pomme &#8211; eau\u00a0\u00bb.<\/p>\n\n\n\n<p class=\"has-rouge-color has-text-color has-medium-font-size\">A l&rsquo;initiative du groupe \u00ab\u00a0Solidarit\u00e9\u00a0\u00bb des deux paroisses, plus d&rsquo;une trentaine de personnes se sont retrouv\u00e9es \u00e0 la salle paroissiale de Giromagny pour partager ce moment convivial et solidaire. Une bo\u00eete \u00e9tait \u00e0 disposition pour y d\u00e9poser un don au profit de l&rsquo;Arm\u00e9e du Salut.<\/p>\n\n\n\n<p class=\"has-rouge-color has-text-color has-medium-font-size\">Apr\u00e8s cet agr\u00e9able moment d&rsquo;\u00e9changes, tout le monde s&rsquo;est dirig\u00e9  vers l&rsquo;\u00e9glise pour participer \u00e0 la messe des Cendres.<\/p>\n<\/div><\/div>\n\n\n\n<div class=\"wp-block-media-text alignwide is-stacked-on-mobile\"><figure class=\"wp-block-media-text__media\"><img loading=\"lazy\" decoding=\"async\" width=\"1080\" height=\"1080\" src=\"https:\/\/www.diocese-belfort-montbeliard.fr\/giromagny-rougemont\/wp-content\/uploads\/sites\/3\/2023\/03\/celebration-rameaux-kt-2023-1080x1080.jpg\" alt=\"\" class=\"wp-image-3549 size-full\" srcset=\"https:\/\/www.diocese-belfort-montbeliard.fr\/giromagny-rougemont\/wp-content\/uploads\/sites\/3\/2023\/03\/celebration-rameaux-kt-2023-1080x1080.jpg 1080w, https:\/\/www.diocese-belfort-montbeliard.fr\/giromagny-rougemont\/wp-content\/uploads\/sites\/3\/2023\/03\/celebration-rameaux-kt-2023-600x600.jpg 600w, https:\/\/www.diocese-belfort-montbeliard.fr\/giromagny-rougemont\/wp-content\/uploads\/sites\/3\/2023\/03\/celebration-rameaux-kt-2023-300x300.jpg 300w, https:\/\/www.diocese-belfort-montbeliard.fr\/giromagny-rougemont\/wp-content\/uploads\/sites\/3\/2023\/03\/celebration-rameaux-kt-2023-768x768.jpg 768w, https:\/\/www.diocese-belfort-montbeliard.fr\/giromagny-rougemont\/wp-content\/uploads\/sites\/3\/2023\/03\/celebration-rameaux-kt-2023-1536x1536.jpg 1536w, https:\/\/www.diocese-belfort-montbeliard.fr\/giromagny-rougemont\/wp-content\/uploads\/sites\/3\/2023\/03\/celebration-rameaux-kt-2023-2048x2048.jpg 2048w\" sizes=\"auto, (max-width: 1080px) 100vw, 1080px\" \/><\/figure><div class=\"wp-block-media-text__content\">\n<p><\/p>\n\n\n\n<p><\/p>\n\n\n\n<p class=\"has-vert-color has-text-color has-large-font-size\"><strong><em>Les enfants de KT pr\u00e9parent les Rameaux<\/em><\/strong><\/p>\n\n\n\n<p class=\"has-vert-color has-text-color has-medium-font-size\"><strong>Le samedi 01 avril 2023,<\/strong> \u00e0 la salle paroissiale de Lachapelle-sous-Chaux, un temps consacr\u00e9 \u00e0 des ateliers manuels et des jeux a r\u00e9uni tous les groupes d\u2019enfants du cat\u00e9 et leurs parents.<\/p>\n\n\n\n<p class=\"has-vert-color has-text-color has-medium-font-size\">Diff\u00e9rents ateliers \u00e9taient propos\u00e9s dont des jeux de questions sur le Car\u00eame \u00ab en route vers le Car\u00eame \u00bb&nbsp;et \u00ab&nbsp;la roue du Car\u00eame&nbsp;\u00bb, un atelier d\u00e9co des rameaux avec des bolducs, une cr\u00e9ation de fleurs en papier.<\/p>\n\n\n\n<p class=\"has-vert-color has-text-color has-medium-font-size\">En fin de matin\u00e9e, \u00e0 l\u2019\u00e9glise, une c\u00e9l\u00e9bration retra\u00e7ant la semaine Sainte (Les Rameaux avec les buis, le dernier repas de J\u00e9sus avec distribution de pain, la Passion symbolis\u00e9e par la croix et les 5 fleurs repr\u00e9sentant les plaies, la r\u00e9surrection avec le cierge pascal et les cierges) a captiv\u00e9 l\u2019attention des enfants et des parents et grands-parents par la projection de vid\u00e9os Th\u00e9obule ponctu\u00e9e de chants, d\u2019interventions et la participation des enfants.<\/p>\n\n\n\n<p class=\"has-vert-color has-text-color has-medium-font-size\">Une belle matin\u00e9e de partage pr\u00e9par\u00e9e par tous les cat\u00e9chistes.<\/p>\n<\/div><\/div>\n\n\n\n<div class=\"wp-block-media-text alignwide has-media-on-the-right is-stacked-on-mobile\" style=\"grid-template-columns:auto 23%\"><figure class=\"wp-block-media-text__media\"><img loading=\"lazy\" decoding=\"async\" width=\"768\" height=\"1024\" src=\"https:\/\/www.diocese-belfort-montbeliard.fr\/giromagny-rougemont\/wp-content\/uploads\/sites\/3\/2023\/05\/Bapteme-Kelly-Paques-2023.jpg\" alt=\"\" class=\"wp-image-3550 size-full\" srcset=\"https:\/\/www.diocese-belfort-montbeliard.fr\/giromagny-rougemont\/wp-content\/uploads\/sites\/3\/2023\/05\/Bapteme-Kelly-Paques-2023.jpg 768w, https:\/\/www.diocese-belfort-montbeliard.fr\/giromagny-rougemont\/wp-content\/uploads\/sites\/3\/2023\/05\/Bapteme-Kelly-Paques-2023-450x600.jpg 450w\" sizes=\"auto, (max-width: 768px) 100vw, 768px\" \/><\/figure><div class=\"wp-block-media-text__content\">\n<p class=\"has-bleu-color has-text-color has-large-font-size\"><em><strong>En route vers le bapt\u00eame<\/strong><\/em><\/p>\n\n\n\n<p class=\"has-bleu-color has-text-color has-medium-font-size\"><strong>Le dimanche 09 avril 2023<\/strong> \u00e0 l\u2019\u00e9glise de Rougegoutte,  Kelly C. a re\u00e7u le bapt\u00eame du p\u00e8re Augustin. Elle nous livre son t\u00e9moignage &#8230;..<\/p>\n\n\n\n<p class=\"has-bleu-color has-text-color has-medium-font-size\">\u00ab&nbsp;<em>J\u2019\u00e9tais tr\u00e8s stress\u00e9e quelques jours avant la c\u00e9l\u00e9bration mais le moment venu, c\u2019est l\u2019\u00e9motion qui a pris le dessus et la joie de partager ce jour tant attendu avec ma famille, mes amis et mes trois accompagnatrices, Sylviane, Sylvie et Monique, tout aussi \u00e9mues que moi<\/em>&nbsp;\u00bb.<\/p>\n\n\n\n<p class=\"has-bleu-color has-text-color has-medium-font-size\"><em>\u00ab&nbsp;La pr\u00e9paration \u00e0 mon bapt\u00eame a dur\u00e9 un an et demi.<\/em> <em>Ce fut une aventure incroyable<\/em>&#8230; <em> Je sens que j\u2019appartiens d\u00e9sormais \u00e0 une communaut\u00e9&#8230; Je sais que ma foi va grandir, qu\u2019il me reste encore plein de choses \u00e0 vivre. M\u00eame si parler de sa foi n\u2019est pas chose facile, j\u2019aime en \u00e9changer avec la communaut\u00e9, avec les personnes d\u2019autres confessions. La foi n\u2019est pas lin\u00e9aire. Elle \u00e9volue sans cesse. Il faut aller chercher au fond de soi, ouvrir son c\u0153ur et le laisser parler\u00bb.<\/em><\/p>\n<\/div><\/div>\n\n\n\n<div class=\"wp-block-media-text alignwide is-stacked-on-mobile\" style=\"grid-template-columns:39% auto\"><figure class=\"wp-block-media-text__media\"><img loading=\"lazy\" decoding=\"async\" width=\"1440\" height=\"1080\" src=\"https:\/\/www.diocese-belfort-montbeliard.fr\/giromagny-rougemont\/wp-content\/uploads\/sites\/3\/2023\/10\/20230916_152652-1440x1080.jpg\" alt=\"\" class=\"wp-image-3737 size-full\" srcset=\"https:\/\/www.diocese-belfort-montbeliard.fr\/giromagny-rougemont\/wp-content\/uploads\/sites\/3\/2023\/10\/20230916_152652-1440x1080.jpg 1440w, https:\/\/www.diocese-belfort-montbeliard.fr\/giromagny-rougemont\/wp-content\/uploads\/sites\/3\/2023\/10\/20230916_152652-600x450.jpg 600w, https:\/\/www.diocese-belfort-montbeliard.fr\/giromagny-rougemont\/wp-content\/uploads\/sites\/3\/2023\/10\/20230916_152652-768x576.jpg 768w, https:\/\/www.diocese-belfort-montbeliard.fr\/giromagny-rougemont\/wp-content\/uploads\/sites\/3\/2023\/10\/20230916_152652-1536x1152.jpg 1536w, https:\/\/www.diocese-belfort-montbeliard.fr\/giromagny-rougemont\/wp-content\/uploads\/sites\/3\/2023\/10\/20230916_152652-2048x1536.jpg 2048w\" sizes=\"auto, (max-width: 1440px) 100vw, 1440px\" \/><\/figure><div class=\"wp-block-media-text__content\">\n<p><\/p>\n\n\n\n<p><\/p>\n\n\n\n<p class=\"has-text-align-left has-bleu-color has-text-color has-large-font-size\"><strong><em>Journ\u00e9e du patrimoine \u00e0 Evette-Salbert<\/em><\/strong><\/p>\n\n\n\n<p><\/p>\n\n\n\n<p class=\"has-bleu-color has-text-color has-medium-font-size\">A l&rsquo;occasion de la journ\u00e9e du patrimoine,  le p\u00e8re Augustin OUEDRAOGO, le p\u00e8re Jean-Marie BAERTSCHI et l&rsquo;\u00e9quipe d&rsquo;animation pastorale ont invit\u00e9 les paroissiens de Saint Jean l&rsquo;\u00e9vang\u00e9liste \u00e0 venir visiter l&rsquo;\u00e9glise d&rsquo;Evette-Salbert <em>le samedi 16 septembre 2023<\/em><\/p>\n\n\n\n<p><\/p>\n\n\n\n<p class=\"has-vert-color has-text-color has-medium-font-size\">A cette occasion, une quarantaine de visiteurs ont pu d\u00e9couvrir la nouvelle ornementation de l&rsquo;\u00e9glise : trois tableaux peints par Madame CHEVALLEY repr\u00e9sentant trois proph\u00e8tes (Daniel, Mo\u00efse et J\u00e9r\u00e9mie) et un tableau peint par Madame TROUTIER, repr\u00e9sentant \u00ab\u00a0La Crucifixion\u00a0\u00bb.<\/p>\n\n\n\n<p><\/p>\n\n\n\n<p class=\"has-bleu-color has-text-color has-medium-font-size\"><\/p>\n<\/div><\/div>\n\n\n\n<div class=\"wp-block-media-text alignwide has-media-on-the-right is-stacked-on-mobile\" style=\"grid-template-columns:auto 27%\"><figure class=\"wp-block-media-text__media\"><img loading=\"lazy\" decoding=\"async\" width=\"810\" height=\"1080\" src=\"https:\/\/www.diocese-belfort-montbeliard.fr\/giromagny-rougemont\/wp-content\/uploads\/sites\/3\/2023\/10\/20230916_152312-810x1080.jpg\" alt=\"\" class=\"wp-image-3738 size-full\" srcset=\"https:\/\/www.diocese-belfort-montbeliard.fr\/giromagny-rougemont\/wp-content\/uploads\/sites\/3\/2023\/10\/20230916_152312-810x1080.jpg 810w, https:\/\/www.diocese-belfort-montbeliard.fr\/giromagny-rougemont\/wp-content\/uploads\/sites\/3\/2023\/10\/20230916_152312-450x600.jpg 450w, https:\/\/www.diocese-belfort-montbeliard.fr\/giromagny-rougemont\/wp-content\/uploads\/sites\/3\/2023\/10\/20230916_152312-768x1024.jpg 768w, https:\/\/www.diocese-belfort-montbeliard.fr\/giromagny-rougemont\/wp-content\/uploads\/sites\/3\/2023\/10\/20230916_152312-1152x1536.jpg 1152w, https:\/\/www.diocese-belfort-montbeliard.fr\/giromagny-rougemont\/wp-content\/uploads\/sites\/3\/2023\/10\/20230916_152312-1536x2048.jpg 1536w, https:\/\/www.diocese-belfort-montbeliard.fr\/giromagny-rougemont\/wp-content\/uploads\/sites\/3\/2023\/10\/20230916_152312-scaled.jpg 1920w\" sizes=\"auto, (max-width: 810px) 100vw, 810px\" \/><\/figure><div class=\"wp-block-media-text__content\">\n<p class=\"has-rouge-color has-text-color has-medium-font-size\">Apr\u00e8s avoir repris l&rsquo;historique de la construction de l&rsquo;\u00e9glise<strong> <\/strong>d&rsquo;Evette-Salbert, le p\u00e8re Baertschi a laiss\u00e9 la parole \u00e0 Madame Chevalley (\u00e0 gauche sur la photo ci-dessus) puis \u00e0 Madame Troutier (\u00e0 droite sur la photo) pour pr\u00e9senter leurs tableaux respectifs.<\/p>\n\n\n\n<p><\/p>\n\n\n\n<p class=\"has-bleu-color has-text-color has-medium-font-size\">Tout le monde s&rsquo;est ensuite retrouv\u00e9 pour partager le verre de l&rsquo;amiti\u00e9.<\/p>\n<\/div><\/div>\n\n\n\n<p class=\"has-vert-color has-text-color has-large-font-size\"><strong><em>Messe des familles : les enfants pr\u00e9parent No\u00ebl<\/em><\/strong><\/p>\n\n\n\n<div class=\"wp-block-media-text alignwide is-stacked-on-mobile\" style=\"grid-template-columns:30% auto\"><figure class=\"wp-block-media-text__media\"><img loading=\"lazy\" decoding=\"async\" width=\"1080\" height=\"1080\" src=\"https:\/\/www.diocese-belfort-montbeliard.fr\/giromagny-rougemont\/wp-content\/uploads\/sites\/3\/2024\/01\/Celebration-Noel-enfants-10-12-2023-1-1080x1080.jpg\" alt=\"\" class=\"wp-image-3812 size-full\" srcset=\"https:\/\/www.diocese-belfort-montbeliard.fr\/giromagny-rougemont\/wp-content\/uploads\/sites\/3\/2024\/01\/Celebration-Noel-enfants-10-12-2023-1-1080x1080.jpg 1080w, https:\/\/www.diocese-belfort-montbeliard.fr\/giromagny-rougemont\/wp-content\/uploads\/sites\/3\/2024\/01\/Celebration-Noel-enfants-10-12-2023-1-600x600.jpg 600w, https:\/\/www.diocese-belfort-montbeliard.fr\/giromagny-rougemont\/wp-content\/uploads\/sites\/3\/2024\/01\/Celebration-Noel-enfants-10-12-2023-1-300x300.jpg 300w, https:\/\/www.diocese-belfort-montbeliard.fr\/giromagny-rougemont\/wp-content\/uploads\/sites\/3\/2024\/01\/Celebration-Noel-enfants-10-12-2023-1-768x768.jpg 768w, https:\/\/www.diocese-belfort-montbeliard.fr\/giromagny-rougemont\/wp-content\/uploads\/sites\/3\/2024\/01\/Celebration-Noel-enfants-10-12-2023-1-1536x1536.jpg 1536w, https:\/\/www.diocese-belfort-montbeliard.fr\/giromagny-rougemont\/wp-content\/uploads\/sites\/3\/2024\/01\/Celebration-Noel-enfants-10-12-2023-1-2048x2048.jpg 2048w\" sizes=\"auto, (max-width: 1080px) 100vw, 1080px\" \/><\/figure><div class=\"wp-block-media-text__content\">\n<p class=\"has-rouge-color has-text-color has-medium-font-size\">Le dimanche 10 d\u00e9cembre 2023, tous les enfants du cat\u00e9chisme \u00e9taient pr\u00e9sents \u00e0 l&rsquo;\u00e9glise de Lachapelle\/Chaux pour la messe des familles.<\/p>\n\n\n\n<p class=\"has-rouge-color has-text-color has-medium-font-size\">Apr\u00e8s avoir allum\u00e9 les bougies de la couronne de l&rsquo;avent, les enfants de CM2 ont assur\u00e9 les lectures pendant que d\u2019autres gestuaient les sc\u00e8nes de l\u2019Annonciation et de la Visitation.<\/p>\n\n\n\n<p class=\"has-rouge-color has-text-color has-medium-font-size\">Puis tous se sont rassembl\u00e9s devant l\u2019autel pour mimer \u00ab&nbsp;Je vous salue Marie&nbsp;\u00bb.<\/p>\n<\/div><\/div>\n\n\n\n<div class=\"wp-block-media-text alignwide has-media-on-the-right is-stacked-on-mobile\" style=\"grid-template-columns:auto 20%\"><figure class=\"wp-block-media-text__media\"><img loading=\"lazy\" decoding=\"async\" width=\"810\" height=\"1080\" src=\"https:\/\/www.diocese-belfort-montbeliard.fr\/giromagny-rougemont\/wp-content\/uploads\/sites\/3\/2024\/01\/Celebration-Noel-enfants-10-12-2023-Jouets-810x1080.jpg\" alt=\"\" class=\"wp-image-3813 size-full\" srcset=\"https:\/\/www.diocese-belfort-montbeliard.fr\/giromagny-rougemont\/wp-content\/uploads\/sites\/3\/2024\/01\/Celebration-Noel-enfants-10-12-2023-Jouets-810x1080.jpg 810w, https:\/\/www.diocese-belfort-montbeliard.fr\/giromagny-rougemont\/wp-content\/uploads\/sites\/3\/2024\/01\/Celebration-Noel-enfants-10-12-2023-Jouets-450x600.jpg 450w, https:\/\/www.diocese-belfort-montbeliard.fr\/giromagny-rougemont\/wp-content\/uploads\/sites\/3\/2024\/01\/Celebration-Noel-enfants-10-12-2023-Jouets-768x1024.jpg 768w, https:\/\/www.diocese-belfort-montbeliard.fr\/giromagny-rougemont\/wp-content\/uploads\/sites\/3\/2024\/01\/Celebration-Noel-enfants-10-12-2023-Jouets-1152x1536.jpg 1152w, https:\/\/www.diocese-belfort-montbeliard.fr\/giromagny-rougemont\/wp-content\/uploads\/sites\/3\/2024\/01\/Celebration-Noel-enfants-10-12-2023-Jouets-1536x2048.jpg 1536w, https:\/\/www.diocese-belfort-montbeliard.fr\/giromagny-rougemont\/wp-content\/uploads\/sites\/3\/2024\/01\/Celebration-Noel-enfants-10-12-2023-Jouets-scaled.jpg 1920w\" sizes=\"auto, (max-width: 810px) 100vw, 810px\" \/><\/figure><div class=\"wp-block-media-text__content\">\n<p class=\"has-rouge-color has-text-color has-medium-font-size\">A l&rsquo;issue de la messe, les enfants ont offert leurs propres jeux au profit de AAFP90 &#8211; Association Aide Familiale Populaire du Territoire de Belfort en pensant \u00e0 ceux qui en manquent.<\/p>\n\n\n\n<p class=\"has-rouge-color has-text-color has-medium-font-size\">Merci \u00e0 eux pour ce bel \u00e9lan de g\u00e9n\u00e9rosit\u00e9&nbsp;!<\/p>\n<\/div><\/div>\n\n\n\n<p class=\"has-bleu-color has-text-color has-large-font-size\"><strong><em>Joyeux anniversaire  au P\u00e8re Jean-Marie Baertschi<\/em><\/strong><\/p>\n\n\n\n<div class=\"wp-block-media-text alignwide is-stacked-on-mobile\" style=\"grid-template-columns:26% auto\"><figure class=\"wp-block-media-text__media\"><img loading=\"lazy\" decoding=\"async\" width=\"810\" height=\"1080\" src=\"https:\/\/www.diocese-belfort-montbeliard.fr\/giromagny-rougemont\/wp-content\/uploads\/sites\/3\/2024\/01\/20231231_112040-810x1080.jpg\" alt=\"\" class=\"wp-image-3816 size-full\" srcset=\"https:\/\/www.diocese-belfort-montbeliard.fr\/giromagny-rougemont\/wp-content\/uploads\/sites\/3\/2024\/01\/20231231_112040-810x1080.jpg 810w, https:\/\/www.diocese-belfort-montbeliard.fr\/giromagny-rougemont\/wp-content\/uploads\/sites\/3\/2024\/01\/20231231_112040-450x600.jpg 450w, https:\/\/www.diocese-belfort-montbeliard.fr\/giromagny-rougemont\/wp-content\/uploads\/sites\/3\/2024\/01\/20231231_112040-768x1024.jpg 768w, https:\/\/www.diocese-belfort-montbeliard.fr\/giromagny-rougemont\/wp-content\/uploads\/sites\/3\/2024\/01\/20231231_112040-1152x1536.jpg 1152w, https:\/\/www.diocese-belfort-montbeliard.fr\/giromagny-rougemont\/wp-content\/uploads\/sites\/3\/2024\/01\/20231231_112040-1536x2048.jpg 1536w, https:\/\/www.diocese-belfort-montbeliard.fr\/giromagny-rougemont\/wp-content\/uploads\/sites\/3\/2024\/01\/20231231_112040-scaled.jpg 1920w\" sizes=\"auto, (max-width: 810px) 100vw, 810px\" \/><\/figure><div class=\"wp-block-media-text__content\">\n<p class=\"has-rouge-color has-text-color has-medium-font-size\">Le dimanche 31 d\u00e9cembre, lors de la derni\u00e8re messe dominicale de l&rsquo;ann\u00e9e, les paroissiens \u00e9tait r\u00e9unie autour du p\u00e8re Jean-Marie Baertschi qui venait de f\u00eater son anniversaire le 24 d\u00e9cembre.<\/p>\n\n\n\n<p class=\"has-rouge-color has-text-color has-medium-font-size\">Un changement de dizaine, cela se f\u00eate et pour l&rsquo;occasion, trois amis du p\u00e8re Jean-Marie sont venus lui t\u00e9moigner leur amiti\u00e9 en racontant tous les moments qu&rsquo;ils partageaient avec lui depuis de nombreuses ann\u00e9es.<\/p>\n\n\n\n<p class=\"has-rouge-color has-text-color has-medium-font-size\">Une messe plac\u00e9e sous le signe de l&rsquo;amiti\u00e9, de la joie et de l&rsquo;\u00e9motion notamment au moment o\u00f9 le p\u00e8re Augustin a offert au p\u00e8re Jean-Marie un chapeau Sapon\u00e9, chapeau traditionnel du Burkina Faso, qui symbolise la paix et la sagesse. <\/p>\n<\/div><\/div>\n\n\n\n<div class=\"wp-block-media-text alignwide has-media-on-the-right is-stacked-on-mobile\" style=\"grid-template-columns:auto 21%\"><figure class=\"wp-block-media-text__media\"><img loading=\"lazy\" decoding=\"async\" width=\"810\" height=\"1080\" src=\"https:\/\/www.diocese-belfort-montbeliard.fr\/giromagny-rougemont\/wp-content\/uploads\/sites\/3\/2024\/01\/20231231_114348-810x1080.jpg\" alt=\"\" class=\"wp-image-3817 size-full\" srcset=\"https:\/\/www.diocese-belfort-montbeliard.fr\/giromagny-rougemont\/wp-content\/uploads\/sites\/3\/2024\/01\/20231231_114348-810x1080.jpg 810w, https:\/\/www.diocese-belfort-montbeliard.fr\/giromagny-rougemont\/wp-content\/uploads\/sites\/3\/2024\/01\/20231231_114348-450x600.jpg 450w, https:\/\/www.diocese-belfort-montbeliard.fr\/giromagny-rougemont\/wp-content\/uploads\/sites\/3\/2024\/01\/20231231_114348-768x1024.jpg 768w, https:\/\/www.diocese-belfort-montbeliard.fr\/giromagny-rougemont\/wp-content\/uploads\/sites\/3\/2024\/01\/20231231_114348-1152x1536.jpg 1152w, https:\/\/www.diocese-belfort-montbeliard.fr\/giromagny-rougemont\/wp-content\/uploads\/sites\/3\/2024\/01\/20231231_114348-1536x2048.jpg 1536w, https:\/\/www.diocese-belfort-montbeliard.fr\/giromagny-rougemont\/wp-content\/uploads\/sites\/3\/2024\/01\/20231231_114348-scaled.jpg 1920w\" sizes=\"auto, (max-width: 810px) 100vw, 810px\" \/><\/figure><div class=\"wp-block-media-text__content\">\n<p class=\"has-bleu-color has-text-color has-medium-font-size\">La c\u00e9l\u00e9bration s&rsquo;est achev\u00e9e dans la bonne humeur sous les applaudissements de l&rsquo;assembl\u00e9e qui s&rsquo;est ensuite retrouv\u00e9e pour partager le verre de l&rsquo;amiti\u00e9 et d\u00e9couvrir les quelques cadeaux offerts par les paroissiens au p\u00e8re Jean-Marie, dont une belle ic\u00f4ne de la Vierge et l&rsquo;Enfant.<\/p>\n\n\n\n<p class=\"has-bleu-color has-text-color has-medium-font-size\">Bon anniversaire p\u00e8re Jean-Marie Baertschi &#8230;<\/p>\n<\/div><\/div>\n","protected":false},"author":10,"featured_media":2875,"parent":808,"menu_order":21,"template":"","meta":{"_acf_changed":false,"footnotes":""},"class_list":["post-3512","paroisse","type-paroisse","status-publish","has-post-thumbnail","hentry"],"acf":[],"yoast_head":"<!-- This site is optimized with the Yoast SEO plugin v27.4 - https:\/\/yoast.com\/product\/yoast-seo-wordpress\/ -->\n<title>La vie de la paroisse en photos 2023 - Doyenn\u00e9 de Giromagny - Rougemont<\/title>\n<meta name=\"robots\" content=\"index, follow, max-snippet:-1, max-image-preview:large, max-video-preview:-1\" \/>\n<link rel=\"canonical\" href=\"https:\/\/www.diocese-belfort-montbeliard.fr\/giromagny-rougemont\/paroisses\/saint-jean-levangeliste\/la-paroisse\/la-vie-de-la-paroisse-en-photos-2023\/\" \/>\n<meta property=\"og:locale\" content=\"fr_FR\" \/>\n<meta property=\"og:type\" content=\"article\" \/>\n<meta property=\"og:title\" content=\"La vie de la paroisse en photos 2023 - Doyenn\u00e9 de Giromagny - Rougemont\" \/>\n<meta property=\"og:description\" content=\"Une entr\u00e9e en Car\u00eame solidaire Le mercredi 22 f\u00e9vrier, les paroisses de Saint Jean et la Sainte Famille c\u00e9l\u00e9braient l&rsquo;entr\u00e9e en Car\u00eame par une soir\u00e9e \u00ab\u00a0Bol de riz &#8211; pomme &#8211; eau\u00a0\u00bb. A l&rsquo;initiative du groupe \u00ab\u00a0Solidarit\u00e9\u00a0\u00bb des deux paroisses, plus d&rsquo;une trentaine de personnes se sont retrouv\u00e9es \u00e0 la salle paroissiale de Giromagny pour [&hellip;]\" \/>\n<meta property=\"og:url\" content=\"https:\/\/www.diocese-belfort-montbeliard.fr\/giromagny-rougemont\/paroisses\/saint-jean-levangeliste\/la-paroisse\/la-vie-de-la-paroisse-en-photos-2023\/\" \/>\n<meta property=\"og:site_name\" content=\"Doyenn\u00e9 de Giromagny - Rougemont\" \/>\n<meta property=\"article:modified_time\" content=\"2024-05-28T12:14:07+00:00\" \/>\n<meta property=\"og:image\" content=\"https:\/\/www.diocese-belfort-montbeliard.fr\/giromagny-rougemont\/wp-content\/uploads\/sites\/3\/2022\/05\/Celebration-Paques-2022-3.jpg\" \/>\n\t<meta property=\"og:image:width\" content=\"1200\" \/>\n\t<meta property=\"og:image:height\" content=\"675\" \/>\n\t<meta property=\"og:image:type\" content=\"image\/jpeg\" \/>\n<meta name=\"twitter:card\" content=\"summary_large_image\" \/>\n<meta name=\"twitter:label1\" content=\"Dur\u00e9e de lecture estim\u00e9e\" \/>\n\t<meta name=\"twitter:data1\" content=\"6 minutes\" \/>\n<script type=\"application\/ld+json\" class=\"yoast-schema-graph\">{\"@context\":\"https:\\\/\\\/schema.org\",\"@graph\":[{\"@type\":\"WebPage\",\"@id\":\"https:\\\/\\\/www.diocese-belfort-montbeliard.fr\\\/giromagny-rougemont\\\/paroisses\\\/saint-jean-levangeliste\\\/la-paroisse\\\/la-vie-de-la-paroisse-en-photos-2023\\\/\",\"url\":\"https:\\\/\\\/www.diocese-belfort-montbeliard.fr\\\/giromagny-rougemont\\\/paroisses\\\/saint-jean-levangeliste\\\/la-paroisse\\\/la-vie-de-la-paroisse-en-photos-2023\\\/\",\"name\":\"La vie de la paroisse en photos 2023 - Doyenn\u00e9 de Giromagny - Rougemont\",\"isPartOf\":{\"@id\":\"https:\\\/\\\/www.diocese-belfort-montbeliard.fr\\\/giromagny-rougemont\\\/#website\"},\"primaryImageOfPage\":{\"@id\":\"https:\\\/\\\/www.diocese-belfort-montbeliard.fr\\\/giromagny-rougemont\\\/paroisses\\\/saint-jean-levangeliste\\\/la-paroisse\\\/la-vie-de-la-paroisse-en-photos-2023\\\/#primaryimage\"},\"image\":{\"@id\":\"https:\\\/\\\/www.diocese-belfort-montbeliard.fr\\\/giromagny-rougemont\\\/paroisses\\\/saint-jean-levangeliste\\\/la-paroisse\\\/la-vie-de-la-paroisse-en-photos-2023\\\/#primaryimage\"},\"thumbnailUrl\":\"https:\\\/\\\/www.diocese-belfort-montbeliard.fr\\\/giromagny-rougemont\\\/wp-content\\\/uploads\\\/sites\\\/3\\\/2022\\\/05\\\/Celebration-Paques-2022-3.jpg\",\"datePublished\":\"2023-03-03T19:59:37+00:00\",\"dateModified\":\"2024-05-28T12:14:07+00:00\",\"breadcrumb\":{\"@id\":\"https:\\\/\\\/www.diocese-belfort-montbeliard.fr\\\/giromagny-rougemont\\\/paroisses\\\/saint-jean-levangeliste\\\/la-paroisse\\\/la-vie-de-la-paroisse-en-photos-2023\\\/#breadcrumb\"},\"inLanguage\":\"fr-FR\",\"potentialAction\":[{\"@type\":\"ReadAction\",\"target\":[\"https:\\\/\\\/www.diocese-belfort-montbeliard.fr\\\/giromagny-rougemont\\\/paroisses\\\/saint-jean-levangeliste\\\/la-paroisse\\\/la-vie-de-la-paroisse-en-photos-2023\\\/\"]}]},{\"@type\":\"ImageObject\",\"inLanguage\":\"fr-FR\",\"@id\":\"https:\\\/\\\/www.diocese-belfort-montbeliard.fr\\\/giromagny-rougemont\\\/paroisses\\\/saint-jean-levangeliste\\\/la-paroisse\\\/la-vie-de-la-paroisse-en-photos-2023\\\/#primaryimage\",\"url\":\"https:\\\/\\\/www.diocese-belfort-montbeliard.fr\\\/giromagny-rougemont\\\/wp-content\\\/uploads\\\/sites\\\/3\\\/2022\\\/05\\\/Celebration-Paques-2022-3.jpg\",\"contentUrl\":\"https:\\\/\\\/www.diocese-belfort-montbeliard.fr\\\/giromagny-rougemont\\\/wp-content\\\/uploads\\\/sites\\\/3\\\/2022\\\/05\\\/Celebration-Paques-2022-3.jpg\",\"width\":1200,\"height\":675},{\"@type\":\"BreadcrumbList\",\"@id\":\"https:\\\/\\\/www.diocese-belfort-montbeliard.fr\\\/giromagny-rougemont\\\/paroisses\\\/saint-jean-levangeliste\\\/la-paroisse\\\/la-vie-de-la-paroisse-en-photos-2023\\\/#breadcrumb\",\"itemListElement\":[{\"@type\":\"ListItem\",\"position\":1,\"name\":\"Accueil\",\"item\":\"https:\\\/\\\/www.diocese-belfort-montbeliard.fr\\\/giromagny-rougemont\\\/\"},{\"@type\":\"ListItem\",\"position\":2,\"name\":\"Saint Jean l&#8217;\u00c9vang\u00e9liste\",\"item\":\"https:\\\/\\\/www.diocese-belfort-montbeliard.fr\\\/giromagny-rougemont\\\/paroisses\\\/saint-jean-levangeliste\\\/\"},{\"@type\":\"ListItem\",\"position\":3,\"name\":\"La Paroisse\",\"item\":\"https:\\\/\\\/www.diocese-belfort-montbeliard.fr\\\/giromagny-rougemont\\\/paroisses\\\/saint-jean-levangeliste\\\/la-paroisse\\\/\"},{\"@type\":\"ListItem\",\"position\":4,\"name\":\"La vie de la paroisse en photos 2023\"}]},{\"@type\":\"WebSite\",\"@id\":\"https:\\\/\\\/www.diocese-belfort-montbeliard.fr\\\/giromagny-rougemont\\\/#website\",\"url\":\"https:\\\/\\\/www.diocese-belfort-montbeliard.fr\\\/giromagny-rougemont\\\/\",\"name\":\"Doyenn\u00e9 de Giromagny - Rougemont\",\"description\":\"Dioc\u00e8se de Belfort - Montb\u00e9liard\",\"potentialAction\":[{\"@type\":\"SearchAction\",\"target\":{\"@type\":\"EntryPoint\",\"urlTemplate\":\"https:\\\/\\\/www.diocese-belfort-montbeliard.fr\\\/giromagny-rougemont\\\/?s={search_term_string}\"},\"query-input\":{\"@type\":\"PropertyValueSpecification\",\"valueRequired\":true,\"valueName\":\"search_term_string\"}}],\"inLanguage\":\"fr-FR\"}]}<\/script>\n<!-- \/ Yoast SEO plugin. -->","yoast_head_json":{"title":"La vie de la paroisse en photos 2023 - Doyenn\u00e9 de Giromagny - Rougemont","robots":{"index":"index","follow":"follow","max-snippet":"max-snippet:-1","max-image-preview":"max-image-preview:large","max-video-preview":"max-video-preview:-1"},"canonical":"https:\/\/www.diocese-belfort-montbeliard.fr\/giromagny-rougemont\/paroisses\/saint-jean-levangeliste\/la-paroisse\/la-vie-de-la-paroisse-en-photos-2023\/","og_locale":"fr_FR","og_type":"article","og_title":"La vie de la paroisse en photos 2023 - Doyenn\u00e9 de Giromagny - Rougemont","og_description":"Une entr\u00e9e en Car\u00eame solidaire Le mercredi 22 f\u00e9vrier, les paroisses de Saint Jean et la Sainte Famille c\u00e9l\u00e9braient l&rsquo;entr\u00e9e en Car\u00eame par une soir\u00e9e \u00ab\u00a0Bol de riz &#8211; pomme &#8211; eau\u00a0\u00bb. A l&rsquo;initiative du groupe \u00ab\u00a0Solidarit\u00e9\u00a0\u00bb des deux paroisses, plus d&rsquo;une trentaine de personnes se sont retrouv\u00e9es \u00e0 la salle paroissiale de Giromagny pour [&hellip;]","og_url":"https:\/\/www.diocese-belfort-montbeliard.fr\/giromagny-rougemont\/paroisses\/saint-jean-levangeliste\/la-paroisse\/la-vie-de-la-paroisse-en-photos-2023\/","og_site_name":"Doyenn\u00e9 de Giromagny - Rougemont","article_modified_time":"2024-05-28T12:14:07+00:00","og_image":[{"width":1200,"height":675,"url":"https:\/\/www.diocese-belfort-montbeliard.fr\/giromagny-rougemont\/wp-content\/uploads\/sites\/3\/2022\/05\/Celebration-Paques-2022-3.jpg","type":"image\/jpeg"}],"twitter_card":"summary_large_image","twitter_misc":{"Dur\u00e9e de lecture estim\u00e9e":"6 minutes"},"schema":{"@context":"https:\/\/schema.org","@graph":[{"@type":"WebPage","@id":"https:\/\/www.diocese-belfort-montbeliard.fr\/giromagny-rougemont\/paroisses\/saint-jean-levangeliste\/la-paroisse\/la-vie-de-la-paroisse-en-photos-2023\/","url":"https:\/\/www.diocese-belfort-montbeliard.fr\/giromagny-rougemont\/paroisses\/saint-jean-levangeliste\/la-paroisse\/la-vie-de-la-paroisse-en-photos-2023\/","name":"La vie de la paroisse en photos 2023 - Doyenn\u00e9 de Giromagny - Rougemont","isPartOf":{"@id":"https:\/\/www.diocese-belfort-montbeliard.fr\/giromagny-rougemont\/#website"},"primaryImageOfPage":{"@id":"https:\/\/www.diocese-belfort-montbeliard.fr\/giromagny-rougemont\/paroisses\/saint-jean-levangeliste\/la-paroisse\/la-vie-de-la-paroisse-en-photos-2023\/#primaryimage"},"image":{"@id":"https:\/\/www.diocese-belfort-montbeliard.fr\/giromagny-rougemont\/paroisses\/saint-jean-levangeliste\/la-paroisse\/la-vie-de-la-paroisse-en-photos-2023\/#primaryimage"},"thumbnailUrl":"https:\/\/www.diocese-belfort-montbeliard.fr\/giromagny-rougemont\/wp-content\/uploads\/sites\/3\/2022\/05\/Celebration-Paques-2022-3.jpg","datePublished":"2023-03-03T19:59:37+00:00","dateModified":"2024-05-28T12:14:07+00:00","breadcrumb":{"@id":"https:\/\/www.diocese-belfort-montbeliard.fr\/giromagny-rougemont\/paroisses\/saint-jean-levangeliste\/la-paroisse\/la-vie-de-la-paroisse-en-photos-2023\/#breadcrumb"},"inLanguage":"fr-FR","potentialAction":[{"@type":"ReadAction","target":["https:\/\/www.diocese-belfort-montbeliard.fr\/giromagny-rougemont\/paroisses\/saint-jean-levangeliste\/la-paroisse\/la-vie-de-la-paroisse-en-photos-2023\/"]}]},{"@type":"ImageObject","inLanguage":"fr-FR","@id":"https:\/\/www.diocese-belfort-montbeliard.fr\/giromagny-rougemont\/paroisses\/saint-jean-levangeliste\/la-paroisse\/la-vie-de-la-paroisse-en-photos-2023\/#primaryimage","url":"https:\/\/www.diocese-belfort-montbeliard.fr\/giromagny-rougemont\/wp-content\/uploads\/sites\/3\/2022\/05\/Celebration-Paques-2022-3.jpg","contentUrl":"https:\/\/www.diocese-belfort-montbeliard.fr\/giromagny-rougemont\/wp-content\/uploads\/sites\/3\/2022\/05\/Celebration-Paques-2022-3.jpg","width":1200,"height":675},{"@type":"BreadcrumbList","@id":"https:\/\/www.diocese-belfort-montbeliard.fr\/giromagny-rougemont\/paroisses\/saint-jean-levangeliste\/la-paroisse\/la-vie-de-la-paroisse-en-photos-2023\/#breadcrumb","itemListElement":[{"@type":"ListItem","position":1,"name":"Accueil","item":"https:\/\/www.diocese-belfort-montbeliard.fr\/giromagny-rougemont\/"},{"@type":"ListItem","position":2,"name":"Saint Jean l&#8217;\u00c9vang\u00e9liste","item":"https:\/\/www.diocese-belfort-montbeliard.fr\/giromagny-rougemont\/paroisses\/saint-jean-levangeliste\/"},{"@type":"ListItem","position":3,"name":"La Paroisse","item":"https:\/\/www.diocese-belfort-montbeliard.fr\/giromagny-rougemont\/paroisses\/saint-jean-levangeliste\/la-paroisse\/"},{"@type":"ListItem","position":4,"name":"La vie de la paroisse en photos 2023"}]},{"@type":"WebSite","@id":"https:\/\/www.diocese-belfort-montbeliard.fr\/giromagny-rougemont\/#website","url":"https:\/\/www.diocese-belfort-montbeliard.fr\/giromagny-rougemont\/","name":"Doyenn\u00e9 de Giromagny - Rougemont","description":"Dioc\u00e8se de Belfort - Montb\u00e9liard","potentialAction":[{"@type":"SearchAction","target":{"@type":"EntryPoint","urlTemplate":"https:\/\/www.diocese-belfort-montbeliard.fr\/giromagny-rougemont\/?s={search_term_string}"},"query-input":{"@type":"PropertyValueSpecification","valueRequired":true,"valueName":"search_term_string"}}],"inLanguage":"fr-FR"}]}},"_links":{"self":[{"href":"https:\/\/www.diocese-belfort-montbeliard.fr\/giromagny-rougemont\/wp-json\/wp\/v2\/paroisse\/3512","targetHints":{"allow":["GET"]}}],"collection":[{"href":"https:\/\/www.diocese-belfort-montbeliard.fr\/giromagny-rougemont\/wp-json\/wp\/v2\/paroisse"}],"about":[{"href":"https:\/\/www.diocese-belfort-montbeliard.fr\/giromagny-rougemont\/wp-json\/wp\/v2\/types\/paroisse"}],"author":[{"embeddable":true,"href":"https:\/\/www.diocese-belfort-montbeliard.fr\/giromagny-rougemont\/wp-json\/wp\/v2\/users\/10"}],"version-history":[{"count":6,"href":"https:\/\/www.diocese-belfort-montbeliard.fr\/giromagny-rougemont\/wp-json\/wp\/v2\/paroisse\/3512\/revisions"}],"predecessor-version":[{"id":3818,"href":"https:\/\/www.diocese-belfort-montbeliard.fr\/giromagny-rougemont\/wp-json\/wp\/v2\/paroisse\/3512\/revisions\/3818"}],"up":[{"embeddable":true,"href":"https:\/\/www.diocese-belfort-montbeliard.fr\/giromagny-rougemont\/wp-json\/wp\/v2\/paroisse\/808"}],"wp:featuredmedia":[{"embeddable":true,"href":"https:\/\/www.diocese-belfort-montbeliard.fr\/giromagny-rougemont\/wp-json\/wp\/v2\/media\/2875"}],"wp:attachment":[{"href":"https:\/\/www.diocese-belfort-montbeliard.fr\/giromagny-rougemont\/wp-json\/wp\/v2\/media?parent=3512"}],"curies":[{"name":"wp","href":"https:\/\/api.w.org\/{rel}","templated":true}]}}