{"id":4475,"date":"2025-03-25T11:33:20","date_gmt":"2025-03-25T10:33:20","guid":{"rendered":"https:\/\/www.diocese-belfort-montbeliard.fr\/giromagny-rougemont\/?post_type=paroisse&#038;p=4475"},"modified":"2025-11-18T10:46:52","modified_gmt":"2025-11-18T09:46:52","slug":"la-vie-de-la-paroisse-en-photos-2025","status":"publish","type":"paroisse","link":"https:\/\/www.diocese-belfort-montbeliard.fr\/giromagny-rougemont\/paroisses\/saint-jean-levangeliste\/la-paroisse\/la-vie-de-la-paroisse-en-photos-2025\/","title":{"rendered":"La vie de la paroisse en photos 2025"},"content":{"rendered":"\n<div class=\"wp-block-media-text is-stacked-on-mobile\" style=\"grid-template-columns:17% auto\"><figure class=\"wp-block-media-text__media\"><img loading=\"lazy\" decoding=\"async\" width=\"810\" height=\"1080\" src=\"https:\/\/www.diocese-belfort-montbeliard.fr\/giromagny-rougemont\/wp-content\/uploads\/sites\/3\/2025\/03\/20250323_100003-810x1080.jpg\" alt=\"\" class=\"wp-image-4476 size-full\" srcset=\"https:\/\/www.diocese-belfort-montbeliard.fr\/giromagny-rougemont\/wp-content\/uploads\/sites\/3\/2025\/03\/20250323_100003-810x1080.jpg 810w, https:\/\/www.diocese-belfort-montbeliard.fr\/giromagny-rougemont\/wp-content\/uploads\/sites\/3\/2025\/03\/20250323_100003-450x600.jpg 450w, https:\/\/www.diocese-belfort-montbeliard.fr\/giromagny-rougemont\/wp-content\/uploads\/sites\/3\/2025\/03\/20250323_100003-768x1024.jpg 768w, https:\/\/www.diocese-belfort-montbeliard.fr\/giromagny-rougemont\/wp-content\/uploads\/sites\/3\/2025\/03\/20250323_100003-1152x1536.jpg 1152w, https:\/\/www.diocese-belfort-montbeliard.fr\/giromagny-rougemont\/wp-content\/uploads\/sites\/3\/2025\/03\/20250323_100003-1536x2048.jpg 1536w, https:\/\/www.diocese-belfort-montbeliard.fr\/giromagny-rougemont\/wp-content\/uploads\/sites\/3\/2025\/03\/20250323_100003-scaled.jpg 1920w\" sizes=\"auto, (max-width: 810px) 100vw, 810px\" \/><\/figure><div class=\"wp-block-media-text__content\">\n<p class=\"has-vert-color has-text-color has-link-color has-large-font-size wp-elements-d560a2ddf896bad2cc51603a1ecb3986\"><em><strong>Rencontre avec le p\u00e8re Gaby Rognon<\/strong><\/em><\/p>\n\n\n\n<p class=\"has-medium-font-size\">Le dimanche 23 mars, la paroisse Saint Jean recevait le p\u00e8re Gaby Rognon pour un partage autour de \u00ab\u00a0l&rsquo;Esp\u00e9rance\u00a0\u00bb et la \u00ab\u00a0R\u00e9surrection\u00a0\u00bb. <\/p>\n\n\n\n<p class=\"has-medium-font-size\">Une trentaine de personnes se sont rassembl\u00e9es dans l&rsquo;\u00e9glise d&rsquo;Evette-Salbert autour du p\u00e8re Gaby et du p\u00e8re Jean-Marie Baertschi, \u00e0 l&rsquo;initiative de cette rencontre. Voici quelques extraits des r\u00e9flexions \u00e9chang\u00e9es :<\/p>\n<\/div><\/div>\n\n\n\n<p class=\"has-vert-color has-text-color has-link-color wp-elements-272c6282b86a00208c2deed8afd25b75\"><em> \u00ab\u00a0L\u2019Esp\u00e9rance n\u2019est pas l\u2019optimisme. Elle s\u2019appuie sur une sagesse, sur la puissance du mal et l\u2019acceptation de notre vuln\u00e9rabilit\u00e9. Elle s\u2019appuie sur l\u2019amour du monde. C\u2019est la marche vers la r\u00e9surrection, c\u2019est rena\u00eetre, c\u2019est une force que l\u2019on porte en soi. On franchit le seuil de ce qui existe au nom de ce qui n\u2019existe pas. L\u2019Esp\u00e9rance a les yeux ouverts. Elle est consciente des dangers actuels. Elle donne \u00e0 chacun l\u2019envie d\u2019agir.<\/em>..<\/p>\n\n\n\n<p class=\"has-vert-color has-text-color has-link-color wp-elements-b464cb8a3a9c9c24884664face8df3ba\">&#8230; <em>Le crucifi\u00e9 c\u2019est la confiance de J\u00e9sus Christ qui nous donne la force que l\u2019on a en chacun de nous. J\u00e9sus a affront\u00e9 la mort, il n\u2019a pas fui, il est rest\u00e9 digne face \u00e0 ses ennemis. Il a continu\u00e9 \u00e0 croire en son P\u00e8re qui lui a fait traverser la mort. Il est pass\u00e9 par la mort pour l\u2019amener \u00e0 la vie&#8230;<\/em> <em>J\u00e9sus Christ croit en nous beaucoup plus que nous ne croyons en lui. Il nous fait confiance.<\/em>.. <\/p>\n\n\n\n<p class=\"has-vert-color has-text-color has-link-color wp-elements-4c46e123733c5728bd9bdbc3fd52a842\">&#8230;<em>Si nous sommes n\u00e9s, c\u2019est pour rena\u00eetre. Chacun peut choisir de vivre de fa\u00e7on \u00e9vang\u00e9lique. Il faut revivre chaque jour&nbsp; une vie qui nous a \u00e9t\u00e9 confi\u00e9e. L\u2019homme rena\u00eet quand il consent \u00e0 un OUI \u00e0 celui qui est le messie.<\/em>..<\/p>\n\n\n\n<p class=\"has-vert-color has-text-color has-link-color wp-elements-09854ba19b353e11618d65002d880676\"><em>&#8230; On vit la r\u00e9surrection tous les jours. Des gens se battent aujourd\u2019hui au quotidien pour la justice, le partage\u2026. Le ressuscit\u00e9 est aussi pr\u00e9sent dans des personnes qui ne fr\u00e9quentent pas l\u2019Eglise. Il y a des forces qui tirent vers le bas mais aussi vers le haut. Beaucoup de gens essaient de faire en sorte que le monde soit plus juste.<\/em>..<\/p>\n\n\n\n<p class=\"has-vert-color has-text-color has-link-color wp-elements-8c4875fbc1778fce67ccfbedf21faf85\">&#8230;<em>Il ne s\u2019agit pas de savoir si nous serons vivants apr\u00e8s la mort, mais si nous avons \u00e9t\u00e9 vivants avant la mort.<\/em>..<\/p>\n\n\n\n<div class=\"wp-block-media-text has-media-on-the-right is-stacked-on-mobile\" style=\"grid-template-columns:auto 28%\"><div class=\"wp-block-media-text__content\">\n<p class=\"has-medium-font-size\">L&rsquo;intervention du p\u00e8re Gaby a \u00e9t\u00e9 suivie par la messe des familles durant laquelle les enfants de cat\u00e9chisme ont lu \u00e0 trois voix la premi\u00e8re lecture du livre de l&rsquo;Exode, illustr\u00e9e par un magnifique buisson ardent pr\u00e9par\u00e9 avec l&rsquo;aide des cat\u00e9chistes. Un verre de l&rsquo;amiti\u00e9 a cl\u00f4tur\u00e9 cette belle matin\u00e9e plac\u00e9e sous le signe de l&rsquo;Esp\u00e9rance, de l&rsquo;amiti\u00e9 et la convivialit\u00e9<\/p>\n<\/div><figure class=\"wp-block-media-text__media\"><img loading=\"lazy\" decoding=\"async\" width=\"810\" height=\"1080\" src=\"https:\/\/www.diocese-belfort-montbeliard.fr\/giromagny-rougemont\/wp-content\/uploads\/sites\/3\/2025\/03\/20250323_120344-810x1080.jpg\" alt=\"\" class=\"wp-image-4477 size-full\" srcset=\"https:\/\/www.diocese-belfort-montbeliard.fr\/giromagny-rougemont\/wp-content\/uploads\/sites\/3\/2025\/03\/20250323_120344-810x1080.jpg 810w, https:\/\/www.diocese-belfort-montbeliard.fr\/giromagny-rougemont\/wp-content\/uploads\/sites\/3\/2025\/03\/20250323_120344-450x600.jpg 450w, https:\/\/www.diocese-belfort-montbeliard.fr\/giromagny-rougemont\/wp-content\/uploads\/sites\/3\/2025\/03\/20250323_120344-768x1024.jpg 768w, https:\/\/www.diocese-belfort-montbeliard.fr\/giromagny-rougemont\/wp-content\/uploads\/sites\/3\/2025\/03\/20250323_120344-1152x1536.jpg 1152w, https:\/\/www.diocese-belfort-montbeliard.fr\/giromagny-rougemont\/wp-content\/uploads\/sites\/3\/2025\/03\/20250323_120344-1536x2048.jpg 1536w, https:\/\/www.diocese-belfort-montbeliard.fr\/giromagny-rougemont\/wp-content\/uploads\/sites\/3\/2025\/03\/20250323_120344-scaled.jpg 1920w\" sizes=\"auto, (max-width: 810px) 100vw, 810px\" \/><\/figure><\/div>\n\n\n\n<div class=\"wp-block-media-text is-stacked-on-mobile\" style=\"grid-template-columns:25% auto\"><figure class=\"wp-block-media-text__media\"><img loading=\"lazy\" decoding=\"async\" width=\"810\" height=\"1080\" src=\"https:\/\/www.diocese-belfort-montbeliard.fr\/giromagny-rougemont\/wp-content\/uploads\/sites\/3\/2025\/03\/20250328_200950-1-810x1080.jpg\" alt=\"\" class=\"wp-image-4514 size-full\" srcset=\"https:\/\/www.diocese-belfort-montbeliard.fr\/giromagny-rougemont\/wp-content\/uploads\/sites\/3\/2025\/03\/20250328_200950-1-810x1080.jpg 810w, https:\/\/www.diocese-belfort-montbeliard.fr\/giromagny-rougemont\/wp-content\/uploads\/sites\/3\/2025\/03\/20250328_200950-1-450x600.jpg 450w, https:\/\/www.diocese-belfort-montbeliard.fr\/giromagny-rougemont\/wp-content\/uploads\/sites\/3\/2025\/03\/20250328_200950-1-768x1024.jpg 768w, https:\/\/www.diocese-belfort-montbeliard.fr\/giromagny-rougemont\/wp-content\/uploads\/sites\/3\/2025\/03\/20250328_200950-1-1152x1536.jpg 1152w, https:\/\/www.diocese-belfort-montbeliard.fr\/giromagny-rougemont\/wp-content\/uploads\/sites\/3\/2025\/03\/20250328_200950-1-1536x2048.jpg 1536w, https:\/\/www.diocese-belfort-montbeliard.fr\/giromagny-rougemont\/wp-content\/uploads\/sites\/3\/2025\/03\/20250328_200950-1-scaled.jpg 1920w\" sizes=\"auto, (max-width: 810px) 100vw, 810px\" \/><\/figure><div class=\"wp-block-media-text__content\">\n<p class=\"has-bleu-color has-text-color has-link-color has-large-font-size wp-elements-418f085c5cc89069bff5355efcd0a664\"><strong><em>Soir\u00e9e musicale avec Jean Kita<\/em><\/strong><\/p>\n\n\n\n<p class=\"has-medium-font-size\">Dans le cadre des temps de partage durant le Car\u00eame, le groupe Solidarit\u00e9 des paroisses Saint Jean et Sainte Famille avait convi\u00e9 Jean Kita et la chorale \u00ab\u00a0Chant et Solidarit\u00e9\u00a0\u00bb \u00e0 venir passer une soir\u00e9e, en chanson, le vendredi 28 mars \u00e0 l&rsquo;\u00e9glise de Rougegoutte.<\/p>\n\n\n\n<p class=\"has-medium-font-size\"><\/p>\n\n\n\n<div class=\"wp-block-media-text has-media-on-the-right is-stacked-on-mobile\" style=\"grid-template-columns:auto 47%\"><div class=\"wp-block-media-text__content\">\n<p class=\"has-medium-font-size\">La quinzaine de choristes, accompagn\u00e9e par le piano et la guitare de Jean Kita, a fait chanter la soixantaine de personnes pr\u00e9sentes dans l&rsquo;\u00e9glise, sur des th\u00e8mes autour de la paix, l&rsquo;amour, la joie, le partage, la libert\u00e9. Le soir\u00e9e s&rsquo;est termin\u00e9e par le partage du verre de l&rsquo;amiti\u00e9.<\/p>\n\n\n\n<p class=\"has-medium-font-size\">Le b\u00e9n\u00e9fice de la soir\u00e9e sera vers\u00e9 pour moiti\u00e9 aux Soeurs de la Charit\u00e9 de Besan\u00e7on et \u00e0 une ancienne \u00e9l\u00e8ve du p\u00e8re Baertschi qui travaille avec des personnes handicap\u00e9es au Cameroun (Organisation chr\u00e9tienne camerounaise).&nbsp;<\/p>\n<\/div><figure class=\"wp-block-media-text__media\"><img loading=\"lazy\" decoding=\"async\" width=\"1440\" height=\"1080\" src=\"https:\/\/www.diocese-belfort-montbeliard.fr\/giromagny-rougemont\/wp-content\/uploads\/sites\/3\/2025\/03\/20250328_200733-1440x1080.jpg\" alt=\"\" class=\"wp-image-4515 size-full\" srcset=\"https:\/\/www.diocese-belfort-montbeliard.fr\/giromagny-rougemont\/wp-content\/uploads\/sites\/3\/2025\/03\/20250328_200733-1440x1080.jpg 1440w, https:\/\/www.diocese-belfort-montbeliard.fr\/giromagny-rougemont\/wp-content\/uploads\/sites\/3\/2025\/03\/20250328_200733-600x450.jpg 600w, https:\/\/www.diocese-belfort-montbeliard.fr\/giromagny-rougemont\/wp-content\/uploads\/sites\/3\/2025\/03\/20250328_200733-768x576.jpg 768w, https:\/\/www.diocese-belfort-montbeliard.fr\/giromagny-rougemont\/wp-content\/uploads\/sites\/3\/2025\/03\/20250328_200733-1536x1152.jpg 1536w, https:\/\/www.diocese-belfort-montbeliard.fr\/giromagny-rougemont\/wp-content\/uploads\/sites\/3\/2025\/03\/20250328_200733-2048x1536.jpg 2048w\" sizes=\"auto, (max-width: 1440px) 100vw, 1440px\" \/><\/figure><\/div>\n<\/div><\/div>\n\n\n\n<p class=\"has-vert-color has-text-color has-link-color wp-elements-307b9f8ce5328e6218e205c8fd780725\"><\/p>\n\n\n\n<div class=\"wp-block-media-text has-media-on-the-right is-stacked-on-mobile\"><div class=\"wp-block-media-text__content\">\n<p class=\"has-rouge-color has-text-color has-link-color has-large-font-size wp-elements-adf0048ccd4c25a2ee186dba3eff1cb2\"><strong><em>En route pour P\u00e2ques avec les enfants du KT<\/em><\/strong> <\/p>\n\n\n\n<p class=\"has-gris-fonce-color has-text-color has-link-color has-medium-font-size wp-elements-3088f3567b4a9668f9996abf07569e70\">Tous les groupes de KT ainsi que les cat\u00e9chistes \u00e9taient r\u00e9unis le matin du 12 avril \u00e0 la salle paroissiale de Lachapelle sous Chaux pour c\u00e9l\u00e9brer en avance la semaine sainte. Les enfants ont d\u00e9cor\u00e9 leurs rameaux avec rubans et bolducs color\u00e9s. Chaque groupe a pr\u00e9par\u00e9 des sc\u00e9nettes jou\u00e9es \u00e0 l\u2019\u00e9glise devant leurs familles lors de la c\u00e9l\u00e9bration. <\/p>\n\n\n\n<p><\/p>\n\n\n\n<p class=\"has-gris-fonce-color has-text-color has-link-color has-medium-font-size wp-elements-bf923846059a03b1d6ee2cf7f861b020\">Dans des d\u00e9cors r\u00e9alis\u00e9s par les cat\u00e9chistes, chacun habill\u00e9 comme \u00e0 l\u2019\u00e9poque de J\u00e9sus a appris ses r\u00e9pliques issues des \u00c9vangiles du Jeudi Saint au Dimanche de P\u00e2ques. Des chants comme le \u00ab\u00a0Notre P\u00e8re du Burkina Faso\u00a0\u00bb accompagn\u00e9 par 2 cat\u00e9chistes guitaristes, et des pri\u00e8res ont ponctu\u00e9 cette c\u00e9l\u00e9bration. <\/p>\n<\/div><figure class=\"wp-block-media-text__media\"><img loading=\"lazy\" decoding=\"async\" width=\"724\" height=\"724\" src=\"https:\/\/www.diocese-belfort-montbeliard.fr\/giromagny-rougemont\/wp-content\/uploads\/sites\/3\/2025\/03\/rameaux-kt-2025-2.jpg\" alt=\"\" class=\"wp-image-4606 size-full\" srcset=\"https:\/\/www.diocese-belfort-montbeliard.fr\/giromagny-rougemont\/wp-content\/uploads\/sites\/3\/2025\/03\/rameaux-kt-2025-2.jpg 724w, https:\/\/www.diocese-belfort-montbeliard.fr\/giromagny-rougemont\/wp-content\/uploads\/sites\/3\/2025\/03\/rameaux-kt-2025-2-600x600.jpg 600w, https:\/\/www.diocese-belfort-montbeliard.fr\/giromagny-rougemont\/wp-content\/uploads\/sites\/3\/2025\/03\/rameaux-kt-2025-2-300x300.jpg 300w\" sizes=\"auto, (max-width: 724px) 100vw, 724px\" \/><\/figure><\/div>\n\n\n\n<p><\/p>\n\n\n\n<div class=\"wp-block-media-text is-stacked-on-mobile\" style=\"grid-template-columns:42% auto\"><figure class=\"wp-block-media-text__media\"><img loading=\"lazy\" decoding=\"async\" width=\"1440\" height=\"1080\" src=\"https:\/\/www.diocese-belfort-montbeliard.fr\/giromagny-rougemont\/wp-content\/uploads\/sites\/3\/2025\/03\/20231111_160319-1440x1080.jpg\" alt=\"\" class=\"wp-image-4613 size-full\" srcset=\"https:\/\/www.diocese-belfort-montbeliard.fr\/giromagny-rougemont\/wp-content\/uploads\/sites\/3\/2025\/03\/20231111_160319-1440x1080.jpg 1440w, https:\/\/www.diocese-belfort-montbeliard.fr\/giromagny-rougemont\/wp-content\/uploads\/sites\/3\/2025\/03\/20231111_160319-600x450.jpg 600w, https:\/\/www.diocese-belfort-montbeliard.fr\/giromagny-rougemont\/wp-content\/uploads\/sites\/3\/2025\/03\/20231111_160319-768x576.jpg 768w, https:\/\/www.diocese-belfort-montbeliard.fr\/giromagny-rougemont\/wp-content\/uploads\/sites\/3\/2025\/03\/20231111_160319-1536x1152.jpg 1536w, https:\/\/www.diocese-belfort-montbeliard.fr\/giromagny-rougemont\/wp-content\/uploads\/sites\/3\/2025\/03\/20231111_160319-2048x1536.jpg 2048w\" sizes=\"auto, (max-width: 1440px) 100vw, 1440px\" \/><\/figure><div class=\"wp-block-media-text__content\">\n<p class=\"has-vert-color has-text-color has-link-color has-large-font-size wp-elements-d93ddcd97c023fc86ccef7361648e9e9\"><strong><em>Ann\u00e9e 2025 : ann\u00e9e jubilaire de l&rsquo;ESPERANCE<\/em><\/strong><\/p>\n\n\n\n<p class=\"has-medium-font-size\">L&rsquo;ann\u00e9e 2025, ann\u00e9e jubilaire, a \u00e9t\u00e9 plac\u00e9e par le pape Fran\u00e7ois sous le signe de l&rsquo;Esp\u00e9rance. La paroisse Saint Jean f\u00eate cette Esp\u00e9rance en proposant, lors des c\u00e9l\u00e9brations et tout au long de l&rsquo;ann\u00e9e, des pri\u00e8res, des t\u00e9moignages, des temps forts, des rencontres.<\/p>\n\n\n\n<p class=\"has-noir-color has-text-color has-medium-font-size\">Le dimanche 25 avril, Sylviane, membre de l&rsquo;EAP de Saint Jean, nous livrait son t\u00e9moignage personnel sur l&rsquo;Esp\u00e9rance. <\/p>\n\n\n\n<p class=\"has-noir-color has-text-color has-medium-font-size\">En voici un court extrait : \u00ab\u00a0Est-ce que nous croyons vraiment que le Christ est en chacun de nous et qu&rsquo;il agit&nbsp;? J\u00e9sus a dit \u00ab <em><strong>mon P\u00e8re est toujours \u00e0 l&rsquo;oeuvre, et moi aussi, je suis \u00e0 l&rsquo;oeuvre&nbsp;<\/strong>\u00bb (Saint-Jean5-17-30)<\/em>. Oui, le Christ est avec nous, en nous, c&rsquo;est en lui que je&nbsp; puise mon esp\u00e9rance.\u00a0\u00bb<\/p>\n\n\n\n<p class=\"has-noir-color has-text-color has-medium-font-size\">Vous trouverez l&rsquo;int\u00e9gralit\u00e9 de ce t\u00e9moignage dans le lien ci-dessous.<\/p>\n\n\n\n<p><a href=\"https:\/\/www.diocese-belfort-montbeliard.fr\/giromagny-rougemont\/wp-content\/uploads\/sites\/3\/2025\/04\/temoignage-sur-l-esperance-27-avril.odt\">https:\/\/www.diocese-belfort-montbeliard.fr\/giromagny-rougemont\/wp-content\/uploads\/sites\/3\/2025\/04\/temoignage-sur-l-esperance-27-avril.odt<\/a><\/p>\n\n\n\n<p><\/p>\n<\/div><\/div>\n\n\n\n<div class=\"wp-block-media-text has-media-on-the-right is-stacked-on-mobile\" style=\"grid-template-columns:auto 32%\"><div class=\"wp-block-media-text__content\">\n<p class=\"has-bleu-color has-text-color has-link-color has-large-font-size wp-elements-d29516cbd06cf4be001731c71b238f7e\"><strong><em>L&rsquo;arriv\u00e9e de l&rsquo;\u00e9t\u00e9 f\u00eat\u00e9e en chant et en musique<\/em><\/strong><\/p>\n\n\n\n<p class=\"has-medium-font-size\">Le 27 juin, plus de quarante personnes se sont retrouv\u00e9es \u00e0 l&rsquo;\u00e9glise Saint Claude d&rsquo;Evette-salbert pour un concert d&rsquo;\u00e9t\u00e9, au son de l&rsquo;orgue et du piano.<\/p>\n<\/div><figure class=\"wp-block-media-text__media\"><img loading=\"lazy\" decoding=\"async\" width=\"1440\" height=\"1080\" src=\"https:\/\/www.diocese-belfort-montbeliard.fr\/giromagny-rougemont\/wp-content\/uploads\/sites\/3\/2025\/03\/20250627_202820-1440x1080.jpg\" alt=\"\" class=\"wp-image-4609 size-full\" srcset=\"https:\/\/www.diocese-belfort-montbeliard.fr\/giromagny-rougemont\/wp-content\/uploads\/sites\/3\/2025\/03\/20250627_202820-1440x1080.jpg 1440w, https:\/\/www.diocese-belfort-montbeliard.fr\/giromagny-rougemont\/wp-content\/uploads\/sites\/3\/2025\/03\/20250627_202820-600x450.jpg 600w, https:\/\/www.diocese-belfort-montbeliard.fr\/giromagny-rougemont\/wp-content\/uploads\/sites\/3\/2025\/03\/20250627_202820-768x576.jpg 768w, https:\/\/www.diocese-belfort-montbeliard.fr\/giromagny-rougemont\/wp-content\/uploads\/sites\/3\/2025\/03\/20250627_202820-1536x1152.jpg 1536w, https:\/\/www.diocese-belfort-montbeliard.fr\/giromagny-rougemont\/wp-content\/uploads\/sites\/3\/2025\/03\/20250627_202820-2048x1536.jpg 2048w\" sizes=\"auto, (max-width: 1440px) 100vw, 1440px\" \/><\/figure><\/div>\n\n\n\n<div class=\"wp-block-media-text is-stacked-on-mobile\" style=\"grid-template-columns:22% auto\"><figure class=\"wp-block-media-text__media\"><img loading=\"lazy\" decoding=\"async\" width=\"810\" height=\"1080\" src=\"https:\/\/www.diocese-belfort-montbeliard.fr\/giromagny-rougemont\/wp-content\/uploads\/sites\/3\/2025\/03\/20250627_210258-1-810x1080.jpg\" alt=\"\" class=\"wp-image-4610 size-full\" srcset=\"https:\/\/www.diocese-belfort-montbeliard.fr\/giromagny-rougemont\/wp-content\/uploads\/sites\/3\/2025\/03\/20250627_210258-1-810x1080.jpg 810w, https:\/\/www.diocese-belfort-montbeliard.fr\/giromagny-rougemont\/wp-content\/uploads\/sites\/3\/2025\/03\/20250627_210258-1-450x600.jpg 450w, https:\/\/www.diocese-belfort-montbeliard.fr\/giromagny-rougemont\/wp-content\/uploads\/sites\/3\/2025\/03\/20250627_210258-1-768x1024.jpg 768w, https:\/\/www.diocese-belfort-montbeliard.fr\/giromagny-rougemont\/wp-content\/uploads\/sites\/3\/2025\/03\/20250627_210258-1-1152x1536.jpg 1152w, https:\/\/www.diocese-belfort-montbeliard.fr\/giromagny-rougemont\/wp-content\/uploads\/sites\/3\/2025\/03\/20250627_210258-1-1536x2048.jpg 1536w, https:\/\/www.diocese-belfort-montbeliard.fr\/giromagny-rougemont\/wp-content\/uploads\/sites\/3\/2025\/03\/20250627_210258-1-scaled.jpg 1920w\" sizes=\"auto, (max-width: 810px) 100vw, 810px\" \/><\/figure><div class=\"wp-block-media-text__content\">\n<p class=\"has-medium-font-size\">Yevgenia Kisselova Schwerzmann au piano et \u00e0 l&rsquo;orgue accompagn\u00e9 par la voix de Beat Schwerzmann ont transport\u00e9, \u00e9mu et charm\u00e9 le public sur des pi\u00e8ces de Purcell, Bach, Schubert, Tcha\u00efkovski, Faur\u00e9, Jehan.<\/p>\n\n\n\n<p class=\"has-medium-font-size\">Un public une nouvelle fois totalement conquis par la d\u00e9licatesse et la virtuosit\u00e9 de Yevgenia, tant au piano qu&rsquo;\u00e0 l&rsquo;orgue et par la magnifique voix de baryton de Beat. <\/p>\n\n\n\n<p class=\"has-medium-font-size\">Une belle soir\u00e9e tout en douceur, en beaut\u00e9 et en s\u00e9r\u00e9nit\u00e9, pour f\u00eater l&rsquo;arriv\u00e9e de l&rsquo;\u00e9t\u00e9, qui s&rsquo;est achev\u00e9e par le partage du verre de l&rsquo;amiti\u00e9.<\/p>\n<\/div><\/div>\n\n\n\n<div class=\"wp-block-media-text has-media-on-the-right is-stacked-on-mobile\" style=\"grid-template-columns:auto 34%\"><div class=\"wp-block-media-text__content\">\n<p class=\"has-vert-color has-text-color has-link-color has-large-font-size wp-elements-5614a6d20d8e4bf43bcee26ad8e5561a\"><em><strong>A la rencontre d&rsquo;Andr\u00e9 Gence<\/strong><\/em><\/p>\n\n\n\n<p>\u00ab<em>&nbsp;<\/em><strong><em>Mes paraboles \u00e0 moi c\u2019est peindre. Nous savons que l\u2019art est comme un fruit qui m\u00fbrit, une tentative de faire un monde nouveau&nbsp;\u00bb<\/em>.<\/strong>&nbsp;Ainsi s\u2019exprimait Andr\u00e9 Gence, pr\u00eatre et artiste peintre, sculpteur que le public a pu d\u00e9couvrir lors de l\u2019exposition qui lui rendait hommage du 02 au 17 ao\u00fbt, \u00e0 la commumnaut\u00e9 Saint Beno\u00eet de Chauveroche.<\/p>\n\n\n\n<p>Une exposition qui a d\u00e9but\u00e9 avec une conf\u00e9rence tenue par le p\u00e8re Jean-Marie Baertschi, \u00e0 l\u2019origine du projet, et qui a r\u00e9uni plus de 120 personnes, une intervention largement appr\u00e9ci\u00e9e par l\u2019ensemble du public venu d\u00e9couvrir la vie et l\u2019oeuvre d\u2019Andr\u00e9 Gence.<\/p>\n\n\n\n<p>Un livre d\u2019or a permis de laisser libre court aux impressions des visiteurs. Quelques extraits :<\/p>\n\n\n\n<p><em>&nbsp;\u00bb Merci pour cette d\u00e9couverte de l\u2019oeuvre d\u2019Andr\u00e9 Gence\u2026 La lecture du livre d\u2019Andr\u00e9 Gence \u00ab&nbsp;Sur la terre comme au ciel&nbsp;\u00bb ouvre des portes vers des r\u00e9flexions et des compr\u00e9hensions. Quelle intelligence et merci pour la bont\u00e9 dans le regard&nbsp;\u00bb.<\/em><\/p>\n\n\n\n<p><em>\u00ab&nbsp;L\u2019artiste reconnait le lien permanent de la lumi\u00e8re et de l\u2019ombre, en lui et autour de lui, en pure gr\u00e2ce&nbsp;\u00bb.<\/em><\/p>\n\n\n\n<p><em>\u00ab&nbsp;Serviteur de la lumi\u00e8re\u2026 Qu\u2019il soit b\u00e9ni, lui qui nous donne de voir au-del\u00e0 de la toile, cet \u00ab&nbsp;au-del\u00e0&nbsp;\u00bb qui nous regarde\u2026 Une peinture-pri\u00e8re&nbsp;\u00bb.<\/em><\/p>\n<\/div><figure class=\"wp-block-media-text__media\"><img loading=\"lazy\" decoding=\"async\" width=\"810\" height=\"1080\" src=\"https:\/\/www.diocese-belfort-montbeliard.fr\/giromagny-rougemont\/wp-content\/uploads\/sites\/3\/2025\/03\/20250903_112437-810x1080.jpg\" alt=\"\" class=\"wp-image-4828 size-full\" srcset=\"https:\/\/www.diocese-belfort-montbeliard.fr\/giromagny-rougemont\/wp-content\/uploads\/sites\/3\/2025\/03\/20250903_112437-810x1080.jpg 810w, https:\/\/www.diocese-belfort-montbeliard.fr\/giromagny-rougemont\/wp-content\/uploads\/sites\/3\/2025\/03\/20250903_112437-450x600.jpg 450w, https:\/\/www.diocese-belfort-montbeliard.fr\/giromagny-rougemont\/wp-content\/uploads\/sites\/3\/2025\/03\/20250903_112437-768x1024.jpg 768w, https:\/\/www.diocese-belfort-montbeliard.fr\/giromagny-rougemont\/wp-content\/uploads\/sites\/3\/2025\/03\/20250903_112437-1152x1536.jpg 1152w, https:\/\/www.diocese-belfort-montbeliard.fr\/giromagny-rougemont\/wp-content\/uploads\/sites\/3\/2025\/03\/20250903_112437-1536x2048.jpg 1536w, https:\/\/www.diocese-belfort-montbeliard.fr\/giromagny-rougemont\/wp-content\/uploads\/sites\/3\/2025\/03\/20250903_112437-scaled.jpg 1920w\" sizes=\"auto, (max-width: 810px) 100vw, 810px\" \/><\/figure><\/div>\n\n\n\n<p>                                                                                                                                                            Peinture ci-dessus \u00ab\u00a0<em>En app\u00e9tit du matin<\/em>\u00a0\u00bb (collection priv\u00e9e)<\/p>\n\n\n\n<p class=\"has-text-align-right\"><em>\u00ab\u00a0Toujours le g\u00e9om\u00e8tre. Comme \u00e0 une fen\u00eatre, donnant sur un coin de catacombe, quelque chose comme une tombe ou un autel, en grande solitude ou attente, d&rsquo;un brun fr\u00e9missant dans un d\u00e9sert de sable&#8230;ou au matin&#8230; avec des salissures de bleu.\u00a0\u00bb<\/em> (J.M. Baertschi)<\/p>\n\n\n\n<div class=\"wp-block-media-text is-stacked-on-mobile\" style=\"grid-template-columns:22% auto\"><figure class=\"wp-block-media-text__media\"><img loading=\"lazy\" decoding=\"async\" width=\"608\" height=\"1080\" src=\"https:\/\/www.diocese-belfort-montbeliard.fr\/giromagny-rougemont\/wp-content\/uploads\/sites\/3\/2025\/03\/temps-fort-28-septembre-2025-panneau-des-enfants-1-608x1080.jpg\" alt=\"\" class=\"wp-image-4868 size-full\" srcset=\"https:\/\/www.diocese-belfort-montbeliard.fr\/giromagny-rougemont\/wp-content\/uploads\/sites\/3\/2025\/03\/temps-fort-28-septembre-2025-panneau-des-enfants-1-608x1080.jpg 608w, https:\/\/www.diocese-belfort-montbeliard.fr\/giromagny-rougemont\/wp-content\/uploads\/sites\/3\/2025\/03\/temps-fort-28-septembre-2025-panneau-des-enfants-1-338x600.jpg 338w, https:\/\/www.diocese-belfort-montbeliard.fr\/giromagny-rougemont\/wp-content\/uploads\/sites\/3\/2025\/03\/temps-fort-28-septembre-2025-panneau-des-enfants-1-768x1365.jpg 768w, https:\/\/www.diocese-belfort-montbeliard.fr\/giromagny-rougemont\/wp-content\/uploads\/sites\/3\/2025\/03\/temps-fort-28-septembre-2025-panneau-des-enfants-1-864x1536.jpg 864w, https:\/\/www.diocese-belfort-montbeliard.fr\/giromagny-rougemont\/wp-content\/uploads\/sites\/3\/2025\/03\/temps-fort-28-septembre-2025-panneau-des-enfants-1.jpg 1008w\" sizes=\"auto, (max-width: 608px) 100vw, 608px\" \/><\/figure><div class=\"wp-block-media-text__content\">\n<p class=\"has-rouge-color has-text-color has-link-color has-large-font-size wp-elements-5e625789c05734e8c44ae20ab0c5b8cd\"><strong><em>Un temps fort pour parler d&rsquo;Esp\u00e9rance<\/em><\/strong><\/p>\n\n\n\n<p class=\"has-medium-font-size\">En cette ann\u00e9e sainte 2025, notre regrett\u00e9 Pape Fran\u00e7ois a souhait\u00e9 que tous, jeunes, vieux, malades et bien portants, familles, c\u00e9libataires&#8230;deviennent des \u00ab&nbsp;p\u00e8lerins de l&rsquo;esp\u00e9rance&nbsp;\u00bb.<\/p>\n\n\n\n<p class=\"has-medium-font-size\">C&rsquo;est pourquoi, la Paroisse Saint-Jean l&rsquo;Evang\u00e9liste, en lien avec celle de la Sainte-Famille, a organis\u00e9, le dimanche 28 septembre \u00e0 l&rsquo;Espace socio-culturel d&rsquo;Evette-Salbert, un temps fort sur l&rsquo;esp\u00e9rance, o\u00f9 tous, petits et grands, \u00e9taient invit\u00e9s.<\/p>\n\n\n\n<p class=\"has-medium-font-size\">Pendant quelques instants, les adultes \u00e9taient invit\u00e9s \u00e0 une r\u00e9flexion et \u00e0 un \u00e9change sur les difficult\u00e9s, les \u00e9preuves rencontr\u00e9es dans leur vie. Les maladies, les deuils, l&rsquo;incompr\u00e9hension avec des proches, l&rsquo;anxi\u00e9t\u00e9 face \u00e0 un monde violent et rempli d&rsquo;incertitudes, voil\u00e0 les th\u00e8mes souvent revenus dans les conversations<\/p>\n\n\n\n<p class=\"has-medium-font-size\">Puis, chacun a essay\u00e9 de dire comment il a pu surmonter ces difficult\u00e9s&nbsp;: pour certains, c&rsquo;est la pri\u00e8re, l&rsquo;abandon \u00e0 Dieu dans la confiance, la lecture de la Parole de Dieu, la rencontre avec un pr\u00eatre ou d&rsquo;autres personnes, pour beaucoup, l&rsquo;ouverture aux autres, surtout ne pas rester enferm\u00e9 dans sa douleur ou sa tristesse&#8230;<\/p>\n\n\n\n<p class=\"has-medium-font-size\">Les enfants, en un petit groupe, ont aussi exprim\u00e9 les difficult\u00e9s qu\u2019ils traversent et ce qui leur permet de les surmonter, ce que J\u00e9sus leur apporte dans ces moments l\u00e0<\/p>\n\n\n\n<p class=\"has-medium-font-size\">Il \u00e9tait temps ensuite d&rsquo;\u00e9couter la chanson \u00ab&nbsp;<em>Derri\u00e8re le brouillard<\/em>&nbsp;\u00bb , chant\u00e9e par Louane et Grand Corps Malade&nbsp;: un temps d&rsquo;\u00e9changes s&rsquo;est engag\u00e9 sur la mani\u00e8re dont ces deux artistes ont surmont\u00e9 leurs \u00e9preuves, principalement par la musique.<\/p>\n\n\n\n<p class=\"has-medium-font-size\">Enfin, tous ont visionn\u00e9 le petit film \u00ab&nbsp;<em>Pour un sourire d&rsquo;enfants<\/em>&nbsp;\u00bb, histoire d&rsquo;un couple de Fran\u00e7ais, qui, en voyage au Cambodge, d\u00e9cident de venir en aide aux enfants vivant sur une d\u00e9charge&nbsp;: aide alimentaire, scolaire, professionnelle&#8230;La foi de ce couple les a aid\u00e9s \u00e0 transformer le monde et \u00e0 donner de l&rsquo;esp\u00e9rance.<\/p>\n\n\n\n<p class=\"has-medium-font-size\">La messe qui a suivi \u00e9tait fervente et joyeuse, un ap\u00e9ritif a cl\u00f4tur\u00e9 cette matin\u00e9e.<\/p>\n<\/div><\/div>\n\n\n\n<div class=\"wp-block-media-text has-media-on-the-right is-stacked-on-mobile\" style=\"grid-template-columns:auto 27%\"><div class=\"wp-block-media-text__content\">\n<p class=\"has-gris-clair-color has-text-color has-link-color has-large-font-size wp-elements-d9c63c8540afaa8ac2eadf675cef572c\"><strong><em>Mission \u00ab\u00a0Toussaint\u00a0\u00bb<\/em><\/strong><\/p>\n\n\n\n<p class=\"has-medium-font-size\">Pour la deuxi\u00e8me ann\u00e9e cons\u00e9cutive, l\u2019Equipe d\u2019Animation Paroissiale de Saint Jean a assur\u00e9 le 1<sup>er<\/sup> novembre, une permanence au cimeti\u00e8re de Sermamagny. <\/p>\n\n\n\n<p class=\"has-medium-font-size\">L\u2019\u00e9quipe a ainsi accueilli tout au long de la journ\u00e9e, les personnes visitant les tombes de leurs d\u00e9funts. Parmi la centaine de \u00ab&nbsp;visiteurs&nbsp;\u00bb qui se sont rendues au cimeti\u00e8re, une trentaine de personnes se sont arr\u00eat\u00e9es pour partager un moment amical, chaleureux, r\u00e9confortant autour d\u2019une boisson chaude, de la flamme d\u2019un lumignon, de la lecture d\u2019un po\u00e8me et d\u2019une pri\u00e8re sur la tombe d\u2019\u00eatres chers. <\/p>\n\n\n\n<p class=\"has-medium-font-size\">L\u2019occasion &nbsp;d\u2019\u00e9changer sur la vie de leurs d\u00e9funts, &nbsp;leurs propres parcours de vie, avec leurs joies mais aussi leurs peines. Des instants fraternels, conviviaux, parfois \u00e9mouvants mais aussi et surtout joyeux et lumineux.<\/p>\n\n\n\n<p class=\"has-gris-clair-color has-text-color has-link-color wp-elements-51e2555745f1965a90f6cc01b027b521\"><strong><em>\u00ab&nbsp;Tu n\u2019es plus l\u00e0 o\u00f9 tu \u00e9tais, mais tu es partout l\u00e0 o\u00f9 je suis.&nbsp;\u00bb Victor Hugo<\/em><\/strong><\/p>\n<\/div><figure class=\"wp-block-media-text__media\"><img loading=\"lazy\" decoding=\"async\" width=\"1440\" height=\"1080\" src=\"https:\/\/www.diocese-belfort-montbeliard.fr\/giromagny-rougemont\/wp-content\/uploads\/sites\/3\/2025\/03\/20251101_104211-1440x1080.jpg\" alt=\"\" class=\"wp-image-4873 size-full\" srcset=\"https:\/\/www.diocese-belfort-montbeliard.fr\/giromagny-rougemont\/wp-content\/uploads\/sites\/3\/2025\/03\/20251101_104211-1440x1080.jpg 1440w, https:\/\/www.diocese-belfort-montbeliard.fr\/giromagny-rougemont\/wp-content\/uploads\/sites\/3\/2025\/03\/20251101_104211-600x450.jpg 600w, https:\/\/www.diocese-belfort-montbeliard.fr\/giromagny-rougemont\/wp-content\/uploads\/sites\/3\/2025\/03\/20251101_104211-768x576.jpg 768w, https:\/\/www.diocese-belfort-montbeliard.fr\/giromagny-rougemont\/wp-content\/uploads\/sites\/3\/2025\/03\/20251101_104211-1536x1152.jpg 1536w, https:\/\/www.diocese-belfort-montbeliard.fr\/giromagny-rougemont\/wp-content\/uploads\/sites\/3\/2025\/03\/20251101_104211-2048x1536.jpg 2048w\" sizes=\"auto, (max-width: 1440px) 100vw, 1440px\" \/><\/figure><\/div>\n\n\n\n<div class=\"wp-block-media-text is-stacked-on-mobile is-vertically-aligned-center\" style=\"grid-template-columns:26% auto\"><figure class=\"wp-block-media-text__media\"><img loading=\"lazy\" decoding=\"async\" width=\"810\" height=\"1080\" src=\"https:\/\/www.diocese-belfort-montbeliard.fr\/giromagny-rougemont\/wp-content\/uploads\/sites\/3\/2025\/03\/Concert-15-11-2025-810x1080.jpg\" alt=\"\" class=\"wp-image-4878 size-full\" srcset=\"https:\/\/www.diocese-belfort-montbeliard.fr\/giromagny-rougemont\/wp-content\/uploads\/sites\/3\/2025\/03\/Concert-15-11-2025-810x1080.jpg 810w, https:\/\/www.diocese-belfort-montbeliard.fr\/giromagny-rougemont\/wp-content\/uploads\/sites\/3\/2025\/03\/Concert-15-11-2025-450x600.jpg 450w, https:\/\/www.diocese-belfort-montbeliard.fr\/giromagny-rougemont\/wp-content\/uploads\/sites\/3\/2025\/03\/Concert-15-11-2025-768x1024.jpg 768w, https:\/\/www.diocese-belfort-montbeliard.fr\/giromagny-rougemont\/wp-content\/uploads\/sites\/3\/2025\/03\/Concert-15-11-2025-1152x1536.jpg 1152w, https:\/\/www.diocese-belfort-montbeliard.fr\/giromagny-rougemont\/wp-content\/uploads\/sites\/3\/2025\/03\/Concert-15-11-2025-1536x2048.jpg 1536w, https:\/\/www.diocese-belfort-montbeliard.fr\/giromagny-rougemont\/wp-content\/uploads\/sites\/3\/2025\/03\/Concert-15-11-2025-scaled.jpg 1920w\" sizes=\"auto, (max-width: 810px) 100vw, 810px\" \/><\/figure><div class=\"wp-block-media-text__content\">\n<p class=\"has-rouge-color has-text-color has-link-color has-large-font-size wp-elements-02cfafb274357f31edda0a5ebbf81eb4\"><strong><em>F\u00eater l&rsquo;automne en chanson &#8230;<\/em><\/strong><\/p>\n\n\n\n<p class=\"has-medium-font-size\">C&rsquo;est l&rsquo;invitation que l&rsquo;Equipe d&rsquo;Animation Paroissiale de Saint Jean a lanc\u00e9e le&nbsp;<u>samedi 15 novembre 2025  \u00e0 l&rsquo;\u00e9glise de Lachapelle\/Chaux&nbsp;<\/u><em><br><br><\/em>L&rsquo;\u00e9glise \u00e9tait presque remplie pour accueillir les chorales \u00ab\u00a0<strong>Si on chantait<\/strong>\u00a0\u00bb et \u00ab\u00a0<strong>Vocaluz<\/strong>\u00a0\u00bb qui ont pr\u00e9sent\u00e9 une partie de leur r\u00e9pertoire allant de la vari\u00e9t\u00e9 fran\u00e7aise \u00e0 des tonalit\u00e9s beaucoup plus lointaines.<\/p>\n\n\n\n<p class=\"has-medium-font-size\">Le public s&rsquo;est ainsi laiss\u00e9 emport\u00e9 et charm\u00e9 au rythme d&rsquo;une s\u00e9r\u00e9nade latine, d&rsquo;un chant zoulou, d&rsquo;un mantra bouddhiste ,  d&rsquo;un chant traditionnel argentin et africain mais aussi de chansons contemporaines emprunt\u00e9es \u00e0 Jean-Jacques Goldmann, Vanessa Paradis ou Gilbert B\u00e9caud .<\/p>\n\n\n\n<p class=\"has-medium-font-size\">Un chapeau a circul\u00e9 durant le concert  \u00e0 l&rsquo;initiative du groupe Solidarit\u00e9 de la paroisse Saint Jean. Le contenu du chapeau a \u00e9t\u00e9 vers\u00e9 \u00e0 l&rsquo;association \u00ab\u00a0<strong>Tous pour Ad\u00e9lia<\/strong>\u00ab\u00a0.<br><em><br><\/em>Une soir\u00e9e plac\u00e9e sous le signe de la musique, de la chanson d&rsquo;ici ou d&rsquo;ailleurs et du plaisir de se retrouver pour partager un moment  de solidarit\u00e9, chaleureux et convivial.<\/p>\n<\/div><\/div>\n\n\n\n<figure class=\"wp-block-image size-full is-resized\"><img loading=\"lazy\" decoding=\"async\" width=\"1200\" height=\"675\" src=\"https:\/\/www.diocese-belfort-montbeliard.fr\/giromagny-rougemont\/wp-content\/uploads\/sites\/3\/2025\/03\/ZFD_0618.jpg\" alt=\"\" class=\"wp-image-4884\" style=\"width:530px;height:auto\" srcset=\"https:\/\/www.diocese-belfort-montbeliard.fr\/giromagny-rougemont\/wp-content\/uploads\/sites\/3\/2025\/03\/ZFD_0618.jpg 1200w, https:\/\/www.diocese-belfort-montbeliard.fr\/giromagny-rougemont\/wp-content\/uploads\/sites\/3\/2025\/03\/ZFD_0618-600x338.jpg 600w, https:\/\/www.diocese-belfort-montbeliard.fr\/giromagny-rougemont\/wp-content\/uploads\/sites\/3\/2025\/03\/ZFD_0618-768x432.jpg 768w\" sizes=\"auto, (max-width: 1200px) 100vw, 1200px\" \/><figcaption class=\"wp-element-caption\"><strong><em>Les deux chorales unissent leurs voix pour un beau final <\/em><\/strong><\/figcaption><\/figure>\n\n\n\n<p><\/p>\n","protected":false},"author":10,"featured_media":1515,"parent":808,"menu_order":26,"template":"","meta":{"_acf_changed":false,"footnotes":""},"class_list":["post-4475","paroisse","type-paroisse","status-publish","has-post-thumbnail","hentry"],"acf":[],"yoast_head":"<!-- This site is optimized with the Yoast SEO plugin v27.4 - https:\/\/yoast.com\/product\/yoast-seo-wordpress\/ -->\n<title>La vie de la paroisse en photos 2025 - Doyenn\u00e9 de Giromagny - Rougemont<\/title>\n<meta name=\"robots\" content=\"index, follow, max-snippet:-1, max-image-preview:large, max-video-preview:-1\" \/>\n<link rel=\"canonical\" href=\"https:\/\/www.diocese-belfort-montbeliard.fr\/giromagny-rougemont\/paroisses\/saint-jean-levangeliste\/la-paroisse\/la-vie-de-la-paroisse-en-photos-2025\/\" \/>\n<meta property=\"og:locale\" content=\"fr_FR\" \/>\n<meta property=\"og:type\" content=\"article\" \/>\n<meta property=\"og:title\" content=\"La vie de la paroisse en photos 2025 - Doyenn\u00e9 de Giromagny - Rougemont\" \/>\n<meta property=\"og:description\" content=\"Rencontre avec le p\u00e8re Gaby Rognon Le dimanche 23 mars, la paroisse Saint Jean recevait le p\u00e8re Gaby Rognon pour un partage autour de \u00ab\u00a0l&rsquo;Esp\u00e9rance\u00a0\u00bb et la \u00ab\u00a0R\u00e9surrection\u00a0\u00bb. Une trentaine de personnes se sont rassembl\u00e9es dans l&rsquo;\u00e9glise d&rsquo;Evette-Salbert autour du p\u00e8re Gaby et du p\u00e8re Jean-Marie Baertschi, \u00e0 l&rsquo;initiative de cette rencontre. Voici quelques extraits [&hellip;]\" \/>\n<meta property=\"og:url\" content=\"https:\/\/www.diocese-belfort-montbeliard.fr\/giromagny-rougemont\/paroisses\/saint-jean-levangeliste\/la-paroisse\/la-vie-de-la-paroisse-en-photos-2025\/\" \/>\n<meta property=\"og:site_name\" content=\"Doyenn\u00e9 de Giromagny - Rougemont\" \/>\n<meta property=\"article:modified_time\" content=\"2025-11-18T09:46:52+00:00\" \/>\n<meta property=\"og:image\" content=\"https:\/\/www.diocese-belfort-montbeliard.fr\/giromagny-rougemont\/wp-content\/uploads\/sites\/3\/2021\/04\/img_1679-scaled.jpg\" \/>\n\t<meta property=\"og:image:width\" content=\"2560\" \/>\n\t<meta property=\"og:image:height\" content=\"1707\" \/>\n\t<meta property=\"og:image:type\" content=\"image\/jpeg\" \/>\n<meta name=\"twitter:card\" content=\"summary_large_image\" \/>\n<meta name=\"twitter:label1\" content=\"Dur\u00e9e de lecture estim\u00e9e\" \/>\n\t<meta name=\"twitter:data1\" content=\"12 minutes\" \/>\n<script type=\"application\/ld+json\" class=\"yoast-schema-graph\">{\"@context\":\"https:\\\/\\\/schema.org\",\"@graph\":[{\"@type\":\"WebPage\",\"@id\":\"https:\\\/\\\/www.diocese-belfort-montbeliard.fr\\\/giromagny-rougemont\\\/paroisses\\\/saint-jean-levangeliste\\\/la-paroisse\\\/la-vie-de-la-paroisse-en-photos-2025\\\/\",\"url\":\"https:\\\/\\\/www.diocese-belfort-montbeliard.fr\\\/giromagny-rougemont\\\/paroisses\\\/saint-jean-levangeliste\\\/la-paroisse\\\/la-vie-de-la-paroisse-en-photos-2025\\\/\",\"name\":\"La vie de la paroisse en photos 2025 - Doyenn\u00e9 de Giromagny - Rougemont\",\"isPartOf\":{\"@id\":\"https:\\\/\\\/www.diocese-belfort-montbeliard.fr\\\/giromagny-rougemont\\\/#website\"},\"primaryImageOfPage\":{\"@id\":\"https:\\\/\\\/www.diocese-belfort-montbeliard.fr\\\/giromagny-rougemont\\\/paroisses\\\/saint-jean-levangeliste\\\/la-paroisse\\\/la-vie-de-la-paroisse-en-photos-2025\\\/#primaryimage\"},\"image\":{\"@id\":\"https:\\\/\\\/www.diocese-belfort-montbeliard.fr\\\/giromagny-rougemont\\\/paroisses\\\/saint-jean-levangeliste\\\/la-paroisse\\\/la-vie-de-la-paroisse-en-photos-2025\\\/#primaryimage\"},\"thumbnailUrl\":\"https:\\\/\\\/www.diocese-belfort-montbeliard.fr\\\/giromagny-rougemont\\\/wp-content\\\/uploads\\\/sites\\\/3\\\/2021\\\/04\\\/img_1679-scaled.jpg\",\"datePublished\":\"2025-03-25T10:33:20+00:00\",\"dateModified\":\"2025-11-18T09:46:52+00:00\",\"breadcrumb\":{\"@id\":\"https:\\\/\\\/www.diocese-belfort-montbeliard.fr\\\/giromagny-rougemont\\\/paroisses\\\/saint-jean-levangeliste\\\/la-paroisse\\\/la-vie-de-la-paroisse-en-photos-2025\\\/#breadcrumb\"},\"inLanguage\":\"fr-FR\",\"potentialAction\":[{\"@type\":\"ReadAction\",\"target\":[\"https:\\\/\\\/www.diocese-belfort-montbeliard.fr\\\/giromagny-rougemont\\\/paroisses\\\/saint-jean-levangeliste\\\/la-paroisse\\\/la-vie-de-la-paroisse-en-photos-2025\\\/\"]}]},{\"@type\":\"ImageObject\",\"inLanguage\":\"fr-FR\",\"@id\":\"https:\\\/\\\/www.diocese-belfort-montbeliard.fr\\\/giromagny-rougemont\\\/paroisses\\\/saint-jean-levangeliste\\\/la-paroisse\\\/la-vie-de-la-paroisse-en-photos-2025\\\/#primaryimage\",\"url\":\"https:\\\/\\\/www.diocese-belfort-montbeliard.fr\\\/giromagny-rougemont\\\/wp-content\\\/uploads\\\/sites\\\/3\\\/2021\\\/04\\\/img_1679-scaled.jpg\",\"contentUrl\":\"https:\\\/\\\/www.diocese-belfort-montbeliard.fr\\\/giromagny-rougemont\\\/wp-content\\\/uploads\\\/sites\\\/3\\\/2021\\\/04\\\/img_1679-scaled.jpg\",\"width\":2560,\"height\":1707},{\"@type\":\"BreadcrumbList\",\"@id\":\"https:\\\/\\\/www.diocese-belfort-montbeliard.fr\\\/giromagny-rougemont\\\/paroisses\\\/saint-jean-levangeliste\\\/la-paroisse\\\/la-vie-de-la-paroisse-en-photos-2025\\\/#breadcrumb\",\"itemListElement\":[{\"@type\":\"ListItem\",\"position\":1,\"name\":\"Accueil\",\"item\":\"https:\\\/\\\/www.diocese-belfort-montbeliard.fr\\\/giromagny-rougemont\\\/\"},{\"@type\":\"ListItem\",\"position\":2,\"name\":\"Saint Jean l&#8217;\u00c9vang\u00e9liste\",\"item\":\"https:\\\/\\\/www.diocese-belfort-montbeliard.fr\\\/giromagny-rougemont\\\/paroisses\\\/saint-jean-levangeliste\\\/\"},{\"@type\":\"ListItem\",\"position\":3,\"name\":\"La Paroisse\",\"item\":\"https:\\\/\\\/www.diocese-belfort-montbeliard.fr\\\/giromagny-rougemont\\\/paroisses\\\/saint-jean-levangeliste\\\/la-paroisse\\\/\"},{\"@type\":\"ListItem\",\"position\":4,\"name\":\"La vie de la paroisse en photos 2025\"}]},{\"@type\":\"WebSite\",\"@id\":\"https:\\\/\\\/www.diocese-belfort-montbeliard.fr\\\/giromagny-rougemont\\\/#website\",\"url\":\"https:\\\/\\\/www.diocese-belfort-montbeliard.fr\\\/giromagny-rougemont\\\/\",\"name\":\"Doyenn\u00e9 de Giromagny - Rougemont\",\"description\":\"Dioc\u00e8se de Belfort - Montb\u00e9liard\",\"potentialAction\":[{\"@type\":\"SearchAction\",\"target\":{\"@type\":\"EntryPoint\",\"urlTemplate\":\"https:\\\/\\\/www.diocese-belfort-montbeliard.fr\\\/giromagny-rougemont\\\/?s={search_term_string}\"},\"query-input\":{\"@type\":\"PropertyValueSpecification\",\"valueRequired\":true,\"valueName\":\"search_term_string\"}}],\"inLanguage\":\"fr-FR\"}]}<\/script>\n<!-- \/ Yoast SEO plugin. -->","yoast_head_json":{"title":"La vie de la paroisse en photos 2025 - Doyenn\u00e9 de Giromagny - Rougemont","robots":{"index":"index","follow":"follow","max-snippet":"max-snippet:-1","max-image-preview":"max-image-preview:large","max-video-preview":"max-video-preview:-1"},"canonical":"https:\/\/www.diocese-belfort-montbeliard.fr\/giromagny-rougemont\/paroisses\/saint-jean-levangeliste\/la-paroisse\/la-vie-de-la-paroisse-en-photos-2025\/","og_locale":"fr_FR","og_type":"article","og_title":"La vie de la paroisse en photos 2025 - Doyenn\u00e9 de Giromagny - Rougemont","og_description":"Rencontre avec le p\u00e8re Gaby Rognon Le dimanche 23 mars, la paroisse Saint Jean recevait le p\u00e8re Gaby Rognon pour un partage autour de \u00ab\u00a0l&rsquo;Esp\u00e9rance\u00a0\u00bb et la \u00ab\u00a0R\u00e9surrection\u00a0\u00bb. Une trentaine de personnes se sont rassembl\u00e9es dans l&rsquo;\u00e9glise d&rsquo;Evette-Salbert autour du p\u00e8re Gaby et du p\u00e8re Jean-Marie Baertschi, \u00e0 l&rsquo;initiative de cette rencontre. Voici quelques extraits [&hellip;]","og_url":"https:\/\/www.diocese-belfort-montbeliard.fr\/giromagny-rougemont\/paroisses\/saint-jean-levangeliste\/la-paroisse\/la-vie-de-la-paroisse-en-photos-2025\/","og_site_name":"Doyenn\u00e9 de Giromagny - Rougemont","article_modified_time":"2025-11-18T09:46:52+00:00","og_image":[{"width":2560,"height":1707,"url":"https:\/\/www.diocese-belfort-montbeliard.fr\/giromagny-rougemont\/wp-content\/uploads\/sites\/3\/2021\/04\/img_1679-scaled.jpg","type":"image\/jpeg"}],"twitter_card":"summary_large_image","twitter_misc":{"Dur\u00e9e de lecture estim\u00e9e":"12 minutes"},"schema":{"@context":"https:\/\/schema.org","@graph":[{"@type":"WebPage","@id":"https:\/\/www.diocese-belfort-montbeliard.fr\/giromagny-rougemont\/paroisses\/saint-jean-levangeliste\/la-paroisse\/la-vie-de-la-paroisse-en-photos-2025\/","url":"https:\/\/www.diocese-belfort-montbeliard.fr\/giromagny-rougemont\/paroisses\/saint-jean-levangeliste\/la-paroisse\/la-vie-de-la-paroisse-en-photos-2025\/","name":"La vie de la paroisse en photos 2025 - Doyenn\u00e9 de Giromagny - Rougemont","isPartOf":{"@id":"https:\/\/www.diocese-belfort-montbeliard.fr\/giromagny-rougemont\/#website"},"primaryImageOfPage":{"@id":"https:\/\/www.diocese-belfort-montbeliard.fr\/giromagny-rougemont\/paroisses\/saint-jean-levangeliste\/la-paroisse\/la-vie-de-la-paroisse-en-photos-2025\/#primaryimage"},"image":{"@id":"https:\/\/www.diocese-belfort-montbeliard.fr\/giromagny-rougemont\/paroisses\/saint-jean-levangeliste\/la-paroisse\/la-vie-de-la-paroisse-en-photos-2025\/#primaryimage"},"thumbnailUrl":"https:\/\/www.diocese-belfort-montbeliard.fr\/giromagny-rougemont\/wp-content\/uploads\/sites\/3\/2021\/04\/img_1679-scaled.jpg","datePublished":"2025-03-25T10:33:20+00:00","dateModified":"2025-11-18T09:46:52+00:00","breadcrumb":{"@id":"https:\/\/www.diocese-belfort-montbeliard.fr\/giromagny-rougemont\/paroisses\/saint-jean-levangeliste\/la-paroisse\/la-vie-de-la-paroisse-en-photos-2025\/#breadcrumb"},"inLanguage":"fr-FR","potentialAction":[{"@type":"ReadAction","target":["https:\/\/www.diocese-belfort-montbeliard.fr\/giromagny-rougemont\/paroisses\/saint-jean-levangeliste\/la-paroisse\/la-vie-de-la-paroisse-en-photos-2025\/"]}]},{"@type":"ImageObject","inLanguage":"fr-FR","@id":"https:\/\/www.diocese-belfort-montbeliard.fr\/giromagny-rougemont\/paroisses\/saint-jean-levangeliste\/la-paroisse\/la-vie-de-la-paroisse-en-photos-2025\/#primaryimage","url":"https:\/\/www.diocese-belfort-montbeliard.fr\/giromagny-rougemont\/wp-content\/uploads\/sites\/3\/2021\/04\/img_1679-scaled.jpg","contentUrl":"https:\/\/www.diocese-belfort-montbeliard.fr\/giromagny-rougemont\/wp-content\/uploads\/sites\/3\/2021\/04\/img_1679-scaled.jpg","width":2560,"height":1707},{"@type":"BreadcrumbList","@id":"https:\/\/www.diocese-belfort-montbeliard.fr\/giromagny-rougemont\/paroisses\/saint-jean-levangeliste\/la-paroisse\/la-vie-de-la-paroisse-en-photos-2025\/#breadcrumb","itemListElement":[{"@type":"ListItem","position":1,"name":"Accueil","item":"https:\/\/www.diocese-belfort-montbeliard.fr\/giromagny-rougemont\/"},{"@type":"ListItem","position":2,"name":"Saint Jean l&#8217;\u00c9vang\u00e9liste","item":"https:\/\/www.diocese-belfort-montbeliard.fr\/giromagny-rougemont\/paroisses\/saint-jean-levangeliste\/"},{"@type":"ListItem","position":3,"name":"La Paroisse","item":"https:\/\/www.diocese-belfort-montbeliard.fr\/giromagny-rougemont\/paroisses\/saint-jean-levangeliste\/la-paroisse\/"},{"@type":"ListItem","position":4,"name":"La vie de la paroisse en photos 2025"}]},{"@type":"WebSite","@id":"https:\/\/www.diocese-belfort-montbeliard.fr\/giromagny-rougemont\/#website","url":"https:\/\/www.diocese-belfort-montbeliard.fr\/giromagny-rougemont\/","name":"Doyenn\u00e9 de Giromagny - Rougemont","description":"Dioc\u00e8se de Belfort - Montb\u00e9liard","potentialAction":[{"@type":"SearchAction","target":{"@type":"EntryPoint","urlTemplate":"https:\/\/www.diocese-belfort-montbeliard.fr\/giromagny-rougemont\/?s={search_term_string}"},"query-input":{"@type":"PropertyValueSpecification","valueRequired":true,"valueName":"search_term_string"}}],"inLanguage":"fr-FR"}]}},"_links":{"self":[{"href":"https:\/\/www.diocese-belfort-montbeliard.fr\/giromagny-rougemont\/wp-json\/wp\/v2\/paroisse\/4475","targetHints":{"allow":["GET"]}}],"collection":[{"href":"https:\/\/www.diocese-belfort-montbeliard.fr\/giromagny-rougemont\/wp-json\/wp\/v2\/paroisse"}],"about":[{"href":"https:\/\/www.diocese-belfort-montbeliard.fr\/giromagny-rougemont\/wp-json\/wp\/v2\/types\/paroisse"}],"author":[{"embeddable":true,"href":"https:\/\/www.diocese-belfort-montbeliard.fr\/giromagny-rougemont\/wp-json\/wp\/v2\/users\/10"}],"version-history":[{"count":9,"href":"https:\/\/www.diocese-belfort-montbeliard.fr\/giromagny-rougemont\/wp-json\/wp\/v2\/paroisse\/4475\/revisions"}],"predecessor-version":[{"id":4886,"href":"https:\/\/www.diocese-belfort-montbeliard.fr\/giromagny-rougemont\/wp-json\/wp\/v2\/paroisse\/4475\/revisions\/4886"}],"up":[{"embeddable":true,"href":"https:\/\/www.diocese-belfort-montbeliard.fr\/giromagny-rougemont\/wp-json\/wp\/v2\/paroisse\/808"}],"wp:featuredmedia":[{"embeddable":true,"href":"https:\/\/www.diocese-belfort-montbeliard.fr\/giromagny-rougemont\/wp-json\/wp\/v2\/media\/1515"}],"wp:attachment":[{"href":"https:\/\/www.diocese-belfort-montbeliard.fr\/giromagny-rougemont\/wp-json\/wp\/v2\/media?parent=4475"}],"curies":[{"name":"wp","href":"https:\/\/api.w.org\/{rel}","templated":true}]}}