{"id":5088,"date":"2026-02-11T10:01:45","date_gmt":"2026-02-11T09:01:45","guid":{"rendered":"https:\/\/www.diocese-belfort-montbeliard.fr\/giromagny-rougemont\/?post_type=paroisse&#038;p=5088"},"modified":"2026-03-25T18:27:16","modified_gmt":"2026-03-25T17:27:16","slug":"la-vie-de-la-paroisse-en-photo-2026","status":"publish","type":"paroisse","link":"https:\/\/www.diocese-belfort-montbeliard.fr\/giromagny-rougemont\/paroisses\/saint-jean-levangeliste\/la-vie-de-la-paroisse-en-photo-2026\/","title":{"rendered":"La vie de la paroisse en photo 2026"},"content":{"rendered":"\n<div class=\"wp-block-media-text is-stacked-on-mobile\" style=\"grid-template-columns:29% auto\"><figure class=\"wp-block-media-text__media\"><img loading=\"lazy\" decoding=\"async\" width=\"1620\" height=\"1080\" src=\"https:\/\/www.diocese-belfort-montbeliard.fr\/giromagny-rougemont\/wp-content\/uploads\/sites\/3\/2026\/01\/team-4529717_1920-1620x1080.jpg\" alt=\"\" class=\"wp-image-4995 size-full\" srcset=\"https:\/\/www.diocese-belfort-montbeliard.fr\/giromagny-rougemont\/wp-content\/uploads\/sites\/3\/2026\/01\/team-4529717_1920-1620x1080.jpg 1620w, https:\/\/www.diocese-belfort-montbeliard.fr\/giromagny-rougemont\/wp-content\/uploads\/sites\/3\/2026\/01\/team-4529717_1920-600x400.jpg 600w, https:\/\/www.diocese-belfort-montbeliard.fr\/giromagny-rougemont\/wp-content\/uploads\/sites\/3\/2026\/01\/team-4529717_1920-768x512.jpg 768w, https:\/\/www.diocese-belfort-montbeliard.fr\/giromagny-rougemont\/wp-content\/uploads\/sites\/3\/2026\/01\/team-4529717_1920-1536x1024.jpg 1536w, https:\/\/www.diocese-belfort-montbeliard.fr\/giromagny-rougemont\/wp-content\/uploads\/sites\/3\/2026\/01\/team-4529717_1920.jpg 1920w\" sizes=\"auto, (max-width: 1620px) 100vw, 1620px\" \/><\/figure><div class=\"wp-block-media-text__content\">\n<p class=\"has-bleu-color has-text-color has-link-color has-large-font-size wp-elements-bb5a24f53e9f37160120437b0ce15a22\"> \u00ab\u00a0<em><strong>Chr\u00e9tiens \u2013 Musulmans : d \u2019o\u00f9 vient la m\u00e9fiance ?\u00a0\u00bb <\/strong><\/em><\/p>\n\n\n\n<p class=\"has-bleu-color has-text-color has-link-color has-medium-font-size wp-elements-c65af501784bc32c0b435dd5eea3e534\">Une petite vingtaine de personnes \u00e9tait pr\u00e9sente ce lundi 12 janvier 2026 et avait r\u00e9pondu \u00e0 l&rsquo;invitation du groupe Solidarit\u00e9 des paroisses St Jean et Ste Famille pour \u00e9changer sur ce th\u00e8me, en pr\u00e9sence de Badreddine Hambli et du p\u00e8re Jean-Marie Baertschi, tous deux membres du groupe interreligieux de Belfort.<\/p>\n<\/div><\/div>\n\n\n\n<p class=\"has-gris-clair-color has-text-color has-link-color has-medium-font-size wp-elements-3503ad44814871e2c3deb87465870141\">\u00ab\u00a0<em>Le probl\u00e8me vient peut \u00eatre que chaque communaut\u00e9 croit en la mission de convertir \u00ab\u00a0l&rsquo;ennemi, comme cela s&rsquo;est fait longtemps et encore de nos jours, par tous les moyens allant jusqu&rsquo;\u00e0 la guerre, ce qui cr\u00e9e rancune, m\u00e9fiance et tensions \u00e0 l&rsquo;infini. La libert\u00e9 de choix de religion devrait \u00eatre respect\u00e9e et admises comme un droit de l&rsquo;homme dans chaque pays<\/em>\u00a0\u00bb (p\u00e8re Jean-Marie)<\/p>\n\n\n\n<p class=\"has-bleu-color has-text-color has-link-color has-medium-font-size wp-elements-5e366f2b4ddb7dd51f39dc304b840e42\">Badreddine fait part des difficult\u00e9s rencontr\u00e9es par la communaut\u00e9 musulmane au quotidien. \u00ab\u00a0<em>Vivre musulman en France est difficile &#8230; Pour esp\u00e9rer une vie plus sereine, de nombreux musulmans quittent la France pour l&rsquo;Angleterre ou le Canada\u00a0\u00bb&#8230;<\/em><\/p>\n\n\n\n<p class=\"has-gris-clair-color has-text-color has-link-color has-medium-font-size wp-elements-09ef24a2ab030eb9eb7a067697b71c93\">Des conf\u00e9rences et expositions organis\u00e9es cette ann\u00e9e dans la r\u00e9gion permettront de comprendre que le dialogue et le respect malgr\u00e9 les diff\u00e9rences apportent convivialit\u00e9 et entente cordiale.<\/p>\n\n\n\n<p><\/p>\n\n\n\n<p><\/p>\n\n\n\n<p><\/p>\n\n\n\n<p><\/p>\n\n\n\n<p class=\"has-text-align-right has-vert-color has-text-color has-link-color has-large-font-size wp-elements-eb7432b583fa775b2fe2007d01d62b21\"><strong><em>Les b\u00e9n\u00e9voles de la paroisse \u00e0 l&rsquo;honneur<\/em><\/strong><\/p>\n\n\n\n<div class=\"wp-block-media-text has-media-on-the-right is-stacked-on-mobile\" style=\"grid-template-columns:auto 32%\"><div class=\"wp-block-media-text__content\">\n<p class=\"has-vert-color has-text-color has-link-color has-medium-font-size wp-elements-8d5fed02c787da347f5fb4dfe221680e\">Le 31 janvier, 31 b\u00e9n\u00e9voles (sur 53 invit\u00e9s) de la paroisse se sont retrouv\u00e9s pour partager la galette et le verre de l&rsquo;amiti\u00e9.<\/p>\n\n\n\n<p class=\"has-vert-color has-text-color has-link-color has-medium-font-size wp-elements-9a991cf00d2a7ae99f777051b255307b\">L&rsquo;EAP a souhait\u00e9, en ce d\u00e9but d&rsquo;ann\u00e9e et pour la premi\u00e8re fois, remercier toutes celles et ceux qui interviennent dans la vie de la paroisse, sur l&rsquo;un ou l&rsquo;autre groupe paroissial ou simplement en donnant de son temps pour aider au bon fonctionnement de la paroisse. <\/p>\n\n\n\n<p class=\"has-vert-color has-text-color has-link-color has-medium-font-size wp-elements-4c6ee141b7ec0e5de8102bf146e053d4\">Un moment convivial o\u00f9 chacune et chacun a pu se pr\u00e9senter. Tout le monde s&rsquo;est ensuite retrouv\u00e9 autour des galettes et du verre  de l&rsquo;amiti\u00e9, pour continuer \u00e0 \u00e9changer sur les derni\u00e8res nouvelles de la paroisse, sur les activit\u00e9s des uns et des autres ou sur l&rsquo;actualit\u00e9 de ce d\u00e9but d&rsquo;ann\u00e9e. <\/p>\n\n\n\n<p class=\"has-vert-color has-text-color has-link-color has-medium-font-size wp-elements-436fe7ff1d0819a5284959855f13f7fc\">Un moment fort appr\u00e9ci\u00e9 par tous les pr\u00e9sents qui ne se c\u00f4toient pas forc\u00e9ment le reste du temps ou ne se voient qu&rsquo;en certaines occasions.<\/p>\n<\/div><figure class=\"wp-block-media-text__media\"><img loading=\"lazy\" decoding=\"async\" width=\"1440\" height=\"1080\" src=\"https:\/\/www.diocese-belfort-montbeliard.fr\/giromagny-rougemont\/wp-content\/uploads\/sites\/3\/2026\/02\/20260131_172809-1440x1080.jpg\" alt=\"\" class=\"wp-image-5092 size-full\" srcset=\"https:\/\/www.diocese-belfort-montbeliard.fr\/giromagny-rougemont\/wp-content\/uploads\/sites\/3\/2026\/02\/20260131_172809-1440x1080.jpg 1440w, https:\/\/www.diocese-belfort-montbeliard.fr\/giromagny-rougemont\/wp-content\/uploads\/sites\/3\/2026\/02\/20260131_172809-600x450.jpg 600w, https:\/\/www.diocese-belfort-montbeliard.fr\/giromagny-rougemont\/wp-content\/uploads\/sites\/3\/2026\/02\/20260131_172809-768x576.jpg 768w, https:\/\/www.diocese-belfort-montbeliard.fr\/giromagny-rougemont\/wp-content\/uploads\/sites\/3\/2026\/02\/20260131_172809-1536x1152.jpg 1536w, https:\/\/www.diocese-belfort-montbeliard.fr\/giromagny-rougemont\/wp-content\/uploads\/sites\/3\/2026\/02\/20260131_172809-2048x1536.jpg 2048w\" sizes=\"auto, (max-width: 1440px) 100vw, 1440px\" \/><\/figure><\/div>\n\n\n\n<div class=\"wp-block-media-text is-stacked-on-mobile\"><figure class=\"wp-block-media-text__media\"><\/figure><div class=\"wp-block-media-text__content\">\n<p class=\"has-gris-clair-color has-text-color has-link-color has-large-font-size wp-elements-735d7439ed888710c882585eaf4b1285\"><strong><em>Entr\u00e9e en Car\u00eame autour d&rsquo;un bol de soupe<\/em><\/strong><\/p>\n\n\n\n<p class=\"has-gris-clair-color has-text-color has-link-color has-medium-font-size wp-elements-2909183d9d470c4b3df3de3ba0dd9e8a\">16 personnes se sont retrouv\u00e9es autour d\u2019un bol de soupe et d\u2019une pomme \u00e0 la salle paroissiale de Lachapelle\/Chaux. Un \u00e9change s\u2019est ensuite engag\u00e9 sur le Car\u00eame, que repr\u00e9sente-t-il pour chacun, Car\u00eame et Ramadan&nbsp;: quelles diff\u00e9rences&nbsp;?<\/p>\n\n\n\n<p class=\"has-gris-clair-color has-text-color has-link-color has-medium-font-size wp-elements-88137937fc77fd0a3867d6d81b08ac66\">La&nbsp; collecte de la soir\u00e9e sera adress\u00e9e \u00e0 une association camerounaise qui vient en aide aux femmes.<\/p>\n<\/div><\/div>\n","protected":false},"author":10,"featured_media":4608,"parent":8,"menu_order":32,"template":"","meta":{"_acf_changed":false,"footnotes":""},"class_list":["post-5088","paroisse","type-paroisse","status-publish","has-post-thumbnail","hentry"],"acf":[],"yoast_head":"<!-- This site is optimized with the Yoast SEO plugin v27.4 - https:\/\/yoast.com\/product\/yoast-seo-wordpress\/ -->\n<title>La vie de la paroisse en photo 2026 - Doyenn\u00e9 de Giromagny - Rougemont<\/title>\n<meta name=\"robots\" content=\"index, follow, max-snippet:-1, max-image-preview:large, max-video-preview:-1\" \/>\n<link rel=\"canonical\" href=\"https:\/\/www.diocese-belfort-montbeliard.fr\/giromagny-rougemont\/paroisses\/saint-jean-levangeliste\/la-vie-de-la-paroisse-en-photo-2026\/\" \/>\n<meta property=\"og:locale\" content=\"fr_FR\" \/>\n<meta property=\"og:type\" content=\"article\" \/>\n<meta property=\"og:title\" content=\"La vie de la paroisse en photo 2026 - Doyenn\u00e9 de Giromagny - Rougemont\" \/>\n<meta property=\"og:description\" content=\"\u00ab\u00a0Chr\u00e9tiens \u2013 Musulmans : d \u2019o\u00f9 vient la m\u00e9fiance ?\u00a0\u00bb Une petite vingtaine de personnes \u00e9tait pr\u00e9sente ce lundi 12 janvier 2026 et avait r\u00e9pondu \u00e0 l&rsquo;invitation du groupe Solidarit\u00e9 des paroisses St Jean et Ste Famille pour \u00e9changer sur ce th\u00e8me, en pr\u00e9sence de Badreddine Hambli et du p\u00e8re Jean-Marie Baertschi, tous deux membres [&hellip;]\" \/>\n<meta property=\"og:url\" content=\"https:\/\/www.diocese-belfort-montbeliard.fr\/giromagny-rougemont\/paroisses\/saint-jean-levangeliste\/la-vie-de-la-paroisse-en-photo-2026\/\" \/>\n<meta property=\"og:site_name\" content=\"Doyenn\u00e9 de Giromagny - Rougemont\" \/>\n<meta property=\"article:modified_time\" content=\"2026-03-25T17:27:16+00:00\" \/>\n<meta property=\"og:image\" content=\"https:\/\/www.diocese-belfort-montbeliard.fr\/giromagny-rougemont\/wp-content\/uploads\/sites\/3\/2025\/03\/20250627_202606-scaled.jpg\" \/>\n\t<meta property=\"og:image:width\" content=\"1920\" \/>\n\t<meta property=\"og:image:height\" content=\"2560\" \/>\n\t<meta property=\"og:image:type\" content=\"image\/jpeg\" \/>\n<meta name=\"twitter:card\" content=\"summary_large_image\" \/>\n<meta name=\"twitter:label1\" content=\"Dur\u00e9e de lecture estim\u00e9e\" \/>\n\t<meta name=\"twitter:data1\" content=\"3 minutes\" \/>\n<script type=\"application\/ld+json\" class=\"yoast-schema-graph\">{\"@context\":\"https:\\\/\\\/schema.org\",\"@graph\":[{\"@type\":\"WebPage\",\"@id\":\"https:\\\/\\\/www.diocese-belfort-montbeliard.fr\\\/giromagny-rougemont\\\/paroisses\\\/saint-jean-levangeliste\\\/la-vie-de-la-paroisse-en-photo-2026\\\/\",\"url\":\"https:\\\/\\\/www.diocese-belfort-montbeliard.fr\\\/giromagny-rougemont\\\/paroisses\\\/saint-jean-levangeliste\\\/la-vie-de-la-paroisse-en-photo-2026\\\/\",\"name\":\"La vie de la paroisse en photo 2026 - Doyenn\u00e9 de Giromagny - Rougemont\",\"isPartOf\":{\"@id\":\"https:\\\/\\\/www.diocese-belfort-montbeliard.fr\\\/giromagny-rougemont\\\/#website\"},\"primaryImageOfPage\":{\"@id\":\"https:\\\/\\\/www.diocese-belfort-montbeliard.fr\\\/giromagny-rougemont\\\/paroisses\\\/saint-jean-levangeliste\\\/la-vie-de-la-paroisse-en-photo-2026\\\/#primaryimage\"},\"image\":{\"@id\":\"https:\\\/\\\/www.diocese-belfort-montbeliard.fr\\\/giromagny-rougemont\\\/paroisses\\\/saint-jean-levangeliste\\\/la-vie-de-la-paroisse-en-photo-2026\\\/#primaryimage\"},\"thumbnailUrl\":\"https:\\\/\\\/www.diocese-belfort-montbeliard.fr\\\/giromagny-rougemont\\\/wp-content\\\/uploads\\\/sites\\\/3\\\/2025\\\/03\\\/20250627_202606-scaled.jpg\",\"datePublished\":\"2026-02-11T09:01:45+00:00\",\"dateModified\":\"2026-03-25T17:27:16+00:00\",\"breadcrumb\":{\"@id\":\"https:\\\/\\\/www.diocese-belfort-montbeliard.fr\\\/giromagny-rougemont\\\/paroisses\\\/saint-jean-levangeliste\\\/la-vie-de-la-paroisse-en-photo-2026\\\/#breadcrumb\"},\"inLanguage\":\"fr-FR\",\"potentialAction\":[{\"@type\":\"ReadAction\",\"target\":[\"https:\\\/\\\/www.diocese-belfort-montbeliard.fr\\\/giromagny-rougemont\\\/paroisses\\\/saint-jean-levangeliste\\\/la-vie-de-la-paroisse-en-photo-2026\\\/\"]}]},{\"@type\":\"ImageObject\",\"inLanguage\":\"fr-FR\",\"@id\":\"https:\\\/\\\/www.diocese-belfort-montbeliard.fr\\\/giromagny-rougemont\\\/paroisses\\\/saint-jean-levangeliste\\\/la-vie-de-la-paroisse-en-photo-2026\\\/#primaryimage\",\"url\":\"https:\\\/\\\/www.diocese-belfort-montbeliard.fr\\\/giromagny-rougemont\\\/wp-content\\\/uploads\\\/sites\\\/3\\\/2025\\\/03\\\/20250627_202606-scaled.jpg\",\"contentUrl\":\"https:\\\/\\\/www.diocese-belfort-montbeliard.fr\\\/giromagny-rougemont\\\/wp-content\\\/uploads\\\/sites\\\/3\\\/2025\\\/03\\\/20250627_202606-scaled.jpg\",\"width\":1920,\"height\":2560},{\"@type\":\"BreadcrumbList\",\"@id\":\"https:\\\/\\\/www.diocese-belfort-montbeliard.fr\\\/giromagny-rougemont\\\/paroisses\\\/saint-jean-levangeliste\\\/la-vie-de-la-paroisse-en-photo-2026\\\/#breadcrumb\",\"itemListElement\":[{\"@type\":\"ListItem\",\"position\":1,\"name\":\"Accueil\",\"item\":\"https:\\\/\\\/www.diocese-belfort-montbeliard.fr\\\/giromagny-rougemont\\\/\"},{\"@type\":\"ListItem\",\"position\":2,\"name\":\"Saint Jean l&#8217;\u00c9vang\u00e9liste\",\"item\":\"https:\\\/\\\/www.diocese-belfort-montbeliard.fr\\\/giromagny-rougemont\\\/paroisses\\\/saint-jean-levangeliste\\\/\"},{\"@type\":\"ListItem\",\"position\":3,\"name\":\"La vie de la paroisse en photo 2026\"}]},{\"@type\":\"WebSite\",\"@id\":\"https:\\\/\\\/www.diocese-belfort-montbeliard.fr\\\/giromagny-rougemont\\\/#website\",\"url\":\"https:\\\/\\\/www.diocese-belfort-montbeliard.fr\\\/giromagny-rougemont\\\/\",\"name\":\"Doyenn\u00e9 de Giromagny - Rougemont\",\"description\":\"Dioc\u00e8se de Belfort - Montb\u00e9liard\",\"potentialAction\":[{\"@type\":\"SearchAction\",\"target\":{\"@type\":\"EntryPoint\",\"urlTemplate\":\"https:\\\/\\\/www.diocese-belfort-montbeliard.fr\\\/giromagny-rougemont\\\/?s={search_term_string}\"},\"query-input\":{\"@type\":\"PropertyValueSpecification\",\"valueRequired\":true,\"valueName\":\"search_term_string\"}}],\"inLanguage\":\"fr-FR\"}]}<\/script>\n<!-- \/ Yoast SEO plugin. -->","yoast_head_json":{"title":"La vie de la paroisse en photo 2026 - Doyenn\u00e9 de Giromagny - Rougemont","robots":{"index":"index","follow":"follow","max-snippet":"max-snippet:-1","max-image-preview":"max-image-preview:large","max-video-preview":"max-video-preview:-1"},"canonical":"https:\/\/www.diocese-belfort-montbeliard.fr\/giromagny-rougemont\/paroisses\/saint-jean-levangeliste\/la-vie-de-la-paroisse-en-photo-2026\/","og_locale":"fr_FR","og_type":"article","og_title":"La vie de la paroisse en photo 2026 - Doyenn\u00e9 de Giromagny - Rougemont","og_description":"\u00ab\u00a0Chr\u00e9tiens \u2013 Musulmans : d \u2019o\u00f9 vient la m\u00e9fiance ?\u00a0\u00bb Une petite vingtaine de personnes \u00e9tait pr\u00e9sente ce lundi 12 janvier 2026 et avait r\u00e9pondu \u00e0 l&rsquo;invitation du groupe Solidarit\u00e9 des paroisses St Jean et Ste Famille pour \u00e9changer sur ce th\u00e8me, en pr\u00e9sence de Badreddine Hambli et du p\u00e8re Jean-Marie Baertschi, tous deux membres [&hellip;]","og_url":"https:\/\/www.diocese-belfort-montbeliard.fr\/giromagny-rougemont\/paroisses\/saint-jean-levangeliste\/la-vie-de-la-paroisse-en-photo-2026\/","og_site_name":"Doyenn\u00e9 de Giromagny - Rougemont","article_modified_time":"2026-03-25T17:27:16+00:00","og_image":[{"width":1920,"height":2560,"url":"https:\/\/www.diocese-belfort-montbeliard.fr\/giromagny-rougemont\/wp-content\/uploads\/sites\/3\/2025\/03\/20250627_202606-scaled.jpg","type":"image\/jpeg"}],"twitter_card":"summary_large_image","twitter_misc":{"Dur\u00e9e de lecture estim\u00e9e":"3 minutes"},"schema":{"@context":"https:\/\/schema.org","@graph":[{"@type":"WebPage","@id":"https:\/\/www.diocese-belfort-montbeliard.fr\/giromagny-rougemont\/paroisses\/saint-jean-levangeliste\/la-vie-de-la-paroisse-en-photo-2026\/","url":"https:\/\/www.diocese-belfort-montbeliard.fr\/giromagny-rougemont\/paroisses\/saint-jean-levangeliste\/la-vie-de-la-paroisse-en-photo-2026\/","name":"La vie de la paroisse en photo 2026 - Doyenn\u00e9 de Giromagny - Rougemont","isPartOf":{"@id":"https:\/\/www.diocese-belfort-montbeliard.fr\/giromagny-rougemont\/#website"},"primaryImageOfPage":{"@id":"https:\/\/www.diocese-belfort-montbeliard.fr\/giromagny-rougemont\/paroisses\/saint-jean-levangeliste\/la-vie-de-la-paroisse-en-photo-2026\/#primaryimage"},"image":{"@id":"https:\/\/www.diocese-belfort-montbeliard.fr\/giromagny-rougemont\/paroisses\/saint-jean-levangeliste\/la-vie-de-la-paroisse-en-photo-2026\/#primaryimage"},"thumbnailUrl":"https:\/\/www.diocese-belfort-montbeliard.fr\/giromagny-rougemont\/wp-content\/uploads\/sites\/3\/2025\/03\/20250627_202606-scaled.jpg","datePublished":"2026-02-11T09:01:45+00:00","dateModified":"2026-03-25T17:27:16+00:00","breadcrumb":{"@id":"https:\/\/www.diocese-belfort-montbeliard.fr\/giromagny-rougemont\/paroisses\/saint-jean-levangeliste\/la-vie-de-la-paroisse-en-photo-2026\/#breadcrumb"},"inLanguage":"fr-FR","potentialAction":[{"@type":"ReadAction","target":["https:\/\/www.diocese-belfort-montbeliard.fr\/giromagny-rougemont\/paroisses\/saint-jean-levangeliste\/la-vie-de-la-paroisse-en-photo-2026\/"]}]},{"@type":"ImageObject","inLanguage":"fr-FR","@id":"https:\/\/www.diocese-belfort-montbeliard.fr\/giromagny-rougemont\/paroisses\/saint-jean-levangeliste\/la-vie-de-la-paroisse-en-photo-2026\/#primaryimage","url":"https:\/\/www.diocese-belfort-montbeliard.fr\/giromagny-rougemont\/wp-content\/uploads\/sites\/3\/2025\/03\/20250627_202606-scaled.jpg","contentUrl":"https:\/\/www.diocese-belfort-montbeliard.fr\/giromagny-rougemont\/wp-content\/uploads\/sites\/3\/2025\/03\/20250627_202606-scaled.jpg","width":1920,"height":2560},{"@type":"BreadcrumbList","@id":"https:\/\/www.diocese-belfort-montbeliard.fr\/giromagny-rougemont\/paroisses\/saint-jean-levangeliste\/la-vie-de-la-paroisse-en-photo-2026\/#breadcrumb","itemListElement":[{"@type":"ListItem","position":1,"name":"Accueil","item":"https:\/\/www.diocese-belfort-montbeliard.fr\/giromagny-rougemont\/"},{"@type":"ListItem","position":2,"name":"Saint Jean l&#8217;\u00c9vang\u00e9liste","item":"https:\/\/www.diocese-belfort-montbeliard.fr\/giromagny-rougemont\/paroisses\/saint-jean-levangeliste\/"},{"@type":"ListItem","position":3,"name":"La vie de la paroisse en photo 2026"}]},{"@type":"WebSite","@id":"https:\/\/www.diocese-belfort-montbeliard.fr\/giromagny-rougemont\/#website","url":"https:\/\/www.diocese-belfort-montbeliard.fr\/giromagny-rougemont\/","name":"Doyenn\u00e9 de Giromagny - Rougemont","description":"Dioc\u00e8se de Belfort - Montb\u00e9liard","potentialAction":[{"@type":"SearchAction","target":{"@type":"EntryPoint","urlTemplate":"https:\/\/www.diocese-belfort-montbeliard.fr\/giromagny-rougemont\/?s={search_term_string}"},"query-input":{"@type":"PropertyValueSpecification","valueRequired":true,"valueName":"search_term_string"}}],"inLanguage":"fr-FR"}]}},"_links":{"self":[{"href":"https:\/\/www.diocese-belfort-montbeliard.fr\/giromagny-rougemont\/wp-json\/wp\/v2\/paroisse\/5088","targetHints":{"allow":["GET"]}}],"collection":[{"href":"https:\/\/www.diocese-belfort-montbeliard.fr\/giromagny-rougemont\/wp-json\/wp\/v2\/paroisse"}],"about":[{"href":"https:\/\/www.diocese-belfort-montbeliard.fr\/giromagny-rougemont\/wp-json\/wp\/v2\/types\/paroisse"}],"author":[{"embeddable":true,"href":"https:\/\/www.diocese-belfort-montbeliard.fr\/giromagny-rougemont\/wp-json\/wp\/v2\/users\/10"}],"version-history":[{"count":5,"href":"https:\/\/www.diocese-belfort-montbeliard.fr\/giromagny-rougemont\/wp-json\/wp\/v2\/paroisse\/5088\/revisions"}],"predecessor-version":[{"id":5131,"href":"https:\/\/www.diocese-belfort-montbeliard.fr\/giromagny-rougemont\/wp-json\/wp\/v2\/paroisse\/5088\/revisions\/5131"}],"up":[{"embeddable":true,"href":"https:\/\/www.diocese-belfort-montbeliard.fr\/giromagny-rougemont\/wp-json\/wp\/v2\/paroisse\/8"}],"wp:featuredmedia":[{"embeddable":true,"href":"https:\/\/www.diocese-belfort-montbeliard.fr\/giromagny-rougemont\/wp-json\/wp\/v2\/media\/4608"}],"wp:attachment":[{"href":"https:\/\/www.diocese-belfort-montbeliard.fr\/giromagny-rougemont\/wp-json\/wp\/v2\/media?parent=5088"}],"curies":[{"name":"wp","href":"https:\/\/api.w.org\/{rel}","templated":true}]}}