{"id":66,"date":"2020-12-16T16:28:24","date_gmt":"2020-12-16T15:28:24","guid":{"rendered":"https:\/\/www.diocese-belfort-montbeliard.fr\/giromagny-rougemont\/?post_type=paroisse&#038;p=66"},"modified":"2024-09-29T17:49:59","modified_gmt":"2024-09-29T15:49:59","slug":"les-funerailles","status":"publish","type":"paroisse","link":"https:\/\/www.diocese-belfort-montbeliard.fr\/giromagny-rougemont\/paroisses\/saint-nicolas\/les-funerailles\/","title":{"rendered":"Les fun\u00e9railles"},"content":{"rendered":"\n<h2 class=\"wp-block-heading\">Organisation des fun\u00e9railles \u00e0 la paroisse Saint Nicolas<\/h2>\n\n\n<div class=\"wp-block-image\">\n<figure class=\"alignleft size-medium\"><img loading=\"lazy\" decoding=\"async\" width=\"600\" height=\"450\" src=\"https:\/\/www.diocese-belfort-montbeliard.fr\/giromagny-rougemont\/wp-content\/uploads\/sites\/3\/2021\/03\/paques-600x450.jpg\" alt=\"\" class=\"wp-image-625\" srcset=\"https:\/\/www.diocese-belfort-montbeliard.fr\/giromagny-rougemont\/wp-content\/uploads\/sites\/3\/2021\/03\/paques-600x450.jpg 600w, https:\/\/www.diocese-belfort-montbeliard.fr\/giromagny-rougemont\/wp-content\/uploads\/sites\/3\/2021\/03\/paques-1440x1080.jpg 1440w, https:\/\/www.diocese-belfort-montbeliard.fr\/giromagny-rougemont\/wp-content\/uploads\/sites\/3\/2021\/03\/paques-768x576.jpg 768w, https:\/\/www.diocese-belfort-montbeliard.fr\/giromagny-rougemont\/wp-content\/uploads\/sites\/3\/2021\/03\/paques-1536x1152.jpg 1536w, https:\/\/www.diocese-belfort-montbeliard.fr\/giromagny-rougemont\/wp-content\/uploads\/sites\/3\/2021\/03\/paques.jpg 2048w\" sizes=\"auto, (max-width: 600px) 100vw, 600px\" \/><figcaption class=\"wp-element-caption\">\u00ab Il fallait que J\u00e9sus ressuscite d\u2019entre les morts \u00bb (Jn 20, 1-9)<\/figcaption><\/figure>\n<\/div>\n\n\n<p>Quand survient un deuil, les dates et l\u2019horaire des obs\u00e8ques sont d\u00e9cid\u00e9s en concertation avec la famille, les Pompes Fun\u00e8bres et l\u2019\u00e9quipe des fun\u00e9railles.<\/p>\n\n\n\n<p>La pr\u00e9sence d\u2019un pr\u00eatre est encore fr\u00e9quente mais ne peut plus \u00eatre certaine pour toutes les obs\u00e8ques.<\/p>\n\n\n\n<p>C\u2019est pourquoi une \u00e9quipe de fun\u00e9railles est constitu\u00e9e de&nbsp;la\u00efcs form\u00e9s et envoy\u00e9s par l&rsquo;\u00e9v\u00eaque&nbsp;pour pr\u00e9sider la c\u00e9l\u00e9bration et assurer la pri\u00e8re.<\/p>\n\n\n\n<p>Une c\u00e9l\u00e9bration des fun\u00e9railles est organis\u00e9e lors d\u2019une c\u00e9l\u00e9bration dominicale suivante<\/p>\n\n\n\n<p><\/p>\n\n\n\n<p><\/p>\n\n\n\n<h3 class=\"wp-block-heading\">Contacts<\/h3>\n\n\n\n<p>Paroisse Saint Nicolas : Permanences les mardi de 9H \u00e0 12h<br>\u25ba03 84 23 00 93 &#8211; paroisse-st-nicolas@diocesebm.fr<\/p>\n","protected":false},"author":1,"featured_media":0,"parent":10,"menu_order":64,"template":"","meta":{"_acf_changed":false,"footnotes":""},"class_list":["post-66","paroisse","type-paroisse","status-publish","hentry"],"acf":[],"yoast_head":"<!-- This site is optimized with the Yoast SEO plugin v27.4 - https:\/\/yoast.com\/product\/yoast-seo-wordpress\/ -->\n<title>Les fun\u00e9railles - Doyenn\u00e9 de Giromagny - Rougemont<\/title>\n<meta name=\"robots\" content=\"index, follow, max-snippet:-1, max-image-preview:large, max-video-preview:-1\" \/>\n<link rel=\"canonical\" href=\"https:\/\/www.diocese-belfort-montbeliard.fr\/giromagny-rougemont\/paroisses\/saint-nicolas\/les-funerailles\/\" \/>\n<meta property=\"og:locale\" content=\"fr_FR\" \/>\n<meta property=\"og:type\" content=\"article\" \/>\n<meta property=\"og:title\" content=\"Les fun\u00e9railles - Doyenn\u00e9 de Giromagny - Rougemont\" \/>\n<meta property=\"og:description\" content=\"Organisation des fun\u00e9railles \u00e0 la paroisse Saint Nicolas Quand survient un deuil, les dates et l\u2019horaire des obs\u00e8ques sont d\u00e9cid\u00e9s en concertation avec la famille, les Pompes Fun\u00e8bres et l\u2019\u00e9quipe des fun\u00e9railles. La pr\u00e9sence d\u2019un pr\u00eatre est encore fr\u00e9quente mais ne peut plus \u00eatre certaine pour toutes les obs\u00e8ques. C\u2019est pourquoi une \u00e9quipe de fun\u00e9railles [&hellip;]\" \/>\n<meta property=\"og:url\" content=\"https:\/\/www.diocese-belfort-montbeliard.fr\/giromagny-rougemont\/paroisses\/saint-nicolas\/les-funerailles\/\" \/>\n<meta property=\"og:site_name\" content=\"Doyenn\u00e9 de Giromagny - Rougemont\" \/>\n<meta property=\"article:modified_time\" content=\"2024-09-29T15:49:59+00:00\" \/>\n<meta property=\"og:image\" content=\"https:\/\/www.diocese-belfort-montbeliard.fr\/giromagny-rougemont\/wp-content\/uploads\/sites\/3\/2021\/03\/paques-600x450.jpg\" \/>\n<meta name=\"twitter:card\" content=\"summary_large_image\" \/>\n<meta name=\"twitter:label1\" content=\"Dur\u00e9e de lecture estim\u00e9e\" \/>\n\t<meta name=\"twitter:data1\" content=\"1 minute\" \/>\n<script type=\"application\/ld+json\" class=\"yoast-schema-graph\">{\"@context\":\"https:\\\/\\\/schema.org\",\"@graph\":[{\"@type\":\"WebPage\",\"@id\":\"https:\\\/\\\/www.diocese-belfort-montbeliard.fr\\\/giromagny-rougemont\\\/paroisses\\\/saint-nicolas\\\/les-funerailles\\\/\",\"url\":\"https:\\\/\\\/www.diocese-belfort-montbeliard.fr\\\/giromagny-rougemont\\\/paroisses\\\/saint-nicolas\\\/les-funerailles\\\/\",\"name\":\"Les fun\u00e9railles - Doyenn\u00e9 de Giromagny - Rougemont\",\"isPartOf\":{\"@id\":\"https:\\\/\\\/www.diocese-belfort-montbeliard.fr\\\/giromagny-rougemont\\\/#website\"},\"primaryImageOfPage\":{\"@id\":\"https:\\\/\\\/www.diocese-belfort-montbeliard.fr\\\/giromagny-rougemont\\\/paroisses\\\/saint-nicolas\\\/les-funerailles\\\/#primaryimage\"},\"image\":{\"@id\":\"https:\\\/\\\/www.diocese-belfort-montbeliard.fr\\\/giromagny-rougemont\\\/paroisses\\\/saint-nicolas\\\/les-funerailles\\\/#primaryimage\"},\"thumbnailUrl\":\"https:\\\/\\\/www.diocese-belfort-montbeliard.fr\\\/giromagny-rougemont\\\/wp-content\\\/uploads\\\/sites\\\/3\\\/2021\\\/03\\\/paques-600x450.jpg\",\"datePublished\":\"2020-12-16T15:28:24+00:00\",\"dateModified\":\"2024-09-29T15:49:59+00:00\",\"breadcrumb\":{\"@id\":\"https:\\\/\\\/www.diocese-belfort-montbeliard.fr\\\/giromagny-rougemont\\\/paroisses\\\/saint-nicolas\\\/les-funerailles\\\/#breadcrumb\"},\"inLanguage\":\"fr-FR\",\"potentialAction\":[{\"@type\":\"ReadAction\",\"target\":[\"https:\\\/\\\/www.diocese-belfort-montbeliard.fr\\\/giromagny-rougemont\\\/paroisses\\\/saint-nicolas\\\/les-funerailles\\\/\"]}]},{\"@type\":\"ImageObject\",\"inLanguage\":\"fr-FR\",\"@id\":\"https:\\\/\\\/www.diocese-belfort-montbeliard.fr\\\/giromagny-rougemont\\\/paroisses\\\/saint-nicolas\\\/les-funerailles\\\/#primaryimage\",\"url\":\"https:\\\/\\\/www.diocese-belfort-montbeliard.fr\\\/giromagny-rougemont\\\/wp-content\\\/uploads\\\/sites\\\/3\\\/2021\\\/03\\\/paques.jpg\",\"contentUrl\":\"https:\\\/\\\/www.diocese-belfort-montbeliard.fr\\\/giromagny-rougemont\\\/wp-content\\\/uploads\\\/sites\\\/3\\\/2021\\\/03\\\/paques.jpg\",\"width\":2048,\"height\":1536},{\"@type\":\"BreadcrumbList\",\"@id\":\"https:\\\/\\\/www.diocese-belfort-montbeliard.fr\\\/giromagny-rougemont\\\/paroisses\\\/saint-nicolas\\\/les-funerailles\\\/#breadcrumb\",\"itemListElement\":[{\"@type\":\"ListItem\",\"position\":1,\"name\":\"Accueil\",\"item\":\"https:\\\/\\\/www.diocese-belfort-montbeliard.fr\\\/giromagny-rougemont\\\/\"},{\"@type\":\"ListItem\",\"position\":2,\"name\":\"Saint Nicolas\",\"item\":\"https:\\\/\\\/www.diocese-belfort-montbeliard.fr\\\/giromagny-rougemont\\\/paroisses\\\/saint-nicolas\\\/\"},{\"@type\":\"ListItem\",\"position\":3,\"name\":\"Les fun\u00e9railles\"}]},{\"@type\":\"WebSite\",\"@id\":\"https:\\\/\\\/www.diocese-belfort-montbeliard.fr\\\/giromagny-rougemont\\\/#website\",\"url\":\"https:\\\/\\\/www.diocese-belfort-montbeliard.fr\\\/giromagny-rougemont\\\/\",\"name\":\"Doyenn\u00e9 de Giromagny - Rougemont\",\"description\":\"Dioc\u00e8se de Belfort - Montb\u00e9liard\",\"potentialAction\":[{\"@type\":\"SearchAction\",\"target\":{\"@type\":\"EntryPoint\",\"urlTemplate\":\"https:\\\/\\\/www.diocese-belfort-montbeliard.fr\\\/giromagny-rougemont\\\/?s={search_term_string}\"},\"query-input\":{\"@type\":\"PropertyValueSpecification\",\"valueRequired\":true,\"valueName\":\"search_term_string\"}}],\"inLanguage\":\"fr-FR\"}]}<\/script>\n<!-- \/ Yoast SEO plugin. -->","yoast_head_json":{"title":"Les fun\u00e9railles - Doyenn\u00e9 de Giromagny - Rougemont","robots":{"index":"index","follow":"follow","max-snippet":"max-snippet:-1","max-image-preview":"max-image-preview:large","max-video-preview":"max-video-preview:-1"},"canonical":"https:\/\/www.diocese-belfort-montbeliard.fr\/giromagny-rougemont\/paroisses\/saint-nicolas\/les-funerailles\/","og_locale":"fr_FR","og_type":"article","og_title":"Les fun\u00e9railles - Doyenn\u00e9 de Giromagny - Rougemont","og_description":"Organisation des fun\u00e9railles \u00e0 la paroisse Saint Nicolas Quand survient un deuil, les dates et l\u2019horaire des obs\u00e8ques sont d\u00e9cid\u00e9s en concertation avec la famille, les Pompes Fun\u00e8bres et l\u2019\u00e9quipe des fun\u00e9railles. La pr\u00e9sence d\u2019un pr\u00eatre est encore fr\u00e9quente mais ne peut plus \u00eatre certaine pour toutes les obs\u00e8ques. C\u2019est pourquoi une \u00e9quipe de fun\u00e9railles [&hellip;]","og_url":"https:\/\/www.diocese-belfort-montbeliard.fr\/giromagny-rougemont\/paroisses\/saint-nicolas\/les-funerailles\/","og_site_name":"Doyenn\u00e9 de Giromagny - Rougemont","article_modified_time":"2024-09-29T15:49:59+00:00","og_image":[{"url":"https:\/\/www.diocese-belfort-montbeliard.fr\/giromagny-rougemont\/wp-content\/uploads\/sites\/3\/2021\/03\/paques-600x450.jpg","type":"","width":"","height":""}],"twitter_card":"summary_large_image","twitter_misc":{"Dur\u00e9e de lecture estim\u00e9e":"1 minute"},"schema":{"@context":"https:\/\/schema.org","@graph":[{"@type":"WebPage","@id":"https:\/\/www.diocese-belfort-montbeliard.fr\/giromagny-rougemont\/paroisses\/saint-nicolas\/les-funerailles\/","url":"https:\/\/www.diocese-belfort-montbeliard.fr\/giromagny-rougemont\/paroisses\/saint-nicolas\/les-funerailles\/","name":"Les fun\u00e9railles - Doyenn\u00e9 de Giromagny - Rougemont","isPartOf":{"@id":"https:\/\/www.diocese-belfort-montbeliard.fr\/giromagny-rougemont\/#website"},"primaryImageOfPage":{"@id":"https:\/\/www.diocese-belfort-montbeliard.fr\/giromagny-rougemont\/paroisses\/saint-nicolas\/les-funerailles\/#primaryimage"},"image":{"@id":"https:\/\/www.diocese-belfort-montbeliard.fr\/giromagny-rougemont\/paroisses\/saint-nicolas\/les-funerailles\/#primaryimage"},"thumbnailUrl":"https:\/\/www.diocese-belfort-montbeliard.fr\/giromagny-rougemont\/wp-content\/uploads\/sites\/3\/2021\/03\/paques-600x450.jpg","datePublished":"2020-12-16T15:28:24+00:00","dateModified":"2024-09-29T15:49:59+00:00","breadcrumb":{"@id":"https:\/\/www.diocese-belfort-montbeliard.fr\/giromagny-rougemont\/paroisses\/saint-nicolas\/les-funerailles\/#breadcrumb"},"inLanguage":"fr-FR","potentialAction":[{"@type":"ReadAction","target":["https:\/\/www.diocese-belfort-montbeliard.fr\/giromagny-rougemont\/paroisses\/saint-nicolas\/les-funerailles\/"]}]},{"@type":"ImageObject","inLanguage":"fr-FR","@id":"https:\/\/www.diocese-belfort-montbeliard.fr\/giromagny-rougemont\/paroisses\/saint-nicolas\/les-funerailles\/#primaryimage","url":"https:\/\/www.diocese-belfort-montbeliard.fr\/giromagny-rougemont\/wp-content\/uploads\/sites\/3\/2021\/03\/paques.jpg","contentUrl":"https:\/\/www.diocese-belfort-montbeliard.fr\/giromagny-rougemont\/wp-content\/uploads\/sites\/3\/2021\/03\/paques.jpg","width":2048,"height":1536},{"@type":"BreadcrumbList","@id":"https:\/\/www.diocese-belfort-montbeliard.fr\/giromagny-rougemont\/paroisses\/saint-nicolas\/les-funerailles\/#breadcrumb","itemListElement":[{"@type":"ListItem","position":1,"name":"Accueil","item":"https:\/\/www.diocese-belfort-montbeliard.fr\/giromagny-rougemont\/"},{"@type":"ListItem","position":2,"name":"Saint Nicolas","item":"https:\/\/www.diocese-belfort-montbeliard.fr\/giromagny-rougemont\/paroisses\/saint-nicolas\/"},{"@type":"ListItem","position":3,"name":"Les fun\u00e9railles"}]},{"@type":"WebSite","@id":"https:\/\/www.diocese-belfort-montbeliard.fr\/giromagny-rougemont\/#website","url":"https:\/\/www.diocese-belfort-montbeliard.fr\/giromagny-rougemont\/","name":"Doyenn\u00e9 de Giromagny - Rougemont","description":"Dioc\u00e8se de Belfort - Montb\u00e9liard","potentialAction":[{"@type":"SearchAction","target":{"@type":"EntryPoint","urlTemplate":"https:\/\/www.diocese-belfort-montbeliard.fr\/giromagny-rougemont\/?s={search_term_string}"},"query-input":{"@type":"PropertyValueSpecification","valueRequired":true,"valueName":"search_term_string"}}],"inLanguage":"fr-FR"}]}},"_links":{"self":[{"href":"https:\/\/www.diocese-belfort-montbeliard.fr\/giromagny-rougemont\/wp-json\/wp\/v2\/paroisse\/66","targetHints":{"allow":["GET"]}}],"collection":[{"href":"https:\/\/www.diocese-belfort-montbeliard.fr\/giromagny-rougemont\/wp-json\/wp\/v2\/paroisse"}],"about":[{"href":"https:\/\/www.diocese-belfort-montbeliard.fr\/giromagny-rougemont\/wp-json\/wp\/v2\/types\/paroisse"}],"author":[{"embeddable":true,"href":"https:\/\/www.diocese-belfort-montbeliard.fr\/giromagny-rougemont\/wp-json\/wp\/v2\/users\/1"}],"version-history":[{"count":6,"href":"https:\/\/www.diocese-belfort-montbeliard.fr\/giromagny-rougemont\/wp-json\/wp\/v2\/paroisse\/66\/revisions"}],"predecessor-version":[{"id":4114,"href":"https:\/\/www.diocese-belfort-montbeliard.fr\/giromagny-rougemont\/wp-json\/wp\/v2\/paroisse\/66\/revisions\/4114"}],"up":[{"embeddable":true,"href":"https:\/\/www.diocese-belfort-montbeliard.fr\/giromagny-rougemont\/wp-json\/wp\/v2\/paroisse\/10"}],"wp:attachment":[{"href":"https:\/\/www.diocese-belfort-montbeliard.fr\/giromagny-rougemont\/wp-json\/wp\/v2\/media?parent=66"}],"curies":[{"name":"wp","href":"https:\/\/api.w.org\/{rel}","templated":true}]}}