{"version":"1.0","provider_name":"Doyenn\u00e9 d&#039;H\u00e9ricourt - Isle\/Doubs","provider_url":"https:\/\/www.diocese-belfort-montbeliard.fr\/hericourt-isle-doubs","author_name":"paroissesaintbarnabe","author_url":"https:\/\/www.diocese-belfort-montbeliard.fr\/hericourt-isle-doubs\/author\/paroissesaintbarnabe\/","title":"Cat\u00e9ch\u00e8se - Doyenn\u00e9 d&#039;H\u00e9ricourt - Isle\/Doubs","type":"rich","width":600,"height":338,"html":"<blockquote class=\"wp-embedded-content\" data-secret=\"YwhBRc0kes\"><a href=\"https:\/\/www.diocese-belfort-montbeliard.fr\/hericourt-isle-doubs\/paroisses\/saint-barnabe\/catechese\/\">Cat\u00e9ch\u00e8se<\/a><\/blockquote><iframe sandbox=\"allow-scripts\" security=\"restricted\" src=\"https:\/\/www.diocese-belfort-montbeliard.fr\/hericourt-isle-doubs\/paroisses\/saint-barnabe\/catechese\/embed\/#?secret=YwhBRc0kes\" width=\"600\" height=\"338\" title=\"\u00ab\u00a0Cat\u00e9ch\u00e8se\u00a0\u00bb &#8212; Doyenn\u00e9 d&#039;H\u00e9ricourt - Isle\/Doubs\" data-secret=\"YwhBRc0kes\" frameborder=\"0\" marginwidth=\"0\" marginheight=\"0\" scrolling=\"no\" class=\"wp-embedded-content\"><\/iframe><script type=\"text\/javascript\">\n\/* <![CDATA[ *\/\n\/*! This file is auto-generated *\/\n!function(d,l){\"use strict\";l.querySelector&&d.addEventListener&&\"undefined\"!=typeof URL&&(d.wp=d.wp||{},d.wp.receiveEmbedMessage||(d.wp.receiveEmbedMessage=function(e){var t=e.data;if((t||t.secret||t.message||t.value)&&!\/[^a-zA-Z0-9]\/.test(t.secret)){for(var s,r,n,a=l.querySelectorAll('iframe[data-secret=\"'+t.secret+'\"]'),o=l.querySelectorAll('blockquote[data-secret=\"'+t.secret+'\"]'),c=new RegExp(\"^https?:$\",\"i\"),i=0;i<o.length;i++)o[i].style.display=\"none\";for(i=0;i<a.length;i++)s=a[i],e.source===s.contentWindow&&(s.removeAttribute(\"style\"),\"height\"===t.message?(1e3<(r=parseInt(t.value,10))?r=1e3:~~r<200&&(r=200),s.height=r):\"link\"===t.message&&(r=new URL(s.getAttribute(\"src\")),n=new URL(t.value),c.test(n.protocol))&&n.host===r.host&&l.activeElement===s&&(d.top.location.href=t.value))}},d.addEventListener(\"message\",d.wp.receiveEmbedMessage,!1),l.addEventListener(\"DOMContentLoaded\",function(){for(var e,t,s=l.querySelectorAll(\"iframe.wp-embedded-content\"),r=0;r<s.length;r++)(t=(e=s[r]).getAttribute(\"data-secret\"))||(t=Math.random().toString(36).substring(2,12),e.src+=\"#?secret=\"+t,e.setAttribute(\"data-secret\",t)),e.contentWindow.postMessage({message:\"ready\",secret:t},\"*\")},!1)))}(window,document);\n\/\/# sourceURL=https:\/\/www.diocese-belfort-montbeliard.fr\/hericourt-isle-doubs\/wp-includes\/js\/wp-embed.min.js\n\/* ]]> *\/\n<\/script>\n","description":"Groupe d\u2019\u00e9veil \u00e0 la foi pour les enfants de 3 \u00e0 6 ans :\u00c9veiller un enfant \u00e0 la Foi c\u2019est l\u2019accompagner dans la d\u00e9couverte de Dieu, l\u2019initier \u00e0 la vie chr\u00e9tienne par la pri\u00e8re, les f\u00eates et les rites. C\u2019est l\u2019aider \u00e0 prendre conscience du tr\u00e9sor d\u2019amour que Dieu a d\u00e9pos\u00e9 dans son c\u0153ur et [&hellip;]"}