{"id":124,"date":"2021-01-08T00:22:31","date_gmt":"2021-01-07T23:22:31","guid":{"rendered":"https:\/\/www.diocese-belfort-montbeliard.fr\/hericourt-isle-doubs\/?post_type=paroisse&#038;p=124"},"modified":"2021-01-08T00:22:31","modified_gmt":"2021-01-07T23:22:31","slug":"a-lesprit-saint","status":"publish","type":"paroisse","link":"https:\/\/www.diocese-belfort-montbeliard.fr\/hericourt-isle-doubs\/paroisses\/notre-dame-du-paquis\/prieres-et-reflexions\/a-lesprit-saint\/","title":{"rendered":"\u00c0 l&rsquo;esprit Saint"},"content":{"rendered":"\n<p><strong>VIENS, ESPRIT-SAINT EN NOS C\u0152URS<\/strong><\/p>\n\n\n\n<p>Viens, Esprit-Saint, en nos c\u0153urs,<br>et envoie du haut du ciel<br>un rayon de ta lumi\u00e8re.<\/p>\n\n\n\n<p>Viens en nous, p\u00e8re des pauvres.<br>Viens, dispensateur des dons.<br>Viens, lumi\u00e8re en nos c\u0153urs.<\/p>\n\n\n\n<p>Consolateur souverain,<br>h\u00f4te tr\u00e8s doux de nos \u00e2mes,<br>adoucissante fraicheur.<\/p>\n\n\n\n<p>Dans le labeur, le repos ;<br>dans la fi\u00e8vre, la fraicheur ;<br>dans les pleurs, le r\u00e9confort.<\/p>\n\n\n\n<p>o lumi\u00e8re bienheureuse,<br>viens remplir jusqu&rsquo;\u00e0 l&rsquo;intime<br>le c\u0153ur de tous tes fid\u00e8les.<\/p>\n\n\n\n<p>Sans ta puissance divine,<br>il n&rsquo;est rien en aucun homme,<br>rien qui ne soit perverti.<\/p>\n\n\n\n<p>Lave, ce qui est souill\u00e9,<br>baigne ce qui est aride,<br>gu\u00e9ris ce qui est bless\u00e9<\/p>\n\n\n\n<p>Assouplis ce qui est raide,<br>r\u00e9chauffe ce qui est froid,<br>rends droit ce qui est fauss\u00e9.<\/p>\n\n\n\n<p>A tous ceux ont la foi<br>et qui en toi se confient,<br>donne tes sept dons sacr\u00e9s.<\/p>\n\n\n\n<p>Donne m\u00e9rite et vertu<br>donne le salut final<br>donne la joie \u00e9ternelle.<\/p>\n\n\n\n<p>Amen .&nbsp;<\/p>\n","protected":false},"author":1,"featured_media":0,"parent":105,"menu_order":124,"template":"","meta":{"_acf_changed":false,"footnotes":""},"class_list":["post-124","paroisse","type-paroisse","status-publish","hentry"],"acf":[],"yoast_head":"<!-- This site is optimized with the Yoast SEO plugin v27.4 - https:\/\/yoast.com\/product\/yoast-seo-wordpress\/ -->\n<title>\u00c0 l&#039;esprit Saint - Doyenn\u00e9 d&#039;H\u00e9ricourt - Isle\/Doubs<\/title>\n<meta name=\"robots\" content=\"index, follow, max-snippet:-1, max-image-preview:large, max-video-preview:-1\" \/>\n<link rel=\"canonical\" href=\"https:\/\/www.diocese-belfort-montbeliard.fr\/hericourt-isle-doubs\/paroisses\/notre-dame-du-paquis\/prieres-et-reflexions\/a-lesprit-saint\/\" \/>\n<meta property=\"og:locale\" content=\"fr_FR\" \/>\n<meta property=\"og:type\" content=\"article\" \/>\n<meta property=\"og:title\" content=\"\u00c0 l&#039;esprit Saint - Doyenn\u00e9 d&#039;H\u00e9ricourt - Isle\/Doubs\" \/>\n<meta property=\"og:description\" content=\"VIENS, ESPRIT-SAINT EN NOS C\u0152URS Viens, Esprit-Saint, en nos c\u0153urs,et envoie du haut du cielun rayon de ta lumi\u00e8re. Viens en nous, p\u00e8re des pauvres.Viens, dispensateur des dons.Viens, lumi\u00e8re en nos c\u0153urs. Consolateur souverain,h\u00f4te tr\u00e8s doux de nos \u00e2mes,adoucissante fraicheur. Dans le labeur, le repos ;dans la fi\u00e8vre, la fraicheur ;dans les pleurs, le r\u00e9confort. [&hellip;]\" \/>\n<meta property=\"og:url\" content=\"https:\/\/www.diocese-belfort-montbeliard.fr\/hericourt-isle-doubs\/paroisses\/notre-dame-du-paquis\/prieres-et-reflexions\/a-lesprit-saint\/\" \/>\n<meta property=\"og:site_name\" content=\"Doyenn\u00e9 d&#039;H\u00e9ricourt - Isle\/Doubs\" \/>\n<meta name=\"twitter:card\" content=\"summary_large_image\" \/>\n<meta name=\"twitter:label1\" content=\"Dur\u00e9e de lecture estim\u00e9e\" \/>\n\t<meta name=\"twitter:data1\" content=\"1 minute\" \/>\n<script type=\"application\/ld+json\" class=\"yoast-schema-graph\">{\"@context\":\"https:\\\/\\\/schema.org\",\"@graph\":[{\"@type\":\"WebPage\",\"@id\":\"https:\\\/\\\/www.diocese-belfort-montbeliard.fr\\\/hericourt-isle-doubs\\\/paroisses\\\/notre-dame-du-paquis\\\/prieres-et-reflexions\\\/a-lesprit-saint\\\/\",\"url\":\"https:\\\/\\\/www.diocese-belfort-montbeliard.fr\\\/hericourt-isle-doubs\\\/paroisses\\\/notre-dame-du-paquis\\\/prieres-et-reflexions\\\/a-lesprit-saint\\\/\",\"name\":\"\u00c0 l'esprit Saint - Doyenn\u00e9 d&#039;H\u00e9ricourt - Isle\\\/Doubs\",\"isPartOf\":{\"@id\":\"https:\\\/\\\/www.diocese-belfort-montbeliard.fr\\\/hericourt-isle-doubs\\\/#website\"},\"datePublished\":\"2021-01-07T23:22:31+00:00\",\"breadcrumb\":{\"@id\":\"https:\\\/\\\/www.diocese-belfort-montbeliard.fr\\\/hericourt-isle-doubs\\\/paroisses\\\/notre-dame-du-paquis\\\/prieres-et-reflexions\\\/a-lesprit-saint\\\/#breadcrumb\"},\"inLanguage\":\"fr-FR\",\"potentialAction\":[{\"@type\":\"ReadAction\",\"target\":[\"https:\\\/\\\/www.diocese-belfort-montbeliard.fr\\\/hericourt-isle-doubs\\\/paroisses\\\/notre-dame-du-paquis\\\/prieres-et-reflexions\\\/a-lesprit-saint\\\/\"]}]},{\"@type\":\"BreadcrumbList\",\"@id\":\"https:\\\/\\\/www.diocese-belfort-montbeliard.fr\\\/hericourt-isle-doubs\\\/paroisses\\\/notre-dame-du-paquis\\\/prieres-et-reflexions\\\/a-lesprit-saint\\\/#breadcrumb\",\"itemListElement\":[{\"@type\":\"ListItem\",\"position\":1,\"name\":\"Accueil\",\"item\":\"https:\\\/\\\/www.diocese-belfort-montbeliard.fr\\\/hericourt-isle-doubs\\\/\"},{\"@type\":\"ListItem\",\"position\":2,\"name\":\"Notre-Dame du P\u00e2quis\",\"item\":\"https:\\\/\\\/www.diocese-belfort-montbeliard.fr\\\/hericourt-isle-doubs\\\/paroisses\\\/notre-dame-du-paquis\\\/\"},{\"@type\":\"ListItem\",\"position\":3,\"name\":\"Pri\u00e8res et r\u00e9fl\u00e9xions\",\"item\":\"https:\\\/\\\/www.diocese-belfort-montbeliard.fr\\\/hericourt-isle-doubs\\\/paroisses\\\/notre-dame-du-paquis\\\/prieres-et-reflexions\\\/\"},{\"@type\":\"ListItem\",\"position\":4,\"name\":\"\u00c0 l&#8217;esprit Saint\"}]},{\"@type\":\"WebSite\",\"@id\":\"https:\\\/\\\/www.diocese-belfort-montbeliard.fr\\\/hericourt-isle-doubs\\\/#website\",\"url\":\"https:\\\/\\\/www.diocese-belfort-montbeliard.fr\\\/hericourt-isle-doubs\\\/\",\"name\":\"Doyenn\u00e9 d&#039;H\u00e9ricourt - Isle\\\/Doubs\",\"description\":\"Dioc\u00e8se de Belfort-Montb\u00e9liard\",\"potentialAction\":[{\"@type\":\"SearchAction\",\"target\":{\"@type\":\"EntryPoint\",\"urlTemplate\":\"https:\\\/\\\/www.diocese-belfort-montbeliard.fr\\\/hericourt-isle-doubs\\\/?s={search_term_string}\"},\"query-input\":{\"@type\":\"PropertyValueSpecification\",\"valueRequired\":true,\"valueName\":\"search_term_string\"}}],\"inLanguage\":\"fr-FR\"}]}<\/script>\n<!-- \/ Yoast SEO plugin. -->","yoast_head_json":{"title":"\u00c0 l'esprit Saint - Doyenn\u00e9 d&#039;H\u00e9ricourt - Isle\/Doubs","robots":{"index":"index","follow":"follow","max-snippet":"max-snippet:-1","max-image-preview":"max-image-preview:large","max-video-preview":"max-video-preview:-1"},"canonical":"https:\/\/www.diocese-belfort-montbeliard.fr\/hericourt-isle-doubs\/paroisses\/notre-dame-du-paquis\/prieres-et-reflexions\/a-lesprit-saint\/","og_locale":"fr_FR","og_type":"article","og_title":"\u00c0 l'esprit Saint - Doyenn\u00e9 d&#039;H\u00e9ricourt - Isle\/Doubs","og_description":"VIENS, ESPRIT-SAINT EN NOS C\u0152URS Viens, Esprit-Saint, en nos c\u0153urs,et envoie du haut du cielun rayon de ta lumi\u00e8re. Viens en nous, p\u00e8re des pauvres.Viens, dispensateur des dons.Viens, lumi\u00e8re en nos c\u0153urs. Consolateur souverain,h\u00f4te tr\u00e8s doux de nos \u00e2mes,adoucissante fraicheur. Dans le labeur, le repos ;dans la fi\u00e8vre, la fraicheur ;dans les pleurs, le r\u00e9confort. [&hellip;]","og_url":"https:\/\/www.diocese-belfort-montbeliard.fr\/hericourt-isle-doubs\/paroisses\/notre-dame-du-paquis\/prieres-et-reflexions\/a-lesprit-saint\/","og_site_name":"Doyenn\u00e9 d&#039;H\u00e9ricourt - Isle\/Doubs","twitter_card":"summary_large_image","twitter_misc":{"Dur\u00e9e de lecture estim\u00e9e":"1 minute"},"schema":{"@context":"https:\/\/schema.org","@graph":[{"@type":"WebPage","@id":"https:\/\/www.diocese-belfort-montbeliard.fr\/hericourt-isle-doubs\/paroisses\/notre-dame-du-paquis\/prieres-et-reflexions\/a-lesprit-saint\/","url":"https:\/\/www.diocese-belfort-montbeliard.fr\/hericourt-isle-doubs\/paroisses\/notre-dame-du-paquis\/prieres-et-reflexions\/a-lesprit-saint\/","name":"\u00c0 l'esprit Saint - Doyenn\u00e9 d&#039;H\u00e9ricourt - Isle\/Doubs","isPartOf":{"@id":"https:\/\/www.diocese-belfort-montbeliard.fr\/hericourt-isle-doubs\/#website"},"datePublished":"2021-01-07T23:22:31+00:00","breadcrumb":{"@id":"https:\/\/www.diocese-belfort-montbeliard.fr\/hericourt-isle-doubs\/paroisses\/notre-dame-du-paquis\/prieres-et-reflexions\/a-lesprit-saint\/#breadcrumb"},"inLanguage":"fr-FR","potentialAction":[{"@type":"ReadAction","target":["https:\/\/www.diocese-belfort-montbeliard.fr\/hericourt-isle-doubs\/paroisses\/notre-dame-du-paquis\/prieres-et-reflexions\/a-lesprit-saint\/"]}]},{"@type":"BreadcrumbList","@id":"https:\/\/www.diocese-belfort-montbeliard.fr\/hericourt-isle-doubs\/paroisses\/notre-dame-du-paquis\/prieres-et-reflexions\/a-lesprit-saint\/#breadcrumb","itemListElement":[{"@type":"ListItem","position":1,"name":"Accueil","item":"https:\/\/www.diocese-belfort-montbeliard.fr\/hericourt-isle-doubs\/"},{"@type":"ListItem","position":2,"name":"Notre-Dame du P\u00e2quis","item":"https:\/\/www.diocese-belfort-montbeliard.fr\/hericourt-isle-doubs\/paroisses\/notre-dame-du-paquis\/"},{"@type":"ListItem","position":3,"name":"Pri\u00e8res et r\u00e9fl\u00e9xions","item":"https:\/\/www.diocese-belfort-montbeliard.fr\/hericourt-isle-doubs\/paroisses\/notre-dame-du-paquis\/prieres-et-reflexions\/"},{"@type":"ListItem","position":4,"name":"\u00c0 l&#8217;esprit Saint"}]},{"@type":"WebSite","@id":"https:\/\/www.diocese-belfort-montbeliard.fr\/hericourt-isle-doubs\/#website","url":"https:\/\/www.diocese-belfort-montbeliard.fr\/hericourt-isle-doubs\/","name":"Doyenn\u00e9 d&#039;H\u00e9ricourt - Isle\/Doubs","description":"Dioc\u00e8se de Belfort-Montb\u00e9liard","potentialAction":[{"@type":"SearchAction","target":{"@type":"EntryPoint","urlTemplate":"https:\/\/www.diocese-belfort-montbeliard.fr\/hericourt-isle-doubs\/?s={search_term_string}"},"query-input":{"@type":"PropertyValueSpecification","valueRequired":true,"valueName":"search_term_string"}}],"inLanguage":"fr-FR"}]}},"_links":{"self":[{"href":"https:\/\/www.diocese-belfort-montbeliard.fr\/hericourt-isle-doubs\/wp-json\/wp\/v2\/paroisse\/124","targetHints":{"allow":["GET"]}}],"collection":[{"href":"https:\/\/www.diocese-belfort-montbeliard.fr\/hericourt-isle-doubs\/wp-json\/wp\/v2\/paroisse"}],"about":[{"href":"https:\/\/www.diocese-belfort-montbeliard.fr\/hericourt-isle-doubs\/wp-json\/wp\/v2\/types\/paroisse"}],"author":[{"embeddable":true,"href":"https:\/\/www.diocese-belfort-montbeliard.fr\/hericourt-isle-doubs\/wp-json\/wp\/v2\/users\/1"}],"version-history":[{"count":0,"href":"https:\/\/www.diocese-belfort-montbeliard.fr\/hericourt-isle-doubs\/wp-json\/wp\/v2\/paroisse\/124\/revisions"}],"up":[{"embeddable":true,"href":"https:\/\/www.diocese-belfort-montbeliard.fr\/hericourt-isle-doubs\/wp-json\/wp\/v2\/paroisse\/105"}],"wp:attachment":[{"href":"https:\/\/www.diocese-belfort-montbeliard.fr\/hericourt-isle-doubs\/wp-json\/wp\/v2\/media?parent=124"}],"curies":[{"name":"wp","href":"https:\/\/api.w.org\/{rel}","templated":true}]}}