{"id":1467,"date":"2024-10-22T16:02:44","date_gmt":"2024-10-22T14:02:44","guid":{"rendered":"https:\/\/www.diocese-belfort-montbeliard.fr\/hericourt-isle-doubs\/?post_type=paroisse&#038;p=1467"},"modified":"2026-02-19T13:50:17","modified_gmt":"2026-02-19T12:50:17","slug":"catechese","status":"publish","type":"paroisse","link":"https:\/\/www.diocese-belfort-montbeliard.fr\/hericourt-isle-doubs\/paroisses\/saint-barnabe\/catechese\/","title":{"rendered":"Cat\u00e9ch\u00e8se"},"content":{"rendered":"\n<div class=\"wp-block-buttons is-layout-flex wp-block-buttons-is-layout-flex\"><\/div>\n\n\n\n<p class=\"has-background\" style=\"background-color:#c66266\"><strong><u>Groupe d\u2019\u00e9veil \u00e0 la foi pour les enfants de 3 \u00e0 6 ans<\/u><\/strong> :<br>\u00c9veiller un enfant \u00e0 la Foi c\u2019est l\u2019accompagner dans la d\u00e9couverte de Dieu, l\u2019initier \u00e0 la vie chr\u00e9tienne par la pri\u00e8re, les f\u00eates et les rites. C\u2019est l\u2019aider \u00e0 prendre conscience du tr\u00e9sor d\u2019amour que Dieu a d\u00e9pos\u00e9 dans son c\u0153ur et l\u2019inviter \u00e0 le rencontrer. \u00c9veil \u00e0 la Foi et \u00e9veil \u00e0 la Vie sont en r\u00e9alit\u00e9 ,indissociables. Notre paroisse propose aux parents qui le souhaitent de venir avec leur enfant, <strong>une fois par mois le samedi matin de 10h \u00e0 11h <\/strong>au foyer paroissial (\u00e0 droite de l\u2019\u00e9glise). Ensemble nous leur ferons d\u00e9couvrir la foi \u00e0 partir d\u2019un document cat\u00e9ch\u00e9tique adapt\u00e9 \u00e0 l\u2019\u00e2ge des enfants. <br>Nous vous invitons \u00e0 prendre contact avec la cat\u00e9chiste, Mme Cl\u00e9mence CHRISTOPHE, 06.70.68.05.64, melclem93@hotmail.fr<br>Les rencontres ont lieu une fois par mois.<br><em>Pour inscrire votre enfant dans le groupe de l&rsquo;\u00e9veil \u00e0 la fois cliquez sur ce lien : <\/em><a href=\"https:\/\/public.enoria.app\/pubinsc\/gp\/4af5e9629841628\/open\">https:\/\/public.enoria.app\/pubinsc\/gp\/4af5e9629841628\/open<\/a><em><br><\/em><\/p>\n\n\n\n<p class=\"has-noir-color has-text-color has-background has-link-color wp-elements-c621260f44bbbf5ec30029e6b023b255\" style=\"background-color:#c66266\"><strong><u>Cat\u00e9chisme CP-CE1<\/u><\/strong> :<br>Venez vivre en \u00e9quipe, en famille une ann\u00e9e de cat\u00e9ch\u00e8se au rythme du temps liturgique ! Par des r\u00e9cits, des vid\u00e9os, des bandes dessin\u00e9es et des jeux multim\u00e9dias, d\u00e9couvrons ensemble que&nbsp;<strong>Dieu fait pour nous des merveilles !<\/strong><br>Les rencontres ont lieu une fois par mois.<br><em>Pour inscrire votre enfant dans le groupe des CP-CE1 cliquez sur ce lien : <a href=\"https:\/\/public.enoria.app\/pubinsc\/gp\/f69c05284ccdadc\/open\">https:\/\/public.enoria.app\/pubinsc\/gp\/f69c05284ccdadc\/open<\/a><\/em><br><\/p>\n\n\n\n<p class=\"has-noir-color has-text-color has-background has-link-color wp-elements-9fa7003a91a9d4bec0d03018b74808fd\" style=\"background-color:#c66266\"><strong><u>Cat\u00e9chisme CE2-CM1-CM2<\/u><\/strong> : <br>Une cat\u00e9ch\u00e8se \u00e0 vivre en famille, \u00e0 l&rsquo;\u00e9cole et en paroisse au rythme de l&rsquo;ann\u00e9e liturgique. Tous ensemble, invit\u00e9s \u00e0 agir en disciples&nbsp; du Christ en communion avec lui, \u00e0 reconnna\u00eetre&nbsp;<strong>Dieu dans nos vies !<\/strong><br>Les rencontres ont lieu toutes les deux semaines.<br><em>Pour inscrire votre enfant dans le groupe des CE2, cliquez sur ce lien : <a href=\"https:\/\/public.enoria.app\/pubinsc\/gp\/48740eb5bca52d8\/open\">https:\/\/public.enoria.app\/pubinsc\/gp\/48740eb5bca52d8\/open<\/a><br>Pour inscrire votre enfant dans le groupe des CM1 le mercredi, cliquez sur ce lien : <a href=\"https:\/\/public.enoria.app\/pubinsc\/gp\/e79af2d269e951e\/open\">https:\/\/public.enoria.app\/pubinsc\/gp\/e79af2d269e951e\/open<\/a><br>Pour inscrire votre enfant dans le groupe des CM1 le samedi, cliquez sur ce lien : <a href=\"https:\/\/public.enoria.app\/pubinsc\/gp\/a95f88d51e09c29\/open\">https:\/\/public.enoria.app\/pubinsc\/gp\/a95f88d51e09c29\/open<\/a><br>Pour inscrire votre enfant dans le groupe des CM2, cliquez sur ce lien : <a href=\"https:\/\/public.enoria.app\/pubinsc\/gp\/02c9014dadd6721\/open\">https:\/\/public.enoria.app\/pubinsc\/gp\/02c9014dadd6721\/open<\/a><\/em><\/p>\n\n\n\n<p class=\"has-noir-color has-text-color has-background has-link-color wp-elements-84940c382e57bff67c5a89c075c48ab8\" style=\"background-color:#c66266\"><br><strong><u>Cat\u00e9chisme 6e-5e<\/u><\/strong> : <br>Une proposition de 4 modules pour vivre une ann\u00e9e de cat\u00e9 se r\u00e9f\u00e9rant aux dix commandements. <br>Les 5e chemineront vers la Profession de Foi.<br><strong>Un temps pour tout,&nbsp;<\/strong>un temps pour Dieu !<br><strong>Tu es notre Dieu,&nbsp;<\/strong>nous sommes ton peuple !<br><strong>\u00c0 l&rsquo;\u00e9coute de la v\u00e9rit\u00e9,&nbsp;<\/strong>nous t\u00e9moignons !<br><strong>Aim\u00e9s de Dieu,&nbsp;<\/strong>appel\u00e9s \u00e0 vivre !<br>Les rencontres ont lieu toutes les deux semaines.<br><em>Pour inscrire votre enfant dans le groupe des 6e, cliquez sur ce lien : <a href=\"https:\/\/public.enoria.app\/pubinsc\/gp\/b65b734281baac2\/open\">https:\/\/public.enoria.app\/pubinsc\/gp\/b65b734281baac2\/open<\/a><br>Pour inscrire votre enfant dans le groupe des 5e, cliquez sur ce lien : <a href=\"https:\/\/public.enoria.app\/pubinsc\/gp\/cd1b82aec42376f\/open\">https:\/\/public.enoria.app\/pubinsc\/gp\/cd1b82aec42376f\/open<\/a><br><\/em><\/p>\n\n\n\n<p class=\"has-background\" style=\"background-color:#c66266\"><strong><u><strong>Liens ENORIA pour les groupes de cat\u00e9 de l&rsquo;\u00e9cole et du coll\u00e8ge St Joseph :<\/strong><\/u><\/strong><br>Pour le primaire : <a href=\"https:\/\/w.enoria.link\/cate-saint-joseph-primaire\">https:\/\/w.enoria.link\/cate-saint-joseph-primaire<\/a><br>Pour le coll\u00e8ge : <a href=\"https:\/\/w.enoria.link\/cate-saint-joseph-college\" target=\"_blank\" rel=\"noreferrer noopener\">https:\/\/w.enoria.link\/cate-saint-joseph-college<\/a><\/p>\n\n\n\n<p><\/p>\n","protected":false},"author":69,"featured_media":0,"parent":8,"menu_order":54,"template":"","meta":{"_acf_changed":false,"footnotes":""},"class_list":["post-1467","paroisse","type-paroisse","status-publish","hentry"],"acf":[],"yoast_head":"<!-- This site is optimized with the Yoast SEO plugin v27.4 - https:\/\/yoast.com\/product\/yoast-seo-wordpress\/ -->\n<title>Cat\u00e9ch\u00e8se - Doyenn\u00e9 d&#039;H\u00e9ricourt - Isle\/Doubs<\/title>\n<meta name=\"robots\" content=\"index, follow, max-snippet:-1, max-image-preview:large, max-video-preview:-1\" \/>\n<link rel=\"canonical\" href=\"https:\/\/www.diocese-belfort-montbeliard.fr\/hericourt-isle-doubs\/paroisses\/saint-barnabe\/catechese\/\" \/>\n<meta property=\"og:locale\" content=\"fr_FR\" \/>\n<meta property=\"og:type\" content=\"article\" \/>\n<meta property=\"og:title\" content=\"Cat\u00e9ch\u00e8se - Doyenn\u00e9 d&#039;H\u00e9ricourt - Isle\/Doubs\" \/>\n<meta property=\"og:description\" content=\"Groupe d\u2019\u00e9veil \u00e0 la foi pour les enfants de 3 \u00e0 6 ans :\u00c9veiller un enfant \u00e0 la Foi c\u2019est l\u2019accompagner dans la d\u00e9couverte de Dieu, l\u2019initier \u00e0 la vie chr\u00e9tienne par la pri\u00e8re, les f\u00eates et les rites. C\u2019est l\u2019aider \u00e0 prendre conscience du tr\u00e9sor d\u2019amour que Dieu a d\u00e9pos\u00e9 dans son c\u0153ur et [&hellip;]\" \/>\n<meta property=\"og:url\" content=\"https:\/\/www.diocese-belfort-montbeliard.fr\/hericourt-isle-doubs\/paroisses\/saint-barnabe\/catechese\/\" \/>\n<meta property=\"og:site_name\" content=\"Doyenn\u00e9 d&#039;H\u00e9ricourt - Isle\/Doubs\" \/>\n<meta property=\"article:modified_time\" content=\"2026-02-19T12:50:17+00:00\" \/>\n<meta name=\"twitter:card\" content=\"summary_large_image\" \/>\n<meta name=\"twitter:label1\" content=\"Dur\u00e9e de lecture estim\u00e9e\" \/>\n\t<meta name=\"twitter:data1\" content=\"3 minutes\" \/>\n<script type=\"application\/ld+json\" class=\"yoast-schema-graph\">{\"@context\":\"https:\\\/\\\/schema.org\",\"@graph\":[{\"@type\":\"WebPage\",\"@id\":\"https:\\\/\\\/www.diocese-belfort-montbeliard.fr\\\/hericourt-isle-doubs\\\/paroisses\\\/saint-barnabe\\\/catechese\\\/\",\"url\":\"https:\\\/\\\/www.diocese-belfort-montbeliard.fr\\\/hericourt-isle-doubs\\\/paroisses\\\/saint-barnabe\\\/catechese\\\/\",\"name\":\"Cat\u00e9ch\u00e8se - Doyenn\u00e9 d&#039;H\u00e9ricourt - Isle\\\/Doubs\",\"isPartOf\":{\"@id\":\"https:\\\/\\\/www.diocese-belfort-montbeliard.fr\\\/hericourt-isle-doubs\\\/#website\"},\"datePublished\":\"2024-10-22T14:02:44+00:00\",\"dateModified\":\"2026-02-19T12:50:17+00:00\",\"breadcrumb\":{\"@id\":\"https:\\\/\\\/www.diocese-belfort-montbeliard.fr\\\/hericourt-isle-doubs\\\/paroisses\\\/saint-barnabe\\\/catechese\\\/#breadcrumb\"},\"inLanguage\":\"fr-FR\",\"potentialAction\":[{\"@type\":\"ReadAction\",\"target\":[\"https:\\\/\\\/www.diocese-belfort-montbeliard.fr\\\/hericourt-isle-doubs\\\/paroisses\\\/saint-barnabe\\\/catechese\\\/\"]}]},{\"@type\":\"BreadcrumbList\",\"@id\":\"https:\\\/\\\/www.diocese-belfort-montbeliard.fr\\\/hericourt-isle-doubs\\\/paroisses\\\/saint-barnabe\\\/catechese\\\/#breadcrumb\",\"itemListElement\":[{\"@type\":\"ListItem\",\"position\":1,\"name\":\"Accueil\",\"item\":\"https:\\\/\\\/www.diocese-belfort-montbeliard.fr\\\/hericourt-isle-doubs\\\/\"},{\"@type\":\"ListItem\",\"position\":2,\"name\":\"Saint Barnab\u00e9\",\"item\":\"https:\\\/\\\/www.diocese-belfort-montbeliard.fr\\\/hericourt-isle-doubs\\\/paroisses\\\/saint-barnabe\\\/\"},{\"@type\":\"ListItem\",\"position\":3,\"name\":\"Cat\u00e9ch\u00e8se\"}]},{\"@type\":\"WebSite\",\"@id\":\"https:\\\/\\\/www.diocese-belfort-montbeliard.fr\\\/hericourt-isle-doubs\\\/#website\",\"url\":\"https:\\\/\\\/www.diocese-belfort-montbeliard.fr\\\/hericourt-isle-doubs\\\/\",\"name\":\"Doyenn\u00e9 d&#039;H\u00e9ricourt - Isle\\\/Doubs\",\"description\":\"Dioc\u00e8se de Belfort-Montb\u00e9liard\",\"potentialAction\":[{\"@type\":\"SearchAction\",\"target\":{\"@type\":\"EntryPoint\",\"urlTemplate\":\"https:\\\/\\\/www.diocese-belfort-montbeliard.fr\\\/hericourt-isle-doubs\\\/?s={search_term_string}\"},\"query-input\":{\"@type\":\"PropertyValueSpecification\",\"valueRequired\":true,\"valueName\":\"search_term_string\"}}],\"inLanguage\":\"fr-FR\"}]}<\/script>\n<!-- \/ Yoast SEO plugin. -->","yoast_head_json":{"title":"Cat\u00e9ch\u00e8se - Doyenn\u00e9 d&#039;H\u00e9ricourt - Isle\/Doubs","robots":{"index":"index","follow":"follow","max-snippet":"max-snippet:-1","max-image-preview":"max-image-preview:large","max-video-preview":"max-video-preview:-1"},"canonical":"https:\/\/www.diocese-belfort-montbeliard.fr\/hericourt-isle-doubs\/paroisses\/saint-barnabe\/catechese\/","og_locale":"fr_FR","og_type":"article","og_title":"Cat\u00e9ch\u00e8se - Doyenn\u00e9 d&#039;H\u00e9ricourt - Isle\/Doubs","og_description":"Groupe d\u2019\u00e9veil \u00e0 la foi pour les enfants de 3 \u00e0 6 ans :\u00c9veiller un enfant \u00e0 la Foi c\u2019est l\u2019accompagner dans la d\u00e9couverte de Dieu, l\u2019initier \u00e0 la vie chr\u00e9tienne par la pri\u00e8re, les f\u00eates et les rites. C\u2019est l\u2019aider \u00e0 prendre conscience du tr\u00e9sor d\u2019amour que Dieu a d\u00e9pos\u00e9 dans son c\u0153ur et [&hellip;]","og_url":"https:\/\/www.diocese-belfort-montbeliard.fr\/hericourt-isle-doubs\/paroisses\/saint-barnabe\/catechese\/","og_site_name":"Doyenn\u00e9 d&#039;H\u00e9ricourt - Isle\/Doubs","article_modified_time":"2026-02-19T12:50:17+00:00","twitter_card":"summary_large_image","twitter_misc":{"Dur\u00e9e de lecture estim\u00e9e":"3 minutes"},"schema":{"@context":"https:\/\/schema.org","@graph":[{"@type":"WebPage","@id":"https:\/\/www.diocese-belfort-montbeliard.fr\/hericourt-isle-doubs\/paroisses\/saint-barnabe\/catechese\/","url":"https:\/\/www.diocese-belfort-montbeliard.fr\/hericourt-isle-doubs\/paroisses\/saint-barnabe\/catechese\/","name":"Cat\u00e9ch\u00e8se - Doyenn\u00e9 d&#039;H\u00e9ricourt - Isle\/Doubs","isPartOf":{"@id":"https:\/\/www.diocese-belfort-montbeliard.fr\/hericourt-isle-doubs\/#website"},"datePublished":"2024-10-22T14:02:44+00:00","dateModified":"2026-02-19T12:50:17+00:00","breadcrumb":{"@id":"https:\/\/www.diocese-belfort-montbeliard.fr\/hericourt-isle-doubs\/paroisses\/saint-barnabe\/catechese\/#breadcrumb"},"inLanguage":"fr-FR","potentialAction":[{"@type":"ReadAction","target":["https:\/\/www.diocese-belfort-montbeliard.fr\/hericourt-isle-doubs\/paroisses\/saint-barnabe\/catechese\/"]}]},{"@type":"BreadcrumbList","@id":"https:\/\/www.diocese-belfort-montbeliard.fr\/hericourt-isle-doubs\/paroisses\/saint-barnabe\/catechese\/#breadcrumb","itemListElement":[{"@type":"ListItem","position":1,"name":"Accueil","item":"https:\/\/www.diocese-belfort-montbeliard.fr\/hericourt-isle-doubs\/"},{"@type":"ListItem","position":2,"name":"Saint Barnab\u00e9","item":"https:\/\/www.diocese-belfort-montbeliard.fr\/hericourt-isle-doubs\/paroisses\/saint-barnabe\/"},{"@type":"ListItem","position":3,"name":"Cat\u00e9ch\u00e8se"}]},{"@type":"WebSite","@id":"https:\/\/www.diocese-belfort-montbeliard.fr\/hericourt-isle-doubs\/#website","url":"https:\/\/www.diocese-belfort-montbeliard.fr\/hericourt-isle-doubs\/","name":"Doyenn\u00e9 d&#039;H\u00e9ricourt - Isle\/Doubs","description":"Dioc\u00e8se de Belfort-Montb\u00e9liard","potentialAction":[{"@type":"SearchAction","target":{"@type":"EntryPoint","urlTemplate":"https:\/\/www.diocese-belfort-montbeliard.fr\/hericourt-isle-doubs\/?s={search_term_string}"},"query-input":{"@type":"PropertyValueSpecification","valueRequired":true,"valueName":"search_term_string"}}],"inLanguage":"fr-FR"}]}},"_links":{"self":[{"href":"https:\/\/www.diocese-belfort-montbeliard.fr\/hericourt-isle-doubs\/wp-json\/wp\/v2\/paroisse\/1467","targetHints":{"allow":["GET"]}}],"collection":[{"href":"https:\/\/www.diocese-belfort-montbeliard.fr\/hericourt-isle-doubs\/wp-json\/wp\/v2\/paroisse"}],"about":[{"href":"https:\/\/www.diocese-belfort-montbeliard.fr\/hericourt-isle-doubs\/wp-json\/wp\/v2\/types\/paroisse"}],"author":[{"embeddable":true,"href":"https:\/\/www.diocese-belfort-montbeliard.fr\/hericourt-isle-doubs\/wp-json\/wp\/v2\/users\/69"}],"version-history":[{"count":9,"href":"https:\/\/www.diocese-belfort-montbeliard.fr\/hericourt-isle-doubs\/wp-json\/wp\/v2\/paroisse\/1467\/revisions"}],"predecessor-version":[{"id":2398,"href":"https:\/\/www.diocese-belfort-montbeliard.fr\/hericourt-isle-doubs\/wp-json\/wp\/v2\/paroisse\/1467\/revisions\/2398"}],"up":[{"embeddable":true,"href":"https:\/\/www.diocese-belfort-montbeliard.fr\/hericourt-isle-doubs\/wp-json\/wp\/v2\/paroisse\/8"}],"wp:attachment":[{"href":"https:\/\/www.diocese-belfort-montbeliard.fr\/hericourt-isle-doubs\/wp-json\/wp\/v2\/media?parent=1467"}],"curies":[{"name":"wp","href":"https:\/\/api.w.org\/{rel}","templated":true}]}}