{"id":78,"date":"2021-01-07T22:53:20","date_gmt":"2021-01-07T21:53:20","guid":{"rendered":"https:\/\/www.diocese-belfort-montbeliard.fr\/hericourt-isle-doubs\/?post_type=paroisse&#038;p=78"},"modified":"2021-01-30T16:39:13","modified_gmt":"2021-01-30T15:39:13","slug":"quest-ce-que-le-bapteme","status":"publish","type":"paroisse","link":"https:\/\/www.diocese-belfort-montbeliard.fr\/hericourt-isle-doubs\/paroisses\/notre-dame-du-paquis\/le-bapteme\/quest-ce-que-le-bapteme\/","title":{"rendered":"Qu&rsquo;est-ce que le bapt\u00eame ?"},"content":{"rendered":"\n<p><strong>Le sacrement du bapt\u00eame<\/strong><\/p>\n\n\n\n<p>Le bapt\u00eame est le premier sacrement de la vie chr\u00e9tienne. Il est&nbsp;\u00ab\u00a0la porte des sacrements\u00a0\u00bb. C&rsquo;est par lui que le croyant entre dans l&rsquo;Alliance et commence \u00e0 en vivre. J\u00e9sus d\u00e9clare que le bapt\u00eame est une&nbsp;nouvelle naissance, par laquelle on entre dans le royaume de Dieu.<br>En grec, bapt\u00eame signifie&nbsp;plong\u00e9e. Par le bapt\u00eame, le chr\u00e9tien est plong\u00e9 dans le myst\u00e8re du Christ mort et ressuscit\u00e9.<\/p>\n\n\n\n<h3 class=\"wp-block-heading\">Les gestes du bapt\u00eame<\/h3>\n\n\n\n<h4 class=\"wp-block-heading\">Le signe de l&rsquo;eau<\/h4>\n\n\n\n<p>L&rsquo;eau est signe de la vie. Sans eau, il n&rsquo;y a pas de vie possible. L&rsquo;eau que l&rsquo;on verse sur le front du baptis\u00e9 est \u00e0 la fois signe de vie et de mort. Le bapt\u00eame est signe de la mort au p\u00e9ch\u00e9. Il est aussi signe de vie, et m\u00eame de vie \u00e9ternelle. C&rsquo;est Dieu qui est la source de cette vie l\u00e0.<\/p>\n\n\n\n<h4 class=\"wp-block-heading\">Le signe de l&rsquo;huile<\/h4>\n\n\n\n<p>Il suffit d&rsquo;une petite goutte d&rsquo;huile pour faire une marque ind\u00e9l\u00e9bile. Avec une huile parfum\u00e9e, le saint chr\u00e8me, le pr\u00eatre marque le front du baptis\u00e9. C&rsquo;est le signe de l&rsquo;Esprit-Saint qui se r\u00e9pand en lui pour lui donner sa force et l&rsquo;aider \u00e0 rester toujours fid\u00e8le \u00e0 J\u00e9sus.<\/p>\n\n\n\n<h4 class=\"wp-block-heading\">Le v\u00eatement blanc<\/h4>\n\n\n\n<p>Le blanc, dans notre culture, est le signe de la f\u00eate. Le jour de son bapt\u00eame, le baptis\u00e9 rev\u00eat un v\u00eatement blanc, v\u00eatement de f\u00eate. Le blanc est aussi le signe de la R\u00e9surrection, de la Puret\u00e9. Le baptis\u00e9 a rev\u00eatu le Christ, il est un homme nouveau, c&rsquo;est pourquoi, il porte un v\u00eatement blanc.<\/p>\n\n\n\n<h4 class=\"wp-block-heading\">La lumi\u00e8re<\/h4>\n\n\n\n<p>On donne au baptis\u00e9 un cierge allum\u00e9 au cierge pascal pour dire que, maintenant, il est la lumi\u00e8re du Christ et que cette lumi\u00e8re doit briller autour de lui : \u00ab\u00a0vivez comme des fils de lumi\u00e8re\u00a0\u00bb Ep5,8.<\/p>\n","protected":false},"author":1,"featured_media":0,"parent":77,"menu_order":104,"template":"","meta":{"_acf_changed":false,"footnotes":""},"class_list":["post-78","paroisse","type-paroisse","status-publish","hentry"],"acf":[],"yoast_head":"<!-- This site is optimized with the Yoast SEO plugin v27.4 - https:\/\/yoast.com\/product\/yoast-seo-wordpress\/ -->\n<title>Qu&#039;est-ce que le bapt\u00eame ? - Doyenn\u00e9 d&#039;H\u00e9ricourt - Isle\/Doubs<\/title>\n<meta name=\"robots\" content=\"index, follow, max-snippet:-1, max-image-preview:large, max-video-preview:-1\" \/>\n<link rel=\"canonical\" href=\"https:\/\/www.diocese-belfort-montbeliard.fr\/hericourt-isle-doubs\/paroisses\/notre-dame-du-paquis\/le-bapteme\/quest-ce-que-le-bapteme\/\" \/>\n<meta property=\"og:locale\" content=\"fr_FR\" \/>\n<meta property=\"og:type\" content=\"article\" \/>\n<meta property=\"og:title\" content=\"Qu&#039;est-ce que le bapt\u00eame ? - Doyenn\u00e9 d&#039;H\u00e9ricourt - Isle\/Doubs\" \/>\n<meta property=\"og:description\" content=\"Le sacrement du bapt\u00eame Le bapt\u00eame est le premier sacrement de la vie chr\u00e9tienne. Il est&nbsp;\u00ab\u00a0la porte des sacrements\u00a0\u00bb. C&rsquo;est par lui que le croyant entre dans l&rsquo;Alliance et commence \u00e0 en vivre. J\u00e9sus d\u00e9clare que le bapt\u00eame est une&nbsp;nouvelle naissance, par laquelle on entre dans le royaume de Dieu.En grec, bapt\u00eame signifie&nbsp;plong\u00e9e. Par le [&hellip;]\" \/>\n<meta property=\"og:url\" content=\"https:\/\/www.diocese-belfort-montbeliard.fr\/hericourt-isle-doubs\/paroisses\/notre-dame-du-paquis\/le-bapteme\/quest-ce-que-le-bapteme\/\" \/>\n<meta property=\"og:site_name\" content=\"Doyenn\u00e9 d&#039;H\u00e9ricourt - Isle\/Doubs\" \/>\n<meta property=\"article:modified_time\" content=\"2021-01-30T15:39:13+00:00\" \/>\n<meta name=\"twitter:card\" content=\"summary_large_image\" \/>\n<meta name=\"twitter:label1\" content=\"Dur\u00e9e de lecture estim\u00e9e\" \/>\n\t<meta name=\"twitter:data1\" content=\"2 minutes\" \/>\n<script type=\"application\/ld+json\" class=\"yoast-schema-graph\">{\"@context\":\"https:\\\/\\\/schema.org\",\"@graph\":[{\"@type\":\"WebPage\",\"@id\":\"https:\\\/\\\/www.diocese-belfort-montbeliard.fr\\\/hericourt-isle-doubs\\\/paroisses\\\/notre-dame-du-paquis\\\/le-bapteme\\\/quest-ce-que-le-bapteme\\\/\",\"url\":\"https:\\\/\\\/www.diocese-belfort-montbeliard.fr\\\/hericourt-isle-doubs\\\/paroisses\\\/notre-dame-du-paquis\\\/le-bapteme\\\/quest-ce-que-le-bapteme\\\/\",\"name\":\"Qu'est-ce que le bapt\u00eame ? - Doyenn\u00e9 d&#039;H\u00e9ricourt - Isle\\\/Doubs\",\"isPartOf\":{\"@id\":\"https:\\\/\\\/www.diocese-belfort-montbeliard.fr\\\/hericourt-isle-doubs\\\/#website\"},\"datePublished\":\"2021-01-07T21:53:20+00:00\",\"dateModified\":\"2021-01-30T15:39:13+00:00\",\"breadcrumb\":{\"@id\":\"https:\\\/\\\/www.diocese-belfort-montbeliard.fr\\\/hericourt-isle-doubs\\\/paroisses\\\/notre-dame-du-paquis\\\/le-bapteme\\\/quest-ce-que-le-bapteme\\\/#breadcrumb\"},\"inLanguage\":\"fr-FR\",\"potentialAction\":[{\"@type\":\"ReadAction\",\"target\":[\"https:\\\/\\\/www.diocese-belfort-montbeliard.fr\\\/hericourt-isle-doubs\\\/paroisses\\\/notre-dame-du-paquis\\\/le-bapteme\\\/quest-ce-que-le-bapteme\\\/\"]}]},{\"@type\":\"BreadcrumbList\",\"@id\":\"https:\\\/\\\/www.diocese-belfort-montbeliard.fr\\\/hericourt-isle-doubs\\\/paroisses\\\/notre-dame-du-paquis\\\/le-bapteme\\\/quest-ce-que-le-bapteme\\\/#breadcrumb\",\"itemListElement\":[{\"@type\":\"ListItem\",\"position\":1,\"name\":\"Accueil\",\"item\":\"https:\\\/\\\/www.diocese-belfort-montbeliard.fr\\\/hericourt-isle-doubs\\\/\"},{\"@type\":\"ListItem\",\"position\":2,\"name\":\"Notre-Dame du P\u00e2quis\",\"item\":\"https:\\\/\\\/www.diocese-belfort-montbeliard.fr\\\/hericourt-isle-doubs\\\/paroisses\\\/notre-dame-du-paquis\\\/\"},{\"@type\":\"ListItem\",\"position\":3,\"name\":\"Le bapt\u00eame\",\"item\":\"https:\\\/\\\/www.diocese-belfort-montbeliard.fr\\\/hericourt-isle-doubs\\\/paroisses\\\/notre-dame-du-paquis\\\/le-bapteme\\\/\"},{\"@type\":\"ListItem\",\"position\":4,\"name\":\"Qu&#8217;est-ce que le bapt\u00eame ?\"}]},{\"@type\":\"WebSite\",\"@id\":\"https:\\\/\\\/www.diocese-belfort-montbeliard.fr\\\/hericourt-isle-doubs\\\/#website\",\"url\":\"https:\\\/\\\/www.diocese-belfort-montbeliard.fr\\\/hericourt-isle-doubs\\\/\",\"name\":\"Doyenn\u00e9 d&#039;H\u00e9ricourt - Isle\\\/Doubs\",\"description\":\"Dioc\u00e8se de Belfort-Montb\u00e9liard\",\"potentialAction\":[{\"@type\":\"SearchAction\",\"target\":{\"@type\":\"EntryPoint\",\"urlTemplate\":\"https:\\\/\\\/www.diocese-belfort-montbeliard.fr\\\/hericourt-isle-doubs\\\/?s={search_term_string}\"},\"query-input\":{\"@type\":\"PropertyValueSpecification\",\"valueRequired\":true,\"valueName\":\"search_term_string\"}}],\"inLanguage\":\"fr-FR\"}]}<\/script>\n<!-- \/ Yoast SEO plugin. -->","yoast_head_json":{"title":"Qu'est-ce que le bapt\u00eame ? - Doyenn\u00e9 d&#039;H\u00e9ricourt - Isle\/Doubs","robots":{"index":"index","follow":"follow","max-snippet":"max-snippet:-1","max-image-preview":"max-image-preview:large","max-video-preview":"max-video-preview:-1"},"canonical":"https:\/\/www.diocese-belfort-montbeliard.fr\/hericourt-isle-doubs\/paroisses\/notre-dame-du-paquis\/le-bapteme\/quest-ce-que-le-bapteme\/","og_locale":"fr_FR","og_type":"article","og_title":"Qu'est-ce que le bapt\u00eame ? - Doyenn\u00e9 d&#039;H\u00e9ricourt - Isle\/Doubs","og_description":"Le sacrement du bapt\u00eame Le bapt\u00eame est le premier sacrement de la vie chr\u00e9tienne. Il est&nbsp;\u00ab\u00a0la porte des sacrements\u00a0\u00bb. C&rsquo;est par lui que le croyant entre dans l&rsquo;Alliance et commence \u00e0 en vivre. J\u00e9sus d\u00e9clare que le bapt\u00eame est une&nbsp;nouvelle naissance, par laquelle on entre dans le royaume de Dieu.En grec, bapt\u00eame signifie&nbsp;plong\u00e9e. Par le [&hellip;]","og_url":"https:\/\/www.diocese-belfort-montbeliard.fr\/hericourt-isle-doubs\/paroisses\/notre-dame-du-paquis\/le-bapteme\/quest-ce-que-le-bapteme\/","og_site_name":"Doyenn\u00e9 d&#039;H\u00e9ricourt - Isle\/Doubs","article_modified_time":"2021-01-30T15:39:13+00:00","twitter_card":"summary_large_image","twitter_misc":{"Dur\u00e9e de lecture estim\u00e9e":"2 minutes"},"schema":{"@context":"https:\/\/schema.org","@graph":[{"@type":"WebPage","@id":"https:\/\/www.diocese-belfort-montbeliard.fr\/hericourt-isle-doubs\/paroisses\/notre-dame-du-paquis\/le-bapteme\/quest-ce-que-le-bapteme\/","url":"https:\/\/www.diocese-belfort-montbeliard.fr\/hericourt-isle-doubs\/paroisses\/notre-dame-du-paquis\/le-bapteme\/quest-ce-que-le-bapteme\/","name":"Qu'est-ce que le bapt\u00eame ? - Doyenn\u00e9 d&#039;H\u00e9ricourt - Isle\/Doubs","isPartOf":{"@id":"https:\/\/www.diocese-belfort-montbeliard.fr\/hericourt-isle-doubs\/#website"},"datePublished":"2021-01-07T21:53:20+00:00","dateModified":"2021-01-30T15:39:13+00:00","breadcrumb":{"@id":"https:\/\/www.diocese-belfort-montbeliard.fr\/hericourt-isle-doubs\/paroisses\/notre-dame-du-paquis\/le-bapteme\/quest-ce-que-le-bapteme\/#breadcrumb"},"inLanguage":"fr-FR","potentialAction":[{"@type":"ReadAction","target":["https:\/\/www.diocese-belfort-montbeliard.fr\/hericourt-isle-doubs\/paroisses\/notre-dame-du-paquis\/le-bapteme\/quest-ce-que-le-bapteme\/"]}]},{"@type":"BreadcrumbList","@id":"https:\/\/www.diocese-belfort-montbeliard.fr\/hericourt-isle-doubs\/paroisses\/notre-dame-du-paquis\/le-bapteme\/quest-ce-que-le-bapteme\/#breadcrumb","itemListElement":[{"@type":"ListItem","position":1,"name":"Accueil","item":"https:\/\/www.diocese-belfort-montbeliard.fr\/hericourt-isle-doubs\/"},{"@type":"ListItem","position":2,"name":"Notre-Dame du P\u00e2quis","item":"https:\/\/www.diocese-belfort-montbeliard.fr\/hericourt-isle-doubs\/paroisses\/notre-dame-du-paquis\/"},{"@type":"ListItem","position":3,"name":"Le bapt\u00eame","item":"https:\/\/www.diocese-belfort-montbeliard.fr\/hericourt-isle-doubs\/paroisses\/notre-dame-du-paquis\/le-bapteme\/"},{"@type":"ListItem","position":4,"name":"Qu&#8217;est-ce que le bapt\u00eame ?"}]},{"@type":"WebSite","@id":"https:\/\/www.diocese-belfort-montbeliard.fr\/hericourt-isle-doubs\/#website","url":"https:\/\/www.diocese-belfort-montbeliard.fr\/hericourt-isle-doubs\/","name":"Doyenn\u00e9 d&#039;H\u00e9ricourt - Isle\/Doubs","description":"Dioc\u00e8se de Belfort-Montb\u00e9liard","potentialAction":[{"@type":"SearchAction","target":{"@type":"EntryPoint","urlTemplate":"https:\/\/www.diocese-belfort-montbeliard.fr\/hericourt-isle-doubs\/?s={search_term_string}"},"query-input":{"@type":"PropertyValueSpecification","valueRequired":true,"valueName":"search_term_string"}}],"inLanguage":"fr-FR"}]}},"_links":{"self":[{"href":"https:\/\/www.diocese-belfort-montbeliard.fr\/hericourt-isle-doubs\/wp-json\/wp\/v2\/paroisse\/78","targetHints":{"allow":["GET"]}}],"collection":[{"href":"https:\/\/www.diocese-belfort-montbeliard.fr\/hericourt-isle-doubs\/wp-json\/wp\/v2\/paroisse"}],"about":[{"href":"https:\/\/www.diocese-belfort-montbeliard.fr\/hericourt-isle-doubs\/wp-json\/wp\/v2\/types\/paroisse"}],"author":[{"embeddable":true,"href":"https:\/\/www.diocese-belfort-montbeliard.fr\/hericourt-isle-doubs\/wp-json\/wp\/v2\/users\/1"}],"version-history":[{"count":0,"href":"https:\/\/www.diocese-belfort-montbeliard.fr\/hericourt-isle-doubs\/wp-json\/wp\/v2\/paroisse\/78\/revisions"}],"up":[{"embeddable":true,"href":"https:\/\/www.diocese-belfort-montbeliard.fr\/hericourt-isle-doubs\/wp-json\/wp\/v2\/paroisse\/77"}],"wp:attachment":[{"href":"https:\/\/www.diocese-belfort-montbeliard.fr\/hericourt-isle-doubs\/wp-json\/wp\/v2\/media?parent=78"}],"curies":[{"name":"wp","href":"https:\/\/api.w.org\/{rel}","templated":true}]}}