{"id":2234,"date":"2022-07-25T20:28:54","date_gmt":"2022-07-25T18:28:54","guid":{"rendered":"https:\/\/www.diocese-belfort-montbeliard.fr\/seloncourt-pont-de-roide\/?post_type=paroisse&#038;p=2234"},"modified":"2022-07-25T20:30:35","modified_gmt":"2022-07-25T18:30:35","slug":"nous-avons-besoin-de-vous","status":"publish","type":"paroisse","link":"https:\/\/www.diocese-belfort-montbeliard.fr\/seloncourt-pont-de-roide\/paroisses\/notre-dame-de-chatey\/catechisme\/nous-avons-besoin-de-vous\/","title":{"rendered":"NOUS AVONS BESOIN DE VOUS."},"content":{"rendered":"\n<p>Nous avons pr\u00e9vu une reprise du cat\u00e9 \u00e0 la rentr\u00e9e 2022-2023.<\/p>\n\n\n\n<p>Une date pour l\u2019inscription ou la r\u00e9inscription des enfants est fix\u00e9e,<\/p>\n\n\n\n<p><strong>Elle aura lieu le jeudi 25 ao\u00fbt \u00e0 la maison de la paroisse<\/strong> <strong>au 2a rue de la r\u00e9sistance \u00e0 Pont de Roide<\/strong><\/p>\n\n\n\n<p><strong>de 15h00 \u00e0 19h00.<\/strong><\/p>\n\n\n\n<p>Cette ann\u00e9e encore, nous allons manquer de cat\u00e9chistes.<\/p>\n\n\n\n<p>C\u2019est pourquoi nous lan\u00e7ons un appel&nbsp;:<\/p>\n\n\n\n<p>Si vous avez de la disponibilit\u00e9, si vous d\u00e9sirez accompagner un groupe d\u2019enfants,<\/p>\n\n\n\n<p>nous vous invitons \u00e0 rejoindre l\u2019\u00e9quipe des cat\u00e9chistes&nbsp;!<\/p>\n\n\n\n<p>Tous les ans, nous sollicitons des parents, mais aussi des papys, des mamies,<\/p>\n\n\n\n<p>ou d\u2019autres paroissiens. Cela peut \u00eatre pour une ann\u00e9e, ou pour plusieurs ann\u00e9es,<\/p>\n\n\n\n<p>le temps de suivre la cat\u00e9ch\u00e8se de votre enfant.<\/p>\n\n\n\n<p>Une formation est assur\u00e9e et les livrets des accompagnateurs sont tr\u00e8s complets.<\/p>\n\n\n\n<p>Nous comptons sur vous&nbsp;!<\/p>\n\n\n\n<p>Vous pouvez vous adresser \u00e0 la Maison de la Paroisse lors de la permanence, \u00e0 notre pr\u00eatre Thierry, ou \u00e0 un(e) cat\u00e9chiste que vous connaissez.<\/p>\n\n\n\n<p>Un immense MERCI aux six cat\u00e9chistes&nbsp;: Caroline, Catherine, Chantal, Dominique, Genevi\u00e8ve,<\/p>\n\n\n\n<p>Lydie qui ont accompagn\u00e9 des enfants pendant plusieurs ann\u00e9es et qui pour diverses raisons cessent cette activit\u00e9 pastorale au sein de notre communaut\u00e9.<\/p>\n\n\n\n<p>&nbsp;&nbsp;&nbsp;&nbsp; A bient\u00f4t&nbsp;!<\/p>\n\n\n\n<p>Pour la cat\u00e9ch\u00e8se&nbsp;: Abb\u00e9 Thierry DUBRET<\/p>\n\n\n\n<p>et Marie Christine CHOULET.<\/p>\n","protected":false},"author":19,"featured_media":0,"parent":45,"menu_order":34,"template":"","meta":{"_acf_changed":false,"footnotes":""},"class_list":["post-2234","paroisse","type-paroisse","status-publish","hentry"],"acf":[],"yoast_head":"<!-- This site is optimized with the Yoast SEO plugin v27.4 - https:\/\/yoast.com\/product\/yoast-seo-wordpress\/ -->\n<title>NOUS AVONS BESOIN DE VOUS. - Doyenn\u00e9 de Seloncourt Pont-de-Roide<\/title>\n<meta name=\"robots\" content=\"index, follow, max-snippet:-1, max-image-preview:large, max-video-preview:-1\" \/>\n<link rel=\"canonical\" href=\"https:\/\/www.diocese-belfort-montbeliard.fr\/seloncourt-pont-de-roide\/paroisses\/notre-dame-de-chatey\/catechisme\/nous-avons-besoin-de-vous\/\" \/>\n<meta property=\"og:locale\" content=\"fr_FR\" \/>\n<meta property=\"og:type\" content=\"article\" \/>\n<meta property=\"og:title\" content=\"NOUS AVONS BESOIN DE VOUS. - Doyenn\u00e9 de Seloncourt Pont-de-Roide\" \/>\n<meta property=\"og:description\" content=\"Nous avons pr\u00e9vu une reprise du cat\u00e9 \u00e0 la rentr\u00e9e 2022-2023. Une date pour l\u2019inscription ou la r\u00e9inscription des enfants est fix\u00e9e, Elle aura lieu le jeudi 25 ao\u00fbt \u00e0 la maison de la paroisse au 2a rue de la r\u00e9sistance \u00e0 Pont de Roide de 15h00 \u00e0 19h00. Cette ann\u00e9e encore, nous allons manquer [&hellip;]\" \/>\n<meta property=\"og:url\" content=\"https:\/\/www.diocese-belfort-montbeliard.fr\/seloncourt-pont-de-roide\/paroisses\/notre-dame-de-chatey\/catechisme\/nous-avons-besoin-de-vous\/\" \/>\n<meta property=\"og:site_name\" content=\"Doyenn\u00e9 de Seloncourt Pont-de-Roide\" \/>\n<meta property=\"article:modified_time\" content=\"2022-07-25T18:30:35+00:00\" \/>\n<meta name=\"twitter:card\" content=\"summary_large_image\" \/>\n<meta name=\"twitter:label1\" content=\"Dur\u00e9e de lecture estim\u00e9e\" \/>\n\t<meta name=\"twitter:data1\" content=\"2 minutes\" \/>\n<script type=\"application\/ld+json\" class=\"yoast-schema-graph\">{\"@context\":\"https:\\\/\\\/schema.org\",\"@graph\":[{\"@type\":\"WebPage\",\"@id\":\"https:\\\/\\\/www.diocese-belfort-montbeliard.fr\\\/seloncourt-pont-de-roide\\\/paroisses\\\/notre-dame-de-chatey\\\/catechisme\\\/nous-avons-besoin-de-vous\\\/\",\"url\":\"https:\\\/\\\/www.diocese-belfort-montbeliard.fr\\\/seloncourt-pont-de-roide\\\/paroisses\\\/notre-dame-de-chatey\\\/catechisme\\\/nous-avons-besoin-de-vous\\\/\",\"name\":\"NOUS AVONS BESOIN DE VOUS. - Doyenn\u00e9 de Seloncourt Pont-de-Roide\",\"isPartOf\":{\"@id\":\"https:\\\/\\\/www.diocese-belfort-montbeliard.fr\\\/seloncourt-pont-de-roide\\\/#website\"},\"datePublished\":\"2022-07-25T18:28:54+00:00\",\"dateModified\":\"2022-07-25T18:30:35+00:00\",\"breadcrumb\":{\"@id\":\"https:\\\/\\\/www.diocese-belfort-montbeliard.fr\\\/seloncourt-pont-de-roide\\\/paroisses\\\/notre-dame-de-chatey\\\/catechisme\\\/nous-avons-besoin-de-vous\\\/#breadcrumb\"},\"inLanguage\":\"fr-FR\",\"potentialAction\":[{\"@type\":\"ReadAction\",\"target\":[\"https:\\\/\\\/www.diocese-belfort-montbeliard.fr\\\/seloncourt-pont-de-roide\\\/paroisses\\\/notre-dame-de-chatey\\\/catechisme\\\/nous-avons-besoin-de-vous\\\/\"]}]},{\"@type\":\"BreadcrumbList\",\"@id\":\"https:\\\/\\\/www.diocese-belfort-montbeliard.fr\\\/seloncourt-pont-de-roide\\\/paroisses\\\/notre-dame-de-chatey\\\/catechisme\\\/nous-avons-besoin-de-vous\\\/#breadcrumb\",\"itemListElement\":[{\"@type\":\"ListItem\",\"position\":1,\"name\":\"Accueil\",\"item\":\"https:\\\/\\\/www.diocese-belfort-montbeliard.fr\\\/seloncourt-pont-de-roide\\\/\"},{\"@type\":\"ListItem\",\"position\":2,\"name\":\"Notre Dame de Chatey\",\"item\":\"https:\\\/\\\/www.diocese-belfort-montbeliard.fr\\\/seloncourt-pont-de-roide\\\/paroisses\\\/notre-dame-de-chatey\\\/\"},{\"@type\":\"ListItem\",\"position\":3,\"name\":\"Cat\u00e9chisme\",\"item\":\"https:\\\/\\\/www.diocese-belfort-montbeliard.fr\\\/seloncourt-pont-de-roide\\\/paroisses\\\/notre-dame-de-chatey\\\/catechisme\\\/\"},{\"@type\":\"ListItem\",\"position\":4,\"name\":\"NOUS AVONS BESOIN DE VOUS.\"}]},{\"@type\":\"WebSite\",\"@id\":\"https:\\\/\\\/www.diocese-belfort-montbeliard.fr\\\/seloncourt-pont-de-roide\\\/#website\",\"url\":\"https:\\\/\\\/www.diocese-belfort-montbeliard.fr\\\/seloncourt-pont-de-roide\\\/\",\"name\":\"Doyenn\u00e9 de Seloncourt Pont-de-Roide\",\"description\":\"Dioc\u00e8se de Belfort - Montb\u00e9liard\",\"potentialAction\":[{\"@type\":\"SearchAction\",\"target\":{\"@type\":\"EntryPoint\",\"urlTemplate\":\"https:\\\/\\\/www.diocese-belfort-montbeliard.fr\\\/seloncourt-pont-de-roide\\\/?s={search_term_string}\"},\"query-input\":{\"@type\":\"PropertyValueSpecification\",\"valueRequired\":true,\"valueName\":\"search_term_string\"}}],\"inLanguage\":\"fr-FR\"}]}<\/script>\n<!-- \/ Yoast SEO plugin. -->","yoast_head_json":{"title":"NOUS AVONS BESOIN DE VOUS. - Doyenn\u00e9 de Seloncourt Pont-de-Roide","robots":{"index":"index","follow":"follow","max-snippet":"max-snippet:-1","max-image-preview":"max-image-preview:large","max-video-preview":"max-video-preview:-1"},"canonical":"https:\/\/www.diocese-belfort-montbeliard.fr\/seloncourt-pont-de-roide\/paroisses\/notre-dame-de-chatey\/catechisme\/nous-avons-besoin-de-vous\/","og_locale":"fr_FR","og_type":"article","og_title":"NOUS AVONS BESOIN DE VOUS. - Doyenn\u00e9 de Seloncourt Pont-de-Roide","og_description":"Nous avons pr\u00e9vu une reprise du cat\u00e9 \u00e0 la rentr\u00e9e 2022-2023. Une date pour l\u2019inscription ou la r\u00e9inscription des enfants est fix\u00e9e, Elle aura lieu le jeudi 25 ao\u00fbt \u00e0 la maison de la paroisse au 2a rue de la r\u00e9sistance \u00e0 Pont de Roide de 15h00 \u00e0 19h00. Cette ann\u00e9e encore, nous allons manquer [&hellip;]","og_url":"https:\/\/www.diocese-belfort-montbeliard.fr\/seloncourt-pont-de-roide\/paroisses\/notre-dame-de-chatey\/catechisme\/nous-avons-besoin-de-vous\/","og_site_name":"Doyenn\u00e9 de Seloncourt Pont-de-Roide","article_modified_time":"2022-07-25T18:30:35+00:00","twitter_card":"summary_large_image","twitter_misc":{"Dur\u00e9e de lecture estim\u00e9e":"2 minutes"},"schema":{"@context":"https:\/\/schema.org","@graph":[{"@type":"WebPage","@id":"https:\/\/www.diocese-belfort-montbeliard.fr\/seloncourt-pont-de-roide\/paroisses\/notre-dame-de-chatey\/catechisme\/nous-avons-besoin-de-vous\/","url":"https:\/\/www.diocese-belfort-montbeliard.fr\/seloncourt-pont-de-roide\/paroisses\/notre-dame-de-chatey\/catechisme\/nous-avons-besoin-de-vous\/","name":"NOUS AVONS BESOIN DE VOUS. - Doyenn\u00e9 de Seloncourt Pont-de-Roide","isPartOf":{"@id":"https:\/\/www.diocese-belfort-montbeliard.fr\/seloncourt-pont-de-roide\/#website"},"datePublished":"2022-07-25T18:28:54+00:00","dateModified":"2022-07-25T18:30:35+00:00","breadcrumb":{"@id":"https:\/\/www.diocese-belfort-montbeliard.fr\/seloncourt-pont-de-roide\/paroisses\/notre-dame-de-chatey\/catechisme\/nous-avons-besoin-de-vous\/#breadcrumb"},"inLanguage":"fr-FR","potentialAction":[{"@type":"ReadAction","target":["https:\/\/www.diocese-belfort-montbeliard.fr\/seloncourt-pont-de-roide\/paroisses\/notre-dame-de-chatey\/catechisme\/nous-avons-besoin-de-vous\/"]}]},{"@type":"BreadcrumbList","@id":"https:\/\/www.diocese-belfort-montbeliard.fr\/seloncourt-pont-de-roide\/paroisses\/notre-dame-de-chatey\/catechisme\/nous-avons-besoin-de-vous\/#breadcrumb","itemListElement":[{"@type":"ListItem","position":1,"name":"Accueil","item":"https:\/\/www.diocese-belfort-montbeliard.fr\/seloncourt-pont-de-roide\/"},{"@type":"ListItem","position":2,"name":"Notre Dame de Chatey","item":"https:\/\/www.diocese-belfort-montbeliard.fr\/seloncourt-pont-de-roide\/paroisses\/notre-dame-de-chatey\/"},{"@type":"ListItem","position":3,"name":"Cat\u00e9chisme","item":"https:\/\/www.diocese-belfort-montbeliard.fr\/seloncourt-pont-de-roide\/paroisses\/notre-dame-de-chatey\/catechisme\/"},{"@type":"ListItem","position":4,"name":"NOUS AVONS BESOIN DE VOUS."}]},{"@type":"WebSite","@id":"https:\/\/www.diocese-belfort-montbeliard.fr\/seloncourt-pont-de-roide\/#website","url":"https:\/\/www.diocese-belfort-montbeliard.fr\/seloncourt-pont-de-roide\/","name":"Doyenn\u00e9 de Seloncourt Pont-de-Roide","description":"Dioc\u00e8se de Belfort - Montb\u00e9liard","potentialAction":[{"@type":"SearchAction","target":{"@type":"EntryPoint","urlTemplate":"https:\/\/www.diocese-belfort-montbeliard.fr\/seloncourt-pont-de-roide\/?s={search_term_string}"},"query-input":{"@type":"PropertyValueSpecification","valueRequired":true,"valueName":"search_term_string"}}],"inLanguage":"fr-FR"}]}},"_links":{"self":[{"href":"https:\/\/www.diocese-belfort-montbeliard.fr\/seloncourt-pont-de-roide\/wp-json\/wp\/v2\/paroisse\/2234","targetHints":{"allow":["GET"]}}],"collection":[{"href":"https:\/\/www.diocese-belfort-montbeliard.fr\/seloncourt-pont-de-roide\/wp-json\/wp\/v2\/paroisse"}],"about":[{"href":"https:\/\/www.diocese-belfort-montbeliard.fr\/seloncourt-pont-de-roide\/wp-json\/wp\/v2\/types\/paroisse"}],"author":[{"embeddable":true,"href":"https:\/\/www.diocese-belfort-montbeliard.fr\/seloncourt-pont-de-roide\/wp-json\/wp\/v2\/users\/19"}],"version-history":[{"count":3,"href":"https:\/\/www.diocese-belfort-montbeliard.fr\/seloncourt-pont-de-roide\/wp-json\/wp\/v2\/paroisse\/2234\/revisions"}],"predecessor-version":[{"id":2237,"href":"https:\/\/www.diocese-belfort-montbeliard.fr\/seloncourt-pont-de-roide\/wp-json\/wp\/v2\/paroisse\/2234\/revisions\/2237"}],"up":[{"embeddable":true,"href":"https:\/\/www.diocese-belfort-montbeliard.fr\/seloncourt-pont-de-roide\/wp-json\/wp\/v2\/paroisse\/45"}],"wp:attachment":[{"href":"https:\/\/www.diocese-belfort-montbeliard.fr\/seloncourt-pont-de-roide\/wp-json\/wp\/v2\/media?parent=2234"}],"curies":[{"name":"wp","href":"https:\/\/api.w.org\/{rel}","templated":true}]}}