{"id":5932,"date":"2026-03-14T11:05:10","date_gmt":"2026-03-14T10:05:10","guid":{"rendered":"https:\/\/www.diocese-belfort-montbeliard.fr\/seloncourt-pont-de-roide\/?post_type=paroisse&#038;p=5932"},"modified":"2026-03-15T10:18:59","modified_gmt":"2026-03-15T09:18:59","slug":"dimanche-15-mars-2026-annee-a","status":"publish","type":"paroisse","link":"https:\/\/www.diocese-belfort-montbeliard.fr\/seloncourt-pont-de-roide\/paroisses\/notre-dame-de-chatey\/feuilles-paroissiales\/dimanche-15-mars-2026-annee-a\/","title":{"rendered":"DIMANCHE 15 MARS 2026 ANNEE A"},"content":{"rendered":"\n<div class=\"wp-block-columns is-layout-flex wp-container-core-columns-is-layout-9d6595d7 wp-block-columns-is-layout-flex\">\n<div class=\"wp-block-column is-layout-flow wp-block-column-is-layout-flow\" style=\"flex-basis:25%\">\n<div class=\"wp-block-buttons is-layout-flex wp-block-buttons-is-layout-flex\">\n<div class=\"wp-block-button is-style-outline is-style-outline--1\"><a class=\"wp-block-button__link has-noir-color has-blanc-background-color has-text-color has-background has-link-color wp-element-button\" href=\"https:\/\/www.diocese-belfort-montbeliard.fr\/seloncourt-pont-de-roide\/wp-content\/uploads\/sites\/6\/2026\/03\/fp-du-15-mars-2026.pdf\" target=\"_blank\" rel=\"noreferrer noopener\">T\u00e9l\u00e9charger<br>Imprimer<\/a><\/div>\n<\/div>\n<\/div>\n\n\n\n<div class=\"wp-block-column is-layout-flow wp-block-column-is-layout-flow\" style=\"flex-basis:50%\">\n<h5 class=\"wp-block-heading has-text-align-center\">4e DIMANCHE DE CAR\u00caME<\/h5>\n<\/div>\n\n\n\n<div class=\"wp-block-column is-layout-flow wp-block-column-is-layout-flow\" style=\"flex-basis:25%\">\n<div class=\"wp-block-buttons is-layout-flex wp-block-buttons-is-layout-flex\">\n<div class=\"wp-block-button is-style-outline is-style-outline--2\"><a class=\"wp-block-button__link has-noir-color has-blanc-background-color has-text-color has-background has-link-color wp-element-button\" href=\"https:\/\/www.diocese-belfort-montbeliard.fr\/seloncourt-pont-de-roide\/paroisses\/notre-dame-de-chatey\/homelies\/dimanche-15-mars-2026-annee-a\/\" target=\"_blank\" rel=\"noreferrer noopener\">Hom\u00e9lie<\/a><\/div>\n<\/div>\n<\/div>\n<\/div>\n\n\n\n<p><strong><u>VENDREDI 13 MARS messe \u00e0 18H00 \u00e0 SOLEMONT :<\/u><\/strong><strong> <\/strong>nous prions pour Georges SOCIE en union avec Marie-Jo.<br>Andr\u00e9 et Simone BOLE, Pierre leur fils et sa famille.<\/p>\n\n\n\n<p><strong><u>SAMEDI 14 MARS messe \u00e0 18H00 \u00e0 VERMONDANS :<\/u><\/strong><strong> <\/strong>nous prions pour Joseph CUCHEROUSSET en union avec la chorale.<br>Nadine GALLECIER au 57<sup>eme<\/sup> anniversaire de son d\u00e9c\u00e8s et les d\u00e9funts de la famille.<\/p>\n\n\n\n<p><strong><u>DIMANCHE 15 MARS :<\/u><\/strong><strong> Pas de messe dans la paroisse.<\/strong><\/p>\n\n\n\n<p><strong>Messe en DOYENNE \u00e0 10H00 \u00e0 SELONCOURT. <\/strong>Messe de la solidarit\u00e9. <strong>Qu\u00eate imp\u00e9r\u00e9e pour le denier de Saint Pierre.<\/strong><\/p>\n\n\n\n<p><strong><u>MARDI 17 MARS messe \u00e0 8H30 \u00e0 la chapelle de la maison de la paroisse :<\/u><\/strong><\/p>\n\n\n\n<p><strong><u>MERCREDI 18 MARS messe \u00e0 8H30 \u00e0 MATHAY :<\/u><\/strong><\/p>\n\n\n\n<p><strong><u>VENDREDI 20 MARS messe \u00e0 18H00 \u00e0 MATHAY : <\/u><\/strong>nous prions pour Louis QUITTET et son \u00e9pouse Marthe GIRARDIN et leur fils Gilbert QUITTET.<br>Ren\u00e9 MUNIER et son \u00e9pouse Lucienne QUITTET -MUNIER.<\/p>\n\n\n\n<p><strong><u>SAMEDI 21 MARS messe \u00e0 18H00 \u00e0 BOURGUIGNON :<\/u><\/strong><strong> <\/strong>nous prions pour Hugues et les vivants et d\u00e9funts de la famille.<br>Bernard GAIFFE.<br>Odile KOLB, Ada et Marcel LIEGEOIS en union avec les familles.<\/p>\n\n\n\n<p><strong><u>DIMANCHE 22 MARS messe \u00e0 10H00 \u00e0 la chapelle \u00e0 VERMONDANS :<\/u><\/strong><strong> Qu\u00eate imp\u00e9r\u00e9e pour la collecte nationale<\/strong><\/p>\n\n\n\n<p><strong>CCFD : <\/strong>nous prions pour Madeleine, Emile, Jean-Louis MERCIER, Cl\u00e9ment, Jos\u00e9phine, Pierre, Jeanne CONVERSET et leur fille Pierrette, les familles MERCIER, CONVERSET, PAOLI, Jean-Claude GRONSFELD, Jean-Marie CAGNON et Sylvain , Louis VIL, Jacques PEDRAZZANI et Solange, Pierre ARDANOUY, Andr\u00e9 JEUNOT, Pierre LEMONNIER et Claude, Georges MOREL, Michel ABS et Chantal, Roger TORA, Michel FROSSARD, Antonio CANTALUPPI, Claude MAIROT, Robert SERDET et Jacqueline, Mario FILISETTI, Michel PETIT, Jean-Fran\u00e7ois CAPELLI, Jean, Catherine et Monique CAILLER, Lionel NICOLLET, Claude GIRARDOT, Jean-Pierre MOSER, Roger FROIDEVAUX, Jacques TIROLE ,Alain ROUSSEAU, Louis MARON, Philippe PIZEL, Jacques BACK\u00c8S, Robert FALLOT et Chantal, Claude PRONGUE, Robert BOLSIGNER, Jean GUIN, Jean-Pierre BERNARD, Nicolas ZERBIN et Matt\u00e9o, Jean-Marie ARRIGONI, Denis RAUCAZ, Ren\u00e9 CHAOURS et Val\u00e8re, Gilbert CAPELLI, Robert TOURNIER et Odette, Ren\u00e9 CLAUDE, Gilbert MAURICE, Marcel BOUVIER, Faustino CANZIAN, Michel NAPPEY, Jean JACQUOT, Alain BOCQUET, Gilbert CAGNON, Jean-Louis LORAIN.<br>Pierre LIDOINE, Jean-Marie DEMOUGIN, Daniel BOLLE, Serge BALIZET, Jean-Claude CANEPA, No\u00ebl TOURNIER et Huguette, Michel CAGNON, Andr\u00e9 PELAY, Paul JACQUOT, Roland NAPPEY et Olga, Modeste GIGON et Claude, Daniel MOSER, Claude CHAVANON, Gabriel MAUVAIS, Stanislas KONDRACKI en union avec leurs coll\u00e8gues et amis , Andr\u00e9e BURON en union avec Gaby .<br>Joseph CUCHEROUSSET en union avec la chorale.<br>Dani\u00e8le RERAT et les vivants et d\u00e9funts des familles RERAT-CHOULET .<br><strong>Suzanne LANGLI dont les obs\u00e8ques ont \u00e9t\u00e9 c\u00e9l\u00e9br\u00e9es le 02 mars .<\/strong><br><strong>Gabriel PRETOT dont les obs\u00e8ques ont \u00e9t\u00e9 c\u00e9l\u00e9br\u00e9es le 11 mars.<\/strong><\/p>\n\n\n\n<p><strong>Seigneur, vous avez donn\u00e9 votre vie pour tous les enfants de la terre.<br>Que la foi revienne dans nos c\u0153urs et que la paix et l\u2019amour r\u00e8gnent entre tous les hommes.<br><em>Pri\u00e8re de Phillippa Leclercq, d\u00e9l\u00e9gu\u00e9e du R\u00e9seau d\u2019animation pastorale de l\u2019Apel.<\/em><\/strong><strong><br><\/strong><\/p>\n\n\n\n<p class=\"has-text-align-center\"><strong>ANNONCES<\/strong><strong>.<\/strong><\/p>\n\n\n\n<p><strong>Les rendez-vous au temps du Car\u00eame :<\/strong><\/p>\n\n\n\n<p><strong>Mardi 17 mars \u00e0 18h00 \u00e0 la chapelle de Vermondans :<\/strong> C\u00e9l\u00e9bration du Pardon<\/p>\n\n\n\n<p><strong>Jeudi 19 mars \u00e0 14h30 \u00e0 la maison de retraite de Pont de Roide :<\/strong> Messe avec les r\u00e9sidents et les b\u00e9n\u00e9voles.<\/p>\n\n\n\n<p><strong>Vendredi 20 mars \u00e0 19h00 \u00e0 Mandeure : <\/strong>Rencontre pr\u00eatres et diacres du doyenn\u00e9.<\/p>\n\n\n\n<p><strong>Jeudi 26 mars de 16h00 \u00e0 19h00. Chapelle de Vermondans :<\/strong> Le Pardon qui prend son temps<\/p>\n\n\n\n<p class=\"has-text-align-center\"><strong>&#8212;&#8212;&#8212;&#8212;&#8212;-<\/strong><\/p>\n\n\n\n<p>D\u00e9couvrez THE CHOSEN saison 5<strong>.<\/strong><\/p>\n\n\n\n<p>Huit rencontres vous sont propos\u00e9es les mardis \u00e0 19h30 \u00e0 partir du 17 f\u00e9vrier au temple de Pont de Roide, suivies d\u2019\u00e9changes en groupe.<\/p>\n\n\n\n<p class=\"has-text-align-center\"><strong>&#8212;&#8212;&#8212;&#8212;&#8212;-<\/strong><\/p>\n\n\n\n<p><strong>Mardi 17 mars \u00e0 20h00 \u00e0 la salle de la chapelle de Vermondans :<\/strong> Bilan des Pissenlits.<\/p>\n\n\n\n<p><strong>Jeudi 19 mars de 19h30 \u00e0 21h00 Cin\u00e9ma Le Foyer de Pont de Roide Vermondans : <\/strong>Conf\u00e9rence. D\u00e9bat.<\/p>\n\n\n\n<p>Entr\u00e9e libre, selon disponibilit\u00e9. Tout public.<\/p>\n\n\n\n<p>Quand la maladie s\u2019invite \u00e0 la maison : comment accompagner sans s\u2019\u00e9puiser ?<\/p>\n\n\n\n<p><strong>&#8212;&#8212;&#8212;&#8212;&#8212;-<\/strong><\/p>\n\n\n\n<p><strong>Dimanche 22 mars \u00e0 midi salle de la chapelle de Vermondans :<\/strong> Repas de printemps de la paroisse protestante de Pont de Roide.<br>Menu franc comtois : Pommes de terre, saucisse, cancoillotte, salade, dessert glac\u00e9.<br>Prix : 17 euros.<br>R\u00e9servation jusqu\u2019au mercredi 18 mars.<br>Martine GIORDANO : 07 81 35 22 59.<br>Nicole POUHIN : 06 86 98 40 48.<\/p>\n\n\n\n<p class=\"has-text-align-center\"><strong>&#8212;&#8212;&#8212;&#8212;&#8212;-<\/strong><\/p>\n\n\n\n<p class=\"has-text-align-center\"><strong>VENTE DES OEUFS DE P\u00c2QUES 2026<\/strong><\/p>\n\n\n\n<p>Les \u0153ufs de P\u00e2ques vous seront propos\u00e9s \u00e0 partir du Dimanche 08 Mars, jour du repas des pissenlits \u00e0 Vermondans et aux sorties des offices jusqu\u2019\u00e0 P\u00e2ques, suivant disponibilit\u00e9.<\/p>\n\n\n\n<p>Ils seront vendus \u00e0 6,00 \u20ac le paquet de 5, nous conservons le m\u00eame prix qu\u2019en 2025, malgr\u00e9 l\u2019augmentations de 3% du fournisseur. Merci \u00e0 vous les acheteurs toujours aussi nombreux.<\/p>\n\n\n\n<p>Voici les coordonn\u00e9es des personnes qui se chargent de vendre les \u0153ufs cette ann\u00e9e :<br>Chantal LAB 07 83 96 32 48.<br>Edith ROBERT 03 81 35 20 42.<br>St\u00e9phanie CREVONS 03 81 35 22 80.<br>Marie-Jo GALLEZOT 03 81 30 08 17.<br>Marcelle et Gaby GUENOT 06 84 52 36 24.<br>Marcelle SANSEIGNE 03 81 92 27 18.<br>Philippe GALLECIER 06 07 48 69 15.<br>Alain VISCHI 06 10 75 66 73.<br>Fran\u00e7oise LERNOULD 03 81 96 90 86<\/p>\n\n\n\n<p>Pour les personnes ne pouvant se d\u00e9placer, c\u2019est avec plaisir que nous vous livrerons les \u0153ufs.<\/p>\n\n\n\n<p>P.S. les ch\u00e8ques sont \u00e0 libeller \u00e0 l\u2019ordre de : PAROISSE NOTRE DAME DE CHATEY<strong><\/strong><\/p>\n\n\n\n<p><\/p>\n","protected":false},"author":67,"featured_media":0,"parent":23,"menu_order":14,"template":"","meta":{"_acf_changed":false,"footnotes":""},"class_list":["post-5932","paroisse","type-paroisse","status-publish","hentry"],"acf":[],"yoast_head":"<!-- This site is optimized with the Yoast SEO plugin v27.4 - https:\/\/yoast.com\/product\/yoast-seo-wordpress\/ -->\n<title>DIMANCHE 15 MARS 2026 ANNEE A - Doyenn\u00e9 de Seloncourt Pont-de-Roide<\/title>\n<meta name=\"robots\" content=\"index, follow, max-snippet:-1, max-image-preview:large, max-video-preview:-1\" \/>\n<link rel=\"canonical\" href=\"https:\/\/www.diocese-belfort-montbeliard.fr\/seloncourt-pont-de-roide\/paroisses\/notre-dame-de-chatey\/feuilles-paroissiales\/dimanche-15-mars-2026-annee-a\/\" \/>\n<meta property=\"og:locale\" content=\"fr_FR\" \/>\n<meta property=\"og:type\" content=\"article\" \/>\n<meta property=\"og:title\" content=\"DIMANCHE 15 MARS 2026 ANNEE A - Doyenn\u00e9 de Seloncourt Pont-de-Roide\" \/>\n<meta property=\"og:description\" content=\"4e DIMANCHE DE CAR\u00caME VENDREDI 13 MARS messe \u00e0 18H00 \u00e0 SOLEMONT : nous prions pour Georges SOCIE en union avec Marie-Jo.Andr\u00e9 et Simone BOLE, Pierre leur fils et sa famille. SAMEDI 14 MARS messe \u00e0 18H00 \u00e0 VERMONDANS : nous prions pour Joseph CUCHEROUSSET en union avec la chorale.Nadine GALLECIER au 57eme anniversaire de [&hellip;]\" \/>\n<meta property=\"og:url\" content=\"https:\/\/www.diocese-belfort-montbeliard.fr\/seloncourt-pont-de-roide\/paroisses\/notre-dame-de-chatey\/feuilles-paroissiales\/dimanche-15-mars-2026-annee-a\/\" \/>\n<meta property=\"og:site_name\" content=\"Doyenn\u00e9 de Seloncourt Pont-de-Roide\" \/>\n<meta property=\"article:modified_time\" content=\"2026-03-15T09:18:59+00:00\" \/>\n<meta name=\"twitter:card\" content=\"summary_large_image\" \/>\n<meta name=\"twitter:label1\" content=\"Dur\u00e9e de lecture estim\u00e9e\" \/>\n\t<meta name=\"twitter:data1\" content=\"5 minutes\" \/>\n<script type=\"application\/ld+json\" class=\"yoast-schema-graph\">{\"@context\":\"https:\\\/\\\/schema.org\",\"@graph\":[{\"@type\":\"WebPage\",\"@id\":\"https:\\\/\\\/www.diocese-belfort-montbeliard.fr\\\/seloncourt-pont-de-roide\\\/paroisses\\\/notre-dame-de-chatey\\\/feuilles-paroissiales\\\/dimanche-15-mars-2026-annee-a\\\/\",\"url\":\"https:\\\/\\\/www.diocese-belfort-montbeliard.fr\\\/seloncourt-pont-de-roide\\\/paroisses\\\/notre-dame-de-chatey\\\/feuilles-paroissiales\\\/dimanche-15-mars-2026-annee-a\\\/\",\"name\":\"DIMANCHE 15 MARS 2026 ANNEE A - Doyenn\u00e9 de Seloncourt Pont-de-Roide\",\"isPartOf\":{\"@id\":\"https:\\\/\\\/www.diocese-belfort-montbeliard.fr\\\/seloncourt-pont-de-roide\\\/#website\"},\"datePublished\":\"2026-03-14T10:05:10+00:00\",\"dateModified\":\"2026-03-15T09:18:59+00:00\",\"breadcrumb\":{\"@id\":\"https:\\\/\\\/www.diocese-belfort-montbeliard.fr\\\/seloncourt-pont-de-roide\\\/paroisses\\\/notre-dame-de-chatey\\\/feuilles-paroissiales\\\/dimanche-15-mars-2026-annee-a\\\/#breadcrumb\"},\"inLanguage\":\"fr-FR\",\"potentialAction\":[{\"@type\":\"ReadAction\",\"target\":[\"https:\\\/\\\/www.diocese-belfort-montbeliard.fr\\\/seloncourt-pont-de-roide\\\/paroisses\\\/notre-dame-de-chatey\\\/feuilles-paroissiales\\\/dimanche-15-mars-2026-annee-a\\\/\"]}]},{\"@type\":\"BreadcrumbList\",\"@id\":\"https:\\\/\\\/www.diocese-belfort-montbeliard.fr\\\/seloncourt-pont-de-roide\\\/paroisses\\\/notre-dame-de-chatey\\\/feuilles-paroissiales\\\/dimanche-15-mars-2026-annee-a\\\/#breadcrumb\",\"itemListElement\":[{\"@type\":\"ListItem\",\"position\":1,\"name\":\"Accueil\",\"item\":\"https:\\\/\\\/www.diocese-belfort-montbeliard.fr\\\/seloncourt-pont-de-roide\\\/\"},{\"@type\":\"ListItem\",\"position\":2,\"name\":\"Notre Dame de Chatey\",\"item\":\"https:\\\/\\\/www.diocese-belfort-montbeliard.fr\\\/seloncourt-pont-de-roide\\\/paroisses\\\/notre-dame-de-chatey\\\/\"},{\"@type\":\"ListItem\",\"position\":3,\"name\":\"Feuilles paroissiales\",\"item\":\"https:\\\/\\\/www.diocese-belfort-montbeliard.fr\\\/seloncourt-pont-de-roide\\\/paroisses\\\/notre-dame-de-chatey\\\/feuilles-paroissiales\\\/\"},{\"@type\":\"ListItem\",\"position\":4,\"name\":\"DIMANCHE 15 MARS 2026 ANNEE A\"}]},{\"@type\":\"WebSite\",\"@id\":\"https:\\\/\\\/www.diocese-belfort-montbeliard.fr\\\/seloncourt-pont-de-roide\\\/#website\",\"url\":\"https:\\\/\\\/www.diocese-belfort-montbeliard.fr\\\/seloncourt-pont-de-roide\\\/\",\"name\":\"Doyenn\u00e9 de Seloncourt Pont-de-Roide\",\"description\":\"Dioc\u00e8se de Belfort - Montb\u00e9liard\",\"potentialAction\":[{\"@type\":\"SearchAction\",\"target\":{\"@type\":\"EntryPoint\",\"urlTemplate\":\"https:\\\/\\\/www.diocese-belfort-montbeliard.fr\\\/seloncourt-pont-de-roide\\\/?s={search_term_string}\"},\"query-input\":{\"@type\":\"PropertyValueSpecification\",\"valueRequired\":true,\"valueName\":\"search_term_string\"}}],\"inLanguage\":\"fr-FR\"}]}<\/script>\n<!-- \/ Yoast SEO plugin. -->","yoast_head_json":{"title":"DIMANCHE 15 MARS 2026 ANNEE A - Doyenn\u00e9 de Seloncourt Pont-de-Roide","robots":{"index":"index","follow":"follow","max-snippet":"max-snippet:-1","max-image-preview":"max-image-preview:large","max-video-preview":"max-video-preview:-1"},"canonical":"https:\/\/www.diocese-belfort-montbeliard.fr\/seloncourt-pont-de-roide\/paroisses\/notre-dame-de-chatey\/feuilles-paroissiales\/dimanche-15-mars-2026-annee-a\/","og_locale":"fr_FR","og_type":"article","og_title":"DIMANCHE 15 MARS 2026 ANNEE A - Doyenn\u00e9 de Seloncourt Pont-de-Roide","og_description":"4e DIMANCHE DE CAR\u00caME VENDREDI 13 MARS messe \u00e0 18H00 \u00e0 SOLEMONT : nous prions pour Georges SOCIE en union avec Marie-Jo.Andr\u00e9 et Simone BOLE, Pierre leur fils et sa famille. SAMEDI 14 MARS messe \u00e0 18H00 \u00e0 VERMONDANS : nous prions pour Joseph CUCHEROUSSET en union avec la chorale.Nadine GALLECIER au 57eme anniversaire de [&hellip;]","og_url":"https:\/\/www.diocese-belfort-montbeliard.fr\/seloncourt-pont-de-roide\/paroisses\/notre-dame-de-chatey\/feuilles-paroissiales\/dimanche-15-mars-2026-annee-a\/","og_site_name":"Doyenn\u00e9 de Seloncourt Pont-de-Roide","article_modified_time":"2026-03-15T09:18:59+00:00","twitter_card":"summary_large_image","twitter_misc":{"Dur\u00e9e de lecture estim\u00e9e":"5 minutes"},"schema":{"@context":"https:\/\/schema.org","@graph":[{"@type":"WebPage","@id":"https:\/\/www.diocese-belfort-montbeliard.fr\/seloncourt-pont-de-roide\/paroisses\/notre-dame-de-chatey\/feuilles-paroissiales\/dimanche-15-mars-2026-annee-a\/","url":"https:\/\/www.diocese-belfort-montbeliard.fr\/seloncourt-pont-de-roide\/paroisses\/notre-dame-de-chatey\/feuilles-paroissiales\/dimanche-15-mars-2026-annee-a\/","name":"DIMANCHE 15 MARS 2026 ANNEE A - Doyenn\u00e9 de Seloncourt Pont-de-Roide","isPartOf":{"@id":"https:\/\/www.diocese-belfort-montbeliard.fr\/seloncourt-pont-de-roide\/#website"},"datePublished":"2026-03-14T10:05:10+00:00","dateModified":"2026-03-15T09:18:59+00:00","breadcrumb":{"@id":"https:\/\/www.diocese-belfort-montbeliard.fr\/seloncourt-pont-de-roide\/paroisses\/notre-dame-de-chatey\/feuilles-paroissiales\/dimanche-15-mars-2026-annee-a\/#breadcrumb"},"inLanguage":"fr-FR","potentialAction":[{"@type":"ReadAction","target":["https:\/\/www.diocese-belfort-montbeliard.fr\/seloncourt-pont-de-roide\/paroisses\/notre-dame-de-chatey\/feuilles-paroissiales\/dimanche-15-mars-2026-annee-a\/"]}]},{"@type":"BreadcrumbList","@id":"https:\/\/www.diocese-belfort-montbeliard.fr\/seloncourt-pont-de-roide\/paroisses\/notre-dame-de-chatey\/feuilles-paroissiales\/dimanche-15-mars-2026-annee-a\/#breadcrumb","itemListElement":[{"@type":"ListItem","position":1,"name":"Accueil","item":"https:\/\/www.diocese-belfort-montbeliard.fr\/seloncourt-pont-de-roide\/"},{"@type":"ListItem","position":2,"name":"Notre Dame de Chatey","item":"https:\/\/www.diocese-belfort-montbeliard.fr\/seloncourt-pont-de-roide\/paroisses\/notre-dame-de-chatey\/"},{"@type":"ListItem","position":3,"name":"Feuilles paroissiales","item":"https:\/\/www.diocese-belfort-montbeliard.fr\/seloncourt-pont-de-roide\/paroisses\/notre-dame-de-chatey\/feuilles-paroissiales\/"},{"@type":"ListItem","position":4,"name":"DIMANCHE 15 MARS 2026 ANNEE A"}]},{"@type":"WebSite","@id":"https:\/\/www.diocese-belfort-montbeliard.fr\/seloncourt-pont-de-roide\/#website","url":"https:\/\/www.diocese-belfort-montbeliard.fr\/seloncourt-pont-de-roide\/","name":"Doyenn\u00e9 de Seloncourt Pont-de-Roide","description":"Dioc\u00e8se de Belfort - Montb\u00e9liard","potentialAction":[{"@type":"SearchAction","target":{"@type":"EntryPoint","urlTemplate":"https:\/\/www.diocese-belfort-montbeliard.fr\/seloncourt-pont-de-roide\/?s={search_term_string}"},"query-input":{"@type":"PropertyValueSpecification","valueRequired":true,"valueName":"search_term_string"}}],"inLanguage":"fr-FR"}]}},"_links":{"self":[{"href":"https:\/\/www.diocese-belfort-montbeliard.fr\/seloncourt-pont-de-roide\/wp-json\/wp\/v2\/paroisse\/5932","targetHints":{"allow":["GET"]}}],"collection":[{"href":"https:\/\/www.diocese-belfort-montbeliard.fr\/seloncourt-pont-de-roide\/wp-json\/wp\/v2\/paroisse"}],"about":[{"href":"https:\/\/www.diocese-belfort-montbeliard.fr\/seloncourt-pont-de-roide\/wp-json\/wp\/v2\/types\/paroisse"}],"author":[{"embeddable":true,"href":"https:\/\/www.diocese-belfort-montbeliard.fr\/seloncourt-pont-de-roide\/wp-json\/wp\/v2\/users\/67"}],"version-history":[{"count":3,"href":"https:\/\/www.diocese-belfort-montbeliard.fr\/seloncourt-pont-de-roide\/wp-json\/wp\/v2\/paroisse\/5932\/revisions"}],"predecessor-version":[{"id":5951,"href":"https:\/\/www.diocese-belfort-montbeliard.fr\/seloncourt-pont-de-roide\/wp-json\/wp\/v2\/paroisse\/5932\/revisions\/5951"}],"up":[{"embeddable":true,"href":"https:\/\/www.diocese-belfort-montbeliard.fr\/seloncourt-pont-de-roide\/wp-json\/wp\/v2\/paroisse\/23"}],"wp:attachment":[{"href":"https:\/\/www.diocese-belfort-montbeliard.fr\/seloncourt-pont-de-roide\/wp-json\/wp\/v2\/media?parent=5932"}],"curies":[{"name":"wp","href":"https:\/\/api.w.org\/{rel}","templated":true}]}}