{"id":5964,"date":"2026-03-28T13:40:55","date_gmt":"2026-03-28T12:40:55","guid":{"rendered":"https:\/\/www.diocese-belfort-montbeliard.fr\/seloncourt-pont-de-roide\/?post_type=paroisse&#038;p=5964"},"modified":"2026-03-28T13:44:03","modified_gmt":"2026-03-28T12:44:03","slug":"dimanche-29-mars-2026-annee-a","status":"publish","type":"paroisse","link":"https:\/\/www.diocese-belfort-montbeliard.fr\/seloncourt-pont-de-roide\/paroisses\/notre-dame-de-chatey\/feuilles-paroissiales\/dimanche-29-mars-2026-annee-a\/","title":{"rendered":"DIMANCHE 29 MARS 2026 ANNEE A"},"content":{"rendered":"\n<div class=\"wp-block-columns is-layout-flex wp-container-core-columns-is-layout-9d6595d7 wp-block-columns-is-layout-flex\">\n<div class=\"wp-block-column is-layout-flow wp-block-column-is-layout-flow\" style=\"flex-basis:25%\">\n<div class=\"wp-block-buttons is-layout-flex wp-block-buttons-is-layout-flex\">\n<div class=\"wp-block-button is-style-outline is-style-outline--1\"><a class=\"wp-block-button__link has-noir-color has-blanc-background-color has-text-color has-background has-link-color wp-element-button\" href=\"https:\/\/www.diocese-belfort-montbeliard.fr\/seloncourt-pont-de-roide\/wp-content\/uploads\/sites\/6\/2026\/03\/fp-du-29-mars-2026.pdf\" target=\"_blank\" rel=\"noreferrer noopener\">T\u00e9l\u00e9charger<br>Imprimer<\/a><\/div>\n<\/div>\n<\/div>\n\n\n\n<div class=\"wp-block-column is-layout-flow wp-block-column-is-layout-flow\" style=\"flex-basis:50%\">\n<h5 class=\"wp-block-heading has-text-align-center\">DIMANCHE DES RAMEAUX<\/h5>\n<\/div>\n\n\n\n<div class=\"wp-block-column is-layout-flow wp-block-column-is-layout-flow\" style=\"flex-basis:25%\"><\/div>\n<\/div>\n\n\n\n<p><strong><u>VENDREDI&nbsp; 27 MARS messe \u00e0 18H00 \u00e0 DAMBELIN&nbsp;: <\/u><\/strong>nous prions pour Genevi\u00e8ve et Emile BARETTI et pour une intention particuli\u00e8re.<\/p>\n\n\n\n<p><strong><u>SAMEDI 28 MARS&nbsp;messe des RAMEAUX&nbsp; \u00e0 18H00 \u00e0 \u00e0 MATHAY&nbsp;: <\/u><\/strong>nous prions pour Jeannette et Joseph CUCHEROUSSET en union avec Nicole et Gaby .<br>Jean GRUT en union avec sa famille .<br>Robert BOILLON en union avec une amie et toute la famille .<br>Marguerite CURTIT et sa famille .<br>Fran\u00e7oise DUBAIL et Georges MONNIER .<br>Jean et Elisabeth MONNIER et leur famille .<br>Ren\u00e9 et Juliette SEGUIN .<br>Dori ZULIANELLO .<br>Leon Isabeyau 2eme anniversaire de son d\u00e9c\u00e8s en union avec Vincent et les d\u00e9funts des familles .<br>Marie BARTHOD.&nbsp; <br><strong><u>Et \u00e0 DAMBELIN \u00e014h00<\/u>&nbsp;: Visite de l\u2019\u00e9glise<\/strong><\/p>\n\n\n\n<p><strong><u>DIMANCHE 29 MARS messe des RAMEAUX \u00e0 10H00 \u00e0 PONT DE ROIDE&nbsp;: <\/u><\/strong>nous prions pour Marie-No\u00eblle BODIN et sa famille en union avec une amie .<br>Pour Joseph CUCHEROUSSET en union avec la chorale .<br>Mireille HENNEMAN en union avec son fils Laurent .<br>F\u00e9licie REYNAUD au 2<sup>e<\/sup> anniversaire de son d\u00e9c\u00e8s, en union avec sa famille et ses amis .<br>Philippe KLINGUER son petit-fils Alexis en union avec Gis\u00e8le, ses enfants et petits-enfants .<br>Pour Marie-No\u00eblle BOILLEY en union avec une amie .<br>Pour les vivants et d\u00e9funts des familles HENRIOT KLINGUER .<br>Pour les malades et les d\u00e9funts de la rue Emile Peugeot .<br>Pour tous les b\u00e9n\u00e9voles de la kermesse des pissenlits qui nous ont quitt\u00e9 .<br>Pour Alain MIDEY au 21\u00e8me ann. De son d\u00e9c\u00e8s&nbsp; en union avec Michel SBALCHIERO, Maurice MIDEY, Marie-Jeanne RAYOT, Simone BAUMGARTNER d\u00e9c\u00e9d\u00e9e le 5 mars .<br>Pour Marie-No\u00eblle MOUGIN et Marie-No\u00eblle BODIN en union avec la chorale .<br>Jeannette, Andr\u00e9 et Henri Rougeot en union avec les d\u00e9funts des familles BARTHOULOT ROUGEOT LESCOT.<br>Henri FALCONNET en union avec son \u00e9pouse et ses enfants<br>Plusieurs malades sous la protection de Notre Dame De Chatey .<br>Roger BURON&nbsp;,Robert CIRESA, les familles Buron ,CIRESA,BOULOGNE ,DELACOUR<br>Marie Louise DONZE pour son anniversaire de d\u00e9c\u00e8s en union avec son \u00e9poux Gustave, ses fis Claude et Bernard, sa fille Marie Jeanne et son petit-fils \u00c9ric, son gendre Fran\u00e7ois .<br>Manon REBILLOT au 20 <sup>\u00e8me<\/sup> anniversaire de son d\u00e9c\u00e8s en union avec Gilbert et les vivants et d\u00e9funts de la famille<\/p>\n\n\n\n<p><strong><u>MARDI 31 MARS Messe \u00e0 8H30 \u00e0 la&nbsp; chapelle de la maison de la paroisse&nbsp;:<\/u><\/strong>&nbsp; nous prions pour Ang\u00e8le et Joseph FANTINI et leurs enfants en union avec leurs enfants et petits enfants&nbsp;<\/p>\n\n\n\n<p><strong><u>MERCREDI &nbsp;1<sup>er<\/sup> AVRIL&nbsp; messe \u00e0 8H30 \u00e0 MATHAY&nbsp;:<\/u><\/strong> PAS DE MESSE&nbsp; <br><strong><u>Et \u00e0 18H00 \u00e0 la CATHEDRALE \u00e0 BELFORT<\/u>&nbsp;:&nbsp; MESSE CHRISMALE<\/strong>&nbsp;<\/p>\n\n\n\n<p><strong><u>JEUDI 02 AVRIL messe de la C\u00c8NE DU SEIGNEUR \u00e0 19H00 \u00e0 DAMBELIN&nbsp;<\/u><\/strong>:<\/p>\n\n\n\n<p><strong><u>VENDREDI 03 AVRIL messe de la PASSION \u00e0 19H00 \u00e0 DAMPJOUX&nbsp;: QU\u00caTE IMPEREE pour les chretiens en Terre Sainte : nous<\/u><\/strong> prions pour Louis QUITTET, son \u00e9pouse Marthe GIRARDIN, leur fils Gilbert QUITTET, Ren\u00e9 MUNIER et son \u00e9pouse Lucienne QUITTET-MUNIER.<br><strong><u>Et \u00e0 15H00&nbsp;: <\/u>CHEMIN DE CROIX dans les \u00e9glises de PONT DE ROIDE, BOURGUIGNON, DAMBELIN, DAMPJOUX, MATHAY. &nbsp;<br><u>Et \u00e0 17H30 \u00e0 la CHAPELLE Ste Anne \u00e0 VERMONDANS&nbsp;: <\/u>CHEMIN DE CROIX pour les enfants.<\/strong><\/p>\n\n\n\n<p><strong><u>SAMEDI 04 AVRIL&nbsp;: VEILLEE PASCALE messe \u00e0 21H00 \u00e0 PONT DE ROIDE&nbsp;: <\/u><\/strong>nous prions pour Daniel et Mich\u00e8le MEYNIER, Claude et Isabelle TRIPARD et les vivants et d\u00e9funts des familles MEYNIER TRIPARD .<br>Pour les vivants et d\u00e9funts des familles KLINGUER HENRIOT .<br>Pour Jean-Luc FUMEY en union avec son \u00e9pouse, ses enfants et petits-enfants .<br>Marie-No\u00eblle MOUGIN en union avec les familles MOUGIN, BOUGELU .<br>Michel GUYOT en union avec ses parents et beaux parents et les d\u00e9funts des 2 familles .<br>Arlette GUYOT et ses parents d\u00e9funts .<br>Ren\u00e9&nbsp;,ses parents, ma marraine d\u00e9c\u00e9d\u00e9e cette semaine en union avec les familles JACQUOT-TRIPONNEY<br>Gilbert, Mauricette et Eliane PERRIOT&nbsp;, Jean, Denise et Jeanne MERCIER .<br>Just et Anne Marie, Michel et Micheline, Gerard et Monique, Odette MARGUIER&nbsp;; Bernadette MARGUIER, jean et Jeanne CHERRIER et leurs parents d\u00e9funts .<br>En remerciement \u00e0 Notre Dame .<br>Ren\u00e9, Jeanne et Monique MONNIER .<br><strong><u>DIMANCHE 05 AVRIL&nbsp;:&nbsp; P\u00c2QUES <\/u>&nbsp;A 06H30&nbsp;: AUBE PASCALE AU TEMPLE DE PONT DE ROIDE. <\/strong><strong>&nbsp;<br><u>Et \u00e0 10H00 messe \u00e0 BOURGUIGNON : <\/u><\/strong>nous prions pour Daniel en union avec Edith et Ren\u00e9, Hugues, ses grands-parents, Ida, Robert et Marcelle, Ren\u00e9, ses oncles, Claude et Jean-Marie.<br>Robert MAILLARD, son gendre Serge et tous les d\u00e9funts de la famille.<\/p>\n\n\n\n<p>Marche de Car\u00eame&nbsp;: Comme chaque ann\u00e9e, la communaut\u00e9 paroissiale de Bourguignon vous invite \u00e0 sa traditionnelle marche des Rameaux. Parcours 5 et 9 kms. Rendez-vous dimanche 29 mars \u00e0 13H45 dans la cour de l\u2019\u00e9glise pour 1 d\u00e9part group\u00e9. Participation libre au profit du CCFD pour procurer des repas aux enfants du Paraguay. P\u00e2tisseries et boissons offerts au retour. Venez nombreux.<\/p>\n\n\n\n<p class=\"has-text-align-center\"><strong>LES EXISTE-EN-CIEL SONT ARRIVES<\/strong><\/p>\n\n\n\n<p class=\"has-text-align-center\"><strong><u>ANNONCES<\/u><\/strong><strong>.<\/strong><\/p>\n\n\n\n<p><strong><u>Informations concernant la paroisse ND de Chatey&nbsp;<\/u>: <\/strong>Lors du mois d\u2019avril&nbsp;: <strong>Thierry<\/strong> sera absent<strong> <\/strong>du<strong> lundi 13 au vendredi 17 avril<\/strong> au sein de la paroisse.<\/p>\n\n\n\n<p><strong>D\u00e9couvrez THE CHOSEN saison 5. <\/strong>Huit rencontres vous sont propos\u00e9es les mardis \u00e0 19h30 \u00e0 partir du 17 f\u00e9vrier au temple de Pont de Roide, suivies d\u2019\u00e9changes en groupe.<\/p>\n\n\n\n<p><strong><u>LE SACREMENT DES MALADES<\/u><\/strong>&nbsp;: L\u2019onction des malades est le sacrement de la confiance et de l\u2019esp\u00e9rance. Tout baptis\u00e9 peut le recevoir \u00e0 tout \u00e2ge et plusieurs fois dans sa vie quand la sant\u00e9 physique, psychique est alt\u00e9r\u00e9e. Quand les atteintes de l\u2019\u00e2ge sont douloureuses \u00e0 supporter. Quand une intervention ou un traitement difficile est envisag\u00e9. Quand la vie est en danger. J\u00e9sus-Christ rejoint le malade pour trouver la paix, garder courage, \u00eatre fortifi\u00e9 dans son \u00e2me et dans son corps.<br><strong>Le samedi 11 avril 2026 \u00e0 15h30, \u00e9glise du Sacr\u00e9-C\u0153ur d\u2019Audincourt.<\/strong> &nbsp;<\/p>\n\n\n\n<p><strong><u>Bulletin d\u2019inscription<\/u> <\/strong><br><strong>NOM<\/strong>\u2026\u2026\u2026\u2026\u2026\u2026\u2026\u2026\u2026\u2026\u2026\u2026\u2026\u2026\u2026\u2026&#8230;Pr\u00e9nom&nbsp;\u2026\u2026\u2026\u2026\u2026\u2026\u2026\u2026\u2026\u2026\u2026\u2026\u2026\u2026\u2026\u2026\u2026. <br>Adresse compl\u00e8te&nbsp;: <br>T\u00e9l\u00e9phone\u2026\u2026\u2026\u2026\u2026\u2026\u2026\u2026\u2026\u2026\u2026\u2026\u2026Mail : \u2026\u2026\u2026\u2026\u2026\u2026\u2026\u2026\u2026\u2026\u2026\u2026\u2026. &nbsp;<br>Je d\u00e9sire recevoir le Sacrement des malades au cours de la c\u00e9l\u00e9bration du 11 avril 2026 \u00e0 15h30, \u00e9glise du Sacr\u00e9-C\u0153ur Audincourt (acc\u00e8s PMR)<br>Je suis trop souffrant : je d\u00e9sire recevoir le sacrement des malades chez moi &nbsp;<br>Bulletin \u00e0 retourner avant le 4 avril \u00e0 l\u2019adresse suivante Paroisse Saint Luc, <br>20 rue Jeanne d\u2019Arc 25400 AUDINCOURT tel: 09.77.57.39.58 &nbsp;<\/p>\n\n\n\n<p><strong>A savoir \u00e0 partir du 1<sup>er<\/sup> septembre <\/strong>la paroisse ND de Chatey aura un nouveau cur\u00e9. C\u2019est avec une certaine \u00e9motion que je quitterai la paroisse, dont j\u2019ai eu la charge durant neuf ann\u00e9es. Je remercie les personnes avec lesquelles j\u2019ai \u0153uvr\u00e9 \u00e0 la mission de l\u2019annonce de l\u2019\u00c9vangile. &nbsp;<br><em>Thierry DUBRET pr\u00eatre de la paroisse.<\/em><\/p>\n\n\n\n<p><strong>Seigneur, en ce jour des Rameaux, redonne la foi \u00e0 tous ceux qui t\u2019ont oubli\u00e9, fait qu\u2019ils retrouvent la foi en ton amour. Amen<\/strong><\/p>\n\n\n\n<p><em>Pri\u00e8re de Phillippa Leclercq, d\u00e9l\u00e9gu\u00e9e du R\u00e9seau d\u2019animation pastorale de l\u2019Apel 17<\/em> &nbsp;<\/p>\n\n\n\n<figure class=\"wp-block-table\"><table class=\"has-fixed-layout\"><tbody><tr><td><img loading=\"lazy\" decoding=\"async\" width=\"59\" height=\"34\" src=\"https:\/\/www.diocese-belfort-montbeliard.fr\/06626527-f687-4f6a-b09e-83e9b34cc57b\"><strong><u>VENTE DES \u0152UFS DE P\u00c2QUES 2026<\/u><\/strong> <img loading=\"lazy\" decoding=\"async\" width=\"62\" height=\"37\" src=\"https:\/\/www.diocese-belfort-montbeliard.fr\/abe59c3c-7e79-430d-a913-ac9ade8a2686\"> Les \u0153ufs de P\u00e2ques vous seront propos\u00e9s \u00e0 partir du Dimanche 08 Mars, jour du repas des pissenlits \u00e0 Vermondans et aux sorties des offices jusqu\u2019\u00e0 P\u00e2ques, suivant disponibilit\u00e9. Ils seront vendus \u00e0 6,00 \u20ac le paquet de 5, nous conservons le m\u00eame prix qu\u2019en 2025, malgr\u00e9 l\u2019augmentations de 3% du fournisseur. Merci \u00e0 vous les acheteurs toujours aussi nombreux. Voici les coordonn\u00e9es des personnes qui se chargent de vendre les \u0153ufs cette ann\u00e9e&nbsp;: Chantal LAB 07 83 96 32 48&nbsp;; Edith ROBERT 03 81 35 20 42.<br>St\u00e9phanie CREVONS&nbsp;03 81 35 22 80 ; Marie-Jo GALLEZOT 03 81 30 08 17\/ Marcelle et Gaby GUENOT 06 84 52 36 24&nbsp;; Marcelle SANSEIGNE 03 81 92 27 18.<br>Philippe GALLECIER 06 07 48 69 15&nbsp;; Alain VISCHI 06 10 75 66 73.<br>Fran\u00e7oise LERNOULD 03 81 96 90 86 Pour les personnes ne pouvant se d\u00e9placer, c\u2019est avec plaisir que nous vous livrerons les \u0153ufs. P.S. les ch\u00e8ques sont \u00e0 libeller \u00e0 l\u2019ordre de&nbsp;: PAROISSE NOTRE DAME DE CHATEY<\/td><\/tr><\/tbody><\/table><\/figure>\n","protected":false},"author":67,"featured_media":0,"parent":23,"menu_order":10,"template":"","meta":{"_acf_changed":false,"footnotes":""},"class_list":["post-5964","paroisse","type-paroisse","status-publish","hentry"],"acf":[],"yoast_head":"<!-- This site is optimized with the Yoast SEO plugin v27.4 - https:\/\/yoast.com\/product\/yoast-seo-wordpress\/ -->\n<title>DIMANCHE 29 MARS 2026 ANNEE A - Doyenn\u00e9 de Seloncourt Pont-de-Roide<\/title>\n<meta name=\"robots\" content=\"index, follow, max-snippet:-1, max-image-preview:large, max-video-preview:-1\" \/>\n<link rel=\"canonical\" href=\"https:\/\/www.diocese-belfort-montbeliard.fr\/seloncourt-pont-de-roide\/paroisses\/notre-dame-de-chatey\/feuilles-paroissiales\/dimanche-29-mars-2026-annee-a\/\" \/>\n<meta property=\"og:locale\" content=\"fr_FR\" \/>\n<meta property=\"og:type\" content=\"article\" \/>\n<meta property=\"og:title\" content=\"DIMANCHE 29 MARS 2026 ANNEE A - Doyenn\u00e9 de Seloncourt Pont-de-Roide\" \/>\n<meta property=\"og:description\" content=\"DIMANCHE DES RAMEAUX VENDREDI&nbsp; 27 MARS messe \u00e0 18H00 \u00e0 DAMBELIN&nbsp;: nous prions pour Genevi\u00e8ve et Emile BARETTI et pour une intention particuli\u00e8re. SAMEDI 28 MARS&nbsp;messe des RAMEAUX&nbsp; \u00e0 18H00 \u00e0 \u00e0 MATHAY&nbsp;: nous prions pour Jeannette et Joseph CUCHEROUSSET en union avec Nicole et Gaby .Jean GRUT en union avec sa famille .Robert BOILLON [&hellip;]\" \/>\n<meta property=\"og:url\" content=\"https:\/\/www.diocese-belfort-montbeliard.fr\/seloncourt-pont-de-roide\/paroisses\/notre-dame-de-chatey\/feuilles-paroissiales\/dimanche-29-mars-2026-annee-a\/\" \/>\n<meta property=\"og:site_name\" content=\"Doyenn\u00e9 de Seloncourt Pont-de-Roide\" \/>\n<meta property=\"article:modified_time\" content=\"2026-03-28T12:44:03+00:00\" \/>\n<meta property=\"og:image\" content=\"https:\/\/www.diocese-belfort-montbeliard.fr\/06626527-f687-4f6a-b09e-83e9b34cc57b\" \/>\n<meta name=\"twitter:card\" content=\"summary_large_image\" \/>\n<meta name=\"twitter:label1\" content=\"Dur\u00e9e de lecture estim\u00e9e\" \/>\n\t<meta name=\"twitter:data1\" content=\"7 minutes\" \/>\n<script type=\"application\/ld+json\" class=\"yoast-schema-graph\">{\"@context\":\"https:\\\/\\\/schema.org\",\"@graph\":[{\"@type\":\"WebPage\",\"@id\":\"https:\\\/\\\/www.diocese-belfort-montbeliard.fr\\\/seloncourt-pont-de-roide\\\/paroisses\\\/notre-dame-de-chatey\\\/feuilles-paroissiales\\\/dimanche-29-mars-2026-annee-a\\\/\",\"url\":\"https:\\\/\\\/www.diocese-belfort-montbeliard.fr\\\/seloncourt-pont-de-roide\\\/paroisses\\\/notre-dame-de-chatey\\\/feuilles-paroissiales\\\/dimanche-29-mars-2026-annee-a\\\/\",\"name\":\"DIMANCHE 29 MARS 2026 ANNEE A - Doyenn\u00e9 de Seloncourt Pont-de-Roide\",\"isPartOf\":{\"@id\":\"https:\\\/\\\/www.diocese-belfort-montbeliard.fr\\\/seloncourt-pont-de-roide\\\/#website\"},\"primaryImageOfPage\":{\"@id\":\"https:\\\/\\\/www.diocese-belfort-montbeliard.fr\\\/seloncourt-pont-de-roide\\\/paroisses\\\/notre-dame-de-chatey\\\/feuilles-paroissiales\\\/dimanche-29-mars-2026-annee-a\\\/#primaryimage\"},\"image\":{\"@id\":\"https:\\\/\\\/www.diocese-belfort-montbeliard.fr\\\/seloncourt-pont-de-roide\\\/paroisses\\\/notre-dame-de-chatey\\\/feuilles-paroissiales\\\/dimanche-29-mars-2026-annee-a\\\/#primaryimage\"},\"thumbnailUrl\":\"https:\\\/\\\/www.diocese-belfort-montbeliard.fr\\\/06626527-f687-4f6a-b09e-83e9b34cc57b\",\"datePublished\":\"2026-03-28T12:40:55+00:00\",\"dateModified\":\"2026-03-28T12:44:03+00:00\",\"breadcrumb\":{\"@id\":\"https:\\\/\\\/www.diocese-belfort-montbeliard.fr\\\/seloncourt-pont-de-roide\\\/paroisses\\\/notre-dame-de-chatey\\\/feuilles-paroissiales\\\/dimanche-29-mars-2026-annee-a\\\/#breadcrumb\"},\"inLanguage\":\"fr-FR\",\"potentialAction\":[{\"@type\":\"ReadAction\",\"target\":[\"https:\\\/\\\/www.diocese-belfort-montbeliard.fr\\\/seloncourt-pont-de-roide\\\/paroisses\\\/notre-dame-de-chatey\\\/feuilles-paroissiales\\\/dimanche-29-mars-2026-annee-a\\\/\"]}]},{\"@type\":\"ImageObject\",\"inLanguage\":\"fr-FR\",\"@id\":\"https:\\\/\\\/www.diocese-belfort-montbeliard.fr\\\/seloncourt-pont-de-roide\\\/paroisses\\\/notre-dame-de-chatey\\\/feuilles-paroissiales\\\/dimanche-29-mars-2026-annee-a\\\/#primaryimage\",\"url\":\"https:\\\/\\\/www.diocese-belfort-montbeliard.fr\\\/06626527-f687-4f6a-b09e-83e9b34cc57b\",\"contentUrl\":\"https:\\\/\\\/www.diocese-belfort-montbeliard.fr\\\/06626527-f687-4f6a-b09e-83e9b34cc57b\"},{\"@type\":\"BreadcrumbList\",\"@id\":\"https:\\\/\\\/www.diocese-belfort-montbeliard.fr\\\/seloncourt-pont-de-roide\\\/paroisses\\\/notre-dame-de-chatey\\\/feuilles-paroissiales\\\/dimanche-29-mars-2026-annee-a\\\/#breadcrumb\",\"itemListElement\":[{\"@type\":\"ListItem\",\"position\":1,\"name\":\"Accueil\",\"item\":\"https:\\\/\\\/www.diocese-belfort-montbeliard.fr\\\/seloncourt-pont-de-roide\\\/\"},{\"@type\":\"ListItem\",\"position\":2,\"name\":\"Notre Dame de Chatey\",\"item\":\"https:\\\/\\\/www.diocese-belfort-montbeliard.fr\\\/seloncourt-pont-de-roide\\\/paroisses\\\/notre-dame-de-chatey\\\/\"},{\"@type\":\"ListItem\",\"position\":3,\"name\":\"Feuilles paroissiales\",\"item\":\"https:\\\/\\\/www.diocese-belfort-montbeliard.fr\\\/seloncourt-pont-de-roide\\\/paroisses\\\/notre-dame-de-chatey\\\/feuilles-paroissiales\\\/\"},{\"@type\":\"ListItem\",\"position\":4,\"name\":\"DIMANCHE 29 MARS 2026 ANNEE A\"}]},{\"@type\":\"WebSite\",\"@id\":\"https:\\\/\\\/www.diocese-belfort-montbeliard.fr\\\/seloncourt-pont-de-roide\\\/#website\",\"url\":\"https:\\\/\\\/www.diocese-belfort-montbeliard.fr\\\/seloncourt-pont-de-roide\\\/\",\"name\":\"Doyenn\u00e9 de Seloncourt Pont-de-Roide\",\"description\":\"Dioc\u00e8se de Belfort - Montb\u00e9liard\",\"potentialAction\":[{\"@type\":\"SearchAction\",\"target\":{\"@type\":\"EntryPoint\",\"urlTemplate\":\"https:\\\/\\\/www.diocese-belfort-montbeliard.fr\\\/seloncourt-pont-de-roide\\\/?s={search_term_string}\"},\"query-input\":{\"@type\":\"PropertyValueSpecification\",\"valueRequired\":true,\"valueName\":\"search_term_string\"}}],\"inLanguage\":\"fr-FR\"}]}<\/script>\n<!-- \/ Yoast SEO plugin. -->","yoast_head_json":{"title":"DIMANCHE 29 MARS 2026 ANNEE A - Doyenn\u00e9 de Seloncourt Pont-de-Roide","robots":{"index":"index","follow":"follow","max-snippet":"max-snippet:-1","max-image-preview":"max-image-preview:large","max-video-preview":"max-video-preview:-1"},"canonical":"https:\/\/www.diocese-belfort-montbeliard.fr\/seloncourt-pont-de-roide\/paroisses\/notre-dame-de-chatey\/feuilles-paroissiales\/dimanche-29-mars-2026-annee-a\/","og_locale":"fr_FR","og_type":"article","og_title":"DIMANCHE 29 MARS 2026 ANNEE A - Doyenn\u00e9 de Seloncourt Pont-de-Roide","og_description":"DIMANCHE DES RAMEAUX VENDREDI&nbsp; 27 MARS messe \u00e0 18H00 \u00e0 DAMBELIN&nbsp;: nous prions pour Genevi\u00e8ve et Emile BARETTI et pour une intention particuli\u00e8re. SAMEDI 28 MARS&nbsp;messe des RAMEAUX&nbsp; \u00e0 18H00 \u00e0 \u00e0 MATHAY&nbsp;: nous prions pour Jeannette et Joseph CUCHEROUSSET en union avec Nicole et Gaby .Jean GRUT en union avec sa famille .Robert BOILLON [&hellip;]","og_url":"https:\/\/www.diocese-belfort-montbeliard.fr\/seloncourt-pont-de-roide\/paroisses\/notre-dame-de-chatey\/feuilles-paroissiales\/dimanche-29-mars-2026-annee-a\/","og_site_name":"Doyenn\u00e9 de Seloncourt Pont-de-Roide","article_modified_time":"2026-03-28T12:44:03+00:00","og_image":[{"url":"https:\/\/www.diocese-belfort-montbeliard.fr\/06626527-f687-4f6a-b09e-83e9b34cc57b","type":"","width":"","height":""}],"twitter_card":"summary_large_image","twitter_misc":{"Dur\u00e9e de lecture estim\u00e9e":"7 minutes"},"schema":{"@context":"https:\/\/schema.org","@graph":[{"@type":"WebPage","@id":"https:\/\/www.diocese-belfort-montbeliard.fr\/seloncourt-pont-de-roide\/paroisses\/notre-dame-de-chatey\/feuilles-paroissiales\/dimanche-29-mars-2026-annee-a\/","url":"https:\/\/www.diocese-belfort-montbeliard.fr\/seloncourt-pont-de-roide\/paroisses\/notre-dame-de-chatey\/feuilles-paroissiales\/dimanche-29-mars-2026-annee-a\/","name":"DIMANCHE 29 MARS 2026 ANNEE A - Doyenn\u00e9 de Seloncourt Pont-de-Roide","isPartOf":{"@id":"https:\/\/www.diocese-belfort-montbeliard.fr\/seloncourt-pont-de-roide\/#website"},"primaryImageOfPage":{"@id":"https:\/\/www.diocese-belfort-montbeliard.fr\/seloncourt-pont-de-roide\/paroisses\/notre-dame-de-chatey\/feuilles-paroissiales\/dimanche-29-mars-2026-annee-a\/#primaryimage"},"image":{"@id":"https:\/\/www.diocese-belfort-montbeliard.fr\/seloncourt-pont-de-roide\/paroisses\/notre-dame-de-chatey\/feuilles-paroissiales\/dimanche-29-mars-2026-annee-a\/#primaryimage"},"thumbnailUrl":"https:\/\/www.diocese-belfort-montbeliard.fr\/06626527-f687-4f6a-b09e-83e9b34cc57b","datePublished":"2026-03-28T12:40:55+00:00","dateModified":"2026-03-28T12:44:03+00:00","breadcrumb":{"@id":"https:\/\/www.diocese-belfort-montbeliard.fr\/seloncourt-pont-de-roide\/paroisses\/notre-dame-de-chatey\/feuilles-paroissiales\/dimanche-29-mars-2026-annee-a\/#breadcrumb"},"inLanguage":"fr-FR","potentialAction":[{"@type":"ReadAction","target":["https:\/\/www.diocese-belfort-montbeliard.fr\/seloncourt-pont-de-roide\/paroisses\/notre-dame-de-chatey\/feuilles-paroissiales\/dimanche-29-mars-2026-annee-a\/"]}]},{"@type":"ImageObject","inLanguage":"fr-FR","@id":"https:\/\/www.diocese-belfort-montbeliard.fr\/seloncourt-pont-de-roide\/paroisses\/notre-dame-de-chatey\/feuilles-paroissiales\/dimanche-29-mars-2026-annee-a\/#primaryimage","url":"https:\/\/www.diocese-belfort-montbeliard.fr\/06626527-f687-4f6a-b09e-83e9b34cc57b","contentUrl":"https:\/\/www.diocese-belfort-montbeliard.fr\/06626527-f687-4f6a-b09e-83e9b34cc57b"},{"@type":"BreadcrumbList","@id":"https:\/\/www.diocese-belfort-montbeliard.fr\/seloncourt-pont-de-roide\/paroisses\/notre-dame-de-chatey\/feuilles-paroissiales\/dimanche-29-mars-2026-annee-a\/#breadcrumb","itemListElement":[{"@type":"ListItem","position":1,"name":"Accueil","item":"https:\/\/www.diocese-belfort-montbeliard.fr\/seloncourt-pont-de-roide\/"},{"@type":"ListItem","position":2,"name":"Notre Dame de Chatey","item":"https:\/\/www.diocese-belfort-montbeliard.fr\/seloncourt-pont-de-roide\/paroisses\/notre-dame-de-chatey\/"},{"@type":"ListItem","position":3,"name":"Feuilles paroissiales","item":"https:\/\/www.diocese-belfort-montbeliard.fr\/seloncourt-pont-de-roide\/paroisses\/notre-dame-de-chatey\/feuilles-paroissiales\/"},{"@type":"ListItem","position":4,"name":"DIMANCHE 29 MARS 2026 ANNEE A"}]},{"@type":"WebSite","@id":"https:\/\/www.diocese-belfort-montbeliard.fr\/seloncourt-pont-de-roide\/#website","url":"https:\/\/www.diocese-belfort-montbeliard.fr\/seloncourt-pont-de-roide\/","name":"Doyenn\u00e9 de Seloncourt Pont-de-Roide","description":"Dioc\u00e8se de Belfort - Montb\u00e9liard","potentialAction":[{"@type":"SearchAction","target":{"@type":"EntryPoint","urlTemplate":"https:\/\/www.diocese-belfort-montbeliard.fr\/seloncourt-pont-de-roide\/?s={search_term_string}"},"query-input":{"@type":"PropertyValueSpecification","valueRequired":true,"valueName":"search_term_string"}}],"inLanguage":"fr-FR"}]}},"_links":{"self":[{"href":"https:\/\/www.diocese-belfort-montbeliard.fr\/seloncourt-pont-de-roide\/wp-json\/wp\/v2\/paroisse\/5964","targetHints":{"allow":["GET"]}}],"collection":[{"href":"https:\/\/www.diocese-belfort-montbeliard.fr\/seloncourt-pont-de-roide\/wp-json\/wp\/v2\/paroisse"}],"about":[{"href":"https:\/\/www.diocese-belfort-montbeliard.fr\/seloncourt-pont-de-roide\/wp-json\/wp\/v2\/types\/paroisse"}],"author":[{"embeddable":true,"href":"https:\/\/www.diocese-belfort-montbeliard.fr\/seloncourt-pont-de-roide\/wp-json\/wp\/v2\/users\/67"}],"version-history":[{"count":3,"href":"https:\/\/www.diocese-belfort-montbeliard.fr\/seloncourt-pont-de-roide\/wp-json\/wp\/v2\/paroisse\/5964\/revisions"}],"predecessor-version":[{"id":5968,"href":"https:\/\/www.diocese-belfort-montbeliard.fr\/seloncourt-pont-de-roide\/wp-json\/wp\/v2\/paroisse\/5964\/revisions\/5968"}],"up":[{"embeddable":true,"href":"https:\/\/www.diocese-belfort-montbeliard.fr\/seloncourt-pont-de-roide\/wp-json\/wp\/v2\/paroisse\/23"}],"wp:attachment":[{"href":"https:\/\/www.diocese-belfort-montbeliard.fr\/seloncourt-pont-de-roide\/wp-json\/wp\/v2\/media?parent=5964"}],"curies":[{"name":"wp","href":"https:\/\/api.w.org\/{rel}","templated":true}]}}