{"id":5987,"date":"2026-04-03T19:40:04","date_gmt":"2026-04-03T17:40:04","guid":{"rendered":"https:\/\/www.diocese-belfort-montbeliard.fr\/seloncourt-pont-de-roide\/?post_type=paroisse&#038;p=5987"},"modified":"2026-04-06T18:56:18","modified_gmt":"2026-04-06T16:56:18","slug":"dimanche-5-avril-2026-annee-a","status":"publish","type":"paroisse","link":"https:\/\/www.diocese-belfort-montbeliard.fr\/seloncourt-pont-de-roide\/paroisses\/notre-dame-de-chatey\/feuilles-paroissiales\/dimanche-5-avril-2026-annee-a\/","title":{"rendered":"DIMANCHE 5 AVRIL 2026 ANNEE A"},"content":{"rendered":"\n<div class=\"wp-block-columns is-layout-flex wp-container-core-columns-is-layout-9d6595d7 wp-block-columns-is-layout-flex\">\n<div class=\"wp-block-column is-layout-flow wp-block-column-is-layout-flow\" style=\"flex-basis:25%\">\n<div class=\"wp-block-buttons is-layout-flex wp-block-buttons-is-layout-flex\">\n<div class=\"wp-block-button is-style-outline is-style-outline--1\"><a class=\"wp-block-button__link has-noir-color has-blanc-background-color has-text-color has-background has-link-color wp-element-button\" href=\"https:\/\/www.diocese-belfort-montbeliard.fr\/seloncourt-pont-de-roide\/wp-content\/uploads\/sites\/6\/2026\/04\/fp-du-05-avril-2026.pdf\" target=\"_blank\" rel=\"noreferrer noopener\">T\u00e9l\u00e9charger<br>Imprimer<\/a><\/div>\n<\/div>\n<\/div>\n\n\n\n<div class=\"wp-block-column is-layout-flow wp-block-column-is-layout-flow\" style=\"flex-basis:50%\">\n<h5 class=\"wp-block-heading has-text-align-center\">DIMANCHE DE P\u00c2QUES<\/h5>\n<\/div>\n\n\n\n<div class=\"wp-block-column is-layout-flow wp-block-column-is-layout-flow\" style=\"flex-basis:25%\">\n<div class=\"wp-block-buttons is-layout-flex wp-block-buttons-is-layout-flex\">\n<div class=\"wp-block-button is-style-outline is-style-outline--2\"><a class=\"wp-block-button__link has-noir-color has-blanc-background-color has-text-color has-background has-link-color wp-element-button\" href=\"https:\/\/www.diocese-belfort-montbeliard.fr\/seloncourt-pont-de-roide\/paroisses\/notre-dame-de-chatey\/homelies\/jeudi-02-avril-2026\/\" target=\"_blank\" rel=\"noreferrer noopener\">Hom\u00e9lie<br> Jeudi saint<\/a><\/div>\n<\/div>\n\n\n\n<div class=\"wp-block-buttons is-layout-flex wp-block-buttons-is-layout-flex\">\n<div class=\"wp-block-button is-style-outline is-style-outline--3\"><a class=\"wp-block-button__link has-noir-color has-blanc-background-color has-text-color has-background has-link-color wp-element-button\" href=\"https:\/\/www.diocese-belfort-montbeliard.fr\/seloncourt-pont-de-roide\/paroisses\/notre-dame-de-chatey\/homelies\/vendredi-03-avril-2026\/\" target=\"_blank\" rel=\"noreferrer noopener\">Hom\u00e9lie <br>Vendredi Saint<\/a><\/div>\n<\/div>\n\n\n\n<div class=\"wp-block-buttons is-layout-flex wp-block-buttons-is-layout-flex\">\n<div class=\"wp-block-button is-style-outline is-style-outline--4\"><a class=\"wp-block-button__link has-noir-color has-blanc-background-color has-text-color has-background has-link-color wp-element-button\" href=\"https:\/\/www.diocese-belfort-montbeliard.fr\/seloncourt-pont-de-roide\/paroisses\/notre-dame-de-chatey\/homelies\/samedi-04-avril-2026\/\" target=\"_blank\" rel=\"noreferrer noopener\">Hom\u00e9lie<br>Veill\u00e9e Pascale<\/a><\/div>\n<\/div>\n\n\n\n<div class=\"wp-block-buttons is-layout-flex wp-block-buttons-is-layout-flex\">\n<div class=\"wp-block-button is-style-outline is-style-outline--5\"><a class=\"wp-block-button__link has-noir-color has-blanc-background-color has-text-color has-background has-link-color wp-element-button\" href=\"https:\/\/www.diocese-belfort-montbeliard.fr\/seloncourt-pont-de-roide\/paroisses\/notre-dame-de-chatey\/homelies\/dimanche-05-avril-2026\/\" target=\"_blank\" rel=\"noreferrer noopener\">Hom\u00e9lie<br>Jour de P\u00e2ques<\/a><\/div>\n<\/div>\n<\/div>\n<\/div>\n\n\n\n<p><strong><u>VENDREDI 03 AVRIL messe de la PASSION \u00e0 19H00 \u00e0 DAMPJOUX&nbsp;: <\/u><\/strong>Qu\u00eate imp\u00e9r\u00e9e pour les chr\u00e9tiens en Terre Sainte&nbsp;: Nous prions pour Louis QUITTET, son \u00e9pouse Marthe GIRARDIN, leur fils Gilbert QUITTET, Ren\u00e9 MUNIER et son \u00e9pouse Lucienne QUITTET-MUNIER.<\/p>\n\n\n\n<p><strong><u>SAMEDI 04 AVRIL&nbsp;: VEILLEE PASCALE messe \u00e0 21H00 \u00e0 PONT DE ROIDE&nbsp;: <\/u><\/strong>nous prions pour Daniel et Mich\u00e8le MEYNIER, Claude et Isabelle TRIPARD et les vivants et d\u00e9funts des familles MEYNIER TRIPARD.<br>Les vivants et d\u00e9funts des familles KLINGUER HENRIOT.<br>Jean-Luc FUMEY en union avec son \u00e9pouse, ses enfants et petits-enfants.<br>Marie-No\u00eblle MOUGIN en union avec les familles MOUGIN, BOUGELU.<br>Michel GUYOT en union avec ses parents et beaux parents et les d\u00e9funts des 2 familles.<br>Arlette GUYOT et ses parents d\u00e9funts.<br>Ren\u00e9, ses parents, mes parents, ma marraine d\u00e9c\u00e9d\u00e9e cette semaine en union avec les familles JACQUOT-TRIPONNEY.<br>Gilbert, Mauricette et Eliane PERRIOT&nbsp;, Jean, Denise et Jeanne MERCIER.<br>Just et Anne Marie, Michel et Micheline, G\u00e9rard et Monique, Odette MARGUIER&nbsp;; Bernadette MARGUIER, Jean et Jeanne CHERRIER et leurs parents d\u00e9funts.<br>En remerciement \u00e0 Notre Dame.<br>Ren\u00e9, Jeanne et Monique MONNIER.<br>Jean ROGONDET en union avec toute la famille.<br>Fran\u00e7oise GULLAUD en union avec son \u00e9poux, ses enfants, petits-enfants et arri\u00e8re-petit-fils.<br>Norbert MOUGIN, son fils Philipppe, Jeanne et Justin TIOURNOUX et tous les d\u00e9funts de la famille.<br>Philippe KLINGUER, son petit-fils Alexis en union avec Gis\u00e8le, ses enfants et petits-enfants.<br>Marie No\u00eblle BODIN , Marie No\u00eblle MOUGIN en union avec la chorale.<br>Serge ROLIN au 8\u00e8me anniversaire de son d\u00e9c\u00e8s en union avec son \u00e9pouse et ses fils.<br>Pour Denis BEDAT, sa fille Marie-Paule et son mari Gilles en union avec les vivants et d\u00e9funts des familles BEDAT, MAGNIN, JOLY.<br>Jean-Claude GIRARD en union avec son \u00e9pouse, ses enfants, petits et arri\u00e8res petits-enfants et les vivants et d\u00e9funts des familles GIRARD, KUNTZ, GAMBS, RENARD, LIDY, BRENET, BOICHE, SCHWARTZ, LACOSTE, BESANCON, SCHEID.<br>Jean-Marie CUENOT en son jour d&rsquo;anniversaire en union avec son \u00e9pouse et les vivants et d\u00e9funts des familles CUENOT, LESCOT.<br>Les familles CHEVAL, SANDOZ.<br>Mes cousines Mado, Jacqueline, Christiane et Annie, et nos grands-parents Marie et Charles.<br>Jean Pierre CHOLLET, ses fr\u00e8res et s\u0153urs d\u00e9c\u00e9d\u00e9s et tous les d\u00e9funts des familles FALCONNET, CHOLLEY.<\/p>\n\n\n\n<p><strong><u>DIMANCHE 05 AVRIL&nbsp;: P\u00c2QUES<br>A 06H30&nbsp;: AUBE PASCALE<\/u><\/strong><strong> AU TEMPLE DE PONT DE ROIDE.<br><u>Et \u00e0 10H00 messe \u00e0 BOURGUIGNON : <\/u><\/strong>nous prions pour Daniel en union avec Edith et Ren\u00e9.<br>Hugues , ses grands-parents, Ida, Robert et Marcelle, Ren\u00e9, ses oncles, Claude et Jean-Marie.<br>Robert MAILLARD, son gendre Serge et tous les d\u00e9funts de la famille.<br>Messe anniversaire pour Germaine et Ren\u00e9 CHOGNARD, pour Georges MORNARD et Marie Rose SCHELLE, les d\u00e9funts des familles MORNARD, CHOGNARD.<br>Messe d\u2019action de gr\u00e2ce pour nos 70 ans de mariage.<br>Pour Fran\u00e7ois BEAUME en son 5<sup>e<\/sup> anniversaire de d\u00e9c\u00e8s en union avec son \u00e9pouse, ses parents et tous les d\u00e9funts de la famille.<br>Ferjeux et Pierrette DELAGRANGE, Georges MORNARD&nbsp;, Louisette CONVERSET et Beno\u00eet CHOGNARD.<br>Les vivants et d\u00e9funts des familles MORNARD&nbsp;, DELAGRANGE, SCHELLE, CONVERSET, CHOGNARD, MILLE et DETEZ.<br>Gaston et Nicole et tous les d\u00e9funts des familles VEYA, BA\u00cfONI.<br>Jean Marie et ses parents&nbsp;; Lucienne et Hubert SANDOZ en union avec la famille.<br>S\u00e9bastien GIGON au 1<sup>er<\/sup> anniversaire de son d\u00e9c\u00e8s en union avec la famille.<br>Pour Andr\u00e9 et Germaine MAUVAIS et les d\u00e9funts des deux familles.<\/p>\n\n\n\n<p><strong><u>MARDI 07 AVRIL Messe \u00e0 8H30 \u00e0 la chapelle de la maison de la paroisse&nbsp;:<\/u><\/strong><\/p>\n\n\n\n<p><strong><u>MERCREDI 08 AVRIL messe \u00e0 8H30 \u00e0 MATHAY&nbsp;:<\/u><\/strong><\/p>\n\n\n\n<p><strong><u>VENDREDI 10 AVRIL messe \u00e0 14H30 \u00e0 VERMONDANS &nbsp;Et \u00e0 18H00 \u00e0 SOLEMONT<\/u><\/strong><\/p>\n\n\n\n<p><strong><u>SAMEDI 11 AVRIL messe \u00e0 18H00 \u00e0 DAMBELIN : <\/u><\/strong>nous prions pour Mich\u00e8le MEYNIER en son anniversaire et pour son \u00e9poux Daniel en union avec leurs enfants et petits-enfants.<br>Martine FILISETTI<\/p>\n\n\n\n<p><strong><u>DIMANCHE 12 AVRIL messe \u00e0 10H00 \u00e0 PONT DE ROIDE&nbsp;<\/u><\/strong>: nous prions en l\u2019honneur de J\u00e9sus Mis\u00e9ricordieux pour le St P\u00e8re L\u00e9on, les pr\u00eatres du monde entier et les parents des pr\u00eatres au jour de la f\u00eate de la Mis\u00e9ricorde.<br>Gilbert, Mauricette et Eliane PERRIOT \u2013 Jean, Denise et Jeanne MERCIER.<br>Robert BOILLON et les vivants et d\u00e9funts de sa famille.<br>Marie No\u00eblle BODIN , Marie No\u00eblle MOUGIN en union avec la chorale.<br>Julia et Gustave FALCONNET, leurs 2 fils, les d\u00e9funts des familles FARQUE, FALCONNET, GRILLOT.<br>Pour Andr\u00e9 et Germaine MAUVAIS et les d\u00e9funts des deux familles.<br><strong>Michel HUGUENOTTE dont les obs\u00e8ques ont \u00e9t\u00e9 c\u00e9l\u00e9br\u00e9s le 18 mars.<br>Bapt\u00eame \u00e0 Pont de Roide&nbsp;: <\/strong>Nah\u00e9e MOREL.<\/p>\n\n\n\n<p class=\"has-text-align-center\"><strong><u>ANNONCES<\/u><\/strong><strong>.<\/strong><\/p>\n\n\n\n<p><strong>Informations concernant la paroisse ND de Chatey&nbsp;:<\/strong><\/p>\n\n\n\n<p>Lors du mois d\u2019avril&nbsp;: <strong>Thierry<\/strong> sera <strong>absent <\/strong>du<strong> lundi 13 au vendredi 17 avril<\/strong> au sein de la paroisse.<\/p>\n\n\n\n<p>A savoir <strong>\u00e0 partir du 1<sup>er<\/sup> septembre <\/strong>la paroisse ND de Chatey aura <strong>un nouveau cur\u00e9.<br><\/strong>\u00ab&nbsp;C\u2019est avec une certaine \u00e9motion que je quitterai la paroisse, dont j\u2019ai eu la charge durant neuf ann\u00e9es.<br>Je remercie les personnes avec lesquelles j\u2019ai \u0153uvr\u00e9 \u00e0 la mission de l\u2019annonce de l\u2019\u00c9vangile.&nbsp;\u00bb<\/p>\n\n\n\n<p><em>&nbsp;&nbsp;&nbsp;&nbsp;&nbsp;&nbsp;&nbsp;&nbsp;&nbsp;&nbsp;&nbsp;&nbsp;&nbsp;&nbsp;&nbsp;&nbsp;&nbsp;&nbsp;&nbsp;&nbsp;&nbsp;&nbsp;&nbsp;&nbsp;&nbsp;&nbsp;&nbsp;&nbsp;&nbsp;&nbsp;&nbsp;&nbsp;&nbsp;&nbsp;&nbsp;&nbsp;&nbsp;&nbsp;&nbsp;&nbsp;&nbsp;&nbsp;&nbsp;&nbsp;&nbsp;&nbsp;&nbsp;&nbsp;&nbsp;&nbsp;&nbsp;&nbsp;&nbsp;&nbsp;&nbsp;&nbsp;&nbsp;&nbsp;&nbsp;&nbsp;&nbsp;&nbsp;&nbsp;&nbsp;&nbsp;&nbsp;&nbsp;&nbsp;&nbsp;&nbsp;&nbsp;&nbsp;&nbsp;&nbsp;&nbsp;&nbsp;&nbsp;&nbsp;&nbsp;&nbsp;&nbsp;&nbsp;&nbsp;&nbsp;&nbsp;&nbsp;&nbsp;&nbsp;&nbsp;&nbsp;&nbsp;&nbsp;&nbsp;&nbsp;&nbsp;&nbsp;&nbsp;&nbsp;&nbsp;&nbsp;&nbsp;&nbsp;&nbsp; Thierry DUBRET pr\u00eatre de la paroisse.<\/em><\/p>\n\n\n\n<p>Mardi 07 avril \u00e0 20h00 \u00e0 la maison de la paroisse&nbsp;: Rencontre des cat\u00e9chistes pour pr\u00e9parer la messe des familles du samedi 25 avril.<\/p>\n\n\n\n<p>Jeudi 09 avril \u00e0 14h30 \u00e0 la maison de retraite de Pont de Roide&nbsp;: Messe de P\u00e2ques avec les r\u00e9sidents et b\u00e9n\u00e9voles.<\/p>\n\n\n\n<p>Samedi 11 avril \u00e0 20h00 \u00c9glise du Sacr\u00e9 C\u0153ur&nbsp;: Concert Gospel<\/p>\n\n\n\n<p>D\u00e9couvrez THE CHOSEN saison 5. Huit rencontres vous sont propos\u00e9es les mardis \u00e0 19h30 \u00e0 partir du 17 f\u00e9vrier au temple de Pont de Roide, suivies d\u2019\u00e9changes en groupe.<\/p>\n\n\n\n<p><strong><u>LE SACREMENT DES MALADES&nbsp;<\/u>:<\/strong><\/p>\n\n\n\n<p>L\u2019onction des malades est le sacrement de la confiance et de l\u2019esp\u00e9rance. Tout baptis\u00e9 peut le recevoir \u00e0 tout \u00e2ge et plusieurs fois dans sa vie.<\/p>\n\n\n\n<p>Quand la sant\u00e9 physique, psychique est alt\u00e9r\u00e9e. Quand les atteintes de l\u2019\u00e2ge sont douloureuses \u00e0 supporter. Quand une intervention ou un traitement difficile est envisag\u00e9. Quand la vie est en danger.<\/p>\n\n\n\n<p>J\u00e9sus-Christ rejoint le malade pour trouver la paix, garder courage, \u00eatre fortifi\u00e9 dans son \u00e2me et dans son corps. Le samedi 11 avril 2026 \u00e0 15h30, \u00e9glise du Sacr\u00e9-C\u0153ur Audincourt.<\/p>\n\n\n\n<p>Bulletin d\u2019inscription<\/p>\n\n\n\n<p>NOM :&nbsp;&nbsp;&nbsp;&nbsp;&nbsp;&nbsp;&nbsp;&nbsp;&nbsp;&nbsp;&nbsp;&nbsp;&nbsp;&nbsp;&nbsp;&nbsp;&nbsp;&nbsp;&nbsp;&nbsp;&nbsp;&nbsp;&nbsp;&nbsp;&nbsp;&nbsp;&nbsp;&nbsp;&nbsp;&nbsp;&nbsp; Pr\u00e9nom&nbsp;:&nbsp;&nbsp;&nbsp;&nbsp;&nbsp;&nbsp;&nbsp;&nbsp;&nbsp;&nbsp;&nbsp;&nbsp;&nbsp;&nbsp;&nbsp;&nbsp;&nbsp;&nbsp;&nbsp;&nbsp;&nbsp;&nbsp;&nbsp;&nbsp;&nbsp;&nbsp; &nbsp;&nbsp;&nbsp; T\u00e9l\u00e9phone&nbsp;:&nbsp;&nbsp;&nbsp;&nbsp;&nbsp;&nbsp;&nbsp;&nbsp;&nbsp;&nbsp;&nbsp;&nbsp;&nbsp;&nbsp;&nbsp;&nbsp;&nbsp;&nbsp;&nbsp;&nbsp;&nbsp;&nbsp;&nbsp;&nbsp;&nbsp;&nbsp;&nbsp;&nbsp;&nbsp;&nbsp;&nbsp;&nbsp; &nbsp;&nbsp;&nbsp;&nbsp;&nbsp;&nbsp;&nbsp;&nbsp;&nbsp;&nbsp;&nbsp;&nbsp;&nbsp;&nbsp; Mail :<\/p>\n\n\n\n<p>Adresse compl\u00e8te&nbsp;:&nbsp;&nbsp;&nbsp;&nbsp;&nbsp;&nbsp;&nbsp;&nbsp;<\/p>\n\n\n\n<ul class=\"wp-block-list\">\n<li>Je d\u00e9sire recevoir le Sacrement des malades au cours de la c\u00e9l\u00e9bration du 11 avril 2026 \u00e0 15h30, \u00e9glise du Sacr\u00e9-C\u0153ur Audincourt (acc\u00e8s PMR)<\/li>\n\n\n\n<li>Je suis trop souffrant : je d\u00e9sire recevoir le sacrement des malades chez moi.<\/li>\n<\/ul>\n\n\n\n<p>Bulletin \u00e0 retourner avant le 4 avril \u00e0 l\u2019adresse suivante&nbsp;: Paroisse Saint Luc, 20 rue Jeanne d\u2019Arc 25400 AUDINCOURT 09.77.57.39.58<\/p>\n\n\n\n<p><strong><u>PRIERE<\/u><\/strong><\/p>\n\n\n\n<p><strong>Le Christ est ressuscit\u00e9 d\u2019entre les morts, levez-vous, vous aussi !<\/strong><\/p>\n\n\n\n<p><strong>Le Christ qui dormait s\u2019\u00e9veille, \u00e9veillez-vous !<\/strong><\/p>\n\n\n\n<p><strong>Le Christ sort du tombeau, la mort est vaincue.<\/strong><\/p>\n\n\n\n<p><strong>C\u2019est la P\u00e2que du Seigneur, C\u2019est le jour de la r\u00e9surrection et<\/strong><\/p>\n\n\n\n<p><strong>Le commencement de la vraie vie. \u00c9clatons de lumi\u00e8re et de joie !<\/strong><\/p>\n\n\n\n<p><strong>En ce matin de P\u00e2ques, prions pour la terre enti\u00e8re, Prions pour l\u2019\u00c9glise du Christ,<\/strong><\/p>\n\n\n\n<p><strong>Prions pour tous nos fr\u00e8res les hommes.<\/strong><strong> <\/strong>&nbsp;&nbsp;&nbsp;&nbsp;&nbsp;&nbsp;&nbsp;&nbsp;&nbsp;&nbsp;&nbsp;&nbsp;&nbsp;&nbsp;&nbsp;&nbsp;&nbsp;&nbsp;&nbsp;&nbsp; <em>Pri\u00e8re du site : eglise.catholique.fr<\/em><\/p>\n","protected":false},"author":67,"featured_media":0,"parent":23,"menu_order":8,"template":"","meta":{"_acf_changed":false,"footnotes":""},"class_list":["post-5987","paroisse","type-paroisse","status-publish","hentry"],"acf":[],"yoast_head":"<!-- This site is optimized with the Yoast SEO plugin v27.4 - https:\/\/yoast.com\/product\/yoast-seo-wordpress\/ -->\n<title>DIMANCHE 5 AVRIL 2026 ANNEE A - Doyenn\u00e9 de Seloncourt Pont-de-Roide<\/title>\n<meta name=\"robots\" content=\"index, follow, max-snippet:-1, max-image-preview:large, max-video-preview:-1\" \/>\n<link rel=\"canonical\" href=\"https:\/\/www.diocese-belfort-montbeliard.fr\/seloncourt-pont-de-roide\/paroisses\/notre-dame-de-chatey\/feuilles-paroissiales\/dimanche-5-avril-2026-annee-a\/\" \/>\n<meta property=\"og:locale\" content=\"fr_FR\" \/>\n<meta property=\"og:type\" content=\"article\" \/>\n<meta property=\"og:title\" content=\"DIMANCHE 5 AVRIL 2026 ANNEE A - Doyenn\u00e9 de Seloncourt Pont-de-Roide\" \/>\n<meta property=\"og:description\" content=\"DIMANCHE DE P\u00c2QUES VENDREDI 03 AVRIL messe de la PASSION \u00e0 19H00 \u00e0 DAMPJOUX&nbsp;: Qu\u00eate imp\u00e9r\u00e9e pour les chr\u00e9tiens en Terre Sainte&nbsp;: Nous prions pour Louis QUITTET, son \u00e9pouse Marthe GIRARDIN, leur fils Gilbert QUITTET, Ren\u00e9 MUNIER et son \u00e9pouse Lucienne QUITTET-MUNIER. SAMEDI 04 AVRIL&nbsp;: VEILLEE PASCALE messe \u00e0 21H00 \u00e0 PONT DE ROIDE&nbsp;: nous [&hellip;]\" \/>\n<meta property=\"og:url\" content=\"https:\/\/www.diocese-belfort-montbeliard.fr\/seloncourt-pont-de-roide\/paroisses\/notre-dame-de-chatey\/feuilles-paroissiales\/dimanche-5-avril-2026-annee-a\/\" \/>\n<meta property=\"og:site_name\" content=\"Doyenn\u00e9 de Seloncourt Pont-de-Roide\" \/>\n<meta property=\"article:modified_time\" content=\"2026-04-06T16:56:18+00:00\" \/>\n<meta name=\"twitter:card\" content=\"summary_large_image\" \/>\n<meta name=\"twitter:label1\" content=\"Dur\u00e9e de lecture estim\u00e9e\" \/>\n\t<meta name=\"twitter:data1\" content=\"6 minutes\" \/>\n<script type=\"application\/ld+json\" class=\"yoast-schema-graph\">{\"@context\":\"https:\\\/\\\/schema.org\",\"@graph\":[{\"@type\":\"WebPage\",\"@id\":\"https:\\\/\\\/www.diocese-belfort-montbeliard.fr\\\/seloncourt-pont-de-roide\\\/paroisses\\\/notre-dame-de-chatey\\\/feuilles-paroissiales\\\/dimanche-5-avril-2026-annee-a\\\/\",\"url\":\"https:\\\/\\\/www.diocese-belfort-montbeliard.fr\\\/seloncourt-pont-de-roide\\\/paroisses\\\/notre-dame-de-chatey\\\/feuilles-paroissiales\\\/dimanche-5-avril-2026-annee-a\\\/\",\"name\":\"DIMANCHE 5 AVRIL 2026 ANNEE A - Doyenn\u00e9 de Seloncourt Pont-de-Roide\",\"isPartOf\":{\"@id\":\"https:\\\/\\\/www.diocese-belfort-montbeliard.fr\\\/seloncourt-pont-de-roide\\\/#website\"},\"datePublished\":\"2026-04-03T17:40:04+00:00\",\"dateModified\":\"2026-04-06T16:56:18+00:00\",\"breadcrumb\":{\"@id\":\"https:\\\/\\\/www.diocese-belfort-montbeliard.fr\\\/seloncourt-pont-de-roide\\\/paroisses\\\/notre-dame-de-chatey\\\/feuilles-paroissiales\\\/dimanche-5-avril-2026-annee-a\\\/#breadcrumb\"},\"inLanguage\":\"fr-FR\",\"potentialAction\":[{\"@type\":\"ReadAction\",\"target\":[\"https:\\\/\\\/www.diocese-belfort-montbeliard.fr\\\/seloncourt-pont-de-roide\\\/paroisses\\\/notre-dame-de-chatey\\\/feuilles-paroissiales\\\/dimanche-5-avril-2026-annee-a\\\/\"]}]},{\"@type\":\"BreadcrumbList\",\"@id\":\"https:\\\/\\\/www.diocese-belfort-montbeliard.fr\\\/seloncourt-pont-de-roide\\\/paroisses\\\/notre-dame-de-chatey\\\/feuilles-paroissiales\\\/dimanche-5-avril-2026-annee-a\\\/#breadcrumb\",\"itemListElement\":[{\"@type\":\"ListItem\",\"position\":1,\"name\":\"Accueil\",\"item\":\"https:\\\/\\\/www.diocese-belfort-montbeliard.fr\\\/seloncourt-pont-de-roide\\\/\"},{\"@type\":\"ListItem\",\"position\":2,\"name\":\"Notre Dame de Chatey\",\"item\":\"https:\\\/\\\/www.diocese-belfort-montbeliard.fr\\\/seloncourt-pont-de-roide\\\/paroisses\\\/notre-dame-de-chatey\\\/\"},{\"@type\":\"ListItem\",\"position\":3,\"name\":\"Feuilles paroissiales\",\"item\":\"https:\\\/\\\/www.diocese-belfort-montbeliard.fr\\\/seloncourt-pont-de-roide\\\/paroisses\\\/notre-dame-de-chatey\\\/feuilles-paroissiales\\\/\"},{\"@type\":\"ListItem\",\"position\":4,\"name\":\"DIMANCHE 5 AVRIL 2026 ANNEE A\"}]},{\"@type\":\"WebSite\",\"@id\":\"https:\\\/\\\/www.diocese-belfort-montbeliard.fr\\\/seloncourt-pont-de-roide\\\/#website\",\"url\":\"https:\\\/\\\/www.diocese-belfort-montbeliard.fr\\\/seloncourt-pont-de-roide\\\/\",\"name\":\"Doyenn\u00e9 de Seloncourt Pont-de-Roide\",\"description\":\"Dioc\u00e8se de Belfort - Montb\u00e9liard\",\"potentialAction\":[{\"@type\":\"SearchAction\",\"target\":{\"@type\":\"EntryPoint\",\"urlTemplate\":\"https:\\\/\\\/www.diocese-belfort-montbeliard.fr\\\/seloncourt-pont-de-roide\\\/?s={search_term_string}\"},\"query-input\":{\"@type\":\"PropertyValueSpecification\",\"valueRequired\":true,\"valueName\":\"search_term_string\"}}],\"inLanguage\":\"fr-FR\"}]}<\/script>\n<!-- \/ Yoast SEO plugin. -->","yoast_head_json":{"title":"DIMANCHE 5 AVRIL 2026 ANNEE A - Doyenn\u00e9 de Seloncourt Pont-de-Roide","robots":{"index":"index","follow":"follow","max-snippet":"max-snippet:-1","max-image-preview":"max-image-preview:large","max-video-preview":"max-video-preview:-1"},"canonical":"https:\/\/www.diocese-belfort-montbeliard.fr\/seloncourt-pont-de-roide\/paroisses\/notre-dame-de-chatey\/feuilles-paroissiales\/dimanche-5-avril-2026-annee-a\/","og_locale":"fr_FR","og_type":"article","og_title":"DIMANCHE 5 AVRIL 2026 ANNEE A - Doyenn\u00e9 de Seloncourt Pont-de-Roide","og_description":"DIMANCHE DE P\u00c2QUES VENDREDI 03 AVRIL messe de la PASSION \u00e0 19H00 \u00e0 DAMPJOUX&nbsp;: Qu\u00eate imp\u00e9r\u00e9e pour les chr\u00e9tiens en Terre Sainte&nbsp;: Nous prions pour Louis QUITTET, son \u00e9pouse Marthe GIRARDIN, leur fils Gilbert QUITTET, Ren\u00e9 MUNIER et son \u00e9pouse Lucienne QUITTET-MUNIER. SAMEDI 04 AVRIL&nbsp;: VEILLEE PASCALE messe \u00e0 21H00 \u00e0 PONT DE ROIDE&nbsp;: nous [&hellip;]","og_url":"https:\/\/www.diocese-belfort-montbeliard.fr\/seloncourt-pont-de-roide\/paroisses\/notre-dame-de-chatey\/feuilles-paroissiales\/dimanche-5-avril-2026-annee-a\/","og_site_name":"Doyenn\u00e9 de Seloncourt Pont-de-Roide","article_modified_time":"2026-04-06T16:56:18+00:00","twitter_card":"summary_large_image","twitter_misc":{"Dur\u00e9e de lecture estim\u00e9e":"6 minutes"},"schema":{"@context":"https:\/\/schema.org","@graph":[{"@type":"WebPage","@id":"https:\/\/www.diocese-belfort-montbeliard.fr\/seloncourt-pont-de-roide\/paroisses\/notre-dame-de-chatey\/feuilles-paroissiales\/dimanche-5-avril-2026-annee-a\/","url":"https:\/\/www.diocese-belfort-montbeliard.fr\/seloncourt-pont-de-roide\/paroisses\/notre-dame-de-chatey\/feuilles-paroissiales\/dimanche-5-avril-2026-annee-a\/","name":"DIMANCHE 5 AVRIL 2026 ANNEE A - Doyenn\u00e9 de Seloncourt Pont-de-Roide","isPartOf":{"@id":"https:\/\/www.diocese-belfort-montbeliard.fr\/seloncourt-pont-de-roide\/#website"},"datePublished":"2026-04-03T17:40:04+00:00","dateModified":"2026-04-06T16:56:18+00:00","breadcrumb":{"@id":"https:\/\/www.diocese-belfort-montbeliard.fr\/seloncourt-pont-de-roide\/paroisses\/notre-dame-de-chatey\/feuilles-paroissiales\/dimanche-5-avril-2026-annee-a\/#breadcrumb"},"inLanguage":"fr-FR","potentialAction":[{"@type":"ReadAction","target":["https:\/\/www.diocese-belfort-montbeliard.fr\/seloncourt-pont-de-roide\/paroisses\/notre-dame-de-chatey\/feuilles-paroissiales\/dimanche-5-avril-2026-annee-a\/"]}]},{"@type":"BreadcrumbList","@id":"https:\/\/www.diocese-belfort-montbeliard.fr\/seloncourt-pont-de-roide\/paroisses\/notre-dame-de-chatey\/feuilles-paroissiales\/dimanche-5-avril-2026-annee-a\/#breadcrumb","itemListElement":[{"@type":"ListItem","position":1,"name":"Accueil","item":"https:\/\/www.diocese-belfort-montbeliard.fr\/seloncourt-pont-de-roide\/"},{"@type":"ListItem","position":2,"name":"Notre Dame de Chatey","item":"https:\/\/www.diocese-belfort-montbeliard.fr\/seloncourt-pont-de-roide\/paroisses\/notre-dame-de-chatey\/"},{"@type":"ListItem","position":3,"name":"Feuilles paroissiales","item":"https:\/\/www.diocese-belfort-montbeliard.fr\/seloncourt-pont-de-roide\/paroisses\/notre-dame-de-chatey\/feuilles-paroissiales\/"},{"@type":"ListItem","position":4,"name":"DIMANCHE 5 AVRIL 2026 ANNEE A"}]},{"@type":"WebSite","@id":"https:\/\/www.diocese-belfort-montbeliard.fr\/seloncourt-pont-de-roide\/#website","url":"https:\/\/www.diocese-belfort-montbeliard.fr\/seloncourt-pont-de-roide\/","name":"Doyenn\u00e9 de Seloncourt Pont-de-Roide","description":"Dioc\u00e8se de Belfort - Montb\u00e9liard","potentialAction":[{"@type":"SearchAction","target":{"@type":"EntryPoint","urlTemplate":"https:\/\/www.diocese-belfort-montbeliard.fr\/seloncourt-pont-de-roide\/?s={search_term_string}"},"query-input":{"@type":"PropertyValueSpecification","valueRequired":true,"valueName":"search_term_string"}}],"inLanguage":"fr-FR"}]}},"_links":{"self":[{"href":"https:\/\/www.diocese-belfort-montbeliard.fr\/seloncourt-pont-de-roide\/wp-json\/wp\/v2\/paroisse\/5987","targetHints":{"allow":["GET"]}}],"collection":[{"href":"https:\/\/www.diocese-belfort-montbeliard.fr\/seloncourt-pont-de-roide\/wp-json\/wp\/v2\/paroisse"}],"about":[{"href":"https:\/\/www.diocese-belfort-montbeliard.fr\/seloncourt-pont-de-roide\/wp-json\/wp\/v2\/types\/paroisse"}],"author":[{"embeddable":true,"href":"https:\/\/www.diocese-belfort-montbeliard.fr\/seloncourt-pont-de-roide\/wp-json\/wp\/v2\/users\/67"}],"version-history":[{"count":7,"href":"https:\/\/www.diocese-belfort-montbeliard.fr\/seloncourt-pont-de-roide\/wp-json\/wp\/v2\/paroisse\/5987\/revisions"}],"predecessor-version":[{"id":6026,"href":"https:\/\/www.diocese-belfort-montbeliard.fr\/seloncourt-pont-de-roide\/wp-json\/wp\/v2\/paroisse\/5987\/revisions\/6026"}],"up":[{"embeddable":true,"href":"https:\/\/www.diocese-belfort-montbeliard.fr\/seloncourt-pont-de-roide\/wp-json\/wp\/v2\/paroisse\/23"}],"wp:attachment":[{"href":"https:\/\/www.diocese-belfort-montbeliard.fr\/seloncourt-pont-de-roide\/wp-json\/wp\/v2\/media?parent=5987"}],"curies":[{"name":"wp","href":"https:\/\/api.w.org\/{rel}","templated":true}]}}