{"id":5995,"date":"2026-04-06T18:26:46","date_gmt":"2026-04-06T16:26:46","guid":{"rendered":"https:\/\/www.diocese-belfort-montbeliard.fr\/seloncourt-pont-de-roide\/?post_type=paroisse&#038;p=5995"},"modified":"2026-04-06T18:27:57","modified_gmt":"2026-04-06T16:27:57","slug":"jeudi-02-avril-2026","status":"publish","type":"paroisse","link":"https:\/\/www.diocese-belfort-montbeliard.fr\/seloncourt-pont-de-roide\/paroisses\/notre-dame-de-chatey\/homelies\/jeudi-02-avril-2026\/","title":{"rendered":"Jeudi 02 avril 2026."},"content":{"rendered":"\n<div class=\"wp-block-columns is-layout-flex wp-container-core-columns-is-layout-9d6595d7 wp-block-columns-is-layout-flex\">\n<div class=\"wp-block-column is-layout-flow wp-block-column-is-layout-flow\" style=\"flex-basis:25%\">\n<div class=\"wp-block-buttons is-layout-flex wp-block-buttons-is-layout-flex\">\n<div class=\"wp-block-button is-style-outline is-style-outline--1\"><a class=\"wp-block-button__link has-noir-color has-blanc-background-color has-text-color has-background has-link-color wp-element-button\" href=\"https:\/\/www.diocese-belfort-montbeliard.fr\/seloncourt-pont-de-roide\/wp-content\/uploads\/sites\/6\/2026\/04\/hom-jeudi-saint-26.pdf\" target=\"_blank\" rel=\"noreferrer noopener\">T\u00e9l\u00e9charger<br>Imprimer<\/a><\/div>\n<\/div>\n<\/div>\n\n\n\n<div class=\"wp-block-column is-layout-flow wp-block-column-is-layout-flow\" style=\"flex-basis:50%\">\n<h5 class=\"wp-block-heading has-text-align-center\"><strong>Jeudi Saint <\/strong><\/h5>\n<\/div>\n\n\n\n<div class=\"wp-block-column is-layout-flow wp-block-column-is-layout-flow\" style=\"flex-basis:25%\"><\/div>\n<\/div>\n\n\n\n<p>Seul l\u2019\u00e9vang\u00e9liste Saint Jean rapporte cette sc\u00e8ne du lavement des pieds fait par J\u00e9sus \u00e0 ses disciples lors du dernier repas v\u00e9cu avec eux.<\/p>\n\n\n\n<p>Les pieds si pr\u00e9cieux pour marcher. A l\u2019\u00e9poque de J\u00e9sus, la marche \u00e9tait le seul moyen de d\u00e9placement pour beaucoup de gens.<\/p>\n\n\n\n<p>Aujourd\u2019hui, d\u00e8s que la distance nous semble longue ou que le temps nous manque, ou encore que nous ayons des difficult\u00e9s de marcher, nous avons pour bien d\u2019entre nous la possibilit\u00e9 de prendre notre voiture, que nous la conduisions ou que nous soyons v\u00e9hicul\u00e9s.<\/p>\n\n\n\n<p>Les pieds tout un symbole dont les disciples auront bien besoin.<\/p>\n\n\n\n<p>Ils en ont eu besoin d\u00e9j\u00e0 lors des nombreux d\u00e9placements qu\u2019ils ont v\u00e9cu avec J\u00e9sus, le suivant sur cette terre de Palestine et m\u00eame hors de celle-ci.<\/p>\n\n\n\n<p>Ils auront encore \u00e0 le retrouver en Galil\u00e9e, apr\u00e8s sa r\u00e9surrection d\u2019entre les morts.<\/p>\n\n\n\n<p>J\u00e9sus leur laisse aussi par ce lavement, le sens du service qu\u2019ils auront \u00e0 s\u2019accorder les uns envers les autres. Par ce geste du lavement des pieds, J\u00e9sus se met \u00e0 la m\u00eame hauteur que ses amis. Il vient m\u00eame \u00e0 s\u2019abaisser en signe d\u2019humilit\u00e9 et de service.<\/p>\n\n\n\n<p>Car laver les pieds de quelqu\u2019un s\u2019est en quelques sorte s\u2019humilier, se rabaisser jusqu\u2019\u00e0 terre. Ce que J\u00e9sus vivra par sa Passion, venant \u00e0 tomber \u00e0 plusieurs reprises en portant sa croix.<\/p>\n\n\n\n<p>Par ce lavement des pieds, J\u00e9sus annonce d\u00e9j\u00e0 ce qu\u2019il va y arriver, Lui que ses disciples appellent \u00ab&nbsp;Ma\u00eetre et Seigneur&nbsp;\u00bb, conna\u00eetra la trahison.<\/p>\n\n\n\n<p>Il en est d\u00e9j\u00e0 bien conscient en disant aux siens&nbsp;: \u00ab&nbsp;Vous n\u2019\u00eates pas tous purs.&nbsp;\u00bb<\/p>\n\n\n\n<p>Il conna\u00eetra l\u2019humiliation, la haine et la violence. Il ne sera pas le premier ni le dernier \u00e0 vivre cette douloureuse condition humaine.<\/p>\n\n\n\n<p>Aujourd\u2019hui, bien des personnes de par le monde rencontre une telle situation pour elles et pour leurs proches.<\/p>\n\n\n\n<p>La condition divine de J\u00e9sus, ne Lui offre pas d\u2019\u00e9chapper \u00e0 celle de chacune et de chacun. C\u2019est pourquoi, Lui-m\u00eame peut se rendre serviteur pour nous.<\/p>\n\n\n\n<p>Son attitude en dit long sur la relation que Dieu par son Fils J\u00e9sus tient \u00e0 avoir avec son humanit\u00e9. Une relation o\u00f9 Dieu en devenant serviteur de sa cr\u00e9ation, tient \u00e0 nous inviter \u00e0 faire de m\u00eame&nbsp;: \u00ab&nbsp;C\u2019est un exemple que je vous ai donn\u00e9 afin que vous fassiez, vous aussi, comme j\u2019ai fait pour vous.&nbsp;\u00bb<\/p>\n\n\n\n<p>C\u2019est un vrai appel, celui que nous red\u00e9couvrons en ce sens du service \u00e0 avoir les uns pour les autres, pour le bonheur de toutes et de tous. C\u2019est ce que je nous souhaite, en cette approche de cette grande f\u00eate de P\u00e2ques o\u00f9 le Christ J\u00e9sus nous appelle \u00e0 marcher \u00e0 sa suite, jour apr\u00e8s jour, ensemble en communaut\u00e9 rassembl\u00e9e dans l\u2019Esprit Saint.<\/p>\n","protected":false},"author":67,"featured_media":0,"parent":32,"menu_order":7,"template":"","meta":{"_acf_changed":false,"footnotes":""},"class_list":["post-5995","paroisse","type-paroisse","status-publish","hentry"],"acf":[],"yoast_head":"<!-- This site is optimized with the Yoast SEO plugin v27.4 - https:\/\/yoast.com\/product\/yoast-seo-wordpress\/ -->\n<title>Jeudi 02 avril 2026. - Doyenn\u00e9 de Seloncourt Pont-de-Roide<\/title>\n<meta name=\"robots\" content=\"index, follow, max-snippet:-1, max-image-preview:large, max-video-preview:-1\" \/>\n<link rel=\"canonical\" href=\"https:\/\/www.diocese-belfort-montbeliard.fr\/seloncourt-pont-de-roide\/paroisses\/notre-dame-de-chatey\/homelies\/jeudi-02-avril-2026\/\" \/>\n<meta property=\"og:locale\" content=\"fr_FR\" \/>\n<meta property=\"og:type\" content=\"article\" \/>\n<meta property=\"og:title\" content=\"Jeudi 02 avril 2026. - Doyenn\u00e9 de Seloncourt Pont-de-Roide\" \/>\n<meta property=\"og:description\" content=\"Jeudi Saint Seul l\u2019\u00e9vang\u00e9liste Saint Jean rapporte cette sc\u00e8ne du lavement des pieds fait par J\u00e9sus \u00e0 ses disciples lors du dernier repas v\u00e9cu avec eux. Les pieds si pr\u00e9cieux pour marcher. A l\u2019\u00e9poque de J\u00e9sus, la marche \u00e9tait le seul moyen de d\u00e9placement pour beaucoup de gens. Aujourd\u2019hui, d\u00e8s que la distance nous semble [&hellip;]\" \/>\n<meta property=\"og:url\" content=\"https:\/\/www.diocese-belfort-montbeliard.fr\/seloncourt-pont-de-roide\/paroisses\/notre-dame-de-chatey\/homelies\/jeudi-02-avril-2026\/\" \/>\n<meta property=\"og:site_name\" content=\"Doyenn\u00e9 de Seloncourt Pont-de-Roide\" \/>\n<meta property=\"article:modified_time\" content=\"2026-04-06T16:27:57+00:00\" \/>\n<meta name=\"twitter:card\" content=\"summary_large_image\" \/>\n<meta name=\"twitter:label1\" content=\"Dur\u00e9e de lecture estim\u00e9e\" \/>\n\t<meta name=\"twitter:data1\" content=\"3 minutes\" \/>\n<script type=\"application\/ld+json\" class=\"yoast-schema-graph\">{\"@context\":\"https:\\\/\\\/schema.org\",\"@graph\":[{\"@type\":\"WebPage\",\"@id\":\"https:\\\/\\\/www.diocese-belfort-montbeliard.fr\\\/seloncourt-pont-de-roide\\\/paroisses\\\/notre-dame-de-chatey\\\/homelies\\\/jeudi-02-avril-2026\\\/\",\"url\":\"https:\\\/\\\/www.diocese-belfort-montbeliard.fr\\\/seloncourt-pont-de-roide\\\/paroisses\\\/notre-dame-de-chatey\\\/homelies\\\/jeudi-02-avril-2026\\\/\",\"name\":\"Jeudi 02 avril 2026. - Doyenn\u00e9 de Seloncourt Pont-de-Roide\",\"isPartOf\":{\"@id\":\"https:\\\/\\\/www.diocese-belfort-montbeliard.fr\\\/seloncourt-pont-de-roide\\\/#website\"},\"datePublished\":\"2026-04-06T16:26:46+00:00\",\"dateModified\":\"2026-04-06T16:27:57+00:00\",\"breadcrumb\":{\"@id\":\"https:\\\/\\\/www.diocese-belfort-montbeliard.fr\\\/seloncourt-pont-de-roide\\\/paroisses\\\/notre-dame-de-chatey\\\/homelies\\\/jeudi-02-avril-2026\\\/#breadcrumb\"},\"inLanguage\":\"fr-FR\",\"potentialAction\":[{\"@type\":\"ReadAction\",\"target\":[\"https:\\\/\\\/www.diocese-belfort-montbeliard.fr\\\/seloncourt-pont-de-roide\\\/paroisses\\\/notre-dame-de-chatey\\\/homelies\\\/jeudi-02-avril-2026\\\/\"]}]},{\"@type\":\"BreadcrumbList\",\"@id\":\"https:\\\/\\\/www.diocese-belfort-montbeliard.fr\\\/seloncourt-pont-de-roide\\\/paroisses\\\/notre-dame-de-chatey\\\/homelies\\\/jeudi-02-avril-2026\\\/#breadcrumb\",\"itemListElement\":[{\"@type\":\"ListItem\",\"position\":1,\"name\":\"Accueil\",\"item\":\"https:\\\/\\\/www.diocese-belfort-montbeliard.fr\\\/seloncourt-pont-de-roide\\\/\"},{\"@type\":\"ListItem\",\"position\":2,\"name\":\"Notre Dame de Chatey\",\"item\":\"https:\\\/\\\/www.diocese-belfort-montbeliard.fr\\\/seloncourt-pont-de-roide\\\/paroisses\\\/notre-dame-de-chatey\\\/\"},{\"@type\":\"ListItem\",\"position\":3,\"name\":\"Hom\u00e9lies\",\"item\":\"https:\\\/\\\/www.diocese-belfort-montbeliard.fr\\\/seloncourt-pont-de-roide\\\/paroisses\\\/notre-dame-de-chatey\\\/homelies\\\/\"},{\"@type\":\"ListItem\",\"position\":4,\"name\":\"Jeudi 02 avril 2026.\"}]},{\"@type\":\"WebSite\",\"@id\":\"https:\\\/\\\/www.diocese-belfort-montbeliard.fr\\\/seloncourt-pont-de-roide\\\/#website\",\"url\":\"https:\\\/\\\/www.diocese-belfort-montbeliard.fr\\\/seloncourt-pont-de-roide\\\/\",\"name\":\"Doyenn\u00e9 de Seloncourt Pont-de-Roide\",\"description\":\"Dioc\u00e8se de Belfort - Montb\u00e9liard\",\"potentialAction\":[{\"@type\":\"SearchAction\",\"target\":{\"@type\":\"EntryPoint\",\"urlTemplate\":\"https:\\\/\\\/www.diocese-belfort-montbeliard.fr\\\/seloncourt-pont-de-roide\\\/?s={search_term_string}\"},\"query-input\":{\"@type\":\"PropertyValueSpecification\",\"valueRequired\":true,\"valueName\":\"search_term_string\"}}],\"inLanguage\":\"fr-FR\"}]}<\/script>\n<!-- \/ Yoast SEO plugin. -->","yoast_head_json":{"title":"Jeudi 02 avril 2026. - Doyenn\u00e9 de Seloncourt Pont-de-Roide","robots":{"index":"index","follow":"follow","max-snippet":"max-snippet:-1","max-image-preview":"max-image-preview:large","max-video-preview":"max-video-preview:-1"},"canonical":"https:\/\/www.diocese-belfort-montbeliard.fr\/seloncourt-pont-de-roide\/paroisses\/notre-dame-de-chatey\/homelies\/jeudi-02-avril-2026\/","og_locale":"fr_FR","og_type":"article","og_title":"Jeudi 02 avril 2026. - Doyenn\u00e9 de Seloncourt Pont-de-Roide","og_description":"Jeudi Saint Seul l\u2019\u00e9vang\u00e9liste Saint Jean rapporte cette sc\u00e8ne du lavement des pieds fait par J\u00e9sus \u00e0 ses disciples lors du dernier repas v\u00e9cu avec eux. Les pieds si pr\u00e9cieux pour marcher. A l\u2019\u00e9poque de J\u00e9sus, la marche \u00e9tait le seul moyen de d\u00e9placement pour beaucoup de gens. Aujourd\u2019hui, d\u00e8s que la distance nous semble [&hellip;]","og_url":"https:\/\/www.diocese-belfort-montbeliard.fr\/seloncourt-pont-de-roide\/paroisses\/notre-dame-de-chatey\/homelies\/jeudi-02-avril-2026\/","og_site_name":"Doyenn\u00e9 de Seloncourt Pont-de-Roide","article_modified_time":"2026-04-06T16:27:57+00:00","twitter_card":"summary_large_image","twitter_misc":{"Dur\u00e9e de lecture estim\u00e9e":"3 minutes"},"schema":{"@context":"https:\/\/schema.org","@graph":[{"@type":"WebPage","@id":"https:\/\/www.diocese-belfort-montbeliard.fr\/seloncourt-pont-de-roide\/paroisses\/notre-dame-de-chatey\/homelies\/jeudi-02-avril-2026\/","url":"https:\/\/www.diocese-belfort-montbeliard.fr\/seloncourt-pont-de-roide\/paroisses\/notre-dame-de-chatey\/homelies\/jeudi-02-avril-2026\/","name":"Jeudi 02 avril 2026. - Doyenn\u00e9 de Seloncourt Pont-de-Roide","isPartOf":{"@id":"https:\/\/www.diocese-belfort-montbeliard.fr\/seloncourt-pont-de-roide\/#website"},"datePublished":"2026-04-06T16:26:46+00:00","dateModified":"2026-04-06T16:27:57+00:00","breadcrumb":{"@id":"https:\/\/www.diocese-belfort-montbeliard.fr\/seloncourt-pont-de-roide\/paroisses\/notre-dame-de-chatey\/homelies\/jeudi-02-avril-2026\/#breadcrumb"},"inLanguage":"fr-FR","potentialAction":[{"@type":"ReadAction","target":["https:\/\/www.diocese-belfort-montbeliard.fr\/seloncourt-pont-de-roide\/paroisses\/notre-dame-de-chatey\/homelies\/jeudi-02-avril-2026\/"]}]},{"@type":"BreadcrumbList","@id":"https:\/\/www.diocese-belfort-montbeliard.fr\/seloncourt-pont-de-roide\/paroisses\/notre-dame-de-chatey\/homelies\/jeudi-02-avril-2026\/#breadcrumb","itemListElement":[{"@type":"ListItem","position":1,"name":"Accueil","item":"https:\/\/www.diocese-belfort-montbeliard.fr\/seloncourt-pont-de-roide\/"},{"@type":"ListItem","position":2,"name":"Notre Dame de Chatey","item":"https:\/\/www.diocese-belfort-montbeliard.fr\/seloncourt-pont-de-roide\/paroisses\/notre-dame-de-chatey\/"},{"@type":"ListItem","position":3,"name":"Hom\u00e9lies","item":"https:\/\/www.diocese-belfort-montbeliard.fr\/seloncourt-pont-de-roide\/paroisses\/notre-dame-de-chatey\/homelies\/"},{"@type":"ListItem","position":4,"name":"Jeudi 02 avril 2026."}]},{"@type":"WebSite","@id":"https:\/\/www.diocese-belfort-montbeliard.fr\/seloncourt-pont-de-roide\/#website","url":"https:\/\/www.diocese-belfort-montbeliard.fr\/seloncourt-pont-de-roide\/","name":"Doyenn\u00e9 de Seloncourt Pont-de-Roide","description":"Dioc\u00e8se de Belfort - Montb\u00e9liard","potentialAction":[{"@type":"SearchAction","target":{"@type":"EntryPoint","urlTemplate":"https:\/\/www.diocese-belfort-montbeliard.fr\/seloncourt-pont-de-roide\/?s={search_term_string}"},"query-input":{"@type":"PropertyValueSpecification","valueRequired":true,"valueName":"search_term_string"}}],"inLanguage":"fr-FR"}]}},"_links":{"self":[{"href":"https:\/\/www.diocese-belfort-montbeliard.fr\/seloncourt-pont-de-roide\/wp-json\/wp\/v2\/paroisse\/5995","targetHints":{"allow":["GET"]}}],"collection":[{"href":"https:\/\/www.diocese-belfort-montbeliard.fr\/seloncourt-pont-de-roide\/wp-json\/wp\/v2\/paroisse"}],"about":[{"href":"https:\/\/www.diocese-belfort-montbeliard.fr\/seloncourt-pont-de-roide\/wp-json\/wp\/v2\/types\/paroisse"}],"author":[{"embeddable":true,"href":"https:\/\/www.diocese-belfort-montbeliard.fr\/seloncourt-pont-de-roide\/wp-json\/wp\/v2\/users\/67"}],"version-history":[{"count":2,"href":"https:\/\/www.diocese-belfort-montbeliard.fr\/seloncourt-pont-de-roide\/wp-json\/wp\/v2\/paroisse\/5995\/revisions"}],"predecessor-version":[{"id":5998,"href":"https:\/\/www.diocese-belfort-montbeliard.fr\/seloncourt-pont-de-roide\/wp-json\/wp\/v2\/paroisse\/5995\/revisions\/5998"}],"up":[{"embeddable":true,"href":"https:\/\/www.diocese-belfort-montbeliard.fr\/seloncourt-pont-de-roide\/wp-json\/wp\/v2\/paroisse\/32"}],"wp:attachment":[{"href":"https:\/\/www.diocese-belfort-montbeliard.fr\/seloncourt-pont-de-roide\/wp-json\/wp\/v2\/media?parent=5995"}],"curies":[{"name":"wp","href":"https:\/\/api.w.org\/{rel}","templated":true}]}}