{"id":6002,"date":"2026-04-06T18:34:36","date_gmt":"2026-04-06T16:34:36","guid":{"rendered":"https:\/\/www.diocese-belfort-montbeliard.fr\/seloncourt-pont-de-roide\/?post_type=paroisse&#038;p=6002"},"modified":"2026-04-06T18:37:07","modified_gmt":"2026-04-06T16:37:07","slug":"vendredi-03-avril-2026","status":"publish","type":"paroisse","link":"https:\/\/www.diocese-belfort-montbeliard.fr\/seloncourt-pont-de-roide\/paroisses\/notre-dame-de-chatey\/homelies\/vendredi-03-avril-2026\/","title":{"rendered":"Vendredi 03 avril 2026."},"content":{"rendered":"\n<div class=\"wp-block-columns is-layout-flex wp-container-core-columns-is-layout-9d6595d7 wp-block-columns-is-layout-flex\">\n<div class=\"wp-block-column is-layout-flow wp-block-column-is-layout-flow\" style=\"flex-basis:25%\">\n<div class=\"wp-block-buttons is-layout-flex wp-block-buttons-is-layout-flex\">\n<div class=\"wp-block-button is-style-outline is-style-outline--1\"><a class=\"wp-block-button__link has-noir-color has-blanc-background-color has-text-color has-background has-link-color wp-element-button\" href=\"https:\/\/www.diocese-belfort-montbeliard.fr\/seloncourt-pont-de-roide\/wp-content\/uploads\/sites\/6\/2026\/04\/hom-vendredi-saint-26.pdf\" target=\"_blank\" rel=\"noreferrer noopener\">T\u00e9l\u00e9charger<br>Imprimer<\/a><\/div>\n<\/div>\n<\/div>\n\n\n\n<div class=\"wp-block-column is-layout-flow wp-block-column-is-layout-flow\" style=\"flex-basis:50%\">\n<h5 class=\"wp-block-heading has-text-align-center\"><strong>Vendredi Saint <\/strong><\/h5>\n<\/div>\n\n\n\n<div class=\"wp-block-column is-layout-flow wp-block-column-is-layout-flow\" style=\"flex-basis:25%\"><\/div>\n<\/div>\n\n\n\n<p>Dimanche dernier par la f\u00eate des Rameaux en cette ann\u00e9e A, vous avez entendu la Passion de J\u00e9sus-Christ selon Saint Mathieu.<\/p>\n\n\n\n<p>Aujourd\u2019hui nous venons d\u2019entendre celle de Saint Jean.<\/p>\n\n\n\n<p>Dans celle de dimanche dernier il nous \u00e9tait rapport\u00e9 l\u2019attitude du gouverneur Pilate se lavant les mains et disant&nbsp;: \u00ab&nbsp;Je suis innocent du sang de cet homme&nbsp;: cela vous regarde&nbsp;!&nbsp;\u00bb<\/p>\n\n\n\n<p>Alors que nous le savons bien, si Pilate n\u2019avait pas donn\u00e9 l\u2019ordre de crucifier J\u00e9sus, cela n\u2019aurait pas pu se faire.<\/p>\n\n\n\n<p>Si vous allez dans l\u2019\u00e9glise du Sacr\u00e9-C\u0153ur d\u2019Audincourt vous pourrez voir un vitrail illustrant cette sc\u00e8ne du lavement des mains de Pilate.<\/p>\n\n\n\n<p>Lui J\u00e9sus avant sa mort comme nous l\u2019avons soulign\u00e9 hier soir, lave les pieds de ses disciples. Tout un autre symbole pos\u00e9 et qui en dit long sur la divergence entre ces deux hommes&nbsp;: Pilate et J\u00e9sus.<\/p>\n\n\n\n<p>Il en est ainsi encore aujourd\u2019hui, bien des Pilate se lavent les mains, alors que des enfants, meurent de faim ou sous les d\u00e9combres des immeubles effondr\u00e9s suite \u00e0 des bombardements que cela soit en Am\u00e9rique Latine, en Afrique au Proche Orient ou encore en Europe dite de l\u2019Est.<\/p>\n\n\n\n<p>Si certains font comme Pilate, n\u2019utilisant pas leur pouvoir pour permettre \u00e0 la vie de gagner : \u00ab&nbsp;Tu ne sais pas que j\u2019ai pouvoir de te rel\u00e2cher, et pouvoir de te crucifier&nbsp;?&nbsp;\u00bb<\/p>\n\n\n\n<p>D\u2019autres heureusement, plus discrets restent au pied de la croix de J\u00e9sus, \u00e0 l\u2019exemple de sa m\u00e8re Marie. Vous direz une femme n\u2019a pas de poids \u00e0 cette \u00e9poque-l\u00e0, elle ne risque pas grand-chose. Aujourd\u2019hui, ce n\u2019est plus pareil, des femmes \u00e9crivaines, journalistes risquent leur vie au nom des droits de l\u2019Homme et de la d\u00e9mocratie&nbsp;!&nbsp;<\/p>\n\n\n\n<p>Il reste aussi ce disciple que J\u00e9sus aimait, c\u2019est \u00e0 dire l\u2019ap\u00f4tre Jean.<\/p>\n\n\n\n<p>Il est l\u00e0 au risque de sa vie, lui le disciple de la premi\u00e8re heure, appel\u00e9 par J\u00e9sus avec son fr\u00e8re Jacques au bord du lac de Tib\u00e9riade.<\/p>\n\n\n\n<p>M\u00eame si l\u2019heure d\u2019agir n\u2019a pas encore sonn\u00e9, il est l\u00e0 au c\u00f4t\u00e9 de son Ma\u00eetre et Seigneur agonisant en croix. Comme si tout n\u2019\u00e9tait pas perdu&nbsp;! Dans l\u2019attente d\u2019un \u00e9v\u00e9nement, qui viendra par la suite. En tous les cas, il reste fid\u00e8le et n\u2019abandonne pas Celui en qui il a mis son esp\u00e9rance. L\u2019horizon, m\u00eame par la mort de J\u00e9sus, ne semble pas totalement bouch\u00e9 pour ce jeune homme. C\u2019est peut-\u00eatre sa jeunesse justement qui lui offre de pouvoir croire en une perspective nouvelle o\u00f9 tout ne para\u00eet pas fini.<\/p>\n\n\n\n<p>Dans cette attente, Jean se rem\u00e9more certainement ce qu\u2019il a v\u00e9cu au c\u00f4t\u00e9 de cet homme J\u00e9sus, roi des juifs&nbsp;! Il entend certainement r\u00e9sonner en lui ses paroles de J\u00e9sus disant aux siens&nbsp;: \u00ab&nbsp;Voici que nous montons \u00e0 J\u00e9rusalem. Le Fils de l\u2019homme sera livr\u00e9 aux grands pr\u00eatres et aux scribes, ils le condamneront \u00e0 mort et le livreront aux nations pa\u00efennes pour qu\u2019elles se moquent de lui, le flagellent et le crucifient&nbsp;: le troisi\u00e8me jour, il ressuscitera.&nbsp;\u00bb<\/p>\n","protected":false},"author":67,"featured_media":0,"parent":32,"menu_order":6,"template":"","meta":{"_acf_changed":false,"footnotes":""},"class_list":["post-6002","paroisse","type-paroisse","status-publish","hentry"],"acf":[],"yoast_head":"<!-- This site is optimized with the Yoast SEO plugin v27.4 - https:\/\/yoast.com\/product\/yoast-seo-wordpress\/ -->\n<title>Vendredi 03 avril 2026. - Doyenn\u00e9 de Seloncourt Pont-de-Roide<\/title>\n<meta name=\"robots\" content=\"index, follow, max-snippet:-1, max-image-preview:large, max-video-preview:-1\" \/>\n<link rel=\"canonical\" href=\"https:\/\/www.diocese-belfort-montbeliard.fr\/seloncourt-pont-de-roide\/paroisses\/notre-dame-de-chatey\/homelies\/vendredi-03-avril-2026\/\" \/>\n<meta property=\"og:locale\" content=\"fr_FR\" \/>\n<meta property=\"og:type\" content=\"article\" \/>\n<meta property=\"og:title\" content=\"Vendredi 03 avril 2026. - Doyenn\u00e9 de Seloncourt Pont-de-Roide\" \/>\n<meta property=\"og:description\" content=\"Vendredi Saint Dimanche dernier par la f\u00eate des Rameaux en cette ann\u00e9e A, vous avez entendu la Passion de J\u00e9sus-Christ selon Saint Mathieu. Aujourd\u2019hui nous venons d\u2019entendre celle de Saint Jean. Dans celle de dimanche dernier il nous \u00e9tait rapport\u00e9 l\u2019attitude du gouverneur Pilate se lavant les mains et disant&nbsp;: \u00ab&nbsp;Je suis innocent du sang [&hellip;]\" \/>\n<meta property=\"og:url\" content=\"https:\/\/www.diocese-belfort-montbeliard.fr\/seloncourt-pont-de-roide\/paroisses\/notre-dame-de-chatey\/homelies\/vendredi-03-avril-2026\/\" \/>\n<meta property=\"og:site_name\" content=\"Doyenn\u00e9 de Seloncourt Pont-de-Roide\" \/>\n<meta property=\"article:modified_time\" content=\"2026-04-06T16:37:07+00:00\" \/>\n<meta name=\"twitter:card\" content=\"summary_large_image\" \/>\n<meta name=\"twitter:label1\" content=\"Dur\u00e9e de lecture estim\u00e9e\" \/>\n\t<meta name=\"twitter:data1\" content=\"3 minutes\" \/>\n<script type=\"application\/ld+json\" class=\"yoast-schema-graph\">{\"@context\":\"https:\\\/\\\/schema.org\",\"@graph\":[{\"@type\":\"WebPage\",\"@id\":\"https:\\\/\\\/www.diocese-belfort-montbeliard.fr\\\/seloncourt-pont-de-roide\\\/paroisses\\\/notre-dame-de-chatey\\\/homelies\\\/vendredi-03-avril-2026\\\/\",\"url\":\"https:\\\/\\\/www.diocese-belfort-montbeliard.fr\\\/seloncourt-pont-de-roide\\\/paroisses\\\/notre-dame-de-chatey\\\/homelies\\\/vendredi-03-avril-2026\\\/\",\"name\":\"Vendredi 03 avril 2026. - Doyenn\u00e9 de Seloncourt Pont-de-Roide\",\"isPartOf\":{\"@id\":\"https:\\\/\\\/www.diocese-belfort-montbeliard.fr\\\/seloncourt-pont-de-roide\\\/#website\"},\"datePublished\":\"2026-04-06T16:34:36+00:00\",\"dateModified\":\"2026-04-06T16:37:07+00:00\",\"breadcrumb\":{\"@id\":\"https:\\\/\\\/www.diocese-belfort-montbeliard.fr\\\/seloncourt-pont-de-roide\\\/paroisses\\\/notre-dame-de-chatey\\\/homelies\\\/vendredi-03-avril-2026\\\/#breadcrumb\"},\"inLanguage\":\"fr-FR\",\"potentialAction\":[{\"@type\":\"ReadAction\",\"target\":[\"https:\\\/\\\/www.diocese-belfort-montbeliard.fr\\\/seloncourt-pont-de-roide\\\/paroisses\\\/notre-dame-de-chatey\\\/homelies\\\/vendredi-03-avril-2026\\\/\"]}]},{\"@type\":\"BreadcrumbList\",\"@id\":\"https:\\\/\\\/www.diocese-belfort-montbeliard.fr\\\/seloncourt-pont-de-roide\\\/paroisses\\\/notre-dame-de-chatey\\\/homelies\\\/vendredi-03-avril-2026\\\/#breadcrumb\",\"itemListElement\":[{\"@type\":\"ListItem\",\"position\":1,\"name\":\"Accueil\",\"item\":\"https:\\\/\\\/www.diocese-belfort-montbeliard.fr\\\/seloncourt-pont-de-roide\\\/\"},{\"@type\":\"ListItem\",\"position\":2,\"name\":\"Notre Dame de Chatey\",\"item\":\"https:\\\/\\\/www.diocese-belfort-montbeliard.fr\\\/seloncourt-pont-de-roide\\\/paroisses\\\/notre-dame-de-chatey\\\/\"},{\"@type\":\"ListItem\",\"position\":3,\"name\":\"Hom\u00e9lies\",\"item\":\"https:\\\/\\\/www.diocese-belfort-montbeliard.fr\\\/seloncourt-pont-de-roide\\\/paroisses\\\/notre-dame-de-chatey\\\/homelies\\\/\"},{\"@type\":\"ListItem\",\"position\":4,\"name\":\"Vendredi 03 avril 2026.\"}]},{\"@type\":\"WebSite\",\"@id\":\"https:\\\/\\\/www.diocese-belfort-montbeliard.fr\\\/seloncourt-pont-de-roide\\\/#website\",\"url\":\"https:\\\/\\\/www.diocese-belfort-montbeliard.fr\\\/seloncourt-pont-de-roide\\\/\",\"name\":\"Doyenn\u00e9 de Seloncourt Pont-de-Roide\",\"description\":\"Dioc\u00e8se de Belfort - Montb\u00e9liard\",\"potentialAction\":[{\"@type\":\"SearchAction\",\"target\":{\"@type\":\"EntryPoint\",\"urlTemplate\":\"https:\\\/\\\/www.diocese-belfort-montbeliard.fr\\\/seloncourt-pont-de-roide\\\/?s={search_term_string}\"},\"query-input\":{\"@type\":\"PropertyValueSpecification\",\"valueRequired\":true,\"valueName\":\"search_term_string\"}}],\"inLanguage\":\"fr-FR\"}]}<\/script>\n<!-- \/ Yoast SEO plugin. -->","yoast_head_json":{"title":"Vendredi 03 avril 2026. - Doyenn\u00e9 de Seloncourt Pont-de-Roide","robots":{"index":"index","follow":"follow","max-snippet":"max-snippet:-1","max-image-preview":"max-image-preview:large","max-video-preview":"max-video-preview:-1"},"canonical":"https:\/\/www.diocese-belfort-montbeliard.fr\/seloncourt-pont-de-roide\/paroisses\/notre-dame-de-chatey\/homelies\/vendredi-03-avril-2026\/","og_locale":"fr_FR","og_type":"article","og_title":"Vendredi 03 avril 2026. - Doyenn\u00e9 de Seloncourt Pont-de-Roide","og_description":"Vendredi Saint Dimanche dernier par la f\u00eate des Rameaux en cette ann\u00e9e A, vous avez entendu la Passion de J\u00e9sus-Christ selon Saint Mathieu. Aujourd\u2019hui nous venons d\u2019entendre celle de Saint Jean. Dans celle de dimanche dernier il nous \u00e9tait rapport\u00e9 l\u2019attitude du gouverneur Pilate se lavant les mains et disant&nbsp;: \u00ab&nbsp;Je suis innocent du sang [&hellip;]","og_url":"https:\/\/www.diocese-belfort-montbeliard.fr\/seloncourt-pont-de-roide\/paroisses\/notre-dame-de-chatey\/homelies\/vendredi-03-avril-2026\/","og_site_name":"Doyenn\u00e9 de Seloncourt Pont-de-Roide","article_modified_time":"2026-04-06T16:37:07+00:00","twitter_card":"summary_large_image","twitter_misc":{"Dur\u00e9e de lecture estim\u00e9e":"3 minutes"},"schema":{"@context":"https:\/\/schema.org","@graph":[{"@type":"WebPage","@id":"https:\/\/www.diocese-belfort-montbeliard.fr\/seloncourt-pont-de-roide\/paroisses\/notre-dame-de-chatey\/homelies\/vendredi-03-avril-2026\/","url":"https:\/\/www.diocese-belfort-montbeliard.fr\/seloncourt-pont-de-roide\/paroisses\/notre-dame-de-chatey\/homelies\/vendredi-03-avril-2026\/","name":"Vendredi 03 avril 2026. - Doyenn\u00e9 de Seloncourt Pont-de-Roide","isPartOf":{"@id":"https:\/\/www.diocese-belfort-montbeliard.fr\/seloncourt-pont-de-roide\/#website"},"datePublished":"2026-04-06T16:34:36+00:00","dateModified":"2026-04-06T16:37:07+00:00","breadcrumb":{"@id":"https:\/\/www.diocese-belfort-montbeliard.fr\/seloncourt-pont-de-roide\/paroisses\/notre-dame-de-chatey\/homelies\/vendredi-03-avril-2026\/#breadcrumb"},"inLanguage":"fr-FR","potentialAction":[{"@type":"ReadAction","target":["https:\/\/www.diocese-belfort-montbeliard.fr\/seloncourt-pont-de-roide\/paroisses\/notre-dame-de-chatey\/homelies\/vendredi-03-avril-2026\/"]}]},{"@type":"BreadcrumbList","@id":"https:\/\/www.diocese-belfort-montbeliard.fr\/seloncourt-pont-de-roide\/paroisses\/notre-dame-de-chatey\/homelies\/vendredi-03-avril-2026\/#breadcrumb","itemListElement":[{"@type":"ListItem","position":1,"name":"Accueil","item":"https:\/\/www.diocese-belfort-montbeliard.fr\/seloncourt-pont-de-roide\/"},{"@type":"ListItem","position":2,"name":"Notre Dame de Chatey","item":"https:\/\/www.diocese-belfort-montbeliard.fr\/seloncourt-pont-de-roide\/paroisses\/notre-dame-de-chatey\/"},{"@type":"ListItem","position":3,"name":"Hom\u00e9lies","item":"https:\/\/www.diocese-belfort-montbeliard.fr\/seloncourt-pont-de-roide\/paroisses\/notre-dame-de-chatey\/homelies\/"},{"@type":"ListItem","position":4,"name":"Vendredi 03 avril 2026."}]},{"@type":"WebSite","@id":"https:\/\/www.diocese-belfort-montbeliard.fr\/seloncourt-pont-de-roide\/#website","url":"https:\/\/www.diocese-belfort-montbeliard.fr\/seloncourt-pont-de-roide\/","name":"Doyenn\u00e9 de Seloncourt Pont-de-Roide","description":"Dioc\u00e8se de Belfort - Montb\u00e9liard","potentialAction":[{"@type":"SearchAction","target":{"@type":"EntryPoint","urlTemplate":"https:\/\/www.diocese-belfort-montbeliard.fr\/seloncourt-pont-de-roide\/?s={search_term_string}"},"query-input":{"@type":"PropertyValueSpecification","valueRequired":true,"valueName":"search_term_string"}}],"inLanguage":"fr-FR"}]}},"_links":{"self":[{"href":"https:\/\/www.diocese-belfort-montbeliard.fr\/seloncourt-pont-de-roide\/wp-json\/wp\/v2\/paroisse\/6002","targetHints":{"allow":["GET"]}}],"collection":[{"href":"https:\/\/www.diocese-belfort-montbeliard.fr\/seloncourt-pont-de-roide\/wp-json\/wp\/v2\/paroisse"}],"about":[{"href":"https:\/\/www.diocese-belfort-montbeliard.fr\/seloncourt-pont-de-roide\/wp-json\/wp\/v2\/types\/paroisse"}],"author":[{"embeddable":true,"href":"https:\/\/www.diocese-belfort-montbeliard.fr\/seloncourt-pont-de-roide\/wp-json\/wp\/v2\/users\/67"}],"version-history":[{"count":3,"href":"https:\/\/www.diocese-belfort-montbeliard.fr\/seloncourt-pont-de-roide\/wp-json\/wp\/v2\/paroisse\/6002\/revisions"}],"predecessor-version":[{"id":6006,"href":"https:\/\/www.diocese-belfort-montbeliard.fr\/seloncourt-pont-de-roide\/wp-json\/wp\/v2\/paroisse\/6002\/revisions\/6006"}],"up":[{"embeddable":true,"href":"https:\/\/www.diocese-belfort-montbeliard.fr\/seloncourt-pont-de-roide\/wp-json\/wp\/v2\/paroisse\/32"}],"wp:attachment":[{"href":"https:\/\/www.diocese-belfort-montbeliard.fr\/seloncourt-pont-de-roide\/wp-json\/wp\/v2\/media?parent=6002"}],"curies":[{"name":"wp","href":"https:\/\/api.w.org\/{rel}","templated":true}]}}