{"id":6010,"date":"2026-04-06T18:43:43","date_gmt":"2026-04-06T16:43:43","guid":{"rendered":"https:\/\/www.diocese-belfort-montbeliard.fr\/seloncourt-pont-de-roide\/?post_type=paroisse&#038;p=6010"},"modified":"2026-04-06T18:46:28","modified_gmt":"2026-04-06T16:46:28","slug":"samedi-04-avril-2026","status":"publish","type":"paroisse","link":"https:\/\/www.diocese-belfort-montbeliard.fr\/seloncourt-pont-de-roide\/paroisses\/notre-dame-de-chatey\/homelies\/samedi-04-avril-2026\/","title":{"rendered":"Samedi 04 avril 2026."},"content":{"rendered":"\n<div class=\"wp-block-columns is-layout-flex wp-container-core-columns-is-layout-9d6595d7 wp-block-columns-is-layout-flex\">\n<div class=\"wp-block-column is-layout-flow wp-block-column-is-layout-flow\" style=\"flex-basis:25%\">\n<div class=\"wp-block-buttons is-layout-flex wp-block-buttons-is-layout-flex\">\n<div class=\"wp-block-button is-style-outline is-style-outline--1\"><a class=\"wp-block-button__link has-noir-color has-blanc-background-color has-text-color has-background has-link-color wp-element-button\" href=\"https:\/\/www.diocese-belfort-montbeliard.fr\/seloncourt-pont-de-roide\/wp-content\/uploads\/sites\/6\/2026\/04\/hom-veillee-26-1.pdf\" target=\"_blank\" rel=\"noreferrer noopener\">T\u00e9l\u00e9charger<br>Imprimer<\/a><\/div>\n<\/div>\n<\/div>\n\n\n\n<div class=\"wp-block-column is-layout-flow wp-block-column-is-layout-flow\" style=\"flex-basis:50%\">\n<h5 class=\"wp-block-heading has-text-align-center\"><strong>Samedi Saint Veille Pascale<\/strong><\/h5>\n<\/div>\n\n\n\n<div class=\"wp-block-column is-layout-flow wp-block-column-is-layout-flow\" style=\"flex-basis:25%\"><\/div>\n<\/div>\n\n\n\n<p>Alors que plus de 50&nbsp;% de personnes de notre pays se d\u00e9clarent sans appartenance religieuse, nous nous rassemblons ce soir dans cette \u00e9glise au nom de notre foi en ce J\u00e9sus crucifi\u00e9 mais ressuscit\u00e9.<\/p>\n\n\n\n<p>Cela peut para\u00eetre pour bien de nos contemporains une folie comme le souligne l\u2019ap\u00f4tre Saint Paul dans certaines de ses lettres adress\u00e9es \u00e0 plusieurs de ses communaut\u00e9s de croyants en J\u00e9sus-Christ.<\/p>\n\n\n\n<p>Oui, cela peut para\u00eetre fou aux yeux de bien des gens.<\/p>\n\n\n\n<p>Se rassembler le soir dans la nuit pour c\u00e9l\u00e9brer son Seigneur, un Seigneur ressuscit\u00e9 d\u2019entre les morts.<\/p>\n\n\n\n<p>Impensable, inconcevable pour bien de ceux et celles que nous c\u00f4toyons quotidiennement. Et pourtant, vous \u00eates venus r\u00e9pondre \u00e0 cet appel de notre Dieu. Vous \u00eates venus autour du feu nouveau, affirmer avec foi et ferveur que la nuit de la mort ne l\u2019emportera pas. Le Vivant, rendu visible en Galil\u00e9e aupr\u00e8s de ses premiers disciples, n\u2019est plus visible \u00e0 l\u2019\u0153il nu. M\u00eame avec de bonne jumelle ou un tr\u00e8s bon microscope. Dieu n\u2019est pas visible dans notre champ de vision.<\/p>\n\n\n\n<p>Mais nous le croyons, Il est l\u00e0 pr\u00e9sent ce soir au milieu de nous.<\/p>\n\n\n\n<p>Il vient encore nous r\u00e9unir autour de Lui.<\/p>\n\n\n\n<p>Il nous invite \u00e0 l\u2019image de ces femmes pr\u00e8s du s\u00e9pulcre.<\/p>\n\n\n\n<p>Il nous invite \u00e0 sortir de notre crainte, de notre peur, de notre timidit\u00e9, pour entrer dans cette joie qui fait de nous avec notre Seigneur, des Vivants.<\/p>\n\n\n\n<p>Il vient nous pr\u00e9c\u00e9der sur nos chemins, ce ne sont pas ici ceux de Galil\u00e9e.<\/p>\n\n\n\n<p>Mais Il vient nous ouvrir \u00e0 une perspective nouvelle.<\/p>\n\n\n\n<p>La nuit est bien l\u00e0, mais J\u00e9sus le crucifi\u00e9 ressuscit\u00e9 nous appelle \u00e0 vivre en sa Lumi\u00e8re&nbsp;: \u00ab&nbsp;Je suis la Lumi\u00e8re du monde.&nbsp;\u00bb Cette Lumi\u00e8re que nous accueillons non seulement par ce cierge Pascal ou nos petits cierges, mais aussi par le Christ vivant en chacune et chacun de nous.<\/p>\n\n\n\n<p>Nous avons toutes et tous cette responsabilit\u00e9 d\u2019\u00eatre lumi\u00e8re pour nos fr\u00e8res et s\u0153urs.<\/p>\n\n\n\n<p>Lumi\u00e8re du monde, Lumi\u00e8re du Dieu Vivant en nous et au milieu de nous.<\/p>\n\n\n\n<p>Oui nous avons cette lourde charge \u00e0 faire comme ses femmes de la premi\u00e8re heure, \u00e0 aller dire \u00e0 celles et ceux qui font notre vie, que \u00ab&nbsp;J\u00e9sus est ressuscit\u00e9 d\u2019entre les morts.&nbsp;\u00bb Et sa R\u00e9surrection pr\u00e9figure d\u00e9j\u00e0 la n\u00f4tre. En cette nuit pascale, o\u00f9 nous c\u00e9l\u00e9brons ce passage de la mort \u00e0 la vie de notre Seigneur J\u00e9sus, c\u2019est aussi notre propre passage que nous c\u00e9l\u00e9brons. Nous voici appeler \u00e0 entrer dans cette d\u00e9marche de nous mettre \u00e0 la suite du Ressuscit\u00e9, pour ne pas en rester au s\u00e9jour des morts, aupr\u00e8s du tombeau de Celui qui \u00ab&nbsp;n\u2019est pas ici, car Il est ressuscit\u00e9.&nbsp;\u00bb<\/p>\n\n\n\n<p>Entrons dans ce temps pascal en redressant la t\u00eate, fiers d\u2019\u00eatre disciples du Christ et dans la Joie de vivre en Lui, d\u00e8s maintenant et pour l\u2019\u00c9ternit\u00e9.<\/p>\n","protected":false},"author":67,"featured_media":0,"parent":32,"menu_order":5,"template":"","meta":{"_acf_changed":false,"footnotes":""},"class_list":["post-6010","paroisse","type-paroisse","status-publish","hentry"],"acf":[],"yoast_head":"<!-- This site is optimized with the Yoast SEO plugin v27.4 - https:\/\/yoast.com\/product\/yoast-seo-wordpress\/ -->\n<title>Samedi 04 avril 2026. - Doyenn\u00e9 de Seloncourt Pont-de-Roide<\/title>\n<meta name=\"robots\" content=\"index, follow, max-snippet:-1, max-image-preview:large, max-video-preview:-1\" \/>\n<link rel=\"canonical\" href=\"https:\/\/www.diocese-belfort-montbeliard.fr\/seloncourt-pont-de-roide\/paroisses\/notre-dame-de-chatey\/homelies\/samedi-04-avril-2026\/\" \/>\n<meta property=\"og:locale\" content=\"fr_FR\" \/>\n<meta property=\"og:type\" content=\"article\" \/>\n<meta property=\"og:title\" content=\"Samedi 04 avril 2026. - Doyenn\u00e9 de Seloncourt Pont-de-Roide\" \/>\n<meta property=\"og:description\" content=\"Samedi Saint Veille Pascale Alors que plus de 50&nbsp;% de personnes de notre pays se d\u00e9clarent sans appartenance religieuse, nous nous rassemblons ce soir dans cette \u00e9glise au nom de notre foi en ce J\u00e9sus crucifi\u00e9 mais ressuscit\u00e9. Cela peut para\u00eetre pour bien de nos contemporains une folie comme le souligne l\u2019ap\u00f4tre Saint Paul dans [&hellip;]\" \/>\n<meta property=\"og:url\" content=\"https:\/\/www.diocese-belfort-montbeliard.fr\/seloncourt-pont-de-roide\/paroisses\/notre-dame-de-chatey\/homelies\/samedi-04-avril-2026\/\" \/>\n<meta property=\"og:site_name\" content=\"Doyenn\u00e9 de Seloncourt Pont-de-Roide\" \/>\n<meta property=\"article:modified_time\" content=\"2026-04-06T16:46:28+00:00\" \/>\n<meta name=\"twitter:card\" content=\"summary_large_image\" \/>\n<meta name=\"twitter:label1\" content=\"Dur\u00e9e de lecture estim\u00e9e\" \/>\n\t<meta name=\"twitter:data1\" content=\"3 minutes\" \/>\n<script type=\"application\/ld+json\" class=\"yoast-schema-graph\">{\"@context\":\"https:\\\/\\\/schema.org\",\"@graph\":[{\"@type\":\"WebPage\",\"@id\":\"https:\\\/\\\/www.diocese-belfort-montbeliard.fr\\\/seloncourt-pont-de-roide\\\/paroisses\\\/notre-dame-de-chatey\\\/homelies\\\/samedi-04-avril-2026\\\/\",\"url\":\"https:\\\/\\\/www.diocese-belfort-montbeliard.fr\\\/seloncourt-pont-de-roide\\\/paroisses\\\/notre-dame-de-chatey\\\/homelies\\\/samedi-04-avril-2026\\\/\",\"name\":\"Samedi 04 avril 2026. - Doyenn\u00e9 de Seloncourt Pont-de-Roide\",\"isPartOf\":{\"@id\":\"https:\\\/\\\/www.diocese-belfort-montbeliard.fr\\\/seloncourt-pont-de-roide\\\/#website\"},\"datePublished\":\"2026-04-06T16:43:43+00:00\",\"dateModified\":\"2026-04-06T16:46:28+00:00\",\"breadcrumb\":{\"@id\":\"https:\\\/\\\/www.diocese-belfort-montbeliard.fr\\\/seloncourt-pont-de-roide\\\/paroisses\\\/notre-dame-de-chatey\\\/homelies\\\/samedi-04-avril-2026\\\/#breadcrumb\"},\"inLanguage\":\"fr-FR\",\"potentialAction\":[{\"@type\":\"ReadAction\",\"target\":[\"https:\\\/\\\/www.diocese-belfort-montbeliard.fr\\\/seloncourt-pont-de-roide\\\/paroisses\\\/notre-dame-de-chatey\\\/homelies\\\/samedi-04-avril-2026\\\/\"]}]},{\"@type\":\"BreadcrumbList\",\"@id\":\"https:\\\/\\\/www.diocese-belfort-montbeliard.fr\\\/seloncourt-pont-de-roide\\\/paroisses\\\/notre-dame-de-chatey\\\/homelies\\\/samedi-04-avril-2026\\\/#breadcrumb\",\"itemListElement\":[{\"@type\":\"ListItem\",\"position\":1,\"name\":\"Accueil\",\"item\":\"https:\\\/\\\/www.diocese-belfort-montbeliard.fr\\\/seloncourt-pont-de-roide\\\/\"},{\"@type\":\"ListItem\",\"position\":2,\"name\":\"Notre Dame de Chatey\",\"item\":\"https:\\\/\\\/www.diocese-belfort-montbeliard.fr\\\/seloncourt-pont-de-roide\\\/paroisses\\\/notre-dame-de-chatey\\\/\"},{\"@type\":\"ListItem\",\"position\":3,\"name\":\"Hom\u00e9lies\",\"item\":\"https:\\\/\\\/www.diocese-belfort-montbeliard.fr\\\/seloncourt-pont-de-roide\\\/paroisses\\\/notre-dame-de-chatey\\\/homelies\\\/\"},{\"@type\":\"ListItem\",\"position\":4,\"name\":\"Samedi 04 avril 2026.\"}]},{\"@type\":\"WebSite\",\"@id\":\"https:\\\/\\\/www.diocese-belfort-montbeliard.fr\\\/seloncourt-pont-de-roide\\\/#website\",\"url\":\"https:\\\/\\\/www.diocese-belfort-montbeliard.fr\\\/seloncourt-pont-de-roide\\\/\",\"name\":\"Doyenn\u00e9 de Seloncourt Pont-de-Roide\",\"description\":\"Dioc\u00e8se de Belfort - Montb\u00e9liard\",\"potentialAction\":[{\"@type\":\"SearchAction\",\"target\":{\"@type\":\"EntryPoint\",\"urlTemplate\":\"https:\\\/\\\/www.diocese-belfort-montbeliard.fr\\\/seloncourt-pont-de-roide\\\/?s={search_term_string}\"},\"query-input\":{\"@type\":\"PropertyValueSpecification\",\"valueRequired\":true,\"valueName\":\"search_term_string\"}}],\"inLanguage\":\"fr-FR\"}]}<\/script>\n<!-- \/ Yoast SEO plugin. -->","yoast_head_json":{"title":"Samedi 04 avril 2026. - Doyenn\u00e9 de Seloncourt Pont-de-Roide","robots":{"index":"index","follow":"follow","max-snippet":"max-snippet:-1","max-image-preview":"max-image-preview:large","max-video-preview":"max-video-preview:-1"},"canonical":"https:\/\/www.diocese-belfort-montbeliard.fr\/seloncourt-pont-de-roide\/paroisses\/notre-dame-de-chatey\/homelies\/samedi-04-avril-2026\/","og_locale":"fr_FR","og_type":"article","og_title":"Samedi 04 avril 2026. - Doyenn\u00e9 de Seloncourt Pont-de-Roide","og_description":"Samedi Saint Veille Pascale Alors que plus de 50&nbsp;% de personnes de notre pays se d\u00e9clarent sans appartenance religieuse, nous nous rassemblons ce soir dans cette \u00e9glise au nom de notre foi en ce J\u00e9sus crucifi\u00e9 mais ressuscit\u00e9. Cela peut para\u00eetre pour bien de nos contemporains une folie comme le souligne l\u2019ap\u00f4tre Saint Paul dans [&hellip;]","og_url":"https:\/\/www.diocese-belfort-montbeliard.fr\/seloncourt-pont-de-roide\/paroisses\/notre-dame-de-chatey\/homelies\/samedi-04-avril-2026\/","og_site_name":"Doyenn\u00e9 de Seloncourt Pont-de-Roide","article_modified_time":"2026-04-06T16:46:28+00:00","twitter_card":"summary_large_image","twitter_misc":{"Dur\u00e9e de lecture estim\u00e9e":"3 minutes"},"schema":{"@context":"https:\/\/schema.org","@graph":[{"@type":"WebPage","@id":"https:\/\/www.diocese-belfort-montbeliard.fr\/seloncourt-pont-de-roide\/paroisses\/notre-dame-de-chatey\/homelies\/samedi-04-avril-2026\/","url":"https:\/\/www.diocese-belfort-montbeliard.fr\/seloncourt-pont-de-roide\/paroisses\/notre-dame-de-chatey\/homelies\/samedi-04-avril-2026\/","name":"Samedi 04 avril 2026. - Doyenn\u00e9 de Seloncourt Pont-de-Roide","isPartOf":{"@id":"https:\/\/www.diocese-belfort-montbeliard.fr\/seloncourt-pont-de-roide\/#website"},"datePublished":"2026-04-06T16:43:43+00:00","dateModified":"2026-04-06T16:46:28+00:00","breadcrumb":{"@id":"https:\/\/www.diocese-belfort-montbeliard.fr\/seloncourt-pont-de-roide\/paroisses\/notre-dame-de-chatey\/homelies\/samedi-04-avril-2026\/#breadcrumb"},"inLanguage":"fr-FR","potentialAction":[{"@type":"ReadAction","target":["https:\/\/www.diocese-belfort-montbeliard.fr\/seloncourt-pont-de-roide\/paroisses\/notre-dame-de-chatey\/homelies\/samedi-04-avril-2026\/"]}]},{"@type":"BreadcrumbList","@id":"https:\/\/www.diocese-belfort-montbeliard.fr\/seloncourt-pont-de-roide\/paroisses\/notre-dame-de-chatey\/homelies\/samedi-04-avril-2026\/#breadcrumb","itemListElement":[{"@type":"ListItem","position":1,"name":"Accueil","item":"https:\/\/www.diocese-belfort-montbeliard.fr\/seloncourt-pont-de-roide\/"},{"@type":"ListItem","position":2,"name":"Notre Dame de Chatey","item":"https:\/\/www.diocese-belfort-montbeliard.fr\/seloncourt-pont-de-roide\/paroisses\/notre-dame-de-chatey\/"},{"@type":"ListItem","position":3,"name":"Hom\u00e9lies","item":"https:\/\/www.diocese-belfort-montbeliard.fr\/seloncourt-pont-de-roide\/paroisses\/notre-dame-de-chatey\/homelies\/"},{"@type":"ListItem","position":4,"name":"Samedi 04 avril 2026."}]},{"@type":"WebSite","@id":"https:\/\/www.diocese-belfort-montbeliard.fr\/seloncourt-pont-de-roide\/#website","url":"https:\/\/www.diocese-belfort-montbeliard.fr\/seloncourt-pont-de-roide\/","name":"Doyenn\u00e9 de Seloncourt Pont-de-Roide","description":"Dioc\u00e8se de Belfort - Montb\u00e9liard","potentialAction":[{"@type":"SearchAction","target":{"@type":"EntryPoint","urlTemplate":"https:\/\/www.diocese-belfort-montbeliard.fr\/seloncourt-pont-de-roide\/?s={search_term_string}"},"query-input":{"@type":"PropertyValueSpecification","valueRequired":true,"valueName":"search_term_string"}}],"inLanguage":"fr-FR"}]}},"_links":{"self":[{"href":"https:\/\/www.diocese-belfort-montbeliard.fr\/seloncourt-pont-de-roide\/wp-json\/wp\/v2\/paroisse\/6010","targetHints":{"allow":["GET"]}}],"collection":[{"href":"https:\/\/www.diocese-belfort-montbeliard.fr\/seloncourt-pont-de-roide\/wp-json\/wp\/v2\/paroisse"}],"about":[{"href":"https:\/\/www.diocese-belfort-montbeliard.fr\/seloncourt-pont-de-roide\/wp-json\/wp\/v2\/types\/paroisse"}],"author":[{"embeddable":true,"href":"https:\/\/www.diocese-belfort-montbeliard.fr\/seloncourt-pont-de-roide\/wp-json\/wp\/v2\/users\/67"}],"version-history":[{"count":2,"href":"https:\/\/www.diocese-belfort-montbeliard.fr\/seloncourt-pont-de-roide\/wp-json\/wp\/v2\/paroisse\/6010\/revisions"}],"predecessor-version":[{"id":6015,"href":"https:\/\/www.diocese-belfort-montbeliard.fr\/seloncourt-pont-de-roide\/wp-json\/wp\/v2\/paroisse\/6010\/revisions\/6015"}],"up":[{"embeddable":true,"href":"https:\/\/www.diocese-belfort-montbeliard.fr\/seloncourt-pont-de-roide\/wp-json\/wp\/v2\/paroisse\/32"}],"wp:attachment":[{"href":"https:\/\/www.diocese-belfort-montbeliard.fr\/seloncourt-pont-de-roide\/wp-json\/wp\/v2\/media?parent=6010"}],"curies":[{"name":"wp","href":"https:\/\/api.w.org\/{rel}","templated":true}]}}