{"id":6020,"date":"2026-04-06T18:52:39","date_gmt":"2026-04-06T16:52:39","guid":{"rendered":"https:\/\/www.diocese-belfort-montbeliard.fr\/seloncourt-pont-de-roide\/?post_type=paroisse&#038;p=6020"},"modified":"2026-04-06T18:53:46","modified_gmt":"2026-04-06T16:53:46","slug":"dimanche-05-avril-2026","status":"publish","type":"paroisse","link":"https:\/\/www.diocese-belfort-montbeliard.fr\/seloncourt-pont-de-roide\/paroisses\/notre-dame-de-chatey\/homelies\/dimanche-05-avril-2026\/","title":{"rendered":"dimanche 05 avril 2026."},"content":{"rendered":"\n<div class=\"wp-block-columns is-layout-flex wp-container-core-columns-is-layout-9d6595d7 wp-block-columns-is-layout-flex\">\n<div class=\"wp-block-column is-layout-flow wp-block-column-is-layout-flow\" style=\"flex-basis:25%\">\n<div class=\"wp-block-buttons is-layout-flex wp-block-buttons-is-layout-flex\">\n<div class=\"wp-block-button is-style-outline is-style-outline--1\"><a class=\"wp-block-button__link has-noir-color has-blanc-background-color has-text-color has-background has-link-color wp-element-button\" href=\"https:\/\/www.diocese-belfort-montbeliard.fr\/seloncourt-pont-de-roide\/wp-content\/uploads\/sites\/6\/2026\/04\/hom-paques-26.pdf\" target=\"_blank\" rel=\"noreferrer noopener\">T\u00e9l\u00e9charger<br>Imprimer<\/a><\/div>\n<\/div>\n<\/div>\n\n\n\n<div class=\"wp-block-column is-layout-flow wp-block-column-is-layout-flow\" style=\"flex-basis:50%\">\n<h5 class=\"wp-block-heading has-text-align-center\"><strong>Jour de P\u00e2ques<\/strong><\/h5>\n<\/div>\n\n\n\n<div class=\"wp-block-column is-layout-flow wp-block-column-is-layout-flow\" style=\"flex-basis:25%\"><\/div>\n<\/div>\n\n\n\n<p>Quoi de plus terrible face \u00e0 la mort de ne plus avoir de corps.<\/p>\n\n\n\n<p>\u00ab&nbsp;On a enlev\u00e9 le Seigneur de son tombeau, et nous ne savons pas o\u00f9 on l\u2019a d\u00e9pos\u00e9.&nbsp;\u00bb vient \u00e0 dire Marie-Madeleine \u00e0 Simon-Pierre et \u00e0 Jean&nbsp;!<\/p>\n\n\n\n<p>En effet, face \u00e0 la mort, tout corps disparu est une trag\u00e9die qui s\u2019ajoute au d\u00e9part d\u2019un \u00eatre cher. Et c\u2019est ce que subit de plein fouet notre s\u0153ur Marie-Madeleine.<\/p>\n\n\n\n<p>Elle ne peut garder cette double peine, elle se doit de la dire et c\u2019est ce qu\u2019elle fait envers deux disciples de la premi\u00e8re heure&nbsp;: Simon-Pierre et Jean.<\/p>\n\n\n\n<p>Le corps disparu de J\u00e9sus le Seigneur, entra\u00eene une course effr\u00e9n\u00e9e, jusqu\u2019au tombeau. Hormis les linges et le suaire tout bien rang\u00e9s \u00e0 leur place, c\u2019est le vide, l\u2019absence. Plus de corps, le Seigneur J\u00e9sus n\u2019est plus \u00e0 chercher dans ce tombeau. Qui de nous pourrait entrer dans cette d\u00e9marche&nbsp;?<\/p>\n\n\n\n<p>Ne plus chercher, ne plus aller et venir.<\/p>\n\n\n\n<p>La course va prendre une autre direction, Loin du lieu de la mort, loin du tombeau, mais sur les chemins de C\u00e9sar\u00e9e et de toute la Palestine, puis du bassin m\u00e9diterran\u00e9en.<\/p>\n\n\n\n<p>Heureusement pour les premiers disciples, comme nous l\u2019entendrons au cours de ce temps pascal, J\u00e9sus va se rendre pr\u00e9sent \u00e0 leur c\u00f4t\u00e9. Il va leur appara\u00eetre.<\/p>\n\n\n\n<p>Son corps n\u2019est plus dans le tombeau, dans le s\u00e9jour des morts, dans le cimeti\u00e8re, lieu o\u00f9 sont endormis dans la mort celles et ceux qui reposent dans la Paix de Dieu. Non, J\u00e9sus est sur les chemins de notre vie de chaque jour, comme Il l\u2019a promis \u00e0 ses disciples&nbsp;:<\/p>\n\n\n\n<p>\u00ab&nbsp;Et moi, je suis avec vous tous les jours jusqu\u2019\u00e0 la fin du monde.&nbsp;\u00bb<\/p>\n\n\n\n<p>D\u2019une trag\u00e9die atroce va na\u00eetre une esp\u00e9rance nouvelle.<\/p>\n\n\n\n<p>Dans le vide, l\u2019absence va se r\u00e9v\u00e9ler la Pr\u00e9sence de Dieu \u00e0 nos c\u00f4t\u00e9s.<\/p>\n\n\n\n<p><strong>\u00c9trange situation o\u00f9 Dieu prendre distance avec son humanit\u00e9, comme pour mieux y \u00eatre pr\u00e9sent en son sein&nbsp;!<\/strong><\/p>\n\n\n\n<p>Il n\u2019y a rien \u00e0 voir au d\u00e9part, et pourtant l\u2019ap\u00f4tre Jean dans ce tombeau vide vient \u00e0 voir et \u00e0 croire&nbsp;: \u00ab&nbsp;Il vit, et il crut.&nbsp;\u00bb<\/p>\n\n\n\n<p>Il vit que Celui qu\u2019il cherche n\u2019est plus dans les t\u00e9n\u00e8bres et l\u2019obscurit\u00e9 d\u2019une vie inerte. Il vient \u00e0 comprendre et \u00e0 croire les paroles de J\u00e9sus le Seigneur.<\/p>\n\n\n\n<p>Elles viennent \u00e0 en prendre corps en lui.<\/p>\n\n\n\n<p>En effet, \u00ab&nbsp;Il fallait que J\u00e9sus ressuscite d\u2019entre les morts.&nbsp;\u00bb<\/p>\n\n\n\n<p>Il fallait que J\u00e9sus entre dans cette R\u00e9surrection offerte par Dieu le P\u00e8re, pour \u00e0 son tour nous entra\u00eener en ce chemin, loin du tombeau, l\u00e0 o\u00f9 jaillie la vie. Celle annonc\u00e9e par J\u00e9sus Lui-m\u00eame&nbsp;:<\/p>\n\n\n\n<p>\u00ab&nbsp;Moi, je suis venu pour que les brebis aient la vie, la vie en abondance.&nbsp;\u00bb<\/p>\n\n\n\n<p>La pierre a bien \u00e9t\u00e9 enlev\u00e9e du tombeau. En effet J\u00e9sus n\u2019est plus \u00e0 chercher l\u00e0 o\u00f9 s\u00e9journe les morts. Il est Vivant, il est Ressuscit\u00e9, il est la Vie.<\/p>\n\n\n\n<p>Qu\u2019il en soit ainsi pour chacune et chacun de nous en ce tout d\u00e9but de temps Pascal.<\/p>\n","protected":false},"author":67,"featured_media":0,"parent":32,"menu_order":4,"template":"","meta":{"_acf_changed":false,"footnotes":""},"class_list":["post-6020","paroisse","type-paroisse","status-publish","hentry"],"acf":[],"yoast_head":"<!-- This site is optimized with the Yoast SEO plugin v27.4 - https:\/\/yoast.com\/product\/yoast-seo-wordpress\/ -->\n<title>dimanche 05 avril 2026. - Doyenn\u00e9 de Seloncourt Pont-de-Roide<\/title>\n<meta name=\"robots\" content=\"index, follow, max-snippet:-1, max-image-preview:large, max-video-preview:-1\" \/>\n<link rel=\"canonical\" href=\"https:\/\/www.diocese-belfort-montbeliard.fr\/seloncourt-pont-de-roide\/paroisses\/notre-dame-de-chatey\/homelies\/dimanche-05-avril-2026\/\" \/>\n<meta property=\"og:locale\" content=\"fr_FR\" \/>\n<meta property=\"og:type\" content=\"article\" \/>\n<meta property=\"og:title\" content=\"dimanche 05 avril 2026. - Doyenn\u00e9 de Seloncourt Pont-de-Roide\" \/>\n<meta property=\"og:description\" content=\"Jour de P\u00e2ques Quoi de plus terrible face \u00e0 la mort de ne plus avoir de corps. \u00ab&nbsp;On a enlev\u00e9 le Seigneur de son tombeau, et nous ne savons pas o\u00f9 on l\u2019a d\u00e9pos\u00e9.&nbsp;\u00bb vient \u00e0 dire Marie-Madeleine \u00e0 Simon-Pierre et \u00e0 Jean&nbsp;! En effet, face \u00e0 la mort, tout corps disparu est une trag\u00e9die [&hellip;]\" \/>\n<meta property=\"og:url\" content=\"https:\/\/www.diocese-belfort-montbeliard.fr\/seloncourt-pont-de-roide\/paroisses\/notre-dame-de-chatey\/homelies\/dimanche-05-avril-2026\/\" \/>\n<meta property=\"og:site_name\" content=\"Doyenn\u00e9 de Seloncourt Pont-de-Roide\" \/>\n<meta property=\"article:modified_time\" content=\"2026-04-06T16:53:46+00:00\" \/>\n<meta name=\"twitter:card\" content=\"summary_large_image\" \/>\n<meta name=\"twitter:label1\" content=\"Dur\u00e9e de lecture estim\u00e9e\" \/>\n\t<meta name=\"twitter:data1\" content=\"3 minutes\" \/>\n<script type=\"application\/ld+json\" class=\"yoast-schema-graph\">{\"@context\":\"https:\\\/\\\/schema.org\",\"@graph\":[{\"@type\":\"WebPage\",\"@id\":\"https:\\\/\\\/www.diocese-belfort-montbeliard.fr\\\/seloncourt-pont-de-roide\\\/paroisses\\\/notre-dame-de-chatey\\\/homelies\\\/dimanche-05-avril-2026\\\/\",\"url\":\"https:\\\/\\\/www.diocese-belfort-montbeliard.fr\\\/seloncourt-pont-de-roide\\\/paroisses\\\/notre-dame-de-chatey\\\/homelies\\\/dimanche-05-avril-2026\\\/\",\"name\":\"dimanche 05 avril 2026. - Doyenn\u00e9 de Seloncourt Pont-de-Roide\",\"isPartOf\":{\"@id\":\"https:\\\/\\\/www.diocese-belfort-montbeliard.fr\\\/seloncourt-pont-de-roide\\\/#website\"},\"datePublished\":\"2026-04-06T16:52:39+00:00\",\"dateModified\":\"2026-04-06T16:53:46+00:00\",\"breadcrumb\":{\"@id\":\"https:\\\/\\\/www.diocese-belfort-montbeliard.fr\\\/seloncourt-pont-de-roide\\\/paroisses\\\/notre-dame-de-chatey\\\/homelies\\\/dimanche-05-avril-2026\\\/#breadcrumb\"},\"inLanguage\":\"fr-FR\",\"potentialAction\":[{\"@type\":\"ReadAction\",\"target\":[\"https:\\\/\\\/www.diocese-belfort-montbeliard.fr\\\/seloncourt-pont-de-roide\\\/paroisses\\\/notre-dame-de-chatey\\\/homelies\\\/dimanche-05-avril-2026\\\/\"]}]},{\"@type\":\"BreadcrumbList\",\"@id\":\"https:\\\/\\\/www.diocese-belfort-montbeliard.fr\\\/seloncourt-pont-de-roide\\\/paroisses\\\/notre-dame-de-chatey\\\/homelies\\\/dimanche-05-avril-2026\\\/#breadcrumb\",\"itemListElement\":[{\"@type\":\"ListItem\",\"position\":1,\"name\":\"Accueil\",\"item\":\"https:\\\/\\\/www.diocese-belfort-montbeliard.fr\\\/seloncourt-pont-de-roide\\\/\"},{\"@type\":\"ListItem\",\"position\":2,\"name\":\"Notre Dame de Chatey\",\"item\":\"https:\\\/\\\/www.diocese-belfort-montbeliard.fr\\\/seloncourt-pont-de-roide\\\/paroisses\\\/notre-dame-de-chatey\\\/\"},{\"@type\":\"ListItem\",\"position\":3,\"name\":\"Hom\u00e9lies\",\"item\":\"https:\\\/\\\/www.diocese-belfort-montbeliard.fr\\\/seloncourt-pont-de-roide\\\/paroisses\\\/notre-dame-de-chatey\\\/homelies\\\/\"},{\"@type\":\"ListItem\",\"position\":4,\"name\":\"dimanche 05 avril 2026.\"}]},{\"@type\":\"WebSite\",\"@id\":\"https:\\\/\\\/www.diocese-belfort-montbeliard.fr\\\/seloncourt-pont-de-roide\\\/#website\",\"url\":\"https:\\\/\\\/www.diocese-belfort-montbeliard.fr\\\/seloncourt-pont-de-roide\\\/\",\"name\":\"Doyenn\u00e9 de Seloncourt Pont-de-Roide\",\"description\":\"Dioc\u00e8se de Belfort - Montb\u00e9liard\",\"potentialAction\":[{\"@type\":\"SearchAction\",\"target\":{\"@type\":\"EntryPoint\",\"urlTemplate\":\"https:\\\/\\\/www.diocese-belfort-montbeliard.fr\\\/seloncourt-pont-de-roide\\\/?s={search_term_string}\"},\"query-input\":{\"@type\":\"PropertyValueSpecification\",\"valueRequired\":true,\"valueName\":\"search_term_string\"}}],\"inLanguage\":\"fr-FR\"}]}<\/script>\n<!-- \/ Yoast SEO plugin. -->","yoast_head_json":{"title":"dimanche 05 avril 2026. - Doyenn\u00e9 de Seloncourt Pont-de-Roide","robots":{"index":"index","follow":"follow","max-snippet":"max-snippet:-1","max-image-preview":"max-image-preview:large","max-video-preview":"max-video-preview:-1"},"canonical":"https:\/\/www.diocese-belfort-montbeliard.fr\/seloncourt-pont-de-roide\/paroisses\/notre-dame-de-chatey\/homelies\/dimanche-05-avril-2026\/","og_locale":"fr_FR","og_type":"article","og_title":"dimanche 05 avril 2026. - Doyenn\u00e9 de Seloncourt Pont-de-Roide","og_description":"Jour de P\u00e2ques Quoi de plus terrible face \u00e0 la mort de ne plus avoir de corps. \u00ab&nbsp;On a enlev\u00e9 le Seigneur de son tombeau, et nous ne savons pas o\u00f9 on l\u2019a d\u00e9pos\u00e9.&nbsp;\u00bb vient \u00e0 dire Marie-Madeleine \u00e0 Simon-Pierre et \u00e0 Jean&nbsp;! En effet, face \u00e0 la mort, tout corps disparu est une trag\u00e9die [&hellip;]","og_url":"https:\/\/www.diocese-belfort-montbeliard.fr\/seloncourt-pont-de-roide\/paroisses\/notre-dame-de-chatey\/homelies\/dimanche-05-avril-2026\/","og_site_name":"Doyenn\u00e9 de Seloncourt Pont-de-Roide","article_modified_time":"2026-04-06T16:53:46+00:00","twitter_card":"summary_large_image","twitter_misc":{"Dur\u00e9e de lecture estim\u00e9e":"3 minutes"},"schema":{"@context":"https:\/\/schema.org","@graph":[{"@type":"WebPage","@id":"https:\/\/www.diocese-belfort-montbeliard.fr\/seloncourt-pont-de-roide\/paroisses\/notre-dame-de-chatey\/homelies\/dimanche-05-avril-2026\/","url":"https:\/\/www.diocese-belfort-montbeliard.fr\/seloncourt-pont-de-roide\/paroisses\/notre-dame-de-chatey\/homelies\/dimanche-05-avril-2026\/","name":"dimanche 05 avril 2026. - Doyenn\u00e9 de Seloncourt Pont-de-Roide","isPartOf":{"@id":"https:\/\/www.diocese-belfort-montbeliard.fr\/seloncourt-pont-de-roide\/#website"},"datePublished":"2026-04-06T16:52:39+00:00","dateModified":"2026-04-06T16:53:46+00:00","breadcrumb":{"@id":"https:\/\/www.diocese-belfort-montbeliard.fr\/seloncourt-pont-de-roide\/paroisses\/notre-dame-de-chatey\/homelies\/dimanche-05-avril-2026\/#breadcrumb"},"inLanguage":"fr-FR","potentialAction":[{"@type":"ReadAction","target":["https:\/\/www.diocese-belfort-montbeliard.fr\/seloncourt-pont-de-roide\/paroisses\/notre-dame-de-chatey\/homelies\/dimanche-05-avril-2026\/"]}]},{"@type":"BreadcrumbList","@id":"https:\/\/www.diocese-belfort-montbeliard.fr\/seloncourt-pont-de-roide\/paroisses\/notre-dame-de-chatey\/homelies\/dimanche-05-avril-2026\/#breadcrumb","itemListElement":[{"@type":"ListItem","position":1,"name":"Accueil","item":"https:\/\/www.diocese-belfort-montbeliard.fr\/seloncourt-pont-de-roide\/"},{"@type":"ListItem","position":2,"name":"Notre Dame de Chatey","item":"https:\/\/www.diocese-belfort-montbeliard.fr\/seloncourt-pont-de-roide\/paroisses\/notre-dame-de-chatey\/"},{"@type":"ListItem","position":3,"name":"Hom\u00e9lies","item":"https:\/\/www.diocese-belfort-montbeliard.fr\/seloncourt-pont-de-roide\/paroisses\/notre-dame-de-chatey\/homelies\/"},{"@type":"ListItem","position":4,"name":"dimanche 05 avril 2026."}]},{"@type":"WebSite","@id":"https:\/\/www.diocese-belfort-montbeliard.fr\/seloncourt-pont-de-roide\/#website","url":"https:\/\/www.diocese-belfort-montbeliard.fr\/seloncourt-pont-de-roide\/","name":"Doyenn\u00e9 de Seloncourt Pont-de-Roide","description":"Dioc\u00e8se de Belfort - Montb\u00e9liard","potentialAction":[{"@type":"SearchAction","target":{"@type":"EntryPoint","urlTemplate":"https:\/\/www.diocese-belfort-montbeliard.fr\/seloncourt-pont-de-roide\/?s={search_term_string}"},"query-input":{"@type":"PropertyValueSpecification","valueRequired":true,"valueName":"search_term_string"}}],"inLanguage":"fr-FR"}]}},"_links":{"self":[{"href":"https:\/\/www.diocese-belfort-montbeliard.fr\/seloncourt-pont-de-roide\/wp-json\/wp\/v2\/paroisse\/6020","targetHints":{"allow":["GET"]}}],"collection":[{"href":"https:\/\/www.diocese-belfort-montbeliard.fr\/seloncourt-pont-de-roide\/wp-json\/wp\/v2\/paroisse"}],"about":[{"href":"https:\/\/www.diocese-belfort-montbeliard.fr\/seloncourt-pont-de-roide\/wp-json\/wp\/v2\/types\/paroisse"}],"author":[{"embeddable":true,"href":"https:\/\/www.diocese-belfort-montbeliard.fr\/seloncourt-pont-de-roide\/wp-json\/wp\/v2\/users\/67"}],"version-history":[{"count":2,"href":"https:\/\/www.diocese-belfort-montbeliard.fr\/seloncourt-pont-de-roide\/wp-json\/wp\/v2\/paroisse\/6020\/revisions"}],"predecessor-version":[{"id":6023,"href":"https:\/\/www.diocese-belfort-montbeliard.fr\/seloncourt-pont-de-roide\/wp-json\/wp\/v2\/paroisse\/6020\/revisions\/6023"}],"up":[{"embeddable":true,"href":"https:\/\/www.diocese-belfort-montbeliard.fr\/seloncourt-pont-de-roide\/wp-json\/wp\/v2\/paroisse\/32"}],"wp:attachment":[{"href":"https:\/\/www.diocese-belfort-montbeliard.fr\/seloncourt-pont-de-roide\/wp-json\/wp\/v2\/media?parent=6020"}],"curies":[{"name":"wp","href":"https:\/\/api.w.org\/{rel}","templated":true}]}}